{"id":582935,"date":"2021-06-23T12:18:44","date_gmt":"2021-06-23T10:18:44","guid":{"rendered":"https:\/\/www.salzburgerland.com\/de\/?post_type=entity&#038;p=582935"},"modified":"2024-08-05T15:38:17","modified_gmt":"2024-08-05T13:38:17","slug":"umweltschutz","status":"publish","type":"entity","link":"https:\/\/www.salzburgerland.com\/de\/umweltschutz\/","title":{"rendered":"Die Natur als wertvolles Gut"},"content":{"rendered":"<p>Dass die Naturlandschaft im SalzburgerLand so gut erhalten ist, liegt daran, dass wir seit jeher darauf achtgeben. Umwelt, Natur und Klima sind nach strengen Richtlinien gesch\u00fctzt \u2013 Wasser, Luft und Boden sind eben unsere allerh\u00f6chsten G\u00fcter.<\/p>\n<p>Wasser z\u00e4hlt zu Salzburgs wichtigsten Ressourcen: Die Berge und Gletscher sind ein kostbarer Wasserspeicher, die von einem intakten Kreislauf abh\u00e4ngig sind. Im SalzburgerLand sprudelt aus allen Leitungen bestes Wasser und sogar unsere Seen und Gebirgsb\u00e4che verf\u00fcgen nahezu fl\u00e4chendeckend \u00fcber Trinkwasserqualit\u00e4t.<\/p>\n<h2>Bewahrer der Natur<\/h2>\n<p>Einen wichtigen Beitrag zur Erhaltung unserer grandiosen Naturlandschaft leisten die <a href=\"https:\/\/www.salzburgerland.com\/de\/was-ist-der-salzburger-almsommer\/\">Almbauern mit ihrer wertvollen Arbeit<\/a>.\u00a0 <span>Die f\u00fcr uns so erholsame und abwechslungsreiche Kulturlandschaft ginge ohne den Almsommer und die hart daf\u00fcr arbeitenden Senner und Sennerinnen innerhalb weniger Generationen verloren.<\/span><\/p>\n<p>Und dann nat\u00fcrlich noch die vielen intakten W\u00e4lder, die nicht nur Erholungs-, sondern auch Lebensraum sind. Mehr als die H\u00e4lfte der Landesfl\u00e4che im SalzburgerLand ist von Wald bedeckt. Da B\u00e4ume CO<sub>2 <\/sub>binden, ist so ein gesunder, gr\u00fcner Wald ein echter Klimasch\u00fctzer.<\/p>\n<h2><strong>Gesch\u00fctzte Natur<\/strong><\/h2>\n<p>Um die Natur auch weiterhin so gut zu erhalten, bedarf es ihres Schutzes. Eines der gr\u00f6\u00dften Naturschutzgebiete Zentraleuropas ist der <a href=\"http:\/\/www.nationalpark.at\" target=\"_blank\" rel=\"noopener\">Nationalpark Hohe Tauern<\/a>, der sich \u00fcber die Bundesl\u00e4nder Salzburg, K\u00e4rnten und Tirol erstreckt. In der Ferienregion Nationalpark Hohe Tauern im SalzburgerLand gibt es 18 Nationalparkorte und 13 Nationalparkt\u00e4ler. Hier finden sich auch zahlreiche Tier- und Pflanzenarten, die auf der Roten Liste stehen.<\/p>\n<h2><strong>Gepflegte Natur<\/strong><\/h2>\n<p>Zur Naturerhaltung geh\u00f6rt nat\u00fcrlich auch die Naturpflege. So werden etwa die Pisten im Sommer zu Weidefl\u00e4chen, auf denen\u00a0seltene Pflanzen wachsen. Hier \u00fcbernimmt etwa die Schmittenh\u00f6he in Zell am See-Kaprun mit der EMAS-Zertifizierung (\u201eEco-Management and Audit Scheme\u201c) eine Pionierrolle im Bereich touristischer Umweltpolitik.<br>\nUnd wer im Sommer die Gro\u00dfglockner Hochalpenstra\u00dfen hinauf f\u00e4hrt, wird staunend die wunderbaren Bl\u00fchfl\u00e4chen entlang der Stra\u00dfe wahrnehmen. Zw\u00f6lf verschiedene Orchideenarten bl\u00fchen hier, dazu kommen noch andere seltene Wiesenblumen wie die T\u00fcrkenbundlilie.<\/p>\n<p>\u00a0<\/p>\n<p>\u00a0<\/p>\n","protected":false},"excerpt":{"rendered":"<p>Dass die Naturlandschaft im SalzburgerLand so gut erhalten ist, liegt daran, dass wir seit jeher darauf achtgeben. Umwelt, Natur und Klima sind nach strengen Richtlinien gesch\u00fctzt \u2013 Wasser, Luft und Boden sind eben unsere allerh\u00f6chsten G\u00fcter. Wasser z\u00e4hlt zu Salzburgs wichtigsten Ressourcen: Die Berge und Gletscher sind ein kostbarer Wasserspeicher, die von einem intakten Kreislauf [&hellip;]<\/p>\n","protected":false},"author":17,"featured_media":581937,"comment_status":"closed","ping_status":"closed","template":"","meta":{"_acf_changed":false,"wl_entities_gutenberg":"","_relevanssi_hide_post":"","_relevanssi_hide_content":"","_relevanssi_pin_for_all":"","_relevanssi_pin_keywords":"","_relevanssi_unpin_keywords":"","_relevanssi_related_keywords":"","_relevanssi_related_include_ids":"","_relevanssi_related_exclude_ids":"","_relevanssi_related_no_append":"","_relevanssi_related_not_related":"","_relevanssi_related_posts":"","_relevanssi_noindex_reason":"","footnotes":""},"categories":[],"tags":[13770,13806],"wl_entity_type":[2],"ski_resorts":[],"class_list":["post-582935","entity","type-entity","status-publish","has-post-thumbnail","hentry","tag-nachhaltigkeit","tag-umweltschutz","wl_entity_type-thing","sitetype-theme"],"acf":[],"yoast_head":"<!-- This site is optimized with the Yoast SEO Premium plugin v26.9 (Yoast SEO v26.9) - https:\/\/yoast.com\/product\/yoast-seo-premium-wordpress\/ -->\n<title>Die Natur als wertvolles Gut \u00bb SalzburgerLand.com<\/title>\n<meta name=\"robots\" content=\"index, follow, max-snippet:-1, max-image-preview:large, max-video-preview:-1\" \/>\n<link rel=\"canonical\" href=\"https:\/\/www.salzburgerland.com\/de\/wp-json\/wp\/v2\/entities\/582935\" \/>\n<meta property=\"og:locale\" content=\"de_DE\" \/>\n<meta property=\"og:type\" content=\"article\" \/>\n<meta property=\"og:title\" content=\"Die Natur als wertvolles Gut\" \/>\n<meta property=\"og:description\" content=\"Warum unsere G\u00e4ste das SalzburgerLand so sehr sch\u00e4tzen? Weil sie hier ihren Urlaubstraum inmitten der wunderbaren Naturlandschaft leben k\u00f6nnen.\" \/>\n<meta property=\"og:url\" content=\"https:\/\/www.salzburgerland.com\/de\/wp-json\/wp\/v2\/entities\/582935\" \/>\n<meta property=\"og:site_name\" content=\"SalzburgerLand.com\" \/>\n<meta property=\"article:publisher\" content=\"https:\/\/www.facebook.com\/salzburgerland\/\" \/>\n<meta property=\"article:modified_time\" content=\"2024-08-05T13:38:17+00:00\" \/>\n<meta property=\"og:image\" content=\"https:\/\/www.salzburgerland.com\/de\/wp-content\/uploads\/2016\/08\/fageralm-wandern-sonnenuntergang-ctvb-forstau-3-1200x675.jpg\" \/>\n\t<meta property=\"og:image:width\" content=\"1200\" \/>\n\t<meta property=\"og:image:height\" content=\"675\" \/>\n\t<meta property=\"og:image:type\" content=\"image\/jpeg\" \/>\n<meta name=\"twitter:card\" content=\"summary_large_image\" \/>\n<meta name=\"twitter:site\" content=\"@Salzburgerland\" \/>\n<meta name=\"twitter:label1\" content=\"Gesch\u00e4tzte Lesezeit\" \/>\n\t<meta name=\"twitter:data1\" content=\"3\u00a0Minuten\" \/>\n<script type=\"application\/ld+json\" class=\"yoast-schema-graph\">{\"@context\":\"https:\/\/schema.org\",\"@graph\":[{\"@type\":\"WebPage\",\"@id\":\"https:\/\/www.salzburgerland.com\/de\/umweltschutz\/\",\"url\":\"https:\/\/www.salzburgerland.com\/de\/umweltschutz\/\",\"name\":\"Die Natur als wertvolles Gut \u00bb SalzburgerLand.com\",\"isPartOf\":{\"@id\":\"https:\/\/www.salzburgerland.com\/de\/#website\"},\"primaryImageOfPage\":{\"@id\":\"https:\/\/www.salzburgerland.com\/de\/umweltschutz\/#primaryimage\"},\"image\":{\"@id\":\"https:\/\/www.salzburgerland.com\/de\/umweltschutz\/#primaryimage\"},\"thumbnailUrl\":\"https:\/\/www.salzburgerland.com\/de\/wp-content\/uploads\/2016\/08\/fageralm-wandern-sonnenuntergang-ctvb-forstau-3-scaled.jpg\",\"datePublished\":\"2021-06-23T10:18:44+00:00\",\"dateModified\":\"2024-08-05T13:38:17+00:00\",\"description\":\"Warum unsere G\u00e4ste das SalzburgerLand so sehr sch\u00e4tzen? Weil sie hier ihren Urlaubstraum inmitten der wunderbaren Naturlandschaft leben k\u00f6nnen.\",\"inLanguage\":\"de\",\"potentialAction\":[{\"@type\":\"ReadAction\",\"target\":[\"https:\/\/www.salzburgerland.com\/de\/umweltschutz\/\"]}]},{\"@type\":\"ImageObject\",\"inLanguage\":\"de\",\"@id\":\"https:\/\/www.salzburgerland.com\/de\/umweltschutz\/#primaryimage\",\"url\":\"https:\/\/www.salzburgerland.com\/de\/wp-content\/uploads\/2016\/08\/fageralm-wandern-sonnenuntergang-ctvb-forstau-3-scaled.jpg\",\"contentUrl\":\"https:\/\/www.salzburgerland.com\/de\/wp-content\/uploads\/2016\/08\/fageralm-wandern-sonnenuntergang-ctvb-forstau-3-scaled.jpg\",\"width\":1920,\"height\":1280,\"caption\":\"c TVB Forstau Wandern auf der FAgeralm\"},{\"@type\":\"WebSite\",\"@id\":\"https:\/\/www.salzburgerland.com\/de\/#website\",\"url\":\"https:\/\/www.salzburgerland.com\/de\/\",\"name\":\"SalzburgerLand.com\",\"description\":\"Ihr Urlaub in Salzburg, \u00d6sterreich\",\"publisher\":{\"@id\":\"https:\/\/www.salzburgerland.com\/de\/#organization\"},\"potentialAction\":[{\"@type\":\"SearchAction\",\"target\":{\"@type\":\"EntryPoint\",\"urlTemplate\":\"https:\/\/www.salzburgerland.com\/de\/?s={search_term_string}\"},\"query-input\":{\"@type\":\"PropertyValueSpecification\",\"valueRequired\":true,\"valueName\":\"search_term_string\"}}],\"inLanguage\":\"de\"},{\"@type\":\"Organization\",\"@id\":\"https:\/\/www.salzburgerland.com\/de\/#organization\",\"name\":\"SalzburgerLand Tourismus GmbH\",\"url\":\"https:\/\/www.salzburgerland.com\/de\/\",\"logo\":{\"@type\":\"ImageObject\",\"inLanguage\":\"de\",\"@id\":\"https:\/\/www.salzburgerland.com\/de\/#\/schema\/logo\/image\/\",\"url\":\"https:\/\/www.salzburgerland.com\/de\/wp-content\/uploads\/2017\/01\/salzburgerland-logo.jpg\",\"contentUrl\":\"https:\/\/www.salzburgerland.com\/de\/wp-content\/uploads\/2017\/01\/salzburgerland-logo.jpg\",\"width\":1920,\"height\":827,\"caption\":\"SalzburgerLand Tourismus GmbH\"},\"image\":{\"@id\":\"https:\/\/www.salzburgerland.com\/de\/#\/schema\/logo\/image\/\"},\"sameAs\":[\"https:\/\/www.facebook.com\/salzburgerland\/\",\"https:\/\/x.com\/Salzburgerland\",\"https:\/\/www.instagram.com\/salzburgerland\/\",\"http:\/\/dbpedia.org\/resource\/Salzburg_(state)\",\"http:\/\/wikidata.dbpedia.org\/resource\/Q43325\",\"http:\/\/open.salzburgerland.com\/de\/entity\/salzburgerland\",\"https:\/\/www.youtube.com\/user\/salzburgerland\"]}]}<\/script>\n<!-- \/ Yoast SEO Premium plugin. -->","yoast_head_json":{"title":"Die Natur als wertvolles Gut \u00bb SalzburgerLand.com","robots":{"index":"index","follow":"follow","max-snippet":"max-snippet:-1","max-image-preview":"max-image-preview:large","max-video-preview":"max-video-preview:-1"},"canonical":"https:\/\/www.salzburgerland.com\/de\/wp-json\/wp\/v2\/entities\/582935","og_locale":"de_DE","og_type":"article","og_title":"Die Natur als wertvolles Gut","og_description":"Warum unsere G\u00e4ste das SalzburgerLand so sehr sch\u00e4tzen? Weil sie hier ihren Urlaubstraum inmitten der wunderbaren Naturlandschaft leben k\u00f6nnen.","og_url":"https:\/\/www.salzburgerland.com\/de\/wp-json\/wp\/v2\/entities\/582935","og_site_name":"SalzburgerLand.com","article_publisher":"https:\/\/www.facebook.com\/salzburgerland\/","article_modified_time":"2024-08-05T13:38:17+00:00","og_image":[{"width":1200,"height":675,"url":"https:\/\/www.salzburgerland.com\/de\/wp-content\/uploads\/2016\/08\/fageralm-wandern-sonnenuntergang-ctvb-forstau-3-1200x675.jpg","type":"image\/jpeg"}],"twitter_card":"summary_large_image","twitter_site":"@Salzburgerland","twitter_misc":{"Gesch\u00e4tzte Lesezeit":"3\u00a0Minuten"},"schema":{"@context":"https:\/\/schema.org","@graph":[{"@type":"WebPage","@id":"https:\/\/www.salzburgerland.com\/de\/umweltschutz\/","url":"https:\/\/www.salzburgerland.com\/de\/umweltschutz\/","name":"Die Natur als wertvolles Gut \u00bb SalzburgerLand.com","isPartOf":{"@id":"https:\/\/www.salzburgerland.com\/de\/#website"},"primaryImageOfPage":{"@id":"https:\/\/www.salzburgerland.com\/de\/umweltschutz\/#primaryimage"},"image":{"@id":"https:\/\/www.salzburgerland.com\/de\/umweltschutz\/#primaryimage"},"thumbnailUrl":"https:\/\/www.salzburgerland.com\/de\/wp-content\/uploads\/2016\/08\/fageralm-wandern-sonnenuntergang-ctvb-forstau-3-scaled.jpg","datePublished":"2021-06-23T10:18:44+00:00","dateModified":"2024-08-05T13:38:17+00:00","description":"Warum unsere G\u00e4ste das SalzburgerLand so sehr sch\u00e4tzen? Weil sie hier ihren Urlaubstraum inmitten der wunderbaren Naturlandschaft leben k\u00f6nnen.","inLanguage":"de","potentialAction":[{"@type":"ReadAction","target":["https:\/\/www.salzburgerland.com\/de\/umweltschutz\/"]}]},{"@type":"ImageObject","inLanguage":"de","@id":"https:\/\/www.salzburgerland.com\/de\/umweltschutz\/#primaryimage","url":"https:\/\/www.salzburgerland.com\/de\/wp-content\/uploads\/2016\/08\/fageralm-wandern-sonnenuntergang-ctvb-forstau-3-scaled.jpg","contentUrl":"https:\/\/www.salzburgerland.com\/de\/wp-content\/uploads\/2016\/08\/fageralm-wandern-sonnenuntergang-ctvb-forstau-3-scaled.jpg","width":1920,"height":1280,"caption":"c TVB Forstau Wandern auf der FAgeralm"},{"@type":"WebSite","@id":"https:\/\/www.salzburgerland.com\/de\/#website","url":"https:\/\/www.salzburgerland.com\/de\/","name":"SalzburgerLand.com","description":"Ihr Urlaub in Salzburg, \u00d6sterreich","publisher":{"@id":"https:\/\/www.salzburgerland.com\/de\/#organization"},"potentialAction":[{"@type":"SearchAction","target":{"@type":"EntryPoint","urlTemplate":"https:\/\/www.salzburgerland.com\/de\/?s={search_term_string}"},"query-input":{"@type":"PropertyValueSpecification","valueRequired":true,"valueName":"search_term_string"}}],"inLanguage":"de"},{"@type":"Organization","@id":"https:\/\/www.salzburgerland.com\/de\/#organization","name":"SalzburgerLand Tourismus GmbH","url":"https:\/\/www.salzburgerland.com\/de\/","logo":{"@type":"ImageObject","inLanguage":"de","@id":"https:\/\/www.salzburgerland.com\/de\/#\/schema\/logo\/image\/","url":"https:\/\/www.salzburgerland.com\/de\/wp-content\/uploads\/2017\/01\/salzburgerland-logo.jpg","contentUrl":"https:\/\/www.salzburgerland.com\/de\/wp-content\/uploads\/2017\/01\/salzburgerland-logo.jpg","width":1920,"height":827,"caption":"SalzburgerLand Tourismus GmbH"},"image":{"@id":"https:\/\/www.salzburgerland.com\/de\/#\/schema\/logo\/image\/"},"sameAs":["https:\/\/www.facebook.com\/salzburgerland\/","https:\/\/x.com\/Salzburgerland","https:\/\/www.instagram.com\/salzburgerland\/","http:\/\/dbpedia.org\/resource\/Salzburg_(state)","http:\/\/wikidata.dbpedia.org\/resource\/Q43325","http:\/\/open.salzburgerland.com\/de\/entity\/salzburgerland","https:\/\/www.youtube.com\/user\/salzburgerland"]}]}},"_wl_alt_label":[],"wl:entity_url":"http:\/\/open.salzburgerland.com\/de\/entity\/umweltschutz","_links":{"self":[{"href":"https:\/\/www.salzburgerland.com\/de\/wp-json\/wp\/v2\/entities\/582935","targetHints":{"allow":["GET"]}}],"collection":[{"href":"https:\/\/www.salzburgerland.com\/de\/wp-json\/wp\/v2\/entities"}],"about":[{"href":"https:\/\/www.salzburgerland.com\/de\/wp-json\/wp\/v2\/types\/entity"}],"author":[{"embeddable":true,"href":"https:\/\/www.salzburgerland.com\/de\/wp-json\/wp\/v2\/users\/17"}],"replies":[{"embeddable":true,"href":"https:\/\/www.salzburgerland.com\/de\/wp-json\/wp\/v2\/comments?post=582935"}],"version-history":[{"count":6,"href":"https:\/\/www.salzburgerland.com\/de\/wp-json\/wp\/v2\/entities\/582935\/revisions"}],"predecessor-version":[{"id":673053,"href":"https:\/\/www.salzburgerland.com\/de\/wp-json\/wp\/v2\/entities\/582935\/revisions\/673053"}],"wp:featuredmedia":[{"embeddable":true,"href":"https:\/\/www.salzburgerland.com\/de\/wp-json\/wp\/v2\/media\/581937"}],"wp:attachment":[{"href":"https:\/\/www.salzburgerland.com\/de\/wp-json\/wp\/v2\/media?parent=582935"}],"wp:term":[{"taxonomy":"category","embeddable":true,"href":"https:\/\/www.salzburgerland.com\/de\/wp-json\/wp\/v2\/categories?post=582935"},{"taxonomy":"post_tag","embeddable":true,"href":"https:\/\/www.salzburgerland.com\/de\/wp-json\/wp\/v2\/tags?post=582935"},{"taxonomy":"wl_entity_type","embeddable":true,"href":"https:\/\/www.salzburgerland.com\/de\/wp-json\/wp\/v2\/wl_entity_type?post=582935"},{"taxonomy":"ski_resorts","embeddable":true,"href":"https:\/\/www.salzburgerland.com\/de\/wp-json\/wp\/v2\/ski_resorts?post=582935"}],"curies":[{"name":"wp","href":"https:\/\/api.w.org\/{rel}","templated":true}]}}