{"id":489921,"date":"2020-09-14T14:17:40","date_gmt":"2020-09-14T12:17:40","guid":{"rendered":"https:\/\/www.salzburgerland.com\/de\/?p=489921"},"modified":"2025-10-21T15:12:10","modified_gmt":"2025-10-21T13:12:10","slug":"lieber-winter","status":"publish","type":"entity","link":"https:\/\/www.salzburgerland.com\/de\/lieber-winter\/","title":{"rendered":"Lieber Winter"},"content":{"rendered":"<p>Lieber Winter,\u00a0 \u00fcber Nacht verzauberst du die Berge, die T\u00e4ler \u2013 und die G\u00e4ste, die sich bald wieder bei uns genauso sicher und zu Hause f\u00fchlen wie du. Ob beim Skifahren oder Snowboarden, beim Schneeschuhwandern oder einfach bei einem Spaziergang durch den unber\u00fchrten Wald: Bei dir wird mir warm ums Herz. Wenn ich doch einmal friere, kuschle ich mich in die n\u00e4chste Therme. Du siehst, wir haben f\u00fcr jeden Urlaubswunsch das passende Angebot!<\/p>\n<p>Wenn es Abend wird und du uns frische Schneeflocken vom Himmel schickst, dann sto\u00dfe ich mit meinen Freunden und meiner lieben Familie auf dich an: In der einen Hand halte ich eine Tasse dampfenden Punsch und mit der anderen schreibe ich einen Wunsch in den Himmel \u2013 lass uns f\u00fcr immer Freunde sein!<\/p>\n<h2>Geschenk des Himmels<\/h2>\n<p>Irgendwann kam dieser eine besondere Morgen. Noch im Pyjama tappten wir schlaftrunken in die K\u00fcche, die Mutter zog den Vorhang zur Seite und anstatt mit einem \u201eGuten Morgen\u201c begr\u00fc\u00dfte sie uns mit einem freudigen \u201eSchaut Kinder, es hat geschneit!\u201c. Diese Worte glichen einem Zauberspruch. Sie waren geradezu magisch und erf\u00fcllten uns mit einem inneren Jauchzen, dessen Echo bis heute nachklingt. Der erste Schnee des Jahres war ein Gl\u00fccksversprechen, das mit Schneeballschlachten, Rodelpartien und roten Wangen verbunden war. Er machte den Schulweg zu einer vergn\u00fcglichen Rutschpartie und brachte am Nachmittag alle Kinder aus der Nachbarschaft zusammen: Die Tage wurden uns zu kurz! Erst in der blauen Stunde zuckelten wir m\u00fcde und zufrieden mit unseren Schlitten wieder nach Hause.<\/p>\n<p>Der erste Schnee bedeutete auch, dass Weihnachten und damit das Christkind vor der T\u00fcr standen. Dass die Ski zu Recht gewachst und Ferien in Sicht waren. Der erste Schnee machte das Leben unsagbar leicht. Ist es diese Sehnsucht nach Leichtigkeit, die sich mit der Sehnsucht nach der wei\u00dfen Pracht verwoben hat? Kaum eine andere Wetterfrage besch\u00e4ftigt uns so sehr wie jene nach wei\u00dfen Weihnachten. Mitte Dezember kann ein versierter Meteorologe wie Bernhard Niedermoser, Leiter der Zentralanstalt f\u00fcr Meteorologie und Geodynamik in Salzburg, diese Frage im Idealfall schon beantworten: \u201eDas SalzburgerLand ist \u00d6sterreichs schneereichstes Bundesland, da wir den Schnee mit den Italientiefs sowohl aus dem S\u00fcden als auch \u2013 und das noch viel \u00f6fter \u2013 aus dem Norden bekommen: die sogenannte Nordstaulage. Damit ist in vielen Salzburger T\u00e4lern und Orten die Wahrscheinlichkeit f\u00fcr wei\u00dfe Weihnachten hoch.\u201c In Zell am See oder Tamsweg etwa liegt die statistische Wahrscheinlichkeit f\u00fcr wei\u00dfe Weihnachten bei knapp 80 Prozent, in Bad Gastein sogar bei 92 Prozent. Im SalzburgerLand gibt es viele beg\u00fcnstigte Orte, die landl\u00e4ufig als \u201eSchneel\u00f6cher\u201c bezeichnet werden: Dazu geh\u00f6ren die Gemeinde Muhr im Salzburger Lungau, die s\u00fcdlichen Tauernt\u00e4ler von Gastein, Rauris und Fusch, aber auch Gebiete des Salzburger Saalachtals wie Lofer und Wei\u00dfbach, Orte am Hochk\u00f6nig wie Dienten und Maria Alm sowie Filzmoos, Abtenau, Annaberg oder Faistenau.<\/p>\n<div id=\"attachment_410026\" style=\"width: 1180px\" class=\"wp-caption alignnone\"><img decoding=\"async\" aria-describedby=\"caption-attachment-410026\" class=\"size-1170_658 wp-image-410026\" src=\"https:\/\/cdn.salzburgerland.com\/de\/wp-content\/uploads\/2016\/08\/mg_9043-1170x658.jpg\" alt=\"Familie beim Schneespa\u00df, Salzburger Sonnenterrasse im Winter (c) Salzburger Sonnenterrasse\" width=\"1170\" height=\"658\" srcset=\"https:\/\/www.salzburgerland.com\/de\/wp-content\/uploads\/2016\/08\/mg_9043-1170x658.jpg 1170w, https:\/\/www.salzburgerland.com\/de\/wp-content\/uploads\/2016\/08\/mg_9043-1200x675.jpg 1200w\" sizes=\"(max-width: 1170px) 100vw, 1170px\"><p id=\"caption-attachment-410026\" class=\"wp-caption-text\">Familie beim Schneespa\u00df, Salzburger Sonnenterrasse im Winter (c) Salzburger Sonnenterrasse<\/p><\/div>\n<p>\u201eWenn wir \u00fcber den Winter sprechen, m\u00fcssen wir auch \u00fcber den Klimawandel sprechen, der sich \u00fcberall auswirkt. Grunds\u00e4tzlich gilt, dass der Schnee in den kommenden Jahrzehnten eher weniger wird und die Winter k\u00fcrzer werden. Aber in vielen Salzburger H\u00f6henlagen, vor allem in den Gebirgsregionen, hat sich der Winter in den letzten Jahrzehnten noch nicht so stark ver\u00e4ndert, wenn man einmal die starke Schwankung von einem Jahr zum anderen herausfiltert\u201c, so der Meteorologe und Leiter der Salzburger Lawinenwarnzentrale, der beim Thema Winter selbst ins Schw\u00e4rmen ger\u00e4t. Auch er hat das Echo der Kindheitstage gespeichert und wei\u00df um den Zauber von Schnee auf uns Menschen: \u201eDer Winter unterscheidet sich im alpinen Gel\u00e4nde ganz stark vom Sommer. Der Schnee schluckt jeglichen L\u00e4rm, er ist rein und sauber. Daher assoziieren wir ihn mit Ruhe und Stille. Zudem macht der Schnee das Gel\u00e4nde wegefrei.\u201c Menschliche Spuren verschwinden unter einer wei\u00dfen Decke, Ger\u00fcche und Ger\u00e4usche werden ged\u00e4mpft \u2013 der Schnee tut uns gut, er beruhigt und entschleunigt. Arnulf Hartl, Leiter des Instituts f\u00fcr \u00d6komedizin an der Paracelsus Medizinischen Privatuniversit\u00e4t Salzburg, schreibt in seinem Buch \u201eHeilkraft der Alpen\u201c sogar von der \u201e<strong>Wunderkur Winter<\/strong>\u201c: \u201eWintersport vereint wie eine Art Rundum-Wunderpille das Beste in sich, das die Natur zu bieten hat. Er setzt uns Sonne und Natur aus, befriedigt unseren Bewegungsdrang und versorgt uns nicht zuletzt mit reiner Luft.\u201c Als Kinder haben wir all das intuitiv gesp\u00fcrt. Mit dem ersten Schnee galt es, jede freie Minute zu nutzen.<\/p>\n<p>Vielleicht l\u00e4sst sich so der <strong>Zauber des Schnees<\/strong> am besten erkl\u00e4ren: <strong>Er l\u00e4dt uns dazu ein, wieder Kind zu sein.<\/strong> Er bringt die Leichtigkeit ins Leben zur\u00fcck und setzt Gl\u00fcckshormone frei, wenn wir auf Kufen oder Skiern beinahe schwerelos ins Tal gleiten. Der Schnee verleitet zum Spielen, Anfassen und zu irrationalen Handlungen: Schneeb\u00e4lle werden spontan geworfen oder Schnee-Engel gemacht. Schnee bedeutet F\u00fclle, jedoch mit Ablaufdatum und ist deshalb umso kostbarer. Er ist ein Geschenk, das einfach auf uns herabschwebt: Der Himmel \u00f6ffnet seine Schleusen und die Flocken fallen lautlos hernieder. Schnee ist pures Gl\u00fcck, das erst in der Fr\u00fchjahrssonne schmilzt. Und schon in diesem Moment freuen wir uns \u2013 trotz Aussicht auf den Sommer \u2013 wieder auf diesen einen besonderen Morgen, an dem wir aus dem Fenster schauen und den ersten Schnee auf den Bergen erblicken.<\/p>\n<img decoding=\"async\" class=\"alignnone size-1170_658 wp-image-100114\" src=\"https:\/\/cdn.salzburgerland.com\/de\/wp-content\/uploads\/2016\/08\/rs121_sltwinterspass-1100x658.jpg\" alt=\"\" width=\"1100\" height=\"658\">\n<p>\u00a0<\/p>\n<h2>Gl\u00fccklich im Schnee<\/h2>\n<p>Der Schnee hat viele Facetten und l\u00e4dt zu unterschiedlichen Aktivit\u00e4ten ein. So etwa kann man in <a href=\"http:\/\/www.saalfelden-leogang.com\" target=\"_blank\" rel=\"noopener noreferrer\">Saalfelden Leogang<\/a> und in <a href=\"http:\/\/www.zellamsee-kaprun.com\" target=\"_blank\" rel=\"noopener noreferrer\">Zell am See-Kaprun<\/a> Iglus aus Schnee bauen und darin \u00fcbernachten. Beim gr\u00f6\u00dften Kunstfestival der Alpen \u201eArt on Snow\u201c in <a href=\"http:\/\/www.gastein.com\" target=\"_blank\" rel=\"noopener noreferrer\">Gastein<\/a> wird der Schnee zum gestaltenden Element. Im Schnee gebuddelt wird beim\u00a0 Gamsleitenkriterium in <a href=\"http:\/\/www.obertauern.com\" target=\"_blank\" rel=\"noopener noreferrer\">Obertauern<\/a> \u2013 \u00d6sterreichs gr\u00f6\u00dfter Schatzsuche. Und wer sich schon im Sommer auf den Winterurlaub vorbereiten m\u00f6chte, kann dies im ganzj\u00e4hrig ge\u00f6ffneten <a href=\"http:\/\/www.alpenpark-neuss.de\" target=\"_blank\" rel=\"noopener noreferrer\">Alpenpark Neuss<\/a> in Nordrhein-Westfalen tun.<\/p>\n","protected":false},"excerpt":{"rendered":"<p>Lieber Winter,\u00a0 \u00fcber Nacht verzauberst du die Berge, die T\u00e4ler \u2013 und die G\u00e4ste, die sich bald wieder bei uns genauso sicher und zu Hause f\u00fchlen wie du. Ob beim Skifahren oder Snowboarden, beim Schneeschuhwandern oder einfach bei einem Spaziergang durch den unber\u00fchrten Wald: Bei dir wird mir warm ums Herz. Wenn ich doch einmal [&hellip;]<\/p>\n","protected":false},"author":50,"featured_media":619009,"comment_status":"closed","ping_status":"closed","template":"","meta":{"_acf_changed":false,"wl_entities_gutenberg":"","_relevanssi_hide_post":"","_relevanssi_hide_content":"","_relevanssi_pin_for_all":"","_relevanssi_pin_keywords":"","_relevanssi_unpin_keywords":"","_relevanssi_related_keywords":"","_relevanssi_related_include_ids":"","_relevanssi_related_exclude_ids":"","_relevanssi_related_no_append":"","_relevanssi_related_not_related":"","_relevanssi_related_posts":"","_relevanssi_noindex_reason":"","footnotes":""},"categories":[1],"tags":[],"wl_entity_type":[2],"ski_resorts":[],"class_list":["post-489921","entity","type-entity","status-publish","has-post-thumbnail","hentry","category-allgemein","wl_entity_type-thing","sitetype-theme"],"acf":[],"yoast_head":"<!-- This site is optimized with the Yoast SEO Premium plugin v26.9 (Yoast SEO v26.9) - https:\/\/yoast.com\/product\/yoast-seo-premium-wordpress\/ -->\n<title>Lieber Winter \u00bb SalzburgerLand.com<\/title>\n<meta name=\"robots\" content=\"index, follow, max-snippet:-1, max-image-preview:large, max-video-preview:-1\" \/>\n<link rel=\"canonical\" href=\"https:\/\/www.salzburgerland.com\/de\/wp-json\/wp\/v2\/entities\/489921\" \/>\n<meta property=\"og:locale\" content=\"de_DE\" \/>\n<meta property=\"og:type\" content=\"article\" \/>\n<meta property=\"og:title\" content=\"Lieber Winter\" \/>\n<meta property=\"og:description\" content=\"Lieber Winter,\u00a0 du bringst Kinderaugen zum Leuchten und meinen Puls in sonnige H\u00f6hen.\" \/>\n<meta property=\"og:url\" content=\"https:\/\/www.salzburgerland.com\/de\/wp-json\/wp\/v2\/entities\/489921\" \/>\n<meta property=\"og:site_name\" content=\"SalzburgerLand.com\" \/>\n<meta property=\"article:publisher\" content=\"https:\/\/www.facebook.com\/salzburgerland\/\" \/>\n<meta property=\"article:modified_time\" content=\"2025-10-21T13:12:10+00:00\" \/>\n<meta property=\"og:image\" content=\"https:\/\/www.salzburgerland.com\/de\/wp-content\/uploads\/2020\/09\/rs3372__a2a1403-1200x675.jpg\" \/>\n\t<meta property=\"og:image:width\" content=\"1200\" \/>\n\t<meta property=\"og:image:height\" content=\"675\" \/>\n\t<meta property=\"og:image:type\" content=\"image\/jpeg\" \/>\n<meta name=\"twitter:card\" content=\"summary_large_image\" \/>\n<meta name=\"twitter:site\" content=\"@Salzburgerland\" \/>\n<meta name=\"twitter:label1\" content=\"Gesch\u00e4tzte Lesezeit\" \/>\n\t<meta name=\"twitter:data1\" content=\"7\u00a0Minuten\" \/>\n<script type=\"application\/ld+json\" class=\"yoast-schema-graph\">{\"@context\":\"https:\/\/schema.org\",\"@graph\":[{\"@type\":\"WebPage\",\"@id\":\"https:\/\/www.salzburgerland.com\/de\/lieber-winter\/\",\"url\":\"https:\/\/www.salzburgerland.com\/de\/lieber-winter\/\",\"name\":\"Lieber Winter \u00bb SalzburgerLand.com\",\"isPartOf\":{\"@id\":\"https:\/\/www.salzburgerland.com\/de\/#website\"},\"primaryImageOfPage\":{\"@id\":\"https:\/\/www.salzburgerland.com\/de\/lieber-winter\/#primaryimage\"},\"image\":{\"@id\":\"https:\/\/www.salzburgerland.com\/de\/lieber-winter\/#primaryimage\"},\"thumbnailUrl\":\"https:\/\/www.salzburgerland.com\/de\/wp-content\/uploads\/2020\/09\/rs3372__a2a1403-scaled.jpg\",\"datePublished\":\"2020-09-14T12:17:40+00:00\",\"dateModified\":\"2025-10-21T13:12:10+00:00\",\"description\":\"Lieber Winter,\u00a0 du bringst Kinderaugen zum Leuchten und meinen Puls in sonnige H\u00f6hen.\",\"inLanguage\":\"de\",\"potentialAction\":[{\"@type\":\"ReadAction\",\"target\":[\"https:\/\/www.salzburgerland.com\/de\/lieber-winter\/\"]}]},{\"@type\":\"ImageObject\",\"inLanguage\":\"de\",\"@id\":\"https:\/\/www.salzburgerland.com\/de\/lieber-winter\/#primaryimage\",\"url\":\"https:\/\/www.salzburgerland.com\/de\/wp-content\/uploads\/2020\/09\/rs3372__a2a1403-scaled.jpg\",\"contentUrl\":\"https:\/\/www.salzburgerland.com\/de\/wp-content\/uploads\/2020\/09\/rs3372__a2a1403-scaled.jpg\",\"width\":1920,\"height\":1280,\"caption\":\"Schneeengel \u00a9 SalzburgerLand Tourismus,Michael Groessinger\"},{\"@type\":\"WebSite\",\"@id\":\"https:\/\/www.salzburgerland.com\/de\/#website\",\"url\":\"https:\/\/www.salzburgerland.com\/de\/\",\"name\":\"SalzburgerLand.com\",\"description\":\"Ihr Urlaub in Salzburg, \u00d6sterreich\",\"publisher\":{\"@id\":\"https:\/\/www.salzburgerland.com\/de\/#organization\"},\"potentialAction\":[{\"@type\":\"SearchAction\",\"target\":{\"@type\":\"EntryPoint\",\"urlTemplate\":\"https:\/\/www.salzburgerland.com\/de\/?s={search_term_string}\"},\"query-input\":{\"@type\":\"PropertyValueSpecification\",\"valueRequired\":true,\"valueName\":\"search_term_string\"}}],\"inLanguage\":\"de\"},{\"@type\":\"Organization\",\"@id\":\"https:\/\/www.salzburgerland.com\/de\/#organization\",\"name\":\"SalzburgerLand Tourismus GmbH\",\"url\":\"https:\/\/www.salzburgerland.com\/de\/\",\"logo\":{\"@type\":\"ImageObject\",\"inLanguage\":\"de\",\"@id\":\"https:\/\/www.salzburgerland.com\/de\/#\/schema\/logo\/image\/\",\"url\":\"https:\/\/www.salzburgerland.com\/de\/wp-content\/uploads\/2017\/01\/salzburgerland-logo.jpg\",\"contentUrl\":\"https:\/\/www.salzburgerland.com\/de\/wp-content\/uploads\/2017\/01\/salzburgerland-logo.jpg\",\"width\":1920,\"height\":827,\"caption\":\"SalzburgerLand Tourismus GmbH\"},\"image\":{\"@id\":\"https:\/\/www.salzburgerland.com\/de\/#\/schema\/logo\/image\/\"},\"sameAs\":[\"https:\/\/www.facebook.com\/salzburgerland\/\",\"https:\/\/x.com\/Salzburgerland\",\"https:\/\/www.instagram.com\/salzburgerland\/\",\"http:\/\/dbpedia.org\/resource\/Salzburg_(state)\",\"http:\/\/wikidata.dbpedia.org\/resource\/Q43325\",\"http:\/\/open.salzburgerland.com\/de\/entity\/salzburgerland\",\"https:\/\/www.youtube.com\/user\/salzburgerland\"]}]}<\/script>\n<!-- \/ Yoast SEO Premium plugin. -->","yoast_head_json":{"title":"Lieber Winter \u00bb SalzburgerLand.com","robots":{"index":"index","follow":"follow","max-snippet":"max-snippet:-1","max-image-preview":"max-image-preview:large","max-video-preview":"max-video-preview:-1"},"canonical":"https:\/\/www.salzburgerland.com\/de\/wp-json\/wp\/v2\/entities\/489921","og_locale":"de_DE","og_type":"article","og_title":"Lieber Winter","og_description":"Lieber Winter,\u00a0 du bringst Kinderaugen zum Leuchten und meinen Puls in sonnige H\u00f6hen.","og_url":"https:\/\/www.salzburgerland.com\/de\/wp-json\/wp\/v2\/entities\/489921","og_site_name":"SalzburgerLand.com","article_publisher":"https:\/\/www.facebook.com\/salzburgerland\/","article_modified_time":"2025-10-21T13:12:10+00:00","og_image":[{"width":1200,"height":675,"url":"https:\/\/www.salzburgerland.com\/de\/wp-content\/uploads\/2020\/09\/rs3372__a2a1403-1200x675.jpg","type":"image\/jpeg"}],"twitter_card":"summary_large_image","twitter_site":"@Salzburgerland","twitter_misc":{"Gesch\u00e4tzte Lesezeit":"7\u00a0Minuten"},"schema":{"@context":"https:\/\/schema.org","@graph":[{"@type":"WebPage","@id":"https:\/\/www.salzburgerland.com\/de\/lieber-winter\/","url":"https:\/\/www.salzburgerland.com\/de\/lieber-winter\/","name":"Lieber Winter \u00bb SalzburgerLand.com","isPartOf":{"@id":"https:\/\/www.salzburgerland.com\/de\/#website"},"primaryImageOfPage":{"@id":"https:\/\/www.salzburgerland.com\/de\/lieber-winter\/#primaryimage"},"image":{"@id":"https:\/\/www.salzburgerland.com\/de\/lieber-winter\/#primaryimage"},"thumbnailUrl":"https:\/\/www.salzburgerland.com\/de\/wp-content\/uploads\/2020\/09\/rs3372__a2a1403-scaled.jpg","datePublished":"2020-09-14T12:17:40+00:00","dateModified":"2025-10-21T13:12:10+00:00","description":"Lieber Winter,\u00a0 du bringst Kinderaugen zum Leuchten und meinen Puls in sonnige H\u00f6hen.","inLanguage":"de","potentialAction":[{"@type":"ReadAction","target":["https:\/\/www.salzburgerland.com\/de\/lieber-winter\/"]}]},{"@type":"ImageObject","inLanguage":"de","@id":"https:\/\/www.salzburgerland.com\/de\/lieber-winter\/#primaryimage","url":"https:\/\/www.salzburgerland.com\/de\/wp-content\/uploads\/2020\/09\/rs3372__a2a1403-scaled.jpg","contentUrl":"https:\/\/www.salzburgerland.com\/de\/wp-content\/uploads\/2020\/09\/rs3372__a2a1403-scaled.jpg","width":1920,"height":1280,"caption":"Schneeengel \u00a9 SalzburgerLand Tourismus,Michael Groessinger"},{"@type":"WebSite","@id":"https:\/\/www.salzburgerland.com\/de\/#website","url":"https:\/\/www.salzburgerland.com\/de\/","name":"SalzburgerLand.com","description":"Ihr Urlaub in Salzburg, \u00d6sterreich","publisher":{"@id":"https:\/\/www.salzburgerland.com\/de\/#organization"},"potentialAction":[{"@type":"SearchAction","target":{"@type":"EntryPoint","urlTemplate":"https:\/\/www.salzburgerland.com\/de\/?s={search_term_string}"},"query-input":{"@type":"PropertyValueSpecification","valueRequired":true,"valueName":"search_term_string"}}],"inLanguage":"de"},{"@type":"Organization","@id":"https:\/\/www.salzburgerland.com\/de\/#organization","name":"SalzburgerLand Tourismus GmbH","url":"https:\/\/www.salzburgerland.com\/de\/","logo":{"@type":"ImageObject","inLanguage":"de","@id":"https:\/\/www.salzburgerland.com\/de\/#\/schema\/logo\/image\/","url":"https:\/\/www.salzburgerland.com\/de\/wp-content\/uploads\/2017\/01\/salzburgerland-logo.jpg","contentUrl":"https:\/\/www.salzburgerland.com\/de\/wp-content\/uploads\/2017\/01\/salzburgerland-logo.jpg","width":1920,"height":827,"caption":"SalzburgerLand Tourismus GmbH"},"image":{"@id":"https:\/\/www.salzburgerland.com\/de\/#\/schema\/logo\/image\/"},"sameAs":["https:\/\/www.facebook.com\/salzburgerland\/","https:\/\/x.com\/Salzburgerland","https:\/\/www.instagram.com\/salzburgerland\/","http:\/\/dbpedia.org\/resource\/Salzburg_(state)","http:\/\/wikidata.dbpedia.org\/resource\/Q43325","http:\/\/open.salzburgerland.com\/de\/entity\/salzburgerland","https:\/\/www.youtube.com\/user\/salzburgerland"]}]}},"_wl_alt_label":[],"wl:entity_url":"http:\/\/open.salzburgerland.com\/de\/post\/lieber_winter","_links":{"self":[{"href":"https:\/\/www.salzburgerland.com\/de\/wp-json\/wp\/v2\/entities\/489921","targetHints":{"allow":["GET"]}}],"collection":[{"href":"https:\/\/www.salzburgerland.com\/de\/wp-json\/wp\/v2\/entities"}],"about":[{"href":"https:\/\/www.salzburgerland.com\/de\/wp-json\/wp\/v2\/types\/entity"}],"author":[{"embeddable":true,"href":"https:\/\/www.salzburgerland.com\/de\/wp-json\/wp\/v2\/users\/50"}],"replies":[{"embeddable":true,"href":"https:\/\/www.salzburgerland.com\/de\/wp-json\/wp\/v2\/comments?post=489921"}],"version-history":[{"count":8,"href":"https:\/\/www.salzburgerland.com\/de\/wp-json\/wp\/v2\/entities\/489921\/revisions"}],"predecessor-version":[{"id":679180,"href":"https:\/\/www.salzburgerland.com\/de\/wp-json\/wp\/v2\/entities\/489921\/revisions\/679180"}],"wp:featuredmedia":[{"embeddable":true,"href":"https:\/\/www.salzburgerland.com\/de\/wp-json\/wp\/v2\/media\/619009"}],"wp:attachment":[{"href":"https:\/\/www.salzburgerland.com\/de\/wp-json\/wp\/v2\/media?parent=489921"}],"wp:term":[{"taxonomy":"category","embeddable":true,"href":"https:\/\/www.salzburgerland.com\/de\/wp-json\/wp\/v2\/categories?post=489921"},{"taxonomy":"post_tag","embeddable":true,"href":"https:\/\/www.salzburgerland.com\/de\/wp-json\/wp\/v2\/tags?post=489921"},{"taxonomy":"wl_entity_type","embeddable":true,"href":"https:\/\/www.salzburgerland.com\/de\/wp-json\/wp\/v2\/wl_entity_type?post=489921"},{"taxonomy":"ski_resorts","embeddable":true,"href":"https:\/\/www.salzburgerland.com\/de\/wp-json\/wp\/v2\/ski_resorts?post=489921"}],"curies":[{"name":"wp","href":"https:\/\/api.w.org\/{rel}","templated":true}]}}