{"id":244879,"date":"2018-05-07T08:24:43","date_gmt":"2018-05-07T06:24:43","guid":{"rendered":"https:\/\/www.salzburgerland.com\/de\/?post_type=entity&#038;p=244879"},"modified":"2018-05-07T09:48:51","modified_gmt":"2018-05-07T07:48:51","slug":"josef-stoitzner-1884-1951","status":"publish","type":"entity","link":"https:\/\/www.salzburgerland.com\/de\/josef-stoitzner-1884-1951\/","title":{"rendered":"Josef Stoitzner (1884 \u2013 1951) &#8211; Der \u201eAnatom der B\u00e4ume\u201c"},"content":{"rendered":"<p><span>Seine Inspiration und Liebe fand der geb\u00fcrtige Wiener Josef Stoitzner in der heutigen Nationalparkgemeinde Bramberg im Oberpinzgau. Der Ort und die Landschaft \u2013 allen voran das b\u00e4uerliche Leben am Fu\u00dfe der Hohen Tauern \u2013 pr\u00e4gten den Landschaftsmaler nachhaltig in seiner k\u00fcnstlerischen Entwicklung. Auf Stoitzners Anregung hin kamen in der ersten H\u00e4lfte des 20. Jahrhunderts zahlreiche weitere K\u00fcnstler nach Bramberg, an die sich bis heute die Menschen gerne erinnern.<\/span><\/p>\n<p><span>In Josef Stoitzners Werk lassen sich unterschiedliche Einfl\u00fcsse feststellen, die vom Realismus \u00fcber die Secession bis zum \u00f6sterreichischen Stimmungsimpressionismus reichen. Auffallend ist die fehlende Auseinandersetzung mit den Stilelementen der Moderne, weshalb Stoitzner von der Fachwelt lange wenig beachtet wurde.<\/span><\/p>\n<blockquote><p><em>Josef Stoitzners Malstil schafft einen unverwechselbaren und konsequenten \u00e4sthetischen Blick auf die Natur, die er ohne menschliche Eingriffe zeigt. <\/em><\/p><\/blockquote>\n<p><span>\u00a0<\/span><span>Seine Bildsprache ist gepr\u00e4gt von architektonischem Aufbau mit stark betonten Perspektiven, Verfremdungs- und Lichteffekten. Ein besonders wichtiger Darstellungsgegenstand in Stoitzners Werk sind B\u00e4ume in verschiedenen Jahreszeiten. Diese Vorliebe brachte ihm von Professor Hermann Heller den Beinamen \u201eAnatom der B\u00e4ume\u201c ein. Neben meisterlichen Gem\u00e4lden schuf Stoitzner auch gro\u00dfartige Farbholzschnitte und Lithographien. <\/span><\/p>\n<h2>\u00a0Von Wien in den Pinzgau<\/h2>\n<p><span>Josef Stoitzner wurde als Spross einer K\u00fcnstler- und Malerfamilie am 24. Februar 1884 in Wien geboren. Sein Vater war der bekannte Landschafts- und Genremaler Konstantin Stoitzner. Josef Stoitzner studierte an der Wiener Kunstgewerbeschule unter Prof. Anton von Kenner. Ab 1905 arbeitete er als Lehrer an Wiener Schulen, im Atelier seines Vaters und besuchte die Meisterklasse von Prof. Franz Rumpler. Nach der erfolgreichen Lehramtspr\u00fcfung 1909 war Josef Stoitzner als Fachinspektor an diversen Schulen in Wien und Umgebung t\u00e4tig und wurde Mitglied der Wiener Secession. Im selben Jahr heiratete er die Arzttochter Anna Millinger aus Bramberg. 1911 wurde Sohn Josef, 1913 Tochter Anna geboren. Ab 1932 folgte ein Lehrauftrag f\u00fcr Methodik und Didaktik an der Akademie der bildenden K\u00fcnste, 1939 wurde Stoitzner Mitglied des Wiener K\u00fcnstlerhauses. 1943 \u00fcbersiedelte die Familie von Wien nach Bramberg, wo Josef Stoitzner am 6. Juli 1951 mit 67 Jahren starb.<\/span><\/p>\n<h2><strong>\u00a0Museum Bramberg im \u201eWilhelmgut\u201c<\/strong><\/h2>\n<p><span>Das Museum Bramberg ist in einem der \u00e4ltesten H\u00e4user des Ortes untergebracht: Das wundersch\u00f6ne und altehrw\u00fcrdige \u201eWilhelmgut\u201c wurde 1350 erstmals urkundlich erw\u00e4hnt und ist seit 1979 Museum. Die Werkschau von Josef Stoitzner im ersten Obergescho\u00df umfasst rund zwanzig Arbeiten: Zu den Hauptwerken z\u00e4hlen \u201eBramberg und Umgebung\u201c \u00d6l auf Leinwand (um 1946), \u201eSelbstportrait\u201c \u00d6l auf Karton (1947) und \u201eKredenz im Stoitznerhaus\u201c \u00d6l auf Leinen (um 1930). <\/span><\/p>\n<p><span>Neben der Teilausstellung zu Josef Stoitzner zeigt das Museum die Nationalparkausstellung \u201eSmaragde und Kristalle\u201c sowie die Natur- und Volkskundeausstellung \u201eMensch und Kultur\u201c.<\/span><\/p>\n<p><strong><span>Tipp<\/span><\/strong><span>: Ende 2018 erscheint eine Monographie zum Gesamtwerk Josef Stoitzners mit Verzeichnis des K\u00fcnstlers. (Herausgeber: Prof. Dr. Jakob Wirz\/Winterthur, Dr. Nikolaus Schaffer\/Salzburg und Alfred Kohlhammer\/Wien)<\/span><\/p>\n<p><strong><span>Alle Infos zu Eintrittspreisen, Gruppenf\u00fchrungen und \u00d6ffnungszeiten unter <\/span><\/strong><span><a href=\"http:\/\/www.museumbramberg.at\" target=\"_blank\" rel=\"noopener\"><strong>www.museumbramberg.at<\/strong><\/a> <\/span><\/p>\n","protected":false},"excerpt":{"rendered":"<p>Seine Inspiration und Liebe fand der geb\u00fcrtige Wiener Josef Stoitzner in der heutigen Nationalparkgemeinde Bramberg im Oberpinzgau. Der Ort und die Landschaft \u2013 allen voran das b\u00e4uerliche Leben am Fu\u00dfe der Hohen Tauern \u2013 pr\u00e4gten den Landschaftsmaler nachhaltig in seiner k\u00fcnstlerischen Entwicklung. Auf Stoitzners Anregung hin kamen in der ersten H\u00e4lfte des 20. Jahrhunderts zahlreiche [&hellip;]<\/p>\n","protected":false},"author":17,"featured_media":244436,"comment_status":"closed","ping_status":"closed","template":"","meta":{"_acf_changed":false,"wl_entities_gutenberg":"","_relevanssi_hide_post":"","_relevanssi_hide_content":"","_relevanssi_pin_for_all":"","_relevanssi_pin_keywords":"","_relevanssi_unpin_keywords":"","_relevanssi_related_keywords":"","_relevanssi_related_include_ids":"","_relevanssi_related_exclude_ids":"","_relevanssi_related_no_append":"","_relevanssi_related_not_related":"","_relevanssi_related_posts":"","_relevanssi_noindex_reason":"","footnotes":""},"categories":[],"tags":[],"wl_entity_type":[2],"ski_resorts":[],"class_list":["post-244879","entity","type-entity","status-publish","has-post-thumbnail","hentry","wl_entity_type-thing","sitetype-default"],"acf":[],"yoast_head":"<!-- This site is optimized with the Yoast SEO Premium plugin v26.9 (Yoast SEO v26.9) - https:\/\/yoast.com\/product\/yoast-seo-premium-wordpress\/ -->\n<title>Josef Stoitzner (1884 \u2013 1951) - Der \u201eAnatom der B\u00e4ume\u201c \u00bb SalzburgerLand.com<\/title>\n<meta name=\"description\" content=\"Der Wiener Josef Stoitzner lernte Bramberg schon in der Jugend kennen: Heute erinnert eine Dauerausstellung im Museum Bramberg an den Maler, der im Pinzgau seine Wahlheimat fand.\" \/>\n<meta name=\"robots\" content=\"index, follow, max-snippet:-1, max-image-preview:large, max-video-preview:-1\" \/>\n<link rel=\"canonical\" href=\"https:\/\/www.salzburgerland.com\/de\/wp-json\/wp\/v2\/entities\/244879\" \/>\n<meta property=\"og:locale\" content=\"de_DE\" \/>\n<meta property=\"og:type\" content=\"article\" \/>\n<meta property=\"og:title\" content=\"Josef Stoitzner (1884 \u2013 1951) - Der \u201eAnatom der B\u00e4ume\u201c\" \/>\n<meta property=\"og:description\" content=\"Der Wiener Josef Stoitzner lernte Bramberg schon in der Jugend kennen: Heute erinnert eine Dauerausstellung im Museum Bramberg an den Maler, der im Pinzgau seine Wahlheimat fand.\" \/>\n<meta property=\"og:url\" content=\"https:\/\/www.salzburgerland.com\/de\/wp-json\/wp\/v2\/entities\/244879\" \/>\n<meta property=\"og:site_name\" content=\"SalzburgerLand.com\" \/>\n<meta property=\"article:publisher\" content=\"https:\/\/www.facebook.com\/salzburgerland\/\" \/>\n<meta property=\"article:modified_time\" content=\"2018-05-07T07:48:51+00:00\" \/>\n<meta property=\"og:image\" content=\"https:\/\/www.salzburgerland.com\/de\/wp-content\/uploads\/2018\/05\/museum-bramberg_stoitzner-1200x675.jpg\" \/>\n\t<meta property=\"og:image:width\" content=\"1200\" \/>\n\t<meta property=\"og:image:height\" content=\"675\" \/>\n\t<meta property=\"og:image:type\" content=\"image\/jpeg\" \/>\n<meta name=\"twitter:card\" content=\"summary_large_image\" \/>\n<meta name=\"twitter:site\" content=\"@Salzburgerland\" \/>\n<meta name=\"twitter:label1\" content=\"Gesch\u00e4tzte Lesezeit\" \/>\n\t<meta name=\"twitter:data1\" content=\"2\u00a0Minuten\" \/>\n<script type=\"application\/ld+json\" class=\"yoast-schema-graph\">{\"@context\":\"https:\/\/schema.org\",\"@graph\":[{\"@type\":\"WebPage\",\"@id\":\"https:\/\/www.salzburgerland.com\/de\/josef-stoitzner-1884-1951\/\",\"url\":\"https:\/\/www.salzburgerland.com\/de\/josef-stoitzner-1884-1951\/\",\"name\":\"Josef Stoitzner (1884 \u2013 1951) - Der \u201eAnatom der B\u00e4ume\u201c \u00bb SalzburgerLand.com\",\"isPartOf\":{\"@id\":\"https:\/\/www.salzburgerland.com\/de\/#website\"},\"primaryImageOfPage\":{\"@id\":\"https:\/\/www.salzburgerland.com\/de\/josef-stoitzner-1884-1951\/#primaryimage\"},\"image\":{\"@id\":\"https:\/\/www.salzburgerland.com\/de\/josef-stoitzner-1884-1951\/#primaryimage\"},\"thumbnailUrl\":\"https:\/\/www.salzburgerland.com\/de\/wp-content\/uploads\/2018\/05\/museum-bramberg_stoitzner.jpg\",\"datePublished\":\"2018-05-07T06:24:43+00:00\",\"dateModified\":\"2018-05-07T07:48:51+00:00\",\"description\":\"Der Wiener Josef Stoitzner lernte Bramberg schon in der Jugend kennen: Heute erinnert eine Dauerausstellung im Museum Bramberg an den Maler, der im Pinzgau seine Wahlheimat fand.\",\"inLanguage\":\"de\",\"potentialAction\":[{\"@type\":\"ReadAction\",\"target\":[\"https:\/\/www.salzburgerland.com\/de\/josef-stoitzner-1884-1951\/\"]}]},{\"@type\":\"ImageObject\",\"inLanguage\":\"de\",\"@id\":\"https:\/\/www.salzburgerland.com\/de\/josef-stoitzner-1884-1951\/#primaryimage\",\"url\":\"https:\/\/www.salzburgerland.com\/de\/wp-content\/uploads\/2018\/05\/museum-bramberg_stoitzner.jpg\",\"contentUrl\":\"https:\/\/www.salzburgerland.com\/de\/wp-content\/uploads\/2018\/05\/museum-bramberg_stoitzner.jpg\",\"width\":1920,\"height\":1280,\"caption\":\"Museum Bramberg Stoizner\"},{\"@type\":\"WebSite\",\"@id\":\"https:\/\/www.salzburgerland.com\/de\/#website\",\"url\":\"https:\/\/www.salzburgerland.com\/de\/\",\"name\":\"SalzburgerLand.com\",\"description\":\"Ihr Urlaub in Salzburg, \u00d6sterreich\",\"publisher\":{\"@id\":\"https:\/\/www.salzburgerland.com\/de\/#organization\"},\"potentialAction\":[{\"@type\":\"SearchAction\",\"target\":{\"@type\":\"EntryPoint\",\"urlTemplate\":\"https:\/\/www.salzburgerland.com\/de\/?s={search_term_string}\"},\"query-input\":{\"@type\":\"PropertyValueSpecification\",\"valueRequired\":true,\"valueName\":\"search_term_string\"}}],\"inLanguage\":\"de\"},{\"@type\":\"Organization\",\"@id\":\"https:\/\/www.salzburgerland.com\/de\/#organization\",\"name\":\"SalzburgerLand Tourismus GmbH\",\"url\":\"https:\/\/www.salzburgerland.com\/de\/\",\"logo\":{\"@type\":\"ImageObject\",\"inLanguage\":\"de\",\"@id\":\"https:\/\/www.salzburgerland.com\/de\/#\/schema\/logo\/image\/\",\"url\":\"https:\/\/www.salzburgerland.com\/de\/wp-content\/uploads\/2017\/01\/salzburgerland-logo.jpg\",\"contentUrl\":\"https:\/\/www.salzburgerland.com\/de\/wp-content\/uploads\/2017\/01\/salzburgerland-logo.jpg\",\"width\":1920,\"height\":827,\"caption\":\"SalzburgerLand Tourismus GmbH\"},\"image\":{\"@id\":\"https:\/\/www.salzburgerland.com\/de\/#\/schema\/logo\/image\/\"},\"sameAs\":[\"https:\/\/www.facebook.com\/salzburgerland\/\",\"https:\/\/x.com\/Salzburgerland\",\"https:\/\/www.instagram.com\/salzburgerland\/\",\"http:\/\/dbpedia.org\/resource\/Salzburg_(state)\",\"http:\/\/wikidata.dbpedia.org\/resource\/Q43325\",\"http:\/\/open.salzburgerland.com\/de\/entity\/salzburgerland\",\"https:\/\/www.youtube.com\/user\/salzburgerland\"]}]}<\/script>\n<!-- \/ Yoast SEO Premium plugin. -->","yoast_head_json":{"title":"Josef Stoitzner (1884 \u2013 1951) - Der \u201eAnatom der B\u00e4ume\u201c \u00bb SalzburgerLand.com","description":"Der Wiener Josef Stoitzner lernte Bramberg schon in der Jugend kennen: Heute erinnert eine Dauerausstellung im Museum Bramberg an den Maler, der im Pinzgau seine Wahlheimat fand.","robots":{"index":"index","follow":"follow","max-snippet":"max-snippet:-1","max-image-preview":"max-image-preview:large","max-video-preview":"max-video-preview:-1"},"canonical":"https:\/\/www.salzburgerland.com\/de\/wp-json\/wp\/v2\/entities\/244879","og_locale":"de_DE","og_type":"article","og_title":"Josef Stoitzner (1884 \u2013 1951) - Der \u201eAnatom der B\u00e4ume\u201c","og_description":"Der Wiener Josef Stoitzner lernte Bramberg schon in der Jugend kennen: Heute erinnert eine Dauerausstellung im Museum Bramberg an den Maler, der im Pinzgau seine Wahlheimat fand.","og_url":"https:\/\/www.salzburgerland.com\/de\/wp-json\/wp\/v2\/entities\/244879","og_site_name":"SalzburgerLand.com","article_publisher":"https:\/\/www.facebook.com\/salzburgerland\/","article_modified_time":"2018-05-07T07:48:51+00:00","og_image":[{"width":1200,"height":675,"url":"https:\/\/www.salzburgerland.com\/de\/wp-content\/uploads\/2018\/05\/museum-bramberg_stoitzner-1200x675.jpg","type":"image\/jpeg"}],"twitter_card":"summary_large_image","twitter_site":"@Salzburgerland","twitter_misc":{"Gesch\u00e4tzte Lesezeit":"2\u00a0Minuten"},"schema":{"@context":"https:\/\/schema.org","@graph":[{"@type":"WebPage","@id":"https:\/\/www.salzburgerland.com\/de\/josef-stoitzner-1884-1951\/","url":"https:\/\/www.salzburgerland.com\/de\/josef-stoitzner-1884-1951\/","name":"Josef Stoitzner (1884 \u2013 1951) - Der \u201eAnatom der B\u00e4ume\u201c \u00bb SalzburgerLand.com","isPartOf":{"@id":"https:\/\/www.salzburgerland.com\/de\/#website"},"primaryImageOfPage":{"@id":"https:\/\/www.salzburgerland.com\/de\/josef-stoitzner-1884-1951\/#primaryimage"},"image":{"@id":"https:\/\/www.salzburgerland.com\/de\/josef-stoitzner-1884-1951\/#primaryimage"},"thumbnailUrl":"https:\/\/www.salzburgerland.com\/de\/wp-content\/uploads\/2018\/05\/museum-bramberg_stoitzner.jpg","datePublished":"2018-05-07T06:24:43+00:00","dateModified":"2018-05-07T07:48:51+00:00","description":"Der Wiener Josef Stoitzner lernte Bramberg schon in der Jugend kennen: Heute erinnert eine Dauerausstellung im Museum Bramberg an den Maler, der im Pinzgau seine Wahlheimat fand.","inLanguage":"de","potentialAction":[{"@type":"ReadAction","target":["https:\/\/www.salzburgerland.com\/de\/josef-stoitzner-1884-1951\/"]}]},{"@type":"ImageObject","inLanguage":"de","@id":"https:\/\/www.salzburgerland.com\/de\/josef-stoitzner-1884-1951\/#primaryimage","url":"https:\/\/www.salzburgerland.com\/de\/wp-content\/uploads\/2018\/05\/museum-bramberg_stoitzner.jpg","contentUrl":"https:\/\/www.salzburgerland.com\/de\/wp-content\/uploads\/2018\/05\/museum-bramberg_stoitzner.jpg","width":1920,"height":1280,"caption":"Museum Bramberg Stoizner"},{"@type":"WebSite","@id":"https:\/\/www.salzburgerland.com\/de\/#website","url":"https:\/\/www.salzburgerland.com\/de\/","name":"SalzburgerLand.com","description":"Ihr Urlaub in Salzburg, \u00d6sterreich","publisher":{"@id":"https:\/\/www.salzburgerland.com\/de\/#organization"},"potentialAction":[{"@type":"SearchAction","target":{"@type":"EntryPoint","urlTemplate":"https:\/\/www.salzburgerland.com\/de\/?s={search_term_string}"},"query-input":{"@type":"PropertyValueSpecification","valueRequired":true,"valueName":"search_term_string"}}],"inLanguage":"de"},{"@type":"Organization","@id":"https:\/\/www.salzburgerland.com\/de\/#organization","name":"SalzburgerLand Tourismus GmbH","url":"https:\/\/www.salzburgerland.com\/de\/","logo":{"@type":"ImageObject","inLanguage":"de","@id":"https:\/\/www.salzburgerland.com\/de\/#\/schema\/logo\/image\/","url":"https:\/\/www.salzburgerland.com\/de\/wp-content\/uploads\/2017\/01\/salzburgerland-logo.jpg","contentUrl":"https:\/\/www.salzburgerland.com\/de\/wp-content\/uploads\/2017\/01\/salzburgerland-logo.jpg","width":1920,"height":827,"caption":"SalzburgerLand Tourismus GmbH"},"image":{"@id":"https:\/\/www.salzburgerland.com\/de\/#\/schema\/logo\/image\/"},"sameAs":["https:\/\/www.facebook.com\/salzburgerland\/","https:\/\/x.com\/Salzburgerland","https:\/\/www.instagram.com\/salzburgerland\/","http:\/\/dbpedia.org\/resource\/Salzburg_(state)","http:\/\/wikidata.dbpedia.org\/resource\/Q43325","http:\/\/open.salzburgerland.com\/de\/entity\/salzburgerland","https:\/\/www.youtube.com\/user\/salzburgerland"]}]}},"_wl_alt_label":[],"wl:entity_url":"http:\/\/open.salzburgerland.com\/de\/entity\/josef_stoitzner_1884_-_1951","_links":{"self":[{"href":"https:\/\/www.salzburgerland.com\/de\/wp-json\/wp\/v2\/entities\/244879","targetHints":{"allow":["GET"]}}],"collection":[{"href":"https:\/\/www.salzburgerland.com\/de\/wp-json\/wp\/v2\/entities"}],"about":[{"href":"https:\/\/www.salzburgerland.com\/de\/wp-json\/wp\/v2\/types\/entity"}],"author":[{"embeddable":true,"href":"https:\/\/www.salzburgerland.com\/de\/wp-json\/wp\/v2\/users\/17"}],"replies":[{"embeddable":true,"href":"https:\/\/www.salzburgerland.com\/de\/wp-json\/wp\/v2\/comments?post=244879"}],"version-history":[{"count":0,"href":"https:\/\/www.salzburgerland.com\/de\/wp-json\/wp\/v2\/entities\/244879\/revisions"}],"wp:featuredmedia":[{"embeddable":true,"href":"https:\/\/www.salzburgerland.com\/de\/wp-json\/wp\/v2\/media\/244436"}],"wp:attachment":[{"href":"https:\/\/www.salzburgerland.com\/de\/wp-json\/wp\/v2\/media?parent=244879"}],"wp:term":[{"taxonomy":"category","embeddable":true,"href":"https:\/\/www.salzburgerland.com\/de\/wp-json\/wp\/v2\/categories?post=244879"},{"taxonomy":"post_tag","embeddable":true,"href":"https:\/\/www.salzburgerland.com\/de\/wp-json\/wp\/v2\/tags?post=244879"},{"taxonomy":"wl_entity_type","embeddable":true,"href":"https:\/\/www.salzburgerland.com\/de\/wp-json\/wp\/v2\/wl_entity_type?post=244879"},{"taxonomy":"ski_resorts","embeddable":true,"href":"https:\/\/www.salzburgerland.com\/de\/wp-json\/wp\/v2\/ski_resorts?post=244879"}],"curies":[{"name":"wp","href":"https:\/\/api.w.org\/{rel}","templated":true}]}}