{"id":238083,"date":"2018-04-09T10:54:51","date_gmt":"2018-04-09T08:54:51","guid":{"rendered":"https:\/\/www.salzburgerland.com\/de\/?post_type=entity&#038;p=238083"},"modified":"2025-04-30T08:33:41","modified_gmt":"2025-04-30T06:33:41","slug":"almenwelt-lofer","status":"publish","type":"entity","link":"https:\/\/www.salzburgerland.com\/de\/almenwelt-lofer\/","title":{"rendered":"Almenwelt Lofer"},"content":{"rendered":"<p>Mit den Almbahnen I und II \u2013 geht\u2019s mit einem H\u00f6henunterschied von 720 m direkt in die Almenwelt Lofer (von 630 auf 1350). In \u00d6sterreichs sch\u00f6nster Wanderalm mit all ihren M\u00f6glichkeiten gibt\u2019s 7 Rundwanderwege mit 4 herrlichen Aussichtsgipfeln. Der Alm-Erlebnisspielplatz ist ein beliebter Tummelplatz f\u00fcr Kids. Wer die Sch\u00f6nheit und die Kraft des Wassers hautnah erleben m\u00f6chte, findet am \u201eWasserfallweg\u201c beeindruckende Wasserkaskaden und mit glasklarem Wasser gef\u00fcllte Fels-Gumpen. Weitere Highlights sind das Top-Wanderziel \u201eDer rote Marmorsee\u201c, der Wichtel-Rundwanderweg, der Almsee oder die Veranstaltungen rund um die \u201eMusikalische Almenwelt Lofer\u201c \u2013 jeden letzten Sonntag im Monat von Juni bis <span data-contrast=\"auto\" xml:lang=\"DE-AT\" lang=\"DE-AT\" class=\"TextRun Highlight SCXW103085886 BCX0\"><span class=\"NormalTextRun SCXW103085886 BCX0\">September, sowie das <\/span><span class=\"NormalTextRun SpellingErrorV2Themed SCXW103085886 BCX0\">Weisenbl\u00e4sertreffen<\/span><span class=\"NormalTextRun SCXW103085886 BCX0\"> am 22. Juni<\/span><\/span><span class=\"EOP SCXW103085886 BCX0\" data-ccp-props=\"{}\"> 2025.<\/span><\/p>\n\n\t\t\t<div id=\"238083-1\" class=\"gallery gallery-238083 gallery-columns-3 gallery-size-1170_658\" itemscope itemtype=\"http:\/\/schema.org\/ImageGallery\">\n\t\t\t\t<ul class=\"gallery-row gallery-col-3 gallery-clear\">\n\t\t\t\t\t<li class=\"gallery-item col-3\" itemprop=\"associatedMedia\" itemscope itemtype=\"http:\/\/schema.org\/ImageObject\">\n\t\t\t\t\t\t<div class=\"gallery-icon landscape\"><a href=\"https:\/\/www.salzburgerland.com\/de\/wp-content\/uploads\/2018\/04\/lofer-almenwelt-lofer-almbahn-i-gondel-sommer-19--salzburger-saalachtal-tourismus-urheber-danzer-edith-1598x1067.jpg\" title=\"Lofer Almenwelt Lofer Almbahn I Gondel Sommer 19 @ Salzburger Saalachtal Tourismus, Urheber Danzer Edith\"><img decoding=\"async\" data-title=\"Almenwelt Lofer \u00a9 Salzburger Saalachtal, Edith Danzer\" title=\"Almenwelt Lofer \u00a9 Salzburger Saalachtal, Edith Danzer\" data-caption=\"Almenwelt Lofer \u00a9 Salzburger Saalachtal, Edith Danzer\" width=\"1170\" height=\"658\" src=\"https:\/\/www.salzburgerland.com\/de\/wp-content\/uploads\/2018\/04\/lofer-almenwelt-lofer-almbahn-i-gondel-sommer-19--salzburger-saalachtal-tourismus-urheber-danzer-edith-1170x658.jpg\" class=\"attachment-1170_658 size-1170_658\" alt=\"Eine Familie mit drei Kindern besteigt an einem sonnigen Tag eine Seilbahn an einer Bergstation. (vergr\u00f6\u00dferte Ansicht)\" srcset=\"https:\/\/www.salzburgerland.com\/de\/wp-content\/uploads\/2018\/04\/lofer-almenwelt-lofer-almbahn-i-gondel-sommer-19--salzburger-saalachtal-tourismus-urheber-danzer-edith-1170x658.jpg 1170w, https:\/\/www.salzburgerland.com\/de\/wp-content\/uploads\/2018\/04\/lofer-almenwelt-lofer-almbahn-i-gondel-sommer-19--salzburger-saalachtal-tourismus-urheber-danzer-edith-1200x675.jpg 1200w\" sizes=\"(max-width: 1170px) 100vw, 1170px\" aria-describedby=\"figcaption-238083-670870\" itemprop=\"thumbnail\"><\/a><\/div>\n\t\t\t\t\t\t<span id=\"figcaption-238083-670870\" class=\"gallery-caption\" itemprop=\"caption\"><span aria-hidden=\"true\">Almenwelt Lofer \u00a9 Salzburger Saalachtal, Edith Danzer<\/span><\/span>\n\t\t\t\t\t<\/li>\n\t\t\t\t\t<li class=\"gallery-item col-3\" itemprop=\"associatedMedia\" itemscope itemtype=\"http:\/\/schema.org\/ImageObject\">\n\t\t\t\t\t\t<div class=\"gallery-icon landscape\"><a href=\"https:\/\/www.salzburgerland.com\/de\/wp-content\/uploads\/2018\/04\/lofer-almenwelt-lofer-roter-marmorsee-c-salzburger-saalachtal-tourismus-1423x1067.jpg\" title=\"Lofer Almenwelt Lofer Roter Marmorsee (c) Salzburger Saalachtal Tourismus\"><img decoding=\"async\" data-title=\"Almenwelt Lofer, roter Marmorsee \u00a9 Salzburger Saalachtal\" title=\"Almenwelt Lofer, roter Marmorsee \u00a9 Salzburger Saalachtal\" data-caption=\"Almenwelt Lofer, roter Marmorsee \u00a9 Salzburger Saalachtal\" width=\"1170\" height=\"658\" src=\"https:\/\/www.salzburgerland.com\/de\/wp-content\/uploads\/2018\/04\/lofer-almenwelt-lofer-roter-marmorsee-c-salzburger-saalachtal-tourismus-1170x658.jpg\" class=\"attachment-1170_658 size-1170_658\" alt=\"In einem ruhigen See spiegeln sich B\u00e4ume, H\u00fcgel und Wolken unter einem strahlend blauen Himmel. (vergr\u00f6\u00dferte Ansicht)\" srcset=\"https:\/\/www.salzburgerland.com\/de\/wp-content\/uploads\/2018\/04\/lofer-almenwelt-lofer-roter-marmorsee-c-salzburger-saalachtal-tourismus-1170x658.jpg 1170w, https:\/\/www.salzburgerland.com\/de\/wp-content\/uploads\/2018\/04\/lofer-almenwelt-lofer-roter-marmorsee-c-salzburger-saalachtal-tourismus-1200x675.jpg 1200w\" sizes=\"(max-width: 1170px) 100vw, 1170px\" aria-describedby=\"figcaption-238083-670872\" itemprop=\"thumbnail\"><\/a><\/div>\n\t\t\t\t\t\t<span id=\"figcaption-238083-670872\" class=\"gallery-caption\" itemprop=\"caption\"><span aria-hidden=\"true\">Almenwelt Lofer, roter Marmorsee \u00a9 Salzburger Saalachtal<\/span><\/span>\n\t\t\t\t\t<\/li>\n\t\t\t\t\t<li class=\"gallery-item col-3\" itemprop=\"associatedMedia\" itemscope itemtype=\"http:\/\/schema.org\/ImageObject\">\n\t\t\t\t\t\t<div class=\"gallery-icon landscape\"><a href=\"https:\/\/www.salzburgerland.com\/de\/wp-content\/uploads\/2018\/04\/lofer-almenwelt-lofer-grubhoerndl-familie-wandern-sommer-6-c-salzburger-saalachtal-tourismus-urheber-eduardo-gellner-1601x1067.jpg\" title=\"Lofer Almenwelt Lofer Grubh\u00f6rndl Familie Wandern Sommer 6 (c) Salzburger Saalachtal Tourismus, Urheber Eduardo Gellner\"><img decoding=\"async\" data-title=\"Almenwelt Lofer \u00a9 Salzburger Saalachtal, Eduardo Gellner\" title=\"Almenwelt Lofer \u00a9 Salzburger Saalachtal, Eduardo Gellner\" data-caption=\"Almenwelt Lofer \u00a9 Salzburger Saalachtal, Eduardo Gellner\" width=\"1170\" height=\"658\" src=\"https:\/\/www.salzburgerland.com\/de\/wp-content\/uploads\/2018\/04\/lofer-almenwelt-lofer-grubhoerndl-familie-wandern-sommer-6-c-salzburger-saalachtal-tourismus-urheber-eduardo-gellner-1170x658.jpg\" class=\"attachment-1170_658 size-1170_658\" alt=\"Eine Familie wandert auf einem Bergpfad mit verschneiten Gipfeln und Kiefern im Hintergrund. (vergr\u00f6\u00dferte Ansicht)\" srcset=\"https:\/\/www.salzburgerland.com\/de\/wp-content\/uploads\/2018\/04\/lofer-almenwelt-lofer-grubhoerndl-familie-wandern-sommer-6-c-salzburger-saalachtal-tourismus-urheber-eduardo-gellner-1170x658.jpg 1170w, https:\/\/www.salzburgerland.com\/de\/wp-content\/uploads\/2018\/04\/lofer-almenwelt-lofer-grubhoerndl-familie-wandern-sommer-6-c-salzburger-saalachtal-tourismus-urheber-eduardo-gellner-1200x675.jpg 1200w\" sizes=\"(max-width: 1170px) 100vw, 1170px\" aria-describedby=\"figcaption-238083-670871\" itemprop=\"thumbnail\"><\/a><\/div>\n\t\t\t\t\t\t<span id=\"figcaption-238083-670871\" class=\"gallery-caption\" itemprop=\"caption\"><span aria-hidden=\"true\">Almenwelt Lofer \u00a9 Salzburger Saalachtal, Eduardo Gellner<\/span><\/span>\n\t\t\t\t\t<\/li>\n\t\t\t\t<\/ul>\n\t\t\t<\/div><!-- .gallery -->\n\n<p class=\"x_MsoNormal\">Genie\u00dft am Aussichtsturm Schwarzeck einen wunderbaren Panoramarundblick in die umliegende Bergwelt. Kids k\u00f6nnen bei der spannenden LOFI Schatzsuche J\u00e4ger des goldenen oder silbernen Schatzes werden.<\/p>\n<p>Aber auch Mountainbiker n\u00fctzen die Almbahn I und II als Aufstiegshilfe und finden Anschluss-Touren nach Waidring\/Steinplatte, die Winklmoosalm und ins Unkener Heutal (<span class=\"NormalTextRun SCXW41394656 BCX0\">E-Bike Transport nur <\/span><span class=\"NormalTextRun SpellingErrorV2Themed SCXW41394656 BCX0\">Almbahn I).<\/span><span class=\"NormalTextRun SCXW41394656 BCX0\"><\/span><\/p>\n\n\t\t\t<div id=\"238083-2\" class=\"gallery gallery-238083 gallery-columns-3 gallery-size-1170_658\" itemscope itemtype=\"http:\/\/schema.org\/ImageGallery\">\n\t\t\t\t<ul class=\"gallery-row gallery-col-3 gallery-clear\">\n\t\t\t\t\t<li class=\"gallery-item col-3\" itemprop=\"associatedMedia\" itemscope itemtype=\"http:\/\/schema.org\/ImageObject\">\n\t\t\t\t\t\t<div class=\"gallery-icon landscape\"><a href=\"https:\/\/www.salzburgerland.com\/de\/wp-content\/uploads\/2018\/04\/dsc_1326-1601x1067.jpg\" title=\"DSC_1326\"><img decoding=\"async\" data-title=\"\u00a9 Salzburger Saalachtal\" title=\"\u00a9 Salzburger Saalachtal\" data-caption=\"\u00a9 Salzburger Saalachtal\" width=\"1170\" height=\"658\" src=\"https:\/\/www.salzburgerland.com\/de\/wp-content\/uploads\/2018\/04\/dsc_1326-1170x658.jpg\" class=\"attachment-1170_658 size-1170_658\" alt=\"Zwei Personen fahren mit dem Fahrrad auf einem gepflasterten Weg durch eine gr\u00fcne, h\u00fcgelige Landschaft mit Geb\u00e4uden im Hintergrund. (vergr\u00f6\u00dferte Ansicht)\" srcset=\"https:\/\/www.salzburgerland.com\/de\/wp-content\/uploads\/2018\/04\/dsc_1326-1170x658.jpg 1170w, https:\/\/www.salzburgerland.com\/de\/wp-content\/uploads\/2018\/04\/dsc_1326-1200x675.jpg 1200w\" sizes=\"(max-width: 1170px) 100vw, 1170px\" aria-describedby=\"figcaption-238083-670873\" itemprop=\"thumbnail\"><\/a><\/div>\n\t\t\t\t\t\t<span id=\"figcaption-238083-670873\" class=\"gallery-caption\" itemprop=\"caption\"><span aria-hidden=\"true\">\u00a9 Salzburger Saalachtal<\/span><\/span>\n\t\t\t\t\t<\/li>\n\t\t\t\t\t<li class=\"gallery-item col-3\" itemprop=\"associatedMedia\" itemscope itemtype=\"http:\/\/schema.org\/ImageObject\">\n\t\t\t\t\t\t<div class=\"gallery-icon landscape\"><a href=\"https:\/\/www.salzburgerland.com\/de\/wp-content\/uploads\/2018\/04\/lofer-almenwelt-lofer-wasserfallweg-wandern-am-wasser-sommer--salzburger-saalachtal-tourismus-urheber-katrin-kerschbaumer-10-1599x1067.jpg\" title=\"Lofer Almenwelt Lofer Wasserfallweg Wandern am Wasser Sommer \u00a9 Salzburger Saalachtal Tourismus Urheber Katrin Kerschbaumer (10)\"><img decoding=\"async\" data-title=\"Almenwelt Lofer \u00a9 Salzburger Saalachtal, Karin Kerschbaumer\" title=\"Almenwelt Lofer \u00a9 Salzburger Saalachtal, Karin Kerschbaumer\" data-caption=\"Almenwelt Lofer \u00a9 Salzburger Saalachtal, Karin Kerschbaumer\" width=\"1170\" height=\"658\" src=\"https:\/\/www.salzburgerland.com\/de\/wp-content\/uploads\/2018\/04\/lofer-almenwelt-lofer-wasserfallweg-wandern-am-wasser-sommer--salzburger-saalachtal-tourismus-urheber-katrin-kerschbaumer-10-1170x658.jpg\" class=\"attachment-1170_658 size-1170_658\" alt=\"Drei Kinder und ein Erwachsener wandern hinter einem Wasserfall auf einem felsigen Pfad, w\u00e4hrend das Sonnenlicht durch das Wasser scheint. (vergr\u00f6\u00dferte Ansicht)\" srcset=\"https:\/\/www.salzburgerland.com\/de\/wp-content\/uploads\/2018\/04\/lofer-almenwelt-lofer-wasserfallweg-wandern-am-wasser-sommer--salzburger-saalachtal-tourismus-urheber-katrin-kerschbaumer-10-1170x658.jpg 1170w, https:\/\/www.salzburgerland.com\/de\/wp-content\/uploads\/2018\/04\/lofer-almenwelt-lofer-wasserfallweg-wandern-am-wasser-sommer--salzburger-saalachtal-tourismus-urheber-katrin-kerschbaumer-10-1200x675.jpg 1200w\" sizes=\"(max-width: 1170px) 100vw, 1170px\" aria-describedby=\"figcaption-238083-670874\" itemprop=\"thumbnail\"><\/a><\/div>\n\t\t\t\t\t\t<span id=\"figcaption-238083-670874\" class=\"gallery-caption\" itemprop=\"caption\"><span aria-hidden=\"true\">Almenwelt Lofer \u00a9 Salzburger Saalachtal, Karin Kerschbaumer<\/span><\/span>\n\t\t\t\t\t<\/li>\n\t\t\t\t\t<li class=\"gallery-item col-3\" itemprop=\"associatedMedia\" itemscope itemtype=\"http:\/\/schema.org\/ImageObject\">\n\t\t\t\t\t\t<div class=\"gallery-icon landscape\"><a href=\"https:\/\/www.salzburgerland.com\/de\/wp-content\/uploads\/2018\/04\/lofer-almenwelt-lofer-wichtelweg-sommer-18--salzburger-saalachtal-tourismus-urheber-danzer-edith-1599x1067.jpg\" title=\"Lofer Almenwelt Lofer Wichtelweg Sommer 18 @ Salzburger Saalachtal Tourismus, Urheber Danzer Edith\"><img decoding=\"async\" data-title=\"Almenwelt Lofer \u00a9 Salzburger Saalachtal, Edith Danzer\" title=\"Almenwelt Lofer \u00a9 Salzburger Saalachtal, Edith Danzer\" data-caption=\"Almenwelt Lofer \u00a9 Salzburger Saalachtal, Edith Danzer\" width=\"1170\" height=\"658\" src=\"https:\/\/www.salzburgerland.com\/de\/wp-content\/uploads\/2018\/04\/lofer-almenwelt-lofer-wichtelweg-sommer-18--salzburger-saalachtal-tourismus-urheber-danzer-edith-1170x658.jpg\" class=\"attachment-1170_658 size-1170_658\" alt=\"Eine Familie interagiert mit einer Gnomenfigur auf einem Waldweg, umgeben von B\u00e4umen und Sonnenlicht. (vergr\u00f6\u00dferte Ansicht)\" srcset=\"https:\/\/www.salzburgerland.com\/de\/wp-content\/uploads\/2018\/04\/lofer-almenwelt-lofer-wichtelweg-sommer-18--salzburger-saalachtal-tourismus-urheber-danzer-edith-1170x658.jpg 1170w, https:\/\/www.salzburgerland.com\/de\/wp-content\/uploads\/2018\/04\/lofer-almenwelt-lofer-wichtelweg-sommer-18--salzburger-saalachtal-tourismus-urheber-danzer-edith-1200x675.jpg 1200w\" sizes=\"(max-width: 1170px) 100vw, 1170px\" aria-describedby=\"figcaption-238083-670875\" itemprop=\"thumbnail\"><\/a><\/div>\n\t\t\t\t\t\t<span id=\"figcaption-238083-670875\" class=\"gallery-caption\" itemprop=\"caption\"><span aria-hidden=\"true\">Almenwelt Lofer \u00a9 Salzburger Saalachtal, Edith Danzer<\/span><\/span>\n\t\t\t\t\t<\/li>\n\t\t\t\t<\/ul>\n\t\t\t<\/div><!-- .gallery -->\n\n<p><strong> Tipp:<\/strong> Einer der sch\u00f6nsten Pl\u00e4tze, um den Sonnenuntergang zu genie\u00dfen, ist der Rote Marmorsee am Sch\u00f6nb\u00fchel. Auf ca. 1.600 Metern gelegen, ist dieser Logenplatz leicht \u00fcber den M\u00e4rchenwanderweg Nr. 4 erreichbar.<\/p>\n<div id=\"attachment_670876\" style=\"width: 1034px\" class=\"wp-caption alignleft\"><img decoding=\"async\" aria-describedby=\"caption-attachment-670876\" class=\"size-medium wp-image-670876\" src=\"https:\/\/www.salzburgerland.com\/de\/wp-content\/uploads\/2018\/04\/musikalischer-almsommer-3--almenwelt-lofer-1024x569.jpg\" alt=\"\" width=\"1024\" height=\"569\" srcset=\"https:\/\/www.salzburgerland.com\/de\/wp-content\/uploads\/2018\/04\/musikalischer-almsommer-3--almenwelt-lofer-1024x569.jpg 1024w, https:\/\/www.salzburgerland.com\/de\/wp-content\/uploads\/2018\/04\/musikalischer-almsommer-3--almenwelt-lofer-370x206.jpg 370w, https:\/\/www.salzburgerland.com\/de\/wp-content\/uploads\/2018\/04\/musikalischer-almsommer-3--almenwelt-lofer-270x150.jpg 270w, https:\/\/www.salzburgerland.com\/de\/wp-content\/uploads\/2018\/04\/musikalischer-almsommer-3--almenwelt-lofer-540x300.jpg 540w\" sizes=\"(max-width: 1024px) 100vw, 1024px\"><p id=\"caption-attachment-670876\" class=\"wp-caption-text\">Musikalischer Almsommer-3 \u00a9 Almenwelt Lofer<\/p><\/div>\n","protected":false},"excerpt":{"rendered":"<p>Mit den Almbahnen I und II \u2013 geht\u2019s mit einem H\u00f6henunterschied von 720 m direkt in die Almenwelt Lofer (von 630 auf 1350). In \u00d6sterreichs sch\u00f6nster Wanderalm mit all ihren M\u00f6glichkeiten gibt\u2019s 7 Rundwanderwege mit 4 herrlichen Aussichtsgipfeln. Der Alm-Erlebnisspielplatz ist ein beliebter Tummelplatz f\u00fcr Kids. Wer die Sch\u00f6nheit und die Kraft des Wassers hautnah [&hellip;]<\/p>\n","protected":false},"author":20,"featured_media":670549,"comment_status":"closed","ping_status":"closed","template":"","meta":{"_acf_changed":false,"wl_entities_gutenberg":"","_relevanssi_hide_post":"","_relevanssi_hide_content":"","_relevanssi_pin_for_all":"","_relevanssi_pin_keywords":"","_relevanssi_unpin_keywords":"","_relevanssi_related_keywords":"","_relevanssi_related_include_ids":"","_relevanssi_related_exclude_ids":"","_relevanssi_related_no_append":"","_relevanssi_related_not_related":"","_relevanssi_related_posts":"","_relevanssi_noindex_reason":"","footnotes":""},"categories":[],"tags":[6284],"wl_entity_type":[5],"ski_resorts":[],"class_list":["post-238083","entity","type-entity","status-publish","has-post-thumbnail","hentry","tag-sommer-bergbahn","wl_entity_type-organization","sitetype-default"],"acf":[],"yoast_head":"<!-- This site is optimized with the Yoast SEO Premium plugin v26.9 (Yoast SEO v26.9) - https:\/\/yoast.com\/product\/yoast-seo-premium-wordpress\/ -->\n<title>Almenwelt Lofer \u00bb SalzburgerLand.com<\/title>\n<meta name=\"robots\" content=\"index, follow, max-snippet:-1, max-image-preview:large, max-video-preview:-1\" \/>\n<link rel=\"canonical\" href=\"https:\/\/www.salzburgerland.com\/de\/wp-json\/wp\/v2\/entities\/238083\" \/>\n<meta property=\"og:locale\" content=\"de_DE\" \/>\n<meta property=\"og:type\" content=\"article\" \/>\n<meta property=\"og:title\" content=\"Almenwelt Lofer\" \/>\n<meta property=\"og:description\" content=\"Die Almenwelt Lofer ist ein Paradies f\u00fcr Familien, Sportler, Ruhesuchende, Wanderer und Biker.\" \/>\n<meta property=\"og:url\" content=\"https:\/\/www.salzburgerland.com\/de\/wp-json\/wp\/v2\/entities\/238083\" \/>\n<meta property=\"og:site_name\" content=\"SalzburgerLand.com\" \/>\n<meta property=\"article:publisher\" content=\"https:\/\/www.facebook.com\/salzburgerland\/\" \/>\n<meta property=\"article:modified_time\" content=\"2025-04-30T06:33:41+00:00\" \/>\n<meta property=\"og:image\" content=\"https:\/\/www.salzburgerland.com\/de\/wp-content\/uploads\/2018\/04\/abendstimmung-ii-1200x675.jpg\" \/>\n\t<meta property=\"og:image:width\" content=\"1200\" \/>\n\t<meta property=\"og:image:height\" content=\"675\" \/>\n\t<meta property=\"og:image:type\" content=\"image\/jpeg\" \/>\n<meta name=\"twitter:card\" content=\"summary_large_image\" \/>\n<meta name=\"twitter:site\" content=\"@Salzburgerland\" \/>\n<meta name=\"twitter:label1\" content=\"Gesch\u00e4tzte Lesezeit\" \/>\n\t<meta name=\"twitter:data1\" content=\"2\u00a0Minuten\" \/>\n<script type=\"application\/ld+json\" class=\"yoast-schema-graph\">{\"@context\":\"https:\/\/schema.org\",\"@graph\":[{\"@type\":\"WebPage\",\"@id\":\"https:\/\/www.salzburgerland.com\/de\/almenwelt-lofer\/\",\"url\":\"https:\/\/www.salzburgerland.com\/de\/almenwelt-lofer\/\",\"name\":\"Almenwelt Lofer \u00bb SalzburgerLand.com\",\"isPartOf\":{\"@id\":\"https:\/\/www.salzburgerland.com\/de\/#website\"},\"primaryImageOfPage\":{\"@id\":\"https:\/\/www.salzburgerland.com\/de\/almenwelt-lofer\/#primaryimage\"},\"image\":{\"@id\":\"https:\/\/www.salzburgerland.com\/de\/almenwelt-lofer\/#primaryimage\"},\"thumbnailUrl\":\"https:\/\/www.salzburgerland.com\/de\/wp-content\/uploads\/2018\/04\/abendstimmung-ii.jpg\",\"datePublished\":\"2018-04-09T08:54:51+00:00\",\"dateModified\":\"2025-04-30T06:33:41+00:00\",\"description\":\"Die Almenwelt Lofer ist ein Paradies f\u00fcr Familien, Sportler, Ruhesuchende, Wanderer und Biker.\",\"inLanguage\":\"de\",\"potentialAction\":[{\"@type\":\"ReadAction\",\"target\":[\"https:\/\/www.salzburgerland.com\/de\/almenwelt-lofer\/\"]}]},{\"@type\":\"ImageObject\",\"inLanguage\":\"de\",\"@id\":\"https:\/\/www.salzburgerland.com\/de\/almenwelt-lofer\/#primaryimage\",\"url\":\"https:\/\/www.salzburgerland.com\/de\/wp-content\/uploads\/2018\/04\/abendstimmung-ii.jpg\",\"contentUrl\":\"https:\/\/www.salzburgerland.com\/de\/wp-content\/uploads\/2018\/04\/abendstimmung-ii.jpg\",\"width\":1440,\"height\":1080,\"caption\":\"Almenwelt Lofer - Abendstimmung\"},{\"@type\":\"WebSite\",\"@id\":\"https:\/\/www.salzburgerland.com\/de\/#website\",\"url\":\"https:\/\/www.salzburgerland.com\/de\/\",\"name\":\"SalzburgerLand.com\",\"description\":\"Ihr Urlaub in Salzburg, \u00d6sterreich\",\"publisher\":{\"@id\":\"https:\/\/www.salzburgerland.com\/de\/#organization\"},\"potentialAction\":[{\"@type\":\"SearchAction\",\"target\":{\"@type\":\"EntryPoint\",\"urlTemplate\":\"https:\/\/www.salzburgerland.com\/de\/?s={search_term_string}\"},\"query-input\":{\"@type\":\"PropertyValueSpecification\",\"valueRequired\":true,\"valueName\":\"search_term_string\"}}],\"inLanguage\":\"de\"},{\"@type\":\"Organization\",\"@id\":\"https:\/\/www.salzburgerland.com\/de\/#organization\",\"name\":\"SalzburgerLand Tourismus GmbH\",\"url\":\"https:\/\/www.salzburgerland.com\/de\/\",\"logo\":{\"@type\":\"ImageObject\",\"inLanguage\":\"de\",\"@id\":\"https:\/\/www.salzburgerland.com\/de\/#\/schema\/logo\/image\/\",\"url\":\"https:\/\/www.salzburgerland.com\/de\/wp-content\/uploads\/2017\/01\/salzburgerland-logo.jpg\",\"contentUrl\":\"https:\/\/www.salzburgerland.com\/de\/wp-content\/uploads\/2017\/01\/salzburgerland-logo.jpg\",\"width\":1920,\"height\":827,\"caption\":\"SalzburgerLand Tourismus GmbH\"},\"image\":{\"@id\":\"https:\/\/www.salzburgerland.com\/de\/#\/schema\/logo\/image\/\"},\"sameAs\":[\"https:\/\/www.facebook.com\/salzburgerland\/\",\"https:\/\/x.com\/Salzburgerland\",\"https:\/\/www.instagram.com\/salzburgerland\/\",\"http:\/\/dbpedia.org\/resource\/Salzburg_(state)\",\"http:\/\/wikidata.dbpedia.org\/resource\/Q43325\",\"http:\/\/open.salzburgerland.com\/de\/entity\/salzburgerland\",\"https:\/\/www.youtube.com\/user\/salzburgerland\"]}]}<\/script>\n<!-- \/ Yoast SEO Premium plugin. -->","yoast_head_json":{"title":"Almenwelt Lofer \u00bb SalzburgerLand.com","robots":{"index":"index","follow":"follow","max-snippet":"max-snippet:-1","max-image-preview":"max-image-preview:large","max-video-preview":"max-video-preview:-1"},"canonical":"https:\/\/www.salzburgerland.com\/de\/wp-json\/wp\/v2\/entities\/238083","og_locale":"de_DE","og_type":"article","og_title":"Almenwelt Lofer","og_description":"Die Almenwelt Lofer ist ein Paradies f\u00fcr Familien, Sportler, Ruhesuchende, Wanderer und Biker.","og_url":"https:\/\/www.salzburgerland.com\/de\/wp-json\/wp\/v2\/entities\/238083","og_site_name":"SalzburgerLand.com","article_publisher":"https:\/\/www.facebook.com\/salzburgerland\/","article_modified_time":"2025-04-30T06:33:41+00:00","og_image":[{"width":1200,"height":675,"url":"https:\/\/www.salzburgerland.com\/de\/wp-content\/uploads\/2018\/04\/abendstimmung-ii-1200x675.jpg","type":"image\/jpeg"}],"twitter_card":"summary_large_image","twitter_site":"@Salzburgerland","twitter_misc":{"Gesch\u00e4tzte Lesezeit":"2\u00a0Minuten"},"schema":{"@context":"https:\/\/schema.org","@graph":[{"@type":"WebPage","@id":"https:\/\/www.salzburgerland.com\/de\/almenwelt-lofer\/","url":"https:\/\/www.salzburgerland.com\/de\/almenwelt-lofer\/","name":"Almenwelt Lofer \u00bb SalzburgerLand.com","isPartOf":{"@id":"https:\/\/www.salzburgerland.com\/de\/#website"},"primaryImageOfPage":{"@id":"https:\/\/www.salzburgerland.com\/de\/almenwelt-lofer\/#primaryimage"},"image":{"@id":"https:\/\/www.salzburgerland.com\/de\/almenwelt-lofer\/#primaryimage"},"thumbnailUrl":"https:\/\/www.salzburgerland.com\/de\/wp-content\/uploads\/2018\/04\/abendstimmung-ii.jpg","datePublished":"2018-04-09T08:54:51+00:00","dateModified":"2025-04-30T06:33:41+00:00","description":"Die Almenwelt Lofer ist ein Paradies f\u00fcr Familien, Sportler, Ruhesuchende, Wanderer und Biker.","inLanguage":"de","potentialAction":[{"@type":"ReadAction","target":["https:\/\/www.salzburgerland.com\/de\/almenwelt-lofer\/"]}]},{"@type":"ImageObject","inLanguage":"de","@id":"https:\/\/www.salzburgerland.com\/de\/almenwelt-lofer\/#primaryimage","url":"https:\/\/www.salzburgerland.com\/de\/wp-content\/uploads\/2018\/04\/abendstimmung-ii.jpg","contentUrl":"https:\/\/www.salzburgerland.com\/de\/wp-content\/uploads\/2018\/04\/abendstimmung-ii.jpg","width":1440,"height":1080,"caption":"Almenwelt Lofer - Abendstimmung"},{"@type":"WebSite","@id":"https:\/\/www.salzburgerland.com\/de\/#website","url":"https:\/\/www.salzburgerland.com\/de\/","name":"SalzburgerLand.com","description":"Ihr Urlaub in Salzburg, \u00d6sterreich","publisher":{"@id":"https:\/\/www.salzburgerland.com\/de\/#organization"},"potentialAction":[{"@type":"SearchAction","target":{"@type":"EntryPoint","urlTemplate":"https:\/\/www.salzburgerland.com\/de\/?s={search_term_string}"},"query-input":{"@type":"PropertyValueSpecification","valueRequired":true,"valueName":"search_term_string"}}],"inLanguage":"de"},{"@type":"Organization","@id":"https:\/\/www.salzburgerland.com\/de\/#organization","name":"SalzburgerLand Tourismus GmbH","url":"https:\/\/www.salzburgerland.com\/de\/","logo":{"@type":"ImageObject","inLanguage":"de","@id":"https:\/\/www.salzburgerland.com\/de\/#\/schema\/logo\/image\/","url":"https:\/\/www.salzburgerland.com\/de\/wp-content\/uploads\/2017\/01\/salzburgerland-logo.jpg","contentUrl":"https:\/\/www.salzburgerland.com\/de\/wp-content\/uploads\/2017\/01\/salzburgerland-logo.jpg","width":1920,"height":827,"caption":"SalzburgerLand Tourismus GmbH"},"image":{"@id":"https:\/\/www.salzburgerland.com\/de\/#\/schema\/logo\/image\/"},"sameAs":["https:\/\/www.facebook.com\/salzburgerland\/","https:\/\/x.com\/Salzburgerland","https:\/\/www.instagram.com\/salzburgerland\/","http:\/\/dbpedia.org\/resource\/Salzburg_(state)","http:\/\/wikidata.dbpedia.org\/resource\/Q43325","http:\/\/open.salzburgerland.com\/de\/entity\/salzburgerland","https:\/\/www.youtube.com\/user\/salzburgerland"]}]}},"_wl_alt_label":[],"wl:entity_url":"http:\/\/open.salzburgerland.com\/de\/entity\/almenwelt_lofer","_links":{"self":[{"href":"https:\/\/www.salzburgerland.com\/de\/wp-json\/wp\/v2\/entities\/238083","targetHints":{"allow":["GET"]}}],"collection":[{"href":"https:\/\/www.salzburgerland.com\/de\/wp-json\/wp\/v2\/entities"}],"about":[{"href":"https:\/\/www.salzburgerland.com\/de\/wp-json\/wp\/v2\/types\/entity"}],"author":[{"embeddable":true,"href":"https:\/\/www.salzburgerland.com\/de\/wp-json\/wp\/v2\/users\/20"}],"replies":[{"embeddable":true,"href":"https:\/\/www.salzburgerland.com\/de\/wp-json\/wp\/v2\/comments?post=238083"}],"version-history":[{"count":6,"href":"https:\/\/www.salzburgerland.com\/de\/wp-json\/wp\/v2\/entities\/238083\/revisions"}],"predecessor-version":[{"id":677308,"href":"https:\/\/www.salzburgerland.com\/de\/wp-json\/wp\/v2\/entities\/238083\/revisions\/677308"}],"wp:featuredmedia":[{"embeddable":true,"href":"https:\/\/www.salzburgerland.com\/de\/wp-json\/wp\/v2\/media\/670549"}],"wp:attachment":[{"href":"https:\/\/www.salzburgerland.com\/de\/wp-json\/wp\/v2\/media?parent=238083"}],"wp:term":[{"taxonomy":"category","embeddable":true,"href":"https:\/\/www.salzburgerland.com\/de\/wp-json\/wp\/v2\/categories?post=238083"},{"taxonomy":"post_tag","embeddable":true,"href":"https:\/\/www.salzburgerland.com\/de\/wp-json\/wp\/v2\/tags?post=238083"},{"taxonomy":"wl_entity_type","embeddable":true,"href":"https:\/\/www.salzburgerland.com\/de\/wp-json\/wp\/v2\/wl_entity_type?post=238083"},{"taxonomy":"ski_resorts","embeddable":true,"href":"https:\/\/www.salzburgerland.com\/de\/wp-json\/wp\/v2\/ski_resorts?post=238083"}],"curies":[{"name":"wp","href":"https:\/\/api.w.org\/{rel}","templated":true}]}}