{"id":155523,"date":"2017-06-07T15:09:05","date_gmt":"2017-06-07T13:09:05","guid":{"rendered":"https:\/\/www.salzburgerland.com\/de\/?post_type=entity&#038;p=155523"},"modified":"2021-02-10T17:11:51","modified_gmt":"2021-02-10T16:11:51","slug":"fraeulein-floras-favourite-hangouts","status":"publish","type":"entity","link":"https:\/\/www.salzburgerland.com\/de\/fraeulein-floras-favourite-hangouts\/","title":{"rendered":"Fr\u00e4ulein Floras Favourite Hangouts"},"content":{"rendered":"<h2>Lebenswertes SalzburgerLand<\/h2>\n<p>Eva-Krallinger Gruber\u00a0ist eine richtige Ex-Exil-Salzburgerin. Nach l\u00e4ngeren Auslandsaufenthalten in Frankreich, USA und der Schweiz ist sie zur Erkenntnis gekommen, dass es nirgends so sch\u00f6n ist, wie zuhause. Auf <a href=\"http:\/\/fraeuleinflora.at\/\" target=\"_blank\" rel=\"noopener noreferrer\">Fr\u00e4ulein Floras Favourite Hangouts<\/a> schreibt sie regelm\u00e4\u00dfig \u00fcber Menschen, Orte und Geschichten, die Salzburg \u2013 vor allem f\u00fcr junge Menschen \u2013\u00a0so lebenswert machen.\u00a0Die geb\u00fcrtige Kuchlerin\u00a0nutzt ihre Freizeit immer wieder f\u00fcr Ausfl\u00fcge ins SalzburgerLand. Dabei sch\u00e4tzt sie die Sch\u00f6nheit der Regionen \u2013 ganz egal, f\u00fcr welche man sich entscheidet.<\/p>\n<blockquote><p>Da wir vor allem aus der Stadt Salzburg berichten, habe ich das Gef\u00fchl, vergessen zu haben, wie sch\u00f6n es am Land ist.<\/p><\/blockquote>\n<div id=\"attachment_156133\" style=\"width: 1180px\" class=\"wp-caption alignnone\"><img decoding=\"async\" aria-describedby=\"caption-attachment-156133\" class=\"wp-image-156133 size-1170_658\" src=\"https:\/\/cdn.salzburgerland.com\/de\/wp-content\/uploads\/2017\/06\/seewaldsee_titel-1170x658.jpeg\" alt=\"Seewaldsee\" width=\"1170\" height=\"658\" srcset=\"https:\/\/www.salzburgerland.com\/de\/wp-content\/uploads\/2017\/06\/seewaldsee_titel-1170x658.jpeg 1170w, https:\/\/www.salzburgerland.com\/de\/wp-content\/uploads\/2017\/06\/seewaldsee_titel-1200x675.jpeg 1200w\" sizes=\"(max-width: 1170px) 100vw, 1170px\"><p id=\"caption-attachment-156133\" class=\"wp-caption-text\">\u00a9 Jasmin Walter Photography \u2013 Seewaldsee<\/p><\/div>\n<h2>\u201eStadtflucht\u201c ins SalzburgerLand<\/h2>\n<p>Eva hat schon relativ viel im SalzburgerLand gesehen und erlebt. Fr\u00e4ulein Floras Favourite Hangouts hat eigens f\u00fcr Ausfl\u00fcge in die Regionen in Zusammenarbeit mit dem Salzburger Verkehrsverbund das Format \u201e<a href=\"http:\/\/www.fraeuleinflora.at\/?s=stadtflucht\" target=\"_blank\" rel=\"noopener noreferrer\">Stadtflucht<\/a>\u201c ins Leben gerufen, das Leser*innen regelm\u00e4\u00dfig zu Erlebnissen ins SalzburgerLand schickt.<\/p>\n<h2>Evas Top 3 Ausflugstipps ins SalzburgerLand<\/h2>\n<p><strong>Das Gasteinertal<\/strong><br>\nDas Gasteinertal scheint aus seinem Dornr\u00f6schenschlaf aufgewacht zu sein und entwickelt sich pr\u00e4chtig. Hier gibt es viele sch\u00f6ne Orte, zum Beispiel das <a href=\"https:\/\/www.gastein.com\/service\/gastein-von-a-z\/detail\/infrastruktur\/kraftwerk-cafe-bad-gastein\/\" target=\"_blank\" rel=\"noopener noreferrer\">Kraftwerk Caf\u00e9<\/a> direkt neben dem <a href=\"https:\/\/www.gastein.com\/service\/gastein-von-a-z\/detail\/infrastruktur\/wasserfall-bad-gastein\/\" target=\"_blank\" rel=\"noopener noreferrer\">Gasteiner Wasserfall<\/a>. Oder auch die Berge, wie den Stubnerkogel mit seiner <a href=\"https:\/\/www.gastein.com\/service\/gastein-von-a-z\/detail\/infrastruktur\/haengebruecke-am-stubnerkogel-bad-gastein\/\" target=\"_blank\" rel=\"noopener noreferrer\">H\u00e4ngebr\u00fccke<\/a> und den Kreuzkogel, wo es im Winter direkt auf der Piste ein <a href=\"https:\/\/www.gastein.com\/gastein\/kulinarik\/gipfelfruehstueck\/\" target=\"_blank\" rel=\"noopener noreferrer\">Gipfelfr\u00fchst\u00fcck<\/a> gibt.<\/p>\n\n\t\t\t<div id=\"155523-1\" class=\"gallery gallery-155523 gallery-columns-3 gallery-size-1170_658\" itemscope itemtype=\"http:\/\/schema.org\/ImageGallery\">\n\t\t\t\t<ul class=\"gallery-row gallery-col-3 gallery-clear\">\n\t\t\t\t\t<li class=\"gallery-item col-3\" itemprop=\"associatedMedia\" itemscope itemtype=\"http:\/\/schema.org\/ImageObject\">\n\t\t\t\t\t\t<div class=\"gallery-icon landscape\"><a href=\"https:\/\/www.salzburgerland.com\/de\/wp-content\/uploads\/2017\/06\/berries-and-passion_fin-42-von-53-1920x1067.jpg\" title=\"Entdecker-Berries-and-Passion\"><img decoding=\"async\" data-title=\"\u00a9 SalzburgerLand Tourismus, Jonathan Forsthuber \u2013 H\u00e4ngebr\u00fccke am Stubnerkogel\" title=\"\u00a9 SalzburgerLand Tourismus, Jonathan Forsthuber \u2013 H\u00e4ngebr\u00fccke am Stubnerkogel\" data-caption=\"\u00a9 SalzburgerLand Tourismus, Jonathan Forsthuber \u2013 H\u00e4ngebr\u00fccke am Stubnerkogel\" width=\"1170\" height=\"658\" src=\"https:\/\/www.salzburgerland.com\/de\/wp-content\/uploads\/2017\/06\/berries-and-passion_fin-42-von-53-1170x658.jpg\" class=\"attachment-1170_658 size-1170_658\" alt=\"Nina Radman auf H\u00e4ngebr\u00fccke (vergr\u00f6\u00dferte Ansicht)\" srcset=\"https:\/\/www.salzburgerland.com\/de\/wp-content\/uploads\/2017\/06\/berries-and-passion_fin-42-von-53-1170x658.jpg 1170w, https:\/\/www.salzburgerland.com\/de\/wp-content\/uploads\/2017\/06\/berries-and-passion_fin-42-von-53-768x432.jpg 768w, https:\/\/www.salzburgerland.com\/de\/wp-content\/uploads\/2017\/06\/berries-and-passion_fin-42-von-53.jpg 1920w\" sizes=\"(max-width: 1170px) 100vw, 1170px\" aria-describedby=\"figcaption-155523-156158\" itemprop=\"thumbnail\"><\/a><\/div>\n\t\t\t\t\t\t<span id=\"figcaption-155523-156158\" class=\"gallery-caption\" itemprop=\"caption\"><span aria-hidden=\"true\">\u00a9 SalzburgerLand Tourismus, Jonathan Forsthuber \u2013 H\u00e4ngebr\u00fccke am Stubnerkogel<\/span><\/span>\n\t\t\t\t\t<\/li>\n\t\t\t\t\t<li class=\"gallery-item col-3\" itemprop=\"associatedMedia\" itemscope itemtype=\"http:\/\/schema.org\/ImageObject\">\n\t\t\t\t\t\t<div class=\"gallery-icon landscape\"><a href=\"https:\/\/www.salzburgerland.com\/de\/wp-content\/uploads\/2017\/06\/berries-and-passion_fin-3-von-53-1920x1067.jpg\" title=\"Entdecker-Berries-and-Passion\"><img decoding=\"async\" data-title=\"\u00a9 Fr\u00e4ulein Floras Favourite Hangouts \u2013 Gasteiner Wasserfall\" title=\"\u00a9 Fr\u00e4ulein Floras Favourite Hangouts \u2013 Gasteiner Wasserfall\" data-caption=\"\u00a9 Fr\u00e4ulein Floras Favourite Hangouts \u2013 Gasteiner Wasserfall\" width=\"1170\" height=\"658\" src=\"https:\/\/www.salzburgerland.com\/de\/wp-content\/uploads\/2017\/06\/berries-and-passion_fin-3-von-53-1170x658.jpg\" class=\"attachment-1170_658 size-1170_658\" alt=\"Gasteiner Wasserfall (vergr\u00f6\u00dferte Ansicht)\" srcset=\"https:\/\/www.salzburgerland.com\/de\/wp-content\/uploads\/2017\/06\/berries-and-passion_fin-3-von-53-1170x658.jpg 1170w, https:\/\/www.salzburgerland.com\/de\/wp-content\/uploads\/2017\/06\/berries-and-passion_fin-3-von-53-768x432.jpg 768w, https:\/\/www.salzburgerland.com\/de\/wp-content\/uploads\/2017\/06\/berries-and-passion_fin-3-von-53.jpg 1920w\" sizes=\"(max-width: 1170px) 100vw, 1170px\" aria-describedby=\"figcaption-155523-156157\" itemprop=\"thumbnail\"><\/a><\/div>\n\t\t\t\t\t\t<span id=\"figcaption-155523-156157\" class=\"gallery-caption\" itemprop=\"caption\"><span aria-hidden=\"true\">\u00a9 Fr\u00e4ulein Floras Favourite Hangouts \u2013 Gasteiner Wasserfall<\/span><\/span>\n\t\t\t\t\t<\/li>\n\t\t\t\t\t<li class=\"gallery-item col-3\" itemprop=\"associatedMedia\" itemscope itemtype=\"http:\/\/schema.org\/ImageObject\">\n\t\t\t\t\t\t<div class=\"gallery-icon landscape\"><a href=\"https:\/\/www.salzburgerland.com\/de\/wp-content\/uploads\/2017\/06\/in-der-wetterstation_gipfelfruehstueck_kreuzkogel-1920x1067.jpg\" title=\"In der Wetterstation_Gipfelfruehstueck_Kreuzkogel\"><img decoding=\"async\" data-title=\"\u00a9 SalzburgerLand Tourismus, Jonathan Forsthuber \u2013 Gipfelfr\u00fchst\u00fcck in Gastein\" title=\"\u00a9 SalzburgerLand Tourismus, Jonathan Forsthuber \u2013 Gipfelfr\u00fchst\u00fcck in Gastein\" data-caption=\"\u00a9 SalzburgerLand Tourismus, Jonathan Forsthuber \u2013 Gipfelfr\u00fchst\u00fcck in Gastein\" width=\"1170\" height=\"658\" src=\"https:\/\/www.salzburgerland.com\/de\/wp-content\/uploads\/2017\/06\/in-der-wetterstation_gipfelfruehstueck_kreuzkogel-1170x658.jpg\" class=\"attachment-1170_658 size-1170_658\" alt=\"Gipfelfr\u00fchst\u00fcck am Kreuzkogel im Gasteinertal (vergr\u00f6\u00dferte Ansicht)\" srcset=\"https:\/\/www.salzburgerland.com\/de\/wp-content\/uploads\/2017\/06\/in-der-wetterstation_gipfelfruehstueck_kreuzkogel-1170x658.jpg 1170w, https:\/\/www.salzburgerland.com\/de\/wp-content\/uploads\/2017\/06\/in-der-wetterstation_gipfelfruehstueck_kreuzkogel-768x432.jpg 768w, https:\/\/www.salzburgerland.com\/de\/wp-content\/uploads\/2017\/06\/in-der-wetterstation_gipfelfruehstueck_kreuzkogel.jpg 1920w\" sizes=\"(max-width: 1170px) 100vw, 1170px\" aria-describedby=\"figcaption-155523-155264\" itemprop=\"thumbnail\"><\/a><\/div>\n\t\t\t\t\t\t<span id=\"figcaption-155523-155264\" class=\"gallery-caption\" itemprop=\"caption\"><span aria-hidden=\"true\">\u00a9 SalzburgerLand Tourismus, Jonathan Forsthuber \u2013 Gipfelfr\u00fchst\u00fcck in Gastein<\/span><\/span>\n\t\t\t\t\t<\/li>\n\t\t\t\t<\/ul>\n\t\t\t<\/div><!-- .gallery -->\n\n<p><strong>Smaragdweg im Nationalpark Hohe Tauern<\/strong><br>\nDer <a href=\"https:\/\/www.wildkogel-arena.at\/de\/sommerurlaub-wandern-lehr-themenwege-smaragdweg-habachtal\" target=\"_blank\" rel=\"noopener noreferrer\">Smaragdweg<\/a> im\u00a0Habachtal\u00a0ist der perfekte Spaziergang f\u00fcr Familien\u00a0und alle, die sich gerne die Beine vertreten und dabei eine traumhafte\u00a0Aussicht haben wollen.<\/p>\n\n\t\t\t<div id=\"155523-2\" class=\"gallery gallery-155523 gallery-columns-3 gallery-size-1170_658\" itemscope itemtype=\"http:\/\/schema.org\/ImageGallery\">\n\t\t\t\t<ul class=\"gallery-row gallery-col-3 gallery-clear\">\n\t\t\t\t\t<li class=\"gallery-item col-3\" itemprop=\"associatedMedia\" itemscope itemtype=\"http:\/\/schema.org\/ImageObject\">\n\t\t\t\t\t\t<div class=\"gallery-icon landscape\"><a href=\"https:\/\/www.salzburgerland.com\/de\/wp-content\/uploads\/2017\/06\/pippa-vogel-gross-4-von-37-1920x1067.jpg\" title=\"Entdecker-Hello-Pippa-Jules-Vogel\"><img decoding=\"async\" data-title=\"\u00a9 SalzburgerLand Tourismus, Fr\u00e4ulein Floras Favourite Hangouts \u2013 Smaragdweg\" title=\"\u00a9 SalzburgerLand Tourismus, Fr\u00e4ulein Floras Favourite Hangouts \u2013 Smaragdweg\" data-caption=\"\u00a9 SalzburgerLand Tourismus, Fr\u00e4ulein Floras Favourite Hangouts \u2013 Smaragdweg\" width=\"1170\" height=\"658\" src=\"https:\/\/www.salzburgerland.com\/de\/wp-content\/uploads\/2017\/06\/pippa-vogel-gross-4-von-37-1170x658.jpg\" class=\"attachment-1170_658 size-1170_658\" alt=\"Smaragdweg Nationalpark Hohe Tauern (vergr\u00f6\u00dferte Ansicht)\" aria-describedby=\"figcaption-155523-156852\" itemprop=\"thumbnail\"><\/a><\/div>\n\t\t\t\t\t\t<span id=\"figcaption-155523-156852\" class=\"gallery-caption\" itemprop=\"caption\"><span aria-hidden=\"true\">\u00a9 SalzburgerLand Tourismus, Fr\u00e4ulein Floras Favourite Hangouts \u2013 Smaragdweg<\/span><\/span>\n\t\t\t\t\t<\/li>\n\t\t\t\t\t<li class=\"gallery-item col-3\" itemprop=\"associatedMedia\" itemscope itemtype=\"http:\/\/schema.org\/ImageObject\">\n\t\t\t\t\t\t<div class=\"gallery-icon landscape\"><a href=\"https:\/\/www.salzburgerland.com\/de\/wp-content\/uploads\/2017\/06\/pippa-vogel-gross-6-von-37-1920x1067.jpg\" title=\"Entdecker-Hello-Pippa-Jules-Vogel\"><img decoding=\"async\" data-title=\"\u00a9 SalzburgerLand Tourismus, Fr\u00e4ulein Floras Favourite Hangouts \u2013 Smaragdweg\" title=\"\u00a9 SalzburgerLand Tourismus, Fr\u00e4ulein Floras Favourite Hangouts \u2013 Smaragdweg\" data-caption=\"\u00a9 SalzburgerLand Tourismus, Fr\u00e4ulein Floras Favourite Hangouts \u2013 Smaragdweg\" width=\"1170\" height=\"658\" src=\"https:\/\/www.salzburgerland.com\/de\/wp-content\/uploads\/2017\/06\/pippa-vogel-gross-6-von-37-1170x658.jpg\" class=\"attachment-1170_658 size-1170_658\" alt=\"Smaragdweg Nationalpark Hohe Tauern (vergr\u00f6\u00dferte Ansicht)\" aria-describedby=\"figcaption-155523-156853\" itemprop=\"thumbnail\"><\/a><\/div>\n\t\t\t\t\t\t<span id=\"figcaption-155523-156853\" class=\"gallery-caption\" itemprop=\"caption\"><span aria-hidden=\"true\">\u00a9 SalzburgerLand Tourismus, Fr\u00e4ulein Floras Favourite Hangouts \u2013 Smaragdweg<\/span><\/span>\n\t\t\t\t\t<\/li>\n\t\t\t\t\t<li class=\"gallery-item col-3\" itemprop=\"associatedMedia\" itemscope itemtype=\"http:\/\/schema.org\/ImageObject\">\n\t\t\t\t\t\t<div class=\"gallery-icon landscape\"><a href=\"https:\/\/www.salzburgerland.com\/de\/wp-content\/uploads\/2017\/06\/pippa-vogel-gross-17-von-37-1920x1067.jpg\" title=\"Entdecker-Hello-Pippa-Jules-Vogel\"><img decoding=\"async\" data-title=\"\u00a9 SalzburgerLand Tourismus, Fr\u00e4ulein Floras Favourite Hangouts \u2013 Smaragdweg\" title=\"\u00a9 SalzburgerLand Tourismus, Fr\u00e4ulein Floras Favourite Hangouts \u2013 Smaragdweg\" data-caption=\"\u00a9 SalzburgerLand Tourismus, Fr\u00e4ulein Floras Favourite Hangouts \u2013 Smaragdweg\" width=\"1170\" height=\"658\" src=\"https:\/\/www.salzburgerland.com\/de\/wp-content\/uploads\/2017\/06\/pippa-vogel-gross-17-von-37-1170x658.jpg\" class=\"attachment-1170_658 size-1170_658\" alt=\"Smaragdweg Nationalpark Hohe Tauern (vergr\u00f6\u00dferte Ansicht)\" srcset=\"https:\/\/www.salzburgerland.com\/de\/wp-content\/uploads\/2017\/06\/pippa-vogel-gross-17-von-37-1170x658.jpg 1170w, https:\/\/www.salzburgerland.com\/de\/wp-content\/uploads\/2017\/06\/pippa-vogel-gross-17-von-37-768x432.jpg 768w, https:\/\/www.salzburgerland.com\/de\/wp-content\/uploads\/2017\/06\/pippa-vogel-gross-17-von-37.jpg 1920w\" sizes=\"(max-width: 1170px) 100vw, 1170px\" aria-describedby=\"figcaption-155523-158244\" itemprop=\"thumbnail\"><\/a><\/div>\n\t\t\t\t\t\t<span id=\"figcaption-155523-158244\" class=\"gallery-caption\" itemprop=\"caption\"><span aria-hidden=\"true\">\u00a9 SalzburgerLand Tourismus, Fr\u00e4ulein Floras Favourite Hangouts \u2013 Smaragdweg<\/span><\/span>\n\t\t\t\t\t<\/li>\n\t\t\t\t<\/ul>\n\t\t\t<\/div><!-- .gallery -->\n\n<p><strong>Passauer H\u00fctte in Leogang<\/strong><br>\nDer Weg auf die <a href=\"http:\/\/passauer-huette.de\" target=\"_blank\" rel=\"noopener noreferrer\">Passauer H\u00fctte<\/a> in Leogang ist zwar ein gscheider Hatscher, zahlt sich aber auf jeden Fall aus. Schon alleine wegen des atemberaubenden Bergpanoramas.<\/p>\n\n\t\t\t<div id=\"155523-3\" class=\"gallery gallery-155523 gallery-columns-3 gallery-size-medium\" itemscope itemtype=\"http:\/\/schema.org\/ImageGallery\">\n\t\t\t\t<ul class=\"gallery-row gallery-col-3 gallery-clear\">\n\t\t\t\t\t<li class=\"gallery-item col-3\" itemprop=\"associatedMedia\" itemscope itemtype=\"http:\/\/schema.org\/ImageObject\">\n\t\t\t\t\t\t<div class=\"gallery-icon landscape\"><a href=\"https:\/\/www.salzburgerland.com\/de\/wp-content\/uploads\/2017\/06\/bma-gross-39-von-62-1920x1067.jpg\" title=\"Entdecker-Best-Mountain-Artists\"><img decoding=\"async\" data-title=\"\u00a9 SalzburgerLand Tourismus, Fr\u00e4ulein Floras Favourite Hangouts \u2013 Wanderung zur Passauer H\u00fctte\" title=\"\u00a9 SalzburgerLand Tourismus, Fr\u00e4ulein Floras Favourite Hangouts \u2013 Wanderung zur Passauer H\u00fctte\" data-caption=\"\u00a9 SalzburgerLand Tourismus, Fr\u00e4ulein Floras Favourite Hangouts \u2013 Wanderung zur Passauer H\u00fctte\" width=\"1024\" height=\"569\" src=\"https:\/\/www.salzburgerland.com\/de\/wp-content\/uploads\/2017\/06\/bma-gross-39-von-62-1024x569.jpg\" class=\"attachment-medium size-medium\" alt=\"Wanderung zur Passauer H\u00fctte - Leogang (vergr\u00f6\u00dferte Ansicht)\" srcset=\"https:\/\/www.salzburgerland.com\/de\/wp-content\/uploads\/2017\/06\/bma-gross-39-von-62-1024x569.jpg 1024w, https:\/\/www.salzburgerland.com\/de\/wp-content\/uploads\/2017\/06\/bma-gross-39-von-62-370x206.jpg 370w, https:\/\/www.salzburgerland.com\/de\/wp-content\/uploads\/2017\/06\/bma-gross-39-von-62-1920x1067.jpg 1920w, https:\/\/www.salzburgerland.com\/de\/wp-content\/uploads\/2017\/06\/bma-gross-39-von-62-270x150.jpg 270w\" sizes=\"(max-width: 1024px) 100vw, 1024px\" aria-describedby=\"figcaption-155523-156854\" itemprop=\"thumbnail\"><\/a><\/div>\n\t\t\t\t\t\t<span id=\"figcaption-155523-156854\" class=\"gallery-caption\" itemprop=\"caption\"><span aria-hidden=\"true\">\u00a9 SalzburgerLand Tourismus, Fr\u00e4ulein Floras Favourite Hangouts \u2013 Wanderung zur Passauer H\u00fctte<\/span><\/span>\n\t\t\t\t\t<\/li>\n\t\t\t\t\t<li class=\"gallery-item col-3\" itemprop=\"associatedMedia\" itemscope itemtype=\"http:\/\/schema.org\/ImageObject\">\n\t\t\t\t\t\t<div class=\"gallery-icon landscape\"><a href=\"https:\/\/www.salzburgerland.com\/de\/wp-content\/uploads\/2017\/06\/bma-gross-42-von-62-1920x1067.jpg\" title=\"Entdecker-Best-Mountain-Artists\"><img decoding=\"async\" data-title=\"\u00a9 SalzburgerLand Tourismus, Fr\u00e4ulein Floras Favourite Hangouts \u2013 Wanderung zur Passauer H\u00fctte\" title=\"\u00a9 SalzburgerLand Tourismus, Fr\u00e4ulein Floras Favourite Hangouts \u2013 Wanderung zur Passauer H\u00fctte\" data-caption=\"\u00a9 SalzburgerLand Tourismus, Fr\u00e4ulein Floras Favourite Hangouts \u2013 Wanderung zur Passauer H\u00fctte\" width=\"1024\" height=\"569\" src=\"https:\/\/www.salzburgerland.com\/de\/wp-content\/uploads\/2017\/06\/bma-gross-42-von-62-1024x569.jpg\" class=\"attachment-medium size-medium\" alt=\"Wanderung zur Passauer H\u00fctte - Leogang (vergr\u00f6\u00dferte Ansicht)\" srcset=\"https:\/\/www.salzburgerland.com\/de\/wp-content\/uploads\/2017\/06\/bma-gross-42-von-62-1024x569.jpg 1024w, https:\/\/www.salzburgerland.com\/de\/wp-content\/uploads\/2017\/06\/bma-gross-42-von-62-370x206.jpg 370w, https:\/\/www.salzburgerland.com\/de\/wp-content\/uploads\/2017\/06\/bma-gross-42-von-62-1920x1067.jpg 1920w, https:\/\/www.salzburgerland.com\/de\/wp-content\/uploads\/2017\/06\/bma-gross-42-von-62-270x150.jpg 270w\" sizes=\"(max-width: 1024px) 100vw, 1024px\" aria-describedby=\"figcaption-155523-156855\" itemprop=\"thumbnail\"><\/a><\/div>\n\t\t\t\t\t\t<span id=\"figcaption-155523-156855\" class=\"gallery-caption\" itemprop=\"caption\"><span aria-hidden=\"true\">\u00a9 SalzburgerLand Tourismus, Fr\u00e4ulein Floras Favourite Hangouts \u2013 Wanderung zur Passauer H\u00fctte<\/span><\/span>\n\t\t\t\t\t<\/li>\n\t\t\t\t\t<li class=\"gallery-item col-3\" itemprop=\"associatedMedia\" itemscope itemtype=\"http:\/\/schema.org\/ImageObject\">\n\t\t\t\t\t\t<div class=\"gallery-icon landscape\"><a href=\"https:\/\/www.salzburgerland.com\/de\/wp-content\/uploads\/2017\/06\/bma-gross-54-von-62-1920x1067.jpg\" title=\"Entdecker-Best-Mountain-Artists\"><img decoding=\"async\" data-title=\"\u00a9 SalzburgerLand Tourismus, Fr\u00e4ulein Floras Favourite Hangouts \u2013 Wanderung zur Passauer H\u00fctte\" title=\"\u00a9 SalzburgerLand Tourismus, Fr\u00e4ulein Floras Favourite Hangouts \u2013 Wanderung zur Passauer H\u00fctte\" data-caption=\"\u00a9 SalzburgerLand Tourismus, Fr\u00e4ulein Floras Favourite Hangouts \u2013 Wanderung zur Passauer H\u00fctte\" width=\"1024\" height=\"569\" src=\"https:\/\/www.salzburgerland.com\/de\/wp-content\/uploads\/2017\/06\/bma-gross-54-von-62-1024x569.jpg\" class=\"attachment-medium size-medium\" alt=\"Wanderung zur Passauer H\u00fctte - Leogang (vergr\u00f6\u00dferte Ansicht)\" srcset=\"https:\/\/www.salzburgerland.com\/de\/wp-content\/uploads\/2017\/06\/bma-gross-54-von-62-1024x569.jpg 1024w, https:\/\/www.salzburgerland.com\/de\/wp-content\/uploads\/2017\/06\/bma-gross-54-von-62-370x206.jpg 370w, https:\/\/www.salzburgerland.com\/de\/wp-content\/uploads\/2017\/06\/bma-gross-54-von-62-1920x1067.jpg 1920w, https:\/\/www.salzburgerland.com\/de\/wp-content\/uploads\/2017\/06\/bma-gross-54-von-62-270x150.jpg 270w\" sizes=\"(max-width: 1024px) 100vw, 1024px\" aria-describedby=\"figcaption-155523-156856\" itemprop=\"thumbnail\"><\/a><\/div>\n\t\t\t\t\t\t<span id=\"figcaption-155523-156856\" class=\"gallery-caption\" itemprop=\"caption\"><span aria-hidden=\"true\">\u00a9 SalzburgerLand Tourismus, Fr\u00e4ulein Floras Favourite Hangouts \u2013 Wanderung zur Passauer H\u00fctte<\/span><\/span>\n\t\t\t\t\t<\/li>\n\t\t\t\t<\/ul>\n\t\t\t<\/div><!-- .gallery -->\n\n<p>Eva\u2019s Schmankerlherz schl\u00e4gt ganz klar f\u00fcr die Pinzgauer Kasnocken. Besonders nach einer ausgiebigen Wanderung belohnt sie sich gerne mit den leckeren Nocken, die mit angebratenen Zwiebeln noch ein St\u00fcckchen besser schmecken.<\/p>\n<p>Still oder prickelnd \u2013 wie sch\u00e4tzt du dich\u00a0ein?<\/p>\n<blockquote><p>Eigentlich still.<br>\nIch arbeite sehr viel und wenn ich auf Urlaub fahre, brauche ich ruhige Entspannung gemischt mit leichter Action (Betonung auf leicht), um gut abzuschalten.<\/p><\/blockquote>\n","protected":false},"excerpt":{"rendered":"<p>Lebenswertes SalzburgerLand Eva-Krallinger Gruber\u00a0ist eine richtige Ex-Exil-Salzburgerin. Nach l\u00e4ngeren Auslandsaufenthalten in Frankreich, USA und der Schweiz ist sie zur Erkenntnis gekommen, dass es nirgends so sch\u00f6n ist, wie zuhause. Auf Fr\u00e4ulein Floras Favourite Hangouts schreibt sie regelm\u00e4\u00dfig \u00fcber Menschen, Orte und Geschichten, die Salzburg \u2013 vor allem f\u00fcr junge Menschen \u2013\u00a0so lebenswert machen.\u00a0Die geb\u00fcrtige Kuchlerin\u00a0nutzt [&hellip;]<\/p>\n","protected":false},"author":59,"featured_media":164858,"comment_status":"closed","ping_status":"closed","template":"","meta":{"_acf_changed":false,"wl_entities_gutenberg":"","_relevanssi_hide_post":"","_relevanssi_hide_content":"","_relevanssi_pin_for_all":"","_relevanssi_pin_keywords":"","_relevanssi_unpin_keywords":"","_relevanssi_related_keywords":"","_relevanssi_related_include_ids":"","_relevanssi_related_exclude_ids":"","_relevanssi_related_no_append":"","_relevanssi_related_not_related":"","_relevanssi_related_posts":"","_relevanssi_noindex_reason":"","footnotes":""},"categories":[],"tags":[],"wl_entity_type":[3],"ski_resorts":[],"class_list":["post-155523","entity","type-entity","status-publish","has-post-thumbnail","hentry","wl_entity_type-creative-work","sitetype-theme"],"acf":[],"yoast_head":"<!-- This site is optimized with the Yoast SEO Premium plugin v26.9 (Yoast SEO v26.9) - https:\/\/yoast.com\/product\/yoast-seo-premium-wordpress\/ -->\n<title>Fr\u00e4ulein Floras Favourite Hangouts - Entdecker im SalzburgerLand<\/title>\n<meta name=\"description\" content=\"fraeuleinflora.at schreiben \u00fcber alles, was Salzburg auch f\u00fcr junge Menschen lebenswert macht: ihre Menschen, ihre Orte und ihre Geschichten.\" \/>\n<meta name=\"robots\" content=\"index, follow, max-snippet:-1, max-image-preview:large, max-video-preview:-1\" \/>\n<link rel=\"canonical\" href=\"https:\/\/www.salzburgerland.com\/de\/wp-json\/wp\/v2\/entities\/155523\" \/>\n<meta property=\"og:locale\" content=\"de_DE\" \/>\n<meta property=\"og:type\" content=\"article\" \/>\n<meta property=\"og:title\" content=\"Fr\u00e4ulein Floras Favourite Hangouts\" \/>\n<meta property=\"og:description\" content=\"fraeuleinflora.at schreiben \u00fcber alles, was Salzburg auch f\u00fcr junge Menschen lebenswert macht: ihre Menschen, ihre Orte und ihre Geschichten.\" \/>\n<meta property=\"og:url\" content=\"https:\/\/www.salzburgerland.com\/de\/wp-json\/wp\/v2\/entities\/155523\" \/>\n<meta property=\"og:site_name\" content=\"SalzburgerLand.com\" \/>\n<meta property=\"article:publisher\" content=\"https:\/\/www.facebook.com\/salzburgerland\/\" \/>\n<meta property=\"article:modified_time\" content=\"2021-02-10T16:11:51+00:00\" \/>\n<meta property=\"og:image\" content=\"https:\/\/www.salzburgerland.com\/de\/wp-content\/uploads\/2017\/06\/matthias-und-eva-2-1200x675.jpg\" \/>\n\t<meta property=\"og:image:width\" content=\"1200\" \/>\n\t<meta property=\"og:image:height\" content=\"675\" \/>\n\t<meta property=\"og:image:type\" content=\"image\/jpeg\" \/>\n<meta name=\"twitter:card\" content=\"summary_large_image\" \/>\n<meta name=\"twitter:site\" content=\"@Salzburgerland\" \/>\n<meta name=\"twitter:label1\" content=\"Gesch\u00e4tzte Lesezeit\" \/>\n\t<meta name=\"twitter:data1\" content=\"2\u00a0Minuten\" \/>\n<script type=\"application\/ld+json\" class=\"yoast-schema-graph\">{\"@context\":\"https:\/\/schema.org\",\"@graph\":[{\"@type\":\"WebPage\",\"@id\":\"https:\/\/www.salzburgerland.com\/de\/fraeulein-floras-favourite-hangouts\/\",\"url\":\"https:\/\/www.salzburgerland.com\/de\/fraeulein-floras-favourite-hangouts\/\",\"name\":\"Fr\u00e4ulein Floras Favourite Hangouts - Entdecker im SalzburgerLand\",\"isPartOf\":{\"@id\":\"https:\/\/www.salzburgerland.com\/de\/#website\"},\"primaryImageOfPage\":{\"@id\":\"https:\/\/www.salzburgerland.com\/de\/fraeulein-floras-favourite-hangouts\/#primaryimage\"},\"image\":{\"@id\":\"https:\/\/www.salzburgerland.com\/de\/fraeulein-floras-favourite-hangouts\/#primaryimage\"},\"thumbnailUrl\":\"https:\/\/www.salzburgerland.com\/de\/wp-content\/uploads\/2017\/06\/matthias-und-eva-2.jpg\",\"datePublished\":\"2017-06-07T13:09:05+00:00\",\"dateModified\":\"2021-02-10T16:11:51+00:00\",\"description\":\"fraeuleinflora.at schreiben \u00fcber alles, was Salzburg auch f\u00fcr junge Menschen lebenswert macht: ihre Menschen, ihre Orte und ihre Geschichten.\",\"inLanguage\":\"de\",\"potentialAction\":[{\"@type\":\"ReadAction\",\"target\":[\"https:\/\/www.salzburgerland.com\/de\/fraeulein-floras-favourite-hangouts\/\"]}]},{\"@type\":\"ImageObject\",\"inLanguage\":\"de\",\"@id\":\"https:\/\/www.salzburgerland.com\/de\/fraeulein-floras-favourite-hangouts\/#primaryimage\",\"url\":\"https:\/\/www.salzburgerland.com\/de\/wp-content\/uploads\/2017\/06\/matthias-und-eva-2.jpg\",\"contentUrl\":\"https:\/\/www.salzburgerland.com\/de\/wp-content\/uploads\/2017\/06\/matthias-und-eva-2.jpg\",\"width\":1920,\"height\":1080,\"caption\":\"Ein Mann und eine Frau, die l\u00e4chelnd an einer grauen Wand stehen - Fr\u00e4ulein Floras liebste Aufenthaltsorte.\"},{\"@type\":\"WebSite\",\"@id\":\"https:\/\/www.salzburgerland.com\/de\/#website\",\"url\":\"https:\/\/www.salzburgerland.com\/de\/\",\"name\":\"SalzburgerLand.com\",\"description\":\"Ihr Urlaub in Salzburg, \u00d6sterreich\",\"publisher\":{\"@id\":\"https:\/\/www.salzburgerland.com\/de\/#organization\"},\"potentialAction\":[{\"@type\":\"SearchAction\",\"target\":{\"@type\":\"EntryPoint\",\"urlTemplate\":\"https:\/\/www.salzburgerland.com\/de\/?s={search_term_string}\"},\"query-input\":{\"@type\":\"PropertyValueSpecification\",\"valueRequired\":true,\"valueName\":\"search_term_string\"}}],\"inLanguage\":\"de\"},{\"@type\":\"Organization\",\"@id\":\"https:\/\/www.salzburgerland.com\/de\/#organization\",\"name\":\"SalzburgerLand Tourismus GmbH\",\"url\":\"https:\/\/www.salzburgerland.com\/de\/\",\"logo\":{\"@type\":\"ImageObject\",\"inLanguage\":\"de\",\"@id\":\"https:\/\/www.salzburgerland.com\/de\/#\/schema\/logo\/image\/\",\"url\":\"https:\/\/www.salzburgerland.com\/de\/wp-content\/uploads\/2017\/01\/salzburgerland-logo.jpg\",\"contentUrl\":\"https:\/\/www.salzburgerland.com\/de\/wp-content\/uploads\/2017\/01\/salzburgerland-logo.jpg\",\"width\":1920,\"height\":827,\"caption\":\"SalzburgerLand Tourismus GmbH\"},\"image\":{\"@id\":\"https:\/\/www.salzburgerland.com\/de\/#\/schema\/logo\/image\/\"},\"sameAs\":[\"https:\/\/www.facebook.com\/salzburgerland\/\",\"https:\/\/x.com\/Salzburgerland\",\"https:\/\/www.instagram.com\/salzburgerland\/\",\"http:\/\/dbpedia.org\/resource\/Salzburg_(state)\",\"http:\/\/wikidata.dbpedia.org\/resource\/Q43325\",\"http:\/\/open.salzburgerland.com\/de\/entity\/salzburgerland\",\"https:\/\/www.youtube.com\/user\/salzburgerland\"]}]}<\/script>\n<!-- \/ Yoast SEO Premium plugin. -->","yoast_head_json":{"title":"Fr\u00e4ulein Floras Favourite Hangouts - Entdecker im SalzburgerLand","description":"fraeuleinflora.at schreiben \u00fcber alles, was Salzburg auch f\u00fcr junge Menschen lebenswert macht: ihre Menschen, ihre Orte und ihre Geschichten.","robots":{"index":"index","follow":"follow","max-snippet":"max-snippet:-1","max-image-preview":"max-image-preview:large","max-video-preview":"max-video-preview:-1"},"canonical":"https:\/\/www.salzburgerland.com\/de\/wp-json\/wp\/v2\/entities\/155523","og_locale":"de_DE","og_type":"article","og_title":"Fr\u00e4ulein Floras Favourite Hangouts","og_description":"fraeuleinflora.at schreiben \u00fcber alles, was Salzburg auch f\u00fcr junge Menschen lebenswert macht: ihre Menschen, ihre Orte und ihre Geschichten.","og_url":"https:\/\/www.salzburgerland.com\/de\/wp-json\/wp\/v2\/entities\/155523","og_site_name":"SalzburgerLand.com","article_publisher":"https:\/\/www.facebook.com\/salzburgerland\/","article_modified_time":"2021-02-10T16:11:51+00:00","og_image":[{"width":1200,"height":675,"url":"https:\/\/www.salzburgerland.com\/de\/wp-content\/uploads\/2017\/06\/matthias-und-eva-2-1200x675.jpg","type":"image\/jpeg"}],"twitter_card":"summary_large_image","twitter_site":"@Salzburgerland","twitter_misc":{"Gesch\u00e4tzte Lesezeit":"2\u00a0Minuten"},"schema":{"@context":"https:\/\/schema.org","@graph":[{"@type":"WebPage","@id":"https:\/\/www.salzburgerland.com\/de\/fraeulein-floras-favourite-hangouts\/","url":"https:\/\/www.salzburgerland.com\/de\/fraeulein-floras-favourite-hangouts\/","name":"Fr\u00e4ulein Floras Favourite Hangouts - Entdecker im SalzburgerLand","isPartOf":{"@id":"https:\/\/www.salzburgerland.com\/de\/#website"},"primaryImageOfPage":{"@id":"https:\/\/www.salzburgerland.com\/de\/fraeulein-floras-favourite-hangouts\/#primaryimage"},"image":{"@id":"https:\/\/www.salzburgerland.com\/de\/fraeulein-floras-favourite-hangouts\/#primaryimage"},"thumbnailUrl":"https:\/\/www.salzburgerland.com\/de\/wp-content\/uploads\/2017\/06\/matthias-und-eva-2.jpg","datePublished":"2017-06-07T13:09:05+00:00","dateModified":"2021-02-10T16:11:51+00:00","description":"fraeuleinflora.at schreiben \u00fcber alles, was Salzburg auch f\u00fcr junge Menschen lebenswert macht: ihre Menschen, ihre Orte und ihre Geschichten.","inLanguage":"de","potentialAction":[{"@type":"ReadAction","target":["https:\/\/www.salzburgerland.com\/de\/fraeulein-floras-favourite-hangouts\/"]}]},{"@type":"ImageObject","inLanguage":"de","@id":"https:\/\/www.salzburgerland.com\/de\/fraeulein-floras-favourite-hangouts\/#primaryimage","url":"https:\/\/www.salzburgerland.com\/de\/wp-content\/uploads\/2017\/06\/matthias-und-eva-2.jpg","contentUrl":"https:\/\/www.salzburgerland.com\/de\/wp-content\/uploads\/2017\/06\/matthias-und-eva-2.jpg","width":1920,"height":1080,"caption":"Ein Mann und eine Frau, die l\u00e4chelnd an einer grauen Wand stehen - Fr\u00e4ulein Floras liebste Aufenthaltsorte."},{"@type":"WebSite","@id":"https:\/\/www.salzburgerland.com\/de\/#website","url":"https:\/\/www.salzburgerland.com\/de\/","name":"SalzburgerLand.com","description":"Ihr Urlaub in Salzburg, \u00d6sterreich","publisher":{"@id":"https:\/\/www.salzburgerland.com\/de\/#organization"},"potentialAction":[{"@type":"SearchAction","target":{"@type":"EntryPoint","urlTemplate":"https:\/\/www.salzburgerland.com\/de\/?s={search_term_string}"},"query-input":{"@type":"PropertyValueSpecification","valueRequired":true,"valueName":"search_term_string"}}],"inLanguage":"de"},{"@type":"Organization","@id":"https:\/\/www.salzburgerland.com\/de\/#organization","name":"SalzburgerLand Tourismus GmbH","url":"https:\/\/www.salzburgerland.com\/de\/","logo":{"@type":"ImageObject","inLanguage":"de","@id":"https:\/\/www.salzburgerland.com\/de\/#\/schema\/logo\/image\/","url":"https:\/\/www.salzburgerland.com\/de\/wp-content\/uploads\/2017\/01\/salzburgerland-logo.jpg","contentUrl":"https:\/\/www.salzburgerland.com\/de\/wp-content\/uploads\/2017\/01\/salzburgerland-logo.jpg","width":1920,"height":827,"caption":"SalzburgerLand Tourismus GmbH"},"image":{"@id":"https:\/\/www.salzburgerland.com\/de\/#\/schema\/logo\/image\/"},"sameAs":["https:\/\/www.facebook.com\/salzburgerland\/","https:\/\/x.com\/Salzburgerland","https:\/\/www.instagram.com\/salzburgerland\/","http:\/\/dbpedia.org\/resource\/Salzburg_(state)","http:\/\/wikidata.dbpedia.org\/resource\/Q43325","http:\/\/open.salzburgerland.com\/de\/entity\/salzburgerland","https:\/\/www.youtube.com\/user\/salzburgerland"]}]}},"_wl_alt_label":[],"wl:entity_url":"http:\/\/open.salzburgerland.com\/de\/entity\/fraeulein_floras_favourite_hangouts","_links":{"self":[{"href":"https:\/\/www.salzburgerland.com\/de\/wp-json\/wp\/v2\/entities\/155523","targetHints":{"allow":["GET"]}}],"collection":[{"href":"https:\/\/www.salzburgerland.com\/de\/wp-json\/wp\/v2\/entities"}],"about":[{"href":"https:\/\/www.salzburgerland.com\/de\/wp-json\/wp\/v2\/types\/entity"}],"author":[{"embeddable":true,"href":"https:\/\/www.salzburgerland.com\/de\/wp-json\/wp\/v2\/users\/59"}],"replies":[{"embeddable":true,"href":"https:\/\/www.salzburgerland.com\/de\/wp-json\/wp\/v2\/comments?post=155523"}],"version-history":[{"count":0,"href":"https:\/\/www.salzburgerland.com\/de\/wp-json\/wp\/v2\/entities\/155523\/revisions"}],"wp:featuredmedia":[{"embeddable":true,"href":"https:\/\/www.salzburgerland.com\/de\/wp-json\/wp\/v2\/media\/164858"}],"wp:attachment":[{"href":"https:\/\/www.salzburgerland.com\/de\/wp-json\/wp\/v2\/media?parent=155523"}],"wp:term":[{"taxonomy":"category","embeddable":true,"href":"https:\/\/www.salzburgerland.com\/de\/wp-json\/wp\/v2\/categories?post=155523"},{"taxonomy":"post_tag","embeddable":true,"href":"https:\/\/www.salzburgerland.com\/de\/wp-json\/wp\/v2\/tags?post=155523"},{"taxonomy":"wl_entity_type","embeddable":true,"href":"https:\/\/www.salzburgerland.com\/de\/wp-json\/wp\/v2\/wl_entity_type?post=155523"},{"taxonomy":"ski_resorts","embeddable":true,"href":"https:\/\/www.salzburgerland.com\/de\/wp-json\/wp\/v2\/ski_resorts?post=155523"}],"curies":[{"name":"wp","href":"https:\/\/api.w.org\/{rel}","templated":true}]}}