{"id":118242,"date":"2017-02-22T13:06:09","date_gmt":"2017-02-22T12:06:09","guid":{"rendered":"https:\/\/www.salzburgerland.com\/de\/?post_type=entity&#038;p=118242"},"modified":"2025-04-30T08:59:30","modified_gmt":"2025-04-30T06:59:30","slug":"leogang-asitz","status":"publish","type":"entity","link":"https:\/\/www.salzburgerland.com\/de\/leogang-asitz\/","title":{"rendered":"Asitz &#8211; Leogang"},"content":{"rendered":"<h3>F\u00fchlen, sp\u00fcren und erleben f\u00fcr die ganze Familie!<\/h3>\n<p>Am Leoganger Asitz, dem Berg der Sinne, dreht sich alles um die gro\u00dfen und kleinen, lauten und leisen, rasanten und langsamen Erlebnisse, die dich deinen K\u00f6rper mit allen Sinnen sp\u00fcren lassen und in dir etwas bewegen. Echte Erfahrungen in der Natur sorgen f\u00fcr wahre Aha-Momente und bleibende Sinneseindr\u00fccke f\u00fcr Gro\u00df und Klein.<\/p>\n<p>Action? Ja, gerne! Im Gegenzug dazu k\u00f6nnt ihr bei uns auch die gro\u00dfe Ruhe finden, dem Wasser lauschen und beim Blick auf die imposante Berglandschaft innehalten. Die Mischung macht\u2019s, und so liegen am Berg der Sinne Adrenalin und Ruhe, Ger\u00e4usche und Stille, Bewegung und Entspannung ganz nah beieinander.<\/p>\n<h2><a href=\"https:\/\/www.saalfelden-leogang.com\/Waldbaden\" target=\"_blank\" rel=\"noopener\">Waldbaden am Asitz<\/a><\/h2>\n<h3>Ein besonderes Erlebnis<\/h3>\n<p>Schwebt mit der Steinbergbahn auf 1.762 m und genie\u00dft von hier bereits das unvergleichbare Bergpanorama. 14 Stationen, die mit dem Wald verschmelzen, laden auf dem 8,2 km langen Wanderweg zum Verweilen, Meditieren und Entspannen ein. Aussichtspunkte, Ruhestationen, Naturschaukeln, ein Yogaplatz, ein Baumkronenbett und sogar ein Wasserfall verhelfen dir zu neuer Energie. Nach 1.000 H\u00f6henmetern und ca. 3,5 h kommst du die n\u00e4chste Zeit mental und k\u00f6rperlich gest\u00e4rkt an der Steinbergbahn Talstation an.<\/p>\n\n\t\t\t<div id=\"118242-1\" class=\"gallery gallery-118242 gallery-columns-3 gallery-size-1170_658\" itemscope itemtype=\"http:\/\/schema.org\/ImageGallery\">\n\t\t\t\t<ul class=\"gallery-row gallery-col-3 gallery-clear\">\n\t\t\t\t\t<li class=\"gallery-item col-3\" itemprop=\"associatedMedia\" itemscope itemtype=\"http:\/\/schema.org\/ImageObject\">\n\t\t\t\t\t\t<div class=\"gallery-icon landscape\"><a href=\"https:\/\/www.salzburgerland.com\/de\/wp-content\/uploads\/2017\/02\/web_sale_waldbaden_dsc01877ckarinpasterer-com_-1601x1067.jpg\" title=\"web_sale_waldbaden_DSC01877(c)karinpasterer.com\"><img decoding=\"async\" data-title=\"Waldbaden Asitz Leogang \u00a9 karinpasterer.com\" title=\"Waldbaden Asitz Leogang \u00a9 karinpasterer.com\" data-caption=\"Waldbaden Asitz Leogang \u00a9 karinpasterer.com\" width=\"1170\" height=\"658\" src=\"https:\/\/www.salzburgerland.com\/de\/wp-content\/uploads\/2017\/02\/web_sale_waldbaden_dsc01877ckarinpasterer-com_-1170x658.jpg\" class=\"attachment-1170_658 size-1170_658\" alt=\"Zwei Personen mit Rucks\u00e4cken gehen auf einem Holzweg durch einen Wald mit hohen B\u00e4umen und durchdringendem Sonnenlicht. (vergr\u00f6\u00dferte Ansicht)\" srcset=\"https:\/\/www.salzburgerland.com\/de\/wp-content\/uploads\/2017\/02\/web_sale_waldbaden_dsc01877ckarinpasterer-com_-1170x658.jpg 1170w, https:\/\/www.salzburgerland.com\/de\/wp-content\/uploads\/2017\/02\/web_sale_waldbaden_dsc01877ckarinpasterer-com_-1200x675.jpg 1200w\" sizes=\"(max-width: 1170px) 100vw, 1170px\" aria-describedby=\"figcaption-118242-677315\" itemprop=\"thumbnail\"><\/a><\/div>\n\t\t\t\t\t\t<span id=\"figcaption-118242-677315\" class=\"gallery-caption\" itemprop=\"caption\"><span aria-hidden=\"true\">Waldbaden Asitz Leogang \u00a9 karinpasterer.com<\/span><\/span>\n\t\t\t\t\t<\/li>\n\t\t\t\t\t<li class=\"gallery-item col-3\" itemprop=\"associatedMedia\" itemscope itemtype=\"http:\/\/schema.org\/ImageObject\">\n\t\t\t\t\t\t<div class=\"gallery-icon landscape\"><a href=\"https:\/\/www.salzburgerland.com\/de\/wp-content\/uploads\/2017\/02\/web_sale_waldbaden_dsc01495ckarinpasterer-com_-1601x1067.jpg\" title=\"web_sale_waldbaden_DSC01495(c)karinpasterer.com\"><img decoding=\"async\" data-title=\"Waldbaden Asitz Leogang \u00a9 karinpasterer.com\" title=\"Waldbaden Asitz Leogang \u00a9 karinpasterer.com\" data-caption=\"Waldbaden Asitz Leogang \u00a9 karinpasterer.com\" width=\"1170\" height=\"658\" src=\"https:\/\/www.salzburgerland.com\/de\/wp-content\/uploads\/2017\/02\/web_sale_waldbaden_dsc01495ckarinpasterer-com_-1170x658.jpg\" class=\"attachment-1170_658 size-1170_658\" alt=\"Eine Frau sitzt friedlich auf einem Baumstumpf in einem Wald, die Augen geschlossen und die Hand auf der Brust. (vergr\u00f6\u00dferte Ansicht)\" srcset=\"https:\/\/www.salzburgerland.com\/de\/wp-content\/uploads\/2017\/02\/web_sale_waldbaden_dsc01495ckarinpasterer-com_-1170x658.jpg 1170w, https:\/\/www.salzburgerland.com\/de\/wp-content\/uploads\/2017\/02\/web_sale_waldbaden_dsc01495ckarinpasterer-com_-1200x675.jpg 1200w\" sizes=\"(max-width: 1170px) 100vw, 1170px\" aria-describedby=\"figcaption-118242-677314\" itemprop=\"thumbnail\"><\/a><\/div>\n\t\t\t\t\t\t<span id=\"figcaption-118242-677314\" class=\"gallery-caption\" itemprop=\"caption\"><span aria-hidden=\"true\">Waldbaden Asitz Leogang \u00a9 karinpasterer.com<\/span><\/span>\n\t\t\t\t\t<\/li>\n\t\t\t\t\t<li class=\"gallery-item col-3\" itemprop=\"associatedMedia\" itemscope itemtype=\"http:\/\/schema.org\/ImageObject\">\n\t\t\t\t\t\t<div class=\"gallery-icon landscape\"><a href=\"https:\/\/www.salzburgerland.com\/de\/wp-content\/uploads\/2017\/02\/web_sale_waldbaden_dsc01067ckarinpasterer-com_-1601x1067.jpg\" title=\"web_sale_waldbaden_DSC01067(c)karinpasterer.com\"><img decoding=\"async\" data-title=\"Waldbaden Asitz Leogang \u00a9 karinpasterer.com\" title=\"Waldbaden Asitz Leogang \u00a9 karinpasterer.com\" data-caption=\"Waldbaden Asitz Leogang \u00a9 karinpasterer.com\" width=\"1170\" height=\"658\" src=\"https:\/\/www.salzburgerland.com\/de\/wp-content\/uploads\/2017\/02\/web_sale_waldbaden_dsc01067ckarinpasterer-com_-1170x658.jpg\" class=\"attachment-1170_658 size-1170_658\" alt=\"Zwei Personen entspannen sich auf h\u00f6lzernen Liegest\u00fchlen in einem bewaldeten Gebiet, umgeben von B\u00e4umen und Gr\u00fcnpflanzen. (vergr\u00f6\u00dferte Ansicht)\" srcset=\"https:\/\/www.salzburgerland.com\/de\/wp-content\/uploads\/2017\/02\/web_sale_waldbaden_dsc01067ckarinpasterer-com_-1170x658.jpg 1170w, https:\/\/www.salzburgerland.com\/de\/wp-content\/uploads\/2017\/02\/web_sale_waldbaden_dsc01067ckarinpasterer-com_-1200x675.jpg 1200w\" sizes=\"(max-width: 1170px) 100vw, 1170px\" aria-describedby=\"figcaption-118242-677313\" itemprop=\"thumbnail\"><\/a><\/div>\n\t\t\t\t\t\t<span id=\"figcaption-118242-677313\" class=\"gallery-caption\" itemprop=\"caption\"><span aria-hidden=\"true\">Waldbaden Asitz Leogang \u00a9 karinpasterer.com<\/span><\/span>\n\t\t\t\t\t<\/li>\n\t\t\t\t<\/ul>\n\t\t\t<\/div><!-- .gallery -->\n\n<h2><a href=\"https:\/\/www.saalfelden-leogang.com\/Sinne-Park\" target=\"_blank\" rel=\"noopener\">Sinne Park<\/a><\/h2>\n<h3>Ein Fest f\u00fcr alle Sinne<\/h3>\n<p>H\u00f6ren, Riechen, Sehen, Schmecken und F\u00fchlen\u2026 Wahrlich alle Sinne werden im Sinne Park gefordert und angeregt, wenn ihr barfu\u00df \u00fcber Steine und durch Wasser wandert, heimische Kr\u00e4uter erschnuppert, den Ger\u00e4uschen des Waldes lauscht, ins frisch gebackene Brot bei\u00dft und \u00fcbers Holz balanciert. \u00dcber 30 Stationen fordern eure Sinne heraus \u2013 viele Aha-Effekte und neue Erlebnisse garantiert!<\/p>\n<h2><a href=\"https:\/\/www.saalfelden-leogang.com\/Stille-Wasser\" target=\"_blank\" rel=\"noopener\">Stille Wasser<\/a> am Asitz<\/h2>\n<div class=\"page\" title=\"Page 1\">\n<div class=\"section\">\n<div class=\"layoutArea\">\n<div class=\"column\">\n<h3>Augenweide und Sp\u00fcrsinn<\/h3>\n<p>Ein Fest f\u00fcr Augen, K\u00f6rper und Geist ist der <a href=\"https:\/\/www.saalfelden-leogang.com\/de\/region-erleben\/wandern\/berg-der-sinne\/Die-Stillen-Wasser-am-Asitz\" target=\"_blank\" rel=\"noopener\">wundersch\u00f6ne<\/a> Speicherteich. Und eine wahre Entspannung f\u00fcr die Ohren, so ruhig ist es hier. Sp\u00fcrt die K\u00e4lte des Wassers, die Textur der Steine und die Wirkung des idyllischen Bergsees inmitten des imposanten Bergpanoramas auf eurenGeist. Der perfekte Ort, um abzuschalten und den Alltag zu vergessen.<\/p>\n<\/div>\n<h2>Leo\u2019s Spielewanderweg + <a href=\"https:\/\/www.saalfelden-leogang.com\/Leos-Raetseljagd\" target=\"_blank\" rel=\"noopener\">R\u00e4tseljagd<\/a><\/h2>\n<p><span data-contrast=\"auto\" xml:lang=\"DE-DE\" lang=\"DE-DE\" class=\"TextRun Highlight SCXW41978082 BCX0\"><span class=\"NormalTextRun SCXW41978082 BCX0\" data-ccp-parastyle=\"Normal (Web)\">Die R\u00e4tseljagd entlang des Spielewanderweges ist das Richtige f\u00fcr alle, die gerne r\u00e4tseln, spielen und gewinnen! Hier erwarten euch nicht nur verschiedene Spielstationen, die den kleinen Wanderern die n\u00e4chste Wanderetappe schmackhaft machen, sondern auch ein ganz besonderes R\u00e4tselspiel. Dieses wird im Sommer 2025 komplett neu aufgelegt! R\u00e4tselkarten sind an den Bergstationen erh\u00e4ltlich.<\/span><\/span><span class=\"EOP SCXW41978082 BCX0\" data-ccp-props='{\"134233117\":false,\"134233118\":false,\"201341983\":0,\"335559738\":0,\"335559739\":0,\"335559740\":240}'>\u00a0<\/span><\/p>\n<div class=\"column\">\n<h2><a href=\"https:\/\/www.saalfelden-leogang.com\/Naturkino\" target=\"_blank\" rel=\"noopener\">Naturkino<\/a> am Sonnkogel<\/h2>\n<h3>Blickfang und Sp\u00fcrsinn<\/h3>\n<p>Augen auf! Das Naturkino wirkt vor allem auf das Sehorgan. Aber nicht nur. Die Stille entspannt die Ohren, der Geist wird ruhig und klar. Einfach mal ein wenig bleiben, die Natur genie\u00dfen und gerne auch ein bisschen tr\u00e4umen.<\/p>\n\n\t\t\t<div id=\"118242-2\" class=\"gallery gallery-118242 gallery-columns-3 gallery-size-1170_658\" itemscope itemtype=\"http:\/\/schema.org\/ImageGallery\">\n\t\t\t\t<ul class=\"gallery-row gallery-col-3 gallery-clear\">\n\t\t\t\t\t<li class=\"gallery-item col-3\" itemprop=\"associatedMedia\" itemscope itemtype=\"http:\/\/schema.org\/ImageObject\">\n\t\t\t\t\t\t<div class=\"gallery-icon landscape\"><a href=\"https:\/\/www.salzburgerland.com\/de\/wp-content\/uploads\/2017\/02\/001_nachbearbeitet_michaelgeissler-1601x1067.jpg\" title=\"001_nachbearbeitet_MichaelGei\u00dfler\"><img decoding=\"async\" data-title=\"\u00a9 Michael Gei\u00dfler- Berg der Sinne Leogang\" title=\"\u00a9 Michael Gei\u00dfler- Berg der Sinne Leogang\" data-caption=\"\u00a9 Michael Gei\u00dfler- Berg der Sinne Leogang\" width=\"1170\" height=\"658\" src=\"https:\/\/www.salzburgerland.com\/de\/wp-content\/uploads\/2017\/02\/001_nachbearbeitet_michaelgeissler-1170x658.jpg\" class=\"attachment-1170_658 size-1170_658\" alt=\"Zwei Kinder balancieren auf Felsen an einem Bergsee, im Hintergrund sind Gondeln und Berggipfel zu sehen. (vergr\u00f6\u00dferte Ansicht)\" srcset=\"https:\/\/www.salzburgerland.com\/de\/wp-content\/uploads\/2017\/02\/001_nachbearbeitet_michaelgeissler-1170x658.jpg 1170w, https:\/\/www.salzburgerland.com\/de\/wp-content\/uploads\/2017\/02\/001_nachbearbeitet_michaelgeissler-1200x675.jpg 1200w\" sizes=\"(max-width: 1170px) 100vw, 1170px\" aria-describedby=\"figcaption-118242-670532\" itemprop=\"thumbnail\"><\/a><\/div>\n\t\t\t\t\t\t<span id=\"figcaption-118242-670532\" class=\"gallery-caption\" itemprop=\"caption\"><span aria-hidden=\"true\">\u00a9 Michael Gei\u00dfler- Berg der Sinne Leogang<\/span><\/span>\n\t\t\t\t\t<\/li>\n\t\t\t\t\t<li class=\"gallery-item col-3\" itemprop=\"associatedMedia\" itemscope itemtype=\"http:\/\/schema.org\/ImageObject\">\n\t\t\t\t\t\t<div class=\"gallery-icon landscape\"><a href=\"https:\/\/www.salzburgerland.com\/de\/wp-content\/uploads\/2017\/02\/108_bergdersinne_02082023_michaelgeissler-1601x1067.jpg\" title=\"108_BergderSinne_02082023_MichaelGei\u00dfler\"><img decoding=\"async\" data-title=\"\u00a9 Michael Gei\u00dfler- Berg der Sinne Leogang\" title=\"\u00a9 Michael Gei\u00dfler- Berg der Sinne Leogang\" data-caption=\"\u00a9 Michael Gei\u00dfler- Berg der Sinne Leogang\" width=\"1170\" height=\"658\" src=\"https:\/\/www.salzburgerland.com\/de\/wp-content\/uploads\/2017\/02\/108_bergdersinne_02082023_michaelgeissler-1170x658.jpg\" class=\"attachment-1170_658 size-1170_658\" alt=\"Kinder balancieren barfu\u00df auf einer Holzbr\u00fccke \u00fcber einen Bach, w\u00e4hrend die Erwachsenen in einem sonnigen Park zusehen. (vergr\u00f6\u00dferte Ansicht)\" srcset=\"https:\/\/www.salzburgerland.com\/de\/wp-content\/uploads\/2017\/02\/108_bergdersinne_02082023_michaelgeissler-1170x658.jpg 1170w, https:\/\/www.salzburgerland.com\/de\/wp-content\/uploads\/2017\/02\/108_bergdersinne_02082023_michaelgeissler-1200x675.jpg 1200w\" sizes=\"(max-width: 1170px) 100vw, 1170px\" aria-describedby=\"figcaption-118242-670528\" itemprop=\"thumbnail\"><\/a><\/div>\n\t\t\t\t\t\t<span id=\"figcaption-118242-670528\" class=\"gallery-caption\" itemprop=\"caption\"><span aria-hidden=\"true\">\u00a9 Michael Gei\u00dfler- Berg der Sinne Leogang<\/span><\/span>\n\t\t\t\t\t<\/li>\n\t\t\t\t\t<li class=\"gallery-item col-3\" itemprop=\"associatedMedia\" itemscope itemtype=\"http:\/\/schema.org\/ImageObject\">\n\t\t\t\t\t\t<div class=\"gallery-icon landscape\"><a href=\"https:\/\/www.salzburgerland.com\/de\/wp-content\/uploads\/2017\/02\/95_wandernfreunde_13092022_michaelgeissler-1920x1067.jpg\" title=\"95_WandernFreunde_13092022_MichaelGei\u00dfler\"><img decoding=\"async\" data-title=\"\u00a9 Michael Gei\u00dfler- Berg der Sinne Leogang, Wandern\n\" title=\"\u00a9 Michael Gei\u00dfler- Berg der Sinne Leogang, Wandern\n\" data-caption=\"\u00a9 Michael Gei\u00dfler- Berg der Sinne Leogang, Wandern\n\" width=\"1170\" height=\"658\" src=\"https:\/\/www.salzburgerland.com\/de\/wp-content\/uploads\/2017\/02\/95_wandernfreunde_13092022_michaelgeissler-1170x658.jpg\" class=\"attachment-1170_658 size-1170_658\" alt=\"Zwei Personen entspannen sich auf einer Bank mit Blick auf malerische Berge und grasbewachsene H\u00fcgel unter einem blauen Himmel. (vergr\u00f6\u00dferte Ansicht)\" srcset=\"https:\/\/www.salzburgerland.com\/de\/wp-content\/uploads\/2017\/02\/95_wandernfreunde_13092022_michaelgeissler-1170x658.jpg 1170w, https:\/\/www.salzburgerland.com\/de\/wp-content\/uploads\/2017\/02\/95_wandernfreunde_13092022_michaelgeissler-1200x675.jpg 1200w\" sizes=\"(max-width: 1170px) 100vw, 1170px\" aria-describedby=\"figcaption-118242-659259\" itemprop=\"thumbnail\"><\/a><\/div>\n\t\t\t\t\t\t<span id=\"figcaption-118242-659259\" class=\"gallery-caption\" itemprop=\"caption\"><span aria-hidden=\"true\">\u00a9 Michael Gei\u00dfler- Berg der Sinne Leogang, Wandern\n<\/span><\/span>\n\t\t\t\t\t<\/li>\n\t\t\t\t<\/ul>\n\t\t\t<\/div><!-- .gallery -->\n\n<\/div>\n<div class=\"column\">\n<h2>TONspur Inseln<\/h2>\n<h3>Entspannung und Klangerlebnis<\/h3>\n<p>Wunderbar volle Ohren erlebt ihr bei den <a href=\"https:\/\/www.tonspurenamasitz.com\/de\" target=\"_blank\" rel=\"noopener\">TONspur<\/a> Inseln. Aber auch den Augen bereitet die einzigartige Aussicht Freude. Oder ihr schlie\u00dft sie und gebt euch ganz dem Klangerlebnis hin. Euer Geist kommt endlich zur Ruhe beim Entspannen in den Holzliegen.<\/p>\n<h2>Riders Playground<\/h2>\n<p>Schnell das Gleichgewicht finden! Im <a href=\"https:\/\/bikepark.saalfelden-leogang.com\/Riders_Playground\" target=\"_blank\" rel=\"noopener\">Riders Playground<\/a> am Fu\u00dfe der Asitzbahn, Europas gr\u00f6\u00dftem Einsteiger Bikepark, k\u00f6nnt ihr eure ersten Bikepark-Versuche wagen und herausfinden, wie ihr euren K\u00f6rper einsetzen m\u00fcsst, um das Bike \u00fcber Wellen, Kurven, Holz und Erde zu leiten. Vielleicht wagt ihr euch sogar schon an erste Spr\u00fcnge? Power, Mut und Gleichgewicht \u2013 sowohl k\u00f6rperlich als auch psychisch \u2013 sind bei deinen ersten Bikepark-Versuchen definitiv gefragt.<\/p>\n<h3>Flying Fox XXL<\/h3>\n<p>Schon immer davon getr\u00e4umt, schwerelos durch die L\u00fcfte zu gleiten? Der <a href=\"https:\/\/www.saalfelden-leogang.com\/Flying-Fox-XXL\" target=\"_blank\" rel=\"noopener\">Flying Fox XXL<\/a> ist eine der l\u00e4ngsten und schnellsten Stahlseilrutschen der Welt inmitten der Salzburger Bergwelt. Einfach anschnallen, in Startposition bringen und los geht das unvergessliche Flugerlebnis f\u00fcr die ganze Familie! Von der St\u00f6cklalm fliegt ihr volle 1,6 Kilometer \u00fcber das Tal und genie\u00dft in 143 Metern Flugh\u00f6he einen fantastischen Ausblick \u00fcber die atemberaubende Leoganger Bergwelt.<\/p>\n\n\t\t\t<div id=\"118242-3\" class=\"gallery gallery-118242 gallery-columns-3 gallery-size-1170_658\" itemscope itemtype=\"http:\/\/schema.org\/ImageGallery\">\n\t\t\t\t<ul class=\"gallery-row gallery-col-3 gallery-clear\">\n\t\t\t\t\t<li class=\"gallery-item col-3\" itemprop=\"associatedMedia\" itemscope itemtype=\"http:\/\/schema.org\/ImageObject\">\n\t\t\t\t\t\t<div class=\"gallery-icon landscape\"><a href=\"https:\/\/www.salzburgerland.com\/de\/wp-content\/uploads\/2017\/02\/73a0631_klemenskoenig-1599x1067.jpg\" title=\"_73A0631_KlemensK\u00f6nig\"><img decoding=\"async\" data-title=\"\u00a9 KLEMENS KOENIG\" title=\"\u00a9 KLEMENS KOENIG\" data-caption=\"\u00a9 KLEMENS KOENIG\" width=\"1170\" height=\"658\" src=\"https:\/\/www.salzburgerland.com\/de\/wp-content\/uploads\/2017\/02\/73a0631_klemenskoenig-1170x658.jpg\" class=\"attachment-1170_658 size-1170_658\" alt=\"Drei Kinder in Radfahrerkleidung schauen zu und zeigen auf einen Radfahrer, der in einem sonnigen Park auf einer Holzrampe f\u00e4hrt. (vergr\u00f6\u00dferte Ansicht)\" srcset=\"https:\/\/www.salzburgerland.com\/de\/wp-content\/uploads\/2017\/02\/73a0631_klemenskoenig-1170x658.jpg 1170w, https:\/\/www.salzburgerland.com\/de\/wp-content\/uploads\/2017\/02\/73a0631_klemenskoenig-1200x675.jpg 1200w\" sizes=\"(max-width: 1170px) 100vw, 1170px\" aria-describedby=\"figcaption-118242-670534\" itemprop=\"thumbnail\"><\/a><\/div>\n\t\t\t\t\t\t<span id=\"figcaption-118242-670534\" class=\"gallery-caption\" itemprop=\"caption\"><span aria-hidden=\"true\">\u00a9 KLEMENS KOENIG<\/span><\/span>\n\t\t\t\t\t<\/li>\n\t\t\t\t\t<li class=\"gallery-item col-3\" itemprop=\"associatedMedia\" itemscope itemtype=\"http:\/\/schema.org\/ImageObject\">\n\t\t\t\t\t\t<div class=\"gallery-icon landscape\"><a href=\"https:\/\/www.salzburgerland.com\/de\/wp-content\/uploads\/2017\/02\/ffxxl_heroshot-1920x1067.jpg\" title=\"FFXXL_Heroshot\"><img decoding=\"async\" data-title=\"\u00a9 Berg der Sinne Leogang, Flying Fox\n\" title=\"\u00a9 Berg der Sinne Leogang, Flying Fox\n\" data-caption=\"\u00a9 Berg der Sinne Leogang, Flying Fox\n\" width=\"1170\" height=\"658\" src=\"https:\/\/www.salzburgerland.com\/de\/wp-content\/uploads\/2017\/02\/ffxxl_heroshot-1170x658.jpg\" class=\"attachment-1170_658 size-1170_658\" alt=\"Eine Person, die mit einem Ziplining \u00fcber eine Berglandschaft mit illustrierten Speedlines unter einem dramatischen Himmel f\u00e4hrt. (vergr\u00f6\u00dferte Ansicht)\" srcset=\"https:\/\/www.salzburgerland.com\/de\/wp-content\/uploads\/2017\/02\/ffxxl_heroshot-1170x658.jpg 1170w, https:\/\/www.salzburgerland.com\/de\/wp-content\/uploads\/2017\/02\/ffxxl_heroshot-1200x675.jpg 1200w\" sizes=\"(max-width: 1170px) 100vw, 1170px\" aria-describedby=\"figcaption-118242-659260\" itemprop=\"thumbnail\"><\/a><\/div>\n\t\t\t\t\t\t<span id=\"figcaption-118242-659260\" class=\"gallery-caption\" itemprop=\"caption\"><span aria-hidden=\"true\">\u00a9 Berg der Sinne Leogang, Flying Fox\n<\/span><\/span>\n\t\t\t\t\t<\/li>\n\t\t\t\t\t<li class=\"gallery-item col-3\" itemprop=\"associatedMedia\" itemscope itemtype=\"http:\/\/schema.org\/ImageObject\">\n\t\t\t\t\t\t<div class=\"gallery-icon landscape\"><a href=\"https:\/\/www.salzburgerland.com\/de\/wp-content\/uploads\/2017\/02\/42_wandernfreunde_13092022_michaelgeissler-1601x1067.jpg\" title=\"42_WandernFreunde_13092022_MichaelGei\u00dfler\"><img decoding=\"async\" data-title=\"Wandern am Asitz \u00a9Michael Gei\u00dfler\" title=\"Wandern am Asitz \u00a9Michael Gei\u00dfler\" data-caption=\"Wandern am Asitz \u00a9Michael Gei\u00dfler\" width=\"1170\" height=\"658\" src=\"https:\/\/www.salzburgerland.com\/de\/wp-content\/uploads\/2017\/02\/42_wandernfreunde_13092022_michaelgeissler-1170x658.jpg\" class=\"attachment-1170_658 size-1170_658\" alt=\"Drei Personen entspannen sich auf Holzliegen vor einer rustikalen H\u00fctte, die von B\u00e4umen und einem Holzzaun umgeben ist. (vergr\u00f6\u00dferte Ansicht)\" srcset=\"https:\/\/www.salzburgerland.com\/de\/wp-content\/uploads\/2017\/02\/42_wandernfreunde_13092022_michaelgeissler-1170x658.jpg 1170w, https:\/\/www.salzburgerland.com\/de\/wp-content\/uploads\/2017\/02\/42_wandernfreunde_13092022_michaelgeissler-1200x675.jpg 1200w\" sizes=\"(max-width: 1170px) 100vw, 1170px\" aria-describedby=\"figcaption-118242-670535\" itemprop=\"thumbnail\"><\/a><\/div>\n\t\t\t\t\t\t<span id=\"figcaption-118242-670535\" class=\"gallery-caption\" itemprop=\"caption\"><span aria-hidden=\"true\">Wandern am Asitz \u00a9Michael Gei\u00dfler<\/span><\/span>\n\t\t\t\t\t<\/li>\n\t\t\t\t<\/ul>\n\t\t\t<\/div><!-- .gallery -->\n\n<p>Alle Infos zu den \u00d6ffnugszeiten findet ihr unter <!--StartFragment --><a href=\"http:\/\/www.bergdersinne.at\" target=\"_blank\" rel=\"noopener\"><span class=\"cf0\">www.bergdersinne.at<\/span><\/a><\/p>\n<p><!--EndFragment --><\/p>\n<p>Headerbild \u00a9Michael Gei\u00dfler<\/p>\n<\/div>\n<\/div>\n<\/div>\n<\/div>\n","protected":false},"excerpt":{"rendered":"<p>F\u00fchlen, sp\u00fcren und erleben f\u00fcr die ganze Familie! Am Leoganger Asitz, dem Berg der Sinne, dreht sich alles um die gro\u00dfen und kleinen, lauten und leisen, rasanten und langsamen Erlebnisse, die dich deinen K\u00f6rper mit allen Sinnen sp\u00fcren lassen und in dir etwas bewegen. Echte Erfahrungen in der Natur sorgen f\u00fcr wahre Aha-Momente und bleibende [&hellip;]<\/p>\n","protected":false},"author":20,"featured_media":670533,"comment_status":"closed","ping_status":"closed","template":"","meta":{"_acf_changed":false,"wl_entities_gutenberg":"","_relevanssi_hide_post":"","_relevanssi_hide_content":"","_relevanssi_pin_for_all":"","_relevanssi_pin_keywords":"","_relevanssi_unpin_keywords":"","_relevanssi_related_keywords":"","_relevanssi_related_include_ids":"","_relevanssi_related_exclude_ids":"","_relevanssi_related_no_append":"","_relevanssi_related_not_related":"","_relevanssi_related_posts":"","_relevanssi_noindex_reason":"","footnotes":""},"categories":[1],"tags":[6284],"wl_entity_type":[5],"ski_resorts":[],"class_list":["post-118242","entity","type-entity","status-publish","has-post-thumbnail","hentry","category-allgemein","tag-sommer-bergbahn","wl_entity_type-organization","sitetype-default"],"acf":[],"yoast_head":"<!-- This site is optimized with the Yoast SEO Premium plugin v26.9 (Yoast SEO v26.9) - https:\/\/yoast.com\/product\/yoast-seo-premium-wordpress\/ -->\n<title>Asitz - Leogang \u00bb SalzburgerLand.com<\/title>\n<meta name=\"robots\" content=\"index, follow, max-snippet:-1, max-image-preview:large, max-video-preview:-1\" \/>\n<link rel=\"canonical\" href=\"https:\/\/www.salzburgerland.com\/de\/wp-json\/wp\/v2\/entities\/118242\" \/>\n<meta property=\"og:locale\" content=\"de_DE\" \/>\n<meta property=\"og:type\" content=\"article\" \/>\n<meta property=\"og:title\" content=\"Asitz - Leogang\" \/>\n<meta property=\"og:description\" content=\"Am Leoganger Asitz, dem Berg der Sinne, dreht sich alles um die gro\u00dfen und kleinen, lauten und leisen, rasanten und langsamen Erlebnisse.\" \/>\n<meta property=\"og:url\" content=\"https:\/\/www.salzburgerland.com\/de\/wp-json\/wp\/v2\/entities\/118242\" \/>\n<meta property=\"og:site_name\" content=\"SalzburgerLand.com\" \/>\n<meta property=\"article:publisher\" content=\"https:\/\/www.facebook.com\/salzburgerland\/\" \/>\n<meta property=\"article:modified_time\" content=\"2025-04-30T06:59:30+00:00\" \/>\n<meta property=\"og:image\" content=\"https:\/\/www.salzburgerland.com\/de\/wp-content\/uploads\/2017\/02\/headerbild_130_bergdersinne_02082023_michaelgeissler-1200x675.jpg\" \/>\n\t<meta property=\"og:image:width\" content=\"1200\" \/>\n\t<meta property=\"og:image:height\" content=\"675\" \/>\n\t<meta property=\"og:image:type\" content=\"image\/jpeg\" \/>\n<meta name=\"twitter:card\" content=\"summary_large_image\" \/>\n<meta name=\"twitter:site\" content=\"@Salzburgerland\" \/>\n<meta name=\"twitter:label1\" content=\"Gesch\u00e4tzte Lesezeit\" \/>\n\t<meta name=\"twitter:data1\" content=\"5\u00a0Minuten\" \/>\n<script type=\"application\/ld+json\" class=\"yoast-schema-graph\">{\"@context\":\"https:\/\/schema.org\",\"@graph\":[{\"@type\":\"WebPage\",\"@id\":\"https:\/\/www.salzburgerland.com\/de\/leogang-asitz\/\",\"url\":\"https:\/\/www.salzburgerland.com\/de\/leogang-asitz\/\",\"name\":\"Asitz - Leogang \u00bb SalzburgerLand.com\",\"isPartOf\":{\"@id\":\"https:\/\/www.salzburgerland.com\/de\/#website\"},\"primaryImageOfPage\":{\"@id\":\"https:\/\/www.salzburgerland.com\/de\/leogang-asitz\/#primaryimage\"},\"image\":{\"@id\":\"https:\/\/www.salzburgerland.com\/de\/leogang-asitz\/#primaryimage\"},\"thumbnailUrl\":\"https:\/\/www.salzburgerland.com\/de\/wp-content\/uploads\/2017\/02\/headerbild_130_bergdersinne_02082023_michaelgeissler.jpg\",\"datePublished\":\"2017-02-22T12:06:09+00:00\",\"dateModified\":\"2025-04-30T06:59:30+00:00\",\"description\":\"Am Leoganger Asitz, dem Berg der Sinne, dreht sich alles um die gro\u00dfen und kleinen, lauten und leisen, rasanten und langsamen Erlebnisse.\",\"inLanguage\":\"de\",\"potentialAction\":[{\"@type\":\"ReadAction\",\"target\":[\"https:\/\/www.salzburgerland.com\/de\/leogang-asitz\/\"]}]},{\"@type\":\"ImageObject\",\"inLanguage\":\"de\",\"@id\":\"https:\/\/www.salzburgerland.com\/de\/leogang-asitz\/#primaryimage\",\"url\":\"https:\/\/www.salzburgerland.com\/de\/wp-content\/uploads\/2017\/02\/headerbild_130_bergdersinne_02082023_michaelgeissler.jpg\",\"contentUrl\":\"https:\/\/www.salzburgerland.com\/de\/wp-content\/uploads\/2017\/02\/headerbild_130_bergdersinne_02082023_michaelgeissler.jpg\",\"width\":1920,\"height\":1280,\"caption\":\"\u00a9 Michael Gei\u00dfler- Berg der Sinne Leogang\"},{\"@type\":\"WebSite\",\"@id\":\"https:\/\/www.salzburgerland.com\/de\/#website\",\"url\":\"https:\/\/www.salzburgerland.com\/de\/\",\"name\":\"SalzburgerLand.com\",\"description\":\"Ihr Urlaub in Salzburg, \u00d6sterreich\",\"publisher\":{\"@id\":\"https:\/\/www.salzburgerland.com\/de\/#organization\"},\"potentialAction\":[{\"@type\":\"SearchAction\",\"target\":{\"@type\":\"EntryPoint\",\"urlTemplate\":\"https:\/\/www.salzburgerland.com\/de\/?s={search_term_string}\"},\"query-input\":{\"@type\":\"PropertyValueSpecification\",\"valueRequired\":true,\"valueName\":\"search_term_string\"}}],\"inLanguage\":\"de\"},{\"@type\":\"Organization\",\"@id\":\"https:\/\/www.salzburgerland.com\/de\/#organization\",\"name\":\"SalzburgerLand Tourismus GmbH\",\"url\":\"https:\/\/www.salzburgerland.com\/de\/\",\"logo\":{\"@type\":\"ImageObject\",\"inLanguage\":\"de\",\"@id\":\"https:\/\/www.salzburgerland.com\/de\/#\/schema\/logo\/image\/\",\"url\":\"https:\/\/www.salzburgerland.com\/de\/wp-content\/uploads\/2017\/01\/salzburgerland-logo.jpg\",\"contentUrl\":\"https:\/\/www.salzburgerland.com\/de\/wp-content\/uploads\/2017\/01\/salzburgerland-logo.jpg\",\"width\":1920,\"height\":827,\"caption\":\"SalzburgerLand Tourismus GmbH\"},\"image\":{\"@id\":\"https:\/\/www.salzburgerland.com\/de\/#\/schema\/logo\/image\/\"},\"sameAs\":[\"https:\/\/www.facebook.com\/salzburgerland\/\",\"https:\/\/x.com\/Salzburgerland\",\"https:\/\/www.instagram.com\/salzburgerland\/\",\"http:\/\/dbpedia.org\/resource\/Salzburg_(state)\",\"http:\/\/wikidata.dbpedia.org\/resource\/Q43325\",\"http:\/\/open.salzburgerland.com\/de\/entity\/salzburgerland\",\"https:\/\/www.youtube.com\/user\/salzburgerland\"]}]}<\/script>\n<!-- \/ Yoast SEO Premium plugin. -->","yoast_head_json":{"title":"Asitz - Leogang \u00bb SalzburgerLand.com","robots":{"index":"index","follow":"follow","max-snippet":"max-snippet:-1","max-image-preview":"max-image-preview:large","max-video-preview":"max-video-preview:-1"},"canonical":"https:\/\/www.salzburgerland.com\/de\/wp-json\/wp\/v2\/entities\/118242","og_locale":"de_DE","og_type":"article","og_title":"Asitz - Leogang","og_description":"Am Leoganger Asitz, dem Berg der Sinne, dreht sich alles um die gro\u00dfen und kleinen, lauten und leisen, rasanten und langsamen Erlebnisse.","og_url":"https:\/\/www.salzburgerland.com\/de\/wp-json\/wp\/v2\/entities\/118242","og_site_name":"SalzburgerLand.com","article_publisher":"https:\/\/www.facebook.com\/salzburgerland\/","article_modified_time":"2025-04-30T06:59:30+00:00","og_image":[{"width":1200,"height":675,"url":"https:\/\/www.salzburgerland.com\/de\/wp-content\/uploads\/2017\/02\/headerbild_130_bergdersinne_02082023_michaelgeissler-1200x675.jpg","type":"image\/jpeg"}],"twitter_card":"summary_large_image","twitter_site":"@Salzburgerland","twitter_misc":{"Gesch\u00e4tzte Lesezeit":"5\u00a0Minuten"},"schema":{"@context":"https:\/\/schema.org","@graph":[{"@type":"WebPage","@id":"https:\/\/www.salzburgerland.com\/de\/leogang-asitz\/","url":"https:\/\/www.salzburgerland.com\/de\/leogang-asitz\/","name":"Asitz - Leogang \u00bb SalzburgerLand.com","isPartOf":{"@id":"https:\/\/www.salzburgerland.com\/de\/#website"},"primaryImageOfPage":{"@id":"https:\/\/www.salzburgerland.com\/de\/leogang-asitz\/#primaryimage"},"image":{"@id":"https:\/\/www.salzburgerland.com\/de\/leogang-asitz\/#primaryimage"},"thumbnailUrl":"https:\/\/www.salzburgerland.com\/de\/wp-content\/uploads\/2017\/02\/headerbild_130_bergdersinne_02082023_michaelgeissler.jpg","datePublished":"2017-02-22T12:06:09+00:00","dateModified":"2025-04-30T06:59:30+00:00","description":"Am Leoganger Asitz, dem Berg der Sinne, dreht sich alles um die gro\u00dfen und kleinen, lauten und leisen, rasanten und langsamen Erlebnisse.","inLanguage":"de","potentialAction":[{"@type":"ReadAction","target":["https:\/\/www.salzburgerland.com\/de\/leogang-asitz\/"]}]},{"@type":"ImageObject","inLanguage":"de","@id":"https:\/\/www.salzburgerland.com\/de\/leogang-asitz\/#primaryimage","url":"https:\/\/www.salzburgerland.com\/de\/wp-content\/uploads\/2017\/02\/headerbild_130_bergdersinne_02082023_michaelgeissler.jpg","contentUrl":"https:\/\/www.salzburgerland.com\/de\/wp-content\/uploads\/2017\/02\/headerbild_130_bergdersinne_02082023_michaelgeissler.jpg","width":1920,"height":1280,"caption":"\u00a9 Michael Gei\u00dfler- Berg der Sinne Leogang"},{"@type":"WebSite","@id":"https:\/\/www.salzburgerland.com\/de\/#website","url":"https:\/\/www.salzburgerland.com\/de\/","name":"SalzburgerLand.com","description":"Ihr Urlaub in Salzburg, \u00d6sterreich","publisher":{"@id":"https:\/\/www.salzburgerland.com\/de\/#organization"},"potentialAction":[{"@type":"SearchAction","target":{"@type":"EntryPoint","urlTemplate":"https:\/\/www.salzburgerland.com\/de\/?s={search_term_string}"},"query-input":{"@type":"PropertyValueSpecification","valueRequired":true,"valueName":"search_term_string"}}],"inLanguage":"de"},{"@type":"Organization","@id":"https:\/\/www.salzburgerland.com\/de\/#organization","name":"SalzburgerLand Tourismus GmbH","url":"https:\/\/www.salzburgerland.com\/de\/","logo":{"@type":"ImageObject","inLanguage":"de","@id":"https:\/\/www.salzburgerland.com\/de\/#\/schema\/logo\/image\/","url":"https:\/\/www.salzburgerland.com\/de\/wp-content\/uploads\/2017\/01\/salzburgerland-logo.jpg","contentUrl":"https:\/\/www.salzburgerland.com\/de\/wp-content\/uploads\/2017\/01\/salzburgerland-logo.jpg","width":1920,"height":827,"caption":"SalzburgerLand Tourismus GmbH"},"image":{"@id":"https:\/\/www.salzburgerland.com\/de\/#\/schema\/logo\/image\/"},"sameAs":["https:\/\/www.facebook.com\/salzburgerland\/","https:\/\/x.com\/Salzburgerland","https:\/\/www.instagram.com\/salzburgerland\/","http:\/\/dbpedia.org\/resource\/Salzburg_(state)","http:\/\/wikidata.dbpedia.org\/resource\/Q43325","http:\/\/open.salzburgerland.com\/de\/entity\/salzburgerland","https:\/\/www.youtube.com\/user\/salzburgerland"]}]}},"_wl_alt_label":[],"wl:entity_url":"http:\/\/open.salzburgerland.com\/de\/entity\/leogang_-_asitz","_links":{"self":[{"href":"https:\/\/www.salzburgerland.com\/de\/wp-json\/wp\/v2\/entities\/118242","targetHints":{"allow":["GET"]}}],"collection":[{"href":"https:\/\/www.salzburgerland.com\/de\/wp-json\/wp\/v2\/entities"}],"about":[{"href":"https:\/\/www.salzburgerland.com\/de\/wp-json\/wp\/v2\/types\/entity"}],"author":[{"embeddable":true,"href":"https:\/\/www.salzburgerland.com\/de\/wp-json\/wp\/v2\/users\/20"}],"replies":[{"embeddable":true,"href":"https:\/\/www.salzburgerland.com\/de\/wp-json\/wp\/v2\/comments?post=118242"}],"version-history":[{"count":6,"href":"https:\/\/www.salzburgerland.com\/de\/wp-json\/wp\/v2\/entities\/118242\/revisions"}],"predecessor-version":[{"id":677316,"href":"https:\/\/www.salzburgerland.com\/de\/wp-json\/wp\/v2\/entities\/118242\/revisions\/677316"}],"wp:featuredmedia":[{"embeddable":true,"href":"https:\/\/www.salzburgerland.com\/de\/wp-json\/wp\/v2\/media\/670533"}],"wp:attachment":[{"href":"https:\/\/www.salzburgerland.com\/de\/wp-json\/wp\/v2\/media?parent=118242"}],"wp:term":[{"taxonomy":"category","embeddable":true,"href":"https:\/\/www.salzburgerland.com\/de\/wp-json\/wp\/v2\/categories?post=118242"},{"taxonomy":"post_tag","embeddable":true,"href":"https:\/\/www.salzburgerland.com\/de\/wp-json\/wp\/v2\/tags?post=118242"},{"taxonomy":"wl_entity_type","embeddable":true,"href":"https:\/\/www.salzburgerland.com\/de\/wp-json\/wp\/v2\/wl_entity_type?post=118242"},{"taxonomy":"ski_resorts","embeddable":true,"href":"https:\/\/www.salzburgerland.com\/de\/wp-json\/wp\/v2\/ski_resorts?post=118242"}],"curies":[{"name":"wp","href":"https:\/\/api.w.org\/{rel}","templated":true}]}}