{"version":"1.0","provider_name":"SalzburgerLand Magazin","provider_url":"https:\/\/www.salzburgerland.com\/de\/magazin","author_name":"Heiko Mandl","author_url":"https:\/\/www.salzburgerland.com\/de\/magazin\/author\/heiko-mandl\/","title":"Unter den W\u00e4nden des Schafbergs","type":"rich","width":600,"height":338,"html":"<blockquote class=\"wp-embedded-content\" data-secret=\"sptkZ1VSln\"><a href=\"https:\/\/www.salzburgerland.com\/de\/magazin\/unter-den-waenden-des-schafbergs\/\">Unter den W\u00e4nden des Schafbergs<\/a><\/blockquote><iframe sandbox=\"allow-scripts\" security=\"restricted\" src=\"https:\/\/www.salzburgerland.com\/de\/magazin\/unter-den-waenden-des-schafbergs\/embed\/#?secret=sptkZ1VSln\" width=\"600\" height=\"338\" title=\"&#8222;Unter den W\u00e4nden des Schafbergs&#8220; &#8211; SalzburgerLand Magazin\" data-secret=\"sptkZ1VSln\" frameborder=\"0\" marginwidth=\"0\" marginheight=\"0\" scrolling=\"no\" class=\"wp-embedded-content\"><\/iframe><script type=\"text\/javascript\">\n\/* <![CDATA[ *\/\n\/*! This file is auto-generated *\/\n!function(d,l){\"use strict\";l.querySelector&&d.addEventListener&&\"undefined\"!=typeof URL&&(d.wp=d.wp||{},d.wp.receiveEmbedMessage||(d.wp.receiveEmbedMessage=function(e){var t=e.data;if((t||t.secret||t.message||t.value)&&!\/[^a-zA-Z0-9]\/.test(t.secret)){for(var s,r,n,a=l.querySelectorAll('iframe[data-secret=\"'+t.secret+'\"]'),o=l.querySelectorAll('blockquote[data-secret=\"'+t.secret+'\"]'),c=new RegExp(\"^https?:$\",\"i\"),i=0;i<o.length;i++)o[i].style.display=\"none\";for(i=0;i<a.length;i++)s=a[i],e.source===s.contentWindow&&(s.removeAttribute(\"style\"),\"height\"===t.message?(1e3<(r=parseInt(t.value,10))?r=1e3:~~r<200&&(r=200),s.height=r):\"link\"===t.message&&(r=new URL(s.getAttribute(\"src\")),n=new URL(t.value),c.test(n.protocol))&&n.host===r.host&&l.activeElement===s&&(d.top.location.href=t.value))}},d.addEventListener(\"message\",d.wp.receiveEmbedMessage,!1),l.addEventListener(\"DOMContentLoaded\",function(){for(var e,t,s=l.querySelectorAll(\"iframe.wp-embedded-content\"),r=0;r<s.length;r++)(t=(e=s[r]).getAttribute(\"data-secret\"))||(t=Math.random().toString(36).substring(2,12),e.src+=\"#?secret=\"+t,e.setAttribute(\"data-secret\",t)),e.contentWindow.postMessage({message:\"ready\",secret:t},\"*\")},!1)))}(window,document);\n\/* ]]> *\/\n<\/script>\n","thumbnail_url":"https:\/\/www.salzburgerland.com\/de\/magazin\/wp-content\/uploads\/2023\/07\/IMG_4437-scaled-e1688399500234.jpg","thumbnail_width":2560,"thumbnail_height":960,"description":"Vom S\u00fcdufer des Mondsees startet die Tour durch steileres Gel\u00e4nde hinauf Richtung Eisenau. Wer zu den Gl\u00fccklichen geh\u00f6rt, beim Wanderparkplatz einen Platz f\u00fcr das Auto zu finden, kann gleich direkt in die Wandertour einsteigen. Wenn der Parkplatz belegt ist, m\u00fcssen Wanderer entlang der Stra\u00dfe ihr Gl\u00fcck versuchen. Aber Achtung, dort gibt es viele Bereiche mit [&hellip;]"}