{"version":"1.0","provider_name":"SalzburgerLand Magazin","provider_url":"https:\/\/www.salzburgerland.com\/de\/magazin","author_name":"Christina Knauseder-Csipek","author_url":"https:\/\/www.salzburgerland.com\/de\/magazin\/author\/christina-knauseder-csipek\/","title":"Stadtrad: Radeln mit Stil","type":"rich","width":600,"height":338,"html":"<blockquote class=\"wp-embedded-content\" data-secret=\"0hXXpbrJRU\"><a href=\"https:\/\/www.salzburgerland.com\/de\/magazin\/stadtrad-radeln-mit-stil\/\">Stadtrad: Radeln mit Stil<\/a><\/blockquote><iframe sandbox=\"allow-scripts\" security=\"restricted\" src=\"https:\/\/www.salzburgerland.com\/de\/magazin\/stadtrad-radeln-mit-stil\/embed\/#?secret=0hXXpbrJRU\" width=\"600\" height=\"338\" title=\"&#8222;Stadtrad: Radeln mit Stil&#8220; &#8211; SalzburgerLand Magazin\" data-secret=\"0hXXpbrJRU\" frameborder=\"0\" marginwidth=\"0\" marginheight=\"0\" scrolling=\"no\" class=\"wp-embedded-content\"><\/iframe><script type=\"text\/javascript\">\n\/* <![CDATA[ *\/\n\/*! This file is auto-generated *\/\n!function(d,l){\"use strict\";l.querySelector&&d.addEventListener&&\"undefined\"!=typeof URL&&(d.wp=d.wp||{},d.wp.receiveEmbedMessage||(d.wp.receiveEmbedMessage=function(e){var t=e.data;if((t||t.secret||t.message||t.value)&&!\/[^a-zA-Z0-9]\/.test(t.secret)){for(var s,r,n,a=l.querySelectorAll('iframe[data-secret=\"'+t.secret+'\"]'),o=l.querySelectorAll('blockquote[data-secret=\"'+t.secret+'\"]'),c=new RegExp(\"^https?:$\",\"i\"),i=0;i<o.length;i++)o[i].style.display=\"none\";for(i=0;i<a.length;i++)s=a[i],e.source===s.contentWindow&&(s.removeAttribute(\"style\"),\"height\"===t.message?(1e3<(r=parseInt(t.value,10))?r=1e3:~~r<200&&(r=200),s.height=r):\"link\"===t.message&&(r=new URL(s.getAttribute(\"src\")),n=new URL(t.value),c.test(n.protocol))&&n.host===r.host&&l.activeElement===s&&(d.top.location.href=t.value))}},d.addEventListener(\"message\",d.wp.receiveEmbedMessage,!1),l.addEventListener(\"DOMContentLoaded\",function(){for(var e,t,s=l.querySelectorAll(\"iframe.wp-embedded-content\"),r=0;r<s.length;r++)(t=(e=s[r]).getAttribute(\"data-secret\"))||(t=Math.random().toString(36).substring(2,12),e.src+=\"#?secret=\"+t,e.setAttribute(\"data-secret\",t)),e.contentWindow.postMessage({message:\"ready\",secret:t},\"*\")},!1)))}(window,document);\n\/* ]]> *\/\n<\/script>\n","thumbnail_url":"https:\/\/www.salzburgerland.com\/de\/magazin\/wp-content\/uploads\/2017\/05\/christina_schreibt_Stadtrad_10.jpg","thumbnail_width":1600,"thumbnail_height":1067,"description":"Servus die Wadln! Im neuen \u201eStadtrad&#8220;-Shop im Salzburger Andr\u00e4viertel gibt es seit 1. M\u00e4rz 2017 viele sch\u00f6ne und bunte Gr\u00fcnde daf\u00fcr,\u00a0das Auto hin und wieder gegen den Drahtesel einzutauschen. Neben nostalgischem Hollandrad und schickem Retrobike stehen im \u201eStadtrad&#8220; \u00fcbrigens auch flotte E-Bikes zum Verkauf.\u00a0 Sch\u00f6n schauen sie aus, die vielen verschiedenen R\u00e4der, die\u00a0aufgef\u00e4delt wie an [&hellip;]"}