{"version":"1.0","provider_name":"SalzburgerLand Magazin","provider_url":"https:\/\/www.salzburgerland.com\/de\/magazin","author_name":"Ulli Hammerl","author_url":"https:\/\/www.salzburgerland.com\/de\/magazin\/author\/ulli-hammerl\/","title":"Salzburgs sch\u00f6nste Wochenm\u00e4rkte","type":"rich","width":600,"height":338,"html":"<blockquote class=\"wp-embedded-content\" data-secret=\"QNINLq43aE\"><a href=\"https:\/\/www.salzburgerland.com\/de\/magazin\/salzburgs-schoenste-wochenmaerkte\/\">Salzburgs sch\u00f6nste Wochenm\u00e4rkte<\/a><\/blockquote><iframe sandbox=\"allow-scripts\" security=\"restricted\" src=\"https:\/\/www.salzburgerland.com\/de\/magazin\/salzburgs-schoenste-wochenmaerkte\/embed\/#?secret=QNINLq43aE\" width=\"600\" height=\"338\" title=\"&#8222;Salzburgs sch\u00f6nste Wochenm\u00e4rkte&#8220; &#8211; SalzburgerLand Magazin\" data-secret=\"QNINLq43aE\" frameborder=\"0\" marginwidth=\"0\" marginheight=\"0\" scrolling=\"no\" class=\"wp-embedded-content\"><\/iframe><script type=\"text\/javascript\">\n\/* <![CDATA[ *\/\n\/*! This file is auto-generated *\/\n!function(d,l){\"use strict\";l.querySelector&&d.addEventListener&&\"undefined\"!=typeof URL&&(d.wp=d.wp||{},d.wp.receiveEmbedMessage||(d.wp.receiveEmbedMessage=function(e){var t=e.data;if((t||t.secret||t.message||t.value)&&!\/[^a-zA-Z0-9]\/.test(t.secret)){for(var s,r,n,a=l.querySelectorAll('iframe[data-secret=\"'+t.secret+'\"]'),o=l.querySelectorAll('blockquote[data-secret=\"'+t.secret+'\"]'),c=new RegExp(\"^https?:$\",\"i\"),i=0;i<o.length;i++)o[i].style.display=\"none\";for(i=0;i<a.length;i++)s=a[i],e.source===s.contentWindow&&(s.removeAttribute(\"style\"),\"height\"===t.message?(1e3<(r=parseInt(t.value,10))?r=1e3:~~r<200&&(r=200),s.height=r):\"link\"===t.message&&(r=new URL(s.getAttribute(\"src\")),n=new URL(t.value),c.test(n.protocol))&&n.host===r.host&&l.activeElement===s&&(d.top.location.href=t.value))}},d.addEventListener(\"message\",d.wp.receiveEmbedMessage,!1),l.addEventListener(\"DOMContentLoaded\",function(){for(var e,t,s=l.querySelectorAll(\"iframe.wp-embedded-content\"),r=0;r<s.length;r++)(t=(e=s[r]).getAttribute(\"data-secret\"))||(t=Math.random().toString(36).substring(2,12),e.src+=\"#?secret=\"+t,e.setAttribute(\"data-secret\",t)),e.contentWindow.postMessage({message:\"ready\",secret:t},\"*\")},!1)))}(window,document);\n\/* ]]> *\/\n<\/script>\n","thumbnail_url":"https:\/\/www.salzburgerland.com\/de\/magazin\/wp-content\/uploads\/2021\/09\/Maerkte_Schranne-210.jpg","thumbnail_width":1920,"thumbnail_height":1281,"description":"Egal zu welcher Jahreszeit, die bunte Vielfalt der Wochenm\u00e4rkte ist nicht nur optisch ein Genuss. Rot leuchten die knackigen Radieschen mit den saftigen Tomaten um die Wette. Sattgr\u00fcne Salate, Spinat und Mangold strotzen nur so vor Vitaminen. Dunkel-violett reihen sich die Roten R\u00fcben&nbsp;an die Melanzani und f\u00fcr einen kr\u00e4ftigen Farbtupfer sorgen die ersten orange-leuchtenden K\u00fcrbisse. [&hellip;]"}