{"version":"1.0","provider_name":"SalzburgerLand Magazin","provider_url":"https:\/\/www.salzburgerland.com\/de\/magazin","author_name":"Anke Eder","author_url":"https:\/\/www.salzburgerland.com\/de\/magazin\/author\/anke-eder\/","title":"Kr\u00e4uterfr\u00fchling im SalzburgerLand","type":"rich","width":600,"height":338,"html":"<blockquote class=\"wp-embedded-content\" data-secret=\"VkTdDrxL9j\"><a href=\"https:\/\/www.salzburgerland.com\/de\/magazin\/kraeuterfruehling-im-salzburgerland\/\">Kr\u00e4uterfr\u00fchling im SalzburgerLand<\/a><\/blockquote><iframe sandbox=\"allow-scripts\" security=\"restricted\" src=\"https:\/\/www.salzburgerland.com\/de\/magazin\/kraeuterfruehling-im-salzburgerland\/embed\/#?secret=VkTdDrxL9j\" width=\"600\" height=\"338\" title=\"&#8222;Kr\u00e4uterfr\u00fchling im SalzburgerLand&#8220; &#8211; SalzburgerLand Magazin\" data-secret=\"VkTdDrxL9j\" frameborder=\"0\" marginwidth=\"0\" marginheight=\"0\" scrolling=\"no\" class=\"wp-embedded-content\"><\/iframe><script type=\"text\/javascript\">\n\/* <![CDATA[ *\/\n\/*! This file is auto-generated *\/\n!function(d,l){\"use strict\";l.querySelector&&d.addEventListener&&\"undefined\"!=typeof URL&&(d.wp=d.wp||{},d.wp.receiveEmbedMessage||(d.wp.receiveEmbedMessage=function(e){var t=e.data;if((t||t.secret||t.message||t.value)&&!\/[^a-zA-Z0-9]\/.test(t.secret)){for(var s,r,n,a=l.querySelectorAll('iframe[data-secret=\"'+t.secret+'\"]'),o=l.querySelectorAll('blockquote[data-secret=\"'+t.secret+'\"]'),c=new RegExp(\"^https?:$\",\"i\"),i=0;i<o.length;i++)o[i].style.display=\"none\";for(i=0;i<a.length;i++)s=a[i],e.source===s.contentWindow&&(s.removeAttribute(\"style\"),\"height\"===t.message?(1e3<(r=parseInt(t.value,10))?r=1e3:~~r<200&&(r=200),s.height=r):\"link\"===t.message&&(r=new URL(s.getAttribute(\"src\")),n=new URL(t.value),c.test(n.protocol))&&n.host===r.host&&l.activeElement===s&&(d.top.location.href=t.value))}},d.addEventListener(\"message\",d.wp.receiveEmbedMessage,!1),l.addEventListener(\"DOMContentLoaded\",function(){for(var e,t,s=l.querySelectorAll(\"iframe.wp-embedded-content\"),r=0;r<s.length;r++)(t=(e=s[r]).getAttribute(\"data-secret\"))||(t=Math.random().toString(36).substring(2,12),e.src+=\"#?secret=\"+t,e.setAttribute(\"data-secret\",t)),e.contentWindow.postMessage({message:\"ready\",secret:t},\"*\")},!1)))}(window,document);\n\/* ]]> *\/\n<\/script>\n","thumbnail_url":"https:\/\/www.salzburgerland.com\/de\/magazin\/wp-content\/uploads\/2019\/03\/IMG_7598-e1553006991255.jpg","thumbnail_width":1600,"thumbnail_height":1200,"description":"In Salzburgs W\u00e4ldern, auf den Wiesen, in den Auen \u2013 \u00fcberall zeigen sich die ersten Fr\u00fchlingskr\u00e4uter, wie Giersch, B\u00e4rlauch und Brennnessel!\u00a0Ich habe mich auf die Suche nach den ersten Kr\u00e4utern im Jahr gemacht und gebe euch Tipps zum Sammeln und Verarbeiten. Wie und wo ich Kr\u00e4uter sammle Die wichtigste Regel lautet \u201eSammle nur die Pflanze, [&hellip;]"}