{"version":"1.0","provider_name":"SalzburgerLand Magazin","provider_url":"https:\/\/www.salzburgerland.com\/de\/magazin","author_name":"Christine Fr\u00f6schl","author_url":"https:\/\/www.salzburgerland.com\/de\/magazin\/author\/christine-froeschl\/","title":"Feuersalamander, Fr\u00f6sche und Kr\u00f6ten auf Wanderschaft","type":"rich","width":600,"height":338,"html":"<blockquote class=\"wp-embedded-content\" data-secret=\"770ZxHqtWE\"><a href=\"https:\/\/www.salzburgerland.com\/de\/magazin\/feuersalamander-froesche-und-kroeten-auf-wanderschaft\/\">Feuersalamander, Fr\u00f6sche und Kr\u00f6ten auf Wanderschaft<\/a><\/blockquote><iframe sandbox=\"allow-scripts\" security=\"restricted\" src=\"https:\/\/www.salzburgerland.com\/de\/magazin\/feuersalamander-froesche-und-kroeten-auf-wanderschaft\/embed\/#?secret=770ZxHqtWE\" width=\"600\" height=\"338\" title=\"&#8222;Feuersalamander, Fr\u00f6sche und Kr\u00f6ten auf Wanderschaft&#8220; &#8211; SalzburgerLand Magazin\" data-secret=\"770ZxHqtWE\" frameborder=\"0\" marginwidth=\"0\" marginheight=\"0\" scrolling=\"no\" class=\"wp-embedded-content\"><\/iframe><script type=\"text\/javascript\">\n\/* <![CDATA[ *\/\n\/*! This file is auto-generated *\/\n!function(d,l){\"use strict\";l.querySelector&&d.addEventListener&&\"undefined\"!=typeof URL&&(d.wp=d.wp||{},d.wp.receiveEmbedMessage||(d.wp.receiveEmbedMessage=function(e){var t=e.data;if((t||t.secret||t.message||t.value)&&!\/[^a-zA-Z0-9]\/.test(t.secret)){for(var s,r,n,a=l.querySelectorAll('iframe[data-secret=\"'+t.secret+'\"]'),o=l.querySelectorAll('blockquote[data-secret=\"'+t.secret+'\"]'),c=new RegExp(\"^https?:$\",\"i\"),i=0;i<o.length;i++)o[i].style.display=\"none\";for(i=0;i<a.length;i++)s=a[i],e.source===s.contentWindow&&(s.removeAttribute(\"style\"),\"height\"===t.message?(1e3<(r=parseInt(t.value,10))?r=1e3:~~r<200&&(r=200),s.height=r):\"link\"===t.message&&(r=new URL(s.getAttribute(\"src\")),n=new URL(t.value),c.test(n.protocol))&&n.host===r.host&&l.activeElement===s&&(d.top.location.href=t.value))}},d.addEventListener(\"message\",d.wp.receiveEmbedMessage,!1),l.addEventListener(\"DOMContentLoaded\",function(){for(var e,t,s=l.querySelectorAll(\"iframe.wp-embedded-content\"),r=0;r<s.length;r++)(t=(e=s[r]).getAttribute(\"data-secret\"))||(t=Math.random().toString(36).substring(2,12),e.src+=\"#?secret=\"+t,e.setAttribute(\"data-secret\",t)),e.contentWindow.postMessage({message:\"ready\",secret:t},\"*\")},!1)))}(window,document);\n\/* ]]> *\/\n<\/script>\n","thumbnail_url":"https:\/\/www.salzburgerland.com\/de\/magazin\/wp-content\/uploads\/2017\/04\/Feuersalamander-Robert-Hofrichter.jpg","thumbnail_width":1004,"thumbnail_height":670,"description":"Wer jetzt im Fr\u00fchjahr einen Spaziergang durch die W\u00e4lder des SalzburgerLandes unternimmt, sollte die Augen offen halten. Denn auf Erdkr\u00f6ten, Feuersalamander und Fr\u00f6sche trifft man selten so h\u00e4ufig wie jetzt. Wenn die Temperaturen nachts \u00fcber 5 Grad Celsius steigen und es regnet, beginnt die gro\u00dfe Wanderung zu B\u00e4chen, Seen, Teichen und T\u00fcmpeln. Den Winter haben [&hellip;]"}