{"version":"1.0","provider_name":"SalzburgerLand Magazin","provider_url":"https:\/\/www.salzburgerland.com\/de\/magazin","author_name":"Elisabeth G\u00f6llner-Kampel","author_url":"https:\/\/www.salzburgerland.com\/de\/magazin\/author\/elisabeth-goellner-kampel\/","title":"Ausflugstipp: Lammertaler Urwald","type":"rich","width":600,"height":338,"html":"<blockquote class=\"wp-embedded-content\" data-secret=\"6gnu8sPLJX\"><a href=\"https:\/\/www.salzburgerland.com\/de\/magazin\/familienwanderung-in-den-lammertaler-urwald\/\">Ausflugstipp: Lammertaler Urwald<\/a><\/blockquote><iframe sandbox=\"allow-scripts\" security=\"restricted\" src=\"https:\/\/www.salzburgerland.com\/de\/magazin\/familienwanderung-in-den-lammertaler-urwald\/embed\/#?secret=6gnu8sPLJX\" width=\"600\" height=\"338\" title=\"&#8222;Ausflugstipp: Lammertaler Urwald&#8220; &#8211; SalzburgerLand Magazin\" data-secret=\"6gnu8sPLJX\" frameborder=\"0\" marginwidth=\"0\" marginheight=\"0\" scrolling=\"no\" class=\"wp-embedded-content\"><\/iframe><script type=\"text\/javascript\">\n\/* <![CDATA[ *\/\n\/*! This file is auto-generated *\/\n!function(d,l){\"use strict\";l.querySelector&&d.addEventListener&&\"undefined\"!=typeof URL&&(d.wp=d.wp||{},d.wp.receiveEmbedMessage||(d.wp.receiveEmbedMessage=function(e){var t=e.data;if((t||t.secret||t.message||t.value)&&!\/[^a-zA-Z0-9]\/.test(t.secret)){for(var s,r,n,a=l.querySelectorAll('iframe[data-secret=\"'+t.secret+'\"]'),o=l.querySelectorAll('blockquote[data-secret=\"'+t.secret+'\"]'),c=new RegExp(\"^https?:$\",\"i\"),i=0;i<o.length;i++)o[i].style.display=\"none\";for(i=0;i<a.length;i++)s=a[i],e.source===s.contentWindow&&(s.removeAttribute(\"style\"),\"height\"===t.message?(1e3<(r=parseInt(t.value,10))?r=1e3:~~r<200&&(r=200),s.height=r):\"link\"===t.message&&(r=new URL(s.getAttribute(\"src\")),n=new URL(t.value),c.test(n.protocol))&&n.host===r.host&&l.activeElement===s&&(d.top.location.href=t.value))}},d.addEventListener(\"message\",d.wp.receiveEmbedMessage,!1),l.addEventListener(\"DOMContentLoaded\",function(){for(var e,t,s=l.querySelectorAll(\"iframe.wp-embedded-content\"),r=0;r<s.length;r++)(t=(e=s[r]).getAttribute(\"data-secret\"))||(t=Math.random().toString(36).substring(2,12),e.src+=\"#?secret=\"+t,e.setAttribute(\"data-secret\",t)),e.contentWindow.postMessage({message:\"ready\",secret:t},\"*\")},!1)))}(window,document);\n\/* ]]> *\/\n<\/script>\n","thumbnail_url":"https:\/\/www.salzburgerland.com\/de\/magazin\/wp-content\/uploads\/2017\/09\/3-Aufstieg-ber-den-Sonnen.jpg","thumbnail_width":1200,"thumbnail_height":799,"description":"Der Parkplatz Spie\u00dfalm liegt schon recht hoch oben und so ist das kleine Wegerl und der anschlie\u00dfende breite Schotterweg zur Spie\u00dfalm flugs bew\u00e4ltigt. Au\u00dferdem laden immer wieder B\u00e4nke zum Rasten und Genie\u00dfen der sch\u00f6nen Aussicht ein. Die Spie\u00dfalm ist von Anfang Mai bis Anfang Oktober ge\u00f6ffnet (Montag ist Ruhetag) und bekannt f\u00fcr den selbstgemachten, g\u00b4schmackigen [&hellip;]"}