{"version":"1.0","provider_name":"SalzburgerLand Magazin","provider_url":"https:\/\/www.salzburgerland.com\/de\/magazin","author_name":"Christina Knauseder-Csipek","author_url":"https:\/\/www.salzburgerland.com\/de\/magazin\/author\/christina-knauseder-csipek\/","title":"Bewegt: das neue Halleiner Aktivprogramm","type":"rich","width":600,"height":338,"html":"<blockquote class=\"wp-embedded-content\" data-secret=\"VpBFzkCI7H\"><a href=\"https:\/\/www.salzburgerland.com\/de\/magazin\/bewegt-das-neue-halleiner-aktivprogramm\/\">Bewegt: das neue Halleiner Aktivprogramm<\/a><\/blockquote><iframe sandbox=\"allow-scripts\" security=\"restricted\" src=\"https:\/\/www.salzburgerland.com\/de\/magazin\/bewegt-das-neue-halleiner-aktivprogramm\/embed\/#?secret=VpBFzkCI7H\" width=\"600\" height=\"338\" title=\"&#8222;Bewegt: das neue Halleiner Aktivprogramm&#8220; &#8211; SalzburgerLand Magazin\" data-secret=\"VpBFzkCI7H\" frameborder=\"0\" marginwidth=\"0\" marginheight=\"0\" scrolling=\"no\" class=\"wp-embedded-content\"><\/iframe><script type=\"text\/javascript\">\n\/* <![CDATA[ *\/\n\/*! This file is auto-generated *\/\n!function(d,l){\"use strict\";l.querySelector&&d.addEventListener&&\"undefined\"!=typeof URL&&(d.wp=d.wp||{},d.wp.receiveEmbedMessage||(d.wp.receiveEmbedMessage=function(e){var t=e.data;if((t||t.secret||t.message||t.value)&&!\/[^a-zA-Z0-9]\/.test(t.secret)){for(var s,r,n,a=l.querySelectorAll('iframe[data-secret=\"'+t.secret+'\"]'),o=l.querySelectorAll('blockquote[data-secret=\"'+t.secret+'\"]'),c=new RegExp(\"^https?:$\",\"i\"),i=0;i<o.length;i++)o[i].style.display=\"none\";for(i=0;i<a.length;i++)s=a[i],e.source===s.contentWindow&&(s.removeAttribute(\"style\"),\"height\"===t.message?(1e3<(r=parseInt(t.value,10))?r=1e3:~~r<200&&(r=200),s.height=r):\"link\"===t.message&&(r=new URL(s.getAttribute(\"src\")),n=new URL(t.value),c.test(n.protocol))&&n.host===r.host&&l.activeElement===s&&(d.top.location.href=t.value))}},d.addEventListener(\"message\",d.wp.receiveEmbedMessage,!1),l.addEventListener(\"DOMContentLoaded\",function(){for(var e,t,s=l.querySelectorAll(\"iframe.wp-embedded-content\"),r=0;r<s.length;r++)(t=(e=s[r]).getAttribute(\"data-secret\"))||(t=Math.random().toString(36).substring(2,12),e.src+=\"#?secret=\"+t,e.setAttribute(\"data-secret\",t)),e.contentWindow.postMessage({message:\"ready\",secret:t},\"*\")},!1)))}(window,document);\n\/* ]]> *\/\n<\/script>\n","thumbnail_url":"https:\/\/www.salzburgerland.com\/de\/magazin\/wp-content\/uploads\/2018\/05\/Wandern-in-Bad-Du\u0308rrnberg-11-c-TVB-Maislinger.jpg","thumbnail_width":1600,"thumbnail_height":1067,"description":"\u00dcber saftige Bergwiesen wandern und vorbei an hochaufragenden Felsw\u00e4nden, die Stadt Hallein zu F\u00fc\u00dfen und die beeindruckende Bergwelt am Horizont: Das neue Halleiner Aktivprogramm bietet f\u00fcr Wanderbegeisterte und Naturliebhaber eine bunte Vielfalt an M\u00f6glichkeiten. Aber auch Freunde kulinarischer Gen\u00fcsse, historischer Stadtf\u00fchrungen, kultureller Highlights und mehr kommen beim Aktivprogramm voll auf ihre Kosten. Wir haben uns [&hellip;]"}