{"version":"1.0","provider_name":"SalzburgerLand Magazin","provider_url":"https:\/\/www.salzburgerland.com\/de\/magazin","author_name":"Heiko Mandl","author_url":"https:\/\/www.salzburgerland.com\/de\/magazin\/author\/heiko-mandl\/","title":"30 Jahre Bauernherbst","type":"rich","width":600,"height":338,"html":"<blockquote class=\"wp-embedded-content\" data-secret=\"oIHdSvwmu2\"><a href=\"https:\/\/www.salzburgerland.com\/de\/magazin\/30-jahre-bauernherbst\/\">30 Jahre Bauernherbst<\/a><\/blockquote><iframe sandbox=\"allow-scripts\" security=\"restricted\" src=\"https:\/\/www.salzburgerland.com\/de\/magazin\/30-jahre-bauernherbst\/embed\/#?secret=oIHdSvwmu2\" width=\"600\" height=\"338\" title=\"&#8222;30 Jahre Bauernherbst&#8220; &#8211; SalzburgerLand Magazin\" data-secret=\"oIHdSvwmu2\" frameborder=\"0\" marginwidth=\"0\" marginheight=\"0\" scrolling=\"no\" class=\"wp-embedded-content\"><\/iframe><script type=\"text\/javascript\">\n\/* <![CDATA[ *\/\n\/*! This file is auto-generated *\/\n!function(d,l){\"use strict\";l.querySelector&&d.addEventListener&&\"undefined\"!=typeof URL&&(d.wp=d.wp||{},d.wp.receiveEmbedMessage||(d.wp.receiveEmbedMessage=function(e){var t=e.data;if((t||t.secret||t.message||t.value)&&!\/[^a-zA-Z0-9]\/.test(t.secret)){for(var s,r,n,a=l.querySelectorAll('iframe[data-secret=\"'+t.secret+'\"]'),o=l.querySelectorAll('blockquote[data-secret=\"'+t.secret+'\"]'),c=new RegExp(\"^https?:$\",\"i\"),i=0;i<o.length;i++)o[i].style.display=\"none\";for(i=0;i<a.length;i++)s=a[i],e.source===s.contentWindow&&(s.removeAttribute(\"style\"),\"height\"===t.message?(1e3<(r=parseInt(t.value,10))?r=1e3:~~r<200&&(r=200),s.height=r):\"link\"===t.message&&(r=new URL(s.getAttribute(\"src\")),n=new URL(t.value),c.test(n.protocol))&&n.host===r.host&&l.activeElement===s&&(d.top.location.href=t.value))}},d.addEventListener(\"message\",d.wp.receiveEmbedMessage,!1),l.addEventListener(\"DOMContentLoaded\",function(){for(var e,t,s=l.querySelectorAll(\"iframe.wp-embedded-content\"),r=0;r<s.length;r++)(t=(e=s[r]).getAttribute(\"data-secret\"))||(t=Math.random().toString(36).substring(2,12),e.src+=\"#?secret=\"+t,e.setAttribute(\"data-secret\",t)),e.contentWindow.postMessage({message:\"ready\",secret:t},\"*\")},!1)))}(window,document);\n\/* ]]> *\/\n<\/script>\n","thumbnail_url":"https:\/\/www.salzburgerland.com\/de\/magazin\/wp-content\/uploads\/2025\/08\/RS335_10094-1010_Bauernherbst_A11__058-1-lpr.jpg","thumbnail_width":2000,"thumbnail_height":1465,"description":"Zum 30-j\u00e4hrigen Jubil\u00e4um wird vom 23. August bis 31. Oktober 2025 in 76 Orten besonders klangvoll gefeiert. Das Er\u00f6ffnungsfest setzt den glanzvollen Startschuss f\u00fcr 30 Jahre Bauernherbst. In Dorfgastein wird dabei der Bauernherbst gemeinsam mit den fr\u00fcheren Er\u00f6ffnungsorten gefeiert. Sie pr\u00e4sentieren zusammen die Bauernherbst-Mottos der letzten 30 Jahre und zeigen das im ganzen SalzburgerLand erlebbare [&hellip;]"}