{"id":164791,"date":"2026-04-01T10:27:36","date_gmt":"2026-04-01T08:27:36","guid":{"rendered":"https:\/\/www.salzburgerland.com\/cs\/?post_type=entity&#038;p=164791"},"modified":"2026-04-02T08:50:07","modified_gmt":"2026-04-02T06:50:07","slug":"piesendorf-a-niedernsill-v-lete","status":"publish","type":"entity","link":"https:\/\/www.salzburgerland.com\/cs\/piesendorf-a-niedernsill-v-lete\/","title":{"rendered":"Piesendorf a Niedernsill v l\u00e9t\u011b"},"content":{"rendered":"<p><strong>Piesendorf a Niedernsill<\/strong> le\u017e\u00ed mezi m\u011bkk\u00fdmi travnat\u00fdmi svahy <strong>Kitzb\u00fchelsk\u00fdch Alp<\/strong> a v\u00fdrazn\u00fdmi vrcholy poho\u0159\u00ed Vysok\u00e9 Taury. Dv\u011b obce v oblasti <a href=\"https:\/\/www.salzburgerland.com\/cs\/prazdninovy-region-narodni-park-vysoke-taury-v-lete\/\">N\u00e1rodn\u00edho parku Vysok\u00e9 Taury<\/a> spojuje klidn\u00e1 atmosf\u00e9ra, bl\u00edzkost p\u0159\u00edrody a p\u0159ehledn\u00e1 nab\u00eddka aktivit, kter\u00e9 za\u010d\u00ednaj\u00ed prakticky hned za dve\u0159mi. M\u00edsto, kde r\u00e1no vyraz\u00edte na t\u00faru, odpoledne se vykoupete a ve\u010der posed\u00edte na horsk\u00e9 chat\u011b s v\u00fdhledem do \u00fadol\u00ed.<\/p>\n\n\t\t\t<div id=\"164791-1\" class=\"gallery gallery-164791 gallery-columns-3 gallery-size-1170_658\" itemscope itemtype=\"http:\/\/schema.org\/ImageGallery\">\n\t\t\t\t<ul class=\"gallery-row gallery-col-3 gallery-clear\">\n\t\t\t\t\t<li class=\"gallery-item col-3\" itemprop=\"associatedMedia\" itemscope itemtype=\"http:\/\/schema.org\/ImageObject\">\n\t\t\t\t\t\t<div class=\"gallery-icon landscape\"><a href=\"https:\/\/www.salzburgerland.com\/cs\/wp-content\/uploads\/2026\/04\/piesendorf_ort_mit_pinzgauer_lokalbahn_und_hinkelsteinbadtvb_piesendorf_niedernsill_foto_harry_liebmann-1897x1067.jpg\" title=\"piesendorf_ort_mit_pinzgauer_lokalbahn_und_hinkelsteinbad\u00a9tvb_piesendorf_niedernsill_foto_harry_liebmann\"><img decoding=\"async\" data-title=\"Piesendorf s Pinzgauer Lokalbahn a koupali\u0161t\u011bm Hinkelsteinbad v \u00fadol\u00ed Salzachu \u00a9 TVB Piesendorf Niedernsill\" title=\"Piesendorf s Pinzgauer Lokalbahn a koupali\u0161t\u011bm Hinkelsteinbad v \u00fadol\u00ed Salzachu \u00a9 TVB Piesendorf Niedernsill\" data-caption=\"Piesendorf s Pinzgauer Lokalbahn a koupali\u0161t\u011bm Hinkelsteinbad v \u00fadol\u00ed Salzachu \u00a9 TVB Piesendorf Niedernsill\" width=\"1170\" height=\"658\" src=\"https:\/\/www.salzburgerland.com\/cs\/wp-content\/uploads\/2026\/04\/piesendorf_ort_mit_pinzgauer_lokalbahn_und_hinkelsteinbadtvb_piesendorf_niedernsill_foto_harry_liebmann-1170x658.jpg\" class=\"attachment-1170_658 size-1170_658\" alt=\"M\u011bste\u010dko Piesendorf s pinzgauskou lok\u00e1lkou a koupali\u0161t\u011bm Hinkelsteinbad (Zv\u011bt\u0161en\u00fd pohled)\" srcset=\"https:\/\/www.salzburgerland.com\/cs\/wp-content\/uploads\/2026\/04\/piesendorf_ort_mit_pinzgauer_lokalbahn_und_hinkelsteinbadtvb_piesendorf_niedernsill_foto_harry_liebmann-1170x658.jpg 1170w, https:\/\/www.salzburgerland.com\/cs\/wp-content\/uploads\/2026\/04\/piesendorf_ort_mit_pinzgauer_lokalbahn_und_hinkelsteinbadtvb_piesendorf_niedernsill_foto_harry_liebmann-1897x1067.jpg 1897w, https:\/\/www.salzburgerland.com\/cs\/wp-content\/uploads\/2026\/04\/piesendorf_ort_mit_pinzgauer_lokalbahn_und_hinkelsteinbadtvb_piesendorf_niedernsill_foto_harry_liebmann-768x432.jpg 768w, https:\/\/www.salzburgerland.com\/cs\/wp-content\/uploads\/2026\/04\/piesendorf_ort_mit_pinzgauer_lokalbahn_und_hinkelsteinbadtvb_piesendorf_niedernsill_foto_harry_liebmann-1536x864.jpg 1536w, https:\/\/www.salzburgerland.com\/cs\/wp-content\/uploads\/2026\/04\/piesendorf_ort_mit_pinzgauer_lokalbahn_und_hinkelsteinbadtvb_piesendorf_niedernsill_foto_harry_liebmann-2048x1152.jpg 2048w, https:\/\/www.salzburgerland.com\/cs\/wp-content\/uploads\/2026\/04\/piesendorf_ort_mit_pinzgauer_lokalbahn_und_hinkelsteinbadtvb_piesendorf_niedernsill_foto_harry_liebmann-1200x675.jpg 1200w\" sizes=\"(max-width: 1170px) 100vw, 1170px\" aria-describedby=\"figcaption-164791-164818\" itemprop=\"thumbnail\"><\/a><\/div>\n\t\t\t\t\t\t<span id=\"figcaption-164791-164818\" class=\"gallery-caption\" itemprop=\"caption\"><span aria-hidden=\"true\">Piesendorf s Pinzgauer Lokalbahn a koupali\u0161t\u011bm Hinkelsteinbad v \u00fadol\u00ed Salzachu \u00a9 TVB Piesendorf Niedernsill<\/span><\/span>\n\t\t\t\t\t<\/li>\n\t\t\t\t\t<li class=\"gallery-item col-3\" itemprop=\"associatedMedia\" itemscope itemtype=\"http:\/\/schema.org\/ImageObject\">\n\t\t\t\t\t\t<div class=\"gallery-icon landscape\"><a href=\"https:\/\/www.salzburgerland.com\/cs\/wp-content\/uploads\/2026\/04\/herbst_in_niedernsilltvb_piesendorf_niedernsill-1897x1067.jpeg\" title=\"herbst_in_niedernsill\u00a9tvb_piesendorf_niedernsill\"><img decoding=\"async\" data-title=\"Niedernsill v klidn\u00e9 krajin\u011b s v\u00fdhledy na hory \u00a9 TVB Piesendorf Niedernsill\" title=\"Niedernsill v klidn\u00e9 krajin\u011b s v\u00fdhledy na hory \u00a9 TVB Piesendorf Niedernsill\" data-caption=\"Niedernsill v klidn\u00e9 krajin\u011b s v\u00fdhledy na hory \u00a9 TVB Piesendorf Niedernsill\" width=\"1170\" height=\"658\" src=\"https:\/\/www.salzburgerland.com\/cs\/wp-content\/uploads\/2026\/04\/herbst_in_niedernsilltvb_piesendorf_niedernsill-1170x658.jpeg\" class=\"attachment-1170_658 size-1170_658\" alt=\"Obec Niedernsill v l\u00e9t\u011b, se zelen\u00fdmi poli a domy v horsk\u00e9m \u00fadol\u00ed. (Zv\u011bt\u0161en\u00fd pohled)\" srcset=\"https:\/\/www.salzburgerland.com\/cs\/wp-content\/uploads\/2026\/04\/herbst_in_niedernsilltvb_piesendorf_niedernsill-1170x658.jpeg 1170w, https:\/\/www.salzburgerland.com\/cs\/wp-content\/uploads\/2026\/04\/herbst_in_niedernsilltvb_piesendorf_niedernsill-1897x1067.jpeg 1897w, https:\/\/www.salzburgerland.com\/cs\/wp-content\/uploads\/2026\/04\/herbst_in_niedernsilltvb_piesendorf_niedernsill-768x432.jpeg 768w, https:\/\/www.salzburgerland.com\/cs\/wp-content\/uploads\/2026\/04\/herbst_in_niedernsilltvb_piesendorf_niedernsill-1536x864.jpeg 1536w, https:\/\/www.salzburgerland.com\/cs\/wp-content\/uploads\/2026\/04\/herbst_in_niedernsilltvb_piesendorf_niedernsill-1200x675.jpeg 1200w, https:\/\/www.salzburgerland.com\/cs\/wp-content\/uploads\/2026\/04\/herbst_in_niedernsilltvb_piesendorf_niedernsill.jpeg 1920w\" sizes=\"(max-width: 1170px) 100vw, 1170px\" aria-describedby=\"figcaption-164791-164819\" itemprop=\"thumbnail\"><\/a><\/div>\n\t\t\t\t\t\t<span id=\"figcaption-164791-164819\" class=\"gallery-caption\" itemprop=\"caption\"><span aria-hidden=\"true\">Niedernsill v klidn\u00e9 krajin\u011b s v\u00fdhledy na hory \u00a9 TVB Piesendorf Niedernsill<\/span><\/span>\n\t\t\t\t\t<\/li>\n\t\t\t\t\t<li class=\"gallery-item col-3\" itemprop=\"associatedMedia\" itemscope itemtype=\"http:\/\/schema.org\/ImageObject\">\n\t\t\t\t\t\t<div class=\"gallery-icon landscape\"><a href=\"https:\/\/www.salzburgerland.com\/cs\/wp-content\/uploads\/2026\/04\/traditioneller_ortsteil_aisdorf_von_niedernsilltvb_piesendorf_niedernsill_foto_harry_liebmann-1897x1067.jpg\" title=\"Screenshot\"><img decoding=\"async\" data-title=\"Tradi\u010dn\u00ed \u010d\u00e1st Aisdorf v Niedernsillu s typickou alpskou architekturou \u00a9 TVB Piesendorf Niedernsill\" title=\"Tradi\u010dn\u00ed \u010d\u00e1st Aisdorf v Niedernsillu s typickou alpskou architekturou \u00a9 TVB Piesendorf Niedernsill\" data-caption=\"Tradi\u010dn\u00ed \u010d\u00e1st Aisdorf v Niedernsillu s typickou alpskou architekturou \u00a9 TVB Piesendorf Niedernsill\" width=\"1170\" height=\"658\" src=\"https:\/\/www.salzburgerland.com\/cs\/wp-content\/uploads\/2026\/04\/traditioneller_ortsteil_aisdorf_von_niedernsilltvb_piesendorf_niedernsill_foto_harry_liebmann-1170x658.jpg\" class=\"attachment-1170_658 size-1170_658\" alt=\"Tradi\u010dn\u00ed \u010d\u00e1st Aisdorf v Niedernsillu s typickou alpskou architekturou a d\u0159ev\u011bn\u00fdmi domy (Zv\u011bt\u0161en\u00fd pohled)\" srcset=\"https:\/\/www.salzburgerland.com\/cs\/wp-content\/uploads\/2026\/04\/traditioneller_ortsteil_aisdorf_von_niedernsilltvb_piesendorf_niedernsill_foto_harry_liebmann-1170x658.jpg 1170w, https:\/\/www.salzburgerland.com\/cs\/wp-content\/uploads\/2026\/04\/traditioneller_ortsteil_aisdorf_von_niedernsilltvb_piesendorf_niedernsill_foto_harry_liebmann-1897x1067.jpg 1897w, https:\/\/www.salzburgerland.com\/cs\/wp-content\/uploads\/2026\/04\/traditioneller_ortsteil_aisdorf_von_niedernsilltvb_piesendorf_niedernsill_foto_harry_liebmann-768x432.jpg 768w, https:\/\/www.salzburgerland.com\/cs\/wp-content\/uploads\/2026\/04\/traditioneller_ortsteil_aisdorf_von_niedernsilltvb_piesendorf_niedernsill_foto_harry_liebmann-1536x864.jpg 1536w, https:\/\/www.salzburgerland.com\/cs\/wp-content\/uploads\/2026\/04\/traditioneller_ortsteil_aisdorf_von_niedernsilltvb_piesendorf_niedernsill_foto_harry_liebmann-2048x1152.jpg 2048w, https:\/\/www.salzburgerland.com\/cs\/wp-content\/uploads\/2026\/04\/traditioneller_ortsteil_aisdorf_von_niedernsilltvb_piesendorf_niedernsill_foto_harry_liebmann-1200x675.jpg 1200w\" sizes=\"(max-width: 1170px) 100vw, 1170px\" aria-describedby=\"figcaption-164791-164820\" itemprop=\"thumbnail\"><\/a><\/div>\n\t\t\t\t\t\t<span id=\"figcaption-164791-164820\" class=\"gallery-caption\" itemprop=\"caption\"><span aria-hidden=\"true\">Tradi\u010dn\u00ed \u010d\u00e1st Aisdorf v Niedernsillu s typickou alpskou architekturou \u00a9 TVB Piesendorf Niedernsill<\/span><\/span>\n\t\t\t\t\t<\/li>\n\t\t\t\t<\/ul>\n\t\t\t<\/div><!-- .gallery -->\n\n<h3><strong>Mezi \u00fadol\u00edm a t\u0159\u00edtis\u00edcovkami n\u00e1rodn\u00edho parku<\/strong><\/h3>\n<p>Poloha mezi \u00fadol\u00edm \u0159eky Salzach a horsk\u00fdmi h\u0159ebeny d\u00e1v\u00e1 oblasti p\u0159irozenou pestrost. Na jedn\u00e9 stran\u011b otev\u0159en\u00e1 krajina s loukami a cyklostezkami, na druh\u00e9 stran\u011b horsk\u00e9 svahy, pastviny a v\u00fdhledy sm\u011brem k Vysok\u00fdm Taur\u00e1m. D\u00edky bl\u00edzkosti Zell am See Kaprun je v\u0161echno d\u016fle\u017eit\u00e9 na dosah, ale samotn\u00e9 obce si zachov\u00e1vaj\u00ed klid a p\u0159irozen\u00e9 alpsk\u00e9 tempo.<\/p>\n\n\t\t\t<div id=\"164791-2\" class=\"gallery gallery-164791 gallery-columns-3 gallery-size-1170_658\" itemscope itemtype=\"http:\/\/schema.org\/ImageGallery\">\n\t\t\t\t<ul class=\"gallery-row gallery-col-3 gallery-clear\">\n\t\t\t\t\t<li class=\"gallery-item col-3\" itemprop=\"associatedMedia\" itemscope itemtype=\"http:\/\/schema.org\/ImageObject\">\n\t\t\t\t\t\t<div class=\"gallery-icon landscape\"><a href=\"https:\/\/www.salzburgerland.com\/cs\/wp-content\/uploads\/2026\/04\/blumenwiese_mit_blick_auf_die_hohe_arche_in_piesendorf_niedernsilltvb_piesendorf_niedernsill_foto_harry_liebmann-1897x1067.jpg\" title=\"blumenwiese_mit_blick_auf_die_hohe_arche_in_piesendorf_niedernsill\u00a9tvb_piesendorf_niedernsill_foto_harry_liebmann\"><img decoding=\"async\" data-title=\"Kvetouc\u00ed louka s v\u00fdhledem na Hohe Arche \u00a9 TVB Piesendorf Niedernsill, Harry Liebmann\" title=\"Kvetouc\u00ed louka s v\u00fdhledem na Hohe Arche \u00a9 TVB Piesendorf Niedernsill, Harry Liebmann\" data-caption=\"Kvetouc\u00ed louka s v\u00fdhledem na Hohe Arche \u00a9 TVB Piesendorf Niedernsill, Harry Liebmann\" width=\"1170\" height=\"658\" src=\"https:\/\/www.salzburgerland.com\/cs\/wp-content\/uploads\/2026\/04\/blumenwiese_mit_blick_auf_die_hohe_arche_in_piesendorf_niedernsilltvb_piesendorf_niedernsill_foto_harry_liebmann-1170x658.jpg\" class=\"attachment-1170_658 size-1170_658\" alt=\"Rozkvetl\u00e1 horsk\u00e1 louka v okol\u00ed Piesendorfu a Niedernsillu s v\u00fdhledem na vrchol Hohe Arche a okoln\u00ed alpskou krajinu (Zv\u011bt\u0161en\u00fd pohled)\" srcset=\"https:\/\/www.salzburgerland.com\/cs\/wp-content\/uploads\/2026\/04\/blumenwiese_mit_blick_auf_die_hohe_arche_in_piesendorf_niedernsilltvb_piesendorf_niedernsill_foto_harry_liebmann-1170x658.jpg 1170w, https:\/\/www.salzburgerland.com\/cs\/wp-content\/uploads\/2026\/04\/blumenwiese_mit_blick_auf_die_hohe_arche_in_piesendorf_niedernsilltvb_piesendorf_niedernsill_foto_harry_liebmann-1897x1067.jpg 1897w, https:\/\/www.salzburgerland.com\/cs\/wp-content\/uploads\/2026\/04\/blumenwiese_mit_blick_auf_die_hohe_arche_in_piesendorf_niedernsilltvb_piesendorf_niedernsill_foto_harry_liebmann-768x432.jpg 768w, https:\/\/www.salzburgerland.com\/cs\/wp-content\/uploads\/2026\/04\/blumenwiese_mit_blick_auf_die_hohe_arche_in_piesendorf_niedernsilltvb_piesendorf_niedernsill_foto_harry_liebmann-1536x864.jpg 1536w, https:\/\/www.salzburgerland.com\/cs\/wp-content\/uploads\/2026\/04\/blumenwiese_mit_blick_auf_die_hohe_arche_in_piesendorf_niedernsilltvb_piesendorf_niedernsill_foto_harry_liebmann-2048x1152.jpg 2048w, https:\/\/www.salzburgerland.com\/cs\/wp-content\/uploads\/2026\/04\/blumenwiese_mit_blick_auf_die_hohe_arche_in_piesendorf_niedernsilltvb_piesendorf_niedernsill_foto_harry_liebmann-1200x675.jpg 1200w\" sizes=\"(max-width: 1170px) 100vw, 1170px\" aria-describedby=\"figcaption-164791-164829\" itemprop=\"thumbnail\"><\/a><\/div>\n\t\t\t\t\t\t<span id=\"figcaption-164791-164829\" class=\"gallery-caption\" itemprop=\"caption\"><span aria-hidden=\"true\">Kvetouc\u00ed louka s v\u00fdhledem na Hohe Arche \u00a9 TVB Piesendorf Niedernsill, Harry Liebmann<\/span><\/span>\n\t\t\t\t\t<\/li>\n\t\t\t\t\t<li class=\"gallery-item col-3\" itemprop=\"associatedMedia\" itemscope itemtype=\"http:\/\/schema.org\/ImageObject\">\n\t\t\t\t\t\t<div class=\"gallery-icon landscape\"><a href=\"https:\/\/www.salzburgerland.com\/cs\/wp-content\/uploads\/2026\/04\/naturlandschaft_in_piesendorf_niedernsilltvb_piesendorf_niedernsill-1897x1067.jpeg\" title=\"naturlandschaft_in_piesendorf_niedernsill\u00a9tvb_piesendorf_niedernsill\"><img decoding=\"async\" data-title=\"P\u0159\u00edrodn\u00ed krajina v okol\u00ed Piesendorfu a Niedernsillu \u00a9 TVB Piesendorf Niedernsill\" title=\"P\u0159\u00edrodn\u00ed krajina v okol\u00ed Piesendorfu a Niedernsillu \u00a9 TVB Piesendorf Niedernsill\" data-caption=\"P\u0159\u00edrodn\u00ed krajina v okol\u00ed Piesendorfu a Niedernsillu \u00a9 TVB Piesendorf Niedernsill\" width=\"1170\" height=\"658\" src=\"https:\/\/www.salzburgerland.com\/cs\/wp-content\/uploads\/2026\/04\/naturlandschaft_in_piesendorf_niedernsilltvb_piesendorf_niedernsill-1170x658.jpeg\" class=\"attachment-1170_658 size-1170_658\" alt=\"Pohled na p\u0159irozenou krajinu v oblasti Piesendorf a Niedernsill s loukami, lesy a horami v pozad\u00ed (Zv\u011bt\u0161en\u00fd pohled)\" srcset=\"https:\/\/www.salzburgerland.com\/cs\/wp-content\/uploads\/2026\/04\/naturlandschaft_in_piesendorf_niedernsilltvb_piesendorf_niedernsill-1170x658.jpeg 1170w, https:\/\/www.salzburgerland.com\/cs\/wp-content\/uploads\/2026\/04\/naturlandschaft_in_piesendorf_niedernsilltvb_piesendorf_niedernsill-1897x1067.jpeg 1897w, https:\/\/www.salzburgerland.com\/cs\/wp-content\/uploads\/2026\/04\/naturlandschaft_in_piesendorf_niedernsilltvb_piesendorf_niedernsill-768x432.jpeg 768w, https:\/\/www.salzburgerland.com\/cs\/wp-content\/uploads\/2026\/04\/naturlandschaft_in_piesendorf_niedernsilltvb_piesendorf_niedernsill-1536x864.jpeg 1536w, https:\/\/www.salzburgerland.com\/cs\/wp-content\/uploads\/2026\/04\/naturlandschaft_in_piesendorf_niedernsilltvb_piesendorf_niedernsill-1200x675.jpeg 1200w, https:\/\/www.salzburgerland.com\/cs\/wp-content\/uploads\/2026\/04\/naturlandschaft_in_piesendorf_niedernsilltvb_piesendorf_niedernsill.jpeg 1920w\" sizes=\"(max-width: 1170px) 100vw, 1170px\" aria-describedby=\"figcaption-164791-164831\" itemprop=\"thumbnail\"><\/a><\/div>\n\t\t\t\t\t\t<span id=\"figcaption-164791-164831\" class=\"gallery-caption\" itemprop=\"caption\"><span aria-hidden=\"true\">P\u0159\u00edrodn\u00ed krajina v okol\u00ed Piesendorfu a Niedernsillu \u00a9 TVB Piesendorf Niedernsill<\/span><\/span>\n\t\t\t\t\t<\/li>\n\t\t\t\t\t<li class=\"gallery-item col-3\" itemprop=\"associatedMedia\" itemscope itemtype=\"http:\/\/schema.org\/ImageObject\">\n\t\t\t\t\t\t<div class=\"gallery-icon landscape\"><a href=\"https:\/\/www.salzburgerland.com\/cs\/wp-content\/uploads\/2026\/04\/kuehle_rastplaetze_in_piesendorf_niedernsilltvb_piesendorf_niedernsill-1897x1067.jpeg\" title=\"kuehle_rastplaetze_in_piesendorf_niedernsill\u00a9tvb_piesendorf_niedernsill\"><img decoding=\"async\" data-title=\"P\u0159\u00edjemn\u00e1 odpo\u010dinkov\u00e1 m\u00edsta v p\u0159\u00edrod\u011b v okol\u00ed Piesendorfu a Niedernsillu \u00a9 TVB Piesendorf Niedernsill\" title=\"P\u0159\u00edjemn\u00e1 odpo\u010dinkov\u00e1 m\u00edsta v p\u0159\u00edrod\u011b v okol\u00ed Piesendorfu a Niedernsillu \u00a9 TVB Piesendorf Niedernsill\" data-caption=\"P\u0159\u00edjemn\u00e1 odpo\u010dinkov\u00e1 m\u00edsta v p\u0159\u00edrod\u011b v okol\u00ed Piesendorfu a Niedernsillu \u00a9 TVB Piesendorf Niedernsill\" width=\"1170\" height=\"658\" src=\"https:\/\/www.salzburgerland.com\/cs\/wp-content\/uploads\/2026\/04\/kuehle_rastplaetze_in_piesendorf_niedernsilltvb_piesendorf_niedernsill-1170x658.jpeg\" class=\"attachment-1170_658 size-1170_658\" alt=\"Stinn\u00e9 odpo\u010dinkov\u00e9 m\u00edsto v krajin\u011b mezi stromy v oblasti Piesendorfu a Niedernsillu s lavi\u010dkou a okoln\u00ed zelen\u00ed (Zv\u011bt\u0161en\u00fd pohled)\" srcset=\"https:\/\/www.salzburgerland.com\/cs\/wp-content\/uploads\/2026\/04\/kuehle_rastplaetze_in_piesendorf_niedernsilltvb_piesendorf_niedernsill-1170x658.jpeg 1170w, https:\/\/www.salzburgerland.com\/cs\/wp-content\/uploads\/2026\/04\/kuehle_rastplaetze_in_piesendorf_niedernsilltvb_piesendorf_niedernsill-1897x1067.jpeg 1897w, https:\/\/www.salzburgerland.com\/cs\/wp-content\/uploads\/2026\/04\/kuehle_rastplaetze_in_piesendorf_niedernsilltvb_piesendorf_niedernsill-768x432.jpeg 768w, https:\/\/www.salzburgerland.com\/cs\/wp-content\/uploads\/2026\/04\/kuehle_rastplaetze_in_piesendorf_niedernsilltvb_piesendorf_niedernsill-1536x864.jpeg 1536w, https:\/\/www.salzburgerland.com\/cs\/wp-content\/uploads\/2026\/04\/kuehle_rastplaetze_in_piesendorf_niedernsilltvb_piesendorf_niedernsill-1200x675.jpeg 1200w, https:\/\/www.salzburgerland.com\/cs\/wp-content\/uploads\/2026\/04\/kuehle_rastplaetze_in_piesendorf_niedernsilltvb_piesendorf_niedernsill.jpeg 1920w\" sizes=\"(max-width: 1170px) 100vw, 1170px\" aria-describedby=\"figcaption-164791-164830\" itemprop=\"thumbnail\"><\/a><\/div>\n\t\t\t\t\t\t<span id=\"figcaption-164791-164830\" class=\"gallery-caption\" itemprop=\"caption\"><span aria-hidden=\"true\">P\u0159\u00edjemn\u00e1 odpo\u010dinkov\u00e1 m\u00edsta v p\u0159\u00edrod\u011b v okol\u00ed Piesendorfu a Niedernsillu \u00a9 TVB Piesendorf Niedernsill<\/span><\/span>\n\t\t\t\t\t<\/li>\n\t\t\t\t<\/ul>\n\t\t\t<\/div><!-- .gallery -->\n\n<h3><strong>Piesendorf a Niedernsill: turistika ve t\u0159ech dimenz\u00edch<\/strong><\/h3>\n<p>Piesendorf a Niedernsill pat\u0159\u00ed mezi <strong>certifikovan\u00e9 turistick\u00e9 obce<\/strong>, co\u017e se prom\u00edt\u00e1 do kvality zna\u010den\u00ed i celkov\u00e9 nab\u00eddky tras nebo slu\u017eeb pro turisty. Ka\u017ed\u00e1 z obc\u00ed m\u00e1 vlastn\u00ed okru\u017en\u00ed stezku a tematickou trasu s m\u00edrn\u00fdm p\u0159ev\u00fd\u0161en\u00edm, ide\u00e1ln\u00ed pro prvn\u00ed sezn\u00e1men\u00ed s krajinou.<\/p>\n\n\t\t\t<div id=\"164791-3\" class=\"gallery gallery-164791 gallery-columns-3 gallery-size-1170_658\" itemscope itemtype=\"http:\/\/schema.org\/ImageGallery\">\n\t\t\t\t<ul class=\"gallery-row gallery-col-3 gallery-clear\">\n\t\t\t\t\t<li class=\"gallery-item col-3\" itemprop=\"associatedMedia\" itemscope itemtype=\"http:\/\/schema.org\/ImageObject\">\n\t\t\t\t\t\t<div class=\"gallery-icon landscape\"><a href=\"https:\/\/www.salzburgerland.com\/cs\/wp-content\/uploads\/2026\/04\/wanderinfopoint_dein_ausgangspunkt_in_niedernsilltvb_piesendorf_niedernsill_foto_harry_liebmann-1897x1067.jpg\" title=\"SONY DSC\"><img decoding=\"async\" data-title=\"Turistick\u00fd informa\u010dn\u00ed bod v Niedernsillu, v\u00fdchoz\u00ed m\u00edsto pro t\u00fary \u00a9 TVB Piesendorf Niedernsill, Harry Liebmann\" title=\"Turistick\u00fd informa\u010dn\u00ed bod v Niedernsillu, v\u00fdchoz\u00ed m\u00edsto pro t\u00fary \u00a9 TVB Piesendorf Niedernsill, Harry Liebmann\" data-caption=\"Turistick\u00fd informa\u010dn\u00ed bod v Niedernsillu, v\u00fdchoz\u00ed m\u00edsto pro t\u00fary \u00a9 TVB Piesendorf Niedernsill, Harry Liebmann\" width=\"1170\" height=\"658\" src=\"https:\/\/www.salzburgerland.com\/cs\/wp-content\/uploads\/2026\/04\/wanderinfopoint_dein_ausgangspunkt_in_niedernsilltvb_piesendorf_niedernsill_foto_harry_liebmann-1170x658.jpg\" class=\"attachment-1170_658 size-1170_658\" alt=\"Slunn\u00e9 n\u00e1m\u011bst\u00ed v Piesendorfu a Niedernsillu v l\u00e9t\u011b se stromy, lavi\u010dkami a zelen\u00fdmi kopci pod modrou oblohou. (Zv\u011bt\u0161en\u00fd pohled)\" srcset=\"https:\/\/www.salzburgerland.com\/cs\/wp-content\/uploads\/2026\/04\/wanderinfopoint_dein_ausgangspunkt_in_niedernsilltvb_piesendorf_niedernsill_foto_harry_liebmann-1170x658.jpg 1170w, https:\/\/www.salzburgerland.com\/cs\/wp-content\/uploads\/2026\/04\/wanderinfopoint_dein_ausgangspunkt_in_niedernsilltvb_piesendorf_niedernsill_foto_harry_liebmann-1897x1067.jpg 1897w, https:\/\/www.salzburgerland.com\/cs\/wp-content\/uploads\/2026\/04\/wanderinfopoint_dein_ausgangspunkt_in_niedernsilltvb_piesendorf_niedernsill_foto_harry_liebmann-768x432.jpg 768w, https:\/\/www.salzburgerland.com\/cs\/wp-content\/uploads\/2026\/04\/wanderinfopoint_dein_ausgangspunkt_in_niedernsilltvb_piesendorf_niedernsill_foto_harry_liebmann-1536x864.jpg 1536w, https:\/\/www.salzburgerland.com\/cs\/wp-content\/uploads\/2026\/04\/wanderinfopoint_dein_ausgangspunkt_in_niedernsilltvb_piesendorf_niedernsill_foto_harry_liebmann-2048x1152.jpg 2048w, https:\/\/www.salzburgerland.com\/cs\/wp-content\/uploads\/2026\/04\/wanderinfopoint_dein_ausgangspunkt_in_niedernsilltvb_piesendorf_niedernsill_foto_harry_liebmann-1200x675.jpg 1200w\" sizes=\"(max-width: 1170px) 100vw, 1170px\" aria-describedby=\"figcaption-164791-164849\" itemprop=\"thumbnail\"><\/a><\/div>\n\t\t\t\t\t\t<span id=\"figcaption-164791-164849\" class=\"gallery-caption\" itemprop=\"caption\"><span aria-hidden=\"true\">Turistick\u00fd informa\u010dn\u00ed bod v Niedernsillu, v\u00fdchoz\u00ed m\u00edsto pro t\u00fary \u00a9 TVB Piesendorf Niedernsill, Harry Liebmann<\/span><\/span>\n\t\t\t\t\t<\/li>\n\t\t\t\t\t<li class=\"gallery-item col-3\" itemprop=\"associatedMedia\" itemscope itemtype=\"http:\/\/schema.org\/ImageObject\">\n\t\t\t\t\t\t<div class=\"gallery-icon landscape\"><a href=\"https:\/\/www.salzburgerland.com\/cs\/wp-content\/uploads\/2026\/04\/wegweiser_im_hintergrund_kitzsteinhorn_und_hohe_tauern_ausblick_in_piesendorftvb_piesendorf_niedernsill-1897x1067.jpeg\" title=\"wegweiser_im_hintergrund_kitzsteinhorn_und_hohe_tauern_ausblick_in_piesendorf\u00a9tvb_piesendorf_niedernsill\"><img decoding=\"async\" data-title=\"Rozcestn\u00edk s v\u00fdhledem na Kitzsteinhorn a Vysok\u00e9 Taury \u00a9 TVB Piesendorf Niedernsill\" title=\"Rozcestn\u00edk s v\u00fdhledem na Kitzsteinhorn a Vysok\u00e9 Taury \u00a9 TVB Piesendorf Niedernsill\" data-caption=\"Rozcestn\u00edk s v\u00fdhledem na Kitzsteinhorn a Vysok\u00e9 Taury \u00a9 TVB Piesendorf Niedernsill\" width=\"1170\" height=\"658\" src=\"https:\/\/www.salzburgerland.com\/cs\/wp-content\/uploads\/2026\/04\/wegweiser_im_hintergrund_kitzsteinhorn_und_hohe_tauern_ausblick_in_piesendorftvb_piesendorf_niedernsill-1170x658.jpeg\" class=\"attachment-1170_658 size-1170_658\" alt=\"Turistick\u00fd rozcestn\u00edk v Piesendorfu s panoramatem Kitzsteinhornu a poho\u0159\u00ed Hohe Tauern v pozad\u00ed (Zv\u011bt\u0161en\u00fd pohled)\" srcset=\"https:\/\/www.salzburgerland.com\/cs\/wp-content\/uploads\/2026\/04\/wegweiser_im_hintergrund_kitzsteinhorn_und_hohe_tauern_ausblick_in_piesendorftvb_piesendorf_niedernsill-1170x658.jpeg 1170w, https:\/\/www.salzburgerland.com\/cs\/wp-content\/uploads\/2026\/04\/wegweiser_im_hintergrund_kitzsteinhorn_und_hohe_tauern_ausblick_in_piesendorftvb_piesendorf_niedernsill-1897x1067.jpeg 1897w, https:\/\/www.salzburgerland.com\/cs\/wp-content\/uploads\/2026\/04\/wegweiser_im_hintergrund_kitzsteinhorn_und_hohe_tauern_ausblick_in_piesendorftvb_piesendorf_niedernsill-768x432.jpeg 768w, https:\/\/www.salzburgerland.com\/cs\/wp-content\/uploads\/2026\/04\/wegweiser_im_hintergrund_kitzsteinhorn_und_hohe_tauern_ausblick_in_piesendorftvb_piesendorf_niedernsill-1536x864.jpeg 1536w, https:\/\/www.salzburgerland.com\/cs\/wp-content\/uploads\/2026\/04\/wegweiser_im_hintergrund_kitzsteinhorn_und_hohe_tauern_ausblick_in_piesendorftvb_piesendorf_niedernsill-1200x675.jpeg 1200w, https:\/\/www.salzburgerland.com\/cs\/wp-content\/uploads\/2026\/04\/wegweiser_im_hintergrund_kitzsteinhorn_und_hohe_tauern_ausblick_in_piesendorftvb_piesendorf_niedernsill.jpeg 1920w\" sizes=\"(max-width: 1170px) 100vw, 1170px\" aria-describedby=\"figcaption-164791-164853\" itemprop=\"thumbnail\"><\/a><\/div>\n\t\t\t\t\t\t<span id=\"figcaption-164791-164853\" class=\"gallery-caption\" itemprop=\"caption\"><span aria-hidden=\"true\">Rozcestn\u00edk s v\u00fdhledem na Kitzsteinhorn a Vysok\u00e9 Taury \u00a9 TVB Piesendorf Niedernsill<\/span><\/span>\n\t\t\t\t\t<\/li>\n\t\t\t\t\t<li class=\"gallery-item col-3\" itemprop=\"associatedMedia\" itemscope itemtype=\"http:\/\/schema.org\/ImageObject\">\n\t\t\t\t\t\t<div class=\"gallery-icon landscape\"><a href=\"https:\/\/www.salzburgerland.com\/cs\/wp-content\/uploads\/2026\/04\/aussichtsreich_in_piesendorf_niedernsill_mit_blick_hohe_tauerntvb_piesendorf_niedernsill_foto_harry_liebmann-1897x1067.jpg\" title=\"aussichtsreich_in_piesendorf_niedernsill_mit_blick_hohe_tauern\u00a9tvb_piesendorf_niedernsill_foto_harry_liebmann\"><img decoding=\"async\" data-title=\"V\u00fdhledy na Vysok\u00e9 Taury b\u011bhem t\u00fary \u00a9 TVB Piesendorf Niedernsill, Harry Liebmann\" title=\"V\u00fdhledy na Vysok\u00e9 Taury b\u011bhem t\u00fary \u00a9 TVB Piesendorf Niedernsill, Harry Liebmann\" data-caption=\"V\u00fdhledy na Vysok\u00e9 Taury b\u011bhem t\u00fary \u00a9 TVB Piesendorf Niedernsill, Harry Liebmann\" width=\"1170\" height=\"658\" src=\"https:\/\/www.salzburgerland.com\/cs\/wp-content\/uploads\/2026\/04\/aussichtsreich_in_piesendorf_niedernsill_mit_blick_hohe_tauerntvb_piesendorf_niedernsill_foto_harry_liebmann-1170x658.jpg\" class=\"attachment-1170_658 size-1170_658\" alt=\"T\u0159i lid\u00e9 stoj\u00ed na pa\u0159ezech strom\u016f s v\u00fdhledem na malebnou horskou krajinu Piesendorf a Niedernsill v l\u00e9t\u011b. (Zv\u011bt\u0161en\u00fd pohled)\" srcset=\"https:\/\/www.salzburgerland.com\/cs\/wp-content\/uploads\/2026\/04\/aussichtsreich_in_piesendorf_niedernsill_mit_blick_hohe_tauerntvb_piesendorf_niedernsill_foto_harry_liebmann-1170x658.jpg 1170w, https:\/\/www.salzburgerland.com\/cs\/wp-content\/uploads\/2026\/04\/aussichtsreich_in_piesendorf_niedernsill_mit_blick_hohe_tauerntvb_piesendorf_niedernsill_foto_harry_liebmann-1897x1067.jpg 1897w, https:\/\/www.salzburgerland.com\/cs\/wp-content\/uploads\/2026\/04\/aussichtsreich_in_piesendorf_niedernsill_mit_blick_hohe_tauerntvb_piesendorf_niedernsill_foto_harry_liebmann-768x432.jpg 768w, https:\/\/www.salzburgerland.com\/cs\/wp-content\/uploads\/2026\/04\/aussichtsreich_in_piesendorf_niedernsill_mit_blick_hohe_tauerntvb_piesendorf_niedernsill_foto_harry_liebmann-1536x864.jpg 1536w, https:\/\/www.salzburgerland.com\/cs\/wp-content\/uploads\/2026\/04\/aussichtsreich_in_piesendorf_niedernsill_mit_blick_hohe_tauerntvb_piesendorf_niedernsill_foto_harry_liebmann-2048x1152.jpg 2048w, https:\/\/www.salzburgerland.com\/cs\/wp-content\/uploads\/2026\/04\/aussichtsreich_in_piesendorf_niedernsill_mit_blick_hohe_tauerntvb_piesendorf_niedernsill_foto_harry_liebmann-1200x675.jpg 1200w\" sizes=\"(max-width: 1170px) 100vw, 1170px\" aria-describedby=\"figcaption-164791-164842\" itemprop=\"thumbnail\"><\/a><\/div>\n\t\t\t\t\t\t<span id=\"figcaption-164791-164842\" class=\"gallery-caption\" itemprop=\"caption\"><span aria-hidden=\"true\">V\u00fdhledy na Vysok\u00e9 Taury b\u011bhem t\u00fary \u00a9 TVB Piesendorf Niedernsill, Harry Liebmann<\/span><\/span>\n\t\t\t\t\t<\/li>\n\t\t\t\t<\/ul>\n\t\t\t<\/div><!-- .gallery -->\n\n<p>Turistika tu funguje ve <a href=\"https:\/\/www.piesendorf.at\/en\/summer\/hiking\" target=\"_blank\" rel=\"noopener\">t\u0159ech \u00farovn\u00edch<\/a>. V ni\u017e\u0161\u00edch poloh\u00e1ch do zhruba 1 300 metr\u016f vedou pohodov\u00e9 cesty pod\u00e9l Salzachu, vhodn\u00e9 pro rodiny nebo krat\u0161\u00ed v\u00fdlety. St\u0159edn\u00ed p\u00e1smo sahaj\u00edc\u00ed p\u0159ibli\u017en\u011b do 2 300 metr\u016f nab\u00edz\u00ed celodenn\u00ed t\u00fary v Pinzgauer Grasberge a v oblasti Vysok\u00fdch Taur, kde se st\u0159\u00eddaj\u00ed travnat\u00e9 h\u0159ebeny, lesy a v\u00fdhledy. Ve vy\u0161\u0161\u00edch parti\u00edch a\u017e k hranici 3 000 metr\u016f pak \u010dekaj\u00ed n\u00e1ro\u010dn\u00e9 v\u00fdstupy na vrcholy, kter\u00e9 vy\u017eaduj\u00ed zku\u0161enosti a jist\u00fd krok.<\/p>\n\n\t\t\t<div id=\"164791-4\" class=\"gallery gallery-164791 gallery-columns-3 gallery-size-1170_658\" itemscope itemtype=\"http:\/\/schema.org\/ImageGallery\">\n\t\t\t\t<ul class=\"gallery-row gallery-col-3 gallery-clear\">\n\t\t\t\t\t<li class=\"gallery-item col-3\" itemprop=\"associatedMedia\" itemscope itemtype=\"http:\/\/schema.org\/ImageObject\">\n\t\t\t\t\t\t<div class=\"gallery-icon landscape\"><a href=\"https:\/\/www.salzburgerland.com\/cs\/wp-content\/uploads\/2026\/04\/ueber_den_dingen_stehen_am_gipfel_vom_zirmkogel_im_hintergrund_hohe_tauerntvb_piesendorf_niedernsill-1897x1067.jpeg\" title=\"ueber_den_dingen_stehen_am_gipfel_vom_zirmkogel_im_hintergrund_hohe_tauern\u00a9tvb_piesendorf_niedernsill\"><img decoding=\"async\" data-title=\"Na vrcholu Zirmkogel s v\u00fdhledem na Vysok\u00e9 Taury \u00a9 TVB Piesendorf Niedernsill\" title=\"Na vrcholu Zirmkogel s v\u00fdhledem na Vysok\u00e9 Taury \u00a9 TVB Piesendorf Niedernsill\" data-caption=\"Na vrcholu Zirmkogel s v\u00fdhledem na Vysok\u00e9 Taury \u00a9 TVB Piesendorf Niedernsill\" width=\"1170\" height=\"658\" src=\"https:\/\/www.salzburgerland.com\/cs\/wp-content\/uploads\/2026\/04\/ueber_den_dingen_stehen_am_gipfel_vom_zirmkogel_im_hintergrund_hohe_tauerntvb_piesendorf_niedernsill-1170x658.jpeg\" class=\"attachment-1170_658 size-1170_658\" alt=\"Na vrcholu Zirmkogel a panorama poho\u0159\u00ed Hohe Tauern (Zv\u011bt\u0161en\u00fd pohled)\" srcset=\"https:\/\/www.salzburgerland.com\/cs\/wp-content\/uploads\/2026\/04\/ueber_den_dingen_stehen_am_gipfel_vom_zirmkogel_im_hintergrund_hohe_tauerntvb_piesendorf_niedernsill-1170x658.jpeg 1170w, https:\/\/www.salzburgerland.com\/cs\/wp-content\/uploads\/2026\/04\/ueber_den_dingen_stehen_am_gipfel_vom_zirmkogel_im_hintergrund_hohe_tauerntvb_piesendorf_niedernsill-1897x1067.jpeg 1897w, https:\/\/www.salzburgerland.com\/cs\/wp-content\/uploads\/2026\/04\/ueber_den_dingen_stehen_am_gipfel_vom_zirmkogel_im_hintergrund_hohe_tauerntvb_piesendorf_niedernsill-768x432.jpeg 768w, https:\/\/www.salzburgerland.com\/cs\/wp-content\/uploads\/2026\/04\/ueber_den_dingen_stehen_am_gipfel_vom_zirmkogel_im_hintergrund_hohe_tauerntvb_piesendorf_niedernsill-1536x864.jpeg 1536w, https:\/\/www.salzburgerland.com\/cs\/wp-content\/uploads\/2026\/04\/ueber_den_dingen_stehen_am_gipfel_vom_zirmkogel_im_hintergrund_hohe_tauerntvb_piesendorf_niedernsill-1200x675.jpeg 1200w, https:\/\/www.salzburgerland.com\/cs\/wp-content\/uploads\/2026\/04\/ueber_den_dingen_stehen_am_gipfel_vom_zirmkogel_im_hintergrund_hohe_tauerntvb_piesendorf_niedernsill.jpeg 1920w\" sizes=\"(max-width: 1170px) 100vw, 1170px\" aria-describedby=\"figcaption-164791-164848\" itemprop=\"thumbnail\"><\/a><\/div>\n\t\t\t\t\t\t<span id=\"figcaption-164791-164848\" class=\"gallery-caption\" itemprop=\"caption\"><span aria-hidden=\"true\">Na vrcholu Zirmkogel s v\u00fdhledem na Vysok\u00e9 Taury \u00a9 TVB Piesendorf Niedernsill<\/span><\/span>\n\t\t\t\t\t<\/li>\n\t\t\t\t\t<li class=\"gallery-item col-3\" itemprop=\"associatedMedia\" itemscope itemtype=\"http:\/\/schema.org\/ImageObject\">\n\t\t\t\t\t\t<div class=\"gallery-icon landscape\"><a href=\"https:\/\/www.salzburgerland.com\/cs\/wp-content\/uploads\/2026\/04\/wandern_am_hohe_tauern_panorama_trail_in_piesendorf_niedernsilltvb_piesendorf_niedernsill_foto_harry_liebmann-1897x1067.jpg\" title=\"wandern_am_hohe_tauern_panorama_trail_in_piesendorf_niedernsill\u00a9tvb_piesendorf_niedernsill_foto_harry_liebmann\"><img decoding=\"async\" data-title=\"Hohe Tauern Panorama Trail v okol\u00ed Piesendorfu a Niedernsillu \u00a9 TVB Piesendorf Niedernsill, Harry Liebmann\" title=\"Hohe Tauern Panorama Trail v okol\u00ed Piesendorfu a Niedernsillu \u00a9 TVB Piesendorf Niedernsill, Harry Liebmann\" data-caption=\"Hohe Tauern Panorama Trail v okol\u00ed Piesendorfu a Niedernsillu \u00a9 TVB Piesendorf Niedernsill, Harry Liebmann\" width=\"1170\" height=\"658\" src=\"https:\/\/www.salzburgerland.com\/cs\/wp-content\/uploads\/2026\/04\/wandern_am_hohe_tauern_panorama_trail_in_piesendorf_niedernsilltvb_piesendorf_niedernsill_foto_harry_liebmann-1170x658.jpg\" class=\"attachment-1170_658 size-1170_658\" alt=\"Turistick\u00e1 trasa Hohe Tauern Panorama Trail vedouc\u00ed po horsk\u00e9m h\u0159ebeni s v\u00fdhledy do \u00fadol\u00ed (Zv\u011bt\u0161en\u00fd pohled)\" srcset=\"https:\/\/www.salzburgerland.com\/cs\/wp-content\/uploads\/2026\/04\/wandern_am_hohe_tauern_panorama_trail_in_piesendorf_niedernsilltvb_piesendorf_niedernsill_foto_harry_liebmann-1170x658.jpg 1170w, https:\/\/www.salzburgerland.com\/cs\/wp-content\/uploads\/2026\/04\/wandern_am_hohe_tauern_panorama_trail_in_piesendorf_niedernsilltvb_piesendorf_niedernsill_foto_harry_liebmann-1897x1067.jpg 1897w, https:\/\/www.salzburgerland.com\/cs\/wp-content\/uploads\/2026\/04\/wandern_am_hohe_tauern_panorama_trail_in_piesendorf_niedernsilltvb_piesendorf_niedernsill_foto_harry_liebmann-768x432.jpg 768w, https:\/\/www.salzburgerland.com\/cs\/wp-content\/uploads\/2026\/04\/wandern_am_hohe_tauern_panorama_trail_in_piesendorf_niedernsilltvb_piesendorf_niedernsill_foto_harry_liebmann-1536x864.jpg 1536w, https:\/\/www.salzburgerland.com\/cs\/wp-content\/uploads\/2026\/04\/wandern_am_hohe_tauern_panorama_trail_in_piesendorf_niedernsilltvb_piesendorf_niedernsill_foto_harry_liebmann-2048x1152.jpg 2048w, https:\/\/www.salzburgerland.com\/cs\/wp-content\/uploads\/2026\/04\/wandern_am_hohe_tauern_panorama_trail_in_piesendorf_niedernsilltvb_piesendorf_niedernsill_foto_harry_liebmann-1200x675.jpg 1200w\" sizes=\"(max-width: 1170px) 100vw, 1170px\" aria-describedby=\"figcaption-164791-164850\" itemprop=\"thumbnail\"><\/a><\/div>\n\t\t\t\t\t\t<span id=\"figcaption-164791-164850\" class=\"gallery-caption\" itemprop=\"caption\"><span aria-hidden=\"true\">Hohe Tauern Panorama Trail v okol\u00ed Piesendorfu a Niedernsillu \u00a9 TVB Piesendorf Niedernsill, Harry Liebmann<\/span><\/span>\n\t\t\t\t\t<\/li>\n\t\t\t\t\t<li class=\"gallery-item col-3\" itemprop=\"associatedMedia\" itemscope itemtype=\"http:\/\/schema.org\/ImageObject\">\n\t\t\t\t\t\t<div class=\"gallery-icon landscape\"><a href=\"https:\/\/www.salzburgerland.com\/cs\/wp-content\/uploads\/2026\/04\/pinzgauer_grasberge_in_den_kitzbueheler_alpentvb_piesendorf_niedernsill_foto_harry_liebmann-1897x1067.jpg\" title=\"pinzgauer_grasberge_in_den_kitzbueheler_alpen\u00a9tvb_piesendorf_niedernsill_foto_harry_liebmann\"><img decoding=\"async\" data-title=\"Pinzgauer Grasberge v Kitzb\u00fchelsk\u00fdch Alp\u00e1ch \u00a9 TVB Piesendorf Niedernsill, Harry Liebmann\" title=\"Pinzgauer Grasberge v Kitzb\u00fchelsk\u00fdch Alp\u00e1ch \u00a9 TVB Piesendorf Niedernsill, Harry Liebmann\" data-caption=\"Pinzgauer Grasberge v Kitzb\u00fchelsk\u00fdch Alp\u00e1ch \u00a9 TVB Piesendorf Niedernsill, Harry Liebmann\" width=\"1170\" height=\"658\" src=\"https:\/\/www.salzburgerland.com\/cs\/wp-content\/uploads\/2026\/04\/pinzgauer_grasberge_in_den_kitzbueheler_alpentvb_piesendorf_niedernsill_foto_harry_liebmann-1170x658.jpg\" class=\"attachment-1170_658 size-1170_658\" alt=\"Travnat\u00e9 h\u0159ebeny Pinzgauer Grasberge v Kitzb\u00fchelsk\u00fdch Alp\u00e1ch s jemn\u00fdmi svahy a horskou krajinou (Zv\u011bt\u0161en\u00fd pohled)\" srcset=\"https:\/\/www.salzburgerland.com\/cs\/wp-content\/uploads\/2026\/04\/pinzgauer_grasberge_in_den_kitzbueheler_alpentvb_piesendorf_niedernsill_foto_harry_liebmann-1170x658.jpg 1170w, https:\/\/www.salzburgerland.com\/cs\/wp-content\/uploads\/2026\/04\/pinzgauer_grasberge_in_den_kitzbueheler_alpentvb_piesendorf_niedernsill_foto_harry_liebmann-1897x1067.jpg 1897w, https:\/\/www.salzburgerland.com\/cs\/wp-content\/uploads\/2026\/04\/pinzgauer_grasberge_in_den_kitzbueheler_alpentvb_piesendorf_niedernsill_foto_harry_liebmann-768x432.jpg 768w, https:\/\/www.salzburgerland.com\/cs\/wp-content\/uploads\/2026\/04\/pinzgauer_grasberge_in_den_kitzbueheler_alpentvb_piesendorf_niedernsill_foto_harry_liebmann-1536x864.jpg 1536w, https:\/\/www.salzburgerland.com\/cs\/wp-content\/uploads\/2026\/04\/pinzgauer_grasberge_in_den_kitzbueheler_alpentvb_piesendorf_niedernsill_foto_harry_liebmann-2048x1152.jpg 2048w, https:\/\/www.salzburgerland.com\/cs\/wp-content\/uploads\/2026\/04\/pinzgauer_grasberge_in_den_kitzbueheler_alpentvb_piesendorf_niedernsill_foto_harry_liebmann-1200x675.jpg 1200w\" sizes=\"(max-width: 1170px) 100vw, 1170px\" aria-describedby=\"figcaption-164791-164845\" itemprop=\"thumbnail\"><\/a><\/div>\n\t\t\t\t\t\t<span id=\"figcaption-164791-164845\" class=\"gallery-caption\" itemprop=\"caption\"><span aria-hidden=\"true\">Pinzgauer Grasberge v Kitzb\u00fchelsk\u00fdch Alp\u00e1ch \u00a9 TVB Piesendorf Niedernsill, Harry Liebmann<\/span><\/span>\n\t\t\t\t\t<\/li>\n\t\t\t\t<\/ul>\n\t\t\t<\/div><!-- .gallery -->\n\n<p>Pro oblast jsou tak\u00e9 typick\u00e9 alpsk\u00e9 pastviny. Hochsonnbergalm v Piesendorfu nebo Schaunbergalm v \u00fadol\u00ed M\u00fchlbachtal v Niedernsillu spojuj\u00ed pohyb v hor\u00e1ch s region\u00e1ln\u00ed kuchyn\u00ed. Na kole nebo p\u011b\u0161ky se dostanete a\u017e k chat\u00e1m, odkud m\u016f\u017eete pokra\u010dovat k horsk\u00fdm jezer\u016fm nebo na vrcholy. Zast\u00e1vka na slune\u010dn\u00e9 terase s dom\u00e1c\u00edmi a region\u00e1ln\u00edmi dobrotami k\u00a0v\u00fdlet\u016fm zkr\u00e1tka pat\u0159\u00ed.<\/p>\n<div id=\"attachment_164834\" style=\"width: 1180px\" class=\"wp-caption alignnone\"><img decoding=\"async\" aria-describedby=\"caption-attachment-164834\" class=\"wp-image-164834 size-1170_658\" src=\"https:\/\/www.salzburgerland.com\/cs\/wp-content\/uploads\/2026\/04\/jausenzeit_auf_der_hochsonnbergalm_in_piesendorftvb_piesendorf_niedernsill_foto_harry_liebmann-1170x658.jpg\" alt=\"P\u00e1r sed\u00ed na terase horsk\u00e9 chaty a u\u017e\u00edv\u00e1 si tradi\u010dn\u00ed sva\u010dinu s v\u00fdhledem do krajiny\" width=\"1170\" height=\"658\" srcset=\"https:\/\/www.salzburgerland.com\/cs\/wp-content\/uploads\/2026\/04\/jausenzeit_auf_der_hochsonnbergalm_in_piesendorftvb_piesendorf_niedernsill_foto_harry_liebmann-1170x658.jpg 1170w, https:\/\/www.salzburgerland.com\/cs\/wp-content\/uploads\/2026\/04\/jausenzeit_auf_der_hochsonnbergalm_in_piesendorftvb_piesendorf_niedernsill_foto_harry_liebmann-1897x1067.jpg 1897w, https:\/\/www.salzburgerland.com\/cs\/wp-content\/uploads\/2026\/04\/jausenzeit_auf_der_hochsonnbergalm_in_piesendorftvb_piesendorf_niedernsill_foto_harry_liebmann-768x432.jpg 768w, https:\/\/www.salzburgerland.com\/cs\/wp-content\/uploads\/2026\/04\/jausenzeit_auf_der_hochsonnbergalm_in_piesendorftvb_piesendorf_niedernsill_foto_harry_liebmann-1536x864.jpg 1536w, https:\/\/www.salzburgerland.com\/cs\/wp-content\/uploads\/2026\/04\/jausenzeit_auf_der_hochsonnbergalm_in_piesendorftvb_piesendorf_niedernsill_foto_harry_liebmann-2048x1152.jpg 2048w, https:\/\/www.salzburgerland.com\/cs\/wp-content\/uploads\/2026\/04\/jausenzeit_auf_der_hochsonnbergalm_in_piesendorftvb_piesendorf_niedernsill_foto_harry_liebmann-1200x675.jpg 1200w\" sizes=\"(max-width: 1170px) 100vw, 1170px\"><p id=\"caption-attachment-164834\" class=\"wp-caption-text\">Zast\u00e1vka na horsk\u00e9 chat\u011b s region\u00e1ln\u00ed sva\u010dinou \u00a9 TVB Piesendorf Niedernsill<\/p><\/div>\n<p>P\u0159edev\u0161\u00edm rodin\u00e1m je ur\u010den\u00e1 <a href=\"https:\/\/www.piesendorf.at\/en\/summer\/hiking\/themed_trails#filter=r-fullyTranslatedLangus-&amp;zc=9.,12.71118,47.29041\" target=\"_blank\" rel=\"noopener\">z\u00e1\u017eitkov\u00e1 <\/a>stezka <strong>Spielend Wandern Weg<\/strong> pod\u00e9l \u0159eky Salzach. Dvan\u00e1ct interaktivn\u00edch zast\u00e1vek spojuje pohyb s\u00a0objevov\u00e1n\u00edm. Trasu lze jednodu\u0161e kombinovat s koup\u00e1n\u00edm nebo n\u00e1vratem m\u00edstn\u00ed lok\u00e1lkou Pinzgauer Lokalbahn, kterou mohou host\u00e9 vyu\u017e\u00edt v r\u00e1mci j\u00edzdenky <a href=\"https:\/\/www.salzburgerland.com\/cs\/guest-mobility-ticket\/\">Guest Mobility Ticket<\/a><strong>.<\/strong><\/p>\n\n\t\t\t<div id=\"164791-5\" class=\"gallery gallery-164791 gallery-columns-3 gallery-size-1170_658\" itemscope itemtype=\"http:\/\/schema.org\/ImageGallery\">\n\t\t\t\t<ul class=\"gallery-row gallery-col-3 gallery-clear\">\n\t\t\t\t\t<li class=\"gallery-item col-3\" itemprop=\"associatedMedia\" itemscope itemtype=\"http:\/\/schema.org\/ImageObject\">\n\t\t\t\t\t\t<div class=\"gallery-icon landscape\"><a href=\"https:\/\/www.salzburgerland.com\/cs\/wp-content\/uploads\/2026\/04\/familienerlebnisse_in_piesendorf_niedernsilltvb_piesendorf_niedernsill_foto_lichtfarben-1896x1067.jpg\" title=\"familienerlebnisse_in_piesendorf_niedernsill\u00a9tvb_piesendorf_niedernsill_foto_lichtfarben\"><img decoding=\"async\" data-title=\"Rodinn\u00e9 z\u00e1\u017eitky v p\u0159\u00edrod\u011b \u00a9 TVB Piesendorf Niedernsill, Lichtfarben\" title=\"Rodinn\u00e9 z\u00e1\u017eitky v p\u0159\u00edrod\u011b \u00a9 TVB Piesendorf Niedernsill, Lichtfarben\" data-caption=\"Rodinn\u00e9 z\u00e1\u017eitky v p\u0159\u00edrod\u011b \u00a9 TVB Piesendorf Niedernsill, Lichtfarben\" width=\"1170\" height=\"658\" src=\"https:\/\/www.salzburgerland.com\/cs\/wp-content\/uploads\/2026\/04\/familienerlebnisse_in_piesendorf_niedernsilltvb_piesendorf_niedernsill_foto_lichtfarben-1170x658.jpg\" class=\"attachment-1170_658 size-1170_658\" alt=\"Rodina tr\u00e1v\u00ed \u010das v p\u0159\u00edrod\u011b v oblasti Piesendorf a Niedernsill, d\u011bti si hraj\u00ed a objevuj\u00ed okoln\u00ed krajinu (Zv\u011bt\u0161en\u00fd pohled)\" srcset=\"https:\/\/www.salzburgerland.com\/cs\/wp-content\/uploads\/2026\/04\/familienerlebnisse_in_piesendorf_niedernsilltvb_piesendorf_niedernsill_foto_lichtfarben-1170x658.jpg 1170w, https:\/\/www.salzburgerland.com\/cs\/wp-content\/uploads\/2026\/04\/familienerlebnisse_in_piesendorf_niedernsilltvb_piesendorf_niedernsill_foto_lichtfarben-1896x1067.jpg 1896w, https:\/\/www.salzburgerland.com\/cs\/wp-content\/uploads\/2026\/04\/familienerlebnisse_in_piesendorf_niedernsilltvb_piesendorf_niedernsill_foto_lichtfarben-768x432.jpg 768w, https:\/\/www.salzburgerland.com\/cs\/wp-content\/uploads\/2026\/04\/familienerlebnisse_in_piesendorf_niedernsilltvb_piesendorf_niedernsill_foto_lichtfarben-1536x865.jpg 1536w, https:\/\/www.salzburgerland.com\/cs\/wp-content\/uploads\/2026\/04\/familienerlebnisse_in_piesendorf_niedernsilltvb_piesendorf_niedernsill_foto_lichtfarben-2048x1153.jpg 2048w, https:\/\/www.salzburgerland.com\/cs\/wp-content\/uploads\/2026\/04\/familienerlebnisse_in_piesendorf_niedernsilltvb_piesendorf_niedernsill_foto_lichtfarben-1200x675.jpg 1200w\" sizes=\"(max-width: 1170px) 100vw, 1170px\" aria-describedby=\"figcaption-164791-164821\" itemprop=\"thumbnail\"><\/a><\/div>\n\t\t\t\t\t\t<span id=\"figcaption-164791-164821\" class=\"gallery-caption\" itemprop=\"caption\"><span aria-hidden=\"true\">Rodinn\u00e9 z\u00e1\u017eitky v p\u0159\u00edrod\u011b \u00a9 TVB Piesendorf Niedernsill, Lichtfarben<\/span><\/span>\n\t\t\t\t\t<\/li>\n\t\t\t\t\t<li class=\"gallery-item col-3\" itemprop=\"associatedMedia\" itemscope itemtype=\"http:\/\/schema.org\/ImageObject\">\n\t\t\t\t\t\t<div class=\"gallery-icon landscape\"><a href=\"https:\/\/www.salzburgerland.com\/cs\/wp-content\/uploads\/2026\/04\/rastplatz_am_tauernradweg_in_piesendorf_niedernsilltvb_piesendorf_niedernsill_foto_lichtfarben-1897x1067.jpg\" title=\"rastplatz_am_tauernradweg_in_piesendorf_niedernsill\u00a9tvb_piesendorf_niedernsill_foto_lichtfarben\"><img decoding=\"async\" data-title=\"Odpo\u010dinkov\u00e9 m\u00edsto u Tauernradweg \u00a9 TVB Piesendorf Niedernsill, Lichtfarben\" title=\"Odpo\u010dinkov\u00e9 m\u00edsto u Tauernradweg \u00a9 TVB Piesendorf Niedernsill, Lichtfarben\" data-caption=\"Odpo\u010dinkov\u00e9 m\u00edsto u Tauernradweg \u00a9 TVB Piesendorf Niedernsill, Lichtfarben\" width=\"1170\" height=\"658\" src=\"https:\/\/www.salzburgerland.com\/cs\/wp-content\/uploads\/2026\/04\/rastplatz_am_tauernradweg_in_piesendorf_niedernsilltvb_piesendorf_niedernsill_foto_lichtfarben-1170x658.jpg\" class=\"attachment-1170_658 size-1170_658\" alt=\"Rodina odpo\u010d\u00edv\u00e1 na lavi\u010dce u cyklostezky Tauernradweg s v\u00fdhledem na \u0159eku Salzach a okoln\u00ed hory (Zv\u011bt\u0161en\u00fd pohled)\" srcset=\"https:\/\/www.salzburgerland.com\/cs\/wp-content\/uploads\/2026\/04\/rastplatz_am_tauernradweg_in_piesendorf_niedernsilltvb_piesendorf_niedernsill_foto_lichtfarben-1170x658.jpg 1170w, https:\/\/www.salzburgerland.com\/cs\/wp-content\/uploads\/2026\/04\/rastplatz_am_tauernradweg_in_piesendorf_niedernsilltvb_piesendorf_niedernsill_foto_lichtfarben-1897x1067.jpg 1897w, https:\/\/www.salzburgerland.com\/cs\/wp-content\/uploads\/2026\/04\/rastplatz_am_tauernradweg_in_piesendorf_niedernsilltvb_piesendorf_niedernsill_foto_lichtfarben-768x432.jpg 768w, https:\/\/www.salzburgerland.com\/cs\/wp-content\/uploads\/2026\/04\/rastplatz_am_tauernradweg_in_piesendorf_niedernsilltvb_piesendorf_niedernsill_foto_lichtfarben-1536x864.jpg 1536w, https:\/\/www.salzburgerland.com\/cs\/wp-content\/uploads\/2026\/04\/rastplatz_am_tauernradweg_in_piesendorf_niedernsilltvb_piesendorf_niedernsill_foto_lichtfarben-2048x1152.jpg 2048w, https:\/\/www.salzburgerland.com\/cs\/wp-content\/uploads\/2026\/04\/rastplatz_am_tauernradweg_in_piesendorf_niedernsilltvb_piesendorf_niedernsill_foto_lichtfarben-1200x675.jpg 1200w\" sizes=\"(max-width: 1170px) 100vw, 1170px\" aria-describedby=\"figcaption-164791-164823\" itemprop=\"thumbnail\"><\/a><\/div>\n\t\t\t\t\t\t<span id=\"figcaption-164791-164823\" class=\"gallery-caption\" itemprop=\"caption\"><span aria-hidden=\"true\">Odpo\u010dinkov\u00e9 m\u00edsto u Tauernradweg \u00a9 TVB Piesendorf Niedernsill, Lichtfarben<\/span><\/span>\n\t\t\t\t\t<\/li>\n\t\t\t\t\t<li class=\"gallery-item col-3\" itemprop=\"associatedMedia\" itemscope itemtype=\"http:\/\/schema.org\/ImageObject\">\n\t\t\t\t\t\t<div class=\"gallery-icon landscape\"><a href=\"https:\/\/www.salzburgerland.com\/cs\/wp-content\/uploads\/2026\/04\/kinderspass_in_der_natur_von_piesendorf_niedernsilltvb_piesendorf_niedernsill_foto_lichtfarben-1897x1067.jpg\" title=\"kinderspass_in_der_natur_von_piesendorf_niedernsill\u00a9tvb_piesendorf_niedernsill_foto_lichtfarben\"><img decoding=\"async\" data-title=\"D\u011btsk\u00e1 radost v p\u0159\u00edrod\u011b \u00a9 TVB Piesendorf Niedernsill, Lichtfarben\" title=\"D\u011btsk\u00e1 radost v p\u0159\u00edrod\u011b \u00a9 TVB Piesendorf Niedernsill, Lichtfarben\" data-caption=\"D\u011btsk\u00e1 radost v p\u0159\u00edrod\u011b \u00a9 TVB Piesendorf Niedernsill, Lichtfarben\" width=\"1170\" height=\"658\" src=\"https:\/\/www.salzburgerland.com\/cs\/wp-content\/uploads\/2026\/04\/kinderspass_in_der_natur_von_piesendorf_niedernsilltvb_piesendorf_niedernsill_foto_lichtfarben-1170x658.jpg\" class=\"attachment-1170_658 size-1170_658\" alt=\"D\u00edt\u011b si hraje a b\u011bh\u00e1 v p\u0159\u00edrod\u011b v oblasti Piesendorf a Niedernsill, obklopen\u00e9 loukami a stromy (Zv\u011bt\u0161en\u00fd pohled)\" srcset=\"https:\/\/www.salzburgerland.com\/cs\/wp-content\/uploads\/2026\/04\/kinderspass_in_der_natur_von_piesendorf_niedernsilltvb_piesendorf_niedernsill_foto_lichtfarben-1170x658.jpg 1170w, https:\/\/www.salzburgerland.com\/cs\/wp-content\/uploads\/2026\/04\/kinderspass_in_der_natur_von_piesendorf_niedernsilltvb_piesendorf_niedernsill_foto_lichtfarben-1897x1067.jpg 1897w, https:\/\/www.salzburgerland.com\/cs\/wp-content\/uploads\/2026\/04\/kinderspass_in_der_natur_von_piesendorf_niedernsilltvb_piesendorf_niedernsill_foto_lichtfarben-768x432.jpg 768w, https:\/\/www.salzburgerland.com\/cs\/wp-content\/uploads\/2026\/04\/kinderspass_in_der_natur_von_piesendorf_niedernsilltvb_piesendorf_niedernsill_foto_lichtfarben-1536x864.jpg 1536w, https:\/\/www.salzburgerland.com\/cs\/wp-content\/uploads\/2026\/04\/kinderspass_in_der_natur_von_piesendorf_niedernsilltvb_piesendorf_niedernsill_foto_lichtfarben-1200x675.jpg 1200w, https:\/\/www.salzburgerland.com\/cs\/wp-content\/uploads\/2026\/04\/kinderspass_in_der_natur_von_piesendorf_niedernsilltvb_piesendorf_niedernsill_foto_lichtfarben.jpg 1920w\" sizes=\"(max-width: 1170px) 100vw, 1170px\" aria-describedby=\"figcaption-164791-164822\" itemprop=\"thumbnail\"><\/a><\/div>\n\t\t\t\t\t\t<span id=\"figcaption-164791-164822\" class=\"gallery-caption\" itemprop=\"caption\"><span aria-hidden=\"true\">D\u011btsk\u00e1 radost v p\u0159\u00edrod\u011b \u00a9 TVB Piesendorf Niedernsill, Lichtfarben<\/span><\/span>\n\t\t\t\t\t<\/li>\n\t\t\t\t<\/ul>\n\t\t\t<\/div><!-- .gallery -->\n\n<h3><strong>Rodinn\u00e9 l\u00e9to, koup\u00e1n\u00ed a z\u00e1\u017eitky na hor\u00e1ch<\/strong><\/h3>\n<p>Na rodinn\u00e9 <a href=\"https:\/\/www.piesendorf.at\/en\/summer\/family_holiday\" target=\"_blank\" rel=\"noopener\">letn\u00ed dovolen\u00e9<\/a> m\u016f\u017eete snadno st\u0159\u00eddat <a href=\"https:\/\/www.piesendorf.at\/en\/summer\/active_holiday\" target=\"_blank\" rel=\"noopener\">pohyb<\/a> a odpo\u010dinek. V okol\u00ed Piesendorfu a Niedernsillu najdete dv\u011b koupali\u0161t\u011b p\u0159\u00edmo u cyklostezky Tauernradweg, kter\u00e1 se v l\u00e9t\u011b p\u0159irozen\u011b nab\u00edzej\u00ed jako zast\u00e1vka b\u011bhem dne.<\/p>\n<p><strong>P\u0159\u00edrodn\u00ed koupali\u0161t\u011b Niedernsill<\/strong> le\u017e\u00ed v bezprost\u0159edn\u00ed bl\u00edzkosti evropsk\u00e9 chr\u00e1n\u011bn\u00e9 oblasti Luzialacke. Krom\u011b koup\u00e1n\u00ed nab\u00edz\u00ed rozlehl\u00fd are\u00e1l velk\u00e9 travnat\u00e9 plochy, vodn\u00ed prvky pro kneippov\u00e1n\u00ed (st\u0159\u00edd\u00e1n\u00ed ch\u016fze ve studen\u00e9 vod\u011b pro osv\u011b\u017een\u00ed a podporu krevn\u00edho ob\u011bhu), d\u011btsk\u00e9 h\u0159i\u0161t\u011b i sportovn\u00ed z\u00e1zem\u00ed od minigolfu po pl\u00e1\u017eov\u00fd volejbal. Vedlej\u0161\u00ed Edelsteinpark zve d\u011bti i dosp\u011bl\u00e9 ke hled\u00e1n\u00ed v\u00edce ne\u017e stovky r\u016fzn\u00fdch drahokam\u016f i polodrahokam\u016f.<\/p>\n<p>Obl\u00edben\u00fdm m\u00edstem je v\u00a0tepl\u00fdch letn\u00edch dnech i koupali\u0161t\u011b <strong>Hinkelsteinbad<\/strong> v Piesendorfu. Krom\u011b skluzavky a baz\u00e9n\u016f nab\u00edz\u00ed i prostorn\u00e9 travnat\u00e9 plochy pro odpo\u010dinek. Nab\u00eddku dopl\u0148uje pit pat, d\u011btsk\u00e9 h\u0159i\u0161t\u011b, pl\u00e1\u017eov\u00fd volejbal, FunPark a dal\u0161\u00ed aktivity, tak\u017ee tu bez probl\u00e9m\u016f str\u00e1v\u00edte cel\u00e9 odpoledne.<\/p>\n\n\t\t\t<div id=\"164791-6\" class=\"gallery gallery-164791 gallery-columns-3 gallery-size-1170_658\" itemscope itemtype=\"http:\/\/schema.org\/ImageGallery\">\n\t\t\t\t<ul class=\"gallery-row gallery-col-3 gallery-clear\">\n\t\t\t\t\t<li class=\"gallery-item col-3\" itemprop=\"associatedMedia\" itemscope itemtype=\"http:\/\/schema.org\/ImageObject\">\n\t\t\t\t\t\t<div class=\"gallery-icon landscape\"><a href=\"https:\/\/www.salzburgerland.com\/cs\/wp-content\/uploads\/2026\/04\/stilles_wasser_mit_aussicht_im_hinkelsteinbad_in_piesendorfgemeinde_piesendorf_foto_lichtfarben-1-1897x1067.jpg\" title=\"stilles_wasser_mit_aussicht_im_hinkelsteinbad_in_piesendorf\u00a9gemeinde_piesendorf_foto_lichtfarben\"><img decoding=\"async\" data-title=\"Hinkelsteinbad v Piesendorfu s v\u00fdhledem na hory \u00a9 TVB Piesendorf Niedernsill, Lichtfarben\" title=\"Hinkelsteinbad v Piesendorfu s v\u00fdhledem na hory \u00a9 TVB Piesendorf Niedernsill, Lichtfarben\" data-caption=\"Hinkelsteinbad v Piesendorfu s v\u00fdhledem na hory \u00a9 TVB Piesendorf Niedernsill, Lichtfarben\" width=\"1170\" height=\"658\" src=\"https:\/\/www.salzburgerland.com\/cs\/wp-content\/uploads\/2026\/04\/stilles_wasser_mit_aussicht_im_hinkelsteinbad_in_piesendorfgemeinde_piesendorf_foto_lichtfarben-1-1170x658.jpg\" class=\"attachment-1170_658 size-1170_658\" alt=\"Baz\u00e9n v Hinkelsteinbadu v Piesendorfu s klidnou vodn\u00ed hladinou, tobog\u00e1nem a horskou scen\u00e9ri\u00ed v pozad\u00ed (Zv\u011bt\u0161en\u00fd pohled)\" srcset=\"https:\/\/www.salzburgerland.com\/cs\/wp-content\/uploads\/2026\/04\/stilles_wasser_mit_aussicht_im_hinkelsteinbad_in_piesendorfgemeinde_piesendorf_foto_lichtfarben-1-1170x658.jpg 1170w, https:\/\/www.salzburgerland.com\/cs\/wp-content\/uploads\/2026\/04\/stilles_wasser_mit_aussicht_im_hinkelsteinbad_in_piesendorfgemeinde_piesendorf_foto_lichtfarben-1-1897x1067.jpg 1897w, https:\/\/www.salzburgerland.com\/cs\/wp-content\/uploads\/2026\/04\/stilles_wasser_mit_aussicht_im_hinkelsteinbad_in_piesendorfgemeinde_piesendorf_foto_lichtfarben-1-768x432.jpg 768w, https:\/\/www.salzburgerland.com\/cs\/wp-content\/uploads\/2026\/04\/stilles_wasser_mit_aussicht_im_hinkelsteinbad_in_piesendorfgemeinde_piesendorf_foto_lichtfarben-1-1536x864.jpg 1536w, https:\/\/www.salzburgerland.com\/cs\/wp-content\/uploads\/2026\/04\/stilles_wasser_mit_aussicht_im_hinkelsteinbad_in_piesendorfgemeinde_piesendorf_foto_lichtfarben-1-1200x675.jpg 1200w, https:\/\/www.salzburgerland.com\/cs\/wp-content\/uploads\/2026\/04\/stilles_wasser_mit_aussicht_im_hinkelsteinbad_in_piesendorfgemeinde_piesendorf_foto_lichtfarben-1.jpg 1920w\" sizes=\"(max-width: 1170px) 100vw, 1170px\" aria-describedby=\"figcaption-164791-164858\" itemprop=\"thumbnail\"><\/a><\/div>\n\t\t\t\t\t\t<span id=\"figcaption-164791-164858\" class=\"gallery-caption\" itemprop=\"caption\"><span aria-hidden=\"true\">Hinkelsteinbad v Piesendorfu s v\u00fdhledem na hory \u00a9 TVB Piesendorf Niedernsill, Lichtfarben<\/span><\/span>\n\t\t\t\t\t<\/li>\n\t\t\t\t\t<li class=\"gallery-item col-3\" itemprop=\"associatedMedia\" itemscope itemtype=\"http:\/\/schema.org\/ImageObject\">\n\t\t\t\t\t\t<div class=\"gallery-icon landscape\"><a href=\"https:\/\/www.salzburgerland.com\/cs\/wp-content\/uploads\/2026\/04\/badespass_im_naturbadesee_in_niedernsillferienregion_nationalpark_hohe_tauern_foto_michael_huber-1897x1067.jpg\" title=\"badespass_im_naturbadesee_in_niedernsill\u00a9ferienregion_nationalpark_hohe_tauern_foto_michael_huber\"><img decoding=\"async\" data-title=\"Koup\u00e1n\u00ed v p\u0159\u00edrodn\u00edm koupali\u0161ti Niedernsill \u00a9 TVB Piesendorf Niedernsill, Michael Huber\" title=\"Koup\u00e1n\u00ed v p\u0159\u00edrodn\u00edm koupali\u0161ti Niedernsill \u00a9 TVB Piesendorf Niedernsill, Michael Huber\" data-caption=\"Koup\u00e1n\u00ed v p\u0159\u00edrodn\u00edm koupali\u0161ti Niedernsill \u00a9 TVB Piesendorf Niedernsill, Michael Huber\" width=\"1170\" height=\"658\" src=\"https:\/\/www.salzburgerland.com\/cs\/wp-content\/uploads\/2026\/04\/badespass_im_naturbadesee_in_niedernsillferienregion_nationalpark_hohe_tauern_foto_michael_huber-1170x658.jpg\" class=\"attachment-1170_658 size-1170_658\" alt=\"Rodina na d\u0159ev\u011bn\u00e9m molu na p\u0159\u00edrodn\u00edm koupali\u0161ti Niedernsill s travnat\u00fdmi plochami a horami kolem (Zv\u011bt\u0161en\u00fd pohled)\" srcset=\"https:\/\/www.salzburgerland.com\/cs\/wp-content\/uploads\/2026\/04\/badespass_im_naturbadesee_in_niedernsillferienregion_nationalpark_hohe_tauern_foto_michael_huber-1170x658.jpg 1170w, https:\/\/www.salzburgerland.com\/cs\/wp-content\/uploads\/2026\/04\/badespass_im_naturbadesee_in_niedernsillferienregion_nationalpark_hohe_tauern_foto_michael_huber-1897x1067.jpg 1897w, https:\/\/www.salzburgerland.com\/cs\/wp-content\/uploads\/2026\/04\/badespass_im_naturbadesee_in_niedernsillferienregion_nationalpark_hohe_tauern_foto_michael_huber-768x432.jpg 768w, https:\/\/www.salzburgerland.com\/cs\/wp-content\/uploads\/2026\/04\/badespass_im_naturbadesee_in_niedernsillferienregion_nationalpark_hohe_tauern_foto_michael_huber-1536x864.jpg 1536w, https:\/\/www.salzburgerland.com\/cs\/wp-content\/uploads\/2026\/04\/badespass_im_naturbadesee_in_niedernsillferienregion_nationalpark_hohe_tauern_foto_michael_huber-2048x1152.jpg 2048w, https:\/\/www.salzburgerland.com\/cs\/wp-content\/uploads\/2026\/04\/badespass_im_naturbadesee_in_niedernsillferienregion_nationalpark_hohe_tauern_foto_michael_huber-1200x675.jpg 1200w\" sizes=\"(max-width: 1170px) 100vw, 1170px\" aria-describedby=\"figcaption-164791-164826\" itemprop=\"thumbnail\"><\/a><\/div>\n\t\t\t\t\t\t<span id=\"figcaption-164791-164826\" class=\"gallery-caption\" itemprop=\"caption\"><span aria-hidden=\"true\">Koup\u00e1n\u00ed v p\u0159\u00edrodn\u00edm koupali\u0161ti Niedernsill \u00a9 TVB Piesendorf Niedernsill, Michael Huber<\/span><\/span>\n\t\t\t\t\t<\/li>\n\t\t\t\t\t<li class=\"gallery-item col-3\" itemprop=\"associatedMedia\" itemscope itemtype=\"http:\/\/schema.org\/ImageObject\">\n\t\t\t\t\t\t<div class=\"gallery-icon landscape\"><a href=\"https:\/\/www.salzburgerland.com\/cs\/wp-content\/uploads\/2026\/04\/naturbadesee_in_niedenrsilltvb_piesendorf_niedernsill-1897x1067.jpeg\" title=\"naturbadesee_in_niedenrsill\u00a9tvb_piesendorf_niedernsill\"><img decoding=\"async\" data-title=\"P\u0159\u00edrodn\u00ed koupali\u0161t\u011b Niedernsill \u00a9 TVB Piesendorf Niedernsill\" title=\"P\u0159\u00edrodn\u00ed koupali\u0161t\u011b Niedernsill \u00a9 TVB Piesendorf Niedernsill\" data-caption=\"P\u0159\u00edrodn\u00ed koupali\u0161t\u011b Niedernsill \u00a9 TVB Piesendorf Niedernsill\" width=\"1170\" height=\"658\" src=\"https:\/\/www.salzburgerland.com\/cs\/wp-content\/uploads\/2026\/04\/naturbadesee_in_niedenrsilltvb_piesendorf_niedernsill-1170x658.jpeg\" class=\"attachment-1170_658 size-1170_658\" alt=\"Pohled na p\u0159\u00edrodn\u00ed koupali\u0161t\u011b v Niedernsillu s \u010distou vodou, loukami a okoln\u00ed p\u0159\u00edrodou (Zv\u011bt\u0161en\u00fd pohled)\" srcset=\"https:\/\/www.salzburgerland.com\/cs\/wp-content\/uploads\/2026\/04\/naturbadesee_in_niedenrsilltvb_piesendorf_niedernsill-1170x658.jpeg 1170w, https:\/\/www.salzburgerland.com\/cs\/wp-content\/uploads\/2026\/04\/naturbadesee_in_niedenrsilltvb_piesendorf_niedernsill-1897x1067.jpeg 1897w, https:\/\/www.salzburgerland.com\/cs\/wp-content\/uploads\/2026\/04\/naturbadesee_in_niedenrsilltvb_piesendorf_niedernsill-768x432.jpeg 768w, https:\/\/www.salzburgerland.com\/cs\/wp-content\/uploads\/2026\/04\/naturbadesee_in_niedenrsilltvb_piesendorf_niedernsill-1536x864.jpeg 1536w, https:\/\/www.salzburgerland.com\/cs\/wp-content\/uploads\/2026\/04\/naturbadesee_in_niedenrsilltvb_piesendorf_niedernsill-1200x675.jpeg 1200w, https:\/\/www.salzburgerland.com\/cs\/wp-content\/uploads\/2026\/04\/naturbadesee_in_niedenrsilltvb_piesendorf_niedernsill.jpeg 1920w\" sizes=\"(max-width: 1170px) 100vw, 1170px\" aria-describedby=\"figcaption-164791-164828\" itemprop=\"thumbnail\"><\/a><\/div>\n\t\t\t\t\t\t<span id=\"figcaption-164791-164828\" class=\"gallery-caption\" itemprop=\"caption\"><span aria-hidden=\"true\">P\u0159\u00edrodn\u00ed koupali\u0161t\u011b Niedernsill \u00a9 TVB Piesendorf Niedernsill<\/span><\/span>\n\t\t\t\t\t<\/li>\n\t\t\t\t<\/ul>\n\t\t\t<\/div><!-- .gallery -->\n\n<p>Do programu m\u016f\u017eete zapojit i dal\u0161\u00ed <a href=\"https:\/\/www.piesendorf.at\/en\/news\/10_things_summer_holiday\" target=\"_blank\" rel=\"noopener\">v\u00fdletn\u00ed c\u00edle<\/a>. Za energeticky siln\u00e9 m\u00edsto je pova\u017eovan\u00fd <strong>Naglk\u00f6pfl<\/strong> s histori\u00ed sahaj\u00edc\u00ed a\u017e ke keltsk\u00e9mu os\u00eddlen\u00ed. Dostupn\u00fd je p\u011b\u0161ky, na kole, ale i autem z z Walchenu nebo Piesendorfu. Z Naglk\u00f6pflu m\u011bli tehdej\u0161\u00ed obyvatel\u00e9 p\u0159ehled o cel\u00e9m \u00fadol\u00ed Salzachu, kter\u00e9 bylo kdysi divokou a jen t\u011b\u017eko p\u0159\u00edstupnou krajinou. Odkaz t\u00e9to doby p\u0159ipom\u00edn\u00e1 i postava keltsk\u00e9 v\u00edly <a href=\"https:\/\/www.piesendorf.at\/en\/summer\/culture_history\/isonta\" target=\"_blank\" rel=\"noopener\">Isonty<\/a> v logu regionu.<\/p>\n<p><strong>Muzeum norick\u00fdch kon\u00ed<\/strong> v Niedernsillu se v\u011bnuje historii a v\u00fdznamu tohoto tradi\u010dn\u00edho plemene, kter\u00e9 je ji\u017e po stalet\u00ed \u00fazce spojeno s alpsk\u00fdm zem\u011bd\u011blstv\u00edm. V\u00fdstava p\u0159edstavuje historick\u00e9 n\u00e1stroje, dokumenty a expon\u00e1ty t\u00fdkaj\u00edc\u00ed se chovu, pr\u00e1ce a zvyk\u016f a poskytuje vhled do v\u00fdvoje t\u011bchto siln\u00fdch horsk\u00fdch kon\u00ed.<\/p>\n<h3><strong>Tipy na zaj\u00edmav\u00e9 <a href=\"https:\/\/www.piesendorf.at\/en\/summer\/weekly_program\" target=\"_blank\" rel=\"noopener\">programy<\/a> a akce<\/strong><\/h3>\n<p>Dvakr\u00e1t t\u00fddn\u011b m\u016f\u017eete objevovat <strong>sv\u011bt hor s\u00a0pr\u016fvodci<\/strong>, kte\u0159\u00ed jsou skute\u010dn\u00ed znalci m\u00edstn\u00ed p\u0159\u00edrody. Turistick\u00e9 taxi pohodln\u011b doprav\u00ed hosty i s pr\u016fvodcem k\u00a0v\u00fdchoz\u00edm bod\u016fm i ve vy\u0161\u0161\u00edch poloh\u00e1ch. D\u00edky tomu je krat\u0161\u00ed v\u00fdstup i sestup a z\u00e1\u017eitky jsou je\u0161t\u011b p\u0159\u00edjemn\u011bj\u0161\u00ed.<\/p>\n<div id=\"attachment_164846\" style=\"width: 1180px\" class=\"wp-caption alignnone\"><img decoding=\"async\" aria-describedby=\"caption-attachment-164846\" class=\"wp-image-164846 size-1170_658\" src=\"https:\/\/www.salzburgerland.com\/cs\/wp-content\/uploads\/2026\/04\/stille_momente_in_den_kitzbueheler_alpentvb_piesendorf_niedernsill_foto_harry_liebmann-1170x658.jpg\" alt=\"Mal\u00e9 horsk\u00e9 jez\u00edrko v Kitzb\u00fchelsk\u00fdch Alp\u00e1ch obklopen\u00e9 klidnou p\u0159\u00edrodou a travnat\u00fdmi svahy\" width=\"1170\" height=\"658\" srcset=\"https:\/\/www.salzburgerland.com\/cs\/wp-content\/uploads\/2026\/04\/stille_momente_in_den_kitzbueheler_alpentvb_piesendorf_niedernsill_foto_harry_liebmann-1170x658.jpg 1170w, https:\/\/www.salzburgerland.com\/cs\/wp-content\/uploads\/2026\/04\/stille_momente_in_den_kitzbueheler_alpentvb_piesendorf_niedernsill_foto_harry_liebmann-1897x1067.jpg 1897w, https:\/\/www.salzburgerland.com\/cs\/wp-content\/uploads\/2026\/04\/stille_momente_in_den_kitzbueheler_alpentvb_piesendorf_niedernsill_foto_harry_liebmann-768x432.jpg 768w, https:\/\/www.salzburgerland.com\/cs\/wp-content\/uploads\/2026\/04\/stille_momente_in_den_kitzbueheler_alpentvb_piesendorf_niedernsill_foto_harry_liebmann-1536x864.jpg 1536w, https:\/\/www.salzburgerland.com\/cs\/wp-content\/uploads\/2026\/04\/stille_momente_in_den_kitzbueheler_alpentvb_piesendorf_niedernsill_foto_harry_liebmann-2048x1152.jpg 2048w, https:\/\/www.salzburgerland.com\/cs\/wp-content\/uploads\/2026\/04\/stille_momente_in_den_kitzbueheler_alpentvb_piesendorf_niedernsill_foto_harry_liebmann-1200x675.jpg 1200w\" sizes=\"(max-width: 1170px) 100vw, 1170px\"><p id=\"caption-attachment-164846\" class=\"wp-caption-text\">Klidn\u00e1 horsk\u00e1 z\u00e1kout\u00ed v Kitzb\u00fchelsk\u00fdch Alp\u00e1ch \u00a9 TVB Piesendorf Niedernsill, Harry Liebmann<\/p><\/div>\n<p>V\u00a0l\u00e9t\u011b se v\u00a0obc\u00edch pravideln\u011b konaj\u00ed <strong>koncerty<\/strong> lidov\u00fdch kapel, ve\u010dern\u00ed z\u00e1bavy nebo tradi\u010dn\u00ed <strong>slavnosti<\/strong>, jako nap\u0159\u00edklad Bartlm\u00e4-Fest s kulin\u00e1\u0159sk\u00fdmi specialitami a folklorn\u00edmi akcemi.<\/p>\n<h3><strong>Na kole pod\u00e9l Salzachu i do hor<\/strong><\/h3>\n<p>Taursk\u00e1 cyklostezka <strong>Tauernradweg<\/strong> proch\u00e1z\u00ed p\u0159\u00edmo ob\u011bma obcemi a propojuje je s cel\u00fdm regionem. M\u016f\u017eete tedy vyrazit na klidnou rodinnou etapu kolem jezera <strong>Zeller See<\/strong> nebo na del\u0161\u00ed trasu sm\u011brem ke <strong>Krimmelsk\u00fdm vodop\u00e1d\u016fm<\/strong>.<\/p>\n<p>Vedle \u00fadoln\u00edch tras je k dispozici i s\u00ed\u0165 <a href=\"https:\/\/www.piesendorf.at\/en\/summer\/cycling_biking#cat=Bike%20Riding\" target=\"_blank\" rel=\"noopener\">cest pro horsk\u00e1 kola<\/a> a kombinace <strong>Bike and Hike<\/strong>. Na kole se dostanete k horsk\u00e9 chat\u011b a d\u00e1l pokra\u010dujete p\u011b\u0161ky. Od l\u00e9ta <strong>2026<\/strong> nab\u00eddku roz\u0161i\u0159uje tak\u00e9 <strong>Hohe Tauern Bike Trail<\/strong>, kter\u00fd propoj\u00ed dal\u0161\u00ed \u010d\u00e1sti regionu.<\/p>\n<p><a href=\"https:\/\/www.piesendorf.at\/en\/summer\" target=\"_blank\" rel=\"noopener\">Piesendorf a Niedernsill<\/a> stoj\u00ed na jednoduch\u00e9m principu. Vyrazit ven a b\u011bhem jednoho dne propojit hory, vodu, v\u00fdlety na kole nebo n\u00e1v\u0161t\u011bvy zaj\u00edmav\u00fdch m\u00edst v p\u0159\u00edrod\u011b. Bez nutnosti slo\u017eit\u011b pl\u00e1novat a bez pocitu, \u017ee mus\u00edte n\u011bkam sp\u011bchat.<\/p>\n\n\t\t\t<div id=\"164791-7\" class=\"gallery gallery-164791 gallery-columns-3 gallery-size-1170_658\" itemscope itemtype=\"http:\/\/schema.org\/ImageGallery\">\n\t\t\t\t<ul class=\"gallery-row gallery-col-3 gallery-clear\">\n\t\t\t\t\t<li class=\"gallery-item col-3\" itemprop=\"associatedMedia\" itemscope itemtype=\"http:\/\/schema.org\/ImageObject\">\n\t\t\t\t\t\t<div class=\"gallery-icon landscape\"><a href=\"https:\/\/www.salzburgerland.com\/cs\/wp-content\/uploads\/2026\/04\/mtb_in_niedernsill_mit_aussichttvb_piesendorf_niedernsill_foto_lichtfarben-1897x1067.jpg\" title=\"mtb_in_niedernsill_mit_aussicht\u00a9tvb_piesendorf_niedernsill_foto_lichtfarben\"><img decoding=\"async\" data-title=\"MTB v okol\u00ed Niedernsillu s v\u00fdhledy \u00a9 TVB Piesendorf Niedernsill, Lichtfarben\" title=\"MTB v okol\u00ed Niedernsillu s v\u00fdhledy \u00a9 TVB Piesendorf Niedernsill, Lichtfarben\" data-caption=\"MTB v okol\u00ed Niedernsillu s v\u00fdhledy \u00a9 TVB Piesendorf Niedernsill, Lichtfarben\" width=\"1170\" height=\"658\" src=\"https:\/\/www.salzburgerland.com\/cs\/wp-content\/uploads\/2026\/04\/mtb_in_niedernsill_mit_aussichttvb_piesendorf_niedernsill_foto_lichtfarben-1170x658.jpg\" class=\"attachment-1170_658 size-1170_658\" alt=\"Cyklist\u00e9 na horsk\u00fdch kolech v oblasti Niedernsill s v\u00fdhledem na \u00fadol\u00ed a okoln\u00ed hory (Zv\u011bt\u0161en\u00fd pohled)\" srcset=\"https:\/\/www.salzburgerland.com\/cs\/wp-content\/uploads\/2026\/04\/mtb_in_niedernsill_mit_aussichttvb_piesendorf_niedernsill_foto_lichtfarben-1170x658.jpg 1170w, https:\/\/www.salzburgerland.com\/cs\/wp-content\/uploads\/2026\/04\/mtb_in_niedernsill_mit_aussichttvb_piesendorf_niedernsill_foto_lichtfarben-1897x1067.jpg 1897w, https:\/\/www.salzburgerland.com\/cs\/wp-content\/uploads\/2026\/04\/mtb_in_niedernsill_mit_aussichttvb_piesendorf_niedernsill_foto_lichtfarben-768x432.jpg 768w, https:\/\/www.salzburgerland.com\/cs\/wp-content\/uploads\/2026\/04\/mtb_in_niedernsill_mit_aussichttvb_piesendorf_niedernsill_foto_lichtfarben-1536x864.jpg 1536w, https:\/\/www.salzburgerland.com\/cs\/wp-content\/uploads\/2026\/04\/mtb_in_niedernsill_mit_aussichttvb_piesendorf_niedernsill_foto_lichtfarben-2048x1152.jpg 2048w, https:\/\/www.salzburgerland.com\/cs\/wp-content\/uploads\/2026\/04\/mtb_in_niedernsill_mit_aussichttvb_piesendorf_niedernsill_foto_lichtfarben-1200x675.jpg 1200w\" sizes=\"(max-width: 1170px) 100vw, 1170px\" aria-describedby=\"figcaption-164791-164841\" itemprop=\"thumbnail\"><\/a><\/div>\n\t\t\t\t\t\t<span id=\"figcaption-164791-164841\" class=\"gallery-caption\" itemprop=\"caption\"><span aria-hidden=\"true\">MTB v okol\u00ed Niedernsillu s v\u00fdhledy \u00a9 TVB Piesendorf Niedernsill, Lichtfarben<\/span><\/span>\n\t\t\t\t\t<\/li>\n\t\t\t\t\t<li class=\"gallery-item col-3\" itemprop=\"associatedMedia\" itemscope itemtype=\"http:\/\/schema.org\/ImageObject\">\n\t\t\t\t\t\t<div class=\"gallery-icon landscape\"><a href=\"https:\/\/www.salzburgerland.com\/cs\/wp-content\/uploads\/2026\/04\/mountainbiken_in_piesendorf_niedernsilltvb_piesendorf_niedernsill_foto_harry_liebmann-1897x1067.jpg\" title=\"mountainbiken_in_piesendorf_niedernsill\u00a9tvb_piesendorf_niedernsill_foto_harry_liebmann\"><img decoding=\"async\" data-title=\"Horsk\u00e1 cyklistika v Piesendorfu a Niedernsillu \u00a9 TVB Piesendorf Niedernsill, Harry Liebmann\" title=\"Horsk\u00e1 cyklistika v Piesendorfu a Niedernsillu \u00a9 TVB Piesendorf Niedernsill, Harry Liebmann\" data-caption=\"Horsk\u00e1 cyklistika v Piesendorfu a Niedernsillu \u00a9 TVB Piesendorf Niedernsill, Harry Liebmann\" width=\"1170\" height=\"658\" src=\"https:\/\/www.salzburgerland.com\/cs\/wp-content\/uploads\/2026\/04\/mountainbiken_in_piesendorf_niedernsilltvb_piesendorf_niedernsill_foto_harry_liebmann-1170x658.jpg\" class=\"attachment-1170_658 size-1170_658\" alt=\"J\u00edzda na horsk\u00e9m kole po alpsk\u00e9 stezce v oblasti Piesendorf a Niedernsill (Zv\u011bt\u0161en\u00fd pohled)\" srcset=\"https:\/\/www.salzburgerland.com\/cs\/wp-content\/uploads\/2026\/04\/mountainbiken_in_piesendorf_niedernsilltvb_piesendorf_niedernsill_foto_harry_liebmann-1170x658.jpg 1170w, https:\/\/www.salzburgerland.com\/cs\/wp-content\/uploads\/2026\/04\/mountainbiken_in_piesendorf_niedernsilltvb_piesendorf_niedernsill_foto_harry_liebmann-1897x1067.jpg 1897w, https:\/\/www.salzburgerland.com\/cs\/wp-content\/uploads\/2026\/04\/mountainbiken_in_piesendorf_niedernsilltvb_piesendorf_niedernsill_foto_harry_liebmann-768x432.jpg 768w, https:\/\/www.salzburgerland.com\/cs\/wp-content\/uploads\/2026\/04\/mountainbiken_in_piesendorf_niedernsilltvb_piesendorf_niedernsill_foto_harry_liebmann-1536x864.jpg 1536w, https:\/\/www.salzburgerland.com\/cs\/wp-content\/uploads\/2026\/04\/mountainbiken_in_piesendorf_niedernsilltvb_piesendorf_niedernsill_foto_harry_liebmann-2048x1152.jpg 2048w, https:\/\/www.salzburgerland.com\/cs\/wp-content\/uploads\/2026\/04\/mountainbiken_in_piesendorf_niedernsilltvb_piesendorf_niedernsill_foto_harry_liebmann-1200x675.jpg 1200w\" sizes=\"(max-width: 1170px) 100vw, 1170px\" aria-describedby=\"figcaption-164791-164840\" itemprop=\"thumbnail\"><\/a><\/div>\n\t\t\t\t\t\t<span id=\"figcaption-164791-164840\" class=\"gallery-caption\" itemprop=\"caption\"><span aria-hidden=\"true\">Horsk\u00e1 cyklistika v Piesendorfu a Niedernsillu \u00a9 TVB Piesendorf Niedernsill, Harry Liebmann<\/span><\/span>\n\t\t\t\t\t<\/li>\n\t\t\t\t\t<li class=\"gallery-item col-3\" itemprop=\"associatedMedia\" itemscope itemtype=\"http:\/\/schema.org\/ImageObject\">\n\t\t\t\t\t\t<div class=\"gallery-icon landscape\"><a href=\"https:\/\/www.salzburgerland.com\/cs\/wp-content\/uploads\/2026\/04\/familienausflug_am_tauernradweg_in_piesendorf_niedernsilltvb_piesendorf_niedernsill_foto_lichtfarben-1898x1067.jpg\" title=\"familienausflug_am_tauernradweg_in_piesendorf_niedernsill\u00a9tvb_piesendorf_niedernsill_foto_lichtfarben\"><img decoding=\"async\" data-title=\"Rodinn\u00fd cyklov\u00fdlet na Tauernradweg \u00a9 TVB Piesendorf Niedernsill, Lichtfarben\" title=\"Rodinn\u00fd cyklov\u00fdlet na Tauernradweg \u00a9 TVB Piesendorf Niedernsill, Lichtfarben\" data-caption=\"Rodinn\u00fd cyklov\u00fdlet na Tauernradweg \u00a9 TVB Piesendorf Niedernsill, Lichtfarben\" width=\"1170\" height=\"658\" src=\"https:\/\/www.salzburgerland.com\/cs\/wp-content\/uploads\/2026\/04\/familienausflug_am_tauernradweg_in_piesendorf_niedernsilltvb_piesendorf_niedernsill_foto_lichtfarben-1170x658.jpg\" class=\"attachment-1170_658 size-1170_658\" alt=\"Rodina na kolech na cyklostezce Tauernradweg pod\u00e9l \u0159eky Salzach s v\u00fdhledem na hory (Zv\u011bt\u0161en\u00fd pohled)\" srcset=\"https:\/\/www.salzburgerland.com\/cs\/wp-content\/uploads\/2026\/04\/familienausflug_am_tauernradweg_in_piesendorf_niedernsilltvb_piesendorf_niedernsill_foto_lichtfarben-1170x658.jpg 1170w, https:\/\/www.salzburgerland.com\/cs\/wp-content\/uploads\/2026\/04\/familienausflug_am_tauernradweg_in_piesendorf_niedernsilltvb_piesendorf_niedernsill_foto_lichtfarben-1898x1067.jpg 1898w, https:\/\/www.salzburgerland.com\/cs\/wp-content\/uploads\/2026\/04\/familienausflug_am_tauernradweg_in_piesendorf_niedernsilltvb_piesendorf_niedernsill_foto_lichtfarben-768x432.jpg 768w, https:\/\/www.salzburgerland.com\/cs\/wp-content\/uploads\/2026\/04\/familienausflug_am_tauernradweg_in_piesendorf_niedernsilltvb_piesendorf_niedernsill_foto_lichtfarben-1536x863.jpg 1536w, https:\/\/www.salzburgerland.com\/cs\/wp-content\/uploads\/2026\/04\/familienausflug_am_tauernradweg_in_piesendorf_niedernsilltvb_piesendorf_niedernsill_foto_lichtfarben-2048x1151.jpg 2048w, https:\/\/www.salzburgerland.com\/cs\/wp-content\/uploads\/2026\/04\/familienausflug_am_tauernradweg_in_piesendorf_niedernsilltvb_piesendorf_niedernsill_foto_lichtfarben-1200x675.jpg 1200w\" sizes=\"(max-width: 1170px) 100vw, 1170px\" aria-describedby=\"figcaption-164791-164836\" itemprop=\"thumbnail\"><\/a><\/div>\n\t\t\t\t\t\t<span id=\"figcaption-164791-164836\" class=\"gallery-caption\" itemprop=\"caption\"><span aria-hidden=\"true\">Rodinn\u00fd cyklov\u00fdlet na Tauernradweg \u00a9 TVB Piesendorf Niedernsill, Lichtfarben<\/span><\/span>\n\t\t\t\t\t<\/li>\n\t\t\t\t<\/ul>\n\t\t\t<\/div><!-- .gallery -->\n\n<div class=\"flex flex-col text-sm pb-25\">\n<section class=\"text-token-text-primary w-full focus:outline-none [--shadow-height:45px] has-data-writing-block:pointer-events-none has-data-writing-block:-mt-(--shadow-height) has-data-writing-block:pt-(--shadow-height) [&amp;:has([data-writing-block])&gt;*]:pointer-events-auto scroll-mt-[calc(var(--header-height)+min(200px,max(70px,20svh)))]\" dir=\"auto\" data-turn-id=\"request-WEB:913fa1d1-aa6b-42d6-bb25-cb8955da37ea-44\" data-testid=\"conversation-turn-38\" data-scroll-anchor=\"true\" data-turn=\"assistant\">\n<div class=\"text-base my-auto mx-auto pb-10 [--thread-content-margin:var(--thread-content-margin-xs,calc(var(--spacing)*4))] @w-sm\/main:[--thread-content-margin:var(--thread-content-margin-sm,calc(var(--spacing)*6))] @w-lg\/main:[--thread-content-margin:var(--thread-content-margin-lg,calc(var(--spacing)*16))] px-(--thread-content-margin)\">\n<div class=\"[--thread-content-max-width:40rem] @w-lg\/main:[--thread-content-max-width:48rem] mx-auto max-w-(--thread-content-max-width) flex-1 group\/turn-messages focus-visible:outline-hidden relative flex w-full min-w-0 flex-col agent-turn\">\n<div class=\"flex max-w-full flex-col gap-4 grow\">\n<div class=\"min-h-8 text-message relative flex w-full flex-col items-end gap-2 text-start break-words whitespace-normal outline-none keyboard-focused:focus-ring [.text-message+&amp;]:mt-1\" dir=\"auto\" tabindex=\"0\" data-message-author-role=\"assistant\" data-message-id=\"1eec611e-e600-401c-a5fe-30ecb1aa2ef8\" data-message-model-slug=\"gpt-5-3\" data-turn-start-message=\"true\">\n<div class=\"flex w-full flex-col gap-1 empty:hidden\">\n<div class=\"markdown prose dark:prose-invert w-full wrap-break-word light markdown-new-styling\">\n<p data-start=\"112\" data-end=\"471\" data-is-last-node=\"\" data-is-only-node=\"\">Hory v okol\u00ed Piesendorfu a Niedernsillu p\u016fsob\u00ed p\u0159\u00edstupn\u011b, ale je dobr\u00e9 jim v\u011bnovat respekt. P\u0159ed t\u00farou si zkontrolujte po\u010das\u00ed, zvolte trasu podle sv\u00fdch zku\u0161enost\u00ed a nezapome\u0148te na vhodnou obuv i dostatek tekutin. V\u010dasn\u00fd start se vyplat\u00ed a pom\u016f\u017ee v\u00e1m u\u017e\u00edt si den bez zbyte\u010dn\u00e9ho sp\u011bchu. Praktick\u00e9 tipy a doporu\u010den\u00ed najdete na t\u00e9to <a href=\"https:\/\/www.salzburgerland.com\/cs\/bezpecnost-v-horach-v-lete\/\">str\u00e1nce<\/a>.<\/p>\n<\/div>\n<\/div>\n<\/div>\n<\/div>\n<\/div>\n<\/div>\n<\/section>\n<\/div>\n","protected":false},"excerpt":{"rendered":"<p>Piesendorf a Niedernsill le\u017e\u00ed mezi m\u011bkk\u00fdmi travnat\u00fdmi svahy Kitzb\u00fchelsk\u00fdch Alp a v\u00fdrazn\u00fdmi vrcholy poho\u0159\u00ed Vysok\u00e9 Taury. Dv\u011b obce v oblasti N\u00e1rodn\u00edho parku Vysok\u00e9 Taury spojuje klidn\u00e1 atmosf\u00e9ra, bl\u00edzkost p\u0159\u00edrody a p\u0159ehledn\u00e1 nab\u00eddka aktivit, kter\u00e9 za\u010d\u00ednaj\u00ed prakticky hned za dve\u0159mi. M\u00edsto, kde r\u00e1no vyraz\u00edte na t\u00faru, odpoledne se vykoupete a ve\u010der posed\u00edte na horsk\u00e9 chat\u011b s [&hellip;]<\/p>\n","protected":false},"author":6,"featured_media":164802,"comment_status":"closed","ping_status":"closed","template":"","meta":{"_acf_changed":false,"wl_entities_gutenberg":"","_relevanssi_hide_post":"","_relevanssi_hide_content":"","_relevanssi_pin_for_all":"","_relevanssi_pin_keywords":"","_relevanssi_unpin_keywords":"","_relevanssi_related_keywords":"","_relevanssi_related_include_ids":"","_relevanssi_related_exclude_ids":"","_relevanssi_related_no_append":"","_relevanssi_related_not_related":"","_relevanssi_related_posts":"","_relevanssi_noindex_reason":"","footnotes":""},"categories":[],"tags":[],"wl_entity_type":[5],"class_list":["post-164791","entity","type-entity","status-publish","has-post-thumbnail","hentry","wl_entity_type-organization","sitetype-theme"],"acf":[],"yoast_head":"<!-- This site is optimized with the Yoast SEO Premium plugin v27.4 (Yoast SEO v27.4) - https:\/\/yoast.com\/product\/yoast-seo-premium-wordpress\/ -->\n<title>Piesendorf a Niedernsill v l\u00e9t\u011b \u00bb SalzburgerLand.com<\/title>\n<meta name=\"robots\" content=\"index, follow, max-snippet:-1, max-image-preview:large, max-video-preview:-1\" \/>\n<link rel=\"canonical\" href=\"https:\/\/www.salzburgerland.com\/cs\/piesendorf-a-niedernsill-v-lete\/\" \/>\n<meta property=\"og:locale\" content=\"cs_CZ\" \/>\n<meta property=\"og:type\" content=\"article\" \/>\n<meta property=\"og:title\" content=\"Piesendorf a Niedernsill v l\u00e9t\u011b\" \/>\n<meta property=\"og:description\" content=\"Piesendorf a Niedernsill le\u017e\u00ed mezi m\u011bkk\u00fdmi travnat\u00fdmi svahy Kitzb\u00fchelsk\u00fdch Alp a v\u00fdrazn\u00fdmi vrcholy poho\u0159\u00ed Vysok\u00e9 Taury. Dv\u011b obce v oblasti N\u00e1rodn\u00edho parku\" \/>\n<meta property=\"og:url\" content=\"https:\/\/www.salzburgerland.com\/cs\/piesendorf-a-niedernsill-v-lete\/\" \/>\n<meta property=\"og:site_name\" content=\"SalzburgerLand.com\" \/>\n<meta property=\"article:publisher\" content=\"https:\/\/www.facebook.com\/visitsalzburgerland\/\" \/>\n<meta property=\"article:modified_time\" content=\"2026-04-02T06:50:07+00:00\" \/>\n<meta property=\"og:image\" content=\"https:\/\/www.salzburgerland.com\/cs\/wp-content\/uploads\/2026\/04\/piesendorf_im_sommer_mit_weissen_gipfeln_der_hohen_tauerntvb_piesendorf_niedernsill_foto_harry_liebmann-1200x675.jpg\" \/>\n\t<meta property=\"og:image:width\" content=\"1200\" \/>\n\t<meta property=\"og:image:height\" content=\"675\" \/>\n\t<meta property=\"og:image:type\" content=\"image\/jpeg\" \/>\n<meta name=\"twitter:card\" content=\"summary_large_image\" \/>\n<meta name=\"twitter:site\" content=\"@salzburgerland\" \/>\n<meta name=\"twitter:label1\" content=\"Odhadovan\u00e1 doba \u010dten\u00ed\" \/>\n\t<meta name=\"twitter:data1\" content=\"7 minut\" \/>\n<script type=\"application\/ld+json\" class=\"yoast-schema-graph\">{\"@context\":\"https:\\\/\\\/schema.org\",\"@graph\":[{\"@type\":\"WebPage\",\"@id\":\"https:\\\/\\\/www.salzburgerland.com\\\/cs\\\/piesendorf-a-niedernsill-v-lete\\\/\",\"url\":\"https:\\\/\\\/www.salzburgerland.com\\\/cs\\\/piesendorf-a-niedernsill-v-lete\\\/\",\"name\":\"Piesendorf a Niedernsill v l\u00e9t\u011b \u00bb SalzburgerLand.com\",\"isPartOf\":{\"@id\":\"https:\\\/\\\/www.salzburgerland.com\\\/cs\\\/#website\"},\"primaryImageOfPage\":{\"@id\":\"https:\\\/\\\/www.salzburgerland.com\\\/cs\\\/piesendorf-a-niedernsill-v-lete\\\/#primaryimage\"},\"image\":{\"@id\":\"https:\\\/\\\/www.salzburgerland.com\\\/cs\\\/piesendorf-a-niedernsill-v-lete\\\/#primaryimage\"},\"thumbnailUrl\":\"https:\\\/\\\/www.salzburgerland.com\\\/cs\\\/wp-content\\\/uploads\\\/2026\\\/04\\\/piesendorf_im_sommer_mit_weissen_gipfeln_der_hohen_tauerntvb_piesendorf_niedernsill_foto_harry_liebmann.jpg\",\"datePublished\":\"2026-04-01T08:27:36+00:00\",\"dateModified\":\"2026-04-02T06:50:07+00:00\",\"description\":\"Piesendorf a Niedernsill v n\u00e1rodn\u00edm parku spojuj\u00ed klid \u00fadol\u00ed s horsk\u00fdmi t\u00farami v\u0161ech \u00farovn\u00ed. B\u011bhem jednoho dne tu zvl\u00e1dnete v\u00fdlet, koup\u00e1n\u00ed i zast\u00e1vku na horsk\u00e9 chat\u011b.\",\"inLanguage\":\"cs\",\"potentialAction\":[{\"@type\":\"ReadAction\",\"target\":[\"https:\\\/\\\/www.salzburgerland.com\\\/cs\\\/piesendorf-a-niedernsill-v-lete\\\/\"]}]},{\"@type\":\"ImageObject\",\"inLanguage\":\"cs\",\"@id\":\"https:\\\/\\\/www.salzburgerland.com\\\/cs\\\/piesendorf-a-niedernsill-v-lete\\\/#primaryimage\",\"url\":\"https:\\\/\\\/www.salzburgerland.com\\\/cs\\\/wp-content\\\/uploads\\\/2026\\\/04\\\/piesendorf_im_sommer_mit_weissen_gipfeln_der_hohen_tauerntvb_piesendorf_niedernsill_foto_harry_liebmann.jpg\",\"contentUrl\":\"https:\\\/\\\/www.salzburgerland.com\\\/cs\\\/wp-content\\\/uploads\\\/2026\\\/04\\\/piesendorf_im_sommer_mit_weissen_gipfeln_der_hohen_tauerntvb_piesendorf_niedernsill_foto_harry_liebmann.jpg\",\"width\":2560,\"height\":1439,\"caption\":\"Piesendorf v l\u00e9t\u011b s b\u00edl\u00fdmi vrcholy Vysok\u00fdch Taur \u00a9 TVB Piesendorf Niedernsill\"},{\"@type\":\"WebSite\",\"@id\":\"https:\\\/\\\/www.salzburgerland.com\\\/cs\\\/#website\",\"url\":\"https:\\\/\\\/www.salzburgerland.com\\\/cs\\\/\",\"name\":\"SalzburgerLand.com\",\"description\":\"Va\u0161e dovolen\u00e1 v Salcburku, Rakousko\",\"potentialAction\":[{\"@type\":\"SearchAction\",\"target\":{\"@type\":\"EntryPoint\",\"urlTemplate\":\"https:\\\/\\\/www.salzburgerland.com\\\/cs\\\/?s={search_term_string}\"},\"query-input\":{\"@type\":\"PropertyValueSpecification\",\"valueRequired\":true,\"valueName\":\"search_term_string\"}}],\"inLanguage\":\"cs\"}]}<\/script>\n<!-- \/ Yoast SEO Premium plugin. -->","yoast_head_json":{"title":"Piesendorf a Niedernsill v l\u00e9t\u011b \u00bb SalzburgerLand.com","robots":{"index":"index","follow":"follow","max-snippet":"max-snippet:-1","max-image-preview":"max-image-preview:large","max-video-preview":"max-video-preview:-1"},"canonical":"https:\/\/www.salzburgerland.com\/cs\/piesendorf-a-niedernsill-v-lete\/","og_locale":"cs_CZ","og_type":"article","og_title":"Piesendorf a Niedernsill v l\u00e9t\u011b","og_description":"Piesendorf a Niedernsill le\u017e\u00ed mezi m\u011bkk\u00fdmi travnat\u00fdmi svahy Kitzb\u00fchelsk\u00fdch Alp a v\u00fdrazn\u00fdmi vrcholy poho\u0159\u00ed Vysok\u00e9 Taury. Dv\u011b obce v oblasti N\u00e1rodn\u00edho parku","og_url":"https:\/\/www.salzburgerland.com\/cs\/piesendorf-a-niedernsill-v-lete\/","og_site_name":"SalzburgerLand.com","article_publisher":"https:\/\/www.facebook.com\/visitsalzburgerland\/","article_modified_time":"2026-04-02T06:50:07+00:00","og_image":[{"width":1200,"height":675,"url":"https:\/\/www.salzburgerland.com\/cs\/wp-content\/uploads\/2026\/04\/piesendorf_im_sommer_mit_weissen_gipfeln_der_hohen_tauerntvb_piesendorf_niedernsill_foto_harry_liebmann-1200x675.jpg","type":"image\/jpeg"}],"twitter_card":"summary_large_image","twitter_site":"@salzburgerland","twitter_misc":{"Odhadovan\u00e1 doba \u010dten\u00ed":"7 minut"},"schema":{"@context":"https:\/\/schema.org","@graph":[{"@type":"WebPage","@id":"https:\/\/www.salzburgerland.com\/cs\/piesendorf-a-niedernsill-v-lete\/","url":"https:\/\/www.salzburgerland.com\/cs\/piesendorf-a-niedernsill-v-lete\/","name":"Piesendorf a Niedernsill v l\u00e9t\u011b \u00bb SalzburgerLand.com","isPartOf":{"@id":"https:\/\/www.salzburgerland.com\/cs\/#website"},"primaryImageOfPage":{"@id":"https:\/\/www.salzburgerland.com\/cs\/piesendorf-a-niedernsill-v-lete\/#primaryimage"},"image":{"@id":"https:\/\/www.salzburgerland.com\/cs\/piesendorf-a-niedernsill-v-lete\/#primaryimage"},"thumbnailUrl":"https:\/\/www.salzburgerland.com\/cs\/wp-content\/uploads\/2026\/04\/piesendorf_im_sommer_mit_weissen_gipfeln_der_hohen_tauerntvb_piesendorf_niedernsill_foto_harry_liebmann.jpg","datePublished":"2026-04-01T08:27:36+00:00","dateModified":"2026-04-02T06:50:07+00:00","description":"Piesendorf a Niedernsill v n\u00e1rodn\u00edm parku spojuj\u00ed klid \u00fadol\u00ed s horsk\u00fdmi t\u00farami v\u0161ech \u00farovn\u00ed. B\u011bhem jednoho dne tu zvl\u00e1dnete v\u00fdlet, koup\u00e1n\u00ed i zast\u00e1vku na horsk\u00e9 chat\u011b.","inLanguage":"cs","potentialAction":[{"@type":"ReadAction","target":["https:\/\/www.salzburgerland.com\/cs\/piesendorf-a-niedernsill-v-lete\/"]}]},{"@type":"ImageObject","inLanguage":"cs","@id":"https:\/\/www.salzburgerland.com\/cs\/piesendorf-a-niedernsill-v-lete\/#primaryimage","url":"https:\/\/www.salzburgerland.com\/cs\/wp-content\/uploads\/2026\/04\/piesendorf_im_sommer_mit_weissen_gipfeln_der_hohen_tauerntvb_piesendorf_niedernsill_foto_harry_liebmann.jpg","contentUrl":"https:\/\/www.salzburgerland.com\/cs\/wp-content\/uploads\/2026\/04\/piesendorf_im_sommer_mit_weissen_gipfeln_der_hohen_tauerntvb_piesendorf_niedernsill_foto_harry_liebmann.jpg","width":2560,"height":1439,"caption":"Piesendorf v l\u00e9t\u011b s b\u00edl\u00fdmi vrcholy Vysok\u00fdch Taur \u00a9 TVB Piesendorf Niedernsill"},{"@type":"WebSite","@id":"https:\/\/www.salzburgerland.com\/cs\/#website","url":"https:\/\/www.salzburgerland.com\/cs\/","name":"SalzburgerLand.com","description":"Va\u0161e dovolen\u00e1 v Salcburku, Rakousko","potentialAction":[{"@type":"SearchAction","target":{"@type":"EntryPoint","urlTemplate":"https:\/\/www.salzburgerland.com\/cs\/?s={search_term_string}"},"query-input":{"@type":"PropertyValueSpecification","valueRequired":true,"valueName":"search_term_string"}}],"inLanguage":"cs"}]}},"_wl_alt_label":[],"wl:entity_url":"http:\/\/open.salzburgerland.com\/cs\/entity\/piesendorf-a-niedernsill-v-lete","_links":{"self":[{"href":"https:\/\/www.salzburgerland.com\/cs\/wp-json\/wp\/v2\/entities\/164791","targetHints":{"allow":["GET"]}}],"collection":[{"href":"https:\/\/www.salzburgerland.com\/cs\/wp-json\/wp\/v2\/entities"}],"about":[{"href":"https:\/\/www.salzburgerland.com\/cs\/wp-json\/wp\/v2\/types\/entity"}],"author":[{"embeddable":true,"href":"https:\/\/www.salzburgerland.com\/cs\/wp-json\/wp\/v2\/users\/6"}],"replies":[{"embeddable":true,"href":"https:\/\/www.salzburgerland.com\/cs\/wp-json\/wp\/v2\/comments?post=164791"}],"version-history":[{"count":27,"href":"https:\/\/www.salzburgerland.com\/cs\/wp-json\/wp\/v2\/entities\/164791\/revisions"}],"predecessor-version":[{"id":164876,"href":"https:\/\/www.salzburgerland.com\/cs\/wp-json\/wp\/v2\/entities\/164791\/revisions\/164876"}],"wp:featuredmedia":[{"embeddable":true,"href":"https:\/\/www.salzburgerland.com\/cs\/wp-json\/wp\/v2\/media\/164802"}],"wp:attachment":[{"href":"https:\/\/www.salzburgerland.com\/cs\/wp-json\/wp\/v2\/media?parent=164791"}],"wp:term":[{"taxonomy":"category","embeddable":true,"href":"https:\/\/www.salzburgerland.com\/cs\/wp-json\/wp\/v2\/categories?post=164791"},{"taxonomy":"post_tag","embeddable":true,"href":"https:\/\/www.salzburgerland.com\/cs\/wp-json\/wp\/v2\/tags?post=164791"},{"taxonomy":"wl_entity_type","embeddable":true,"href":"https:\/\/www.salzburgerland.com\/cs\/wp-json\/wp\/v2\/wl_entity_type?post=164791"}],"curies":[{"name":"wp","href":"https:\/\/api.w.org\/{rel}","templated":true}]}}