{"id":164747,"date":"2026-04-01T01:22:55","date_gmt":"2026-03-31T23:22:55","guid":{"rendered":"https:\/\/www.salzburgerland.com\/cs\/?post_type=entity&#038;p=164747"},"modified":"2026-04-01T14:54:03","modified_gmt":"2026-04-01T12:54:03","slug":"mittersill-v-lete","status":"publish","type":"entity","link":"https:\/\/www.salzburgerland.com\/cs\/mittersill-v-lete\/","title":{"rendered":"Mittersill v l\u00e9t\u011b"},"content":{"rendered":"<p>Mittersill, Hollersbach a Stuhlfelden najdete v \u00fadol\u00ed Salzachtal mezi Kitzb\u00fchelsk\u00fdmi Alpami a masivem Vysok\u00fdch Taur. Mittersill je <strong>centrem <a href=\"https:\/\/www.salzburgerland.com\/cs\/prazdninovy-region-narodni-park-vysoke-taury-v-lete\/\">n\u00e1rodn\u00edho parku<\/a><\/strong> a funguje tak\u00e9 jako p\u0159irozen\u00fd v\u00fdchoz\u00ed bod pro objevov\u00e1n\u00ed cel\u00e9 oblasti Oberpinzgau. Z\u00e1rove\u0148 si zachov\u00e1v\u00e1 sv\u016fj p\u016fvodn\u00ed alpsk\u00fd charakter a atmosf\u00e9ru. P\u0159ibli\u017en\u011b \u0161estitis\u00edcov\u00e1 obec na \u0159ece Salzach st\u00e1le p\u016fsob\u00ed klidn\u011b a autenticky. Jde tedy o ide\u00e1ln\u00ed m\u00edsto, kde str\u00e1vit letn\u00ed dovolenou.<\/p>\n<h3><strong>Turistick\u00e1 oblast Mittersill \u2013 Hollersbach \u2013 Stuhlfelden<\/strong><\/h3>\n<p><a href=\"https:\/\/www.mittersill.info\/en\/offer\/hiking.html\" target=\"_blank\" rel=\"noopener\">Turistika<\/a> pat\u0159\u00ed v regionu k nejd\u016fle\u017eit\u011bj\u0161\u00edm aktivit\u00e1m. Host\u00e9 maj\u00ed na v\u00fdb\u011br z v\u00edce ne\u017e 60 tras a tematick\u00fdch stezek, kter\u00e9 r\u016fzn\u011b propojuj\u00ed obce Mittersill, Hollersbach a Stuhlfelden. M\u016f\u017eete si vybrat klidn\u00e9 a pohodov\u00e9 proch\u00e1zky, celodenn\u00ed t\u00fary i n\u00e1ro\u010dn\u011bj\u0161\u00ed horsk\u00e9 v\u00fdstupy. P\u0159ehlednost usnad\u0148uje rozd\u011blen\u00ed tras podle obt\u00ed\u017enosti.<\/p>\n<p>Lehk\u00e9 cesty vedou nap\u0159\u00edklad kolem bylinkov\u00fdch zahrad, nau\u010dn\u00fdch stezek nebo pod\u00e9l vodop\u00e1d\u016f a jsou vhodn\u00e9 i pro rodiny s d\u011btmi. St\u0159edn\u011b n\u00e1ro\u010dn\u00e9 t\u00fary zahrnuj\u00ed panoramatick\u00e9 okruhy, h\u0159ebenovky i del\u0161\u00ed v\u00fd\u0161lapy v d\u00e9lce n\u011bkolika hodin. N\u00e1ro\u010dn\u00e9 horsk\u00e9 t\u00fary m\u00ed\u0159\u00ed do vy\u0161\u0161\u00edch poloh N\u00e1rodn\u00edho parku <strong>Vysok\u00e9 Taury<\/strong> a vy\u017eaduj\u00ed zku\u0161enosti i dobrou kondici.<\/p>\n\n\t\t\t<div id=\"164747-1\" class=\"gallery gallery-164747 gallery-columns-3 gallery-size-1170_658\" itemscope itemtype=\"http:\/\/schema.org\/ImageGallery\">\n\t\t\t\t<ul class=\"gallery-row gallery-col-3 gallery-clear\">\n\t\t\t\t\t<li class=\"gallery-item col-3\" itemprop=\"associatedMedia\" itemscope itemtype=\"http:\/\/schema.org\/ImageObject\">\n\t\t\t\t\t\t<div class=\"gallery-icon landscape\"><a href=\"https:\/\/www.salzburgerland.com\/cs\/wp-content\/uploads\/2026\/04\/c-michael-hochfellner_mittersill-plus-wandern.jpg\" title=\"\u00a9 MICHAEL HOCHFELLNER PHOTOGRAPHY\"><img decoding=\"async\" data-title=\"Turistika v Mittersillu v N\u00e1rodn\u00edm parku Vysok\u00e9 Taury \u00a9 Michael Hochfellner \/ Mittersill Plus\" title=\"Turistika v Mittersillu v N\u00e1rodn\u00edm parku Vysok\u00e9 Taury \u00a9 Michael Hochfellner \/ Mittersill Plus\" data-caption=\"Turistika v Mittersillu v N\u00e1rodn\u00edm parku Vysok\u00e9 Taury \u00a9 Michael Hochfellner \/ Mittersill Plus\" width=\"1170\" height=\"658\" src=\"https:\/\/www.salzburgerland.com\/cs\/wp-content\/uploads\/2026\/04\/c-michael-hochfellner_mittersill-plus-wandern-1170x658.jpg\" class=\"attachment-1170_658 size-1170_658\" alt=\"Dva lid\u00e9 kr\u00e1\u010dej\u00ed po travnat\u00e9 horsk\u00e9 stezce v n\u00e1rodn\u00edm parku Vysok\u00e9 Taury, za stromy se zvedaj\u00ed vzd\u00e1len\u00e9 vrcholy. (Zv\u011bt\u0161en\u00fd pohled)\" srcset=\"https:\/\/www.salzburgerland.com\/cs\/wp-content\/uploads\/2026\/04\/c-michael-hochfellner_mittersill-plus-wandern-1170x658.jpg 1170w, https:\/\/www.salzburgerland.com\/cs\/wp-content\/uploads\/2026\/04\/c-michael-hochfellner_mittersill-plus-wandern-1200x675.jpg 1200w\" sizes=\"(max-width: 1170px) 100vw, 1170px\" aria-describedby=\"figcaption-164747-164773\" itemprop=\"thumbnail\"><\/a><\/div>\n\t\t\t\t\t\t<span id=\"figcaption-164747-164773\" class=\"gallery-caption\" itemprop=\"caption\"><span aria-hidden=\"true\">Turistika v Mittersillu v N\u00e1rodn\u00edm parku Vysok\u00e9 Taury \u00a9 Michael Hochfellner \/ Mittersill Plus<\/span><\/span>\n\t\t\t\t\t<\/li>\n\t\t\t\t\t<li class=\"gallery-item col-3\" itemprop=\"associatedMedia\" itemscope itemtype=\"http:\/\/schema.org\/ImageObject\">\n\t\t\t\t\t\t<div class=\"gallery-icon landscape\"><a href=\"https:\/\/www.salzburgerland.com\/cs\/wp-content\/uploads\/2026\/04\/c-michael-hochfellner_mittersill-plus-2-wandern-1.jpg\" title=\"\u00a9 MICHAEL HOCHFELLNER PHOTOGRAPHY\"><img decoding=\"async\" data-title=\"Turistick\u00e1 stezka kolem vodn\u00ed n\u00e1dr\u017ee na Resterh\u00f6he v Mittersillu \u00a9 Michael Hochfellner \/ Mittersill Plus\" title=\"Turistick\u00e1 stezka kolem vodn\u00ed n\u00e1dr\u017ee na Resterh\u00f6he v Mittersillu \u00a9 Michael Hochfellner \/ Mittersill Plus\" data-caption=\"Turistick\u00e1 stezka kolem vodn\u00ed n\u00e1dr\u017ee na Resterh\u00f6he v Mittersillu \u00a9 Michael Hochfellner \/ Mittersill Plus\" width=\"1170\" height=\"658\" src=\"https:\/\/www.salzburgerland.com\/cs\/wp-content\/uploads\/2026\/04\/c-michael-hochfellner_mittersill-plus-2-wandern-1-1170x658.jpg\" class=\"attachment-1170_658 size-1170_658\" alt=\"Dva lid\u00e9 na t\u00fa\u0159e u klidn\u00e9ho jezera v n\u00e1rodn\u00edm parku Vysok\u00e9 Taury, zasn\u011b\u017een\u00e9 vrcholky a travnat\u00e9 kopce pod jasnou oblohou. (Zv\u011bt\u0161en\u00fd pohled)\" srcset=\"https:\/\/www.salzburgerland.com\/cs\/wp-content\/uploads\/2026\/04\/c-michael-hochfellner_mittersill-plus-2-wandern-1-1170x658.jpg 1170w, https:\/\/www.salzburgerland.com\/cs\/wp-content\/uploads\/2026\/04\/c-michael-hochfellner_mittersill-plus-2-wandern-1-1200x675.jpg 1200w\" sizes=\"(max-width: 1170px) 100vw, 1170px\" aria-describedby=\"figcaption-164747-164771\" itemprop=\"thumbnail\"><\/a><\/div>\n\t\t\t\t\t\t<span id=\"figcaption-164747-164771\" class=\"gallery-caption\" itemprop=\"caption\"><span aria-hidden=\"true\">Turistick\u00e1 stezka kolem vodn\u00ed n\u00e1dr\u017ee na Resterh\u00f6he v Mittersillu \u00a9 Michael Hochfellner \/ Mittersill Plus<\/span><\/span>\n\t\t\t\t\t<\/li>\n\t\t\t\t\t<li class=\"gallery-item col-3\" itemprop=\"associatedMedia\" itemscope itemtype=\"http:\/\/schema.org\/ImageObject\">\n\t\t\t\t\t\t<div class=\"gallery-icon landscape\"><a href=\"https:\/\/www.salzburgerland.com\/cs\/wp-content\/uploads\/2026\/04\/september-2020_c-daniel-kogler_mittersill-plus-5-wandern.jpg\" title=\"September 2020_c-Daniel Kogler_Mittersill Plus (5) wandern\"><img decoding=\"async\" data-title=\"Vrcholov\u00fd k\u0159\u00ed\u017e a v\u00fdchod slunce \u00a9 Michael Hochfellner \/ Mittersill Plus\" title=\"Vrcholov\u00fd k\u0159\u00ed\u017e a v\u00fdchod slunce \u00a9 Michael Hochfellner \/ Mittersill Plus\" data-caption=\"Vrcholov\u00fd k\u0159\u00ed\u017e a v\u00fdchod slunce \u00a9 Michael Hochfellner \/ Mittersill Plus\" width=\"1170\" height=\"658\" src=\"https:\/\/www.salzburgerland.com\/cs\/wp-content\/uploads\/2026\/04\/september-2020_c-daniel-kogler_mittersill-plus-5-wandern-1170x658.jpg\" class=\"attachment-1170_658 size-1170_658\" alt=\"Dva lid\u00e9 stoj\u00ed u k\u0159\u00ed\u017ee p\u0159i v\u00fdchodu slunce s v\u00fdhledem na mlhav\u00e9 hory a \u00fadol\u00ed n\u00e1rodn\u00edho parku Vysok\u00e9 Taury. (Zv\u011bt\u0161en\u00fd pohled)\" srcset=\"https:\/\/www.salzburgerland.com\/cs\/wp-content\/uploads\/2026\/04\/september-2020_c-daniel-kogler_mittersill-plus-5-wandern-1170x658.jpg 1170w, https:\/\/www.salzburgerland.com\/cs\/wp-content\/uploads\/2026\/04\/september-2020_c-daniel-kogler_mittersill-plus-5-wandern-1200x675.jpg 1200w\" sizes=\"(max-width: 1170px) 100vw, 1170px\" aria-describedby=\"figcaption-164747-164776\" itemprop=\"thumbnail\"><\/a><\/div>\n\t\t\t\t\t\t<span id=\"figcaption-164747-164776\" class=\"gallery-caption\" itemprop=\"caption\"><span aria-hidden=\"true\">Vrcholov\u00fd k\u0159\u00ed\u017e a v\u00fdchod slunce \u00a9 Michael Hochfellner \/ Mittersill Plus<\/span><\/span>\n\t\t\t\t\t<\/li>\n\t\t\t\t<\/ul>\n\t\t\t<\/div><!-- .gallery -->\n\n<p>Sou\u010d\u00e1st\u00ed nab\u00eddky je tak\u00e9 d\u00e1lkov\u00e1 trasa Hohe Tauern Panorama Trail, kter\u00e1 propojuje nejzaj\u00edmav\u011bj\u0161\u00ed m\u00edsta regionu a cestou nab\u00edz\u00ed v\u00fdhledy na nejvy\u0161\u0161\u00ed rakousk\u00e9 vrcholy. M\u00edstn\u00ed tematick\u00e9 stezky p\u0159ibli\u017euj\u00ed z\u00e1bavnou formou zdej\u0161\u00ed p\u0159\u00edrodu i krajinu a dopl\u0148uj\u00ed tak klasickou turistiku o dal\u0161\u00ed z\u00e1\u017eitky.<\/p>\n<p>V regionu najdete 10 certifikovan\u00fdch turistick\u00fdch podnik\u016f, kter\u00e9 nab\u00edzej\u00ed odborn\u00e9 z\u00e1zem\u00ed i slu\u017eby jako nap\u0159\u00edklad bezplatn\u00e9 turistick\u00e9 taxi. V hlavn\u00ed sez\u00f3n\u011b se konaj\u00ed pravideln\u00e9 komentovan\u00e9 t\u00fary s <a href=\"https:\/\/www.mittersill.info\/en\/offer\/guided-hikes.html\" target=\"_blank\" rel=\"noopener\">pr\u016fvodci<\/a> a rangery n\u00e1rodn\u00edho parku. M\u00e1te tak \u0161anci dozv\u011bd\u011bt se zaj\u00edmav\u00e9 informace o nejv\u011bt\u0161\u00edm n\u00e1rodn\u00edm parku v\u00a0Alp\u00e1ch od odborn\u00edk\u016f na slovo vzat\u00fdch.<\/p>\n<h3><strong>Na kole n\u00e1rodn\u00edm parkem<\/strong><\/h3>\n<p>Okol\u00ed Mittersillu nab\u00edz\u00ed trasy pro horsk\u00e1 kola, st\u00e1le popul\u00e1rn\u011bj\u0161\u00ed gravel biky, silni\u010dn\u00ed kola i elektrokola. Od pohodov\u00fdch cyklostezek v \u00fadol\u00ed a\u017e po n\u00e1ro\u010dn\u011bj\u0161\u00ed v\u00fdjezdy do hor si zde vyberou rekrea\u010dn\u00ed <a href=\"https:\/\/www.mittersill.info\/en\/offer\/cycling-biking.html\" target=\"_blank\" rel=\"noopener\">cyklist\u00e9<\/a>, ale tak\u00e9 sportovn\u011b zalo\u017een\u00ed n\u00e1v\u0161t\u011bvn\u00edci.<\/p>\n<div id=\"attachment_164774\" style=\"width: 1180px\" class=\"wp-caption alignnone\"><img decoding=\"async\" aria-describedby=\"caption-attachment-164774\" class=\"wp-image-164774 size-1170_658\" src=\"https:\/\/www.salzburgerland.com\/cs\/wp-content\/uploads\/2026\/04\/gravel-bike_c-daniel-kogler_mittersill-plus-48-biken-1170x658.jpg\" alt=\"\u010cty\u0159i cyklist\u00e9 jedou na horsk\u00fdch kolech po \u0161otolinov\u00e9 stezce v n\u00e1rodn\u00edm parku Vysok\u00e9 Taury u Mittersillu v l\u00e9t\u011b.\" width=\"1170\" height=\"658\" srcset=\"https:\/\/www.salzburgerland.com\/cs\/wp-content\/uploads\/2026\/04\/gravel-bike_c-daniel-kogler_mittersill-plus-48-biken-1170x658.jpg 1170w, https:\/\/www.salzburgerland.com\/cs\/wp-content\/uploads\/2026\/04\/gravel-bike_c-daniel-kogler_mittersill-plus-48-biken-1200x675.jpg 1200w\" sizes=\"(max-width: 1170px) 100vw, 1170px\"><p id=\"caption-attachment-164774\" class=\"wp-caption-text\">Skupina cyklist\u016f na gravel kolech na trase v okol\u00ed Mittersillu \u00a9 Daniel Kogler \/ Mittersill Plus<\/p><\/div>\n<p><a href=\"https:\/\/www.mittersill.info\/en\/offer\/gravelbike.html\" target=\"_blank\" rel=\"noopener\">Gravel bike<\/a> umo\u017e\u0148uje kombinovat asfaltov\u00e9 \u00faseky se \u0161otolinov\u00fdmi cestami a pat\u0159\u00ed k ide\u00e1ln\u00edm zp\u016fsob\u016fm, jak se sezn\u00e1mit ze sedla kola s\u00a0regionem. Obl\u00edben\u00e9 jsou nap\u0159\u00edklad trasy sm\u011brem do Felbertalu nebo Hollersbachtalu. Elektrokola roz\u0161i\u0159uj\u00ed mo\u017enosti vyj\u00ed\u017ed\u011bk i do vy\u0161\u0161\u00edch poloh, nap\u0159\u00edklad k horsk\u00fdm chat\u00e1m, kter\u00e9 by pro leckoho byly h\u016f\u0159e dostupn\u00e9.<\/p>\n<div id=\"attachment_164764\" style=\"width: 1180px\" class=\"wp-caption alignnone\"><img decoding=\"async\" aria-describedby=\"caption-attachment-164764\" class=\"wp-image-164764 size-1170_658\" src=\"https:\/\/www.salzburgerland.com\/cs\/wp-content\/uploads\/2026\/04\/c-michael-hochfellner_mittersill-plus-biken-1170x658.jpg\" alt=\"Osoba jede na kole p\u0159i z\u00e1padu slunce po klikat\u00e9 stezce v n\u00e1rodn\u00edm parku Vysok\u00e9 Taury u Mittersillu v l\u00e9t\u011b.\" width=\"1170\" height=\"658\" srcset=\"https:\/\/www.salzburgerland.com\/cs\/wp-content\/uploads\/2026\/04\/c-michael-hochfellner_mittersill-plus-biken-1170x658.jpg 1170w, https:\/\/www.salzburgerland.com\/cs\/wp-content\/uploads\/2026\/04\/c-michael-hochfellner_mittersill-plus-biken-1200x675.jpg 1200w\" sizes=\"(max-width: 1170px) 100vw, 1170px\"><p id=\"caption-attachment-164764\" class=\"wp-caption-text\">Na horsk\u00e9 trase v okol\u00ed Mittersillu \u00a9 Michael Hochfellner \/ Mittersill Plus<\/p><\/div>\n<p>Regionem proch\u00e1z\u00ed tak\u00e9 <strong>Tauernradweg<\/strong>, jedna z nejzn\u00e1m\u011bj\u0161\u00edch a nejobl\u00edben\u011bj\u0161\u00edch cyklotras v Rakousku. Vede pod\u00e9l \u0159eky Salzach od <strong>Krimmelsk\u00fdch vodop\u00e1d\u016f<\/strong>, kter\u00e9 jsou nejv\u011bt\u0161\u00ed v\u00a0Evrop\u011b. Ur\u010dit\u011b byste je m\u011bli vid\u011bt, stoj\u00ed to za to. Taursk\u00e1 cyklostezka pak pokra\u010duje a\u017e sm\u011brem do Salcburku a d\u00edky m\u00edrn\u00e9mu profilu je vhodn\u00e1 i pro rodiny.<\/p>\n<h3><strong>Golf v Mittersillu<\/strong><\/h3>\n<p>V\u00a0posledn\u00edch letech se v\u00a0Mittersillu dost\u00e1v\u00e1 \u010d\u00edm d\u00e1l v\u00edce do pop\u0159ed\u00ed z\u00e1jmu host\u016f tak\u00e9 <strong><a href=\"https:\/\/www.mittersill.info\/en\/offer\/golf.html\" target=\"_blank\" rel=\"noopener\">golf<\/a><\/strong>. Golfclub Nationalpark Hohe Tauern nab\u00edz\u00ed 18jamkov\u00e9 h\u0159i\u0161t\u011b v otev\u0159en\u00e9m \u00fadol\u00ed Salzach. H\u0159i\u0161t\u011b je p\u0159ev\u00e1\u017en\u011b rovinat\u00e9 a zasazen\u00e9 mezi louky, \u0159eku a horsk\u00e9 panorama, co\u017e umo\u017e\u0148uje jak pohodovou hru, tak sportovn\u011b n\u00e1ro\u010dn\u011bj\u0161\u00ed v\u00fdkony.<\/p>\n<p>Sou\u010d\u00e1st\u00ed are\u00e1lu je golfov\u00e1 \u0161kola s mo\u017enost\u00ed individu\u00e1ln\u00edch lekc\u00ed i modern\u00edmi programy, kter\u00e9 pomohou zlep\u0161it techniku a \u0161vih. Po h\u0159e je mo\u017en\u00e9 vyu\u017e\u00edt z\u00e1zem\u00ed klubov\u00e9 restaurace s v\u00fdhledem na okoln\u00ed hory. V okruhu jedn\u00e9 hodiny j\u00edzdy se nav\u00edc nach\u00e1z\u00ed dal\u0161\u00edch 15 golfov\u00fdch h\u0159i\u0161\u0165, co\u017e d\u011bl\u00e1 z Mittersillu skv\u011bl\u00fd startovn\u00ed bod pro golfovou dovolenou.<\/p>\n\n\t\t\t<div id=\"164747-2\" class=\"gallery gallery-164747 gallery-columns-3 gallery-size-1170_658\" itemscope itemtype=\"http:\/\/schema.org\/ImageGallery\">\n\t\t\t\t<ul class=\"gallery-row gallery-col-3 gallery-clear\">\n\t\t\t\t\t<li class=\"gallery-item col-3\" itemprop=\"associatedMedia\" itemscope itemtype=\"http:\/\/schema.org\/ImageObject\">\n\t\t\t\t\t\t<div class=\"gallery-icon landscape\"><a href=\"https:\/\/www.salzburgerland.com\/cs\/wp-content\/uploads\/2026\/04\/c-michael-hochfellner_mittersill-plus-5-golf.jpg\" title=\"\u00a9 MICHAEL HOCHFELLNER PHOTOGRAPHY\"><img decoding=\"async\" data-title=\"Golfov\u00e1 dovolen\u00e1 v Mittersillu \u00a9 Michael Hochfellner \/ Mittersill Plus\" title=\"Golfov\u00e1 dovolen\u00e1 v Mittersillu \u00a9 Michael Hochfellner \/ Mittersill Plus\" data-caption=\"Golfov\u00e1 dovolen\u00e1 v Mittersillu \u00a9 Michael Hochfellner \/ Mittersill Plus\" width=\"1170\" height=\"658\" src=\"https:\/\/www.salzburgerland.com\/cs\/wp-content\/uploads\/2026\/04\/c-michael-hochfellner_mittersill-plus-5-golf-1170x658.jpg\" class=\"attachment-1170_658 size-1170_658\" alt=\"Rozs\u00e1hl\u00e9 golfov\u00e9 h\u0159i\u0161t\u011b v Mittersillu obklopen\u00e9 horskou krajinou Vysok\u00fdch Taur (Zv\u011bt\u0161en\u00fd pohled)\" srcset=\"https:\/\/www.salzburgerland.com\/cs\/wp-content\/uploads\/2026\/04\/c-michael-hochfellner_mittersill-plus-5-golf-1170x658.jpg 1170w, https:\/\/www.salzburgerland.com\/cs\/wp-content\/uploads\/2026\/04\/c-michael-hochfellner_mittersill-plus-5-golf-1200x675.jpg 1200w\" sizes=\"(max-width: 1170px) 100vw, 1170px\" aria-describedby=\"figcaption-164747-164769\" itemprop=\"thumbnail\"><\/a><\/div>\n\t\t\t\t\t\t<span id=\"figcaption-164747-164769\" class=\"gallery-caption\" itemprop=\"caption\"><span aria-hidden=\"true\">Golfov\u00e1 dovolen\u00e1 v Mittersillu \u00a9 Michael Hochfellner \/ Mittersill Plus<\/span><\/span>\n\t\t\t\t\t<\/li>\n\t\t\t\t\t<li class=\"gallery-item col-3\" itemprop=\"associatedMedia\" itemscope itemtype=\"http:\/\/schema.org\/ImageObject\">\n\t\t\t\t\t\t<div class=\"gallery-icon landscape\"><a href=\"https:\/\/www.salzburgerland.com\/cs\/wp-content\/uploads\/2026\/04\/c-michael-hochfellner_mittersill-plus-2-golf.jpg\" title=\"\u00a9 MICHAEL HOCHFELLNER PHOTOGRAPHY\"><img decoding=\"async\" data-title=\"Golfov\u00e9 h\u0159i\u0161t\u011b Golfclub Nationalpark Hohe Tauern v Mittersillu \u00a9 Michael Hochfellner \/ Mittersill Plus\" title=\"Golfov\u00e9 h\u0159i\u0161t\u011b Golfclub Nationalpark Hohe Tauern v Mittersillu \u00a9 Michael Hochfellner \/ Mittersill Plus\" data-caption=\"Golfov\u00e9 h\u0159i\u0161t\u011b Golfclub Nationalpark Hohe Tauern v Mittersillu \u00a9 Michael Hochfellner \/ Mittersill Plus\" width=\"1170\" height=\"658\" src=\"https:\/\/www.salzburgerland.com\/cs\/wp-content\/uploads\/2026\/04\/c-michael-hochfellner_mittersill-plus-2-golf-1170x658.jpg\" class=\"attachment-1170_658 size-1170_658\" alt=\"Rozs\u00e1hl\u00e9 golfov\u00e9 h\u0159i\u0161t\u011b v Mittersillu obklopen\u00e9 horskou krajinou Vysok\u00fdch Taur (Zv\u011bt\u0161en\u00fd pohled)\" srcset=\"https:\/\/www.salzburgerland.com\/cs\/wp-content\/uploads\/2026\/04\/c-michael-hochfellner_mittersill-plus-2-golf-1170x658.jpg 1170w, https:\/\/www.salzburgerland.com\/cs\/wp-content\/uploads\/2026\/04\/c-michael-hochfellner_mittersill-plus-2-golf-1200x675.jpg 1200w\" sizes=\"(max-width: 1170px) 100vw, 1170px\" aria-describedby=\"figcaption-164747-164765\" itemprop=\"thumbnail\"><\/a><\/div>\n\t\t\t\t\t\t<span id=\"figcaption-164747-164765\" class=\"gallery-caption\" itemprop=\"caption\"><span aria-hidden=\"true\">Golfov\u00e9 h\u0159i\u0161t\u011b Golfclub Nationalpark Hohe Tauern v Mittersillu \u00a9 Michael Hochfellner \/ Mittersill Plus<\/span><\/span>\n\t\t\t\t\t<\/li>\n\t\t\t\t\t<li class=\"gallery-item col-3\" itemprop=\"associatedMedia\" itemscope itemtype=\"http:\/\/schema.org\/ImageObject\">\n\t\t\t\t\t\t<div class=\"gallery-icon landscape\"><a href=\"https:\/\/www.salzburgerland.com\/cs\/wp-content\/uploads\/2026\/04\/c-michael-hochfellner_mittersill-plus-3-golf.jpg\" title=\"\u00a9 MICHAEL HOCHFELLNER PHOTOGRAPHY\"><img decoding=\"async\" data-title=\"Golf v kulis\u00e1ch n\u00e1rodn\u00edho parku \u00a9 Michael Hochfellner \/ Mittersill Plus\" title=\"Golf v kulis\u00e1ch n\u00e1rodn\u00edho parku \u00a9 Michael Hochfellner \/ Mittersill Plus\" data-caption=\"Golf v kulis\u00e1ch n\u00e1rodn\u00edho parku \u00a9 Michael Hochfellner \/ Mittersill Plus\" width=\"1170\" height=\"658\" src=\"https:\/\/www.salzburgerland.com\/cs\/wp-content\/uploads\/2026\/04\/c-michael-hochfellner_mittersill-plus-3-golf-1170x658.jpg\" class=\"attachment-1170_658 size-1170_658\" alt=\"Dva lid\u00e9 hraj\u00edc\u00ed golf na zelen\u00e9m h\u0159i\u0161ti v Mittersillu v l\u00e9t\u011b, v pozad\u00ed hory. (Zv\u011bt\u0161en\u00fd pohled)\" srcset=\"https:\/\/www.salzburgerland.com\/cs\/wp-content\/uploads\/2026\/04\/c-michael-hochfellner_mittersill-plus-3-golf-1170x658.jpg 1170w, https:\/\/www.salzburgerland.com\/cs\/wp-content\/uploads\/2026\/04\/c-michael-hochfellner_mittersill-plus-3-golf-1200x675.jpg 1200w\" sizes=\"(max-width: 1170px) 100vw, 1170px\" aria-describedby=\"figcaption-164747-164767\" itemprop=\"thumbnail\"><\/a><\/div>\n\t\t\t\t\t\t<span id=\"figcaption-164747-164767\" class=\"gallery-caption\" itemprop=\"caption\"><span aria-hidden=\"true\">Golf v kulis\u00e1ch n\u00e1rodn\u00edho parku \u00a9 Michael Hochfellner \/ Mittersill Plus<\/span><\/span>\n\t\t\t\t\t<\/li>\n\t\t\t\t<\/ul>\n\t\t\t<\/div><!-- .gallery -->\n\n<h3><strong>Mittersill a okol\u00ed: tipy na v\u00fdlet<\/strong><\/h3>\n<p>Mittersill nen\u00ed jen v\u00fdchoz\u00edm bodem do majest\u00e1tn\u00edch hor, ale tak\u00e9 m\u011bstem s histori\u00ed a atmosf\u00e9rou. Zachoval si sv\u016fj p\u016fvodn\u00ed r\u00e1z a dodnes je p\u0159irozen\u00fdm centrem regionu. Na ulic\u00edch se st\u00e1le potk\u00e1vaj\u00ed m\u00edstn\u00ed obyvatel\u00e9 a m\u011bste\u010dko rozhodn\u011b nep\u016fsob\u00ed jako p\u0159et\u00ed\u017een\u00fd rezort. Z\u00e1rove\u0148 v\u0161ak nab\u00edz\u00ed kvalitn\u00ed slu\u017eby a pestr\u00e9 volno\u010dasov\u00e9 aktivity. Je tak ide\u00e1ln\u00ed pro letn\u00ed pobyt, p\u0159i kter\u00e9m si chcete opravdu odpo\u010dinout.<\/p>\n<p>K zaj\u00edmavostem pat\u0159\u00ed <strong>Felberturm<\/strong> s region\u00e1ln\u00edm muzeem, kter\u00e9 p\u0159ibli\u017euje historii oblasti. Sou\u010d\u00e1st\u00ed m\u011bsta je tak\u00e9 n\u00e1v\u0161t\u011bvnick\u00e9 centrum <a href=\"https:\/\/www.nationalparkzentrum.at\/cs\" target=\"_blank\" rel=\"noopener\"><strong>Nationalparkwelten Mittersill<\/strong><\/a>, kter\u00e9 p\u0159edstavuje p\u0159\u00edrodu N\u00e1rodn\u00edho parku Vysok\u00e9 Taury prost\u0159ednictv\u00edm rozs\u00e1hl\u00e9, modern\u00ed, interaktivn\u00ed expozice. Tak\u00e9 tady se st\u00e1le n\u011bco d\u011bje, a nav\u00edc je to skv\u011bl\u00fd tip, kdy\u017e po\u010das\u00ed zrovna nep\u0159eje v\u00fd\u0161lap\u016fm nebo jin\u00fdm outdoor sport\u016fm.<\/p>\n<div id=\"attachment_144672\" style=\"width: 1180px\" class=\"wp-caption alignnone\"><img decoding=\"async\" aria-describedby=\"caption-attachment-144672\" class=\"size-1170_658 wp-image-144672\" src=\"https:\/\/www.salzburgerland.com\/cs\/wp-content\/uploads\/2016\/11\/nationalparkwelten2--liebmann-1170x658.jpg\" alt=\"Modern\u00ed budova s d\u0159ev\u011bnou a kovovou fas\u00e1dou s n\u00e1pisem NATIONALPARK v N\u00e1rodn\u00edm parku Vysok\u00e9 Taury, skalnat\u00e9 p\u0159edpol\u00ed.\" width=\"1170\" height=\"658\" srcset=\"https:\/\/www.salzburgerland.com\/cs\/wp-content\/uploads\/2016\/11\/nationalparkwelten2--liebmann-1170x658.jpg 1170w, https:\/\/www.salzburgerland.com\/cs\/wp-content\/uploads\/2016\/11\/nationalparkwelten2--liebmann-1200x675.jpg 1200w\" sizes=\"(max-width: 1170px) 100vw, 1170px\"><p id=\"caption-attachment-144672\" class=\"wp-caption-text\">Sv\u011bt N\u00e1rodn\u00edho parku \u00a9 SalzburgerLand Tourismus, Liebman<\/p><\/div>\n<p>Na konci \u00fadol\u00ed u sout\u011bsky <strong>Sch\u00f6sswendklamm<\/strong>, si voda ji\u017e po tis\u00edcilet\u00ed raz\u00ed cestu horami. Vznikly tak zaj\u00edmav\u00e9 p\u0159\u00edrodn\u00ed \u00fatvary a mal\u00e9 vodop\u00e1dy. Cesta odtud d\u00e1le vede k\u00a0malebn\u00e9mu jezeru <strong>Hintersee<\/strong>, ve kter\u00e9m se odr\u00e1\u017eej\u00ed p\u0159\u00edkr\u00e9 hory a okoln\u00ed zelen\u00e9 louky.<\/p>\n<p>Na severn\u00ed stran\u011b jezera vede okru\u017en\u00ed stezka na vyv\u00fd\u0161eninu s v\u00fdhledem na konec \u00fadol\u00ed s impozantn\u00edmi skaln\u00edmi st\u011bnami, ve kter\u00fdch se proh\u00e1n\u011bj\u00ed kamz\u00edci. Zp\u00e1te\u010dn\u00ed cesta vede po stejn\u00e9 trase. Dal\u0161\u00ed m\u00edsto, kter\u00e9 m\u00edstn\u00ed doporu\u010duj\u00ed nav\u0161t\u00edvit, je ra\u0161elini\u0161t\u011b <strong>Wasenmoos<\/strong> s\u00a0hezkou nau\u010dnou stezkou.<\/p>\n<h3><strong>Koup\u00e1n\u00ed a odpo\u010dinek<\/strong><\/h3>\n<p>V letn\u00edch m\u011bs\u00edc\u00edch dopl\u0148uje aktivn\u00ed program i mo\u017enost <a href=\"https:\/\/www.mittersill.info\/en\/offer\/pools-and-lakes.html\" target=\"_blank\" rel=\"noopener\"><strong>koup\u00e1n\u00ed<\/strong><\/a>. V regionu se nach\u00e1zej\u00ed venkovn\u00ed koupali\u0161t\u011b v Mittersillu a Stuhlfeldenu, stejn\u011b jako p\u0159\u00edrodn\u00ed jezero v <strong>Hollersbachu<\/strong>. Nab\u00eddku dopl\u0148uje kryt\u00fd baz\u00e9n Kogler v <strong>Mittersillu<\/strong>, kter\u00fd je vhodn\u00fd i za hor\u0161\u00edho po\u010das\u00ed. Dal\u0161\u00ed mo\u017enost\u00ed je Erlebnisbadesee <strong>Uttendorf<\/strong> s rozs\u00e1hl\u00fdm z\u00e1zem\u00edm a volno\u010dasov\u00fdmi aktivitami.<\/p>\n<h3><strong>Letn\u00ed akce, kter\u00e9 byste si nem\u011bli nechat uj\u00edt<\/strong><\/h3>\n<p>Sez\u00f3nu dopl\u0148uj\u00ed pravideln\u00e9 akce, kter\u00e9 p\u0159ibli\u017euj\u00ed m\u00edstn\u00ed tradice i atmosf\u00e9ru regionu. Nejv\u011bt\u0161\u00ed ud\u00e1lost\u00ed jsou \u010dervencov\u00e9 Mittersillsk\u00e9 slavnosti (<strong>Mittersiller Stadtfest<\/strong>), kter\u00e9 se konaj\u00ed ka\u017ed\u00e9 l\u00e9to. Samoz\u0159ejm\u011b nesm\u00ed chyb\u011bt hudba, z\u00e1bava, atrakce pro d\u011bti a st\u00e1nky s\u00a0region\u00e1ln\u00edmi v\u00fdrobky.<\/p>\n\n\t\t\t<div id=\"164747-3\" class=\"gallery gallery-164747 gallery-columns-3 gallery-size-1170_658\" itemscope itemtype=\"http:\/\/schema.org\/ImageGallery\">\n\t\t\t\t<ul class=\"gallery-row gallery-col-3 gallery-clear\">\n\t\t\t\t\t<li class=\"gallery-item col-3\" itemprop=\"associatedMedia\" itemscope itemtype=\"http:\/\/schema.org\/ImageObject\">\n\t\t\t\t\t\t<div class=\"gallery-icon landscape\"><a href=\"https:\/\/www.salzburgerland.com\/cs\/wp-content\/uploads\/2026\/04\/strudelfest2025_c-franz-reifmuller_mittersill-plus-188.jpg\" title=\"Strudelfest2025_c-Franz Reifm\u00fcller_Mittersill Plus (188)\"><img decoding=\"async\" data-title=\"Bor\u016fvkov\u00fd \u0161tr\u016fdl\u00a9 Franz Reifm\u00fcller \/ Mittersill Plus\" title=\"Bor\u016fvkov\u00fd \u0161tr\u016fdl\u00a9 Franz Reifm\u00fcller \/ Mittersill Plus\" data-caption=\"Bor\u016fvkov\u00fd \u0161tr\u016fdl\u00a9 Franz Reifm\u00fcller \/ Mittersill Plus\" width=\"1170\" height=\"658\" src=\"https:\/\/www.salzburgerland.com\/cs\/wp-content\/uploads\/2026\/04\/strudelfest2025_c-franz-reifmuller_mittersill-plus-188-1170x658.jpg\" class=\"attachment-1170_658 size-1170_658\" alt=\"Pl\u00e1tky bor\u016fvkov\u00e9ho pudinkov\u00e9ho \u0161tr\u00fadlu posypan\u00e9 mou\u010dkov\u00fdm cukrem (Zv\u011bt\u0161en\u00fd pohled)\" srcset=\"https:\/\/www.salzburgerland.com\/cs\/wp-content\/uploads\/2026\/04\/strudelfest2025_c-franz-reifmuller_mittersill-plus-188-1170x658.jpg 1170w, https:\/\/www.salzburgerland.com\/cs\/wp-content\/uploads\/2026\/04\/strudelfest2025_c-franz-reifmuller_mittersill-plus-188-1200x675.jpg 1200w\" sizes=\"(max-width: 1170px) 100vw, 1170px\" aria-describedby=\"figcaption-164747-164781\" itemprop=\"thumbnail\"><\/a><\/div>\n\t\t\t\t\t\t<span id=\"figcaption-164747-164781\" class=\"gallery-caption\" itemprop=\"caption\"><span aria-hidden=\"true\">Bor\u016fvkov\u00fd \u0161tr\u016fdl\u00a9 Franz Reifm\u00fcller \/ Mittersill Plus<\/span><\/span>\n\t\t\t\t\t<\/li>\n\t\t\t\t\t<li class=\"gallery-item col-3\" itemprop=\"associatedMedia\" itemscope itemtype=\"http:\/\/schema.org\/ImageObject\">\n\t\t\t\t\t\t<div class=\"gallery-icon landscape\"><a href=\"https:\/\/www.salzburgerland.com\/cs\/wp-content\/uploads\/2026\/04\/strudelfest2025_c-franz-reifmuller_mittersill-plus-71.jpg\" title=\"Strudelfest2025_c-Franz Reifm\u00fcller_Mittersill Plus (71)\"><img decoding=\"async\" data-title=\"Hudebn\u00ed vystoupen\u00ed na Strudelfestu v Mittersillu \u00a9 Franz Reifm\u00fcller \/ Mittersill Plus\" title=\"Hudebn\u00ed vystoupen\u00ed na Strudelfestu v Mittersillu \u00a9 Franz Reifm\u00fcller \/ Mittersill Plus\" data-caption=\"Hudebn\u00ed vystoupen\u00ed na Strudelfestu v Mittersillu \u00a9 Franz Reifm\u00fcller \/ Mittersill Plus\" width=\"1170\" height=\"658\" src=\"https:\/\/www.salzburgerland.com\/cs\/wp-content\/uploads\/2026\/04\/strudelfest2025_c-franz-reifmuller_mittersill-plus-71-1170x658.jpg\" class=\"attachment-1170_658 size-1170_658\" alt=\"Hudebn\u00ed skupina vystupuj\u00edc\u00ed na Strudelfestu v Mittersillu p\u0159ed n\u00e1v\u0161t\u011bvn\u00edky (Zv\u011bt\u0161en\u00fd pohled)\" srcset=\"https:\/\/www.salzburgerland.com\/cs\/wp-content\/uploads\/2026\/04\/strudelfest2025_c-franz-reifmuller_mittersill-plus-71-1170x658.jpg 1170w, https:\/\/www.salzburgerland.com\/cs\/wp-content\/uploads\/2026\/04\/strudelfest2025_c-franz-reifmuller_mittersill-plus-71-1200x675.jpg 1200w\" sizes=\"(max-width: 1170px) 100vw, 1170px\" aria-describedby=\"figcaption-164747-164780\" itemprop=\"thumbnail\"><\/a><\/div>\n\t\t\t\t\t\t<span id=\"figcaption-164747-164780\" class=\"gallery-caption\" itemprop=\"caption\"><span aria-hidden=\"true\">Hudebn\u00ed vystoupen\u00ed na Strudelfestu v Mittersillu \u00a9 Franz Reifm\u00fcller \/ Mittersill Plus<\/span><\/span>\n\t\t\t\t\t<\/li>\n\t\t\t\t\t<li class=\"gallery-item col-3\" itemprop=\"associatedMedia\" itemscope itemtype=\"http:\/\/schema.org\/ImageObject\">\n\t\t\t\t\t\t<div class=\"gallery-icon landscape\"><a href=\"https:\/\/www.salzburgerland.com\/cs\/wp-content\/uploads\/2026\/04\/strudelfest_c-eva-reifmuller_mittersillplus-5.jpg\" title=\"Strudelfest_c-Eva Reifm\u00fcller_Mittersillplus (5)\"><img decoding=\"async\" data-title=\"Tradi\u010dn\u00ed \u0161tr\u00fadl na Strudelfestu v Mittersillu \u00a9 Eva Reifm\u00fcller \/ Mittersill Plus\" title=\"Tradi\u010dn\u00ed \u0161tr\u00fadl na Strudelfestu v Mittersillu \u00a9 Eva Reifm\u00fcller \/ Mittersill Plus\" data-caption=\"Tradi\u010dn\u00ed \u0161tr\u00fadl na Strudelfestu v Mittersillu \u00a9 Eva Reifm\u00fcller \/ Mittersill Plus\" width=\"1170\" height=\"658\" src=\"https:\/\/www.salzburgerland.com\/cs\/wp-content\/uploads\/2026\/04\/strudelfest_c-eva-reifmuller_mittersillplus-5-1170x658.jpg\" class=\"attachment-1170_658 size-1170_658\" alt=\"R\u016fzn\u00e9 druhy \u010derstv\u00e9ho \u0161tr\u00fadlu p\u0159ipraven\u00e9 na Strudelfestu v Mittersillu (Zv\u011bt\u0161en\u00fd pohled)\" srcset=\"https:\/\/www.salzburgerland.com\/cs\/wp-content\/uploads\/2026\/04\/strudelfest_c-eva-reifmuller_mittersillplus-5-1170x658.jpg 1170w, https:\/\/www.salzburgerland.com\/cs\/wp-content\/uploads\/2026\/04\/strudelfest_c-eva-reifmuller_mittersillplus-5-1200x675.jpg 1200w\" sizes=\"(max-width: 1170px) 100vw, 1170px\" aria-describedby=\"figcaption-164747-164778\" itemprop=\"thumbnail\"><\/a><\/div>\n\t\t\t\t\t\t<span id=\"figcaption-164747-164778\" class=\"gallery-caption\" itemprop=\"caption\"><span aria-hidden=\"true\">Tradi\u010dn\u00ed \u0161tr\u00fadl na Strudelfestu v Mittersillu \u00a9 Eva Reifm\u00fcller \/ Mittersill Plus<\/span><\/span>\n\t\t\t\t\t<\/li>\n\t\t\t\t<\/ul>\n\t\t\t<\/div><!-- .gallery -->\n\n<p>Na za\u010d\u00e1tku z\u00e1\u0159\u00ed pak n\u00e1sleduje Mittersillsk\u00fd \u201e\u0161tr\u00fadlfest\u201c (<strong>Mittersiller Strudelfest<\/strong>), zam\u011b\u0159en\u00fd na region\u00e1ln\u00ed kuchyni, a p\u0159edev\u0161\u00edm r\u016fzn\u00e9 druhy tradi\u010dn\u00edch i netradi\u010dn\u00edch z\u00e1vin\u016f. K\u00a0ochutn\u00e1n\u00ed jich jsou des\u00edtky a p\u0159ipraven je tak\u00e9 doprovodn\u00fd program s\u00a0\u017eivou muzikou.<\/p>\n","protected":false},"excerpt":{"rendered":"<p>Mittersill, Hollersbach a Stuhlfelden najdete v \u00fadol\u00ed Salzachtal mezi Kitzb\u00fchelsk\u00fdmi Alpami a masivem Vysok\u00fdch Taur. Mittersill je centrem n\u00e1rodn\u00edho parku a funguje tak\u00e9 jako p\u0159irozen\u00fd v\u00fdchoz\u00ed bod pro objevov\u00e1n\u00ed cel\u00e9 oblasti Oberpinzgau. Z\u00e1rove\u0148 si zachov\u00e1v\u00e1 sv\u016fj p\u016fvodn\u00ed alpsk\u00fd charakter a atmosf\u00e9ru. P\u0159ibli\u017en\u011b \u0161estitis\u00edcov\u00e1 obec na \u0159ece Salzach st\u00e1le p\u016fsob\u00ed klidn\u011b a autenticky. Jde tedy o [&hellip;]<\/p>\n","protected":false},"author":6,"featured_media":164766,"comment_status":"closed","ping_status":"closed","template":"","meta":{"_acf_changed":false,"wl_entities_gutenberg":"","_relevanssi_hide_post":"","_relevanssi_hide_content":"","_relevanssi_pin_for_all":"","_relevanssi_pin_keywords":"","_relevanssi_unpin_keywords":"","_relevanssi_related_keywords":"","_relevanssi_related_include_ids":"","_relevanssi_related_exclude_ids":"","_relevanssi_related_no_append":"","_relevanssi_related_not_related":"","_relevanssi_related_posts":"","_relevanssi_noindex_reason":"","footnotes":""},"categories":[],"tags":[],"wl_entity_type":[5],"class_list":["post-164747","entity","type-entity","status-publish","has-post-thumbnail","hentry","wl_entity_type-organization","sitetype-theme"],"acf":[],"yoast_head":"<!-- This site is optimized with the Yoast SEO Premium plugin v27.4 (Yoast SEO v27.4) - https:\/\/yoast.com\/product\/yoast-seo-premium-wordpress\/ -->\n<title>Mittersill v l\u00e9t\u011b \u00bb SalzburgerLand.com<\/title>\n<meta name=\"description\" content=\"%%cf_teasertext%% Mittersill le\u017e\u00ed v N\u00e1rodn\u00edm parku Vysok\u00e9 Taury a je p\u0159irozen\u00fdm centrem regionu. Vyrazte odsud do hor p\u011b\u0161ky nebo na kole a pozn\u00e1vejte oblast Oberpinzgau.\" \/>\n<meta name=\"robots\" content=\"index, follow, max-snippet:-1, max-image-preview:large, max-video-preview:-1\" \/>\n<link rel=\"canonical\" href=\"https:\/\/www.salzburgerland.com\/cs\/mittersill-v-lete\/\" \/>\n<meta property=\"og:locale\" content=\"cs_CZ\" \/>\n<meta property=\"og:type\" content=\"article\" \/>\n<meta property=\"og:title\" content=\"Mittersill v l\u00e9t\u011b\" \/>\n<meta property=\"og:description\" content=\"Mittersill, Hollersbach a Stuhlfelden najdete v \u00fadol\u00ed Salzachtal mezi Kitzb\u00fchelsk\u00fdmi Alpami a masivem Vysok\u00fdch Taur. Mittersill je centrem n\u00e1rodn\u00edho parku\" \/>\n<meta property=\"og:url\" content=\"https:\/\/www.salzburgerland.com\/cs\/mittersill-v-lete\/\" \/>\n<meta property=\"og:site_name\" content=\"SalzburgerLand.com\" \/>\n<meta property=\"article:publisher\" content=\"https:\/\/www.facebook.com\/visitsalzburgerland\/\" \/>\n<meta property=\"article:modified_time\" content=\"2026-04-01T12:54:03+00:00\" \/>\n<meta property=\"og:image\" content=\"https:\/\/www.salzburgerland.com\/cs\/wp-content\/uploads\/2026\/04\/c-michael-hochfellner_mittersill-plus-2-wandern-1200x675.jpg\" \/>\n\t<meta property=\"og:image:width\" content=\"1200\" \/>\n\t<meta property=\"og:image:height\" content=\"675\" \/>\n\t<meta property=\"og:image:type\" content=\"image\/jpeg\" \/>\n<meta name=\"twitter:card\" content=\"summary_large_image\" \/>\n<meta name=\"twitter:site\" content=\"@salzburgerland\" \/>\n<meta name=\"twitter:label1\" content=\"Odhadovan\u00e1 doba \u010dten\u00ed\" \/>\n\t<meta name=\"twitter:data1\" content=\"7 minut\" \/>\n<script type=\"application\/ld+json\" class=\"yoast-schema-graph\">{\"@context\":\"https:\\\/\\\/schema.org\",\"@graph\":[{\"@type\":\"WebPage\",\"@id\":\"https:\\\/\\\/www.salzburgerland.com\\\/cs\\\/mittersill-v-lete\\\/\",\"url\":\"https:\\\/\\\/www.salzburgerland.com\\\/cs\\\/mittersill-v-lete\\\/\",\"name\":\"Mittersill v l\u00e9t\u011b \u00bb SalzburgerLand.com\",\"isPartOf\":{\"@id\":\"https:\\\/\\\/www.salzburgerland.com\\\/cs\\\/#website\"},\"primaryImageOfPage\":{\"@id\":\"https:\\\/\\\/www.salzburgerland.com\\\/cs\\\/mittersill-v-lete\\\/#primaryimage\"},\"image\":{\"@id\":\"https:\\\/\\\/www.salzburgerland.com\\\/cs\\\/mittersill-v-lete\\\/#primaryimage\"},\"thumbnailUrl\":\"https:\\\/\\\/www.salzburgerland.com\\\/cs\\\/wp-content\\\/uploads\\\/2026\\\/04\\\/c-michael-hochfellner_mittersill-plus-2-wandern.jpg\",\"datePublished\":\"2026-03-31T23:22:55+00:00\",\"dateModified\":\"2026-04-01T12:54:03+00:00\",\"description\":\"Mittersill le\u017e\u00ed v N\u00e1rodn\u00edm parku Vysok\u00e9 Taury a funguje jako p\u0159irozen\u00e9 centrum regionu. Vyrazte odsud do hor p\u011b\u0161ky nebo na kole a pozn\u00e1vejte oblast Oberpinzgau. Mittersill le\u017e\u00ed v N\u00e1rodn\u00edm parku Vysok\u00e9 Taury a je p\u0159irozen\u00fdm centrem regionu. Vyrazte odsud do hor p\u011b\u0161ky nebo na kole a pozn\u00e1vejte oblast Oberpinzgau.\",\"inLanguage\":\"cs\",\"potentialAction\":[{\"@type\":\"ReadAction\",\"target\":[\"https:\\\/\\\/www.salzburgerland.com\\\/cs\\\/mittersill-v-lete\\\/\"]}]},{\"@type\":\"ImageObject\",\"inLanguage\":\"cs\",\"@id\":\"https:\\\/\\\/www.salzburgerland.com\\\/cs\\\/mittersill-v-lete\\\/#primaryimage\",\"url\":\"https:\\\/\\\/www.salzburgerland.com\\\/cs\\\/wp-content\\\/uploads\\\/2026\\\/04\\\/c-michael-hochfellner_mittersill-plus-2-wandern.jpg\",\"contentUrl\":\"https:\\\/\\\/www.salzburgerland.com\\\/cs\\\/wp-content\\\/uploads\\\/2026\\\/04\\\/c-michael-hochfellner_mittersill-plus-2-wandern.jpg\",\"width\":1600,\"height\":1067,\"caption\":\"Odpo\u010dinek s v\u00fdhledem na Resterh\u00f6he \u00a9 Michael Hochfellner \\\/ Mittersill Plus\"},{\"@type\":\"WebSite\",\"@id\":\"https:\\\/\\\/www.salzburgerland.com\\\/cs\\\/#website\",\"url\":\"https:\\\/\\\/www.salzburgerland.com\\\/cs\\\/\",\"name\":\"SalzburgerLand.com\",\"description\":\"Va\u0161e dovolen\u00e1 v Salcburku, Rakousko\",\"potentialAction\":[{\"@type\":\"SearchAction\",\"target\":{\"@type\":\"EntryPoint\",\"urlTemplate\":\"https:\\\/\\\/www.salzburgerland.com\\\/cs\\\/?s={search_term_string}\"},\"query-input\":{\"@type\":\"PropertyValueSpecification\",\"valueRequired\":true,\"valueName\":\"search_term_string\"}}],\"inLanguage\":\"cs\"}]}<\/script>\n<!-- \/ Yoast SEO Premium plugin. -->","yoast_head_json":{"title":"Mittersill v l\u00e9t\u011b \u00bb SalzburgerLand.com","description":"%%cf_teasertext%% Mittersill le\u017e\u00ed v N\u00e1rodn\u00edm parku Vysok\u00e9 Taury a je p\u0159irozen\u00fdm centrem regionu. Vyrazte odsud do hor p\u011b\u0161ky nebo na kole a pozn\u00e1vejte oblast Oberpinzgau.","robots":{"index":"index","follow":"follow","max-snippet":"max-snippet:-1","max-image-preview":"max-image-preview:large","max-video-preview":"max-video-preview:-1"},"canonical":"https:\/\/www.salzburgerland.com\/cs\/mittersill-v-lete\/","og_locale":"cs_CZ","og_type":"article","og_title":"Mittersill v l\u00e9t\u011b","og_description":"Mittersill, Hollersbach a Stuhlfelden najdete v \u00fadol\u00ed Salzachtal mezi Kitzb\u00fchelsk\u00fdmi Alpami a masivem Vysok\u00fdch Taur. Mittersill je centrem n\u00e1rodn\u00edho parku","og_url":"https:\/\/www.salzburgerland.com\/cs\/mittersill-v-lete\/","og_site_name":"SalzburgerLand.com","article_publisher":"https:\/\/www.facebook.com\/visitsalzburgerland\/","article_modified_time":"2026-04-01T12:54:03+00:00","og_image":[{"width":1200,"height":675,"url":"https:\/\/www.salzburgerland.com\/cs\/wp-content\/uploads\/2026\/04\/c-michael-hochfellner_mittersill-plus-2-wandern-1200x675.jpg","type":"image\/jpeg"}],"twitter_card":"summary_large_image","twitter_site":"@salzburgerland","twitter_misc":{"Odhadovan\u00e1 doba \u010dten\u00ed":"7 minut"},"schema":{"@context":"https:\/\/schema.org","@graph":[{"@type":"WebPage","@id":"https:\/\/www.salzburgerland.com\/cs\/mittersill-v-lete\/","url":"https:\/\/www.salzburgerland.com\/cs\/mittersill-v-lete\/","name":"Mittersill v l\u00e9t\u011b \u00bb SalzburgerLand.com","isPartOf":{"@id":"https:\/\/www.salzburgerland.com\/cs\/#website"},"primaryImageOfPage":{"@id":"https:\/\/www.salzburgerland.com\/cs\/mittersill-v-lete\/#primaryimage"},"image":{"@id":"https:\/\/www.salzburgerland.com\/cs\/mittersill-v-lete\/#primaryimage"},"thumbnailUrl":"https:\/\/www.salzburgerland.com\/cs\/wp-content\/uploads\/2026\/04\/c-michael-hochfellner_mittersill-plus-2-wandern.jpg","datePublished":"2026-03-31T23:22:55+00:00","dateModified":"2026-04-01T12:54:03+00:00","description":"Mittersill le\u017e\u00ed v N\u00e1rodn\u00edm parku Vysok\u00e9 Taury a funguje jako p\u0159irozen\u00e9 centrum regionu. Vyrazte odsud do hor p\u011b\u0161ky nebo na kole a pozn\u00e1vejte oblast Oberpinzgau. Mittersill le\u017e\u00ed v N\u00e1rodn\u00edm parku Vysok\u00e9 Taury a je p\u0159irozen\u00fdm centrem regionu. Vyrazte odsud do hor p\u011b\u0161ky nebo na kole a pozn\u00e1vejte oblast Oberpinzgau.","inLanguage":"cs","potentialAction":[{"@type":"ReadAction","target":["https:\/\/www.salzburgerland.com\/cs\/mittersill-v-lete\/"]}]},{"@type":"ImageObject","inLanguage":"cs","@id":"https:\/\/www.salzburgerland.com\/cs\/mittersill-v-lete\/#primaryimage","url":"https:\/\/www.salzburgerland.com\/cs\/wp-content\/uploads\/2026\/04\/c-michael-hochfellner_mittersill-plus-2-wandern.jpg","contentUrl":"https:\/\/www.salzburgerland.com\/cs\/wp-content\/uploads\/2026\/04\/c-michael-hochfellner_mittersill-plus-2-wandern.jpg","width":1600,"height":1067,"caption":"Odpo\u010dinek s v\u00fdhledem na Resterh\u00f6he \u00a9 Michael Hochfellner \/ Mittersill Plus"},{"@type":"WebSite","@id":"https:\/\/www.salzburgerland.com\/cs\/#website","url":"https:\/\/www.salzburgerland.com\/cs\/","name":"SalzburgerLand.com","description":"Va\u0161e dovolen\u00e1 v Salcburku, Rakousko","potentialAction":[{"@type":"SearchAction","target":{"@type":"EntryPoint","urlTemplate":"https:\/\/www.salzburgerland.com\/cs\/?s={search_term_string}"},"query-input":{"@type":"PropertyValueSpecification","valueRequired":true,"valueName":"search_term_string"}}],"inLanguage":"cs"}]}},"_wl_alt_label":[],"wl:entity_url":"http:\/\/open.salzburgerland.com\/cs\/entity\/mittersill-v-lete","_links":{"self":[{"href":"https:\/\/www.salzburgerland.com\/cs\/wp-json\/wp\/v2\/entities\/164747","targetHints":{"allow":["GET"]}}],"collection":[{"href":"https:\/\/www.salzburgerland.com\/cs\/wp-json\/wp\/v2\/entities"}],"about":[{"href":"https:\/\/www.salzburgerland.com\/cs\/wp-json\/wp\/v2\/types\/entity"}],"author":[{"embeddable":true,"href":"https:\/\/www.salzburgerland.com\/cs\/wp-json\/wp\/v2\/users\/6"}],"replies":[{"embeddable":true,"href":"https:\/\/www.salzburgerland.com\/cs\/wp-json\/wp\/v2\/comments?post=164747"}],"version-history":[{"count":19,"href":"https:\/\/www.salzburgerland.com\/cs\/wp-json\/wp\/v2\/entities\/164747\/revisions"}],"predecessor-version":[{"id":164862,"href":"https:\/\/www.salzburgerland.com\/cs\/wp-json\/wp\/v2\/entities\/164747\/revisions\/164862"}],"wp:featuredmedia":[{"embeddable":true,"href":"https:\/\/www.salzburgerland.com\/cs\/wp-json\/wp\/v2\/media\/164766"}],"wp:attachment":[{"href":"https:\/\/www.salzburgerland.com\/cs\/wp-json\/wp\/v2\/media?parent=164747"}],"wp:term":[{"taxonomy":"category","embeddable":true,"href":"https:\/\/www.salzburgerland.com\/cs\/wp-json\/wp\/v2\/categories?post=164747"},{"taxonomy":"post_tag","embeddable":true,"href":"https:\/\/www.salzburgerland.com\/cs\/wp-json\/wp\/v2\/tags?post=164747"},{"taxonomy":"wl_entity_type","embeddable":true,"href":"https:\/\/www.salzburgerland.com\/cs\/wp-json\/wp\/v2\/wl_entity_type?post=164747"}],"curies":[{"name":"wp","href":"https:\/\/api.w.org\/{rel}","templated":true}]}}