{"id":160299,"date":"2024-09-19T12:18:59","date_gmt":"2024-09-19T10:18:59","guid":{"rendered":"https:\/\/www.salzburgerland.com\/cs\/?post_type=entity&#038;p=160299"},"modified":"2025-10-15T15:33:25","modified_gmt":"2025-10-15T13:33:25","slug":"prazdninovy-region-narodni-park-vysoke-taury-v-zime","status":"publish","type":"entity","link":"https:\/\/www.salzburgerland.com\/cs\/prazdninovy-region-narodni-park-vysoke-taury-v-zime\/","title":{"rendered":"Pr\u00e1zdninov\u00fd region N\u00e1rodn\u00ed park Vysok\u00e9 Taury v zim\u011b"},"content":{"rendered":"<p>N\u00e1rodn\u00ed park Vysok\u00e9 Taury je se svou rozlohou 1 856 km\u00b2 nejv\u011bt\u0161\u00edm n\u00e1rodn\u00edm parkem v Alp\u00e1ch. Jeho rozmanit\u00e1 alpsk\u00e1 krajina sah\u00e1 od \u00fadol\u00ed v nadmo\u0159sk\u00e9 v\u00fd\u0161ce kolem 1 000 m a\u017e po vrchol Gro\u00dfglockneru ve v\u00fd\u0161ce 3 798 m. N\u00e1rodn\u00ed park Vysok\u00e9 Taury tak tvo\u0159\u00ed n\u00e1dhern\u00fd rekrea\u010dn\u00ed region s 19 obcemi na jihu Salcburska, kde se p\u0159\u00edroda a kultura prol\u00ednaj\u00ed v dokonal\u00e9 harmonii.<\/p>\n<div id=\"attachment_160520\" style=\"width: 1180px\" class=\"wp-caption alignnone\"><img decoding=\"async\" aria-describedby=\"caption-attachment-160520\" class=\"size-1170_658 wp-image-160520\" src=\"https:\/\/www.salzburgerland.com\/cs\/wp-content\/uploads\/2024\/09\/rs158_ferienregion_nationalpark_huber_20_ausblick-lpr-1170x658.jpg\" alt=\"Poh\u00e1dkov\u00e1 p\u0159\u00edroda N\u00e1rodn\u00edho parku Vysok\u00e9 Taury \" width=\"1170\" height=\"658\" srcset=\"https:\/\/www.salzburgerland.com\/cs\/wp-content\/uploads\/2024\/09\/rs158_ferienregion_nationalpark_huber_20_ausblick-lpr-1170x658.jpg 1170w, https:\/\/www.salzburgerland.com\/cs\/wp-content\/uploads\/2024\/09\/rs158_ferienregion_nationalpark_huber_20_ausblick-lpr-1200x675.jpg 1200w\" sizes=\"(max-width: 1170px) 100vw, 1170px\"><p id=\"caption-attachment-160520\" class=\"wp-caption-text\">Poh\u00e1dkov\u00e1 p\u0159\u00edroda N\u00e1rodn\u00edho parku Vysok\u00e9 Taury \u00a9 Ferienregion Nationalpark Hohe Tauern, Michael Huber<\/p><\/div>\n<p>V\u00a0N\u00e1rodn\u00edm parku Vysok\u00e9 Taury v\u00a0zim\u011b \u010dek\u00e1 spousta aktivit, kter\u00e9 si mohou rodiny spole\u010dn\u011b u\u017e\u00edt mimo sjezdovky, jako nap\u0159\u00edklad s\u00e1\u0148ka\u0159sk\u00e9 dr\u00e1hy, kluzi\u0161t\u011b nebo trat\u011b pro b\u011b\u017eeck\u00e9 ly\u017eov\u00e1n\u00ed.<\/p>\n<div id=\"attachment_160361\" style=\"width: 1180px\" class=\"wp-caption alignnone\"><img decoding=\"async\" aria-describedby=\"caption-attachment-160361\" class=\"size-1170_658 wp-image-160361\" src=\"https:\/\/www.salzburgerland.com\/cs\/wp-content\/uploads\/2024\/09\/wildkogel-arena_rodeln_blick-auf-nationalpark-hohe-tauernc-ferienregion-nationalpark-hohe-tauern-daniel-breuer-35-1170x658.jpg\" alt=\"S\u00e1\u0148ka\u0159i stoj\u00ed na vrcholu kopce ve Wildkogel-Aren\u011b\" width=\"1170\" height=\"658\" srcset=\"https:\/\/www.salzburgerland.com\/cs\/wp-content\/uploads\/2024\/09\/wildkogel-arena_rodeln_blick-auf-nationalpark-hohe-tauernc-ferienregion-nationalpark-hohe-tauern-daniel-breuer-35-1170x658.jpg 1170w, https:\/\/www.salzburgerland.com\/cs\/wp-content\/uploads\/2024\/09\/wildkogel-arena_rodeln_blick-auf-nationalpark-hohe-tauernc-ferienregion-nationalpark-hohe-tauern-daniel-breuer-35-1200x675.jpg 1200w\" sizes=\"(max-width: 1170px) 100vw, 1170px\"><p id=\"caption-attachment-160361\" class=\"wp-caption-text\">S\u00e1\u0148kov\u00e1n\u00ed ve Wildkogel-Aren\u011b \u00a9 Ferienregion Naionalpark Hohe Tauern, Daniel Breuer<\/p><\/div>\n<p>Region je zn\u00e1m\u00fd sv\u00fdmi osmi ly\u017ea\u0159sk\u00fdmi are\u00e1ly, kter\u00e9 jsou vhodn\u00e9 jak pro za\u010d\u00e1te\u010dn\u00edky, tak pro pokro\u010dil\u00e9 ly\u017ea\u0159e. Rozprost\u00edraj\u00ed se od \u00fadol\u00ed Grossarl, Gastein a Rauris na v\u00fdchod\u011b a\u017e po ledovcovou ly\u017ea\u0159skou oblast na Kitzsteinhornu, ledovcov\u00fd sv\u011bt Wei\u00dfsee, Panoramabahn v Hollersbachu, Wildkogel Arenu a Zillertal Arenu na z\u00e1pad\u011b.<\/p>\n<div id=\"attachment_160334\" style=\"width: 1180px\" class=\"wp-caption alignnone\"><img decoding=\"async\" aria-describedby=\"caption-attachment-160334\" class=\"size-1170_658 wp-image-160334\" src=\"https:\/\/www.salzburgerland.com\/cs\/wp-content\/uploads\/2024\/09\/skifahren_rauris06-cferienregion_nationalpark_hohe_tauern_branislav_rohal-min-1170x658.jpg\" alt=\"Ly\u017eov\u00e1n\u00ed v Raurisu v N\u00e1rodn\u00edm parku Vysok\u00e9 Taury\" width=\"1170\" height=\"658\" srcset=\"https:\/\/www.salzburgerland.com\/cs\/wp-content\/uploads\/2024\/09\/skifahren_rauris06-cferienregion_nationalpark_hohe_tauern_branislav_rohal-min-1170x658.jpg 1170w, https:\/\/www.salzburgerland.com\/cs\/wp-content\/uploads\/2024\/09\/skifahren_rauris06-cferienregion_nationalpark_hohe_tauern_branislav_rohal-min-1200x675.jpg 1200w\" sizes=\"(max-width: 1170px) 100vw, 1170px\"><p id=\"caption-attachment-160334\" class=\"wp-caption-text\">Ly\u017eov\u00e1n\u00ed v Raurisu v N\u00e1rodn\u00edm parku Vysok\u00e9 Taury \u00a9 Ferienregion Nationalpark Hohe Tauern, Branislav Rohal<\/p><\/div>\n<p>Do idylick\u00e9 krajiny N\u00e1rodn\u00edho parku Vysok\u00e9 Taury p\u0159iv\u00e1d\u00ed zaj\u00edmav\u00fd program milovn\u00edky p\u0159\u00edrody i aktivn\u00ed turisty. Kr\u00e1sa zdej\u0161\u00ed p\u0159\u00edrody je v nejchladn\u011bj\u0161\u00edm ro\u010dn\u00edm obdob\u00ed fascinuj\u00edc\u00ed. Zku\u0161en\u00ed str\u00e1\u017eci n\u00e1rodn\u00edho parku v\u00e1s vezmou na zimn\u00ed t\u00fary nebo v\u00fdlety na sn\u011b\u017enic\u00edch, nap\u0159\u00edklad do Raurisk\u00e9ho pralesa, klidn\u00fdch \u00fadol\u00ed Sulzbachu nebo do Tannwaldsk\u00e9ho lesa.<\/p>\n<div id=\"attachment_160360\" style=\"width: 1180px\" class=\"wp-caption alignnone\"><img decoding=\"async\" aria-describedby=\"caption-attachment-160360\" class=\"size-1170_658 wp-image-160360\" src=\"https:\/\/www.salzburgerland.com\/cs\/wp-content\/uploads\/2024\/09\/schneeschuhwanderung_finkau_wildgerlostal-c-ferienregion-nationalpark-hohe-tauern-daniel-breuer-6-1170x658.jpg\" alt=\"Turistika na sn\u011b\u017enic\u00edch v N\u00e1rodn\u00edm parku Vysok\u00e9 Taury\" width=\"1170\" height=\"658\" srcset=\"https:\/\/www.salzburgerland.com\/cs\/wp-content\/uploads\/2024\/09\/schneeschuhwanderung_finkau_wildgerlostal-c-ferienregion-nationalpark-hohe-tauern-daniel-breuer-6-1170x658.jpg 1170w, https:\/\/www.salzburgerland.com\/cs\/wp-content\/uploads\/2024\/09\/schneeschuhwanderung_finkau_wildgerlostal-c-ferienregion-nationalpark-hohe-tauern-daniel-breuer-6-1200x675.jpg 1200w\" sizes=\"(max-width: 1170px) 100vw, 1170px\"><p id=\"caption-attachment-160360\" class=\"wp-caption-text\">Turistika na sn\u011b\u017enic\u00edch \u00a9 Ferienregion Naionalpark Hohe Tauern, Daniel Breuer<\/p><\/div>\n<p>Na okraji obce Krimml m\u016f\u017eete vid\u011bt p\u0159\u00edrodn\u00ed pod\u00edvanou, kter\u00e1 nem\u00e1 v Evrop\u011b obdoby. Krimmelsk\u00e9 vodop\u00e1dy (Krimmler Wasserf\u00e4lle) padaj\u00ed ve t\u0159ech velkolep\u00fdch kask\u00e1d\u00e1ch z v\u00fd\u0161ky 380 m. V zim\u011b se sem m\u016f\u017eete vydat nap\u0159\u00edklad i na v\u00fdlet na sn\u011b\u017enic\u00edch.<\/p>\n<div id=\"attachment_160359\" style=\"width: 1180px\" class=\"wp-caption alignnone\"><img decoding=\"async\" aria-describedby=\"caption-attachment-160359\" class=\"size-1170_658 wp-image-160359\" src=\"https:\/\/www.salzburgerland.com\/cs\/wp-content\/uploads\/2024\/09\/krimmler-wasserfaelle-im-winter-c-ferienregion-nationalpark-hohe-tauern-daniel-breuer-3-1170x658.jpg\" alt=\"Krimmelsk\u00e9 vodop\u00e1dy v zim\u011b\" width=\"1170\" height=\"658\" srcset=\"https:\/\/www.salzburgerland.com\/cs\/wp-content\/uploads\/2024\/09\/krimmler-wasserfaelle-im-winter-c-ferienregion-nationalpark-hohe-tauern-daniel-breuer-3-1170x658.jpg 1170w, https:\/\/www.salzburgerland.com\/cs\/wp-content\/uploads\/2024\/09\/krimmler-wasserfaelle-im-winter-c-ferienregion-nationalpark-hohe-tauern-daniel-breuer-3-1200x675.jpg 1200w\" sizes=\"(max-width: 1170px) 100vw, 1170px\"><p id=\"caption-attachment-160359\" class=\"wp-caption-text\">Krimmelsk\u00e9 vodop\u00e1dy v zim\u011b \u00a9 Ferienregion Naionalpark Hohe Tauern, Daniel Breuer<\/p><\/div>\n<p data-start=\"378\" data-end=\"643\">B\u011bhem zimn\u00ed dovolen\u00e9 m\u016f\u017eete vyu\u017e\u00edt v\u00fdhodnou Nationalpark WinterCard, kterou z\u00edsk\u00e1te v partnersk\u00fdch ubytov\u00e1n\u00edch regionu. Nab\u00edz\u00ed slevy a bonusy u \u0159ady atrakc\u00ed, nap\u0159\u00edklad v expozici Nationalparkwelten Hohe Tauern v Mittersillu nebo u vybran\u00fdch lanovek a aktivit.<\/p>\n<div id=\"attachment_163301\" style=\"width: 1180px\" class=\"wp-caption alignnone\"><img decoding=\"async\" aria-describedby=\"caption-attachment-163301\" class=\"size-1170_658 wp-image-163301\" src=\"https:\/\/www.salzburgerland.com\/cs\/wp-content\/uploads\/2024\/09\/np_wintercard_2022_bonuscard_end-1170x658.jpg\" alt=\"Zimn\u00ed karta N\u00e1rodn\u00edho parku Vysok\u00e9 Taury \" width=\"1170\" height=\"658\" srcset=\"https:\/\/www.salzburgerland.com\/cs\/wp-content\/uploads\/2024\/09\/np_wintercard_2022_bonuscard_end-1170x658.jpg 1170w, https:\/\/www.salzburgerland.com\/cs\/wp-content\/uploads\/2024\/09\/np_wintercard_2022_bonuscard_end-1200x675.jpg 1200w\" sizes=\"(max-width: 1170px) 100vw, 1170px\"><p id=\"caption-attachment-163301\" class=\"wp-caption-text\">Zimn\u00ed karta N\u00e1rodn\u00edho parku Vysok\u00e9 Taury \u00a9 Nationalpark Hohe Tauern<\/p><\/div>\n<p data-start=\"290\" data-end=\"698\">V Mittersillu najdete Centrum N\u00e1rodn\u00edho parku Vysok\u00e9 Taury (Nationalparkwelten Hohe Tauern). N\u00e1v\u0161t\u011bvn\u00edci tu mohou objevovat fascinuj\u00edc\u00ed sv\u011bt alpsk\u00e9 p\u0159\u00edrody prost\u0159ednictv\u00edm modern\u00edch interaktivn\u00edch expozic, od \u0159\u00ed\u0161e vody a ledovc\u016f a\u017e po \u017eivot svi\u0161\u0165\u016f \u010di orl\u016f skaln\u00edch. Centrum\u00a0 pat\u0159\u00ed k nejobl\u00edben\u011bj\u0161\u00edm zast\u00e1vk\u00e1m n\u00e1v\u0161t\u011bvn\u00edk\u016f\u00a0 nejen v zim\u011b, ale i b\u011bhem l\u00e9ta.<\/p>\n<div id=\"attachment_163303\" style=\"width: 1180px\" class=\"wp-caption alignnone\"><img decoding=\"async\" aria-describedby=\"caption-attachment-163303\" class=\"size-1170_658 wp-image-163303\" src=\"https:\/\/www.salzburgerland.com\/cs\/wp-content\/uploads\/2024\/09\/gletscherwelt_junge-c-zangl-ultd-franz-neumayr-leo-53-1170x658.jpg\" alt=\"Muzeum N\u00e1rodn\u00edho parku s fascinuj\u00edc\u00edmi expozicemi pro d\u011bti i dosp\u011bl\u00e9\" width=\"1170\" height=\"658\" srcset=\"https:\/\/www.salzburgerland.com\/cs\/wp-content\/uploads\/2024\/09\/gletscherwelt_junge-c-zangl-ultd-franz-neumayr-leo-53-1170x658.jpg 1170w, https:\/\/www.salzburgerland.com\/cs\/wp-content\/uploads\/2024\/09\/gletscherwelt_junge-c-zangl-ultd-franz-neumayr-leo-53-1200x675.jpg 1200w\" sizes=\"(max-width: 1170px) 100vw, 1170px\"><p id=\"caption-attachment-163303\" class=\"wp-caption-text\">Muzeum N\u00e1rodn\u00edho parku \u00a9 Neumayr\/Christian Leopold<\/p><\/div>\n","protected":false},"excerpt":{"rendered":"<p>N\u00e1rodn\u00ed park Vysok\u00e9 Taury je se svou rozlohou 1 856 km\u00b2 nejv\u011bt\u0161\u00edm n\u00e1rodn\u00edm parkem v Alp\u00e1ch. Jeho rozmanit\u00e1 alpsk\u00e1 krajina sah\u00e1 od \u00fadol\u00ed v nadmo\u0159sk\u00e9 v\u00fd\u0161ce kolem 1 000 m a\u017e po vrchol Gro\u00dfglockneru ve v\u00fd\u0161ce 3 798 m. N\u00e1rodn\u00ed park Vysok\u00e9 Taury tak tvo\u0159\u00ed n\u00e1dhern\u00fd rekrea\u010dn\u00ed region s 19 obcemi na jihu Salcburska, kde [&hellip;]<\/p>\n","protected":false},"author":6,"featured_media":160301,"comment_status":"closed","ping_status":"closed","template":"","meta":{"_acf_changed":false,"wl_entities_gutenberg":"","_relevanssi_hide_post":"","_relevanssi_hide_content":"","_relevanssi_pin_for_all":"","_relevanssi_pin_keywords":"","_relevanssi_unpin_keywords":"","_relevanssi_related_keywords":"","_relevanssi_related_include_ids":"","_relevanssi_related_exclude_ids":"","_relevanssi_related_no_append":"","_relevanssi_related_not_related":"","_relevanssi_related_posts":"","_relevanssi_noindex_reason":"","footnotes":""},"categories":[],"tags":[],"wl_entity_type":[2],"class_list":["post-160299","entity","type-entity","status-publish","has-post-thumbnail","hentry","wl_entity_type-thing","sitetype-theme"],"acf":[],"yoast_head":"<!-- This site is optimized with the Yoast SEO Premium plugin v27.4 (Yoast SEO v27.4) - https:\/\/yoast.com\/product\/yoast-seo-premium-wordpress\/ -->\n<title>Pr\u00e1zdninov\u00fd region N\u00e1rodn\u00ed park Vysok\u00e9 Taury v zim\u011b \u00bb SalzburgerLand.com<\/title>\n<meta name=\"robots\" content=\"index, follow, max-snippet:-1, max-image-preview:large, max-video-preview:-1\" \/>\n<link rel=\"canonical\" href=\"https:\/\/www.salzburgerland.com\/cs\/prazdninovy-region-narodni-park-vysoke-taury-v-zime\/\" \/>\n<meta property=\"og:locale\" content=\"cs_CZ\" \/>\n<meta property=\"og:type\" content=\"article\" \/>\n<meta property=\"og:title\" content=\"Pr\u00e1zdninov\u00fd region N\u00e1rodn\u00ed park Vysok\u00e9 Taury v zim\u011b\" \/>\n<meta property=\"og:description\" content=\"N\u00e1rodn\u00ed park Vysok\u00e9 Taury je se svou rozlohou 1 856 km\u00b2 nejv\u011bt\u0161\u00edm n\u00e1rodn\u00edm parkem v Alp\u00e1ch. Jeho rozmanit\u00e1 alpsk\u00e1 krajina sah\u00e1 od \u00fadol\u00ed v nadmo\u0159sk\u00e9 v\u00fd\u0161ce\" \/>\n<meta property=\"og:url\" content=\"https:\/\/www.salzburgerland.com\/cs\/prazdninovy-region-narodni-park-vysoke-taury-v-zime\/\" \/>\n<meta property=\"og:site_name\" content=\"SalzburgerLand.com\" \/>\n<meta property=\"article:publisher\" content=\"https:\/\/www.facebook.com\/visitsalzburgerland\/\" \/>\n<meta property=\"article:modified_time\" content=\"2025-10-15T13:33:25+00:00\" \/>\n<meta property=\"og:image\" content=\"https:\/\/www.salzburgerland.com\/cs\/wp-content\/uploads\/2024\/09\/obersulzbachtales-mit-blausee-c-ferienregion-naionalpark-hohe-tauern-daniel-breuer-1200x675.jpg\" \/>\n\t<meta property=\"og:image:width\" content=\"1200\" \/>\n\t<meta property=\"og:image:height\" content=\"675\" \/>\n\t<meta property=\"og:image:type\" content=\"image\/jpeg\" \/>\n<meta name=\"twitter:card\" content=\"summary_large_image\" \/>\n<meta name=\"twitter:site\" content=\"@salzburgerland\" \/>\n<meta name=\"twitter:label1\" content=\"Odhadovan\u00e1 doba \u010dten\u00ed\" \/>\n\t<meta name=\"twitter:data1\" content=\"5 minut\" \/>\n<script type=\"application\/ld+json\" class=\"yoast-schema-graph\">{\"@context\":\"https:\\\/\\\/schema.org\",\"@graph\":[{\"@type\":\"WebPage\",\"@id\":\"https:\\\/\\\/www.salzburgerland.com\\\/cs\\\/prazdninovy-region-narodni-park-vysoke-taury-v-zime\\\/\",\"url\":\"https:\\\/\\\/www.salzburgerland.com\\\/cs\\\/prazdninovy-region-narodni-park-vysoke-taury-v-zime\\\/\",\"name\":\"Pr\u00e1zdninov\u00fd region N\u00e1rodn\u00ed park Vysok\u00e9 Taury v zim\u011b \u00bb SalzburgerLand.com\",\"isPartOf\":{\"@id\":\"https:\\\/\\\/www.salzburgerland.com\\\/cs\\\/#website\"},\"primaryImageOfPage\":{\"@id\":\"https:\\\/\\\/www.salzburgerland.com\\\/cs\\\/prazdninovy-region-narodni-park-vysoke-taury-v-zime\\\/#primaryimage\"},\"image\":{\"@id\":\"https:\\\/\\\/www.salzburgerland.com\\\/cs\\\/prazdninovy-region-narodni-park-vysoke-taury-v-zime\\\/#primaryimage\"},\"thumbnailUrl\":\"https:\\\/\\\/www.salzburgerland.com\\\/cs\\\/wp-content\\\/uploads\\\/2024\\\/09\\\/obersulzbachtales-mit-blausee-c-ferienregion-naionalpark-hohe-tauern-daniel-breuer.jpg\",\"datePublished\":\"2024-09-19T10:18:59+00:00\",\"dateModified\":\"2025-10-15T13:33:25+00:00\",\"description\":\"Pro\u017eijte zimn\u00ed dovolenou v Pr\u00e1zdninov\u00e9m regionu N\u00e1rodn\u00ed park Vysok\u00e9 Taury.\",\"inLanguage\":\"cs\",\"potentialAction\":[{\"@type\":\"ReadAction\",\"target\":[\"https:\\\/\\\/www.salzburgerland.com\\\/cs\\\/prazdninovy-region-narodni-park-vysoke-taury-v-zime\\\/\"]}]},{\"@type\":\"ImageObject\",\"inLanguage\":\"cs\",\"@id\":\"https:\\\/\\\/www.salzburgerland.com\\\/cs\\\/prazdninovy-region-narodni-park-vysoke-taury-v-zime\\\/#primaryimage\",\"url\":\"https:\\\/\\\/www.salzburgerland.com\\\/cs\\\/wp-content\\\/uploads\\\/2024\\\/09\\\/obersulzbachtales-mit-blausee-c-ferienregion-naionalpark-hohe-tauern-daniel-breuer.jpg\",\"contentUrl\":\"https:\\\/\\\/www.salzburgerland.com\\\/cs\\\/wp-content\\\/uploads\\\/2024\\\/09\\\/obersulzbachtales-mit-blausee-c-ferienregion-naionalpark-hohe-tauern-daniel-breuer.jpg\",\"width\":1900,\"height\":1423,\"caption\":\"\u00dadol\u00ed Obersulzbachtal v N\u00e1rodn\u00edm parku \u00a9 Ferienregion Naionalpark Hohe Tauern, Daniel Breuer\"},{\"@type\":\"WebSite\",\"@id\":\"https:\\\/\\\/www.salzburgerland.com\\\/cs\\\/#website\",\"url\":\"https:\\\/\\\/www.salzburgerland.com\\\/cs\\\/\",\"name\":\"SalzburgerLand.com\",\"description\":\"Va\u0161e dovolen\u00e1 v Salcburku, Rakousko\",\"potentialAction\":[{\"@type\":\"SearchAction\",\"target\":{\"@type\":\"EntryPoint\",\"urlTemplate\":\"https:\\\/\\\/www.salzburgerland.com\\\/cs\\\/?s={search_term_string}\"},\"query-input\":{\"@type\":\"PropertyValueSpecification\",\"valueRequired\":true,\"valueName\":\"search_term_string\"}}],\"inLanguage\":\"cs\"}]}<\/script>\n<meta property=\"og:video\" content=\"https:\/\/www.youtube.com\/embed\/J-XlkBPKCu4\" \/>\n<meta property=\"og:video:type\" content=\"text\/html\" \/>\n<meta property=\"og:video:duration\" content=\"89\" \/>\n<meta property=\"og:video:width\" content=\"480\" \/>\n<meta property=\"og:video:height\" content=\"270\" \/>\n<meta property=\"ya:ovs:adult\" content=\"false\" \/>\n<meta property=\"ya:ovs:upload_date\" content=\"2024-09-19T10:18:59+00:00\" \/>\n<meta property=\"ya:ovs:allow_embed\" content=\"true\" \/>\n<!-- \/ Yoast SEO Premium plugin. -->","yoast_head_json":{"title":"Pr\u00e1zdninov\u00fd region N\u00e1rodn\u00ed park Vysok\u00e9 Taury v zim\u011b \u00bb SalzburgerLand.com","robots":{"index":"index","follow":"follow","max-snippet":"max-snippet:-1","max-image-preview":"max-image-preview:large","max-video-preview":"max-video-preview:-1"},"canonical":"https:\/\/www.salzburgerland.com\/cs\/prazdninovy-region-narodni-park-vysoke-taury-v-zime\/","og_locale":"cs_CZ","og_type":"article","og_title":"Pr\u00e1zdninov\u00fd region N\u00e1rodn\u00ed park Vysok\u00e9 Taury v zim\u011b","og_description":"N\u00e1rodn\u00ed park Vysok\u00e9 Taury je se svou rozlohou 1 856 km\u00b2 nejv\u011bt\u0161\u00edm n\u00e1rodn\u00edm parkem v Alp\u00e1ch. Jeho rozmanit\u00e1 alpsk\u00e1 krajina sah\u00e1 od \u00fadol\u00ed v nadmo\u0159sk\u00e9 v\u00fd\u0161ce","og_url":"https:\/\/www.salzburgerland.com\/cs\/prazdninovy-region-narodni-park-vysoke-taury-v-zime\/","og_site_name":"SalzburgerLand.com","article_publisher":"https:\/\/www.facebook.com\/visitsalzburgerland\/","article_modified_time":"2025-10-15T13:33:25+00:00","og_image":[{"width":1200,"height":675,"url":"https:\/\/www.salzburgerland.com\/cs\/wp-content\/uploads\/2024\/09\/obersulzbachtales-mit-blausee-c-ferienregion-naionalpark-hohe-tauern-daniel-breuer-1200x675.jpg","type":"image\/jpeg"}],"twitter_card":"summary_large_image","twitter_site":"@salzburgerland","twitter_misc":{"Odhadovan\u00e1 doba \u010dten\u00ed":"5 minut"},"schema":{"@context":"https:\/\/schema.org","@graph":[{"@type":"WebPage","@id":"https:\/\/www.salzburgerland.com\/cs\/prazdninovy-region-narodni-park-vysoke-taury-v-zime\/","url":"https:\/\/www.salzburgerland.com\/cs\/prazdninovy-region-narodni-park-vysoke-taury-v-zime\/","name":"Pr\u00e1zdninov\u00fd region N\u00e1rodn\u00ed park Vysok\u00e9 Taury v zim\u011b \u00bb SalzburgerLand.com","isPartOf":{"@id":"https:\/\/www.salzburgerland.com\/cs\/#website"},"primaryImageOfPage":{"@id":"https:\/\/www.salzburgerland.com\/cs\/prazdninovy-region-narodni-park-vysoke-taury-v-zime\/#primaryimage"},"image":{"@id":"https:\/\/www.salzburgerland.com\/cs\/prazdninovy-region-narodni-park-vysoke-taury-v-zime\/#primaryimage"},"thumbnailUrl":"https:\/\/www.salzburgerland.com\/cs\/wp-content\/uploads\/2024\/09\/obersulzbachtales-mit-blausee-c-ferienregion-naionalpark-hohe-tauern-daniel-breuer.jpg","datePublished":"2024-09-19T10:18:59+00:00","dateModified":"2025-10-15T13:33:25+00:00","description":"Pro\u017eijte zimn\u00ed dovolenou v Pr\u00e1zdninov\u00e9m regionu N\u00e1rodn\u00ed park Vysok\u00e9 Taury.","inLanguage":"cs","potentialAction":[{"@type":"ReadAction","target":["https:\/\/www.salzburgerland.com\/cs\/prazdninovy-region-narodni-park-vysoke-taury-v-zime\/"]}]},{"@type":"ImageObject","inLanguage":"cs","@id":"https:\/\/www.salzburgerland.com\/cs\/prazdninovy-region-narodni-park-vysoke-taury-v-zime\/#primaryimage","url":"https:\/\/www.salzburgerland.com\/cs\/wp-content\/uploads\/2024\/09\/obersulzbachtales-mit-blausee-c-ferienregion-naionalpark-hohe-tauern-daniel-breuer.jpg","contentUrl":"https:\/\/www.salzburgerland.com\/cs\/wp-content\/uploads\/2024\/09\/obersulzbachtales-mit-blausee-c-ferienregion-naionalpark-hohe-tauern-daniel-breuer.jpg","width":1900,"height":1423,"caption":"\u00dadol\u00ed Obersulzbachtal v N\u00e1rodn\u00edm parku \u00a9 Ferienregion Naionalpark Hohe Tauern, Daniel Breuer"},{"@type":"WebSite","@id":"https:\/\/www.salzburgerland.com\/cs\/#website","url":"https:\/\/www.salzburgerland.com\/cs\/","name":"SalzburgerLand.com","description":"Va\u0161e dovolen\u00e1 v Salcburku, Rakousko","potentialAction":[{"@type":"SearchAction","target":{"@type":"EntryPoint","urlTemplate":"https:\/\/www.salzburgerland.com\/cs\/?s={search_term_string}"},"query-input":{"@type":"PropertyValueSpecification","valueRequired":true,"valueName":"search_term_string"}}],"inLanguage":"cs"}]},"og_video":"https:\/\/www.youtube.com\/embed\/J-XlkBPKCu4","og_video_type":"text\/html","og_video_duration":"89","og_video_width":"480","og_video_height":"270","ya_ovs_adult":"false","ya_ovs_upload_date":"2024-09-19T10:18:59+00:00","ya_ovs_allow_embed":"true"},"_wl_alt_label":[],"wl:entity_url":"http:\/\/open.salzburgerland.com\/cs\/entity\/prazdninovy-region-narodni-park-vysoke-taury-v-zime","_links":{"self":[{"href":"https:\/\/www.salzburgerland.com\/cs\/wp-json\/wp\/v2\/entities\/160299","targetHints":{"allow":["GET"]}}],"collection":[{"href":"https:\/\/www.salzburgerland.com\/cs\/wp-json\/wp\/v2\/entities"}],"about":[{"href":"https:\/\/www.salzburgerland.com\/cs\/wp-json\/wp\/v2\/types\/entity"}],"author":[{"embeddable":true,"href":"https:\/\/www.salzburgerland.com\/cs\/wp-json\/wp\/v2\/users\/6"}],"replies":[{"embeddable":true,"href":"https:\/\/www.salzburgerland.com\/cs\/wp-json\/wp\/v2\/comments?post=160299"}],"version-history":[{"count":10,"href":"https:\/\/www.salzburgerland.com\/cs\/wp-json\/wp\/v2\/entities\/160299\/revisions"}],"predecessor-version":[{"id":163304,"href":"https:\/\/www.salzburgerland.com\/cs\/wp-json\/wp\/v2\/entities\/160299\/revisions\/163304"}],"wp:featuredmedia":[{"embeddable":true,"href":"https:\/\/www.salzburgerland.com\/cs\/wp-json\/wp\/v2\/media\/160301"}],"wp:attachment":[{"href":"https:\/\/www.salzburgerland.com\/cs\/wp-json\/wp\/v2\/media?parent=160299"}],"wp:term":[{"taxonomy":"category","embeddable":true,"href":"https:\/\/www.salzburgerland.com\/cs\/wp-json\/wp\/v2\/categories?post=160299"},{"taxonomy":"post_tag","embeddable":true,"href":"https:\/\/www.salzburgerland.com\/cs\/wp-json\/wp\/v2\/tags?post=160299"},{"taxonomy":"wl_entity_type","embeddable":true,"href":"https:\/\/www.salzburgerland.com\/cs\/wp-json\/wp\/v2\/wl_entity_type?post=160299"}],"curies":[{"name":"wp","href":"https:\/\/api.w.org\/{rel}","templated":true}]}}