{"id":155910,"date":"2023-05-30T13:12:30","date_gmt":"2023-05-30T11:12:30","guid":{"rendered":"https:\/\/www.salzburgerland.com\/cs\/?post_type=entity&#038;p=155910"},"modified":"2026-04-03T09:28:46","modified_gmt":"2026-04-03T07:28:46","slug":"raurisertal-v-lete","status":"publish","type":"entity","link":"https:\/\/www.salzburgerland.com\/cs\/raurisertal-v-lete\/","title":{"rendered":"Raurisertal v l\u00e9t\u011b"},"content":{"rendered":"<p>Typickou scen\u00e9rii regionu tvo\u0159\u00ed majest\u00e1tn\u00ed vrcholy, \u0161irok\u00e1 \u00fadol\u00ed, alpsk\u00e9 pastviny a k\u0159i\u0161\u0165\u00e1lov\u011b \u010dist\u00e9 horsk\u00e9 byst\u0159iny. Kdo sem p\u0159ijede za <strong>aktivn\u00ed dovolenou<\/strong>, m\u00e1 k dispozici v\u00edce ne\u017e <strong>295 kilometr\u016f<\/strong> turistick\u00fdch tras a p\u0159ibli\u017en\u011b <strong>60 kilometr\u016f<\/strong> tras pro cyklistiku a horsk\u00e1 kola.<\/p>\n<h3>Turistika a p\u0159\u00edroda v Raurisertalu<\/h3>\n<p><a href=\"https:\/\/www.raurisertal.at\/en\/summer\" target=\"_blank\" rel=\"noopener\">Raurisertal<\/a> se \u0159ad\u00ed k nejv\u011bt\u0161\u00edm turistick\u00fdm oblastem <strong><a href=\"https:\/\/www.salzburgerland.com\/cs\/prazdninovy-region-narodni-park-vysoke-taury-v-lete\/\">N\u00e1rodn\u00edho parku Vysok\u00e9 Taury<\/a><\/strong>. K s\u00edti <a href=\"https:\/\/www.raurisertal.at\/en\/summer\/hiking-mountaineering\" target=\"_blank\" rel=\"noopener\">tras<\/a> v samotn\u00e9m \u00fadol\u00ed se p\u0159id\u00e1v\u00e1 je\u0161t\u011b dal\u0161\u00edch zhruba 70 kilometr\u016f stezek v oblasti <strong>Taxenbachu<\/strong>. Orientace je p\u0159ehledn\u00e1 i pro m\u00e9n\u011b zku\u0161en\u00e9 n\u00e1v\u0161t\u011bvn\u00edky, proto\u017ee jednotliv\u00e9 trasy jsou rozd\u011blen\u00e9 podle n\u00e1ro\u010dnosti. Modr\u00e9 vedou m\u00edrn\u011bj\u0161\u00edm ter\u00e9nem a hod\u00ed se i pro rodiny, \u010derven\u00e9 u\u017e b\u00fdvaj\u00ed o n\u011bco n\u00e1ro\u010dn\u011bj\u0161\u00ed a \u010dern\u00e9 m\u00ed\u0159\u00ed do horsk\u00e9ho prost\u0159ed\u00ed a zahrnuj\u00ed i vysokohorsk\u00e9 v\u00fdstupy.<\/p>\n\n\t\t\t<div id=\"155910-1\" class=\"gallery gallery-155910 gallery-columns-3 gallery-size-1170_658\" itemscope itemtype=\"http:\/\/schema.org\/ImageGallery\">\n\t\t\t\t<ul class=\"gallery-row gallery-col-3 gallery-clear\">\n\t\t\t\t\t<li class=\"gallery-item col-3\" itemprop=\"associatedMedia\" itemscope itemtype=\"http:\/\/schema.org\/ImageObject\">\n\t\t\t\t\t\t<div class=\"gallery-icon landscape\"><a href=\"https:\/\/www.salzburgerland.com\/cs\/wp-content\/uploads\/2023\/05\/raurisertal-wanderung-talschluss-kolm-saigurn-hoher-sonnblick-im-hintergrundctvb-rauris-fotograf-lukas-pilz-1591x1067.jpg\" title=\"Raurisertal Wanderung Talschluss Kolm Saigurn Hoher Sonnblick im Hintergrund(c)TVB Rauris Fotograf Lukas Pilz\"><img decoding=\"async\" data-title=\"Turistika v oblasti Kolm Saigurn \u00a9 TVB Rauris, Fotograf Lukas Pilz\" title=\"Turistika v oblasti Kolm Saigurn \u00a9 TVB Rauris, Fotograf Lukas Pilz\" data-caption=\"Turistika v oblasti Kolm Saigurn \u00a9 TVB Rauris, Fotograf Lukas Pilz\" width=\"1170\" height=\"658\" src=\"https:\/\/www.salzburgerland.com\/cs\/wp-content\/uploads\/2023\/05\/raurisertal-wanderung-talschluss-kolm-saigurn-hoher-sonnblick-im-hintergrundctvb-rauris-fotograf-lukas-pilz-1170x658.jpg\" class=\"attachment-1170_658 size-1170_658\" alt=\"Turistika v Kolm Saigurn v Raurisertalu s v\u00fdhledem na hory Vysok\u00fdch Taur (Zv\u011bt\u0161en\u00fd pohled)\" srcset=\"https:\/\/www.salzburgerland.com\/cs\/wp-content\/uploads\/2023\/05\/raurisertal-wanderung-talschluss-kolm-saigurn-hoher-sonnblick-im-hintergrundctvb-rauris-fotograf-lukas-pilz-1170x658.jpg 1170w, https:\/\/www.salzburgerland.com\/cs\/wp-content\/uploads\/2023\/05\/raurisertal-wanderung-talschluss-kolm-saigurn-hoher-sonnblick-im-hintergrundctvb-rauris-fotograf-lukas-pilz-1200x675.jpg 1200w\" sizes=\"(max-width: 1170px) 100vw, 1170px\" aria-describedby=\"figcaption-155910-164679\" itemprop=\"thumbnail\"><\/a><\/div>\n\t\t\t\t\t\t<span id=\"figcaption-155910-164679\" class=\"gallery-caption\" itemprop=\"caption\"><span aria-hidden=\"true\">Turistika v oblasti Kolm Saigurn \u00a9 TVB Rauris, Fotograf Lukas Pilz<\/span><\/span>\n\t\t\t\t\t<\/li>\n\t\t\t\t\t<li class=\"gallery-item col-3\" itemprop=\"associatedMedia\" itemscope itemtype=\"http:\/\/schema.org\/ImageObject\">\n\t\t\t\t\t\t<div class=\"gallery-icon landscape\"><a href=\"https:\/\/www.salzburgerland.com\/cs\/wp-content\/uploads\/2023\/05\/mitterasten_31csalzburgerland-tourismus-1920x1280-kopie-1.jpg\" title=\"Mitterasten_31(c)SalzburgerLand Tourismus (1920x1280) - kopie\"><img decoding=\"async\" data-title=\"Cesta okolo Mitterastenalm ve v\u00fd\u0161ce 1762 metr\u016f \u00a9 SalzburgerLand Tourismus, Tom Son\" title=\"Cesta okolo Mitterastenalm ve v\u00fd\u0161ce 1762 metr\u016f \u00a9 SalzburgerLand Tourismus, Tom Son\" data-caption=\"Cesta okolo Mitterastenalm ve v\u00fd\u0161ce 1762 metr\u016f \u00a9 SalzburgerLand Tourismus, Tom Son\" width=\"1170\" height=\"658\" src=\"https:\/\/www.salzburgerland.com\/cs\/wp-content\/uploads\/2023\/05\/mitterasten_31csalzburgerland-tourismus-1920x1280-kopie-1-1170x658.jpg\" class=\"attachment-1170_658 size-1170_658\" alt=\"Turist\u00e9 putuj\u00ed okolo chaty Mitterastenalm na idylick\u00e9m m\u00edst\u011b uprost\u0159ed N\u00e1rodn\u00edho parku Vysok\u00e9 Taury. (Zv\u011bt\u0161en\u00fd pohled)\" srcset=\"https:\/\/www.salzburgerland.com\/cs\/wp-content\/uploads\/2023\/05\/mitterasten_31csalzburgerland-tourismus-1920x1280-kopie-1-1170x658.jpg 1170w, https:\/\/www.salzburgerland.com\/cs\/wp-content\/uploads\/2023\/05\/mitterasten_31csalzburgerland-tourismus-1920x1280-kopie-1-1200x675.jpg 1200w\" sizes=\"(max-width: 1170px) 100vw, 1170px\" aria-describedby=\"figcaption-155910-164863\" itemprop=\"thumbnail\"><\/a><\/div>\n\t\t\t\t\t\t<span id=\"figcaption-155910-164863\" class=\"gallery-caption\" itemprop=\"caption\"><span aria-hidden=\"true\">Cesta okolo Mitterastenalm ve v\u00fd\u0161ce 1762 metr\u016f \u00a9 SalzburgerLand Tourismus, Tom Son<\/span><\/span>\n\t\t\t\t\t<\/li>\n\t\t\t\t\t<li class=\"gallery-item col-3\" itemprop=\"associatedMedia\" itemscope itemtype=\"http:\/\/schema.org\/ImageObject\">\n\t\t\t\t\t\t<div class=\"gallery-icon landscape\"><a href=\"https:\/\/www.salzburgerland.com\/cs\/wp-content\/uploads\/2023\/05\/litzelhofalm-c-tvb-raurisertal-kopie.jpg\" title=\"Litzelhofalm (c) TVB Raurisertal - kopie\"><img decoding=\"async\" data-title=\"Alpsk\u00e1 pastvina a horsk\u00e1 chata Litzlhofalm v Raurisertalu \u00a9 TVB Raurisertal\" title=\"Alpsk\u00e1 pastvina a horsk\u00e1 chata Litzlhofalm v Raurisertalu \u00a9 TVB Raurisertal\" data-caption=\"Alpsk\u00e1 pastvina a horsk\u00e1 chata Litzlhofalm v Raurisertalu \u00a9 TVB Raurisertal\" width=\"1170\" height=\"658\" src=\"https:\/\/www.salzburgerland.com\/cs\/wp-content\/uploads\/2023\/05\/litzelhofalm-c-tvb-raurisertal-kopie-1170x658.jpg\" class=\"attachment-1170_658 size-1170_658\" alt=\"D\u0159ev\u011bn\u00e1 horsk\u00e1 chata s venkovn\u00edm posezen\u00edm v Raurisertalu v l\u00e9t\u011b, obklopen\u00e1 zelen\u00fdmi kopci a modrou oblohou. (Zv\u011bt\u0161en\u00fd pohled)\" srcset=\"https:\/\/www.salzburgerland.com\/cs\/wp-content\/uploads\/2023\/05\/litzelhofalm-c-tvb-raurisertal-kopie-1170x658.jpg 1170w, https:\/\/www.salzburgerland.com\/cs\/wp-content\/uploads\/2023\/05\/litzelhofalm-c-tvb-raurisertal-kopie-1200x675.jpg 1200w\" sizes=\"(max-width: 1170px) 100vw, 1170px\" aria-describedby=\"figcaption-155910-164677\" itemprop=\"thumbnail\"><\/a><\/div>\n\t\t\t\t\t\t<span id=\"figcaption-155910-164677\" class=\"gallery-caption\" itemprop=\"caption\"><span aria-hidden=\"true\">Alpsk\u00e1 pastvina a horsk\u00e1 chata Litzlhofalm v Raurisertalu \u00a9 TVB Raurisertal<\/span><\/span>\n\t\t\t\t\t<\/li>\n\t\t\t\t<\/ul>\n\t\t\t<\/div><!-- .gallery -->\n\n<h3>V\u00fdletn\u00ed c\u00edle a p\u0159\u00edrodn\u00ed zaj\u00edmavosti<\/h3>\n<p>K nejobl\u00edben\u011bj\u0161\u00edm <a href=\"https:\/\/www.raurisertal.at\/en\/summer\/nationalpark-hohe-tauern\/rauris-primeval-forest\" target=\"_blank\" rel=\"noopener\">v\u00fdletn\u00edm c\u00edl\u016fm<\/a> pat\u0159\u00ed <strong><a href=\"https:\/\/www.raurisertal.at\/de\/sommer\/nationalpark-hohe-tauern\/rauriser-urwald\" target=\"_blank\" rel=\"noopener\">Rauriser Urwald<\/a><\/strong>, <a href=\"https:\/\/www.salzburgerland.com\/cs\/raurisky-prales-zpatky-do-minulosti-s-angie-a-julianou\/\">prales<\/a> v\u00a0z\u00e1v\u011bru \u00fadol\u00ed <strong>Kolm Saigurn<\/strong>. V\u00edce ne\u017e t\u0159i kilometry dlouh\u00e1 nen\u00e1ro\u010dn\u00e1 trasa vede mezi star\u00fdmi stromy, jez\u00edrky, mechem porostl\u00fdmi m\u00edsty a m\u00fdtinami, kter\u00e9 p\u016fsob\u00ed t\u00e9m\u011b\u0159 poh\u00e1dkov\u011b. Zaj\u00edmav\u00fdm m\u00edstem je tak\u00e9 <strong>Rauriser UrQuell<\/strong> v zadn\u00ed \u010d\u00e1sti <strong>H\u00fcttwinkltalu<\/strong>. K prameni dojdete od hostince Bodenhaus asi po p\u016flhodin\u011b ch\u016fze. Vyv\u011br\u00e1 zde \u010dist\u00e1 pramenit\u00e1 voda a okol\u00ed dopl\u0148uje okru\u017en\u00ed stezka.\u00a0Nedaleko se nach\u00e1z\u00ed i m\u00edsto zvan\u00e9 <strong>Waldgeheimnis<\/strong>, Lesn\u00ed tajemstv\u00ed, kde mal\u00e9 lesn\u00ed jez\u00edrko z\u00e1hadn\u011b miz\u00ed a znovu se objevuje. Pr\u00e1v\u011b tady je dob\u0159e vid\u011bt, pro\u010d se Raurisertalu \u0159\u00edk\u00e1 tak\u00e9 <strong>\u00dadol\u00ed pramen\u016f<\/strong>.<\/p>\n\n\t\t\t<div id=\"155910-2\" class=\"gallery gallery-155910 gallery-columns-3 gallery-size-1170_658\" itemscope itemtype=\"http:\/\/schema.org\/ImageGallery\">\n\t\t\t\t<ul class=\"gallery-row gallery-col-3 gallery-clear\">\n\t\t\t\t\t<li class=\"gallery-item col-3\" itemprop=\"associatedMedia\" itemscope itemtype=\"http:\/\/schema.org\/ImageObject\">\n\t\t\t\t\t\t<div class=\"gallery-icon landscape\"><a href=\"https:\/\/www.salzburgerland.com\/cs\/wp-content\/uploads\/2023\/05\/sommer_wasserfall_c-tvb-raurisertal.jpg\" title=\"Sommer_Wasserfall_(c) Tvb Raurisertal\"><img decoding=\"async\" data-title=\"Vodop\u00e1d v Raurisertalu \u00a9 TVB Raurisertal\" title=\"Vodop\u00e1d v Raurisertalu \u00a9 TVB Raurisertal\" data-caption=\"Vodop\u00e1d v Raurisertalu \u00a9 TVB Raurisertal\" width=\"1170\" height=\"658\" src=\"https:\/\/www.salzburgerland.com\/cs\/wp-content\/uploads\/2023\/05\/sommer_wasserfall_c-tvb-raurisertal-1170x658.jpg\" class=\"attachment-1170_658 size-1170_658\" alt=\"Slune\u010dn\u00ed paprsky sv\u00edt\u00ed na vodop\u00e1d v Raurisertalu (Zv\u011bt\u0161en\u00fd pohled)\" srcset=\"https:\/\/www.salzburgerland.com\/cs\/wp-content\/uploads\/2023\/05\/sommer_wasserfall_c-tvb-raurisertal-1170x658.jpg 1170w, https:\/\/www.salzburgerland.com\/cs\/wp-content\/uploads\/2023\/05\/sommer_wasserfall_c-tvb-raurisertal-1200x675.jpg 1200w\" sizes=\"(max-width: 1170px) 100vw, 1170px\" aria-describedby=\"figcaption-155910-164682\" itemprop=\"thumbnail\"><\/a><\/div>\n\t\t\t\t\t\t<span id=\"figcaption-155910-164682\" class=\"gallery-caption\" itemprop=\"caption\"><span aria-hidden=\"true\">Vodop\u00e1d v Raurisertalu \u00a9 TVB Raurisertal<\/span><\/span>\n\t\t\t\t\t<\/li>\n\t\t\t\t\t<li class=\"gallery-item col-3\" itemprop=\"associatedMedia\" itemscope itemtype=\"http:\/\/schema.org\/ImageObject\">\n\t\t\t\t\t\t<div class=\"gallery-icon landscape\"><a href=\"https:\/\/www.salzburgerland.com\/cs\/wp-content\/uploads\/2023\/05\/waldgeheimnis-urquellcsalzburgerland-tourismus-10.jpg\" title=\"Waldgeheimnis Urquell(c)SalzburgerLand Tourismus (10)\"><img decoding=\"async\" data-title=\"Pramen UrQuell a Waldgeheimnis v Raurisertalu \u00a9 SalzburgerLand Tourismus, Tom Son\" title=\"Pramen UrQuell a Waldgeheimnis v Raurisertalu \u00a9 SalzburgerLand Tourismus, Tom Son\" data-caption=\"Pramen UrQuell a Waldgeheimnis v Raurisertalu \u00a9 SalzburgerLand Tourismus, Tom Son\" width=\"1170\" height=\"658\" src=\"https:\/\/www.salzburgerland.com\/cs\/wp-content\/uploads\/2023\/05\/waldgeheimnis-urquellcsalzburgerland-tourismus-10-1170x658.jpg\" class=\"attachment-1170_658 size-1170_658\" alt=\"Lesn\u00ed jez\u00edrko a pramen UrQuell v Raurisertalu (Zv\u011bt\u0161en\u00fd pohled)\" srcset=\"https:\/\/www.salzburgerland.com\/cs\/wp-content\/uploads\/2023\/05\/waldgeheimnis-urquellcsalzburgerland-tourismus-10-1170x658.jpg 1170w, https:\/\/www.salzburgerland.com\/cs\/wp-content\/uploads\/2023\/05\/waldgeheimnis-urquellcsalzburgerland-tourismus-10-1200x675.jpg 1200w\" sizes=\"(max-width: 1170px) 100vw, 1170px\" aria-describedby=\"figcaption-155910-164683\" itemprop=\"thumbnail\"><\/a><\/div>\n\t\t\t\t\t\t<span id=\"figcaption-155910-164683\" class=\"gallery-caption\" itemprop=\"caption\"><span aria-hidden=\"true\">Pramen UrQuell a Waldgeheimnis v Raurisertalu \u00a9 SalzburgerLand Tourismus, Tom Son<\/span><\/span>\n\t\t\t\t\t<\/li>\n\t\t\t\t\t<li class=\"gallery-item col-3\" itemprop=\"associatedMedia\" itemscope itemtype=\"http:\/\/schema.org\/ImageObject\">\n\t\t\t\t\t\t<div class=\"gallery-icon landscape\"><a href=\"https:\/\/www.salzburgerland.com\/cs\/wp-content\/uploads\/2023\/05\/raurisertal_familienwanderung_rauriser-urwaldctvb-rauris-fotograf-lukas-pilz.jpg\" title=\"Familienwanderung im Rauriser Urwald in Kolm Saigurn\"><img decoding=\"async\" data-title=\"Rauriser Urwald na konci \u00fadol\u00ed Kolm Saigurn \u00a9 TVB Rauris, Fotograf Lukas Pilz\" title=\"Rauriser Urwald na konci \u00fadol\u00ed Kolm Saigurn \u00a9 TVB Rauris, Fotograf Lukas Pilz\" data-caption=\"Rauriser Urwald na konci \u00fadol\u00ed Kolm Saigurn \u00a9 TVB Rauris, Fotograf Lukas Pilz\" width=\"1170\" height=\"658\" src=\"https:\/\/www.salzburgerland.com\/cs\/wp-content\/uploads\/2023\/05\/raurisertal_familienwanderung_rauriser-urwaldctvb-rauris-fotograf-lukas-pilz-1170x658.jpg\" class=\"attachment-1170_658 size-1170_658\" alt=\"Rauriser Urwald s lesn\u00ed stezkou, stromy a skupinkou na v\u00fdlet\u011b (Zv\u011bt\u0161en\u00fd pohled)\" srcset=\"https:\/\/www.salzburgerland.com\/cs\/wp-content\/uploads\/2023\/05\/raurisertal_familienwanderung_rauriser-urwaldctvb-rauris-fotograf-lukas-pilz-1170x658.jpg 1170w, https:\/\/www.salzburgerland.com\/cs\/wp-content\/uploads\/2023\/05\/raurisertal_familienwanderung_rauriser-urwaldctvb-rauris-fotograf-lukas-pilz-1200x675.jpg 1200w\" sizes=\"(max-width: 1170px) 100vw, 1170px\" aria-describedby=\"figcaption-155910-164681\" itemprop=\"thumbnail\"><\/a><\/div>\n\t\t\t\t\t\t<span id=\"figcaption-155910-164681\" class=\"gallery-caption\" itemprop=\"caption\"><span aria-hidden=\"true\">Rauriser Urwald na konci \u00fadol\u00ed Kolm Saigurn \u00a9 TVB Rauris, Fotograf Lukas Pilz<\/span><\/span>\n\t\t\t\t\t<\/li>\n\t\t\t\t<\/ul>\n\t\t\t<\/div><!-- .gallery -->\n\n<p>Siln\u00fdm z\u00e1\u017eitkem je i sout\u011bska <strong>Kitzlochklamm<\/strong> v <strong>Taxenbachu<\/strong>. Potok Rauriser Ache se zde \u017eene \u00fazk\u00fdmi skalnat\u00fdmi svahy, hu\u010d\u00ed mezi v\u00e1pencov\u00fdmi st\u011bnami, a nakonec se vl\u00e9v\u00e1 do \u0159eky Salzach. Sout\u011bska pat\u0159\u00ed k nejkr\u00e1sn\u011bj\u0161\u00edm a nejp\u016fsobiv\u011bj\u0161\u00edm v Alp\u00e1ch a d\u00edky skaln\u00edm st\u011bn\u00e1m, z\u00e1tok\u00e1m i mostu p\u0159edstavuje mimo\u0159\u00e1dn\u00fd v\u00fdletn\u00ed c\u00edl pro celou rodinu.<\/p>\n<div id=\"attachment_164684\" style=\"width: 1180px\" class=\"wp-caption alignnone\"><img decoding=\"async\" aria-describedby=\"caption-attachment-164684\" class=\"size-1170_658 wp-image-164684\" src=\"https:\/\/www.salzburgerland.com\/cs\/wp-content\/uploads\/2023\/05\/kitzlochklamm-c-tvb-taxenbach_-karin-pfisterer-8-kopie-1170x658.jpg\" alt=\"\u010cty\u0159i lid\u00e9 v helm\u00e1ch stoj\u00ed na kovov\u00e9m most\u011b v Raurisertalu v l\u00e9t\u011b, obklopen\u00e9m skalnatou zelenou rokl\u00ed.\" width=\"1170\" height=\"658\" srcset=\"https:\/\/www.salzburgerland.com\/cs\/wp-content\/uploads\/2023\/05\/kitzlochklamm-c-tvb-taxenbach_-karin-pfisterer-8-kopie-1170x658.jpg 1170w, https:\/\/www.salzburgerland.com\/cs\/wp-content\/uploads\/2023\/05\/kitzlochklamm-c-tvb-taxenbach_-karin-pfisterer-8-kopie-1200x675.jpg 1200w\" sizes=\"(max-width: 1170px) 100vw, 1170px\"><p id=\"caption-attachment-164684\" class=\"wp-caption-text\">Sout\u011bska Kitzlochklamm v Taxenbachu \u00a9 TVB Taxenbach, Karin Pfisterer<\/p><\/div>\n<h3>Tematick\u00e9 stezky<\/h3>\n<p>M\u00edstn\u00ed krajinu i historii p\u0159ibli\u017euj\u00ed tak\u00e9 <strong>tematick\u00e9 stezky.<\/strong> Na Hochalmu vede <a href=\"https:\/\/www.hochalmbahnen.at\/en\/summer\/adventure-mountain-hochalm\/tillys-forest-trail\" target=\"_blank\" rel=\"noopener\"><strong>Tillyho lesn\u00ed stezka<\/strong><\/a> dlouh\u00e1 p\u0159ibli\u017en\u011b 2,5 kilometru, kter\u00e1 d\u011bti seznamuje s p\u0159\u00edrodou hravou formou. Cestou je \u010dekaj\u00ed stanovi\u0161t\u011b v\u011bnovan\u00e1 zv\u00ed\u0159at\u016fm, rostlin\u00e1m a miner\u00e1l\u016fm <a href=\"https:\/\/www.salzburgerland.com\/cs\/prazdninovy-region-narodni-park-vysoke-taury-atrakce-a-pamatky\/\"><strong>N\u00e1rodn\u00edho parku Vysok\u00e9 Taury<\/strong><\/a>, mohou sb\u00edrat raz\u00edtka a na konci je na pokladn\u011b lanovky \u010dek\u00e1 mal\u00fd d\u00e1rek. V <strong>Kolm Saigurn<\/strong> p\u0159ipom\u00ednaj\u00ed zlatokopeckou minulost regionu trasy<strong> Tauerngold Lehrweg a Tauerngold Erlebnisweg<\/strong>. Kdo chce vystoupat v\u00fd\u0161, m\u016f\u017ee se vydat tak\u00e9 po ledovcov\u00e9 nau\u010dn\u00e9 stezce <strong>Gletscherlehrpfad<\/strong>, kter\u00e1 otev\u00edr\u00e1 pohledy na ledovcovou krajinu Vysok\u00fdch Taur.<\/p>\n<div id=\"attachment_164688\" style=\"width: 1180px\" class=\"wp-caption alignnone\"><img decoding=\"async\" aria-describedby=\"caption-attachment-164688\" class=\"wp-image-164688 size-1170_658\" src=\"https:\/\/www.salzburgerland.com\/cs\/wp-content\/uploads\/2023\/05\/raurisertal-familienwanderung-urwald-6ctvb-rauris-fotograf-lukas-pilz-1170x658.jpg\" alt=\"Rodina jde po lesn\u00ed stezce kolem cedule Nationalpark Hohe Tauern v Raurisertalu \" width=\"1170\" height=\"658\" srcset=\"https:\/\/www.salzburgerland.com\/cs\/wp-content\/uploads\/2023\/05\/raurisertal-familienwanderung-urwald-6ctvb-rauris-fotograf-lukas-pilz-1170x658.jpg 1170w, https:\/\/www.salzburgerland.com\/cs\/wp-content\/uploads\/2023\/05\/raurisertal-familienwanderung-urwald-6ctvb-rauris-fotograf-lukas-pilz-1200x675.jpg 1200w\" sizes=\"(max-width: 1170px) 100vw, 1170px\"><p id=\"caption-attachment-164688\" class=\"wp-caption-text\">Nen\u00e1ro\u010dn\u00e1 turistika vhodn\u00e1 pro rodiny v Raurisertalu \u00a9 TVB Rauris, Lukas Pilz<\/p><\/div>\n<h3>Zlatokopeck\u00e1 historie a z\u00e1\u017eitky<\/h3>\n<p>Raurisertal b\u00fdval ve st\u0159edov\u011bku jedn\u00edm z nejv\u00fdznamn\u011bj\u0161\u00edch <strong>center t\u011b\u017eby zlata<\/strong> v Alp\u00e1ch. V dob\u011b nejv\u011bt\u0161\u00edho rozmachu v patn\u00e1ct\u00e9m a \u0161estn\u00e1ct\u00e9m stolet\u00ed odtud \u00fadajn\u011b poch\u00e1zela v\u00fdznamn\u00e1 \u010d\u00e1st sv\u011btov\u00e9 produkce. Dodnes tu na tuto \u00e9ru naraz\u00edte na mnoha m\u00edstech. V <strong>Kolm Saigurn<\/strong> stoj\u00ed historick\u00e9 <strong>hornick\u00e9 stavby<\/strong>, nap\u0159\u00edklad Bremserh\u00e4usl nebo Radhaus. Zlatokopeckou tradici si tu nav\u00edc m\u016f\u017eete vyzkou\u0161et i na vlastn\u00ed k\u016f\u017ei. R\u00fd\u017eov\u00e1n\u00ed zlata prob\u00edh\u00e1 u st\u0159edn\u00ed stanice lanovky <strong>Heimalm i u Bodenhausu<\/strong>, kde si pod veden\u00edm zku\u0161en\u00fdch instruktor\u016f osvoj\u00edte tradi\u010dn\u00ed postup a nalezen\u00e9 zlato si m\u016f\u017eete ponechat. V muzeu v Raurisu se pak dozv\u00edte v\u00edce o tzv. taursk\u00e9m zlat\u011b, o jeho doprav\u011b p\u0159es horsk\u00e9 pr\u016fsmyky i o \u017eivot\u011b lid\u00ed, kte\u0159\u00ed zde kdysi pracovali.<\/p>\n\n\t\t\t<div id=\"155910-3\" class=\"gallery gallery-155910 gallery-columns-3 gallery-size-1170_658\" itemscope itemtype=\"http:\/\/schema.org\/ImageGallery\">\n\t\t\t\t<ul class=\"gallery-row gallery-col-3 gallery-clear\">\n\t\t\t\t\t<li class=\"gallery-item col-3\" itemprop=\"associatedMedia\" itemscope itemtype=\"http:\/\/schema.org\/ImageObject\">\n\t\t\t\t\t\t<div class=\"gallery-icon landscape\"><a href=\"https:\/\/www.salzburgerland.com\/cs\/wp-content\/uploads\/2023\/05\/goldwaschen_heimalm-raurisctvb-rauris-agentur-maya-inspiranto-kopie-1424x1067.jpg\" title=\"Goldwaschen_Heimalm Rauris(c)TVB Rauris Agentur MAYA Inspiranto - kopie\"><img decoding=\"async\" data-title=\"R\u00fd\u017eov\u00e1n\u00ed zlata na Heimalm \u00a9 TVB Rauris, Agentur MAYA Inspiranto\" title=\"R\u00fd\u017eov\u00e1n\u00ed zlata na Heimalm \u00a9 TVB Rauris, Agentur MAYA Inspiranto\" data-caption=\"R\u00fd\u017eov\u00e1n\u00ed zlata na Heimalm \u00a9 TVB Rauris, Agentur MAYA Inspiranto\" width=\"1170\" height=\"658\" src=\"https:\/\/www.salzburgerland.com\/cs\/wp-content\/uploads\/2023\/05\/goldwaschen_heimalm-raurisctvb-rauris-agentur-maya-inspiranto-kopie-1170x658.jpg\" class=\"attachment-1170_658 size-1170_658\" alt=\"Rodina r\u00fd\u017euje zlato u d\u0159ev\u011bn\u00e9ho koryta na Heimalm (Zv\u011bt\u0161en\u00fd pohled)\" srcset=\"https:\/\/www.salzburgerland.com\/cs\/wp-content\/uploads\/2023\/05\/goldwaschen_heimalm-raurisctvb-rauris-agentur-maya-inspiranto-kopie-1170x658.jpg 1170w, https:\/\/www.salzburgerland.com\/cs\/wp-content\/uploads\/2023\/05\/goldwaschen_heimalm-raurisctvb-rauris-agentur-maya-inspiranto-kopie-1200x675.jpg 1200w\" sizes=\"(max-width: 1170px) 100vw, 1170px\" aria-describedby=\"figcaption-155910-164690\" itemprop=\"thumbnail\"><\/a><\/div>\n\t\t\t\t\t\t<span id=\"figcaption-155910-164690\" class=\"gallery-caption\" itemprop=\"caption\"><span aria-hidden=\"true\">R\u00fd\u017eov\u00e1n\u00ed zlata na Heimalm \u00a9 TVB Rauris, Agentur MAYA Inspiranto<\/span><\/span>\n\t\t\t\t\t<\/li>\n\t\t\t\t\t<li class=\"gallery-item col-3\" itemprop=\"associatedMedia\" itemscope itemtype=\"http:\/\/schema.org\/ImageObject\">\n\t\t\t\t\t\t<div class=\"gallery-icon landscape\"><a href=\"https:\/\/www.salzburgerland.com\/cs\/wp-content\/uploads\/2023\/05\/raurisertal-goldwaschen-bodenhaus-buben-2ctvb-rauris-agentur-maya-inspiranto.jpg\" title=\"Raurisertal Goldwaschen Bodenhaus Buben 2(c)TVB Rauris Agentur MAYA Inspiranto\"><img decoding=\"async\" data-title=\"R\u00fd\u017eov\u00e1n\u00ed zlata v potoce u Bodenhausu \u00a9 TVB Rauris, Fotograf Florian Bachmeier\" title=\"R\u00fd\u017eov\u00e1n\u00ed zlata v potoce u Bodenhausu \u00a9 TVB Rauris, Fotograf Florian Bachmeier\" data-caption=\"R\u00fd\u017eov\u00e1n\u00ed zlata v potoce u Bodenhausu \u00a9 TVB Rauris, Fotograf Florian Bachmeier\" width=\"1170\" height=\"658\" src=\"https:\/\/www.salzburgerland.com\/cs\/wp-content\/uploads\/2023\/05\/raurisertal-goldwaschen-bodenhaus-buben-2ctvb-rauris-agentur-maya-inspiranto-1170x658.jpg\" class=\"attachment-1170_658 size-1170_658\" alt=\"Dva chlapci r\u00fd\u017euj\u00ed zlato R\u00fd\u017eov\u00e1n\u00ed zlata u Bodenhausu v Raurisertalu (Zv\u011bt\u0161en\u00fd pohled)\" srcset=\"https:\/\/www.salzburgerland.com\/cs\/wp-content\/uploads\/2023\/05\/raurisertal-goldwaschen-bodenhaus-buben-2ctvb-rauris-agentur-maya-inspiranto-1170x658.jpg 1170w, https:\/\/www.salzburgerland.com\/cs\/wp-content\/uploads\/2023\/05\/raurisertal-goldwaschen-bodenhaus-buben-2ctvb-rauris-agentur-maya-inspiranto-1200x675.jpg 1200w\" sizes=\"(max-width: 1170px) 100vw, 1170px\" aria-describedby=\"figcaption-155910-164691\" itemprop=\"thumbnail\"><\/a><\/div>\n\t\t\t\t\t\t<span id=\"figcaption-155910-164691\" class=\"gallery-caption\" itemprop=\"caption\"><span aria-hidden=\"true\">R\u00fd\u017eov\u00e1n\u00ed zlata v potoce u Bodenhausu \u00a9 TVB Rauris, Fotograf Florian Bachmeier<\/span><\/span>\n\t\t\t\t\t<\/li>\n\t\t\t\t\t<li class=\"gallery-item col-3\" itemprop=\"associatedMedia\" itemscope itemtype=\"http:\/\/schema.org\/ImageObject\">\n\t\t\t\t\t\t<div class=\"gallery-icon landscape\"><a href=\"https:\/\/www.salzburgerland.com\/cs\/wp-content\/uploads\/2023\/05\/raurisertal_knappenhaus_c-tvb-raurisertal-1423x1067.jpg\" title=\"Raurisertal_Knappenhaus_(c) Tvb Raurisertal\"><img decoding=\"async\" data-title=\"Historick\u00e1 hornick\u00e1 budova v Raurisertalu \u00a9 TVB Raurisertal\" title=\"Historick\u00e1 hornick\u00e1 budova v Raurisertalu \u00a9 TVB Raurisertal\" data-caption=\"Historick\u00e1 hornick\u00e1 budova v Raurisertalu \u00a9 TVB Raurisertal\" width=\"1170\" height=\"658\" src=\"https:\/\/www.salzburgerland.com\/cs\/wp-content\/uploads\/2023\/05\/raurisertal_knappenhaus_c-tvb-raurisertal-1170x658.jpg\" class=\"attachment-1170_658 size-1170_658\" alt=\"Historick\u00e1 hornick\u00e1 stavba v Raurisertalu (Zv\u011bt\u0161en\u00fd pohled)\" srcset=\"https:\/\/www.salzburgerland.com\/cs\/wp-content\/uploads\/2023\/05\/raurisertal_knappenhaus_c-tvb-raurisertal-1170x658.jpg 1170w, https:\/\/www.salzburgerland.com\/cs\/wp-content\/uploads\/2023\/05\/raurisertal_knappenhaus_c-tvb-raurisertal-1200x675.jpg 1200w\" sizes=\"(max-width: 1170px) 100vw, 1170px\" aria-describedby=\"figcaption-155910-164693\" itemprop=\"thumbnail\"><\/a><\/div>\n\t\t\t\t\t\t<span id=\"figcaption-155910-164693\" class=\"gallery-caption\" itemprop=\"caption\"><span aria-hidden=\"true\">Historick\u00e1 hornick\u00e1 budova v Raurisertalu \u00a9 TVB Raurisertal<\/span><\/span>\n\t\t\t\t\t<\/li>\n\t\t\t\t<\/ul>\n\t\t\t<\/div><!-- .gallery -->\n\n<p>Velk\u00fdm letn\u00edm l\u00e1kadlem je tak\u00e9 turistick\u00e1 oblast <strong><a href=\"https:\/\/www.raurisertal.at\/en\/summer\/rauriser-hochalmbahnen\" target=\"_blank\" rel=\"noopener\">Rauriser Hochalm<\/a><\/strong>, kam v\u00e1s vyveze \u0161estiseda\u010dkov\u00e1 lanovka Rauriser Hochalmbahn. B\u011bhem n\u011bkolika minut se dostanete do v\u00fd\u0161ky kolem 1780 metr\u016f, kde za\u010d\u00edn\u00e1 rozs\u00e1hl\u00e1 oblast vhodn\u00e1 pro rodiny i nen\u00e1ro\u010dn\u00e9 t\u00fary. P\u0159\u00edmo u chaty Hochalmh\u00fctte se nach\u00e1z\u00ed <strong>sokolnick\u00e1 stanice<\/strong> a n\u00e1v\u0161t\u011bvn\u00edky tu \u010dekaj\u00ed p\u0159ibli\u017en\u011b \u010dty\u0159icetiminutov\u00e9 uk\u00e1zky letu dravc\u016f. Spat\u0159it m\u016f\u017eete supa bradat\u00e9ho, orla skaln\u00edho i dal\u0161\u00ed majest\u00e1tn\u00ed dravce a z\u00e1rove\u0148 se dozv\u00edte zaj\u00edmavosti o jejich \u017eivot\u011b a chov\u00e1n\u00ed.<\/p>\n<div id=\"attachment_164697\" style=\"width: 1180px\" class=\"wp-caption alignnone\"><img decoding=\"async\" aria-describedby=\"caption-attachment-164697\" class=\"size-1170_658 wp-image-164697\" src=\"https:\/\/www.salzburgerland.com\/cs\/wp-content\/uploads\/2023\/05\/rauriser-hochalmbahnen-greifvogelschau-adler-fnpht-fotograf-david-innerhofer-1170x658.jpg\" alt=\"Mu\u017e dr\u017e\u00edc\u00ed na ruce v rukavici velk\u00e9ho orla \" width=\"1170\" height=\"658\" srcset=\"https:\/\/www.salzburgerland.com\/cs\/wp-content\/uploads\/2023\/05\/rauriser-hochalmbahnen-greifvogelschau-adler-fnpht-fotograf-david-innerhofer-1170x658.jpg 1170w, https:\/\/www.salzburgerland.com\/cs\/wp-content\/uploads\/2023\/05\/rauriser-hochalmbahnen-greifvogelschau-adler-fnpht-fotograf-david-innerhofer-1200x675.jpg 1200w\" sizes=\"(max-width: 1170px) 100vw, 1170px\"><p id=\"caption-attachment-164697\" class=\"wp-caption-text\">Stanice dravc\u016f u chaty Hochalmh\u00fctte v Raurisertalu, kam vyjedete lanovkou \u00a9 Ferienregion Nationalpark Hohe Tauern, David Innerhofer<\/p><\/div>\n<p>Na Hochalmu ale nenajdete jen dravce a r\u00fd\u017eov\u00e1n\u00ed zlata. D\u011bti i dosp\u011bl\u00ed se tu mohou proj\u00edt po <strong>barefoot stezce<\/strong> s r\u016fzn\u00fdmi povrchy a vodn\u00edmi prvky nebo si u\u017e\u00edt <strong>vodn\u00ed h\u0159i\u0161t\u011b<\/strong>, kter\u00e9 v hork\u00fdch dnech p\u0159\u00edjemn\u011b osv\u011b\u017e\u00ed. Nechyb\u00ed ani kuli\u010dkov\u00e1 dr\u00e1ha a dal\u0161\u00ed hern\u00ed stanovi\u0161t\u011b. Z horn\u00ed stanice nav\u00edc vedou trasy vhodn\u00e9 pro p\u016fldenn\u00ed i celodenn\u00ed v\u00fdlety s otev\u0159en\u00fdmi v\u00fdhledy na h\u0159ebeny Vysok\u00fdch Taur. U reten\u010dn\u00ed n\u00e1dr\u017ee na Hochalmu si m\u016f\u017eete proj\u00edt i \u010dty\u0159icet metr\u016f dlouhou cestu, kterou zpest\u0159uje d\u0159ev\u011bn\u00fd vor.<\/p>\n\n\t\t\t<div id=\"155910-4\" class=\"gallery gallery-155910 gallery-columns-3 gallery-size-1170_658\" itemscope itemtype=\"http:\/\/schema.org\/ImageGallery\">\n\t\t\t\t<ul class=\"gallery-row gallery-col-3 gallery-clear\">\n\t\t\t\t\t<li class=\"gallery-item col-3\" itemprop=\"associatedMedia\" itemscope itemtype=\"http:\/\/schema.org\/ImageObject\">\n\t\t\t\t\t\t<div class=\"gallery-icon landscape\"><a href=\"https:\/\/www.salzburgerland.com\/cs\/wp-content\/uploads\/2023\/05\/raurisertal-familienberghochalmbahnen-ag-82.jpg\" title=\"Sommershooting Rauriser Hochalmbahnen\"><img decoding=\"async\" data-title=\"Osv\u011b\u017euj\u00edc\u00ed ch\u016fze vodou \u00a9 TVB Rauriser Hochalmbahnen\" title=\"Osv\u011b\u017euj\u00edc\u00ed ch\u016fze vodou \u00a9 TVB Rauriser Hochalmbahnen\" data-caption=\"Osv\u011b\u017euj\u00edc\u00ed ch\u016fze vodou \u00a9 TVB Rauriser Hochalmbahnen\" width=\"1170\" height=\"658\" src=\"https:\/\/www.salzburgerland.com\/cs\/wp-content\/uploads\/2023\/05\/raurisertal-familienberghochalmbahnen-ag-82-1170x658.jpg\" class=\"attachment-1170_658 size-1170_658\" alt=\"Rodina se dr\u017e\u00ed za ruce p\u0159i ch\u016fzi ve vod\u011b a p\u0159es kameny (Zv\u011bt\u0161en\u00fd pohled)\" srcset=\"https:\/\/www.salzburgerland.com\/cs\/wp-content\/uploads\/2023\/05\/raurisertal-familienberghochalmbahnen-ag-82-1170x658.jpg 1170w, https:\/\/www.salzburgerland.com\/cs\/wp-content\/uploads\/2023\/05\/raurisertal-familienberghochalmbahnen-ag-82-1200x675.jpg 1200w\" sizes=\"(max-width: 1170px) 100vw, 1170px\" aria-describedby=\"figcaption-155910-164695\" itemprop=\"thumbnail\"><\/a><\/div>\n\t\t\t\t\t\t<span id=\"figcaption-155910-164695\" class=\"gallery-caption\" itemprop=\"caption\"><span aria-hidden=\"true\">Osv\u011b\u017euj\u00edc\u00ed ch\u016fze vodou \u00a9 TVB Rauriser Hochalmbahnen<\/span><\/span>\n\t\t\t\t\t<\/li>\n\t\t\t\t\t<li class=\"gallery-item col-3\" itemprop=\"associatedMedia\" itemscope itemtype=\"http:\/\/schema.org\/ImageObject\">\n\t\t\t\t\t\t<div class=\"gallery-icon landscape\"><a href=\"https:\/\/www.salzburgerland.com\/cs\/wp-content\/uploads\/2023\/05\/raurisertal-erlebnisberghochalmbahnen-ag-78.jpg\" title=\"Sommershooting Rauriser Hochalmbahnen\"><img decoding=\"async\" data-title=\"Na Hochalmu najdete barefoot stezku \u00a9 TVB Rauriser Hochalmbahnen\" title=\"Na Hochalmu najdete barefoot stezku \u00a9 TVB Rauriser Hochalmbahnen\" data-caption=\"Na Hochalmu najdete barefoot stezku \u00a9 TVB Rauriser Hochalmbahnen\" width=\"1170\" height=\"658\" src=\"https:\/\/www.salzburgerland.com\/cs\/wp-content\/uploads\/2023\/05\/raurisertal-erlebnisberghochalmbahnen-ag-78-1170x658.jpg\" class=\"attachment-1170_658 size-1170_658\" alt=\"Rodina se proch\u00e1z\u00ed naboso po \u0161t\u011brkov\u00e9 cest\u011b na Hochalmu (Zv\u011bt\u0161en\u00fd pohled)\" srcset=\"https:\/\/www.salzburgerland.com\/cs\/wp-content\/uploads\/2023\/05\/raurisertal-erlebnisberghochalmbahnen-ag-78-1170x658.jpg 1170w, https:\/\/www.salzburgerland.com\/cs\/wp-content\/uploads\/2023\/05\/raurisertal-erlebnisberghochalmbahnen-ag-78-1200x675.jpg 1200w\" sizes=\"(max-width: 1170px) 100vw, 1170px\" aria-describedby=\"figcaption-155910-164687\" itemprop=\"thumbnail\"><\/a><\/div>\n\t\t\t\t\t\t<span id=\"figcaption-155910-164687\" class=\"gallery-caption\" itemprop=\"caption\"><span aria-hidden=\"true\">Na Hochalmu najdete barefoot stezku \u00a9 TVB Rauriser Hochalmbahnen<\/span><\/span>\n\t\t\t\t\t<\/li>\n\t\t\t\t\t<li class=\"gallery-item col-3\" itemprop=\"associatedMedia\" itemscope itemtype=\"http:\/\/schema.org\/ImageObject\">\n\t\t\t\t\t\t<div class=\"gallery-icon landscape\"><a href=\"https:\/\/www.salzburgerland.com\/cs\/wp-content\/uploads\/2023\/05\/entspannung-am-speichersee-crauriser-hochalmbahnen_fotograf-daniel-breuer-1599x1067.jpg\" title=\"Sommershooting Rauriser Hochalmbahnen\"><img decoding=\"async\" data-title=\"Letn\u00ed relax v Raurisu \u00a9 TVB Rauriser Hochalmbahnen, Daniel Breuer\" title=\"Letn\u00ed relax v Raurisu \u00a9 TVB Rauriser Hochalmbahnen, Daniel Breuer\" data-caption=\"Letn\u00ed relax v Raurisu \u00a9 TVB Rauriser Hochalmbahnen, Daniel Breuer\" width=\"1170\" height=\"658\" src=\"https:\/\/www.salzburgerland.com\/cs\/wp-content\/uploads\/2023\/05\/entspannung-am-speichersee-crauriser-hochalmbahnen_fotograf-daniel-breuer-1170x658.jpg\" class=\"attachment-1170_658 size-1170_658\" alt=\"Letn\u00ed odpo\u010dinek v Raurisu u n\u00e1dr\u017ee s vorem (Zv\u011bt\u0161en\u00fd pohled)\" srcset=\"https:\/\/www.salzburgerland.com\/cs\/wp-content\/uploads\/2023\/05\/entspannung-am-speichersee-crauriser-hochalmbahnen_fotograf-daniel-breuer-1170x658.jpg 1170w, https:\/\/www.salzburgerland.com\/cs\/wp-content\/uploads\/2023\/05\/entspannung-am-speichersee-crauriser-hochalmbahnen_fotograf-daniel-breuer-1200x675.jpg 1200w\" sizes=\"(max-width: 1170px) 100vw, 1170px\" aria-describedby=\"figcaption-155910-160674\" itemprop=\"thumbnail\"><\/a><\/div>\n\t\t\t\t\t\t<span id=\"figcaption-155910-160674\" class=\"gallery-caption\" itemprop=\"caption\"><span aria-hidden=\"true\">Letn\u00ed relax v Raurisu \u00a9 TVB Rauriser Hochalmbahnen, Daniel Breuer<\/span><\/span>\n\t\t\t\t\t<\/li>\n\t\t\t\t<\/ul>\n\t\t\t<\/div><!-- .gallery -->\n\n<h3>P\u0159\u00edrodn\u00ed bohatstv\u00ed v \u00fadol\u00edch<\/h3>\n<p>Raurisertal je sou\u010d\u00e1st\u00ed jednoho z nejv\u011bt\u0161\u00edch <strong>chr\u00e1n\u011bn\u00fdch \u00fazem\u00ed<\/strong> v Evrop\u011b a jeho p\u0159\u00edrodn\u00ed bohatstv\u00ed je mimo\u0159\u00e1dn\u011b pestr\u00e9. Oblast se \u010dasto ozna\u010duje jako <strong>\u00dadol\u00ed pramen\u016f, Zlat\u00e9 \u00fadol\u00ed a tak\u00e9 \u00dadol\u00ed sup\u016f<\/strong>. Prvn\u00ed n\u00e1zev odkazuje na v\u00edce ne\u017e 300 pramen\u016f, horsk\u00fdch potok\u016f a vodop\u00e1d\u016f, kter\u00e9 regionem prot\u00e9kaj\u00ed. Druh\u00fd p\u0159ipom\u00edn\u00e1 zlatokopeckou historii, kter\u00e1 je tu st\u00e1le dob\u0159e patrn\u00e1. A t\u0159et\u00ed se vztahuje ke Krumltalu, divok\u00e9mu romantick\u00e9mu bo\u010dn\u00edmu \u00fadol\u00ed, kde lze pozorovat supy bradat\u00e9, supy b\u011blohlav\u00e9 i orly skaln\u00ed. Pr\u00e1v\u011b zde bylo v roce 1986 vybr\u00e1no m\u00edsto pro n\u00e1vrat supa bradat\u00e9ho do t\u00e9to \u010d\u00e1sti Alp. Nau\u010dn\u00e1 stezka <strong>Kr\u00e1lov\u00e9 nebes<\/strong> p\u0159ibli\u017euje \u017eivot t\u011bchto vz\u00e1cn\u00fdch dravc\u016f a p\u0159i tro\u0161e \u0161t\u011bst\u00ed tu lze zahl\u00e9dnout i kamz\u00edky, svi\u0161t\u011b nebo kozoro\u017ece. Kdo chce zdej\u0161\u00ed p\u0159\u00edrodu poznat podrobn\u011bji, m\u016f\u017ee se vydat na komentovan\u00e9 v\u00fdlety s pr\u016fvodci a <a href=\"https:\/\/www.salzburgerland.com\/cs\/prazdninovy-region-narodni-park-vysoke-taury-se-strazci-narodniho-parku\/\"><strong>rangery n\u00e1rodn\u00edho parku<\/strong><\/a>, kte\u0159\u00ed p\u0159ibli\u017euj\u00ed m\u00edstn\u00ed faunu, fl\u00f3ru i fungov\u00e1n\u00ed horsk\u00e9ho ekosyst\u00e9mu.<\/p>\n\n\t\t\t<div id=\"155910-5\" class=\"gallery gallery-155910 gallery-columns-3 gallery-size-1170_658\" itemscope itemtype=\"http:\/\/schema.org\/ImageGallery\">\n\t\t\t\t<ul class=\"gallery-row gallery-col-3 gallery-clear\">\n\t\t\t\t\t<li class=\"gallery-item col-3\" itemprop=\"associatedMedia\" itemscope itemtype=\"http:\/\/schema.org\/ImageObject\">\n\t\t\t\t\t\t<div class=\"gallery-icon landscape\"><a href=\"https:\/\/www.salzburgerland.com\/cs\/wp-content\/uploads\/2023\/05\/rauriser-krumltal_tal-der-geier-creatina.jpg\" title=\"\u00a9 www.creatina.at\"><img decoding=\"async\" data-title=\"Krumltal, \u00fadol\u00ed sup\u016f v Raurisertalu \u00a9 \u00a9 Nationalpark Hohe Tauern, Creatina\" title=\"Krumltal, \u00fadol\u00ed sup\u016f v Raurisertalu \u00a9 \u00a9 Nationalpark Hohe Tauern, Creatina\" data-caption=\"Krumltal, \u00fadol\u00ed sup\u016f v Raurisertalu \u00a9 \u00a9 Nationalpark Hohe Tauern, Creatina\" width=\"1170\" height=\"658\" src=\"https:\/\/www.salzburgerland.com\/cs\/wp-content\/uploads\/2023\/05\/rauriser-krumltal_tal-der-geier-creatina-1170x658.jpg\" class=\"attachment-1170_658 size-1170_658\" alt=\"\u0160t\u011brkov\u00e1 cesta se vine Raurisertalem v l\u00e9t\u011b, zelen\u00fdm horsk\u00fdm \u00fadol\u00edm s potokem a roztrou\u0161en\u00fdmi stromy. (Zv\u011bt\u0161en\u00fd pohled)\" srcset=\"https:\/\/www.salzburgerland.com\/cs\/wp-content\/uploads\/2023\/05\/rauriser-krumltal_tal-der-geier-creatina-1170x658.jpg 1170w, https:\/\/www.salzburgerland.com\/cs\/wp-content\/uploads\/2023\/05\/rauriser-krumltal_tal-der-geier-creatina-1200x675.jpg 1200w\" sizes=\"(max-width: 1170px) 100vw, 1170px\" aria-describedby=\"figcaption-155910-164698\" itemprop=\"thumbnail\"><\/a><\/div>\n\t\t\t\t\t\t<span id=\"figcaption-155910-164698\" class=\"gallery-caption\" itemprop=\"caption\"><span aria-hidden=\"true\">Krumltal, \u00fadol\u00ed sup\u016f v Raurisertalu \u00a9 \u00a9 Nationalpark Hohe Tauern, Creatina<\/span><\/span>\n\t\t\t\t\t<\/li>\n\t\t\t\t\t<li class=\"gallery-item col-3\" itemprop=\"associatedMedia\" itemscope itemtype=\"http:\/\/schema.org\/ImageObject\">\n\t\t\t\t\t\t<div class=\"gallery-icon landscape\"><a href=\"https:\/\/www.salzburgerland.com\/cs\/wp-content\/uploads\/2019\/04\/raurisertal-sommer-wandern-krumltal-geierbeobachtung-ctvb-rauris-fotograf-florian-bachmeier-1920x1067.jpg\" title=\"raurisertal-sommer-wandern-krumltal-geierbeobachtung-ctvb-rauris-fotograf-florian-bachmeier-1920x1067\"><img decoding=\"async\" data-title=\"Pozorov\u00e1n\u00ed sup\u016f v Krumltalu \u00a9TVB Rauris, Florian Bachmeier\" title=\"Pozorov\u00e1n\u00ed sup\u016f v Krumltalu \u00a9TVB Rauris, Florian Bachmeier\" data-caption=\"Pozorov\u00e1n\u00ed sup\u016f v Krumltalu \u00a9TVB Rauris, Florian Bachmeier\" width=\"1170\" height=\"658\" src=\"https:\/\/www.salzburgerland.com\/cs\/wp-content\/uploads\/2019\/04\/raurisertal-sommer-wandern-krumltal-geierbeobachtung-ctvb-rauris-fotograf-florian-bachmeier-1920x1067-1170x658.jpg\" class=\"attachment-1170_658 size-1170_658\" alt=\"\u017dena s dalekohledem na lesn\u00ed stezce v Krumltalu pozoruje supy (Zv\u011bt\u0161en\u00fd pohled)\" srcset=\"https:\/\/www.salzburgerland.com\/cs\/wp-content\/uploads\/2019\/04\/raurisertal-sommer-wandern-krumltal-geierbeobachtung-ctvb-rauris-fotograf-florian-bachmeier-1920x1067-1170x658.jpg 1170w, https:\/\/www.salzburgerland.com\/cs\/wp-content\/uploads\/2019\/04\/raurisertal-sommer-wandern-krumltal-geierbeobachtung-ctvb-rauris-fotograf-florian-bachmeier-1920x1067-1200x675.jpg 1200w\" sizes=\"(max-width: 1170px) 100vw, 1170px\" aria-describedby=\"figcaption-155910-144699\" itemprop=\"thumbnail\"><\/a><\/div>\n\t\t\t\t\t\t<span id=\"figcaption-155910-144699\" class=\"gallery-caption\" itemprop=\"caption\"><span aria-hidden=\"true\">Pozorov\u00e1n\u00ed sup\u016f v Krumltalu \u00a9TVB Rauris, Florian Bachmeier<\/span><\/span>\n\t\t\t\t\t<\/li>\n\t\t\t\t\t<li class=\"gallery-item col-3\" itemprop=\"associatedMedia\" itemscope itemtype=\"http:\/\/schema.org\/ImageObject\">\n\t\t\t\t\t\t<div class=\"gallery-icon landscape\"><a href=\"https:\/\/www.salzburgerland.com\/cs\/wp-content\/uploads\/2023\/05\/raurisertal-nationalparkhaus-c-tvb-rauris-11-1423x1067.jpg\" title=\"Raurisertal Nationalparkhaus (c) TVB Rauris (11)\"><img decoding=\"async\" data-title=\"Dravc\u016fm se v\u011bnuje i v\u00fdstava o rozmanitosti n\u00e1rodn\u00edho parku v Raurisu \u00a9 TVB Rauris\" title=\"Dravc\u016fm se v\u011bnuje i v\u00fdstava o rozmanitosti n\u00e1rodn\u00edho parku v Raurisu \u00a9 TVB Rauris\" data-caption=\"Dravc\u016fm se v\u011bnuje i v\u00fdstava o rozmanitosti n\u00e1rodn\u00edho parku v Raurisu \u00a9 TVB Rauris\" width=\"1170\" height=\"658\" src=\"https:\/\/www.salzburgerland.com\/cs\/wp-content\/uploads\/2023\/05\/raurisertal-nationalparkhaus-c-tvb-rauris-11-1170x658.jpg\" class=\"attachment-1170_658 size-1170_658\" alt='Muzejn\u00ed expozice v Raurisu s n\u00e1zvem \"Im Facettenreich\" ukazuje i dravce typick\u00e9 pro oblast N\u00e1rodn\u00edho parku Vysok\u00e9 Taury (Zv\u011bt\u0161en\u00fd pohled)' srcset=\"https:\/\/www.salzburgerland.com\/cs\/wp-content\/uploads\/2023\/05\/raurisertal-nationalparkhaus-c-tvb-rauris-11-1170x658.jpg 1170w, https:\/\/www.salzburgerland.com\/cs\/wp-content\/uploads\/2023\/05\/raurisertal-nationalparkhaus-c-tvb-rauris-11-1200x675.jpg 1200w\" sizes=\"(max-width: 1170px) 100vw, 1170px\" aria-describedby=\"figcaption-155910-164699\" itemprop=\"thumbnail\"><\/a><\/div>\n\t\t\t\t\t\t<span id=\"figcaption-155910-164699\" class=\"gallery-caption\" itemprop=\"caption\"><span aria-hidden=\"true\">Dravc\u016fm se v\u011bnuje i v\u00fdstava o rozmanitosti n\u00e1rodn\u00edho parku v Raurisu \u00a9 TVB Rauris<\/span><\/span>\n\t\t\t\t\t<\/li>\n\t\t\t\t<\/ul>\n\t\t\t<\/div><!-- .gallery -->\n\n<h3>Vysokohorsk\u00e1 turistika a zdol\u00e1v\u00e1n\u00ed vrchol\u016f<\/h3>\n<p>Raurisertal oslov\u00ed i zku\u0161en\u011bj\u0161\u00ed n\u00e1v\u0161t\u011bvn\u00edky, kte\u0159\u00ed hledaj\u00ed n\u00e1ro\u010dn\u011bj\u0161\u00ed horsk\u00e9 c\u00edle. K nejv\u00fdrazn\u011bj\u0161\u00edm pat\u0159\u00ed <strong>Hoher Sonnblick<\/strong> s v\u00fd\u0161kou 3106 metr\u016f, odkud se otev\u00edraj\u00ed panoramatick\u00e9 v\u00fdhledy na okoln\u00ed alpskou krajinu. Na vrcholu se nav\u00edc nach\u00e1z\u00ed nejv\u00fd\u0161e polo\u017een\u00e1 st\u00e1l\u00e1 meteorologick\u00e1 observato\u0159 v Evrop\u011b. M\u00e9n\u011b frekventovan\u00fdm, ale vyhled\u00e1van\u00fdm c\u00edlem zku\u0161en\u00fdch horolezc\u016f je Goldzechkopf vysok\u00fd 3042 metr\u016f. N\u00e1ro\u010dn\u011bj\u0161\u00ed \u00faseky \u010dekaj\u00ed i na trase na Kolmkarspitze, kter\u00e1 dosahuje v\u00fd\u0161ky 2529 metr\u016f.<\/p>\n\n\t\t\t<div id=\"155910-6\" class=\"gallery gallery-155910 gallery-columns-3 gallery-size-1170_658\" itemscope itemtype=\"http:\/\/schema.org\/ImageGallery\">\n\t\t\t\t<ul class=\"gallery-row gallery-col-3 gallery-clear\">\n\t\t\t\t\t<li class=\"gallery-item col-3\" itemprop=\"associatedMedia\" itemscope itemtype=\"http:\/\/schema.org\/ImageObject\">\n\t\t\t\t\t\t<div class=\"gallery-icon landscape\"><a href=\"https:\/\/www.salzburgerland.com\/cs\/wp-content\/uploads\/2023\/05\/hohe-tauern-panorama-trail_etappe-16_c-ferienregion-nationalpark-hohe-tauern_gerald-demolsky-38-1600x1067.jpg\" title=\"Hohe Tauern Panorama Trail_Etappe 16_(c) Ferienregion Nationalpark Hohe Tauern_Gerald Demolsky (38)\"><img decoding=\"async\" data-title=\"\u0160estn\u00e1ct\u00e1 etapa Hohe Tauern Panorama Trailu \u00a9 Ferienregion Nationalpark Hohe Tauern\" title=\"\u0160estn\u00e1ct\u00e1 etapa Hohe Tauern Panorama Trailu \u00a9 Ferienregion Nationalpark Hohe Tauern\" data-caption=\"\u0160estn\u00e1ct\u00e1 etapa Hohe Tauern Panorama Trailu \u00a9 Ferienregion Nationalpark Hohe Tauern\" width=\"1170\" height=\"658\" src=\"https:\/\/www.salzburgerland.com\/cs\/wp-content\/uploads\/2023\/05\/hohe-tauern-panorama-trail_etappe-16_c-ferienregion-nationalpark-hohe-tauern_gerald-demolsky-38-1170x658.jpg\" class=\"attachment-1170_658 size-1170_658\" alt=\"Osoba stoj\u00edc\u00ed na okraji skaln\u00edho \u00fatesu s v\u00fdhledem na vzd\u00e1len\u00e9 poho\u0159\u00ed na 16. etap\u011b d\u00e1lkov\u00e9 trasy Hohe Tauern Panorama Trail (Zv\u011bt\u0161en\u00fd pohled)\" srcset=\"https:\/\/www.salzburgerland.com\/cs\/wp-content\/uploads\/2023\/05\/hohe-tauern-panorama-trail_etappe-16_c-ferienregion-nationalpark-hohe-tauern_gerald-demolsky-38-1170x658.jpg 1170w, https:\/\/www.salzburgerland.com\/cs\/wp-content\/uploads\/2023\/05\/hohe-tauern-panorama-trail_etappe-16_c-ferienregion-nationalpark-hohe-tauern_gerald-demolsky-38-1200x675.jpg 1200w\" sizes=\"(max-width: 1170px) 100vw, 1170px\" aria-describedby=\"figcaption-155910-164868\" itemprop=\"thumbnail\"><\/a><\/div>\n\t\t\t\t\t\t<span id=\"figcaption-155910-164868\" class=\"gallery-caption\" itemprop=\"caption\"><span aria-hidden=\"true\">\u0160estn\u00e1ct\u00e1 etapa Hohe Tauern Panorama Trailu \u00a9 Ferienregion Nationalpark Hohe Tauern<\/span><\/span>\n\t\t\t\t\t<\/li>\n\t\t\t\t\t<li class=\"gallery-item col-3\" itemprop=\"associatedMedia\" itemscope itemtype=\"http:\/\/schema.org\/ImageObject\">\n\t\t\t\t\t\t<div class=\"gallery-icon landscape\"><a href=\"https:\/\/www.salzburgerland.com\/cs\/wp-content\/uploads\/2023\/05\/kolm-saigun_hohe-sonnblick-c-tvb-rauris-1599x1067.jpg\" title=\"Kolm Saigun_Hohe Sonnblick (c) TVB Rauris\"><img decoding=\"async\" data-title=\"Turistick\u00fd c\u00edl v Kolm Saigurn je hora Sonnblick \u00a9 TVB Rauris\" title=\"Turistick\u00fd c\u00edl v Kolm Saigurn je hora Sonnblick \u00a9 TVB Rauris\" data-caption=\"Turistick\u00fd c\u00edl v Kolm Saigurn je hora Sonnblick \u00a9 TVB Rauris\" width=\"1170\" height=\"658\" src=\"https:\/\/www.salzburgerland.com\/cs\/wp-content\/uploads\/2023\/05\/kolm-saigun_hohe-sonnblick-c-tvb-rauris-1170x658.jpg\" class=\"attachment-1170_658 size-1170_658\" alt=\"Horsk\u00e1 stezka na konci rakousk\u00e9ho \u00fadol\u00ed Rauris, kde se nach\u00e1z\u00ed osada Kolm Saigurn (Zv\u011bt\u0161en\u00fd pohled)\" srcset=\"https:\/\/www.salzburgerland.com\/cs\/wp-content\/uploads\/2023\/05\/kolm-saigun_hohe-sonnblick-c-tvb-rauris-1170x658.jpg 1170w, https:\/\/www.salzburgerland.com\/cs\/wp-content\/uploads\/2023\/05\/kolm-saigun_hohe-sonnblick-c-tvb-rauris-1200x675.jpg 1200w\" sizes=\"(max-width: 1170px) 100vw, 1170px\" aria-describedby=\"figcaption-155910-164869\" itemprop=\"thumbnail\"><\/a><\/div>\n\t\t\t\t\t\t<span id=\"figcaption-155910-164869\" class=\"gallery-caption\" itemprop=\"caption\"><span aria-hidden=\"true\">Turistick\u00fd c\u00edl v Kolm Saigurn je hora Sonnblick \u00a9 TVB Rauris<\/span><\/span>\n\t\t\t\t\t<\/li>\n\t\t\t\t\t<li class=\"gallery-item col-3\" itemprop=\"associatedMedia\" itemscope itemtype=\"http:\/\/schema.org\/ImageObject\">\n\t\t\t\t\t\t<div class=\"gallery-icon landscape\"><a href=\"https:\/\/www.salzburgerland.com\/cs\/wp-content\/uploads\/2023\/05\/rauriser-sonnblick-observatorium_c_hermann-scheer-kopie.jpg\" title=\"Rauriser Sonnblick Observatorium_(c)_Hermann Scheer - kopie\"><img decoding=\"async\" data-title=\"Na 3106 m vysok\u00e9 ho\u0159e Hoher Sonnblick se nach\u00e1z\u00ed meteorologick\u00e1 stanice \u00a9 TVB Raurisertal, bergratz.at, Hermann Scheer\n\" title=\"Na 3106 m vysok\u00e9 ho\u0159e Hoher Sonnblick se nach\u00e1z\u00ed meteorologick\u00e1 stanice \u00a9 TVB Raurisertal, bergratz.at, Hermann Scheer\n\" data-caption=\"Na 3106 m vysok\u00e9 ho\u0159e Hoher Sonnblick se nach\u00e1z\u00ed meteorologick\u00e1 stanice \u00a9 TVB Raurisertal, bergratz.at, Hermann Scheer\n\" width=\"1170\" height=\"658\" src=\"https:\/\/www.salzburgerland.com\/cs\/wp-content\/uploads\/2023\/05\/rauriser-sonnblick-observatorium_c_hermann-scheer-kopie-1170x658.jpg\" class=\"attachment-1170_658 size-1170_658\" alt=\"Foto z nejv\u00fd\u0161e polo\u017een\u00e9 meteorologick\u00e9 stanice v Evrop\u011b na 3 108 m vysok\u00e9 ho\u0159e Sonnblick na konci rakousk\u00e9ho \u00fadol\u00ed Raurisertal (Zv\u011bt\u0161en\u00fd pohled)\" srcset=\"https:\/\/www.salzburgerland.com\/cs\/wp-content\/uploads\/2023\/05\/rauriser-sonnblick-observatorium_c_hermann-scheer-kopie-1170x658.jpg 1170w, https:\/\/www.salzburgerland.com\/cs\/wp-content\/uploads\/2023\/05\/rauriser-sonnblick-observatorium_c_hermann-scheer-kopie-1200x675.jpg 1200w\" sizes=\"(max-width: 1170px) 100vw, 1170px\" aria-describedby=\"figcaption-155910-164700\" itemprop=\"thumbnail\"><\/a><\/div>\n\t\t\t\t\t\t<span id=\"figcaption-155910-164700\" class=\"gallery-caption\" itemprop=\"caption\"><span aria-hidden=\"true\">Na 3106 m vysok\u00e9 ho\u0159e Hoher Sonnblick se nach\u00e1z\u00ed meteorologick\u00e1 stanice \u00a9 TVB Raurisertal, bergratz.at, Hermann Scheer\n<\/span><\/span>\n\t\t\t\t\t<\/li>\n\t\t\t\t<\/ul>\n\t\t\t<\/div><!-- .gallery -->\n\n<h3>Cyklistika v Raurisertalu<\/h3>\n<p>Vedle p\u011b\u0161\u00ed turistiky m\u00e1 v regionu pevn\u00e9 m\u00edsto i <strong>cyklistika<\/strong>. K dispozici je p\u0159ibli\u017en\u011b 60 kilometr\u016f tras, kter\u00e9 lze kombinovat podle kondice a zku\u0161enost\u00ed. Pro rodiny a rekrea\u010dn\u00ed cyklisty je vhodn\u00e1 nap\u0159\u00edklad zhruba 35 kilometr\u016f dlouh\u00e1 <strong>Talradweg Raurisertal<\/strong> vedouc\u00ed pod\u00e9l \u0159eky. Okruh <strong>Kolm Saigurn<\/strong> zavede cyklisty p\u0159es alpsk\u00e9 pastviny a lesy, zat\u00edmco n\u00e1ro\u010dn\u011bj\u0161\u00ed <strong>Goldberg Radweg<\/strong> s d\u00e9lkou kolem 40 kilometr\u016f a p\u0159ev\u00fd\u0161en\u00edm p\u0159ibli\u017en\u011b 1100 metr\u016f prov\u011b\u0159\u00ed i zdatn\u011bj\u0161\u00ed jezdce. Zku\u0161en\u011bj\u0161\u00ed cyklist\u00e9 mohou zam\u00ed\u0159it tak\u00e9 na traily v oblastech <strong>Seidlwinkltal a Gaisbachtal<\/strong>. V regionu jsou k dispozici p\u016fj\u010dovny kol i nab\u00eddka v\u00fdlet\u016f s doprovodem pr\u016fvodce, co\u017e usnad\u0148uje pl\u00e1nov\u00e1n\u00ed i t\u011bm, kte\u0159\u00ed si nep\u0159ivezou vlastn\u00ed vybaven\u00ed.<\/p>\n<div id=\"attachment_164866\" style=\"width: 1180px\" class=\"wp-caption alignnone\"><img decoding=\"async\" aria-describedby=\"caption-attachment-164866\" class=\"wp-image-164866 size-1170_658\" src=\"https:\/\/www.salzburgerland.com\/cs\/wp-content\/uploads\/2023\/05\/radfahren-c-tvb-rauris-1170x658.jpg\" alt=\"Dva cyklist\u00e9 jedou v l\u00e9t\u011b mezi poho\u0159\u00edm v Raurisertalu, kde jsou na vrcholc\u00edch hor je\u0161t\u011b stopy sn\u011bhu \" width=\"1170\" height=\"658\" srcset=\"https:\/\/www.salzburgerland.com\/cs\/wp-content\/uploads\/2023\/05\/radfahren-c-tvb-rauris-1170x658.jpg 1170w, https:\/\/www.salzburgerland.com\/cs\/wp-content\/uploads\/2023\/05\/radfahren-c-tvb-rauris-1200x675.jpg 1200w\" sizes=\"(max-width: 1170px) 100vw, 1170px\"><p id=\"caption-attachment-164866\" class=\"wp-caption-text\">V Raurisertalu najdete mnoho typ\u016f tras pro v\u00fdlety na kolech \u00a9 TVB Raurisertal<\/p><\/div>\n<h3>Nationalpark Sommercard<\/h3>\n<p data-start=\"126\" data-end=\"1208\">V\u00fdhodou dovolen\u00e9 v Raurisertalu je tak\u00e9 <a href=\"https:\/\/www.salzburgerland.com\/cs\/prazdninovy-region-narodni-park-vysoke-taury-letni-karta-nationalpark-sommercard\/\"><strong data-start=\"164\" data-end=\"191\">Nationalpark Sommercard<\/strong><\/a>, kterou host\u00e9 z\u00edskaj\u00ed u zapojen\u00fdch ubytovatel\u016f. Karta plat\u00ed <strong>od kv\u011btna do \u0159\u00edjna<\/strong> u\u017e od prvn\u00ed noci pobytu a ka\u017ed\u00fd den umo\u017e\u0148uje vyu\u017e\u00edt jednu vybranou slu\u017ebu. Zahrnuje j\u00edzdy lanovkami, nap\u0159\u00edklad Hochalmbahn, region\u00e1ln\u00ed dopravu v\u010detn\u011b autobus\u016f a turistick\u00fdch taxi i vybran\u00e9 vstupy a programy pro rodiny s d\u011btmi.<\/p>\n<p data-start=\"126\" data-end=\"1208\">Sou\u010d\u00e1st\u00ed nab\u00eddky partner\u016f letn\u00ed karty je tak\u00e9 vstup do expozice <strong data-start=\"542\" data-end=\"564\">\u201eIm Facettenreich\u201c<\/strong> v Raurisu. P\u0159ibli\u017euje rozmanitost \u00fadol\u00ed\u00a0Raurisertal a jeho bo\u010dn\u00edch\u00a0\u00fadol\u00ed Krumltal, Seidlwinkltal a\u00a0H\u00fcttwinkltal. V r\u00e1mci karty je zahrnut tak\u00e9 vstup na\u00a0koupali\u0161t\u011b\u00a0<strong data-start=\"872\" data-end=\"888\">Sonnblickbad<\/strong>, vyh\u0159\u00edvan\u00e9\u00a0venkovn\u00ed\u00a0koupali\u0161t\u011b s plaveck\u00fdm baz\u00e9nem, brouzdali\u0161t\u011bm,\u00a0h\u0159i\u0161t\u011bm, nebo 51 metr\u016f dlouhou skluzavkou a beachvolejbalov\u00fdm\u00a0h\u0159i\u0161t\u011bm s\u00a0v\u00fdhledem na\u00a0<strong>N\u00e1rodn\u00ed park Vysok\u00e9 Taury<\/strong>.<\/p>\n\n\t\t\t<div id=\"155910-7\" class=\"gallery gallery-155910 gallery-columns-3 gallery-size-1170_658\" itemscope itemtype=\"http:\/\/schema.org\/ImageGallery\">\n\t\t\t\t<ul class=\"gallery-row gallery-col-3 gallery-clear\">\n\t\t\t\t\t<li class=\"gallery-item col-3\" itemprop=\"associatedMedia\" itemscope itemtype=\"http:\/\/schema.org\/ImageObject\">\n\t\t\t\t\t\t<div class=\"gallery-icon landscape\"><a href=\"https:\/\/www.salzburgerland.com\/cs\/wp-content\/uploads\/2023\/05\/raurisertal-nationalparkhaus-im-facettenreichctvb-rauris-1423x1067.jpg\" title=\"Raurisertal Nationalparkhaus im Facettenreich(c)TVB Rauris\"><img decoding=\"async\" data-title=\"V\u00fdstava \u201eIm Facettenreich\u201c v Raurisu p\u0159ibli\u017euje p\u0159\u00edrodu a \u017eivot v \u00fadol\u00ed Raurisertal \u00a9 Nationalpark Hohe Tauern\" title=\"V\u00fdstava \u201eIm Facettenreich\u201c v Raurisu p\u0159ibli\u017euje p\u0159\u00edrodu a \u017eivot v \u00fadol\u00ed Raurisertal \u00a9 Nationalpark Hohe Tauern\" data-caption=\"V\u00fdstava \u201eIm Facettenreich\u201c v Raurisu p\u0159ibli\u017euje p\u0159\u00edrodu a \u017eivot v \u00fadol\u00ed Raurisertal \u00a9 Nationalpark Hohe Tauern\" width=\"1170\" height=\"658\" src=\"https:\/\/www.salzburgerland.com\/cs\/wp-content\/uploads\/2023\/05\/raurisertal-nationalparkhaus-im-facettenreichctvb-rauris-1170x658.jpg\" class=\"attachment-1170_658 size-1170_658\" alt=\"Modern\u00ed budova expozice \u201eIm Facettenreich\u201c v Raurisu zam\u011b\u0159en\u00e1 na p\u0159\u00edrodu a krajinu N\u00e1rodn\u00edho parku Vysok\u00e9 Taury (Zv\u011bt\u0161en\u00fd pohled)\" srcset=\"https:\/\/www.salzburgerland.com\/cs\/wp-content\/uploads\/2023\/05\/raurisertal-nationalparkhaus-im-facettenreichctvb-rauris-1170x658.jpg 1170w, https:\/\/www.salzburgerland.com\/cs\/wp-content\/uploads\/2023\/05\/raurisertal-nationalparkhaus-im-facettenreichctvb-rauris-1200x675.jpg 1200w\" sizes=\"(max-width: 1170px) 100vw, 1170px\" aria-describedby=\"figcaption-155910-164701\" itemprop=\"thumbnail\"><\/a><\/div>\n\t\t\t\t\t\t<span id=\"figcaption-155910-164701\" class=\"gallery-caption\" itemprop=\"caption\"><span aria-hidden=\"true\">V\u00fdstava \u201eIm Facettenreich\u201c v Raurisu p\u0159ibli\u017euje p\u0159\u00edrodu a \u017eivot v \u00fadol\u00ed Raurisertal \u00a9 Nationalpark Hohe Tauern<\/span><\/span>\n\t\t\t\t\t<\/li>\n\t\t\t\t\t<li class=\"gallery-item col-3\" itemprop=\"associatedMedia\" itemscope itemtype=\"http:\/\/schema.org\/ImageObject\">\n\t\t\t\t\t\t<div class=\"gallery-icon landscape\"><a href=\"https:\/\/www.salzburgerland.com\/cs\/wp-content\/uploads\/2023\/05\/raurisertal-sonnblickbad_7ctvb-rauris-foto-florian-bachmeier-1.jpg\" title=\"Raurisertal Sonnblickbad_7(c)TVB Rauris, Foto Florian Bachmeier (1)\"><img decoding=\"async\" data-title=\"Letn\u00ed koup\u00e1n\u00ed a z\u00e1bava pro celou rodinu v Sonnblickbad \u00a9 TVB Raurisertal, Florian Bachmeier\" title=\"Letn\u00ed koup\u00e1n\u00ed a z\u00e1bava pro celou rodinu v Sonnblickbad \u00a9 TVB Raurisertal, Florian Bachmeier\" data-caption=\"Letn\u00ed koup\u00e1n\u00ed a z\u00e1bava pro celou rodinu v Sonnblickbad \u00a9 TVB Raurisertal, Florian Bachmeier\" width=\"1170\" height=\"658\" src=\"https:\/\/www.salzburgerland.com\/cs\/wp-content\/uploads\/2023\/05\/raurisertal-sonnblickbad_7ctvb-rauris-foto-florian-bachmeier-1-1170x658.jpg\" class=\"attachment-1170_658 size-1170_658\" alt=\"Chlapec sk\u00e1\u010de do venkovn\u00edho baz\u00e9nu na koupali\u0161ti Sonnblickbad v Raurisertalu (Zv\u011bt\u0161en\u00fd pohled)\" srcset=\"https:\/\/www.salzburgerland.com\/cs\/wp-content\/uploads\/2023\/05\/raurisertal-sonnblickbad_7ctvb-rauris-foto-florian-bachmeier-1-1170x658.jpg 1170w, https:\/\/www.salzburgerland.com\/cs\/wp-content\/uploads\/2023\/05\/raurisertal-sonnblickbad_7ctvb-rauris-foto-florian-bachmeier-1-1200x675.jpg 1200w\" sizes=\"(max-width: 1170px) 100vw, 1170px\" aria-describedby=\"figcaption-155910-164704\" itemprop=\"thumbnail\"><\/a><\/div>\n\t\t\t\t\t\t<span id=\"figcaption-155910-164704\" class=\"gallery-caption\" itemprop=\"caption\"><span aria-hidden=\"true\">Letn\u00ed koup\u00e1n\u00ed a z\u00e1bava pro celou rodinu v Sonnblickbad \u00a9 TVB Raurisertal, Florian Bachmeier<\/span><\/span>\n\t\t\t\t\t<\/li>\n\t\t\t\t\t<li class=\"gallery-item col-3\" itemprop=\"associatedMedia\" itemscope itemtype=\"http:\/\/schema.org\/ImageObject\">\n\t\t\t\t\t\t<div class=\"gallery-icon landscape\"><a href=\"https:\/\/www.salzburgerland.com\/cs\/wp-content\/uploads\/2023\/05\/minigolf-c-tvb-rauris-isabel-1-1423x1067.jpg\" title=\"Minigolf (c) TVB Rauris Isabel 1\"><img decoding=\"async\" data-title=\"S kartou Nationalpark SommerCard m\u00e1te zdarma tak\u00e9 minigolf v Raurisu \u00a9 TVB Rauris\" title=\"S kartou Nationalpark SommerCard m\u00e1te zdarma tak\u00e9 minigolf v Raurisu \u00a9 TVB Rauris\" data-caption=\"S kartou Nationalpark SommerCard m\u00e1te zdarma tak\u00e9 minigolf v Raurisu \u00a9 TVB Rauris\" width=\"1170\" height=\"658\" src=\"https:\/\/www.salzburgerland.com\/cs\/wp-content\/uploads\/2023\/05\/minigolf-c-tvb-rauris-isabel-1-1170x658.jpg\" class=\"attachment-1170_658 size-1170_658\" alt=\"Chlapec hraje venku minigolf za slune\u010dn\u00e9ho dne v Raurisu (Zv\u011bt\u0161en\u00fd pohled)\" srcset=\"https:\/\/www.salzburgerland.com\/cs\/wp-content\/uploads\/2023\/05\/minigolf-c-tvb-rauris-isabel-1-1170x658.jpg 1170w, https:\/\/www.salzburgerland.com\/cs\/wp-content\/uploads\/2023\/05\/minigolf-c-tvb-rauris-isabel-1-1200x675.jpg 1200w\" sizes=\"(max-width: 1170px) 100vw, 1170px\" aria-describedby=\"figcaption-155910-164870\" itemprop=\"thumbnail\"><\/a><\/div>\n\t\t\t\t\t\t<span id=\"figcaption-155910-164870\" class=\"gallery-caption\" itemprop=\"caption\"><span aria-hidden=\"true\">S kartou Nationalpark SommerCard m\u00e1te zdarma tak\u00e9 minigolf v Raurisu \u00a9 TVB Rauris<\/span><\/span>\n\t\t\t\t\t<\/li>\n\t\t\t\t<\/ul>\n\t\t\t<\/div><!-- .gallery -->\n\n<p data-start=\"56\" data-end=\"374\">S kartou <strong>Nationalpark SommerCard<\/strong> si krom\u011b toho m\u016f\u017eete zp\u0159\u00edjemnit den v Raurisu <strong>minigolfem<\/strong> na udr\u017eovan\u00e9m 18jamkov\u00e9m h\u0159i\u0161ti. Najdete ho jen p\u00e1r minut ch\u016fze od kostela a u\u017eij\u00ed si tady d\u011bti i dosp\u011bl\u00ed.\u00a0K dispozici je tak\u00e9 st\u00e1nek s ob\u010derstven\u00edm, stoln\u00ed tenis a hern\u00ed prvky pro d\u011bti, h\u0159i\u0161t\u011b je nav\u00edc osv\u011btlen\u00e9 i ve ve\u010dern\u00edch hodin\u00e1ch.<\/p>\n<p data-start=\"126\" data-end=\"1208\">M\u011bjte na pam\u011bti, \u017ee pohyb v horsk\u00e9m ter\u00e9nu vy\u017eaduje dobrou p\u0159\u00edpravu a <strong>ohleduplnost k p\u0159\u00edrod\u011b<\/strong>. P\u0159ed v\u00fdlety se informujte o aktu\u00e1ln\u00edch podm\u00ednk\u00e1ch, zvolte vhodn\u00e9 vybaven\u00ed a p\u0159izp\u016fsobte trasu sv\u00fdm schopnostem. Praktick\u00e9 <a href=\"https:\/\/www.salzburgerland.com\/cs\/bezpecnost-v-horach-v-lete\/\">tipy a doporu\u010den\u00ed<\/a> najdete na na\u0161\u00ed str\u00e1nce o bezpe\u010dn\u00e9m pohybu v hor\u00e1ch v l\u00e9t\u011b.<\/p>\n","protected":false},"excerpt":{"rendered":"<p>Typickou scen\u00e9rii regionu tvo\u0159\u00ed majest\u00e1tn\u00ed vrcholy, \u0161irok\u00e1 \u00fadol\u00ed, alpsk\u00e9 pastviny a k\u0159i\u0161\u0165\u00e1lov\u011b \u010dist\u00e9 horsk\u00e9 byst\u0159iny. Kdo sem p\u0159ijede za aktivn\u00ed dovolenou, m\u00e1 k dispozici v\u00edce ne\u017e 295 kilometr\u016f turistick\u00fdch tras a p\u0159ibli\u017en\u011b 60 kilometr\u016f tras pro cyklistiku a horsk\u00e1 kola. Turistika a p\u0159\u00edroda v Raurisertalu Raurisertal se \u0159ad\u00ed k nejv\u011bt\u0161\u00edm turistick\u00fdm oblastem N\u00e1rodn\u00edho parku Vysok\u00e9 [&hellip;]<\/p>\n","protected":false},"author":6,"featured_media":164675,"comment_status":"closed","ping_status":"closed","template":"","meta":{"_acf_changed":false,"wl_entities_gutenberg":"","_relevanssi_hide_post":"","_relevanssi_hide_content":"","_relevanssi_pin_for_all":"","_relevanssi_pin_keywords":"","_relevanssi_unpin_keywords":"","_relevanssi_related_keywords":"","_relevanssi_related_include_ids":"","_relevanssi_related_exclude_ids":"","_relevanssi_related_no_append":"","_relevanssi_related_not_related":"","_relevanssi_related_posts":"","_relevanssi_noindex_reason":"","footnotes":""},"categories":[],"tags":[],"wl_entity_type":[2],"class_list":["post-155910","entity","type-entity","status-publish","has-post-thumbnail","hentry","wl_entity_type-thing","sitetype-theme"],"acf":[],"yoast_head":"<!-- This site is optimized with the Yoast SEO Premium plugin v27.4 (Yoast SEO v27.4) - https:\/\/yoast.com\/product\/yoast-seo-premium-wordpress\/ -->\n<title>Raurisertal v l\u00e9t\u011b \u00bb SalzburgerLand.com<\/title>\n<meta name=\"robots\" content=\"index, follow, max-snippet:-1, max-image-preview:large, max-video-preview:-1\" \/>\n<link rel=\"canonical\" href=\"https:\/\/www.salzburgerland.com\/cs\/raurisertal-v-lete\/\" \/>\n<meta property=\"og:locale\" content=\"cs_CZ\" \/>\n<meta property=\"og:type\" content=\"article\" \/>\n<meta property=\"og:title\" content=\"Raurisertal v l\u00e9t\u011b\" \/>\n<meta property=\"og:description\" content=\"Typickou scen\u00e9rii regionu tvo\u0159\u00ed majest\u00e1tn\u00ed vrcholy, \u0161irok\u00e1 \u00fadol\u00ed, alpsk\u00e9 pastviny a k\u0159i\u0161\u0165\u00e1lov\u011b \u010dist\u00e9 horsk\u00e9 byst\u0159iny. Kdo sem p\u0159ijede za aktivn\u00ed\" \/>\n<meta property=\"og:url\" content=\"https:\/\/www.salzburgerland.com\/cs\/raurisertal-v-lete\/\" \/>\n<meta property=\"og:site_name\" content=\"SalzburgerLand.com\" \/>\n<meta property=\"article:publisher\" content=\"https:\/\/www.facebook.com\/visitsalzburgerland\/\" \/>\n<meta property=\"article:modified_time\" content=\"2026-04-03T07:28:46+00:00\" \/>\n<meta property=\"og:image\" content=\"https:\/\/www.salzburgerland.com\/cs\/wp-content\/uploads\/2023\/05\/raurisertal-creatina-1200x675.jpg\" \/>\n\t<meta property=\"og:image:width\" content=\"1200\" \/>\n\t<meta property=\"og:image:height\" content=\"675\" \/>\n\t<meta property=\"og:image:type\" content=\"image\/jpeg\" \/>\n<meta name=\"twitter:card\" content=\"summary_large_image\" \/>\n<meta name=\"twitter:site\" content=\"@salzburgerland\" \/>\n<meta name=\"twitter:label1\" content=\"Odhadovan\u00e1 doba \u010dten\u00ed\" \/>\n\t<meta name=\"twitter:data1\" content=\"9 minut\" \/>\n<script type=\"application\/ld+json\" class=\"yoast-schema-graph\">{\"@context\":\"https:\\\/\\\/schema.org\",\"@graph\":[{\"@type\":\"WebPage\",\"@id\":\"https:\\\/\\\/www.salzburgerland.com\\\/cs\\\/raurisertal-v-lete\\\/\",\"url\":\"https:\\\/\\\/www.salzburgerland.com\\\/cs\\\/raurisertal-v-lete\\\/\",\"name\":\"Raurisertal v l\u00e9t\u011b \u00bb SalzburgerLand.com\",\"isPartOf\":{\"@id\":\"https:\\\/\\\/www.salzburgerland.com\\\/cs\\\/#website\"},\"primaryImageOfPage\":{\"@id\":\"https:\\\/\\\/www.salzburgerland.com\\\/cs\\\/raurisertal-v-lete\\\/#primaryimage\"},\"image\":{\"@id\":\"https:\\\/\\\/www.salzburgerland.com\\\/cs\\\/raurisertal-v-lete\\\/#primaryimage\"},\"thumbnailUrl\":\"https:\\\/\\\/www.salzburgerland.com\\\/cs\\\/wp-content\\\/uploads\\\/2023\\\/05\\\/raurisertal-creatina.jpg\",\"datePublished\":\"2023-05-30T11:12:30+00:00\",\"dateModified\":\"2026-04-03T07:28:46+00:00\",\"description\":\"V \u00fadol\u00ed Raurisertal \u010dek\u00e1 v\u00a0l\u00e9t\u011b dobrodru\u017estv\u00ed na ka\u017ed\u00e9m kroku.\",\"inLanguage\":\"cs\",\"potentialAction\":[{\"@type\":\"ReadAction\",\"target\":[\"https:\\\/\\\/www.salzburgerland.com\\\/cs\\\/raurisertal-v-lete\\\/\"]}]},{\"@type\":\"ImageObject\",\"inLanguage\":\"cs\",\"@id\":\"https:\\\/\\\/www.salzburgerland.com\\\/cs\\\/raurisertal-v-lete\\\/#primaryimage\",\"url\":\"https:\\\/\\\/www.salzburgerland.com\\\/cs\\\/wp-content\\\/uploads\\\/2023\\\/05\\\/raurisertal-creatina.jpg\",\"contentUrl\":\"https:\\\/\\\/www.salzburgerland.com\\\/cs\\\/wp-content\\\/uploads\\\/2023\\\/05\\\/raurisertal-creatina.jpg\",\"width\":1600,\"height\":1068,\"caption\":\"Raurisertal v N\u00e1rodn\u00edm parku Vysok\u00e9 Taury v l\u00e9t\u011b \u00a9 TVB Rauris, Creatina Werbedesign\"},{\"@type\":\"WebSite\",\"@id\":\"https:\\\/\\\/www.salzburgerland.com\\\/cs\\\/#website\",\"url\":\"https:\\\/\\\/www.salzburgerland.com\\\/cs\\\/\",\"name\":\"SalzburgerLand.com\",\"description\":\"Va\u0161e dovolen\u00e1 v Salcburku, Rakousko\",\"potentialAction\":[{\"@type\":\"SearchAction\",\"target\":{\"@type\":\"EntryPoint\",\"urlTemplate\":\"https:\\\/\\\/www.salzburgerland.com\\\/cs\\\/?s={search_term_string}\"},\"query-input\":{\"@type\":\"PropertyValueSpecification\",\"valueRequired\":true,\"valueName\":\"search_term_string\"}}],\"inLanguage\":\"cs\"}]}<\/script>\n<meta property=\"og:video\" content=\"https:\/\/www.youtube.com\/embed\/SqB-vsRVKPY\" \/>\n<meta property=\"og:video:type\" content=\"text\/html\" \/>\n<meta property=\"og:video:duration\" content=\"70\" \/>\n<meta property=\"og:video:width\" content=\"480\" \/>\n<meta property=\"og:video:height\" content=\"270\" \/>\n<meta property=\"ya:ovs:adult\" content=\"false\" \/>\n<meta property=\"ya:ovs:upload_date\" content=\"2023-05-30T11:12:30+00:00\" \/>\n<meta property=\"ya:ovs:allow_embed\" content=\"true\" \/>\n<!-- \/ Yoast SEO Premium plugin. -->","yoast_head_json":{"title":"Raurisertal v l\u00e9t\u011b \u00bb SalzburgerLand.com","robots":{"index":"index","follow":"follow","max-snippet":"max-snippet:-1","max-image-preview":"max-image-preview:large","max-video-preview":"max-video-preview:-1"},"canonical":"https:\/\/www.salzburgerland.com\/cs\/raurisertal-v-lete\/","og_locale":"cs_CZ","og_type":"article","og_title":"Raurisertal v l\u00e9t\u011b","og_description":"Typickou scen\u00e9rii regionu tvo\u0159\u00ed majest\u00e1tn\u00ed vrcholy, \u0161irok\u00e1 \u00fadol\u00ed, alpsk\u00e9 pastviny a k\u0159i\u0161\u0165\u00e1lov\u011b \u010dist\u00e9 horsk\u00e9 byst\u0159iny. Kdo sem p\u0159ijede za aktivn\u00ed","og_url":"https:\/\/www.salzburgerland.com\/cs\/raurisertal-v-lete\/","og_site_name":"SalzburgerLand.com","article_publisher":"https:\/\/www.facebook.com\/visitsalzburgerland\/","article_modified_time":"2026-04-03T07:28:46+00:00","og_image":[{"width":1200,"height":675,"url":"https:\/\/www.salzburgerland.com\/cs\/wp-content\/uploads\/2023\/05\/raurisertal-creatina-1200x675.jpg","type":"image\/jpeg"}],"twitter_card":"summary_large_image","twitter_site":"@salzburgerland","twitter_misc":{"Odhadovan\u00e1 doba \u010dten\u00ed":"9 minut"},"schema":{"@context":"https:\/\/schema.org","@graph":[{"@type":"WebPage","@id":"https:\/\/www.salzburgerland.com\/cs\/raurisertal-v-lete\/","url":"https:\/\/www.salzburgerland.com\/cs\/raurisertal-v-lete\/","name":"Raurisertal v l\u00e9t\u011b \u00bb SalzburgerLand.com","isPartOf":{"@id":"https:\/\/www.salzburgerland.com\/cs\/#website"},"primaryImageOfPage":{"@id":"https:\/\/www.salzburgerland.com\/cs\/raurisertal-v-lete\/#primaryimage"},"image":{"@id":"https:\/\/www.salzburgerland.com\/cs\/raurisertal-v-lete\/#primaryimage"},"thumbnailUrl":"https:\/\/www.salzburgerland.com\/cs\/wp-content\/uploads\/2023\/05\/raurisertal-creatina.jpg","datePublished":"2023-05-30T11:12:30+00:00","dateModified":"2026-04-03T07:28:46+00:00","description":"V \u00fadol\u00ed Raurisertal \u010dek\u00e1 v\u00a0l\u00e9t\u011b dobrodru\u017estv\u00ed na ka\u017ed\u00e9m kroku.","inLanguage":"cs","potentialAction":[{"@type":"ReadAction","target":["https:\/\/www.salzburgerland.com\/cs\/raurisertal-v-lete\/"]}]},{"@type":"ImageObject","inLanguage":"cs","@id":"https:\/\/www.salzburgerland.com\/cs\/raurisertal-v-lete\/#primaryimage","url":"https:\/\/www.salzburgerland.com\/cs\/wp-content\/uploads\/2023\/05\/raurisertal-creatina.jpg","contentUrl":"https:\/\/www.salzburgerland.com\/cs\/wp-content\/uploads\/2023\/05\/raurisertal-creatina.jpg","width":1600,"height":1068,"caption":"Raurisertal v N\u00e1rodn\u00edm parku Vysok\u00e9 Taury v l\u00e9t\u011b \u00a9 TVB Rauris, Creatina Werbedesign"},{"@type":"WebSite","@id":"https:\/\/www.salzburgerland.com\/cs\/#website","url":"https:\/\/www.salzburgerland.com\/cs\/","name":"SalzburgerLand.com","description":"Va\u0161e dovolen\u00e1 v Salcburku, Rakousko","potentialAction":[{"@type":"SearchAction","target":{"@type":"EntryPoint","urlTemplate":"https:\/\/www.salzburgerland.com\/cs\/?s={search_term_string}"},"query-input":{"@type":"PropertyValueSpecification","valueRequired":true,"valueName":"search_term_string"}}],"inLanguage":"cs"}]},"og_video":"https:\/\/www.youtube.com\/embed\/SqB-vsRVKPY","og_video_type":"text\/html","og_video_duration":"70","og_video_width":"480","og_video_height":"270","ya_ovs_adult":"false","ya_ovs_upload_date":"2023-05-30T11:12:30+00:00","ya_ovs_allow_embed":"true"},"_wl_alt_label":[],"wl:entity_url":"http:\/\/open.salzburgerland.com\/cs\/entity\/raurisertal-v-lete","_links":{"self":[{"href":"https:\/\/www.salzburgerland.com\/cs\/wp-json\/wp\/v2\/entities\/155910","targetHints":{"allow":["GET"]}}],"collection":[{"href":"https:\/\/www.salzburgerland.com\/cs\/wp-json\/wp\/v2\/entities"}],"about":[{"href":"https:\/\/www.salzburgerland.com\/cs\/wp-json\/wp\/v2\/types\/entity"}],"author":[{"embeddable":true,"href":"https:\/\/www.salzburgerland.com\/cs\/wp-json\/wp\/v2\/users\/6"}],"replies":[{"embeddable":true,"href":"https:\/\/www.salzburgerland.com\/cs\/wp-json\/wp\/v2\/comments?post=155910"}],"version-history":[{"count":33,"href":"https:\/\/www.salzburgerland.com\/cs\/wp-json\/wp\/v2\/entities\/155910\/revisions"}],"predecessor-version":[{"id":164885,"href":"https:\/\/www.salzburgerland.com\/cs\/wp-json\/wp\/v2\/entities\/155910\/revisions\/164885"}],"wp:featuredmedia":[{"embeddable":true,"href":"https:\/\/www.salzburgerland.com\/cs\/wp-json\/wp\/v2\/media\/164675"}],"wp:attachment":[{"href":"https:\/\/www.salzburgerland.com\/cs\/wp-json\/wp\/v2\/media?parent=155910"}],"wp:term":[{"taxonomy":"category","embeddable":true,"href":"https:\/\/www.salzburgerland.com\/cs\/wp-json\/wp\/v2\/categories?post=155910"},{"taxonomy":"post_tag","embeddable":true,"href":"https:\/\/www.salzburgerland.com\/cs\/wp-json\/wp\/v2\/tags?post=155910"},{"taxonomy":"wl_entity_type","embeddable":true,"href":"https:\/\/www.salzburgerland.com\/cs\/wp-json\/wp\/v2\/wl_entity_type?post=155910"}],"curies":[{"name":"wp","href":"https:\/\/api.w.org\/{rel}","templated":true}]}}