{"id":154017,"date":"2022-11-11T15:27:59","date_gmt":"2022-11-11T14:27:59","guid":{"rendered":"https:\/\/www.salzburgerland.com\/cs\/?post_type=entity&#038;p=154017"},"modified":"2022-11-16T20:47:09","modified_gmt":"2022-11-16T19:47:09","slug":"ticha-noc-protagoniste","status":"publish","type":"entity","link":"https:\/\/www.salzburgerland.com\/cs\/ticha-noc-protagoniste\/","title":{"rendered":"Protagonist\u00e9"},"content":{"rendered":"<h2>P\u00edse\u0148 vznikla v Salcbursku<\/h2>\n<p>Jedn\u00edm ze dvou autor\u016f p\u00edsn\u011b byl pomocn\u00fd kn\u011bz ze Salcburku,<span>\u00a0<\/span><strong>Joseph Mohr,<\/strong><span>\u00a0<\/span>kter\u00fd v roce 1816 napsal v n\u011bmeck\u00e9m jazyce b\u00e1se\u0148 \u201eStille Nacht! Heilige Nacht!\u201c O dva roky pozd\u011bji ji poskytl sv\u00e9mu p\u0159\u00edteli, u\u010diteli a skladateli<span>\u00a0<\/span><strong>Franzi Xaverovi Gruberovi<\/strong><span>\u00a0<\/span>z Horn\u00edho Rakouska. Po\u017e\u00e1dal ho o zhudebn\u011bn\u00ed sv\u00e9ho textu.<\/p>\n<h2>\u0160\u00ed\u0159en\u00ed z Tyrolska<\/h2>\n<p>\u201eTich\u00e1 noc, svat\u00e1 noc\u201c, dnes nejzn\u00e1m\u011bj\u0161\u00ed v\u00e1no\u010dn\u00ed koleda sv\u011bta, vznikla jako c\u00edrkevn\u00ed p\u00edse\u0148. Poprv\u00e9 zazn\u011bla o V\u00e1noc\u00edch p\u0159ed jesli\u010dkami. Pot\u00e9 se dostal notov\u00fd z\u00e1pis skladby do rukou<span>\u00a0<\/span><strong>Carlu Mauracherovi<span>\u00a0<\/span><\/strong>z Tyrolska, kter\u00fd v Oberndorfu opravoval rozbit\u00e9 varhany. V jeho domovin\u011b, v Zillertalu p\u016fsobila muzik\u00e1ln\u00ed selsk\u00e1 rodina, kter\u00e9 se p\u00edse\u0148 zal\u00edbila. Na trz\u00edch, kde prod\u00e1vali sv\u00e9 v\u00fdrobky ji za\u010dali zp\u00edvat a pot\u00e9 ji za\u0159adili do reperto\u00e1ru na cest\u00e1ch po Evrop\u011b, \u010d\u00edm\u017e ji tak\u00e9 proslavili. A nejen to. Rod\u00e1k z Zillertalu,<span>\u00a0<\/span><strong>Ludwig Rainer,\u00a0<\/strong><span>\u00a0<\/span>jeden z nejzn\u00e1m\u011bj\u0161\u00edch Tyrolsk\u00fdch n\u00e1rodn\u00edch p\u011bvc\u016f, p\u0159ivezl koledu v roce 1839 do Ameriky. Franz Xaver Gruber, kter\u00fd zem\u0159el roku 1863 je\u0161t\u011b stihl za\u017e\u00edt za\u010d\u00ednaj\u00edc\u00ed sl\u00e1vu sv\u00e9 melodie. V roce 1854 popsal ve sv\u00e9m prohl\u00e1\u0161en\u00ed okolnosti vzniku p\u00edsn\u011b a ur\u010dil autorstv\u00ed.<\/p>\n<h2>\u201eTich\u00e1 noc, svat\u00e1 noc\u201c dnes<\/h2>\n<p>Je\u0161t\u011b dnes se p\u00edsn\u00ed \u201eStille Nacht! Heilige Nacht!\u201c zab\u00fdv\u00e1 mnoho lid\u00ed. A\u0165 u\u017e se jedn\u00e1 o muzikanty, skladatele, producenty, zp\u011bv\u00e1ky, herce, um\u011blce nebo o kur\u00e1tory, vystavovatele, v\u011bdce \u010di historiky. V\u00fdzkum a b\u00e1d\u00e1n\u00ed souvisej\u00edc\u00ed s p\u00edsn\u00ed je v posledn\u00edch letech intenzivn\u00ed, jako nikdy p\u0159edt\u00edm. A tak\u00e9 jsou tu je\u0161t\u011b n\u00e1sledovn\u00edci Franze Xavera Grubera a rodiny Josepha Mohra. N\u011bkte\u0159\u00ed z nich se rovn\u011b\u017e zaob\u00edraj\u00ed \u017eivotem a d\u00edlem sv\u00fdch p\u0159edk\u016f. D\u00edky tomu m\u00e1 \u010dlov\u011bk nyn\u00ed spoustu mo\u017enost\u00ed, pochopit a poznat zn\u00e1mou v\u00e1no\u010dn\u00ed koledu z v\u00edce \u00fahl\u016f.<\/p>\n","protected":false},"excerpt":{"rendered":"<p>P\u00edse\u0148 vznikla v Salcbursku Jedn\u00edm ze dvou autor\u016f p\u00edsn\u011b byl pomocn\u00fd kn\u011bz ze Salcburku,\u00a0Joseph Mohr,\u00a0kter\u00fd v roce 1816 napsal v n\u011bmeck\u00e9m jazyce b\u00e1se\u0148 \u201eStille Nacht! Heilige Nacht!\u201c O dva roky pozd\u011bji ji poskytl sv\u00e9mu p\u0159\u00edteli, u\u010diteli a skladateli\u00a0Franzi Xaverovi Gruberovi\u00a0z Horn\u00edho Rakouska. Po\u017e\u00e1dal ho o zhudebn\u011bn\u00ed sv\u00e9ho textu. \u0160\u00ed\u0159en\u00ed z Tyrolska \u201eTich\u00e1 noc, svat\u00e1 noc\u201c, [&hellip;]<\/p>\n","protected":false},"author":6,"featured_media":153972,"comment_status":"closed","ping_status":"closed","template":"","meta":{"_acf_changed":false,"wl_entities_gutenberg":"","_relevanssi_hide_post":"","_relevanssi_hide_content":"","_relevanssi_pin_for_all":"","_relevanssi_pin_keywords":"","_relevanssi_unpin_keywords":"","_relevanssi_related_keywords":"","_relevanssi_related_include_ids":"","_relevanssi_related_exclude_ids":"","_relevanssi_related_no_append":"","_relevanssi_related_not_related":"","_relevanssi_related_posts":"","_relevanssi_noindex_reason":"","footnotes":""},"categories":[],"tags":[],"wl_entity_type":[2],"class_list":["post-154017","entity","type-entity","status-publish","has-post-thumbnail","hentry","wl_entity_type-thing","sitetype-theme"],"acf":[],"yoast_head":"<!-- This site is optimized with the Yoast SEO Premium plugin v27.4 (Yoast SEO v27.4) - https:\/\/yoast.com\/product\/yoast-seo-premium-wordpress\/ -->\n<title>Protagonist\u00e9 \u00bb SalzburgerLand.com<\/title>\n<meta name=\"robots\" content=\"index, follow, max-snippet:-1, max-image-preview:large, max-video-preview:-1\" \/>\n<link rel=\"canonical\" href=\"https:\/\/www.salzburgerland.com\/cs\/ticha-noc-protagoniste\/\" \/>\n<meta property=\"og:locale\" content=\"cs_CZ\" \/>\n<meta property=\"og:type\" content=\"article\" \/>\n<meta property=\"og:title\" content=\"Protagonist\u00e9\" \/>\n<meta property=\"og:description\" content=\"P\u00edse\u0148 vznikla v Salcbursku Jedn\u00edm ze dvou autor\u016f p\u00edsn\u011b byl pomocn\u00fd kn\u011bz ze Salcburku,\u00a0Joseph Mohr,\u00a0kter\u00fd v roce 1816 napsal v n\u011bmeck\u00e9m jazyce b\u00e1se\u0148\" \/>\n<meta property=\"og:url\" content=\"https:\/\/www.salzburgerland.com\/cs\/ticha-noc-protagoniste\/\" \/>\n<meta property=\"og:site_name\" content=\"SalzburgerLand.com\" \/>\n<meta property=\"article:publisher\" content=\"https:\/\/www.facebook.com\/visitsalzburgerland\/\" \/>\n<meta property=\"article:modified_time\" content=\"2022-11-16T19:47:09+00:00\" \/>\n<meta property=\"og:image\" content=\"https:\/\/www.salzburgerland.com\/cs\/wp-content\/uploads\/2016\/11\/rs1077_gruber_und_gitarre03-scr-1100x675.jpg\" \/>\n\t<meta property=\"og:image:width\" content=\"1100\" \/>\n\t<meta property=\"og:image:height\" content=\"675\" \/>\n\t<meta property=\"og:image:type\" content=\"image\/jpeg\" \/>\n<meta name=\"twitter:card\" content=\"summary_large_image\" \/>\n<meta name=\"twitter:site\" content=\"@salzburgerland\" \/>\n<meta name=\"twitter:label1\" content=\"Odhadovan\u00e1 doba \u010dten\u00ed\" \/>\n\t<meta name=\"twitter:data1\" content=\"2 minuty\" \/>\n<script type=\"application\/ld+json\" class=\"yoast-schema-graph\">{\"@context\":\"https:\\\/\\\/schema.org\",\"@graph\":[{\"@type\":\"WebPage\",\"@id\":\"https:\\\/\\\/www.salzburgerland.com\\\/cs\\\/ticha-noc-protagoniste\\\/\",\"url\":\"https:\\\/\\\/www.salzburgerland.com\\\/cs\\\/ticha-noc-protagoniste\\\/\",\"name\":\"Protagonist\u00e9 \u00bb SalzburgerLand.com\",\"isPartOf\":{\"@id\":\"https:\\\/\\\/www.salzburgerland.com\\\/cs\\\/#website\"},\"primaryImageOfPage\":{\"@id\":\"https:\\\/\\\/www.salzburgerland.com\\\/cs\\\/ticha-noc-protagoniste\\\/#primaryimage\"},\"image\":{\"@id\":\"https:\\\/\\\/www.salzburgerland.com\\\/cs\\\/ticha-noc-protagoniste\\\/#primaryimage\"},\"thumbnailUrl\":\"https:\\\/\\\/www.salzburgerland.com\\\/cs\\\/wp-content\\\/uploads\\\/2016\\\/11\\\/rs1077_gruber_und_gitarre03-scr.jpg\",\"datePublished\":\"2022-11-11T14:27:59+00:00\",\"dateModified\":\"2022-11-16T19:47:09+00:00\",\"description\":\"O V\u00e1noc\u00edch zp\u00edvaj\u00ed \\\"Tichou noc\\\" t\u00e9m\u011b\u0159 dv\u011b miliardy lid\u00ed. P\u0159esto v\u0161ak byl jej\u00ed p\u016fvod a jej\u00ed auto\u0159i po dlouh\u00e1 l\u00e9ta nezn\u00e1m\u00ed. Je\u0161t\u011b dnes mnoz\u00ed lid\u00e9 nev\u011bd\u00ed, odkud vlastn\u011b tato koleda poch\u00e1z\u00ed.\",\"inLanguage\":\"cs\",\"potentialAction\":[{\"@type\":\"ReadAction\",\"target\":[\"https:\\\/\\\/www.salzburgerland.com\\\/cs\\\/ticha-noc-protagoniste\\\/\"]}]},{\"@type\":\"ImageObject\",\"inLanguage\":\"cs\",\"@id\":\"https:\\\/\\\/www.salzburgerland.com\\\/cs\\\/ticha-noc-protagoniste\\\/#primaryimage\",\"url\":\"https:\\\/\\\/www.salzburgerland.com\\\/cs\\\/wp-content\\\/uploads\\\/2016\\\/11\\\/rs1077_gruber_und_gitarre03-scr.jpg\",\"contentUrl\":\"https:\\\/\\\/www.salzburgerland.com\\\/cs\\\/wp-content\\\/uploads\\\/2016\\\/11\\\/rs1077_gruber_und_gitarre03-scr.jpg\",\"width\":1100,\"height\":734,\"caption\":\"Franz Gruber \u00a9 SalzburgerLand Tourismus \\\/ Hallein, Kathrin Gollackner\"},{\"@type\":\"WebSite\",\"@id\":\"https:\\\/\\\/www.salzburgerland.com\\\/cs\\\/#website\",\"url\":\"https:\\\/\\\/www.salzburgerland.com\\\/cs\\\/\",\"name\":\"SalzburgerLand.com\",\"description\":\"Va\u0161e dovolen\u00e1 v Salcburku, Rakousko\",\"potentialAction\":[{\"@type\":\"SearchAction\",\"target\":{\"@type\":\"EntryPoint\",\"urlTemplate\":\"https:\\\/\\\/www.salzburgerland.com\\\/cs\\\/?s={search_term_string}\"},\"query-input\":{\"@type\":\"PropertyValueSpecification\",\"valueRequired\":true,\"valueName\":\"search_term_string\"}}],\"inLanguage\":\"cs\"}]}<\/script>\n<!-- \/ Yoast SEO Premium plugin. -->","yoast_head_json":{"title":"Protagonist\u00e9 \u00bb SalzburgerLand.com","robots":{"index":"index","follow":"follow","max-snippet":"max-snippet:-1","max-image-preview":"max-image-preview:large","max-video-preview":"max-video-preview:-1"},"canonical":"https:\/\/www.salzburgerland.com\/cs\/ticha-noc-protagoniste\/","og_locale":"cs_CZ","og_type":"article","og_title":"Protagonist\u00e9","og_description":"P\u00edse\u0148 vznikla v Salcbursku Jedn\u00edm ze dvou autor\u016f p\u00edsn\u011b byl pomocn\u00fd kn\u011bz ze Salcburku,\u00a0Joseph Mohr,\u00a0kter\u00fd v roce 1816 napsal v n\u011bmeck\u00e9m jazyce b\u00e1se\u0148","og_url":"https:\/\/www.salzburgerland.com\/cs\/ticha-noc-protagoniste\/","og_site_name":"SalzburgerLand.com","article_publisher":"https:\/\/www.facebook.com\/visitsalzburgerland\/","article_modified_time":"2022-11-16T19:47:09+00:00","og_image":[{"width":1100,"height":675,"url":"https:\/\/www.salzburgerland.com\/cs\/wp-content\/uploads\/2016\/11\/rs1077_gruber_und_gitarre03-scr-1100x675.jpg","type":"image\/jpeg"}],"twitter_card":"summary_large_image","twitter_site":"@salzburgerland","twitter_misc":{"Odhadovan\u00e1 doba \u010dten\u00ed":"2 minuty"},"schema":{"@context":"https:\/\/schema.org","@graph":[{"@type":"WebPage","@id":"https:\/\/www.salzburgerland.com\/cs\/ticha-noc-protagoniste\/","url":"https:\/\/www.salzburgerland.com\/cs\/ticha-noc-protagoniste\/","name":"Protagonist\u00e9 \u00bb SalzburgerLand.com","isPartOf":{"@id":"https:\/\/www.salzburgerland.com\/cs\/#website"},"primaryImageOfPage":{"@id":"https:\/\/www.salzburgerland.com\/cs\/ticha-noc-protagoniste\/#primaryimage"},"image":{"@id":"https:\/\/www.salzburgerland.com\/cs\/ticha-noc-protagoniste\/#primaryimage"},"thumbnailUrl":"https:\/\/www.salzburgerland.com\/cs\/wp-content\/uploads\/2016\/11\/rs1077_gruber_und_gitarre03-scr.jpg","datePublished":"2022-11-11T14:27:59+00:00","dateModified":"2022-11-16T19:47:09+00:00","description":"O V\u00e1noc\u00edch zp\u00edvaj\u00ed \"Tichou noc\" t\u00e9m\u011b\u0159 dv\u011b miliardy lid\u00ed. P\u0159esto v\u0161ak byl jej\u00ed p\u016fvod a jej\u00ed auto\u0159i po dlouh\u00e1 l\u00e9ta nezn\u00e1m\u00ed. Je\u0161t\u011b dnes mnoz\u00ed lid\u00e9 nev\u011bd\u00ed, odkud vlastn\u011b tato koleda poch\u00e1z\u00ed.","inLanguage":"cs","potentialAction":[{"@type":"ReadAction","target":["https:\/\/www.salzburgerland.com\/cs\/ticha-noc-protagoniste\/"]}]},{"@type":"ImageObject","inLanguage":"cs","@id":"https:\/\/www.salzburgerland.com\/cs\/ticha-noc-protagoniste\/#primaryimage","url":"https:\/\/www.salzburgerland.com\/cs\/wp-content\/uploads\/2016\/11\/rs1077_gruber_und_gitarre03-scr.jpg","contentUrl":"https:\/\/www.salzburgerland.com\/cs\/wp-content\/uploads\/2016\/11\/rs1077_gruber_und_gitarre03-scr.jpg","width":1100,"height":734,"caption":"Franz Gruber \u00a9 SalzburgerLand Tourismus \/ Hallein, Kathrin Gollackner"},{"@type":"WebSite","@id":"https:\/\/www.salzburgerland.com\/cs\/#website","url":"https:\/\/www.salzburgerland.com\/cs\/","name":"SalzburgerLand.com","description":"Va\u0161e dovolen\u00e1 v Salcburku, Rakousko","potentialAction":[{"@type":"SearchAction","target":{"@type":"EntryPoint","urlTemplate":"https:\/\/www.salzburgerland.com\/cs\/?s={search_term_string}"},"query-input":{"@type":"PropertyValueSpecification","valueRequired":true,"valueName":"search_term_string"}}],"inLanguage":"cs"}]}},"_wl_alt_label":[],"wl:entity_url":"http:\/\/open.salzburgerland.com\/cs\/entity\/ticha-noc-protagoniste","_links":{"self":[{"href":"https:\/\/www.salzburgerland.com\/cs\/wp-json\/wp\/v2\/entities\/154017","targetHints":{"allow":["GET"]}}],"collection":[{"href":"https:\/\/www.salzburgerland.com\/cs\/wp-json\/wp\/v2\/entities"}],"about":[{"href":"https:\/\/www.salzburgerland.com\/cs\/wp-json\/wp\/v2\/types\/entity"}],"author":[{"embeddable":true,"href":"https:\/\/www.salzburgerland.com\/cs\/wp-json\/wp\/v2\/users\/6"}],"replies":[{"embeddable":true,"href":"https:\/\/www.salzburgerland.com\/cs\/wp-json\/wp\/v2\/comments?post=154017"}],"version-history":[{"count":4,"href":"https:\/\/www.salzburgerland.com\/cs\/wp-json\/wp\/v2\/entities\/154017\/revisions"}],"predecessor-version":[{"id":154514,"href":"https:\/\/www.salzburgerland.com\/cs\/wp-json\/wp\/v2\/entities\/154017\/revisions\/154514"}],"wp:featuredmedia":[{"embeddable":true,"href":"https:\/\/www.salzburgerland.com\/cs\/wp-json\/wp\/v2\/media\/153972"}],"wp:attachment":[{"href":"https:\/\/www.salzburgerland.com\/cs\/wp-json\/wp\/v2\/media?parent=154017"}],"wp:term":[{"taxonomy":"category","embeddable":true,"href":"https:\/\/www.salzburgerland.com\/cs\/wp-json\/wp\/v2\/categories?post=154017"},{"taxonomy":"post_tag","embeddable":true,"href":"https:\/\/www.salzburgerland.com\/cs\/wp-json\/wp\/v2\/tags?post=154017"},{"taxonomy":"wl_entity_type","embeddable":true,"href":"https:\/\/www.salzburgerland.com\/cs\/wp-json\/wp\/v2\/wl_entity_type?post=154017"}],"curies":[{"name":"wp","href":"https:\/\/api.w.org\/{rel}","templated":true}]}}