{"id":151770,"date":"2022-05-27T14:48:05","date_gmt":"2022-05-27T12:48:05","guid":{"rendered":"https:\/\/www.salzburgerland.com\/cs\/?post_type=entity&#038;p=151770"},"modified":"2026-03-16T02:11:10","modified_gmt":"2026-03-16T01:11:10","slug":"region-wolfgangsee-v-lete","status":"publish","type":"entity","link":"https:\/\/www.salzburgerland.com\/cs\/region-wolfgangsee-v-lete\/","title":{"rendered":"Region Wolfgangsee v l\u00e9t\u011b"},"content":{"rendered":"<h3>U\u017e p\u0159es 130 let jezd\u00ed na Schafberg<\/h3>\n<p>Salcbursko a Salzkammergut, to je spousta kr\u00e1sn\u00fdch <a href=\"https:\/\/www.5schaetze.at\/en.html\" target=\"_blank\" rel=\"noopener\">v\u00fdletn\u00edch c\u00edl\u016f<\/a>, ale tak\u00e9 technick\u00fdch pam\u00e1tek. N\u011bkter\u00e9 jsou st\u00e1le v provozu. M\u00e1te jedine\u010dnou mo\u017enost vr\u00e1tit se s nimi v \u010dase a p\u0159edstavovat si, jak\u00e9 to bylo tenkr\u00e1t. Souprava ozubnicov\u00e9 \u017eeleznice na horu Schafberg vyjela z doln\u00edho n\u00e1dra\u017e\u00ed v Sankt Wolfgangu poprv\u00e9 1. srpna 1893 v 5.50 hodin r\u00e1no. Zuba\u010dka vyvezla na vrchol hory 7 cestuj\u00edc\u00edch. Prvn\u00ed ze sedmi j\u00edzdenek si toho dne koupil m\u00edstn\u00ed hoteli\u00e9r a o rok pozd\u011bji se vlakem svezl i s\u00e1m c\u00edsa\u0159.<\/p>\n<div id=\"attachment_164196\" style=\"width: 1180px\" class=\"wp-caption alignnone\"><img decoding=\"async\" aria-describedby=\"caption-attachment-164196\" class=\"size-1170_658 wp-image-164196\" src=\"https:\/\/www.salzburgerland.com\/cs\/wp-content\/uploads\/2022\/05\/sbg_ag_230821_1813-1170x658.jpg\" alt=\"Rodina se dv\u011bma d\u011btmi obdivuje historickou zuba\u010dku Schafbergbahn.\" width=\"1170\" height=\"658\" srcset=\"https:\/\/www.salzburgerland.com\/cs\/wp-content\/uploads\/2022\/05\/sbg_ag_230821_1813-1170x658.jpg 1170w, https:\/\/www.salzburgerland.com\/cs\/wp-content\/uploads\/2022\/05\/sbg_ag_230821_1813-1200x675.jpg 1200w\" sizes=\"(max-width: 1170px) 100vw, 1170px\"><p id=\"caption-attachment-164196\" class=\"wp-caption-text\">Historick\u00e1 Schafbergbahn \u00a9 Salzburg AG Tourismus GmbH<\/p><\/div>\n<h3>V\u00edce ne\u017e 150 let lodn\u00ed dopravy na Wolfgangsee<\/h3>\n<p>Dne 20. kv\u011btna 1873 poprv\u00e9 vyplul na Wolfgangsee impozantn\u00ed kolesov\u00fd parn\u00edk \u201eKaiser Franz Josef I\u201c a\u00a0 p\u0159\u00edstavi\u0161ti slavil dav p\u0159ihl\u00ed\u017eej\u00edc\u00edch po\u010d\u00e1tky linkov\u00e9 lodn\u00ed dopravy. Po cel\u00e1 stalet\u00ed se po jeze\u0159e plavily jen mal\u00e9 lod\u011b ryb\u00e1\u0159\u016f, ale linkov\u00e1 lo\u010f na Wolfgangsk\u00e9m jeze\u0159e byla opravdovou senzac\u00ed. A neobvykl\u00fd po\u017eitek. Prvn\u00ed letn\u00ed j\u00edzdn\u00ed \u0159\u00e1d z roku 1873 po\u010d\u00edtal se \u010dty\u0159mi plavbami denn\u011b.<\/p>\n<div id=\"attachment_156259\" style=\"width: 1180px\" class=\"wp-caption alignnone\"><img decoding=\"async\" aria-describedby=\"caption-attachment-156259\" class=\"size-1170_658 wp-image-156259\" src=\"https:\/\/cdn.salzburgerland.com\/cs\/wp-content\/uploads\/2022\/05\/jubilaumsfahrt-1170x658.jpg\" alt='Dne 20. kv\u011btna 1873 poprv\u00e9 vyplul na jeze\u0159e Wolfgangsee impozantn\u00ed kolesov\u00fd parn\u00edk \"Kaiser Franz Josef I\". ' width=\"1170\" height=\"658\" srcset=\"https:\/\/www.salzburgerland.com\/cs\/wp-content\/uploads\/2022\/05\/jubilaumsfahrt-1170x658.jpg 1170w, https:\/\/www.salzburgerland.com\/cs\/wp-content\/uploads\/2022\/05\/jubilaumsfahrt-1200x675.jpg 1200w\" sizes=\"(max-width: 1170px) 100vw, 1170px\"><p id=\"caption-attachment-156259\" class=\"wp-caption-text\">Jubilejn\u00ed plavba po Wolfgangsee \u00a9 Salzburg AG Tourismus GmbH<\/p><\/div>\n","protected":false},"excerpt":{"rendered":"<p>U\u017e p\u0159es 130 let jezd\u00ed na Schafberg Salcbursko a Salzkammergut, to je spousta kr\u00e1sn\u00fdch v\u00fdletn\u00edch c\u00edl\u016f, ale tak\u00e9 technick\u00fdch pam\u00e1tek. N\u011bkter\u00e9 jsou st\u00e1le v provozu. M\u00e1te jedine\u010dnou mo\u017enost vr\u00e1tit se s nimi v \u010dase a p\u0159edstavovat si, jak\u00e9 to bylo tenkr\u00e1t. Souprava ozubnicov\u00e9 \u017eeleznice na horu Schafberg vyjela z doln\u00edho n\u00e1dra\u017e\u00ed v Sankt Wolfgangu poprv\u00e9 [&hellip;]<\/p>\n","protected":false},"author":6,"featured_media":144835,"comment_status":"closed","ping_status":"closed","template":"","meta":{"_acf_changed":false,"wl_entities_gutenberg":"","_relevanssi_hide_post":"","_relevanssi_hide_content":"","_relevanssi_pin_for_all":"","_relevanssi_pin_keywords":"","_relevanssi_unpin_keywords":"","_relevanssi_related_keywords":"","_relevanssi_related_include_ids":"","_relevanssi_related_exclude_ids":"","_relevanssi_related_no_append":"","_relevanssi_related_not_related":"","_relevanssi_related_posts":"","_relevanssi_noindex_reason":"","footnotes":""},"categories":[],"tags":[],"wl_entity_type":[7],"class_list":["post-151770","entity","type-entity","status-publish","has-post-thumbnail","hentry","wl_entity_type-place","sitetype-theme"],"acf":[],"yoast_head":"<!-- This site is optimized with the Yoast SEO Premium plugin v27.4 (Yoast SEO v27.4) - https:\/\/yoast.com\/product\/yoast-seo-premium-wordpress\/ -->\n<title>Region Wolfgangsee v l\u00e9t\u011b \u00bb SalzburgerLand.com<\/title>\n<meta name=\"description\" content=\"%%cf_teasertext%% Region Wolfgangsee l\u00e9to\" \/>\n<meta name=\"robots\" content=\"index, follow, max-snippet:-1, max-image-preview:large, max-video-preview:-1\" \/>\n<link rel=\"canonical\" href=\"https:\/\/www.salzburgerland.com\/cs\/region-wolfgangsee-v-lete\/\" \/>\n<meta property=\"og:locale\" content=\"cs_CZ\" \/>\n<meta property=\"og:type\" content=\"article\" \/>\n<meta property=\"og:title\" content=\"Region Wolfgangsee v l\u00e9t\u011b\" \/>\n<meta property=\"og:description\" content=\"U\u017e p\u0159es 130 let jezd\u00ed na Schafberg Salcbursko a Salzkammergut, to je spousta kr\u00e1sn\u00fdch v\u00fdletn\u00edch c\u00edl\u016f, ale tak\u00e9 technick\u00fdch pam\u00e1tek. N\u011bkter\u00e9 jsou st\u00e1le v\" \/>\n<meta property=\"og:url\" content=\"https:\/\/www.salzburgerland.com\/cs\/region-wolfgangsee-v-lete\/\" \/>\n<meta property=\"og:site_name\" content=\"SalzburgerLand.com\" \/>\n<meta property=\"article:publisher\" content=\"https:\/\/www.facebook.com\/visitsalzburgerland\/\" \/>\n<meta property=\"article:modified_time\" content=\"2026-03-16T01:11:10+00:00\" \/>\n<meta property=\"og:image\" content=\"https:\/\/www.salzburgerland.com\/cs\/wp-content\/uploads\/2019\/05\/wolfgangseeschifffahrt-ms-salzkammergut-copyright-salzburg-ag-1200x675.jpg\" \/>\n\t<meta property=\"og:image:width\" content=\"1200\" \/>\n\t<meta property=\"og:image:height\" content=\"675\" \/>\n\t<meta property=\"og:image:type\" content=\"image\/jpeg\" \/>\n<meta name=\"twitter:card\" content=\"summary_large_image\" \/>\n<meta name=\"twitter:site\" content=\"@salzburgerland\" \/>\n<meta name=\"twitter:label1\" content=\"Odhadovan\u00e1 doba \u010dten\u00ed\" \/>\n\t<meta name=\"twitter:data1\" content=\"3 minuty\" \/>\n<script type=\"application\/ld+json\" class=\"yoast-schema-graph\">{\"@context\":\"https:\\\/\\\/schema.org\",\"@graph\":[{\"@type\":\"WebPage\",\"@id\":\"https:\\\/\\\/www.salzburgerland.com\\\/cs\\\/region-wolfgangsee-v-lete\\\/\",\"url\":\"https:\\\/\\\/www.salzburgerland.com\\\/cs\\\/region-wolfgangsee-v-lete\\\/\",\"name\":\"Region Wolfgangsee v l\u00e9t\u011b \u00bb SalzburgerLand.com\",\"isPartOf\":{\"@id\":\"https:\\\/\\\/www.salzburgerland.com\\\/cs\\\/#website\"},\"primaryImageOfPage\":{\"@id\":\"https:\\\/\\\/www.salzburgerland.com\\\/cs\\\/region-wolfgangsee-v-lete\\\/#primaryimage\"},\"image\":{\"@id\":\"https:\\\/\\\/www.salzburgerland.com\\\/cs\\\/region-wolfgangsee-v-lete\\\/#primaryimage\"},\"thumbnailUrl\":\"https:\\\/\\\/www.salzburgerland.com\\\/cs\\\/wp-content\\\/uploads\\\/2019\\\/05\\\/wolfgangseeschifffahrt-ms-salzkammergut-copyright-salzburg-ag.jpg\",\"datePublished\":\"2022-05-27T12:48:05+00:00\",\"dateModified\":\"2026-03-16T01:11:10+00:00\",\"description\":\"Nejkr\u00e1sn\u011bj\u0161\u00ed v\u00fdletn\u00ed c\u00edle v regionu okolo malebn\u00e9ho jezera Wolfgangsee Region Wolfgangsee l\u00e9to\",\"inLanguage\":\"cs\",\"potentialAction\":[{\"@type\":\"ReadAction\",\"target\":[\"https:\\\/\\\/www.salzburgerland.com\\\/cs\\\/region-wolfgangsee-v-lete\\\/\"]}]},{\"@type\":\"ImageObject\",\"inLanguage\":\"cs\",\"@id\":\"https:\\\/\\\/www.salzburgerland.com\\\/cs\\\/region-wolfgangsee-v-lete\\\/#primaryimage\",\"url\":\"https:\\\/\\\/www.salzburgerland.com\\\/cs\\\/wp-content\\\/uploads\\\/2019\\\/05\\\/wolfgangseeschifffahrt-ms-salzkammergut-copyright-salzburg-ag.jpg\",\"contentUrl\":\"https:\\\/\\\/www.salzburgerland.com\\\/cs\\\/wp-content\\\/uploads\\\/2019\\\/05\\\/wolfgangseeschifffahrt-ms-salzkammergut-copyright-salzburg-ag.jpg\",\"width\":1920,\"height\":1282,\"caption\":\"Plavba lod\u00ed po jeze\u0159e Wolfgangsee \u00a9 Salzburg AG\"},{\"@type\":\"WebSite\",\"@id\":\"https:\\\/\\\/www.salzburgerland.com\\\/cs\\\/#website\",\"url\":\"https:\\\/\\\/www.salzburgerland.com\\\/cs\\\/\",\"name\":\"SalzburgerLand.com\",\"description\":\"Va\u0161e dovolen\u00e1 v Salcburku, Rakousko\",\"potentialAction\":[{\"@type\":\"SearchAction\",\"target\":{\"@type\":\"EntryPoint\",\"urlTemplate\":\"https:\\\/\\\/www.salzburgerland.com\\\/cs\\\/?s={search_term_string}\"},\"query-input\":{\"@type\":\"PropertyValueSpecification\",\"valueRequired\":true,\"valueName\":\"search_term_string\"}}],\"inLanguage\":\"cs\"}]}<\/script>\n<meta property=\"og:video\" content=\"https:\/\/www.youtube.com\/embed\/uQOdqdewHCk\" \/>\n<meta property=\"og:video:type\" content=\"text\/html\" \/>\n<meta property=\"og:video:duration\" content=\"74\" \/>\n<meta property=\"og:video:width\" content=\"480\" \/>\n<meta property=\"og:video:height\" content=\"270\" \/>\n<meta property=\"ya:ovs:adult\" content=\"false\" \/>\n<meta property=\"ya:ovs:upload_date\" content=\"2022-05-27T12:48:05+00:00\" \/>\n<meta property=\"ya:ovs:allow_embed\" content=\"true\" \/>\n<!-- \/ Yoast SEO Premium plugin. -->","yoast_head_json":{"title":"Region Wolfgangsee v l\u00e9t\u011b \u00bb SalzburgerLand.com","description":"%%cf_teasertext%% Region Wolfgangsee l\u00e9to","robots":{"index":"index","follow":"follow","max-snippet":"max-snippet:-1","max-image-preview":"max-image-preview:large","max-video-preview":"max-video-preview:-1"},"canonical":"https:\/\/www.salzburgerland.com\/cs\/region-wolfgangsee-v-lete\/","og_locale":"cs_CZ","og_type":"article","og_title":"Region Wolfgangsee v l\u00e9t\u011b","og_description":"U\u017e p\u0159es 130 let jezd\u00ed na Schafberg Salcbursko a Salzkammergut, to je spousta kr\u00e1sn\u00fdch v\u00fdletn\u00edch c\u00edl\u016f, ale tak\u00e9 technick\u00fdch pam\u00e1tek. N\u011bkter\u00e9 jsou st\u00e1le v","og_url":"https:\/\/www.salzburgerland.com\/cs\/region-wolfgangsee-v-lete\/","og_site_name":"SalzburgerLand.com","article_publisher":"https:\/\/www.facebook.com\/visitsalzburgerland\/","article_modified_time":"2026-03-16T01:11:10+00:00","og_image":[{"width":1200,"height":675,"url":"https:\/\/www.salzburgerland.com\/cs\/wp-content\/uploads\/2019\/05\/wolfgangseeschifffahrt-ms-salzkammergut-copyright-salzburg-ag-1200x675.jpg","type":"image\/jpeg"}],"twitter_card":"summary_large_image","twitter_site":"@salzburgerland","twitter_misc":{"Odhadovan\u00e1 doba \u010dten\u00ed":"3 minuty"},"schema":{"@context":"https:\/\/schema.org","@graph":[{"@type":"WebPage","@id":"https:\/\/www.salzburgerland.com\/cs\/region-wolfgangsee-v-lete\/","url":"https:\/\/www.salzburgerland.com\/cs\/region-wolfgangsee-v-lete\/","name":"Region Wolfgangsee v l\u00e9t\u011b \u00bb SalzburgerLand.com","isPartOf":{"@id":"https:\/\/www.salzburgerland.com\/cs\/#website"},"primaryImageOfPage":{"@id":"https:\/\/www.salzburgerland.com\/cs\/region-wolfgangsee-v-lete\/#primaryimage"},"image":{"@id":"https:\/\/www.salzburgerland.com\/cs\/region-wolfgangsee-v-lete\/#primaryimage"},"thumbnailUrl":"https:\/\/www.salzburgerland.com\/cs\/wp-content\/uploads\/2019\/05\/wolfgangseeschifffahrt-ms-salzkammergut-copyright-salzburg-ag.jpg","datePublished":"2022-05-27T12:48:05+00:00","dateModified":"2026-03-16T01:11:10+00:00","description":"Nejkr\u00e1sn\u011bj\u0161\u00ed v\u00fdletn\u00ed c\u00edle v regionu okolo malebn\u00e9ho jezera Wolfgangsee Region Wolfgangsee l\u00e9to","inLanguage":"cs","potentialAction":[{"@type":"ReadAction","target":["https:\/\/www.salzburgerland.com\/cs\/region-wolfgangsee-v-lete\/"]}]},{"@type":"ImageObject","inLanguage":"cs","@id":"https:\/\/www.salzburgerland.com\/cs\/region-wolfgangsee-v-lete\/#primaryimage","url":"https:\/\/www.salzburgerland.com\/cs\/wp-content\/uploads\/2019\/05\/wolfgangseeschifffahrt-ms-salzkammergut-copyright-salzburg-ag.jpg","contentUrl":"https:\/\/www.salzburgerland.com\/cs\/wp-content\/uploads\/2019\/05\/wolfgangseeschifffahrt-ms-salzkammergut-copyright-salzburg-ag.jpg","width":1920,"height":1282,"caption":"Plavba lod\u00ed po jeze\u0159e Wolfgangsee \u00a9 Salzburg AG"},{"@type":"WebSite","@id":"https:\/\/www.salzburgerland.com\/cs\/#website","url":"https:\/\/www.salzburgerland.com\/cs\/","name":"SalzburgerLand.com","description":"Va\u0161e dovolen\u00e1 v Salcburku, Rakousko","potentialAction":[{"@type":"SearchAction","target":{"@type":"EntryPoint","urlTemplate":"https:\/\/www.salzburgerland.com\/cs\/?s={search_term_string}"},"query-input":{"@type":"PropertyValueSpecification","valueRequired":true,"valueName":"search_term_string"}}],"inLanguage":"cs"}]},"og_video":"https:\/\/www.youtube.com\/embed\/uQOdqdewHCk","og_video_type":"text\/html","og_video_duration":"74","og_video_width":"480","og_video_height":"270","ya_ovs_adult":"false","ya_ovs_upload_date":"2022-05-27T12:48:05+00:00","ya_ovs_allow_embed":"true"},"_wl_alt_label":[],"wl:entity_url":"http:\/\/open.salzburgerland.com\/cs\/entity\/region-wolfgangsee-v-lete","_links":{"self":[{"href":"https:\/\/www.salzburgerland.com\/cs\/wp-json\/wp\/v2\/entities\/151770","targetHints":{"allow":["GET"]}}],"collection":[{"href":"https:\/\/www.salzburgerland.com\/cs\/wp-json\/wp\/v2\/entities"}],"about":[{"href":"https:\/\/www.salzburgerland.com\/cs\/wp-json\/wp\/v2\/types\/entity"}],"author":[{"embeddable":true,"href":"https:\/\/www.salzburgerland.com\/cs\/wp-json\/wp\/v2\/users\/6"}],"replies":[{"embeddable":true,"href":"https:\/\/www.salzburgerland.com\/cs\/wp-json\/wp\/v2\/comments?post=151770"}],"version-history":[{"count":12,"href":"https:\/\/www.salzburgerland.com\/cs\/wp-json\/wp\/v2\/entities\/151770\/revisions"}],"predecessor-version":[{"id":164216,"href":"https:\/\/www.salzburgerland.com\/cs\/wp-json\/wp\/v2\/entities\/151770\/revisions\/164216"}],"wp:featuredmedia":[{"embeddable":true,"href":"https:\/\/www.salzburgerland.com\/cs\/wp-json\/wp\/v2\/media\/144835"}],"wp:attachment":[{"href":"https:\/\/www.salzburgerland.com\/cs\/wp-json\/wp\/v2\/media?parent=151770"}],"wp:term":[{"taxonomy":"category","embeddable":true,"href":"https:\/\/www.salzburgerland.com\/cs\/wp-json\/wp\/v2\/categories?post=151770"},{"taxonomy":"post_tag","embeddable":true,"href":"https:\/\/www.salzburgerland.com\/cs\/wp-json\/wp\/v2\/tags?post=151770"},{"taxonomy":"wl_entity_type","embeddable":true,"href":"https:\/\/www.salzburgerland.com\/cs\/wp-json\/wp\/v2\/wl_entity_type?post=151770"}],"curies":[{"name":"wp","href":"https:\/\/api.w.org\/{rel}","templated":true}]}}