{"id":151664,"date":"2022-05-05T19:29:32","date_gmt":"2022-05-05T17:29:32","guid":{"rendered":"https:\/\/www.salzburgerland.com\/cs\/?post_type=entity&#038;p=151664"},"modified":"2026-03-04T07:56:57","modified_gmt":"2026-03-04T06:56:57","slug":"region-hochkoenig-turistika","status":"publish","type":"entity","link":"https:\/\/www.salzburgerland.com\/cs\/region-hochkoenig-turistika\/","title":{"rendered":"Turistika v regionu Hochk\u00f6nig"},"content":{"rendered":"<p>V l\u00e9t\u011b je turistika jednou z nejp\u0159\u00edjemn\u011bj\u0161\u00edch aktivit, kter\u00e9 m\u016f\u017eete v regionu Hochk\u00f6nig provozovat.\u00a0V rekrea\u010dn\u00edch st\u0159edisc\u00edch<span>\u00a0<\/span><strong>Maria Alm, Dienten a M\u00fchlbach,<\/strong>\u00a0mezi vrcholy masivu<span>\u00a0<\/span><span class=\"textannotation disambiguated wl-place\" id=\"urn:enhancement-804ff10b\" itemid=\"http:\/\/open.salzburgerland.com\/cs\/entity\/hochkonig\">Hochk\u00f6nigu,<\/span><span>\u00a0<\/span>najdete na v\u00fdletech kr\u00e1sn\u00e9\u00a0stezky, idylick\u00e9<span>\u00a0<\/span><span class=\"textannotation disambiguated wl-thing\" id=\"urn:local-text-annotation-0225c5nnpirgypckmeqtdac2aitvyc8l\" itemid=\"http:\/\/open.salzburgerland.com\/cs\/entity\/pastvinach\">pastviny<\/span>, \u00fatuln\u00e9 chaty, spoustu dobrodru\u017estv\u00ed, romantiky i po\u017eitk\u016f.<\/p>\n<p><iframe title=\"Sommerurlaub in der Region Hochk\u00f6nig\" width=\"500\" height=\"281\" src=\"https:\/\/www.youtube-nocookie.com\/embed\/2UF8djP0x2c?feature=oembed&amp;rel=0&amp;modestbranding=1\" frameborder=\"0\" allow=\"accelerometer; autoplay; clipboard-write; encrypted-media; gyroscope; picture-in-picture; web-share\" referrerpolicy=\"strict-origin-when-cross-origin\" allowfullscreen><\/iframe><\/p>\n<h3>Dobrodru\u017en\u00e9 v\u00fdpravy pro celou rodinu<\/h3>\n<p>Rodiny s d\u011btmi se mohou vydat do <strong>lesn\u00edho lanov\u00e9ho centra<\/strong><span>\u00a0<\/span>na z\u00e1\u017eitkov\u00e9 princov\u011b ho\u0159e <a href=\"https:\/\/www.hochkoenig.at\/en\/summer\/cable-cars\/prince-mountain-natrun-in-maria-alm.html\" target=\"_blank\" rel=\"noopener\">Prinzenberg<\/a> v\u00a0Maria Alm, na<span>\u00a0<\/span><strong>stezku v korun\u00e1ch strom\u016f<\/strong><span>\u00a0<\/span>Schlawutzel Kinderbaumweg nebo <span>\u00a0<\/span><strong>pozorovat jeleny<\/strong><span>\u00a0<\/span>do rezervace v Jufenu. Na velk\u00e9m<span>\u00a0<\/span><strong>p\u0159\u00edrodn\u00edm<span>\u00a0<\/span><span class=\"textannotation disambiguated wl-other\" id=\"urn:enhancement-cc3222ee\" itemid=\"http:\/\/open.salzburgerland.com\/cs\/entity\/hristi\">h\u0159i\u0161ti<\/span><span>\u00a0<\/span>na louce<\/strong>\u00a0<a href=\"https:\/\/www.hochkoenig.at\/en\/summer\/cable-cars\/tonis-alpine-playground.html\" target=\"_blank\" rel=\"noopener\"><strong>Toni\u2019s Almspielplatz<\/strong><\/a> v M\u00fchlbachu si ov\u011b\u0159\u00edte sv\u00e9 dovednosti na lezeck\u00e9 v\u011b\u017ei, na slackline, na horsk\u00e9 t\u0159\u00edkolce nebo na<span>\u00a0<\/span><strong>rodinn\u00e9 MTB trati<\/strong>. Ti kdo maj\u00ed r\u00e1di v\u00fdpravy, jist\u011b ocen\u00ed<span>\u00a0<\/span><strong><span class=\"textannotation disambiguated wl-thing\" id=\"urn:local-text-annotation-ffj9akypygkwjj4tu323v9tccyvsyjem\" itemid=\"http:\/\/open.salzburgerland.com\/cs\/entity\/dobrodruzny\">dobrodru\u017en\u00fd<\/span><span>\u00a0<\/span><span class=\"textannotation disambiguated wl-thing\" id=\"urn:local-text-annotation-0spup0qh5akddszk12ukq8k120d70syn\" itemid=\"http:\/\/open.salzburgerland.com\/cs\/entity\/okruh_2\">okruh<\/span><\/strong>, kter\u00fd se d\u00e1 proj\u00edt i s\u00a0ko\u010d\u00e1rkem.<\/p>\n<h3><strong>Nejdel\u0161\u00ed kuli\u010dkov\u00e1 dr\u00e1ha<\/strong><\/h3>\n<p>U\u017eijte si celou rodinou dobrodru\u017estv\u00ed na obrovsk\u00e9m p\u0159\u00edrodn\u00edm h\u0159i\u0161ti v hor\u00e1ch. <strong>Toni\u2019s Almspielplatz<\/strong> na Karbachalm v M\u00fchlbachu m\u00e1 <strong>nejdel\u0161\u00ed kuli\u010dkovou dr\u00e1hou v Alp\u00e1ch<\/strong>! Vydejte se na dvoukilometrov\u00fd z\u00e1\u017eitkov\u00fd okruh a zastavujte se na n\u011bkolika stanovi\u0161t\u00edch navr\u017een\u00fdch s d\u016frazem na detail. Dr\u00e1ha m\u00e1 celkovou d\u00e9lku 550 metr\u016f a pot\u011b\u0161\u00ed n\u00e1v\u0161t\u011bvn\u00edky v\u0161ech generac\u00ed. D\u00edvejte se, jak se kuli\u010dky kut\u00e1lej\u00ed, hrajte si s r\u016fzn\u00fdmi mechanismy, sout\u011b\u017ete, \u010d\u00ed kuli\u010dka bude rychlej\u0161\u00ed nebo se jen kochejte \u00fa\u017easn\u00fdm v\u00fdhledem na okoln\u00ed hory.<\/p>\n<div id=\"attachment_159937\" style=\"width: 1180px\" class=\"wp-caption alignnone\"><img decoding=\"async\" aria-describedby=\"caption-attachment-159937\" class=\"size-1170_658 wp-image-159937\" src=\"https:\/\/www.salzburgerland.com\/cs\/wp-content\/uploads\/2022\/06\/2022_tonis-almspielplatz_muehlbach_hochkoenig_foto-von-roland-haschka-47-1920x1067-1-1170x658.jpg\" alt=\"Rodina na v\u00fdlet\u011b na Tonis Almenspielplatz v hor\u00e1ch nad M\u00fchlbachem v Hochk\u00f6nigu\" width=\"1170\" height=\"658\" srcset=\"https:\/\/www.salzburgerland.com\/cs\/wp-content\/uploads\/2022\/06\/2022_tonis-almspielplatz_muehlbach_hochkoenig_foto-von-roland-haschka-47-1920x1067-1-1170x658.jpg 1170w, https:\/\/www.salzburgerland.com\/cs\/wp-content\/uploads\/2022\/06\/2022_tonis-almspielplatz_muehlbach_hochkoenig_foto-von-roland-haschka-47-1920x1067-1-1200x675.jpg 1200w\" sizes=\"(max-width: 1170px) 100vw, 1170px\"><p id=\"caption-attachment-159937\" class=\"wp-caption-text\">Tonis Almenspielplatz, M\u00fchlbach, Hochk\u00f6nig \u00a9 Roland Haschka<\/p><\/div>\n<h3>Geocaching bez zavazadel v regionu Hochk\u00f6nig<\/h3>\n<p><a href=\"https:\/\/www.hochkoenig.at\/en\/summer\/hiking\/geocaching-in-the-hochkoenig-region.html\" target=\"_blank\" rel=\"noopener\"><strong>Geocaching<\/strong><\/a><span>\u00a0<\/span>je modern\u00ed zp\u016fsob hled\u00e1n\u00ed poklad\u016f pomoc\u00ed<span>\u00a0<\/span><strong>GPS za\u0159\u00edzen\u00ed<\/strong>. Nyn\u00ed si to m\u016f\u017eete vyzkou\u0161et tak\u00e9 na \u00fapat\u00ed masivu Hochk\u00f6nig. \u00da\u010dastn\u00edci z\u00e1bavn\u00e9 hry v ter\u00e9nu mus\u00ed vy\u0159e\u0161it <strong>35 h\u00e1danek<\/strong><span>\u00a0<\/span>a stezka vede ve<span>\u00a0<\/span><strong>3 etap\u00e1ch<\/strong>. <strong>Hochk\u00f6nig<\/strong> m\u00e1 mnoho tv\u00e1\u0159\u00ed \u2013 tradi\u010dn\u00ed, aktivn\u00ed, p\u0159\u00edrodn\u00ed a modern\u00ed!<\/p>\n<p>D\u00edky geocachingu, popul\u00e1rn\u00edmu sportu s GPS za\u0159\u00edzen\u00edm, m\u016f\u017eete za\u017e\u00edt spoustu z\u00e1bavy a t\u011b\u0161it se na dobrodru\u017en\u00e9 hled\u00e1n\u00ed pokladu nap\u0159\u00ed\u010d regionem. A\u0165 u\u017e je poklad ukryt za sk\u00e1lou, pod borov\u00fdmi v\u011btvemi nebo pobl\u00ed\u017e sala\u0161e. Nejlep\u0161\u00ed je, kdy\u017e objev\u00edte schr\u00e1nku sami. Vybavte se za\u0159\u00edzen\u00edm GPS, vydejte se na cestu a vy\u0159e\u0161te 35 h\u00e1danek na prvn\u00ed ofici\u00e1ln\u00ed geocachingov\u00e9 stezce v Rakousku.<\/p>\n<div id=\"attachment_156222\" style=\"width: 1180px\" class=\"wp-caption alignnone\"><img decoding=\"async\" aria-describedby=\"caption-attachment-156222\" class=\"size-1170_658 wp-image-156222\" src=\"https:\/\/cdn.salzburgerland.com\/cs\/wp-content\/uploads\/2022\/05\/geocaching-1200x675-1-1170x658.jpg\" alt=\"\" width=\"1170\" height=\"658\" srcset=\"https:\/\/www.salzburgerland.com\/cs\/wp-content\/uploads\/2022\/05\/geocaching-1200x675-1-1170x658.jpg 1170w, https:\/\/www.salzburgerland.com\/cs\/wp-content\/uploads\/2022\/05\/geocaching-1200x675-1-768x432.jpg 768w, https:\/\/www.salzburgerland.com\/cs\/wp-content\/uploads\/2022\/05\/geocaching-1200x675-1.jpg 1200w\" sizes=\"(max-width: 1170px) 100vw, 1170px\"><p id=\"caption-attachment-156222\" class=\"wp-caption-text\">Zpest\u0159ete si turistiku geocachingem v Hochk\u00f6nigu \u00a9 Hochk\u00f6nig Tourismus<\/p><\/div>\n<h3>Turistika, kter\u00e1 bav\u00ed i d\u011bti<\/h3>\n<p>Nechyb\u00ed tady ani turistick\u00e9 trasy, lesopark, lukost\u0159eleck\u00fd parkur,<span>\u00a0<\/span><span class=\"textannotation disambiguated wl-other\" id=\"urn:enhancement-c9286564\" itemid=\"http:\/\/open.salzburgerland.com\/cs\/entity\/hristi\">h\u0159i\u0161t\u011b<\/span>. Jedn\u00e1 se o ide\u00e1ln\u00ed m\u00edsto i pro<span>\u00a0<\/span><span class=\"textannotation disambiguated wl-thing\" id=\"urn:local-text-annotation-3paugskxymvvez4rdnpiosyw1y13ba0q\" itemid=\"http:\/\/open.salzburgerland.com\/cs\/entity\/cyklisty\">cyklisty<\/span><span>\u00a0<\/span>nebo pro j\u00edzdu na ter\u00e9nn\u00edch t\u0159\u00edkolk\u00e1ch. Nen\u00ed nic lep\u0161\u00edho ne\u017e z\u00e1bava a pohyb v blahod\u00e1rn\u00e9m alpsk\u00e9m klimatu. Tak si poj\u010fte hr\u00e1t!<\/p>\n<p><iframe title=\"Toni's Almspielplatz - Region Hochk\u00f6nig\" width=\"500\" height=\"281\" src=\"https:\/\/www.youtube-nocookie.com\/embed\/-ou7_7SV5Sg?feature=oembed&amp;rel=0&amp;modestbranding=1\" frameborder=\"0\" allow=\"accelerometer; autoplay; clipboard-write; encrypted-media; gyroscope; picture-in-picture; web-share\" referrerpolicy=\"strict-origin-when-cross-origin\" allowfullscreen><\/iframe><\/p>\n<h3>Houpa\u010dky v hor\u00e1ch<\/h3>\n<p><strong>Na Gab\u00fchelu <\/strong>najdete<a href=\"https:\/\/www.hochkoenig.at\/en\/summer\/cable-cars\/swing-park-hochkoenig.html\" target=\"_blank\" rel=\"noopener\"><strong>\u00a0\u201eSchaukelpark\u201c<\/strong><\/a><span> s houpa\u010dkami v nadmo\u0159sk\u00e9 v\u00fd\u0161ce 1600 metr\u016f. Dv\u011b velkolep\u00e9 \u201evodn\u00ed\u201c houpa\u010dky, \u010dty\u0159i ob\u0159\u00ed houpa\u010dky a d\u011btsk\u00e9 h\u0159i\u0161t\u011b o rozloze 600 m\u00b2 p\u0159\u00edmo vyb\u00edzej\u00ed k z\u00e1bav\u011b a odpo\u010dinku. Do houpa\u010dkov\u00e9ho r\u00e1je se dostanete bezpe\u010dn\u011b a rychle jednou ze dvou lanovek: Geb\u00fchelbahn z Dientenu nebo Hochmaisbahn z Hinterthalu. V bl\u00edzkosti parku jsou dv\u011b horsk\u00e9 chaty <\/span><a href=\"https:\/\/www.hochkoenig.at\/en\/infrastructure\/dienten-gabuehelhuette-1620-m.html\" target=\"_blank\" rel=\"noopener\"><strong>Gab\u00fchelh\u00fctte<\/strong><\/a><span>\u00a0a\u00a0<\/span><a href=\"https:\/\/www.hochkoenig.at\/en\/infrastructure\/maria-alm-steinbockalm-1634-m.html\" target=\"_blank\" rel=\"noopener\"><strong>Steinbockalm <\/strong><\/a>nab\u00edzej\u00edc\u00ed region\u00e1ln\u00ed pochoutky.<\/p>\n<div id=\"attachment_159939\" style=\"width: 1180px\" class=\"wp-caption alignnone\"><img decoding=\"async\" aria-describedby=\"caption-attachment-159939\" class=\"size-1170_658 wp-image-159939\" src=\"https:\/\/www.salzburgerland.com\/cs\/wp-content\/uploads\/2022\/06\/schaukelpark-hochkoenig-kampagnenbild-1170x658.jpg\" alt=\"Houpa\u010dkov\u00fd park v hor\u00e1ch v Hochk\u00f6nigu \" width=\"1170\" height=\"658\" srcset=\"https:\/\/www.salzburgerland.com\/cs\/wp-content\/uploads\/2022\/06\/schaukelpark-hochkoenig-kampagnenbild-1170x658.jpg 1170w, https:\/\/www.salzburgerland.com\/cs\/wp-content\/uploads\/2022\/06\/schaukelpark-hochkoenig-kampagnenbild-1200x675.jpg 1200w\" sizes=\"(max-width: 1170px) 100vw, 1170px\"><p id=\"caption-attachment-159939\" class=\"wp-caption-text\">Houpa\u010dkov\u00fd park \u00a9 Hochk\u00f6nig Tourismus<\/p><\/div>\n<h3>Princova hora<\/h3>\n<p>Princova hora\u00a0<strong>Prinzenberg<\/strong><span>\u00a0<\/span>se z\u00e1\u017eitkov\u00fdm a dobrodru\u017en\u00fdm are\u00e1lem je ide\u00e1ln\u00edm m\u00edstem pro v\u0161echny rodiny s<span>\u00a0<\/span><span class=\"textannotation disambiguated wl-thing\" id=\"urn:local-text-annotation-qrrsykp3l7i1tkbdai6x5e8sfoup1djl\" itemid=\"http:\/\/open.salzburgerland.com\/cs\/entity\/detmi\">d\u011btmi<\/span>. Do nadmo\u0159sk\u00e9 v\u00fd\u0161ky 1163 metr\u016f v\u00e1s z Maria Alm pohodln\u011b vyveze lanovka Natrunbahn. Naho\u0159e najdete opravdu velk\u00fd are\u00e1l pro mal\u00e9 pr\u016fzkumn\u00edky. Ti se tady vy\u0159\u00e1d\u00ed na rozs\u00e1hl\u00e9m<span>\u00a0<\/span><span class=\"textannotation disambiguated wl-other\" id=\"urn:enhancement-9d6ee4ab\" itemid=\"http:\/\/open.salzburgerland.com\/cs\/entity\/hristi\">h\u0159i\u0161ti<\/span><span>\u00a0<\/span>s nejr\u016fzn\u011bj\u0161\u00edmi prol\u00e9za\u010dkami a aktivitami jako je lezeck\u00e1 st\u011bna, slackline, ocelov\u00e9 skluzavky v lese, p\u00edskovi\u0161t\u011b a podobn\u011b.<\/p>\n<div id=\"attachment_145012\" style=\"width: 1180px\" class=\"wp-caption alignnone\"><img decoding=\"async\" aria-describedby=\"caption-attachment-145012\" class=\"size-1170_658 wp-image-145012\" src=\"https:\/\/www.salzburgerland.com\/cs\/wp-content\/uploads\/2019\/05\/waldrutschenpark_region-hochkoenig-1170x658.jpg\" alt=\"Klouza\u010dky a dal\u0161\u00ed atrakce se postaraj\u00ed o z\u00e1bavu cel\u00e9 rodiny \" width=\"1170\" height=\"658\" srcset=\"https:\/\/www.salzburgerland.com\/cs\/wp-content\/uploads\/2019\/05\/waldrutschenpark_region-hochkoenig-1170x658.jpg 1170w, https:\/\/www.salzburgerland.com\/cs\/wp-content\/uploads\/2019\/05\/waldrutschenpark_region-hochkoenig-1200x675.jpg 1200w\" sizes=\"(max-width: 1170px) 100vw, 1170px\"><p id=\"caption-attachment-145012\" class=\"wp-caption-text\">Klouza\u010dky a dal\u0161\u00ed atrakce se postaraj\u00ed o z\u00e1bavu cel\u00e9 rodiny \u00a9 SalzburgerLand Tourismus, Johannes Felsch<\/p><\/div>\n<p>Krom\u011b princovy hory <strong>Prinzenberg<\/strong> (Natrun) je skv\u011bl\u00fdm m\u00edstem pro odpo\u010dinek a hran\u00ed tak\u00e9 \u201cToniho\u201d z\u00e1\u017eitkov\u00fd sv\u011bt (<strong>Toni\u2019s Almspielplatz<\/strong>) na<span>\u00a0<\/span><strong>Karbachalm\u00a0<\/strong>(<strong>M\u00fchlbach<\/strong>). Tady se m\u016f\u017ee opravdu v\u0161echno. V parku se nach\u00e1z\u00ed des\u00edtky nejr\u016fzn\u011bj\u0161\u00edch prvk\u016f jako<span>\u00a0<\/span><span class=\"textannotation disambiguated wl-other\" id=\"urn:enhancement-ff009382\" itemid=\"http:\/\/open.salzburgerland.com\/cs\/entity\/skluzavky\">skluzavky<\/span>, houpa\u010dky, trampol\u00edny, d\u0159ev\u011bn\u00e9 koloto\u010de nebo lezeck\u00e9 st\u011bny. D\u011bti tak mohou i b\u011bhem v\u00fdletn\u00edho<span>\u00a0<\/span><span class=\"textannotation disambiguated wl-other\" id=\"urn:enhancement-2ae8eb90\" itemid=\"http:\/\/open.salzburgerland.com\/cs\/entity\/okruh_2\">okruhu<\/span><span>\u00a0<\/span>na vrcholu hory zdokonalovat sv\u00e9 dovednosti v lezen\u00ed, chozen\u00ed, ru\u010dkov\u00e1n\u00ed, p\u0159ekon\u00e1v\u00e1n\u00ed prol\u00e9za\u010dek. To v\u0161e v kulis\u00e1ch, ze kter\u00fdch se taj\u00ed dech.<\/p>\n<p>Zat\u00edmco pak rodi\u010de vychutn\u00e1vaj\u00ed panorama na terase horsk\u00e9 restaurace nebo griluj\u00ed v odpo\u010dinkov\u00fdch z\u00f3n\u00e1ch, d\u011bti jsou st\u00e1le na dohled. V\u011bt\u0161inou se naboso cachtaj\u00ed ve vedlej\u0161\u00ed vodn\u00ed kask\u00e1d\u011b a fascinovan\u011b zkou\u0161ej\u00ed pumpy, kor\u00fdtka, \u201c\u0161neky\u201d, vodn\u00ed ml\u00fdnky nebo \u0161rouby, pomoc\u00ed nich\u017e je mo\u017en\u00e9 zastavovat nebo naopak pou\u0161t\u011bt p\u0159\u00edtok vody.<\/p>\n<div id=\"attachment_145014\" style=\"width: 1180px\" class=\"wp-caption alignnone\"><img decoding=\"async\" aria-describedby=\"caption-attachment-145014\" class=\"size-1170_658 wp-image-145014\" src=\"https:\/\/cdn.salzburgerland.com\/cs\/wp-content\/uploads\/2019\/05\/erlebnisspielplatz-natrun-c-hochkoenig-tourismus-1170x658.jpg\" alt=\"Z\u00e1\u017eitkov\u00e9 h\u0159i\u0161t\u011b pro d\u011bti na ho\u0159e Natrun v Hochk\u00f6nigu\" width=\"1170\" height=\"658\" srcset=\"https:\/\/www.salzburgerland.com\/cs\/wp-content\/uploads\/2019\/05\/erlebnisspielplatz-natrun-c-hochkoenig-tourismus-1170x658.jpg 1170w, https:\/\/www.salzburgerland.com\/cs\/wp-content\/uploads\/2019\/05\/erlebnisspielplatz-natrun-c-hochkoenig-tourismus-1200x675.jpg 1200w\" sizes=\"(max-width: 1170px) 100vw, 1170px\"><p id=\"caption-attachment-145014\" class=\"wp-caption-text\">Z\u00e1\u017eitkov\u00e1 princova hora Prinzenberg je r\u00e1jem pro d\u011bti i rodi\u010de \u00a9 Hochk\u00f6nig Tourismus, Lochner Photography<\/p><\/div>\n<h3>LETN\u00cd Z\u00c1BAVA KOLEM HOCHK\u00d6NIGU<\/h3>\n<p>340 km dob\u0159e<span>\u00a0<\/span><span class=\"textannotation disambiguated wl-thing\" id=\"urn:local-text-annotation-04d2qsbe1cfew3nuk47e7g812mfbshe8\" itemid=\"http:\/\/open.salzburgerland.com\/cs\/entity\/turistickych_tras\">zna\u010den\u00fdch<\/span><span>\u00a0<\/span>tras garantuje kr\u00e1lovsk\u00e9 po\u017eitky z\u00a0<span class=\"textannotation disambiguated wl-thing\" id=\"urn:local-text-annotation-cun30gksa4ty8cudjefwknvebpq4s7gp\" itemid=\"http:\/\/open.salzburgerland.com\/cs\/entity\/turistika\">turistiky<\/span><span>\u00a0<\/span>s\u00a0v\u00fdhledem na majest\u00e1tn\u00ed masiv<span>\u00a0<\/span><span class=\"textannotation disambiguated wl-place\" id=\"urn:enhancement-dd84606c\" itemid=\"http:\/\/open.salzburgerland.com\/cs\/entity\/hochkonig\">Hochk\u00f6nig<\/span>.\u00a0Region pojmenovan\u00fd podle t\u00e9to hory z\u00edskal za sv\u00e9 kvality dokonce<span>\u00a0<\/span><strong>rakousk\u00fd turistick\u00fd certifik\u00e1t<\/strong>. Nejzaj\u00edmav\u011bj\u0161\u00ed a nejkr\u00e1sn\u011bj\u0161\u00ed t\u00fary nab\u00edz\u00ed <strong>Kr\u00e1lovsk\u00fd<span>\u00a0<\/span><span class=\"textannotation disambiguated wl-thing\" id=\"urn:local-text-annotation-wn10cfhis57h65g7tbt3r9p4dkgwehda\" itemid=\"http:\/\/open.salzburgerland.com\/cs\/entity\/okruh_2\">okruh<\/span><span>\u00a0<\/span><\/strong><span class=\"textannotation disambiguated wl-thing\" id=\"urn:local-text-annotation-t27fe0w69plw214mdi6qkgsapxye8pn6\" itemid=\"http:\/\/open.salzburgerland.com\/cs\/entity\/konigsweg\"><strong>K\u00f6nigsweg<\/strong><\/span><span>\u00a0<\/span>s\u00a0celkovou d\u00e9lkou 74 kilometr\u016f. Pro z\u00e1jemce je p\u0159ichystan\u00fd i jeden z<span>\u00a0<\/span><a href=\"https:\/\/www.hochkoenig.at\/en\/hotel-accomodation\/special-offers.html#\/specialoffers\/SBG\/21ffa779-6eca-4c17-a6db-fdc4ff985dad\" target=\"_blank\" rel=\"noopener noreferrer\">pau\u0161\u00e1l\u016f<\/a><span>\u00a0<\/span>v\u011bnovan\u00fd t\u00e9to trase a turistice bez zavazadel.\u00a0Ti, kte\u0159\u00ed necht\u011bj\u00ed balit batohy nebo kufry, mohou bydlet st\u00e1le na jednom m\u00edst\u011b, vyr\u00e1\u017eet na v\u00fdpravy za<span>\u00a0<\/span><span class=\"textannotation disambiguated wl-other\" id=\"urn:enhancement-6716610d\" itemid=\"http:\/\/open.salzburgerland.com\/cs\/entity\/bylinek\">bylinkami<\/span><span>\u00a0<\/span>ze sv\u00e9ho basecampu a v\u017edy se zas ve\u010der vr\u00e1tit zp\u00e1tky.<\/p>\n<div id=\"attachment_161801\" style=\"width: 1180px\" class=\"wp-caption alignnone\"><img decoding=\"async\" aria-describedby=\"caption-attachment-161801\" class=\"size-1170_658 wp-image-161801\" src=\"https:\/\/www.salzburgerland.com\/cs\/wp-content\/uploads\/2016\/11\/landschaft_hochkoenig_chochkoenigtourismusgmbh-1170x658.jpg\" alt=\"Idylick\u00e1 krajina Hochk\u00f6nigu s rozkvetlou loukou a horami\" width=\"1170\" height=\"658\" srcset=\"https:\/\/www.salzburgerland.com\/cs\/wp-content\/uploads\/2016\/11\/landschaft_hochkoenig_chochkoenigtourismusgmbh-1170x658.jpg 1170w, https:\/\/www.salzburgerland.com\/cs\/wp-content\/uploads\/2016\/11\/landschaft_hochkoenig_chochkoenigtourismusgmbh-1200x675.jpg 1200w\" sizes=\"(max-width: 1170px) 100vw, 1170px\"><p id=\"caption-attachment-161801\" class=\"wp-caption-text\">Idylick\u00e1 krajina Hochk\u00f6nigu \u00a9 Hochk\u00f6nig Tourismus GmbH, Carletto Ferrari<\/p><\/div>\n<p>Obl\u00edben\u00e9 jsou i v\u00fdlety za <strong>pozn\u00e1v\u00e1n\u00edm\u00a0<span class=\"textannotation disambiguated wl-other\" id=\"urn:enhancement-937428a0\" itemid=\"http:\/\/open.salzburgerland.com\/cs\/entity\/bylinek\">bylinek<\/span><\/strong><span>\u00a0<\/span>na<span>\u00a0<\/span><span class=\"textannotation disambiguated wl-thing\" id=\"urn:local-text-annotation-g3gl7ycf1sk2gfkm9f8hrertsphvhrcb\" itemid=\"http:\/\/open.salzburgerland.com\/cs\/entity\/pastvinach\">pastvin\u00e1ch<\/span>. Arnika, t\u0159ezalka nebo \u0159eb\u0159\u00ed\u010dek? L\u00e9\u010div\u00e9 rostliny najdete v\u00a0<span><span class=\"textannotation disambiguated wl-place\" id=\"urn:enhancement-bd3dfc79\" itemid=\"http:\/\/open.salzburgerland.com\/cs\/entity\/hochkonig\">Hochk\u00f6nigu<\/span>\u00a0b\u011b\u017en\u011b pod\u00e9l cest. Sb\u011br a zpracov\u00e1v\u00e1n\u00ed\u00a0<span class=\"textannotation disambiguated wl-thing\" id=\"urn:local-text-annotation-fe4ki6x3ffjbfl219ucaqaqk4isyyl2l\" itemid=\"http:\/\/open.salzburgerland.com\/cs\/entity\/bylina\">bylin<\/span>\u00a0tady maj\u00ed dlouhou tradici. Dodnes je jejich s\u00edla vysoce cen\u011bna a zku\u0161enosti v\u00a0oblasti bylin\u00e1\u0159stv\u00ed se p\u0159en\u00e1\u0161\u00ed z\u00a0generace na generaci.<\/span><\/p>\n<h3>N\u00e1v\u0161t\u011bva hornick\u00e9ho muzea<\/h3>\n<div id=\"attachment_145028\" class=\"wp-caption alignnone\">\n<div id=\"attachment_145028\" style=\"width: 1180px\" class=\"wp-caption alignnone\"><img decoding=\"async\" aria-describedby=\"caption-attachment-145028\" class=\"wp-image-145028 size-1170_658\" src=\"https:\/\/cdn.salzburgerland.com\/cs\/wp-content\/uploads\/2019\/05\/muhlbach-sommer-ort-1170x658.jpg\" sizes=\"(max-width: 1170px) 100vw, 1170px\" srcset=\"https:\/\/cdn.salzburgerland.com\/cs\/wp-content\/uploads\/2019\/05\/muhlbach-sommer-ort-1170x658.jpg 1170w, https:\/\/cdn.salzburgerland.com\/cs\/wp-content\/uploads\/2019\/05\/muhlbach-sommer-ort-1200x675.jpg 1200w\" alt=\"Pohled na obec M\u00fchlbach v Hochk\u00f6nigu\" width=\"1170\" height=\"658\" data-pagespeed-url-hash=\"2529147281\"><p id=\"caption-attachment-145028\" class=\"wp-caption-text\">Obec M\u00fchlbach v Hochk\u00f6nigu \u00a9 SalzburgerLand Tourismus<\/p><\/div>\n<\/div>\n<p>V obci\u00a0<span><strong>M\u00fchlbach\u00a0<\/strong>se t\u011b\u017eila m\u011b\u010f ji\u017e p\u0159ed 4000 lety. V dob\u011b rozkv\u011btu hornictv\u00ed zde \u017eilo a\u017e 3000 lid\u00ed, z nich\u017e v\u011bt\u0161inu tvo\u0159ili\u00a0<span class=\"textannotation disambiguated wl-thing\" id=\"urn:local-text-annotation-v9obmmmm2dbvvgtplc3wfkr8jbsm8yj5\" itemid=\"http:\/\/open.salzburgerland.com\/cs\/entity\/hornici\">horn\u00edci<\/span>. Po jejich stop\u00e1ch se m\u016f\u017eete vydat i v sou\u010dasnosti. Po anexi Rakouska N\u011bmeckem byla t\u011b\u017eba m\u011bdi znovu obnovena, ale po poklesu cen roku 1977 bylo dob\u00fdv\u00e1n\u00ed m\u011bdi v t\u00e9to rakousk\u00e9 oblasti zastaveno.\u00a0<\/span><span>Dnes si m\u016f\u017eete prohl\u00e9dnout\u00a0<\/span><span>v\u00a0<\/span><a href=\"https:\/\/www.museum-hochkoenig.com\/\" target=\"_blank\" rel=\"noopener noreferrer\"><strong><span>Hornick\u00e9m muzeu<\/span><\/strong><span>\u00a0<\/span><\/a><span>(Bergbaumuseum M\u00fchlbach) mnoho dobov\u00fdch pam\u00e1tek. Proslul\u00e9 muzeum je sou\u010d\u00e1st\u00ed\u00a0<span class=\"textannotation disambiguated wl-thing\" id=\"urn:local-text-annotation-wz1t8teoqockwzxzkp8vx87m0ol9lx3d\" itemid=\"http:\/\/open.salzburgerland.com\/cs\/entity\/unesco\">UNESCO<\/span>\u00a0GEO Park\u016f.<\/span><\/p>\n<h3>Karta Salcburska se vyplat\u00ed<\/h3>\n<p>N\u011bkolik tis\u00edc let star\u00e1 tradice hornictv\u00ed se p\u0159edstavuje v m\u00edstn\u00edm<span>\u00a0<\/span><span class=\"textannotation disambiguated wl-thing\" id=\"urn:local-text-annotation-k5pz15o4tikzw8dolzc6dcbwo8sxam2i\" itemid=\"http:\/\/open.salzburgerland.com\/cs\/entity\/muzea\">muzeu<\/span>, kde jsou mezi pr\u016fvodci b\u00fdval\u00ed a zku\u0161en\u00ed<span>\u00a0<\/span><span class=\"textannotation disambiguated wl-other\" id=\"urn:enhancement-1b8afcf2\" itemid=\"http:\/\/open.salzburgerland.com\/cs\/entity\/hornici\">horn\u00edci<\/span>. Profesion\u00e1ln\u00edm a poutav\u00fdm zp\u016fsobem vypr\u00e1v\u011bj\u00ed o t\u011b\u017eb\u011b rudy. T\u011b\u017eebn\u00ed \u0161toly jsou p\u0159\u00edstupn\u00e9 pro ve\u0159ejnost, kter\u00e1 zde m\u016f\u017ee zjistit, jak to zde vypadalo v obdob\u00ed starov\u011bku a\u017e po sou\u010dasnost. S kartou\u00a0<a href=\"https:\/\/www.hochkoenig.at\/en\/holiday-salzburg\/card.html\" target=\"_blank\" rel=\"noopener noreferrer\"><strong><span>kartou Hochk\u00f6nigu<\/span><\/strong><\/a><span>\u00a0nebo\u00a0<a href=\"https:\/\/www.hochkoenig.at\/en\/holiday-salzburg\/card.html\" target=\"_blank\" rel=\"noopener noreferrer\"><strong>kartou\u00a0<\/strong><\/a><\/span><a href=\"https:\/\/www.salzburgerland.com\/cs\/salzburgerland-card\/\" target=\"_blank\" rel=\"noopener noreferrer\"><strong><span>Salcburska\u00a0<\/span><\/strong><\/a>je vstup zdarma.<\/p>\n<div id=\"attachment_145029\" class=\"wp-caption alignnone\">\n<div id=\"attachment_145029\" style=\"width: 650px\" class=\"wp-caption alignnone\"><img decoding=\"async\" aria-describedby=\"caption-attachment-145029\" class=\"wp-image-145029\" src=\"https:\/\/cdn.salzburgerland.com\/cs\/wp-content\/uploads\/2019\/05\/muehlbach-am-hochkoenig_bergbaumuseum-schaustollen-feldbahn.jpg\" alt=\"\" width=\"640\" height=\"480\" data-pagespeed-url-hash=\"3651498836\"><p id=\"caption-attachment-145029\" class=\"wp-caption-text\">Prohl\u00eddkov\u00e9 \u0161toly ukazuj\u00ed t\u011b\u017ebu m\u011bdi \u00a9 SalzburgerLand Tourismus<span style=\"font-size: 16px;\"><\/span><\/p><\/div>\n<\/div>\n<h3><span>V\u00fdlety za bylinkami<\/span><\/h3>\n<p><span>Na\u00a0<strong>t\u00far\u00e1ch za\u00a0<span class=\"textannotation disambiguated wl-other\" id=\"urn:enhancement-3f2b6bbc\" itemid=\"http:\/\/open.salzburgerland.com\/cs\/entity\/bylinek\">bylinkami<\/span><\/strong><\/span><span>\u00a0<\/span>se dozv\u00edte o l\u00e9\u010div\u00fdch rostlin\u00e1ch mnoho zaj\u00edmav\u00fdch informac\u00ed \u2013 jak je rozpoznat, zpracovat a spot\u0159ebovat. P\u0159ipraveny jsou i speci\u00e1ln\u00ed pozn\u00e1vac\u00ed<span>\u00a0<\/span><strong>v\u00fdlety vhodn\u00e9 pro d\u011bti<\/strong>. Aby p\u0159i\u0161li na chu\u0165<span>\u00a0<\/span><span class=\"textannotation disambiguated wl-other\" id=\"urn:enhancement-20bea64f\" itemid=\"http:\/\/open.salzburgerland.com\/cs\/entity\/bylinek\">bylinkov\u00e9 turistice <\/span>tak\u00e9 na\u0161i mal\u00ed host\u00e9, jsou pro n\u011b na jednotliv\u00fdch<span>\u00a0<\/span><span class=\"textannotation disambiguated wl-other\" id=\"urn:enhancement-6d9d2340\" itemid=\"http:\/\/open.salzburgerland.com\/cs\/entity\/bylinek\">bylinkov\u00fdch<\/span><span>\u00a0<\/span>sala\u0161\u00edch p\u0159ipraveny barevn\u00e9 kuli\u010dky ze d\u0159eva s r\u016fzn\u00fdmi motivy<span>\u00a0<\/span><span class=\"textannotation disambiguated wl-other\" id=\"urn:enhancement-13179d3f\" itemid=\"http:\/\/open.salzburgerland.com\/cs\/entity\/zvirat\">zv\u00ed\u0159at<\/span>.<\/p>\n<div id=\"attachment_161821\" style=\"width: 1180px\" class=\"wp-caption alignnone\"><img decoding=\"async\" aria-describedby=\"caption-attachment-161821\" class=\"size-1170_658 wp-image-161821\" src=\"https:\/\/www.salzburgerland.com\/cs\/wp-content\/uploads\/2016\/11\/krauterwandern_kinder_sfilzkugeln_chochkoenigtourismusgmbh-2-1170x658.jpg\" alt=\"Filcov\u00e9 kuli\u010dky jako odm\u011bna za sb\u00edr\u00e1n\u00ed raz\u00edtek p\u0159i bylinkov\u00e9 turistice v Hochk\u00f6nigu\" width=\"1170\" height=\"658\" srcset=\"https:\/\/www.salzburgerland.com\/cs\/wp-content\/uploads\/2016\/11\/krauterwandern_kinder_sfilzkugeln_chochkoenigtourismusgmbh-2-1170x658.jpg 1170w, https:\/\/www.salzburgerland.com\/cs\/wp-content\/uploads\/2016\/11\/krauterwandern_kinder_sfilzkugeln_chochkoenigtourismusgmbh-2-1200x675.jpg 1200w\" sizes=\"(max-width: 1170px) 100vw, 1170px\"><p id=\"caption-attachment-161821\" class=\"wp-caption-text\">Bylinkov\u00e1 turistika s milou odm\u011bnou \u00a9 Hochk\u00f6nig Tourismus GmbH<\/p><\/div>\n<p>Kdy\u017e d\u011bti na cest\u00e1ch nasb\u00edraj\u00ed alespo\u0148 sedm kuli\u010dek, z\u00edskaj\u00ed i velkou kuli\u010dku, se kterou ji\u017e hran\u00ed nestoj\u00ed nic v cest\u011b. Rozmanitost m\u00edstn\u00edch<span>\u00a0<\/span><span class=\"textannotation disambiguated wl-other\" id=\"urn:enhancement-e2144ef2\" itemid=\"http:\/\/open.salzburgerland.com\/cs\/entity\/bylinek\">bylinek<\/span><span>\u00a0<\/span>je mo\u017en\u00e9 vizu\u00e1ln\u011b i chu\u0165ov\u011b vyzkou\u0161et<span>\u00a0<\/span><strong>na 13<span>\u00a0<\/span><span class=\"textannotation disambiguated wl-other\" id=\"urn:enhancement-b7fdad1f\" itemid=\"http:\/\/open.salzburgerland.com\/cs\/entity\/bylinek\">bylinkov\u00fdch<\/span><span class=\"textannotation disambiguated wl-thing\" id=\"urn:local-text-annotation-9epi3wn4se4zdbhq4ieulorvclj3eaq8\" itemid=\"http:\/\/open.salzburgerland.com\/cs\/entity\/pastvinach\">sala\u0161\u00edch<\/span><\/strong>okolo<span>\u00a0<\/span><span class=\"textannotation disambiguated wl-place\" id=\"urn:enhancement-8d7ae6b3\" itemid=\"http:\/\/open.salzburgerland.com\/cs\/entity\/hochkonig\">Hochk\u00f6nigu<\/span>. B\u00fdv\u00e1 zde p\u0159ipraveno tak\u00e9<span>\u00a0<\/span><strong>ob\u010derstven\u00ed<\/strong><span>\u00a0<\/span>v\u00a0podob\u011b<span>\u00a0<\/span><span class=\"textannotation disambiguated wl-other\" id=\"urn:enhancement-3ac02f94\" itemid=\"http:\/\/open.salzburgerland.com\/cs\/entity\/bylinek\">bylinkov\u00fdch<\/span><span>\u00a0<\/span>pokrm\u016f, \u010daj\u016f, lik\u00e9r\u016f a podobn\u011b.<\/p>\n<div id=\"attachment_146486\" class=\"wp-caption alignnone\"><\/div>\n<div id=\"144962-2\" class=\"gallery gallery-144962 gallery-columns-3 gallery-size-1170_658\">\n<div class=\"gallery-row gallery-col-3 gallery-clear\">\n<figure class=\"gallery-item col-3\">\n<div class=\"gallery-icon landscape\">\n<div style=\"width: 1180px\" class=\"wp-caption alignnone\"><a title=\"Kraeuterwandern_Hochkoenig_Felsch_2016 (29)\" href=\"https:\/\/cdn.salzburgerland.com\/cs\/wp-content\/uploads\/2016\/11\/kraeuterwandern_hochkoenig_felsch_2016-29-1920x1067.jpg\"><img decoding=\"async\" class=\"attachment-1170_658 lazyloaded\" title=\"Bylinky chutnaj\u00ed v\u0161em \u00a9 SalzburgerLand Tourismus Johannes Felsch \" src=\"https:\/\/cdn.salzburgerland.com\/cs\/wp-content\/uploads\/2016\/11\/kraeuterwandern_hochkoenig_felsch_2016-29-1170x658.jpg\" sizes=\"(max-width: 1170px) 100vw, 1170px\" srcset=\"https:\/\/cdn.salzburgerland.com\/cs\/wp-content\/uploads\/2016\/11\/kraeuterwandern_hochkoenig_felsch_2016-29-1170x658.jpg 1170w, https:\/\/cdn.salzburgerland.com\/cs\/wp-content\/uploads\/2016\/11\/kraeuterwandern_hochkoenig_felsch_2016-29-1200x675.jpg 1200w\" alt=\"Mal\u00fd chlapec v alpsk\u00e9m kroji se chyst\u00e1 zakousnout se do kraj\u00edce oblo\u017een\u00e9ho chleba s m\u00e1slem a bylinkami\" width=\"1170\" height=\"658\" data-title=\"Bylinky chutnaj\u00ed v\u0161em \u00a9 SalzburgerLand Tourismus Johannes Felsch \" data-caption=\"Bylinky chutnaj\u00ed v\u0161em \u00a9 SalzburgerLand Tourismus Johannes Felsch \" aria-describedby=\"figcaption-144962-144616\" data-src=\"https:\/\/cdn.salzburgerland.com\/cs\/wp-content\/uploads\/2016\/11\/kraeuterwandern_hochkoenig_felsch_2016-29-1170x658.jpg\" data-pagespeed-url-hash=\"31059146\"><\/a><p class=\"wp-caption-text\">Dom\u00e1c\u00ed chl\u00e9b s bylinkami \u00a9 Hochk\u00f6nig Tourismus, Lochner Photography<\/p><\/div>\n<\/div>\n<\/figure>\n<figure class=\"gallery-item col-3\">\n<div class=\"gallery-icon landscape\">\n<div style=\"width: 1180px\" class=\"wp-caption alignnone\"><a title=\"Kraeuterwandern_Hochkoenig_Felsch_2016 (20)\" href=\"https:\/\/cdn.salzburgerland.com\/cs\/wp-content\/uploads\/2016\/11\/kraeuterwandern_hochkoenig_felsch_2016-20-1920x1067.jpg\"><img decoding=\"async\" class=\"attachment-1170_658 lazyloaded\" title=\"Bylinky jsou l\u00e1kav\u00e9 i pro d\u011bti \u00a9 SalzburgerLand Tourismus, Johannes Felsch\" src=\"https:\/\/cdn.salzburgerland.com\/cs\/wp-content\/uploads\/2016\/11\/kraeuterwandern_hochkoenig_felsch_2016-20-1170x658.jpg\" sizes=\"(max-width: 1170px) 100vw, 1170px\" srcset=\"https:\/\/cdn.salzburgerland.com\/cs\/wp-content\/uploads\/2016\/11\/kraeuterwandern_hochkoenig_felsch_2016-20-1170x658.jpg 1170w, https:\/\/cdn.salzburgerland.com\/cs\/wp-content\/uploads\/2016\/11\/kraeuterwandern_hochkoenig_felsch_2016-20-1200x675.jpg 1200w\" alt=\"V\u00fdlety za pozn\u00e1v\u00e1n\u00edm rostlin maj\u00ed r\u00e1dy i d\u011bti, kter\u00e9 mohou leccos pozn\u00e1vat i sv\u00fdmi smysly\" width=\"1170\" height=\"658\" data-title=\"Bylinky jsou l\u00e1kav\u00e9 i pro d\u011bti \u00a9 SalzburgerLand Tourismus, Johannes Felsch\" data-caption=\"Bylinky jsou l\u00e1kav\u00e9 i pro d\u011bti \u00a9 SalzburgerLand Tourismus, Johannes Felsch\" aria-describedby=\"figcaption-144962-144615\" data-src=\"https:\/\/cdn.salzburgerland.com\/cs\/wp-content\/uploads\/2016\/11\/kraeuterwandern_hochkoenig_felsch_2016-20-1170x658.jpg\" data-pagespeed-url-hash=\"31059146\"><\/a><p class=\"wp-caption-text\">Bylinkov\u00e1 turistika bav\u00ed i d\u011bti \u00a9 Hochk\u00f6nig Tourismus, Lochner Photography<\/p><\/div>\n<\/div>\n<\/figure>\n<figure class=\"gallery-item col-3\">\n<div class=\"gallery-icon landscape\">\n<div style=\"width: 1180px\" class=\"wp-caption alignnone\"><a title=\"Kraeuterwandern_Region Hochkoenig (C)Hochkoenig Tourismus\" href=\"https:\/\/cdn.salzburgerland.com\/cs\/wp-content\/uploads\/2016\/11\/kraeuterwandern_region-hochkoenig-chochkoenig-tourismus-1840x1067.jpg\"><img decoding=\"async\" class=\"attachment-1170_658 lazyloaded\" title=\"Zahrada pln\u00e1 kv\u011btin \u00a9 SalzburgerLand Tourismus, Christian Schartner \" src=\"https:\/\/cdn.salzburgerland.com\/cs\/wp-content\/uploads\/2016\/11\/kraeuterwandern_region-hochkoenig-chochkoenig-tourismus-1170x658.jpg\" sizes=\"(max-width: 1170px) 100vw, 1170px\" srcset=\"https:\/\/cdn.salzburgerland.com\/cs\/wp-content\/uploads\/2016\/11\/kraeuterwandern_region-hochkoenig-chochkoenig-tourismus-1170x658.jpg 1170w, https:\/\/cdn.salzburgerland.com\/cs\/wp-content\/uploads\/2016\/11\/kraeuterwandern_region-hochkoenig-chochkoenig-tourismus-1200x675.jpg 1200w\" alt=\"L\u00e9\u010div\u00fdm i chutn\u00fdm rostlin\u00e1m se v alpsk\u00e9 p\u016fd\u011b v hor\u00e1ch na slun\u00ed\u010dku da\u0159\u00ed \" width=\"1170\" height=\"658\" data-title=\"Zahrada pln\u00e1 kv\u011btin \u00a9 SalzburgerLand Tourismus, Christian Schartner \" data-caption=\"Zahrada pln\u00e1 kv\u011btin \u00a9 SalzburgerLand Tourismus, Christian Schartner \" aria-describedby=\"figcaption-144962-144614\" data-src=\"https:\/\/cdn.salzburgerland.com\/cs\/wp-content\/uploads\/2016\/11\/kraeuterwandern_region-hochkoenig-chochkoenig-tourismus-1170x658.jpg\" data-pagespeed-url-hash=\"31059146\"><\/a><p class=\"wp-caption-text\">Bylinkov\u00e1 zahr\u00e1dka u sala\u0161e \u00a9 Hochk\u00f6nig Tourismus, Lochner Photography<\/p><\/div>\n<\/div>\n<\/figure>\n<\/div>\n<\/div>\n<div><span>S\u00edlu\u00a0<span class=\"textannotation disambiguated wl-other\" id=\"urn:enhancement-f7c878b2\" itemid=\"http:\/\/open.salzburgerland.com\/cs\/entity\/bylinek\">bylinek<\/span> je mo\u017en\u00e9 otestovat nap\u0159\u00edklad u p\u0159\u00edle\u017eitosti letn\u00edho<\/span><b>\u00a0<span class=\"textannotation disambiguated wl-other\" id=\"urn:enhancement-c3c8f121\" itemid=\"http:\/\/open.salzburgerland.com\/cs\/entity\/bylinek\">Bylinkov\u00e9ho<\/span><span>\u00a0festivalu<\/span><\/b><span>. \u00a0Na jednom z\u00a0<\/span>v\u00fdlet\u016f za bylinkami<span>\u00a0se \u00fa\u010dastn\u00edci sezn\u00e1m\u00ed tak\u00e9 s\u00a0tajupln\u00fdmi pov\u011bstmi z\u00a0regionu. Mimo\u0159\u00e1dnou gastronomickou nab\u00eddku zde najdou p\u0159\u00edznivci\u00a0<\/span><strong>rostlinn\u00e9 stravy, <a href=\"https:\/\/www.hochkoenig.at\/en\/summer\/eat-drink\/vegetarian-vegan-food-on-holiday.html\" target=\"_blank\" rel=\"noopener\">vegetari\u00e1ni a<span>\u00a0<\/span><\/a><\/strong><strong>vegani<\/strong><span>. \u0160est sala\u0161\u00ed na\u00a0<\/span><span class=\"textannotation disambiguated wl-thing\" id=\"urn:local-text-annotation-dh7gz4k24l52fvj27hts84dms274iq2c\" itemid=\"http:\/\/open.salzburgerland.com\/cs\/entity\/pastvinach\">pastvin\u00e1ch<\/span><span>\u00a0v\u00a0regionu se m\u016f\u017ee pochlubit takzvan\u00fdm \u201eV\u201c certifik\u00e1tem.<\/span><\/div>\n<div>\n<h3><span><strong>Kr\u00e1lovsk\u00e9 kulin\u00e1\u0159sk\u00e9 v\u00fdlety<\/strong><\/span><\/h3>\n<p><span>Zava\u017ete si pohorky, zabalte turistick\u00fd batoh a vydejte se na kulin\u00e1\u0159skou t\u00faru! \u010cas a m\u00edsto startu nejsou podstatn\u00e9. M\u016f\u017eete zvolit pohodov\u00e9 tempo, kdy\u017e jdete s d\u011btmi, nebo sportovn\u00ed v\u00fdzvu, pokud vyr\u00e1\u017e\u00edte s partou p\u0159\u00e1tel v dobr\u00e9 kondici. Mezi trasami r\u016fzn\u00e9 obt\u00ed\u017enosti si ka\u017ed\u00fd najde tu svou, zat\u00edmco malebn\u00e9 stezky a idylick\u00e9 cesty v\u00e1s dovedou k nejkr\u00e1sn\u011bj\u0161\u00edm m\u00edst\u016fm kolem vrcholu Hochk\u00f6nig.<\/span><\/p>\n\n\t\t\t<div id=\"151664-1\" class=\"gallery gallery-151664 gallery-columns-3 gallery-size-1170_658\" itemscope itemtype=\"http:\/\/schema.org\/ImageGallery\">\n\t\t\t\t<ul class=\"gallery-row gallery-col-3 gallery-clear\">\n\t\t\t\t\t<li class=\"gallery-item col-3\" itemprop=\"associatedMedia\" itemscope itemtype=\"http:\/\/schema.org\/ImageObject\">\n\t\t\t\t\t\t<div class=\"gallery-icon landscape\"><a href=\"https:\/\/www.salzburgerland.com\/cs\/wp-content\/uploads\/2016\/11\/2024-07-11-hochkonig-wander-kampagne-in-muhlbach-highres-52-1601x1067.jpg\" title=\"2024-07-11 Hochko\u0308nig Wander-Kampagne in Mu\u0308hlbach HighRes-52\"><img decoding=\"async\" data-title=\"Na kulin\u00e1\u0159sk\u00fdch t\u00far\u00e1ch m\u016f\u017eete ochutnat delikatesy v r\u016fzn\u00fdch horsk\u00fdch chat\u00e1ch \u00a9 Hochk\u00f6nig Tourismus GmbH, Miriam Lottes, \" title=\"Na kulin\u00e1\u0159sk\u00fdch t\u00far\u00e1ch m\u016f\u017eete ochutnat delikatesy v r\u016fzn\u00fdch horsk\u00fdch chat\u00e1ch \u00a9 Hochk\u00f6nig Tourismus GmbH, Miriam Lottes, \" data-caption=\"Na kulin\u00e1\u0159sk\u00fdch t\u00far\u00e1ch m\u016f\u017eete ochutnat delikatesy v r\u016fzn\u00fdch horsk\u00fdch chat\u00e1ch \u00a9 Hochk\u00f6nig Tourismus GmbH, Miriam Lottes, \" width=\"1170\" height=\"658\" src=\"https:\/\/www.salzburgerland.com\/cs\/wp-content\/uploads\/2016\/11\/2024-07-11-hochkonig-wander-kampagne-in-muhlbach-highres-52-1170x658.jpg\" class=\"attachment-1170_658 size-1170_658\" alt=\"Na kulin\u00e1\u0159sk\u00fdch t\u00far\u00e1ch m\u016f\u017eete ochutnat delikatesy v r\u016fzn\u00fdch horsk\u00fdch chat\u00e1ch (Zv\u011bt\u0161en\u00fd pohled)\" srcset=\"https:\/\/www.salzburgerland.com\/cs\/wp-content\/uploads\/2016\/11\/2024-07-11-hochkonig-wander-kampagne-in-muhlbach-highres-52-1170x658.jpg 1170w, https:\/\/www.salzburgerland.com\/cs\/wp-content\/uploads\/2016\/11\/2024-07-11-hochkonig-wander-kampagne-in-muhlbach-highres-52-1200x675.jpg 1200w\" sizes=\"(max-width: 1170px) 100vw, 1170px\" aria-describedby=\"figcaption-151664-161804\" itemprop=\"thumbnail\"><\/a><\/div>\n\t\t\t\t\t\t<span id=\"figcaption-151664-161804\" class=\"gallery-caption\" itemprop=\"caption\"><span aria-hidden=\"true\">Na kulin\u00e1\u0159sk\u00fdch t\u00far\u00e1ch m\u016f\u017eete ochutnat delikatesy v r\u016fzn\u00fdch horsk\u00fdch chat\u00e1ch \u00a9 Hochk\u00f6nig Tourismus GmbH, Miriam Lottes, <\/span><\/span>\n\t\t\t\t\t<\/li>\n\t\t\t\t\t<li class=\"gallery-item col-3\" itemprop=\"associatedMedia\" itemscope itemtype=\"http:\/\/schema.org\/ImageObject\">\n\t\t\t\t\t\t<div class=\"gallery-icon landscape\"><a href=\"https:\/\/www.salzburgerland.com\/cs\/wp-content\/uploads\/2016\/11\/2024-07-11-hochkonig-wander-kampagne-in-muhlbach-highres-82-1601x1067.jpg\" title=\"2024-07-11 Hochko\u0308nig Wander-Kampagne in Mu\u0308hlbach HighRes-82\"><img decoding=\"async\" data-title=\"Gurm\u00e1nsk\u00e9 z\u00e1\u017eitky v hor\u00e1ch \u00a9 Hochk\u00f6nig Tourismus GmbH, Miriam Lottes, \" title=\"Gurm\u00e1nsk\u00e9 z\u00e1\u017eitky v hor\u00e1ch \u00a9 Hochk\u00f6nig Tourismus GmbH, Miriam Lottes, \" data-caption=\"Gurm\u00e1nsk\u00e9 z\u00e1\u017eitky v hor\u00e1ch \u00a9 Hochk\u00f6nig Tourismus GmbH, Miriam Lottes, \" width=\"1170\" height=\"658\" src=\"https:\/\/www.salzburgerland.com\/cs\/wp-content\/uploads\/2016\/11\/2024-07-11-hochkonig-wander-kampagne-in-muhlbach-highres-82-1170x658.jpg\" class=\"attachment-1170_658 size-1170_658\" alt=\"Dv\u011b osoby ob\u011bdvaj\u00ed venku u d\u0159ev\u011bn\u00e9ho stolu s v\u00fdhledem na hory v malebn\u00e9 oblasti Hochk\u00f6nig. (Zv\u011bt\u0161en\u00fd pohled)\" srcset=\"https:\/\/www.salzburgerland.com\/cs\/wp-content\/uploads\/2016\/11\/2024-07-11-hochkonig-wander-kampagne-in-muhlbach-highres-82-1170x658.jpg 1170w, https:\/\/www.salzburgerland.com\/cs\/wp-content\/uploads\/2016\/11\/2024-07-11-hochkonig-wander-kampagne-in-muhlbach-highres-82-1200x675.jpg 1200w\" sizes=\"(max-width: 1170px) 100vw, 1170px\" aria-describedby=\"figcaption-151664-161806\" itemprop=\"thumbnail\"><\/a><\/div>\n\t\t\t\t\t\t<span id=\"figcaption-151664-161806\" class=\"gallery-caption\" itemprop=\"caption\"><span aria-hidden=\"true\">Gurm\u00e1nsk\u00e9 z\u00e1\u017eitky v hor\u00e1ch \u00a9 Hochk\u00f6nig Tourismus GmbH, Miriam Lottes, <\/span><\/span>\n\t\t\t\t\t<\/li>\n\t\t\t\t\t<li class=\"gallery-item col-3\" itemprop=\"associatedMedia\" itemscope itemtype=\"http:\/\/schema.org\/ImageObject\">\n\t\t\t\t\t\t<div class=\"gallery-icon landscape\"><a href=\"https:\/\/www.salzburgerland.com\/cs\/wp-content\/uploads\/2016\/11\/2024-07-11-hochkonig-wander-kampagne-in-muhlbach-highres-87-1601x1067.jpg\" title=\"2024-07-11 Hochko\u0308nig Wander-Kampagne in Mu\u0308hlbach HighRes-87\"><img decoding=\"async\" data-title=\"Vybran\u00e9 speciality, tradi\u010dn\u00ed j\u00eddla a na z\u00e1v\u011br ochutn\u00e1vka dom\u00e1c\u00ed p\u00e1lenky \u00a9 Hochk\u00f6nig Tourismus GmbH, Miriam Lottes, \" title=\"Vybran\u00e9 speciality, tradi\u010dn\u00ed j\u00eddla a na z\u00e1v\u011br ochutn\u00e1vka dom\u00e1c\u00ed p\u00e1lenky \u00a9 Hochk\u00f6nig Tourismus GmbH, Miriam Lottes, \" data-caption=\"Vybran\u00e9 speciality, tradi\u010dn\u00ed j\u00eddla a na z\u00e1v\u011br ochutn\u00e1vka dom\u00e1c\u00ed p\u00e1lenky \u00a9 Hochk\u00f6nig Tourismus GmbH, Miriam Lottes, \" width=\"1170\" height=\"658\" src=\"https:\/\/www.salzburgerland.com\/cs\/wp-content\/uploads\/2016\/11\/2024-07-11-hochkonig-wander-kampagne-in-muhlbach-highres-87-1170x658.jpg\" class=\"attachment-1170_658 size-1170_658\" alt=\"Mu\u017e a \u017eena si p\u0159ip\u00edjej\u00ed n\u00e1poji u d\u0159ev\u011bn\u00e9ho rustik\u00e1ln\u00edho stolu a kochaj\u00ed se kv\u011btinami v malebn\u00e9 oblasti Hochk\u00f6nig. (Zv\u011bt\u0161en\u00fd pohled)\" srcset=\"https:\/\/www.salzburgerland.com\/cs\/wp-content\/uploads\/2016\/11\/2024-07-11-hochkonig-wander-kampagne-in-muhlbach-highres-87-1170x658.jpg 1170w, https:\/\/www.salzburgerland.com\/cs\/wp-content\/uploads\/2016\/11\/2024-07-11-hochkonig-wander-kampagne-in-muhlbach-highres-87-1200x675.jpg 1200w\" sizes=\"(max-width: 1170px) 100vw, 1170px\" aria-describedby=\"figcaption-151664-161807\" itemprop=\"thumbnail\"><\/a><\/div>\n\t\t\t\t\t\t<span id=\"figcaption-151664-161807\" class=\"gallery-caption\" itemprop=\"caption\"><span aria-hidden=\"true\">Vybran\u00e9 speciality, tradi\u010dn\u00ed j\u00eddla a na z\u00e1v\u011br ochutn\u00e1vka dom\u00e1c\u00ed p\u00e1lenky \u00a9 Hochk\u00f6nig Tourismus GmbH, Miriam Lottes, <\/span><\/span>\n\t\t\t\t\t<\/li>\n\t\t\t\t<\/ul>\n\t\t\t<\/div><!-- .gallery -->\n\n<p><span>Sport, aktivita a kulin\u00e1\u0159sk\u00e9 lah\u016fdky, to je dokonal\u00e1 kombinace z\u00e1\u017eitk\u016f na jednom m\u00edst\u011b! V regionu Hochk\u00f6nig je to realita. Kulin\u00e1\u0159sk\u00e9 v\u00fdlety <strong>K\u00f6nigstouren Bike &amp; Hike<\/strong> v\u00e1s nejen zavedou do nejkr\u00e1sn\u011bj\u0161\u00edch kout\u016f regionu, ale tak\u00e9 od jednoho gurm\u00e1nsk\u00e9ho z\u00e1\u017eitku k druh\u00e9mu. Od t\u0159\u00edchodov\u00e9ho menu ve t\u0159ech r\u016fzn\u00fdch chat\u00e1ch po vybran\u00e9 bylinn\u00e9 speciality, region\u00e1ln\u00ed pochoutky a \u0161naps na vrcholu, to v\u0161e si m\u016f\u017eete vychutnat. Trasy zvl\u00e1dnete p\u011b\u0161ky, nebo je hrav\u011b p\u0159ekon\u00e1te nap\u0159\u00edklad na elektrokole.<\/span><\/p>\n<\/div>\n<h3>D\u00e1vejte na sebe p\u0159i turistice pozor<\/h3>\n<div>Turistika je skv\u011bl\u00fd sport na zlep\u0161en\u00ed fyzick\u00e9 kondice, nezapom\u00ednejte v\u0161ak, \u017ee jste v hor\u00e1ch a dodr\u017eujte z\u00e1sady bezpe\u010dn\u00e9ho chov\u00e1n\u00ed v alpsk\u00e9m ter\u00e9nu. <a href=\"https:\/\/www.salzburgerland.com\/cs\/bezpecnost-v-horach-v-lete\/\">Pod\u00edvejte se<\/a> na n\u011bkolik rad a tip\u016f.<\/div>\n","protected":false},"excerpt":{"rendered":"<p>V l\u00e9t\u011b je turistika jednou z nejp\u0159\u00edjemn\u011bj\u0161\u00edch aktivit, kter\u00e9 m\u016f\u017eete v regionu Hochk\u00f6nig provozovat.\u00a0V rekrea\u010dn\u00edch st\u0159edisc\u00edch\u00a0Maria Alm, Dienten a M\u00fchlbach,\u00a0mezi vrcholy masivu\u00a0Hochk\u00f6nigu,\u00a0najdete na v\u00fdletech kr\u00e1sn\u00e9\u00a0stezky, idylick\u00e9\u00a0pastviny, \u00fatuln\u00e9 chaty, spoustu dobrodru\u017estv\u00ed, romantiky i po\u017eitk\u016f. Dobrodru\u017en\u00e9 v\u00fdpravy pro celou rodinu Rodiny s d\u011btmi se mohou vydat do lesn\u00edho lanov\u00e9ho centra\u00a0na z\u00e1\u017eitkov\u00e9 princov\u011b ho\u0159e Prinzenberg v\u00a0Maria Alm, na\u00a0stezku [&hellip;]<\/p>\n","protected":false},"author":6,"featured_media":163966,"comment_status":"closed","ping_status":"closed","template":"","meta":{"_acf_changed":false,"wl_entities_gutenberg":"","_relevanssi_hide_post":"","_relevanssi_hide_content":"","_relevanssi_pin_for_all":"","_relevanssi_pin_keywords":"","_relevanssi_unpin_keywords":"","_relevanssi_related_keywords":"","_relevanssi_related_include_ids":"","_relevanssi_related_exclude_ids":"","_relevanssi_related_no_append":"","_relevanssi_related_not_related":"","_relevanssi_related_posts":"","_relevanssi_noindex_reason":"","footnotes":""},"categories":[],"tags":[],"wl_entity_type":[2],"class_list":["post-151664","entity","type-entity","status-publish","has-post-thumbnail","hentry","wl_entity_type-thing","sitetype-theme"],"acf":[],"yoast_head":"<!-- This site is optimized with the Yoast SEO Premium plugin v27.4 (Yoast SEO v27.4) - https:\/\/yoast.com\/product\/yoast-seo-premium-wordpress\/ -->\n<title>Turistika v regionu Hochk\u00f6nig \u00bb SalzburgerLand.com<\/title>\n<meta name=\"robots\" content=\"index, follow, max-snippet:-1, max-image-preview:large, max-video-preview:-1\" \/>\n<link rel=\"canonical\" href=\"https:\/\/www.salzburgerland.com\/cs\/region-hochkoenig-turistika\/\" \/>\n<meta property=\"og:locale\" content=\"cs_CZ\" \/>\n<meta property=\"og:type\" content=\"article\" \/>\n<meta property=\"og:title\" content=\"Turistika v regionu Hochk\u00f6nig\" \/>\n<meta property=\"og:description\" content=\"V l\u00e9t\u011b je turistika jednou z nejp\u0159\u00edjemn\u011bj\u0161\u00edch aktivit, kter\u00e9 m\u016f\u017eete v regionu Hochk\u00f6nig provozovat.\u00a0V rekrea\u010dn\u00edch st\u0159edisc\u00edch\u00a0Maria Alm, Dienten a\" \/>\n<meta property=\"og:url\" content=\"https:\/\/www.salzburgerland.com\/cs\/region-hochkoenig-turistika\/\" \/>\n<meta property=\"og:site_name\" content=\"SalzburgerLand.com\" \/>\n<meta property=\"article:publisher\" content=\"https:\/\/www.facebook.com\/visitsalzburgerland\/\" \/>\n<meta property=\"article:modified_time\" content=\"2026-03-04T06:56:57+00:00\" \/>\n<meta property=\"og:image\" content=\"https:\/\/www.salzburgerland.com\/cs\/wp-content\/uploads\/2022\/05\/sommer_wandern_druck_2025-166_pat-1200x675.jpg\" \/>\n\t<meta property=\"og:image:width\" content=\"1200\" \/>\n\t<meta property=\"og:image:height\" content=\"675\" \/>\n\t<meta property=\"og:image:type\" content=\"image\/jpeg\" \/>\n<meta name=\"twitter:card\" content=\"summary_large_image\" \/>\n<meta name=\"twitter:site\" content=\"@salzburgerland\" \/>\n<meta name=\"twitter:label1\" content=\"Odhadovan\u00e1 doba \u010dten\u00ed\" \/>\n\t<meta name=\"twitter:data1\" content=\"11 minut\" \/>\n<script type=\"application\/ld+json\" class=\"yoast-schema-graph\">{\"@context\":\"https:\\\/\\\/schema.org\",\"@graph\":[{\"@type\":\"WebPage\",\"@id\":\"https:\\\/\\\/www.salzburgerland.com\\\/cs\\\/region-hochkoenig-turistika\\\/\",\"url\":\"https:\\\/\\\/www.salzburgerland.com\\\/cs\\\/region-hochkoenig-turistika\\\/\",\"name\":\"Turistika v regionu Hochk\u00f6nig \u00bb SalzburgerLand.com\",\"isPartOf\":{\"@id\":\"https:\\\/\\\/www.salzburgerland.com\\\/cs\\\/#website\"},\"primaryImageOfPage\":{\"@id\":\"https:\\\/\\\/www.salzburgerland.com\\\/cs\\\/region-hochkoenig-turistika\\\/#primaryimage\"},\"image\":{\"@id\":\"https:\\\/\\\/www.salzburgerland.com\\\/cs\\\/region-hochkoenig-turistika\\\/#primaryimage\"},\"thumbnailUrl\":\"https:\\\/\\\/www.salzburgerland.com\\\/cs\\\/wp-content\\\/uploads\\\/2022\\\/05\\\/sommer_wandern_druck_2025-166_pat.jpg\",\"datePublished\":\"2022-05-05T17:29:32+00:00\",\"dateModified\":\"2026-03-04T06:56:57+00:00\",\"description\":\"Turistika pro rodiny, d\u00e1lkov\u00e9 turistick\u00e9 trasy a nau\u010dn\u00e9 tematick\u00e9 stezky\",\"inLanguage\":\"cs\",\"potentialAction\":[{\"@type\":\"ReadAction\",\"target\":[\"https:\\\/\\\/www.salzburgerland.com\\\/cs\\\/region-hochkoenig-turistika\\\/\"]}]},{\"@type\":\"ImageObject\",\"inLanguage\":\"cs\",\"@id\":\"https:\\\/\\\/www.salzburgerland.com\\\/cs\\\/region-hochkoenig-turistika\\\/#primaryimage\",\"url\":\"https:\\\/\\\/www.salzburgerland.com\\\/cs\\\/wp-content\\\/uploads\\\/2022\\\/05\\\/sommer_wandern_druck_2025-166_pat.jpg\",\"contentUrl\":\"https:\\\/\\\/www.salzburgerland.com\\\/cs\\\/wp-content\\\/uploads\\\/2022\\\/05\\\/sommer_wandern_druck_2025-166_pat.jpg\",\"width\":1600,\"height\":1055,\"caption\":\"Letn\u00ed turistika v Hochk\u00f6nigu \u00a9 Hochk\u00f6nig Tourismus GmbH\"},{\"@type\":\"WebSite\",\"@id\":\"https:\\\/\\\/www.salzburgerland.com\\\/cs\\\/#website\",\"url\":\"https:\\\/\\\/www.salzburgerland.com\\\/cs\\\/\",\"name\":\"SalzburgerLand.com\",\"description\":\"Va\u0161e dovolen\u00e1 v Salcburku, Rakousko\",\"potentialAction\":[{\"@type\":\"SearchAction\",\"target\":{\"@type\":\"EntryPoint\",\"urlTemplate\":\"https:\\\/\\\/www.salzburgerland.com\\\/cs\\\/?s={search_term_string}\"},\"query-input\":{\"@type\":\"PropertyValueSpecification\",\"valueRequired\":true,\"valueName\":\"search_term_string\"}}],\"inLanguage\":\"cs\"}]}<\/script>\n<meta property=\"og:video\" content=\"https:\/\/www.youtube.com\/embed\/2UF8djP0x2c\" \/>\n<meta property=\"og:video:type\" content=\"text\/html\" \/>\n<meta property=\"og:video:duration\" content=\"78\" \/>\n<meta property=\"og:video:width\" content=\"480\" \/>\n<meta property=\"og:video:height\" content=\"270\" \/>\n<meta property=\"ya:ovs:adult\" content=\"false\" \/>\n<meta property=\"ya:ovs:upload_date\" content=\"2022-05-05T17:29:32+00:00\" \/>\n<meta property=\"ya:ovs:allow_embed\" content=\"true\" \/>\n<!-- \/ Yoast SEO Premium plugin. -->","yoast_head_json":{"title":"Turistika v regionu Hochk\u00f6nig \u00bb SalzburgerLand.com","robots":{"index":"index","follow":"follow","max-snippet":"max-snippet:-1","max-image-preview":"max-image-preview:large","max-video-preview":"max-video-preview:-1"},"canonical":"https:\/\/www.salzburgerland.com\/cs\/region-hochkoenig-turistika\/","og_locale":"cs_CZ","og_type":"article","og_title":"Turistika v regionu Hochk\u00f6nig","og_description":"V l\u00e9t\u011b je turistika jednou z nejp\u0159\u00edjemn\u011bj\u0161\u00edch aktivit, kter\u00e9 m\u016f\u017eete v regionu Hochk\u00f6nig provozovat.\u00a0V rekrea\u010dn\u00edch st\u0159edisc\u00edch\u00a0Maria Alm, Dienten a","og_url":"https:\/\/www.salzburgerland.com\/cs\/region-hochkoenig-turistika\/","og_site_name":"SalzburgerLand.com","article_publisher":"https:\/\/www.facebook.com\/visitsalzburgerland\/","article_modified_time":"2026-03-04T06:56:57+00:00","og_image":[{"width":1200,"height":675,"url":"https:\/\/www.salzburgerland.com\/cs\/wp-content\/uploads\/2022\/05\/sommer_wandern_druck_2025-166_pat-1200x675.jpg","type":"image\/jpeg"}],"twitter_card":"summary_large_image","twitter_site":"@salzburgerland","twitter_misc":{"Odhadovan\u00e1 doba \u010dten\u00ed":"11 minut"},"schema":{"@context":"https:\/\/schema.org","@graph":[{"@type":"WebPage","@id":"https:\/\/www.salzburgerland.com\/cs\/region-hochkoenig-turistika\/","url":"https:\/\/www.salzburgerland.com\/cs\/region-hochkoenig-turistika\/","name":"Turistika v regionu Hochk\u00f6nig \u00bb SalzburgerLand.com","isPartOf":{"@id":"https:\/\/www.salzburgerland.com\/cs\/#website"},"primaryImageOfPage":{"@id":"https:\/\/www.salzburgerland.com\/cs\/region-hochkoenig-turistika\/#primaryimage"},"image":{"@id":"https:\/\/www.salzburgerland.com\/cs\/region-hochkoenig-turistika\/#primaryimage"},"thumbnailUrl":"https:\/\/www.salzburgerland.com\/cs\/wp-content\/uploads\/2022\/05\/sommer_wandern_druck_2025-166_pat.jpg","datePublished":"2022-05-05T17:29:32+00:00","dateModified":"2026-03-04T06:56:57+00:00","description":"Turistika pro rodiny, d\u00e1lkov\u00e9 turistick\u00e9 trasy a nau\u010dn\u00e9 tematick\u00e9 stezky","inLanguage":"cs","potentialAction":[{"@type":"ReadAction","target":["https:\/\/www.salzburgerland.com\/cs\/region-hochkoenig-turistika\/"]}]},{"@type":"ImageObject","inLanguage":"cs","@id":"https:\/\/www.salzburgerland.com\/cs\/region-hochkoenig-turistika\/#primaryimage","url":"https:\/\/www.salzburgerland.com\/cs\/wp-content\/uploads\/2022\/05\/sommer_wandern_druck_2025-166_pat.jpg","contentUrl":"https:\/\/www.salzburgerland.com\/cs\/wp-content\/uploads\/2022\/05\/sommer_wandern_druck_2025-166_pat.jpg","width":1600,"height":1055,"caption":"Letn\u00ed turistika v Hochk\u00f6nigu \u00a9 Hochk\u00f6nig Tourismus GmbH"},{"@type":"WebSite","@id":"https:\/\/www.salzburgerland.com\/cs\/#website","url":"https:\/\/www.salzburgerland.com\/cs\/","name":"SalzburgerLand.com","description":"Va\u0161e dovolen\u00e1 v Salcburku, Rakousko","potentialAction":[{"@type":"SearchAction","target":{"@type":"EntryPoint","urlTemplate":"https:\/\/www.salzburgerland.com\/cs\/?s={search_term_string}"},"query-input":{"@type":"PropertyValueSpecification","valueRequired":true,"valueName":"search_term_string"}}],"inLanguage":"cs"}]},"og_video":"https:\/\/www.youtube.com\/embed\/2UF8djP0x2c","og_video_type":"text\/html","og_video_duration":"78","og_video_width":"480","og_video_height":"270","ya_ovs_adult":"false","ya_ovs_upload_date":"2022-05-05T17:29:32+00:00","ya_ovs_allow_embed":"true"},"_wl_alt_label":[],"wl:entity_url":"http:\/\/open.salzburgerland.com\/cs\/entity\/region-hochkonig-turistika","_links":{"self":[{"href":"https:\/\/www.salzburgerland.com\/cs\/wp-json\/wp\/v2\/entities\/151664","targetHints":{"allow":["GET"]}}],"collection":[{"href":"https:\/\/www.salzburgerland.com\/cs\/wp-json\/wp\/v2\/entities"}],"about":[{"href":"https:\/\/www.salzburgerland.com\/cs\/wp-json\/wp\/v2\/types\/entity"}],"author":[{"embeddable":true,"href":"https:\/\/www.salzburgerland.com\/cs\/wp-json\/wp\/v2\/users\/6"}],"replies":[{"embeddable":true,"href":"https:\/\/www.salzburgerland.com\/cs\/wp-json\/wp\/v2\/comments?post=151664"}],"version-history":[{"count":12,"href":"https:\/\/www.salzburgerland.com\/cs\/wp-json\/wp\/v2\/entities\/151664\/revisions"}],"predecessor-version":[{"id":163978,"href":"https:\/\/www.salzburgerland.com\/cs\/wp-json\/wp\/v2\/entities\/151664\/revisions\/163978"}],"wp:featuredmedia":[{"embeddable":true,"href":"https:\/\/www.salzburgerland.com\/cs\/wp-json\/wp\/v2\/media\/163966"}],"wp:attachment":[{"href":"https:\/\/www.salzburgerland.com\/cs\/wp-json\/wp\/v2\/media?parent=151664"}],"wp:term":[{"taxonomy":"category","embeddable":true,"href":"https:\/\/www.salzburgerland.com\/cs\/wp-json\/wp\/v2\/categories?post=151664"},{"taxonomy":"post_tag","embeddable":true,"href":"https:\/\/www.salzburgerland.com\/cs\/wp-json\/wp\/v2\/tags?post=151664"},{"taxonomy":"wl_entity_type","embeddable":true,"href":"https:\/\/www.salzburgerland.com\/cs\/wp-json\/wp\/v2\/wl_entity_type?post=151664"}],"curies":[{"name":"wp","href":"https:\/\/api.w.org\/{rel}","templated":true}]}}