{"id":151051,"date":"2022-02-21T15:18:51","date_gmt":"2022-02-21T14:18:51","guid":{"rendered":"https:\/\/www.salzburgerland.com\/cs\/?post_type=entity&#038;p=151051"},"modified":"2026-02-20T11:05:03","modified_gmt":"2026-02-20T10:05:03","slug":"slunecne-jarni-lyzovani","status":"publish","type":"entity","link":"https:\/\/www.salzburgerland.com\/cs\/slunecne-jarni-lyzovani\/","title":{"rendered":"Slune\u010dn\u00e9 jarn\u00ed ly\u017eov\u00e1n\u00ed"},"content":{"rendered":"<p><span _msthash=\"241943\" _msttexthash=\"131069159\">Dny se prodlu\u017euj\u00ed, slunce sv\u00edt\u00ed st\u00e1le v\u00edc, pt\u00e1ci se vracej\u00ed do sv\u00e9 domoviny a p\u0159\u00edroda se probouz\u00ed ze zimn\u00edho sp\u00e1nku. To je znamen\u00ed, \u017ee jaro se pomalu vrac\u00ed zp\u00e1tky a s n\u00edm i obl\u00edben\u00e9 <strong>ly\u017eov\u00e1n\u00ed se sluncem<\/strong>. Tato doba je pro sport na sjezdovk\u00e1ch <strong>nejp\u0159\u00edjemn\u011bj\u0161\u00ed<\/strong>. Na svaz\u00edch st\u00e1le panuj\u00ed ide\u00e1ln\u00ed podm\u00ednky, sn\u00edh se dr\u017e\u00ed alespo\u0148 do Velikonoc, vleky a ly\u017ea\u0159sk\u00e9 chaty jsou otev\u0159en\u00e9. Nezam\u011bnitelnou a l\u00e1kavou kombinaci v\u0161ech t\u011bchto mo\u017enost\u00ed ly\u017ea\u0159i miluj\u00ed.\u00a0<\/span><\/p>\n\n\t\t\t<div id=\"151051-1\" class=\"gallery gallery-151051 gallery-columns-3 gallery-size-1170_658\" itemscope itemtype=\"http:\/\/schema.org\/ImageGallery\">\n\t\t\t\t<ul class=\"gallery-row gallery-col-3 gallery-clear\">\n\t\t\t\t\t<li class=\"gallery-item col-3\" itemprop=\"associatedMedia\" itemscope itemtype=\"http:\/\/schema.org\/ImageObject\">\n\t\t\t\t\t\t<div class=\"gallery-icon landscape\"><a href=\"https:\/\/www.salzburgerland.com\/cs\/wp-content\/uploads\/2022\/02\/rs6701__28a5722-lpr-1601x1067.jpg\" title=\"Wintergenuss in Zauchensee\"><img decoding=\"async\" data-title=\"Po\u017eitek ze zimy s jarn\u00edmi paprsky \u00a9 SalzburgerLand Tourismus, Hansi Heckmair\" title=\"Po\u017eitek ze zimy s jarn\u00edmi paprsky \u00a9 SalzburgerLand Tourismus, Hansi Heckmair\" data-caption=\"Po\u017eitek ze zimy s jarn\u00edmi paprsky \u00a9 SalzburgerLand Tourismus, Hansi Heckmair\" width=\"1170\" height=\"658\" src=\"https:\/\/www.salzburgerland.com\/cs\/wp-content\/uploads\/2022\/02\/rs6701__28a5722-lpr-1170x658.jpg\" class=\"attachment-1170_658 size-1170_658\" alt=\"Dv\u011b \u017eeny v ko\u017ee\u0161inov\u00fdch \u010depic\u00edch si vychutn\u00e1vaj\u00ed hork\u00e9 n\u00e1poje se zasn\u011b\u017een\u00fdmi horami - Jarn\u00ed ly\u017eov\u00e1n\u00ed v Salcbursku. (Zv\u011bt\u0161en\u00fd pohled)\" srcset=\"https:\/\/www.salzburgerland.com\/cs\/wp-content\/uploads\/2022\/02\/rs6701__28a5722-lpr-1170x658.jpg 1170w, https:\/\/www.salzburgerland.com\/cs\/wp-content\/uploads\/2022\/02\/rs6701__28a5722-lpr-1200x675.jpg 1200w\" sizes=\"(max-width: 1170px) 100vw, 1170px\" aria-describedby=\"figcaption-151051-163770\" itemprop=\"thumbnail\"><\/a><\/div>\n\t\t\t\t\t\t<span id=\"figcaption-151051-163770\" class=\"gallery-caption\" itemprop=\"caption\"><span aria-hidden=\"true\">Po\u017eitek ze zimy s jarn\u00edmi paprsky \u00a9 SalzburgerLand Tourismus, Hansi Heckmair<\/span><\/span>\n\t\t\t\t\t<\/li>\n\t\t\t\t\t<li class=\"gallery-item col-3\" itemprop=\"associatedMedia\" itemscope itemtype=\"http:\/\/schema.org\/ImageObject\">\n\t\t\t\t\t\t<div class=\"gallery-icon landscape\"><a href=\"https:\/\/www.salzburgerland.com\/cs\/wp-content\/uploads\/2022\/02\/rs6695__28a5387-lpr-1601x1067.jpg\" title=\"Skitag in Zauchensee\"><img decoding=\"async\" data-title=\"Vydejte se za sluncem do Salcburska \u00a9 SalzburgerLand Tourismus, Hansi Heckmair\" title=\"Vydejte se za sluncem do Salcburska \u00a9 SalzburgerLand Tourismus, Hansi Heckmair\" data-caption=\"Vydejte se za sluncem do Salcburska \u00a9 SalzburgerLand Tourismus, Hansi Heckmair\" width=\"1170\" height=\"658\" src=\"https:\/\/www.salzburgerland.com\/cs\/wp-content\/uploads\/2022\/02\/rs6695__28a5387-lpr-1170x658.jpg\" class=\"attachment-1170_658 size-1170_658\" alt=\"T\u0159i usm\u011bvav\u00ed lid\u00e9 si u\u017e\u00edvaj\u00ed jaro na ly\u017e\u00edch, proch\u00e1zku na sn\u011bhu s ly\u017eemi uprost\u0159ed hor a jasn\u00e9 modr\u00e9 oblohy. (Zv\u011bt\u0161en\u00fd pohled)\" srcset=\"https:\/\/www.salzburgerland.com\/cs\/wp-content\/uploads\/2022\/02\/rs6695__28a5387-lpr-1170x658.jpg 1170w, https:\/\/www.salzburgerland.com\/cs\/wp-content\/uploads\/2022\/02\/rs6695__28a5387-lpr-1200x675.jpg 1200w\" sizes=\"(max-width: 1170px) 100vw, 1170px\" aria-describedby=\"figcaption-151051-163769\" itemprop=\"thumbnail\"><\/a><\/div>\n\t\t\t\t\t\t<span id=\"figcaption-151051-163769\" class=\"gallery-caption\" itemprop=\"caption\"><span aria-hidden=\"true\">Vydejte se za sluncem do Salcburska \u00a9 SalzburgerLand Tourismus, Hansi Heckmair<\/span><\/span>\n\t\t\t\t\t<\/li>\n\t\t\t\t\t<li class=\"gallery-item col-3\" itemprop=\"associatedMedia\" itemscope itemtype=\"http:\/\/schema.org\/ImageObject\">\n\t\t\t\t\t\t<div class=\"gallery-icon landscape\"><a href=\"https:\/\/www.salzburgerland.com\/cs\/wp-content\/uploads\/2022\/02\/rs2981_190225-slt-family-dsc_5818_final-lpr-1601x1067.jpg\" title=\"Spa\u00df im Schnee\"><img decoding=\"async\" data-title=\"Z\u00e1bava na sn\u011bhu i bez \u010depic \u00a9 SalzburgerLand Tourismus, Markus Berger\" title=\"Z\u00e1bava na sn\u011bhu i bez \u010depic \u00a9 SalzburgerLand Tourismus, Markus Berger\" data-caption=\"Z\u00e1bava na sn\u011bhu i bez \u010depic \u00a9 SalzburgerLand Tourismus, Markus Berger\" width=\"1170\" height=\"658\" src=\"https:\/\/www.salzburgerland.com\/cs\/wp-content\/uploads\/2022\/02\/rs2981_190225-slt-family-dsc_5818_final-lpr-1170x658.jpg\" class=\"attachment-1170_658 size-1170_658\" alt=\"Dv\u011b usm\u011bvav\u00e9 d\u011bti si hraj\u00ed na sn\u011bhu, zat\u00edmco dosp\u011bl\u00ed odpo\u010d\u00edvaj\u00ed - u\u017e\u00edvaj\u00ed si jarn\u00ed ly\u017eov\u00e1n\u00ed v Salcbursku za slune\u010dn\u00e9ho dne. (Zv\u011bt\u0161en\u00fd pohled)\" srcset=\"https:\/\/www.salzburgerland.com\/cs\/wp-content\/uploads\/2022\/02\/rs2981_190225-slt-family-dsc_5818_final-lpr-1170x658.jpg 1170w, https:\/\/www.salzburgerland.com\/cs\/wp-content\/uploads\/2022\/02\/rs2981_190225-slt-family-dsc_5818_final-lpr-1200x675.jpg 1200w\" sizes=\"(max-width: 1170px) 100vw, 1170px\" aria-describedby=\"figcaption-151051-163768\" itemprop=\"thumbnail\"><\/a><\/div>\n\t\t\t\t\t\t<span id=\"figcaption-151051-163768\" class=\"gallery-caption\" itemprop=\"caption\"><span aria-hidden=\"true\">Z\u00e1bava na sn\u011bhu i bez \u010depic \u00a9 SalzburgerLand Tourismus, Markus Berger<\/span><\/span>\n\t\t\t\t\t<\/li>\n\t\t\t\t<\/ul>\n\t\t\t<\/div><!-- .gallery -->\n\n<p><span _msthash=\"242060\" _msttexthash=\"51224394\">Nen\u00ed divu. Jen si p\u0159edstavte n\u00e1dhern\u00e1 <strong>r\u00e1na na slunn\u00e9m svahu<\/strong>, ob\u011bd na \u00fatuln\u00e9, slune\u010dn\u00edmi paprsky zalit\u00e9 terase horsk\u00e9 chaty a p\u0159\u00edjemn\u00e9 ve\u010dern\u00ed teploty v \u00fadol\u00ed, d\u00edky kter\u00fdm je n\u00e1vrat z ly\u017eov\u00e1n\u00ed mnohem p\u0159\u00edjemn\u011bj\u0161\u00ed, ne\u017e kdy jindy. Okolo <strong>Velikonoc<\/strong> si v Salcbursku u\u017eijete jaro z jeho nejlep\u0161\u00ed str\u00e1nky. A to nejen obrazn\u011b.\u00a0<\/span><\/p>\n<h3><strong><span _msthash=\"262756\" _msttexthash=\"902447\">Jarn\u00ed tradice v Salcbursku<\/span><\/strong><\/h3>\n<p>Bylo by chybou domn\u00edvat se, \u017ee se na ja\u0159e \u017eivot v salcbursk\u00fdch ly\u017ea\u0159sk\u00fdch oblastech to\u010d\u00ed v\u00fdhradn\u011b kolem sjezdovek a ly\u017ea\u0159sk\u00fdch chalup. Obdob\u00ed p\u0159ed Velikonocemi a <strong>velikono\u010dn\u00ed t\u00fdden<\/strong> jsou obdob\u00edm udr\u017eov\u00e1n\u00ed tradic\u00ed a folkl\u00f3ru. Mnoho alpsk\u00fdch zvyk\u016f, kter\u00e9 se v\u00e1\u017eou k za\u010d\u00e1tku jara m\u00e1 pohansk\u00e9 ko\u0159eny. Jsou spojeny s plodnost\u00ed a probouzen\u00edm se p\u0159\u00edrody znovu k \u017eivotu. Mnoho zvyk\u016f je pak k\u0159es\u0165anskou tradic\u00ed, p\u0159ed\u00e1vanou z generace na generaci. Bez ohledu na jejich p\u016fvod je ale pro obdob\u00ed <strong>v\u00edt\u00e1n\u00ed jara<\/strong> v Salcbursku typick\u00e9 no\u0161en\u00ed lidov\u00fdch kroj\u016f, p\u0159\u00edprava tradi\u010dn\u00edch j\u00eddel a oslavov\u00e1n\u00ed \u017eivota.<\/p>\n<h3>Velikonoce v hor\u00e1ch<\/h3>\n<p>V obdob\u00ed Velikonoc se dodr\u017euje v Salcbursku mnoho <strong><a href=\"https:\/\/www.salzburgerland.com\/cs\/salcburske-velikonocni-zvyky\/\" target=\"_blank\" rel=\"noopener\">zvyk\u016f<\/a><\/strong>, kter\u00e9 jsou zpest\u0159en\u00edm jak pro m\u00edstn\u00ed, tak i na\u0161e hosty. V\u00e1z\u00e1n\u00ed palmov\u00fdch v\u011btv\u00ed (nebo tak\u00e9 tzv. \u201eko\u010di\u010dky\u201c), n\u00e1padit\u00e1 palmov\u00e1 proces\u00ed na Kv\u011btnou ned\u011bli, zp\u00edv\u00e1n\u00ed na Olivetsk\u00e9 ho\u0159e, barven\u00e9 velikono\u010dn\u00edch vaj\u00ed\u010dek a jejich obl\u00edben\u00e9 hled\u00e1n\u00ed, to jsou jen n\u011bkter\u00e9 z tradic, kter\u00e9 tu o sv\u00e1tc\u00edch jara o\u017e\u00edvaj\u00ed.<\/p>\n<p>Obzvl\u00e1\u0161t\u011b velkolep\u00e9 jsou Lungausk\u00e9 velikono\u010dn\u00ed ohn\u011b, kter\u00e9 v noci z B\u00edl\u00e9 soboty na Velikono\u010dn\u00ed ned\u011bli z d\u00e1lky rozz\u00e1\u0159\u00ed oblohu a vr\u00e1t\u00ed n\u00e1s do atmosf\u00e9ry p\u0159edk\u0159es\u0165ansk\u00fdch dob. Jsou vyj\u00e1d\u0159en\u00edm radosti z narozen\u00ed P\u00e1n\u011b a touhy po znovuprobuzen\u00ed p\u0159\u00edrody.<\/p>\n","protected":false},"excerpt":{"rendered":"<p>Dny se prodlu\u017euj\u00ed, slunce sv\u00edt\u00ed st\u00e1le v\u00edc, pt\u00e1ci se vracej\u00ed do sv\u00e9 domoviny a p\u0159\u00edroda se probouz\u00ed ze zimn\u00edho sp\u00e1nku. To je znamen\u00ed, \u017ee jaro se pomalu vrac\u00ed zp\u00e1tky a s n\u00edm i obl\u00edben\u00e9 ly\u017eov\u00e1n\u00ed se sluncem. Tato doba je pro sport na sjezdovk\u00e1ch nejp\u0159\u00edjemn\u011bj\u0161\u00ed. Na svaz\u00edch st\u00e1le panuj\u00ed ide\u00e1ln\u00ed podm\u00ednky, sn\u00edh se dr\u017e\u00ed alespo\u0148 [&hellip;]<\/p>\n","protected":false},"author":6,"featured_media":163790,"comment_status":"closed","ping_status":"closed","template":"","meta":{"_acf_changed":false,"wl_entities_gutenberg":"","_relevanssi_hide_post":"","_relevanssi_hide_content":"","_relevanssi_pin_for_all":"","_relevanssi_pin_keywords":"","_relevanssi_unpin_keywords":"","_relevanssi_related_keywords":"","_relevanssi_related_include_ids":"","_relevanssi_related_exclude_ids":"","_relevanssi_related_no_append":"","_relevanssi_related_not_related":"","_relevanssi_related_posts":"","_relevanssi_noindex_reason":"","footnotes":""},"categories":[],"tags":[],"wl_entity_type":[2],"class_list":["post-151051","entity","type-entity","status-publish","has-post-thumbnail","hentry","wl_entity_type-thing","sitetype-theme"],"acf":[],"yoast_head":"<!-- This site is optimized with the Yoast SEO Premium plugin v27.4 (Yoast SEO v27.4) - https:\/\/yoast.com\/product\/yoast-seo-premium-wordpress\/ -->\n<title>Slune\u010dn\u00e9 jarn\u00ed ly\u017eov\u00e1n\u00ed \u00bb SalzburgerLand.com<\/title>\n<meta name=\"robots\" content=\"index, follow, max-snippet:-1, max-image-preview:large, max-video-preview:-1\" \/>\n<link rel=\"canonical\" href=\"https:\/\/www.salzburgerland.com\/cs\/slunecne-jarni-lyzovani\/\" \/>\n<meta property=\"og:locale\" content=\"cs_CZ\" \/>\n<meta property=\"og:type\" content=\"article\" \/>\n<meta property=\"og:title\" content=\"Slune\u010dn\u00e9 jarn\u00ed ly\u017eov\u00e1n\u00ed\" \/>\n<meta property=\"og:description\" content=\"Dny se prodlu\u017euj\u00ed, slunce sv\u00edt\u00ed st\u00e1le v\u00edc, pt\u00e1ci se vracej\u00ed do sv\u00e9 domoviny a p\u0159\u00edroda se probouz\u00ed ze zimn\u00edho sp\u00e1nku. To je znamen\u00ed, \u017ee jaro se pomalu\" \/>\n<meta property=\"og:url\" content=\"https:\/\/www.salzburgerland.com\/cs\/slunecne-jarni-lyzovani\/\" \/>\n<meta property=\"og:site_name\" content=\"SalzburgerLand.com\" \/>\n<meta property=\"article:publisher\" content=\"https:\/\/www.facebook.com\/visitsalzburgerland\/\" \/>\n<meta property=\"article:modified_time\" content=\"2026-02-20T10:05:03+00:00\" \/>\n<meta property=\"og:image\" content=\"https:\/\/www.salzburgerland.com\/cs\/wp-content\/uploads\/2022\/02\/rs6713_salzburg_chill_out1341-lpr-1200x675.jpg\" \/>\n\t<meta property=\"og:image:width\" content=\"1200\" \/>\n\t<meta property=\"og:image:height\" content=\"675\" \/>\n\t<meta property=\"og:image:type\" content=\"image\/jpeg\" \/>\n<meta name=\"twitter:card\" content=\"summary_large_image\" \/>\n<meta name=\"twitter:site\" content=\"@salzburgerland\" \/>\n<meta name=\"twitter:label1\" content=\"Odhadovan\u00e1 doba \u010dten\u00ed\" \/>\n\t<meta name=\"twitter:data1\" content=\"9 minut\" \/>\n<script type=\"application\/ld+json\" class=\"yoast-schema-graph\">{\"@context\":\"https:\\\/\\\/schema.org\",\"@graph\":[{\"@type\":\"WebPage\",\"@id\":\"https:\\\/\\\/www.salzburgerland.com\\\/cs\\\/slunecne-jarni-lyzovani\\\/\",\"url\":\"https:\\\/\\\/www.salzburgerland.com\\\/cs\\\/slunecne-jarni-lyzovani\\\/\",\"name\":\"Slune\u010dn\u00e9 jarn\u00ed ly\u017eov\u00e1n\u00ed \u00bb SalzburgerLand.com\",\"isPartOf\":{\"@id\":\"https:\\\/\\\/www.salzburgerland.com\\\/cs\\\/#website\"},\"primaryImageOfPage\":{\"@id\":\"https:\\\/\\\/www.salzburgerland.com\\\/cs\\\/slunecne-jarni-lyzovani\\\/#primaryimage\"},\"image\":{\"@id\":\"https:\\\/\\\/www.salzburgerland.com\\\/cs\\\/slunecne-jarni-lyzovani\\\/#primaryimage\"},\"thumbnailUrl\":\"https:\\\/\\\/www.salzburgerland.com\\\/cs\\\/wp-content\\\/uploads\\\/2022\\\/02\\\/rs6713_salzburg_chill_out1341-lpr.jpg\",\"datePublished\":\"2022-02-21T14:18:51+00:00\",\"dateModified\":\"2026-02-20T10:05:03+00:00\",\"description\":\"Chillout na hor\u00e1ch se st\u00e1le del\u0161\u00edmi, slune\u010dn\u00fdmi dny, opalov\u00e1n\u00ed po ly\u017eov\u00e1n\u00ed a kvalitn\u00ed sn\u00edh\",\"inLanguage\":\"cs\",\"potentialAction\":[{\"@type\":\"ReadAction\",\"target\":[\"https:\\\/\\\/www.salzburgerland.com\\\/cs\\\/slunecne-jarni-lyzovani\\\/\"]}]},{\"@type\":\"ImageObject\",\"inLanguage\":\"cs\",\"@id\":\"https:\\\/\\\/www.salzburgerland.com\\\/cs\\\/slunecne-jarni-lyzovani\\\/#primaryimage\",\"url\":\"https:\\\/\\\/www.salzburgerland.com\\\/cs\\\/wp-content\\\/uploads\\\/2022\\\/02\\\/rs6713_salzburg_chill_out1341-lpr.jpg\",\"contentUrl\":\"https:\\\/\\\/www.salzburgerland.com\\\/cs\\\/wp-content\\\/uploads\\\/2022\\\/02\\\/rs6713_salzburg_chill_out1341-lpr.jpg\",\"width\":2000,\"height\":1333,\"caption\":\"Pohoda s jarn\u00edm sluncem nad hlavou \u00a9 SalzburgerLand Tourismus, Hansi Heckmair\"},{\"@type\":\"WebSite\",\"@id\":\"https:\\\/\\\/www.salzburgerland.com\\\/cs\\\/#website\",\"url\":\"https:\\\/\\\/www.salzburgerland.com\\\/cs\\\/\",\"name\":\"SalzburgerLand.com\",\"description\":\"Va\u0161e dovolen\u00e1 v Salcburku, Rakousko\",\"potentialAction\":[{\"@type\":\"SearchAction\",\"target\":{\"@type\":\"EntryPoint\",\"urlTemplate\":\"https:\\\/\\\/www.salzburgerland.com\\\/cs\\\/?s={search_term_string}\"},\"query-input\":{\"@type\":\"PropertyValueSpecification\",\"valueRequired\":true,\"valueName\":\"search_term_string\"}}],\"inLanguage\":\"cs\"}]}<\/script>\n<!-- \/ Yoast SEO Premium plugin. -->","yoast_head_json":{"title":"Slune\u010dn\u00e9 jarn\u00ed ly\u017eov\u00e1n\u00ed \u00bb SalzburgerLand.com","robots":{"index":"index","follow":"follow","max-snippet":"max-snippet:-1","max-image-preview":"max-image-preview:large","max-video-preview":"max-video-preview:-1"},"canonical":"https:\/\/www.salzburgerland.com\/cs\/slunecne-jarni-lyzovani\/","og_locale":"cs_CZ","og_type":"article","og_title":"Slune\u010dn\u00e9 jarn\u00ed ly\u017eov\u00e1n\u00ed","og_description":"Dny se prodlu\u017euj\u00ed, slunce sv\u00edt\u00ed st\u00e1le v\u00edc, pt\u00e1ci se vracej\u00ed do sv\u00e9 domoviny a p\u0159\u00edroda se probouz\u00ed ze zimn\u00edho sp\u00e1nku. To je znamen\u00ed, \u017ee jaro se pomalu","og_url":"https:\/\/www.salzburgerland.com\/cs\/slunecne-jarni-lyzovani\/","og_site_name":"SalzburgerLand.com","article_publisher":"https:\/\/www.facebook.com\/visitsalzburgerland\/","article_modified_time":"2026-02-20T10:05:03+00:00","og_image":[{"width":1200,"height":675,"url":"https:\/\/www.salzburgerland.com\/cs\/wp-content\/uploads\/2022\/02\/rs6713_salzburg_chill_out1341-lpr-1200x675.jpg","type":"image\/jpeg"}],"twitter_card":"summary_large_image","twitter_site":"@salzburgerland","twitter_misc":{"Odhadovan\u00e1 doba \u010dten\u00ed":"9 minut"},"schema":{"@context":"https:\/\/schema.org","@graph":[{"@type":"WebPage","@id":"https:\/\/www.salzburgerland.com\/cs\/slunecne-jarni-lyzovani\/","url":"https:\/\/www.salzburgerland.com\/cs\/slunecne-jarni-lyzovani\/","name":"Slune\u010dn\u00e9 jarn\u00ed ly\u017eov\u00e1n\u00ed \u00bb SalzburgerLand.com","isPartOf":{"@id":"https:\/\/www.salzburgerland.com\/cs\/#website"},"primaryImageOfPage":{"@id":"https:\/\/www.salzburgerland.com\/cs\/slunecne-jarni-lyzovani\/#primaryimage"},"image":{"@id":"https:\/\/www.salzburgerland.com\/cs\/slunecne-jarni-lyzovani\/#primaryimage"},"thumbnailUrl":"https:\/\/www.salzburgerland.com\/cs\/wp-content\/uploads\/2022\/02\/rs6713_salzburg_chill_out1341-lpr.jpg","datePublished":"2022-02-21T14:18:51+00:00","dateModified":"2026-02-20T10:05:03+00:00","description":"Chillout na hor\u00e1ch se st\u00e1le del\u0161\u00edmi, slune\u010dn\u00fdmi dny, opalov\u00e1n\u00ed po ly\u017eov\u00e1n\u00ed a kvalitn\u00ed sn\u00edh","inLanguage":"cs","potentialAction":[{"@type":"ReadAction","target":["https:\/\/www.salzburgerland.com\/cs\/slunecne-jarni-lyzovani\/"]}]},{"@type":"ImageObject","inLanguage":"cs","@id":"https:\/\/www.salzburgerland.com\/cs\/slunecne-jarni-lyzovani\/#primaryimage","url":"https:\/\/www.salzburgerland.com\/cs\/wp-content\/uploads\/2022\/02\/rs6713_salzburg_chill_out1341-lpr.jpg","contentUrl":"https:\/\/www.salzburgerland.com\/cs\/wp-content\/uploads\/2022\/02\/rs6713_salzburg_chill_out1341-lpr.jpg","width":2000,"height":1333,"caption":"Pohoda s jarn\u00edm sluncem nad hlavou \u00a9 SalzburgerLand Tourismus, Hansi Heckmair"},{"@type":"WebSite","@id":"https:\/\/www.salzburgerland.com\/cs\/#website","url":"https:\/\/www.salzburgerland.com\/cs\/","name":"SalzburgerLand.com","description":"Va\u0161e dovolen\u00e1 v Salcburku, Rakousko","potentialAction":[{"@type":"SearchAction","target":{"@type":"EntryPoint","urlTemplate":"https:\/\/www.salzburgerland.com\/cs\/?s={search_term_string}"},"query-input":{"@type":"PropertyValueSpecification","valueRequired":true,"valueName":"search_term_string"}}],"inLanguage":"cs"}]}},"_wl_alt_label":[],"wl:entity_url":"http:\/\/open.salzburgerland.com\/cs\/entity\/slunecne_jarni_lyzovani","_links":{"self":[{"href":"https:\/\/www.salzburgerland.com\/cs\/wp-json\/wp\/v2\/entities\/151051","targetHints":{"allow":["GET"]}}],"collection":[{"href":"https:\/\/www.salzburgerland.com\/cs\/wp-json\/wp\/v2\/entities"}],"about":[{"href":"https:\/\/www.salzburgerland.com\/cs\/wp-json\/wp\/v2\/types\/entity"}],"author":[{"embeddable":true,"href":"https:\/\/www.salzburgerland.com\/cs\/wp-json\/wp\/v2\/users\/6"}],"replies":[{"embeddable":true,"href":"https:\/\/www.salzburgerland.com\/cs\/wp-json\/wp\/v2\/comments?post=151051"}],"version-history":[{"count":33,"href":"https:\/\/www.salzburgerland.com\/cs\/wp-json\/wp\/v2\/entities\/151051\/revisions"}],"predecessor-version":[{"id":163834,"href":"https:\/\/www.salzburgerland.com\/cs\/wp-json\/wp\/v2\/entities\/151051\/revisions\/163834"}],"wp:featuredmedia":[{"embeddable":true,"href":"https:\/\/www.salzburgerland.com\/cs\/wp-json\/wp\/v2\/media\/163790"}],"wp:attachment":[{"href":"https:\/\/www.salzburgerland.com\/cs\/wp-json\/wp\/v2\/media?parent=151051"}],"wp:term":[{"taxonomy":"category","embeddable":true,"href":"https:\/\/www.salzburgerland.com\/cs\/wp-json\/wp\/v2\/categories?post=151051"},{"taxonomy":"post_tag","embeddable":true,"href":"https:\/\/www.salzburgerland.com\/cs\/wp-json\/wp\/v2\/tags?post=151051"},{"taxonomy":"wl_entity_type","embeddable":true,"href":"https:\/\/www.salzburgerland.com\/cs\/wp-json\/wp\/v2\/wl_entity_type?post=151051"}],"curies":[{"name":"wp","href":"https:\/\/api.w.org\/{rel}","templated":true}]}}