{"id":147901,"date":"2020-11-20T00:22:22","date_gmt":"2020-11-19T23:22:22","guid":{"rendered":"https:\/\/www.salzburgerland.com\/cs\/?post_type=entity&#038;p=147901"},"modified":"2023-12-05T09:22:09","modified_gmt":"2023-12-05T08:22:09","slug":"mila-zimo","status":"publish","type":"entity","link":"https:\/\/www.salzburgerland.com\/cs\/mila-zimo\/","title":{"rendered":"Mil\u00e1 zimo"},"content":{"rendered":"<p>Jedno zvl\u00e1\u0161tn\u00ed r\u00e1no v p\u0159edv\u00e1no\u010dn\u00edm \u010dase. Je\u0161t\u011b rozespal\u00ed jsme p\u0159i\u0161li do kuchyn\u011b, maminka rozhrnula z\u00e1v\u011bsy a m\u00edsto pozdravem \u201edobr\u00e9 r\u00e1no\u201c, n\u00e1s p\u0159iv\u00edtala radostn\u00fdm zvol\u00e1n\u00edm: \u201ePod\u00edvejte, d\u011bti, sn\u011b\u017eilo!\u201c Tato slova p\u016fsobila jako kouzeln\u00e9 za\u0159\u00edk\u00e1vadlo. Byla vylo\u017een\u011b magick\u00e1 a ihned n\u00e1s naplnila vnit\u0159n\u00ed radost\u00ed, kter\u00e1 v n\u00e1s z\u016fstala. Prvn\u00ed sn\u00edh roku\u00a0je spojen\u00fd s pocitem \u0161t\u011bst\u00ed, s dov\u00e1d\u011bn\u00edm, koulov\u00e1n\u00edm, s\u00e1\u0148kov\u00e1n\u00edm a \u010derven\u00fdmi tv\u00e1\u0159emi. Cesta ze \u0161koly se r\u00e1zem prom\u011bn\u00ed v z\u00e1bavn\u00e9 klouz\u00e1n\u00ed a vy\u017eene v\u0161echny d\u011bti ze sousedstv\u00ed ven, spole\u010dn\u011b si hr\u00e1t. Dny pro n\u00e1s byly moc kr\u00e1tk\u00e9! Dom\u016f jsme se s\u00e1\u0148kami p\u0159ich\u00e1zeli unaven\u00ed a spokojen\u00ed, teprve kdy\u017e u\u017e se za\u010dalo stm\u00edvat. Prvn\u00ed sn\u00edh je p\u0159edzv\u011bst\u00ed V\u00e1noc, toho \u017ee ly\u017ee jsou spr\u00e1vn\u011b navoskov\u00e1ny a brzy za\u010dnou pr\u00e1zdniny. Prvn\u00ed sn\u00edh v\u017edy neuv\u011b\u0159iteln\u011b zp\u0159\u00edjemnil \u017eivot.<\/p>\n<div id=\"attachment_147904\" style=\"width: 1034px\" class=\"wp-caption alignnone\"><img decoding=\"async\" aria-describedby=\"caption-attachment-147904\" class=\"wp-image-147904 size-medium\" src=\"https:\/\/cdn.salzburgerland.com\/cs\/wp-content\/uploads\/2020\/11\/rs121_sltwinterspass-1100x658-1-1024x569.jpg\" alt=\"Ve sn\u011bhu a\u017e po p\u00e1s. To nen\u00ed v zim\u011b v Salcbursku v\u016fbec nic neobvykl\u00e9ho, co\u017e se l\u00edb\u00ed zejm\u00e9na d\u011btem, kter\u00e9 ve sn\u011bhu dov\u00e1d\u00ed.\" width=\"1024\" height=\"569\" srcset=\"https:\/\/www.salzburgerland.com\/cs\/wp-content\/uploads\/2020\/11\/rs121_sltwinterspass-1100x658-1-1024x569.jpg 1024w, https:\/\/www.salzburgerland.com\/cs\/wp-content\/uploads\/2020\/11\/rs121_sltwinterspass-1100x658-1-370x206.jpg 370w, https:\/\/www.salzburgerland.com\/cs\/wp-content\/uploads\/2020\/11\/rs121_sltwinterspass-1100x658-1-270x150.jpg 270w, https:\/\/www.salzburgerland.com\/cs\/wp-content\/uploads\/2020\/11\/rs121_sltwinterspass-1100x658-1-540x300.jpg 540w\" sizes=\"(max-width: 1024px) 100vw, 1024px\"><p id=\"caption-attachment-147904\" class=\"wp-caption-text\">D\u011bti zimu a dov\u00e1d\u011bn\u00ed ve sn\u011bhu miluj\u00ed \u00a9 SalzburgerLand Tourismus<\/p><\/div>\n<h3>Sn\u00edh v cel\u00e9 zemi<\/h3>\n<p>Na sn\u00edh jsme se odjak\u017eiva t\u011b\u0161ili. T\u00e9m\u011b\u0159 \u017e\u00e1dn\u00e1 jin\u00e1 ot\u00e1zka o po\u010das\u00ed se n\u00e1s net\u00fdkala tak, jako ta ohledn\u011b b\u00edl\u00fdch V\u00e1noc. Ty dovede u\u017e v\u011bt\u0161inou v polovin\u011b prosince p\u0159edpov\u011bd\u011bt zku\u0161en\u00fd meteorolog, Bernhard Niedermoser, vedouc\u00ed \u00dast\u0159edn\u00edho \u00fastavu pro meteorologii a geodynamiku v Salcburku: \u201eSalcbursko je jedn\u00edm z nejzasn\u011b\u017een\u011bj\u0161\u00edch m\u00edst v Rakousku, proto\u017ee tu m\u00e1me sn\u00edh z italsk\u00e9 tlakov\u00e9 n\u00ed\u017ee, a je\u0161t\u011b mnohem \u010dast\u011bji i ze severu, takzvan\u00fd n\u00e1v\u011btrn\u00fd efekt. To znamen\u00e1, \u017ee pravd\u011bpodobnost b\u00edl\u00fdch V\u00e1noc je ve v\u011bt\u0161in\u011b salcbursk\u00fdch \u00fadol\u00edch a m\u011bstech vysok\u00e1. Nap\u0159\u00edklad v <a href=\"https:\/\/www.salzburgerland.com\/cs\/zell-am-see-kaprun-v-zime\/\">Zell am See<\/a> nebo v Tamswegu je statistick\u00e1 pravd\u011bpodobnost sn\u011bhu na V\u00e1noce t\u00e9m\u011b\u0159 80 %, v <a href=\"https:\/\/www.salzburgerland.com\/cs\/gastein-v-zime\/\">Bad Gasteinu<\/a> je to dokonce 92 %. V Salcbursku existuje mnoho obl\u00edben\u00fdch m\u00edst, kde je v zim\u011b sn\u011bhov\u00e1 nad\u00edlka zaru\u010dena. Pat\u0159\u00ed mezi n\u011b nap\u0159\u00edklad Muhr v <a href=\"https:\/\/www.salzburgerland.com\/cs\/salcbursky-lungau-v-zime\/\">salcbursk\u00e9m Lungau<\/a>, ji\u017en\u00ed taursk\u00e1 \u00fadol\u00ed Gasteinu, <a href=\"https:\/\/www.salzburgerland.com\/cs\/raurisertal-v-zime\/\">Raurisu<\/a> a Fusch, ale tak\u00e9 oblasti <span id=\"urn:enhancement-ed4d68bb\" class=\"textannotation disambiguated wl-place\" itemid=\"http:\/\/open.salzburgerland.com\/cs\/entity\/salcburskem_saalachtalu\">Salcbursk\u00e9ho <a href=\"https:\/\/www.salzburgerland.com\/cs\/salcbursky-saalachtal-v-zime\/\">Saalachtalu<\/a><\/span> jako Lofer a Wei\u00dfbach, Dienten a Maria Alm v <a href=\"https:\/\/www.salzburgerland.com\/cs\/region-hochkoenig-v-zime\/\">Hochk\u00f6nigu<\/a> nebo Filzmoos, Abtenau, Annaberg \u010di Faistenau.<\/p>\n<h3>Sn\u00edh navozuje pocit pohody a klidu<\/h3>\n<p>\u201eKdy\u017e hovo\u0159\u00edme o zim\u011b, mus\u00edme tak\u00e9 zm\u00ednit klimatick\u00e9 zm\u011bny, kter\u00e9 prob\u00edhaj\u00ed v\u0161ude. V z\u00e1sad\u011b bude v p\u0159\u00ed\u0161t\u00edch desetilet\u00edch sn\u011bhu m\u00e9n\u011b a \u010dekaj\u00ed n\u00e1s krat\u0161\u00ed zimy. Ale v mnoha vysokohorsk\u00fdch oblastech v Salcbursku, ve vy\u0161\u0161\u00edch nadmo\u0159sk\u00fdch v\u00fd\u0161k\u00e1ch, se zima za n\u011bkolik posledn\u00edch desetilet\u00ed p\u0159\u00edli\u0161 nezm\u011bnila, pokud pomineme siln\u00e9 v\u00fdkyvy mezi jednotliv\u00fdmi roky,\u201c \u0159\u00edk\u00e1 meteorolog a vedouc\u00ed salcbursk\u00e9ho lavinov\u00e9ho centra, kter\u00fd o zim\u011b mluv\u00ed s nad\u0161en\u00edm. Tak\u00e9 on si pamatuje na zimu, kdy\u017e byl d\u00edt\u011b a v\u00ed o magick\u00e9m p\u016fsoben\u00ed sn\u011bhu na \u010dlov\u011bka. \u201eZima se ve vysokohorsk\u00e9m ter\u00e9nu se velmi li\u0161\u00ed od l\u00e9ta. Ve\u0161ker\u00fd hluk pohlt\u00ed sn\u00edh, kter\u00fd je jasn\u00fd a \u010dist\u00fd. Proto ho spojujeme s klidem a pohodou. Nav\u00edc d\u011bl\u00e1 ter\u00e9n jednotn\u011bj\u0161\u00ed, cesty se pod n\u00edm ztr\u00e1cej\u00ed.\u201c<\/p>\n<h3>Zimn\u00ed p\u0159\u00edroda jako l\u00e9k<\/h3>\n<p>Lidsk\u00e9 stopy miz\u00ed pod b\u00edlou p\u0159ikr\u00fdvkou, v\u016fn\u011b i zvuky jsou tlumen\u00e9. Sn\u00edh n\u00e1m d\u011bl\u00e1 dob\u0159e, uklid\u0148uje a zpomaluje. Arnulf Hartl, vedouc\u00ed Institutu pro biomedic\u00ednu na soukrom\u00e9 L\u00e9ka\u0159sk\u00e9 univerzit\u011b Paracelsus v Salcburku, p\u00ed\u0161e ve sv\u00e9 knize \u201eL\u00e9\u010d\u00edv\u00e1 s\u00edla Alp\u201c o z\u00e1zra\u010dn\u00e9m p\u016fsoben\u00ed zimy: \u201ePohyb v zimn\u00ed krajin\u011b v sob\u011b spojuje to nejlep\u0161\u00ed. P\u016fsob\u00ed jako kouzeln\u00fd v\u0161estrann\u00fd l\u00e9k. Vystavuje n\u00e1s slunci, p\u0159iv\u00e1d\u00ed n\u00e1s k p\u0159\u00edrod\u011b, uspokojuje na\u0161i touhu po pohybu a v neposledn\u00ed \u0159ad\u011b na\u0161e t\u011blo z\u00e1sobuje \u010dist\u00fdm vzduchem.\u201c Jako d\u011bti jsme to v\u0161echno c\u00edtili intuitivn\u011b. Prvn\u00ed vlo\u010dky znamenaly vyu\u017e\u00edt ka\u017edou volnou minutu. Mo\u017en\u00e1 je to nejlep\u0161\u00ed zp\u016fsob toho, jak vysv\u011btlit kouzlo sn\u011bhu. Vyz\u00fdv\u00e1 n\u00e1s, abychom byli znovu d\u011btmi. P\u0159in\u00e1\u0161\u00ed zp\u011bt do \u017eivota lehkost a uvol\u0148uje hormony \u0161t\u011bst\u00ed, kdy\u017e jedeme z kopce do \u00fadol\u00ed na san\u00edch nebo na ly\u017e\u00edch. Sv\u00e1d\u00ed ke h\u0159e, dotykov\u00fdm vjem\u016fm a iracion\u00e1ln\u00edmu chov\u00e1n\u00ed. Spont\u00e1nn\u011b se koulujeme, sk\u00e1\u010deme ve sn\u011bhu, d\u011bl\u00e1me and\u011bl\u00ed\u010dky.<\/p>\n<div id=\"attachment_147905\" style=\"width: 1034px\" class=\"wp-caption alignnone\"><img decoding=\"async\" aria-describedby=\"caption-attachment-147905\" class=\"wp-image-147905 size-medium\" src=\"https:\/\/cdn.salzburgerland.com\/cs\/wp-content\/uploads\/2020\/11\/mg_9043-1170x658-1-1024x569.jpg\" alt=\"Sv\u00e1d\u00ed ke h\u0159e a dotykov\u00fdm vjem\u016fm a iracion\u00e1ln\u00edmu chov\u00e1n\u00ed. Spont\u00e1nn\u011b se koulujeme nebo sk\u00e1\u010deme ve sn\u011bhu.\" width=\"1024\" height=\"569\" srcset=\"https:\/\/www.salzburgerland.com\/cs\/wp-content\/uploads\/2020\/11\/mg_9043-1170x658-1-1024x569.jpg 1024w, https:\/\/www.salzburgerland.com\/cs\/wp-content\/uploads\/2020\/11\/mg_9043-1170x658-1-370x206.jpg 370w, https:\/\/www.salzburgerland.com\/cs\/wp-content\/uploads\/2020\/11\/mg_9043-1170x658-1-270x150.jpg 270w, https:\/\/www.salzburgerland.com\/cs\/wp-content\/uploads\/2020\/11\/mg_9043-1170x658-1-540x300.jpg 540w\" sizes=\"(max-width: 1024px) 100vw, 1024px\"><p id=\"caption-attachment-147905\" class=\"wp-caption-text\">Endorfiny vyvol\u00e1vaj\u00ed dobrou n\u00e1ladu a pocity \u0161t\u011bst\u00ed \u00a9 SalzburgerLand Tourismus<\/p><\/div>\n<p>Sn\u00edh je bohatstv\u00ed, ale s omezenou platnost\u00ed, a o to v\u00edce cenn\u011bj\u0161\u00ed. Je to d\u00e1rek, kter\u00fd se na n\u00e1s jednodu\u0161e sn\u00e1\u0161\u00ed z nebe. Otev\u00edr\u00e1 sv\u00e9 br\u00e1ny a vlo\u010dky ti\u0161e padaj\u00ed. Sn\u00edh je \u010dist\u00e9 \u0161t\u011bst\u00ed, kter\u00e9 taje s jarn\u00edm sluncem, kdy se navzdory vyhl\u00eddk\u00e1m na l\u00e9to zase t\u011b\u0161\u00edme na to kouzeln\u00e9 r\u00e1no, a\u017e se pod\u00edv\u00e1me z okna a uvid\u00edme na hor\u00e1ch prvn\u00ed sn\u00edh. M\u00e1\u00a0mnoho podob a l\u00e1k\u00e1 k mnoha r\u016fzn\u00fdm aktivit\u00e1m. V<a href=\"https:\/\/www.saalfelden-leogang.com\/en\/doorpage_new\" target=\"_blank\" rel=\"noopener noreferrer\"> Saalfeldenu Leogangu<\/a>\u00a0 a v <a href=\"https:\/\/www.zellamsee-kaprun.com\/cs\" target=\"_blank\" rel=\"noopener noreferrer\">Zell am See-Kaprunu<\/a> se stav\u00ed obrovsk\u00e1 igl\u00fa k p\u0159enocov\u00e1n\u00ed. Na festivalu \u201eArt on Snow\u201c v <a href=\"https:\/\/www.gastein.com\/cz\/\" target=\"_blank\" rel=\"noopener noreferrer\">Gasteinu <\/a>vznikaj\u00ed ob\u0159\u00ed sn\u011bhov\u00e9 sochy. Gamsleitenkriterium v <a href=\"https:\/\/www.obertauern.com\/\" target=\"_blank\" rel=\"noopener noreferrer\">Obertauern<\/a>, to je nejv\u011bt\u0161\u00ed hled\u00e1n\u00ed pokladu ve sn\u011bhu v cel\u00e9m Rakousku.<\/p>\n","protected":false},"excerpt":{"rendered":"<p>Jedno zvl\u00e1\u0161tn\u00ed r\u00e1no v p\u0159edv\u00e1no\u010dn\u00edm \u010dase. Je\u0161t\u011b rozespal\u00ed jsme p\u0159i\u0161li do kuchyn\u011b, maminka rozhrnula z\u00e1v\u011bsy a m\u00edsto pozdravem \u201edobr\u00e9 r\u00e1no\u201c, n\u00e1s p\u0159iv\u00edtala radostn\u00fdm zvol\u00e1n\u00edm: \u201ePod\u00edvejte, d\u011bti, sn\u011b\u017eilo!\u201c Tato slova p\u016fsobila jako kouzeln\u00e9 za\u0159\u00edk\u00e1vadlo. Byla vylo\u017een\u011b magick\u00e1 a ihned n\u00e1s naplnila vnit\u0159n\u00ed radost\u00ed, kter\u00e1 v n\u00e1s z\u016fstala. Prvn\u00ed sn\u00edh roku\u00a0je spojen\u00fd s pocitem \u0161t\u011bst\u00ed, s dov\u00e1d\u011bn\u00edm, [&hellip;]<\/p>\n","protected":false},"author":6,"featured_media":150258,"comment_status":"closed","ping_status":"closed","template":"","meta":{"_acf_changed":false,"wl_entities_gutenberg":"","_relevanssi_hide_post":"","_relevanssi_hide_content":"","_relevanssi_pin_for_all":"","_relevanssi_pin_keywords":"","_relevanssi_unpin_keywords":"","_relevanssi_related_keywords":"","_relevanssi_related_include_ids":"","_relevanssi_related_exclude_ids":"","_relevanssi_related_no_append":"","_relevanssi_related_not_related":"","_relevanssi_related_posts":"","_relevanssi_noindex_reason":"","footnotes":""},"categories":[],"tags":[],"wl_entity_type":[2],"class_list":["post-147901","entity","type-entity","status-publish","has-post-thumbnail","hentry","wl_entity_type-thing","sitetype-theme"],"acf":[],"yoast_head":"<!-- This site is optimized with the Yoast SEO Premium plugin v27.4 (Yoast SEO v27.4) - https:\/\/yoast.com\/product\/yoast-seo-premium-wordpress\/ -->\n<title>Mil\u00e1 zimo \u00bb SalzburgerLand.com<\/title>\n<meta name=\"robots\" content=\"index, follow, max-snippet:-1, max-image-preview:large, max-video-preview:-1\" \/>\n<link rel=\"canonical\" href=\"https:\/\/www.salzburgerland.com\/cs\/mila-zimo\/\" \/>\n<meta property=\"og:locale\" content=\"cs_CZ\" \/>\n<meta property=\"og:type\" content=\"article\" \/>\n<meta property=\"og:title\" content=\"Mil\u00e1 zimo\" \/>\n<meta property=\"og:description\" content=\"Jedno zvl\u00e1\u0161tn\u00ed r\u00e1no v p\u0159edv\u00e1no\u010dn\u00edm \u010dase. Je\u0161t\u011b rozespal\u00ed jsme p\u0159i\u0161li do kuchyn\u011b, maminka rozhrnula z\u00e1v\u011bsy a m\u00edsto pozdravem \u201edobr\u00e9 r\u00e1no\u201c, n\u00e1s p\u0159iv\u00edtala\" \/>\n<meta property=\"og:url\" content=\"https:\/\/www.salzburgerland.com\/cs\/mila-zimo\/\" \/>\n<meta property=\"og:site_name\" content=\"SalzburgerLand.com\" \/>\n<meta property=\"article:publisher\" content=\"https:\/\/www.facebook.com\/visitsalzburgerland\/\" \/>\n<meta property=\"article:modified_time\" content=\"2023-12-05T08:22:09+00:00\" \/>\n<meta property=\"og:image\" content=\"https:\/\/www.salzburgerland.com\/cs\/wp-content\/uploads\/2020\/11\/mroffenblende_slt_schnee-02368-1200x675.jpg\" \/>\n\t<meta property=\"og:image:width\" content=\"1200\" \/>\n\t<meta property=\"og:image:height\" content=\"675\" \/>\n\t<meta property=\"og:image:type\" content=\"image\/jpeg\" \/>\n<meta name=\"twitter:card\" content=\"summary_large_image\" \/>\n<meta name=\"twitter:site\" content=\"@salzburgerland\" \/>\n<meta name=\"twitter:label1\" content=\"Odhadovan\u00e1 doba \u010dten\u00ed\" \/>\n\t<meta name=\"twitter:data1\" content=\"5 minut\" \/>\n<script type=\"application\/ld+json\" class=\"yoast-schema-graph\">{\"@context\":\"https:\\\/\\\/schema.org\",\"@graph\":[{\"@type\":\"WebPage\",\"@id\":\"https:\\\/\\\/www.salzburgerland.com\\\/cs\\\/mila-zimo\\\/\",\"url\":\"https:\\\/\\\/www.salzburgerland.com\\\/cs\\\/mila-zimo\\\/\",\"name\":\"Mil\u00e1 zimo \u00bb SalzburgerLand.com\",\"isPartOf\":{\"@id\":\"https:\\\/\\\/www.salzburgerland.com\\\/cs\\\/#website\"},\"primaryImageOfPage\":{\"@id\":\"https:\\\/\\\/www.salzburgerland.com\\\/cs\\\/mila-zimo\\\/#primaryimage\"},\"image\":{\"@id\":\"https:\\\/\\\/www.salzburgerland.com\\\/cs\\\/mila-zimo\\\/#primaryimage\"},\"thumbnailUrl\":\"https:\\\/\\\/www.salzburgerland.com\\\/cs\\\/wp-content\\\/uploads\\\/2020\\\/11\\\/mroffenblende_slt_schnee-02368-scaled.jpg\",\"datePublished\":\"2020-11-19T23:22:22+00:00\",\"dateModified\":\"2023-12-05T08:22:09+00:00\",\"description\":\"Zimn\u00ed p\u0159\u00edroda v Salcbursku n\u00e1s z\u00e1sobuje p\u0159\u00edjemn\u00fdmi vzpom\u00ednkami a p\u016fsob\u00ed na psychickou i fyzickou str\u00e1nku \u010dlov\u011bka.\",\"inLanguage\":\"cs\",\"potentialAction\":[{\"@type\":\"ReadAction\",\"target\":[\"https:\\\/\\\/www.salzburgerland.com\\\/cs\\\/mila-zimo\\\/\"]}]},{\"@type\":\"ImageObject\",\"inLanguage\":\"cs\",\"@id\":\"https:\\\/\\\/www.salzburgerland.com\\\/cs\\\/mila-zimo\\\/#primaryimage\",\"url\":\"https:\\\/\\\/www.salzburgerland.com\\\/cs\\\/wp-content\\\/uploads\\\/2020\\\/11\\\/mroffenblende_slt_schnee-02368-scaled.jpg\",\"contentUrl\":\"https:\\\/\\\/www.salzburgerland.com\\\/cs\\\/wp-content\\\/uploads\\\/2020\\\/11\\\/mroffenblende_slt_schnee-02368-scaled.jpg\",\"width\":2560,\"height\":1707,\"caption\":\"Mil\u00e1 zimo, dnes jsi se opravdu p\u0159ekonala. \u00a9 SalzburgerLand Tourismus\"},{\"@type\":\"WebSite\",\"@id\":\"https:\\\/\\\/www.salzburgerland.com\\\/cs\\\/#website\",\"url\":\"https:\\\/\\\/www.salzburgerland.com\\\/cs\\\/\",\"name\":\"SalzburgerLand.com\",\"description\":\"Va\u0161e dovolen\u00e1 v Salcburku, Rakousko\",\"potentialAction\":[{\"@type\":\"SearchAction\",\"target\":{\"@type\":\"EntryPoint\",\"urlTemplate\":\"https:\\\/\\\/www.salzburgerland.com\\\/cs\\\/?s={search_term_string}\"},\"query-input\":{\"@type\":\"PropertyValueSpecification\",\"valueRequired\":true,\"valueName\":\"search_term_string\"}}],\"inLanguage\":\"cs\"}]}<\/script>\n<!-- \/ Yoast SEO Premium plugin. -->","yoast_head_json":{"title":"Mil\u00e1 zimo \u00bb SalzburgerLand.com","robots":{"index":"index","follow":"follow","max-snippet":"max-snippet:-1","max-image-preview":"max-image-preview:large","max-video-preview":"max-video-preview:-1"},"canonical":"https:\/\/www.salzburgerland.com\/cs\/mila-zimo\/","og_locale":"cs_CZ","og_type":"article","og_title":"Mil\u00e1 zimo","og_description":"Jedno zvl\u00e1\u0161tn\u00ed r\u00e1no v p\u0159edv\u00e1no\u010dn\u00edm \u010dase. Je\u0161t\u011b rozespal\u00ed jsme p\u0159i\u0161li do kuchyn\u011b, maminka rozhrnula z\u00e1v\u011bsy a m\u00edsto pozdravem \u201edobr\u00e9 r\u00e1no\u201c, n\u00e1s p\u0159iv\u00edtala","og_url":"https:\/\/www.salzburgerland.com\/cs\/mila-zimo\/","og_site_name":"SalzburgerLand.com","article_publisher":"https:\/\/www.facebook.com\/visitsalzburgerland\/","article_modified_time":"2023-12-05T08:22:09+00:00","og_image":[{"width":1200,"height":675,"url":"https:\/\/www.salzburgerland.com\/cs\/wp-content\/uploads\/2020\/11\/mroffenblende_slt_schnee-02368-1200x675.jpg","type":"image\/jpeg"}],"twitter_card":"summary_large_image","twitter_site":"@salzburgerland","twitter_misc":{"Odhadovan\u00e1 doba \u010dten\u00ed":"5 minut"},"schema":{"@context":"https:\/\/schema.org","@graph":[{"@type":"WebPage","@id":"https:\/\/www.salzburgerland.com\/cs\/mila-zimo\/","url":"https:\/\/www.salzburgerland.com\/cs\/mila-zimo\/","name":"Mil\u00e1 zimo \u00bb SalzburgerLand.com","isPartOf":{"@id":"https:\/\/www.salzburgerland.com\/cs\/#website"},"primaryImageOfPage":{"@id":"https:\/\/www.salzburgerland.com\/cs\/mila-zimo\/#primaryimage"},"image":{"@id":"https:\/\/www.salzburgerland.com\/cs\/mila-zimo\/#primaryimage"},"thumbnailUrl":"https:\/\/www.salzburgerland.com\/cs\/wp-content\/uploads\/2020\/11\/mroffenblende_slt_schnee-02368-scaled.jpg","datePublished":"2020-11-19T23:22:22+00:00","dateModified":"2023-12-05T08:22:09+00:00","description":"Zimn\u00ed p\u0159\u00edroda v Salcbursku n\u00e1s z\u00e1sobuje p\u0159\u00edjemn\u00fdmi vzpom\u00ednkami a p\u016fsob\u00ed na psychickou i fyzickou str\u00e1nku \u010dlov\u011bka.","inLanguage":"cs","potentialAction":[{"@type":"ReadAction","target":["https:\/\/www.salzburgerland.com\/cs\/mila-zimo\/"]}]},{"@type":"ImageObject","inLanguage":"cs","@id":"https:\/\/www.salzburgerland.com\/cs\/mila-zimo\/#primaryimage","url":"https:\/\/www.salzburgerland.com\/cs\/wp-content\/uploads\/2020\/11\/mroffenblende_slt_schnee-02368-scaled.jpg","contentUrl":"https:\/\/www.salzburgerland.com\/cs\/wp-content\/uploads\/2020\/11\/mroffenblende_slt_schnee-02368-scaled.jpg","width":2560,"height":1707,"caption":"Mil\u00e1 zimo, dnes jsi se opravdu p\u0159ekonala. \u00a9 SalzburgerLand Tourismus"},{"@type":"WebSite","@id":"https:\/\/www.salzburgerland.com\/cs\/#website","url":"https:\/\/www.salzburgerland.com\/cs\/","name":"SalzburgerLand.com","description":"Va\u0161e dovolen\u00e1 v Salcburku, Rakousko","potentialAction":[{"@type":"SearchAction","target":{"@type":"EntryPoint","urlTemplate":"https:\/\/www.salzburgerland.com\/cs\/?s={search_term_string}"},"query-input":{"@type":"PropertyValueSpecification","valueRequired":true,"valueName":"search_term_string"}}],"inLanguage":"cs"}]}},"_wl_alt_label":[],"wl:entity_url":"http:\/\/open.salzburgerland.com\/cs\/entity\/mila_zimo","_links":{"self":[{"href":"https:\/\/www.salzburgerland.com\/cs\/wp-json\/wp\/v2\/entities\/147901","targetHints":{"allow":["GET"]}}],"collection":[{"href":"https:\/\/www.salzburgerland.com\/cs\/wp-json\/wp\/v2\/entities"}],"about":[{"href":"https:\/\/www.salzburgerland.com\/cs\/wp-json\/wp\/v2\/types\/entity"}],"author":[{"embeddable":true,"href":"https:\/\/www.salzburgerland.com\/cs\/wp-json\/wp\/v2\/users\/6"}],"replies":[{"embeddable":true,"href":"https:\/\/www.salzburgerland.com\/cs\/wp-json\/wp\/v2\/comments?post=147901"}],"version-history":[{"count":5,"href":"https:\/\/www.salzburgerland.com\/cs\/wp-json\/wp\/v2\/entities\/147901\/revisions"}],"predecessor-version":[{"id":158677,"href":"https:\/\/www.salzburgerland.com\/cs\/wp-json\/wp\/v2\/entities\/147901\/revisions\/158677"}],"wp:featuredmedia":[{"embeddable":true,"href":"https:\/\/www.salzburgerland.com\/cs\/wp-json\/wp\/v2\/media\/150258"}],"wp:attachment":[{"href":"https:\/\/www.salzburgerland.com\/cs\/wp-json\/wp\/v2\/media?parent=147901"}],"wp:term":[{"taxonomy":"category","embeddable":true,"href":"https:\/\/www.salzburgerland.com\/cs\/wp-json\/wp\/v2\/categories?post=147901"},{"taxonomy":"post_tag","embeddable":true,"href":"https:\/\/www.salzburgerland.com\/cs\/wp-json\/wp\/v2\/tags?post=147901"},{"taxonomy":"wl_entity_type","embeddable":true,"href":"https:\/\/www.salzburgerland.com\/cs\/wp-json\/wp\/v2\/wl_entity_type?post=147901"}],"curies":[{"name":"wp","href":"https:\/\/api.w.org\/{rel}","templated":true}]}}