{"id":147150,"date":"2020-05-27T14:42:11","date_gmt":"2020-05-27T12:42:11","guid":{"rendered":"https:\/\/www.salzburgerland.com\/cs\/?p=147150"},"modified":"2023-06-28T17:46:43","modified_gmt":"2023-06-28T15:46:43","slug":"schladming-dachstein-v-lete","status":"publish","type":"entity","link":"https:\/\/www.salzburgerland.com\/cs\/schladming-dachstein-v-lete\/","title":{"rendered":"Schladming-Dachstein v l\u00e9t\u011b"},"content":{"rendered":"<p>Velc\u00ed i mal\u00ed host\u00e9 mohou dov\u00e1d\u011bt ve sportovn\u00edch a <strong>rekrea\u010dn\u00edch are\u00e1lech<\/strong> nebo na kr\u00e1sn\u00fdch p\u0159\u00edrodn\u00edch <strong>h\u0159i\u0161t\u00edch<\/strong> vysoko v hor\u00e1ch. Nesm\u00ed chyb\u011bt prol\u00e9za\u010dky, skluzavky, lezeck\u00e9 st\u011bny, lanov\u00e9 prvky, letn\u00ed <strong>bobov\u00e1 dr\u00e1ha<\/strong> nebo <strong>zipline<\/strong> \u2013 j\u00edzda na lanov\u00e9 skluzavce. Letn\u00ed karta pro hosty regionu poskytuje mnoho bezplatn\u00fdch \u010di zlevn\u011bn\u00fdch vstup\u016f a pr\u00e1zdninov\u00fdch program\u016f.<\/p>\n<div id=\"attachment_147153\" style=\"width: 1034px\" class=\"wp-caption alignnone\"><img decoding=\"async\" aria-describedby=\"caption-attachment-147153\" class=\"size-medium wp-image-147153\" src=\"https:\/\/cdn.salzburgerland.com\/cs\/wp-content\/uploads\/2020\/05\/-schladming-dachstein-peter-burgstaller-1024x569.jpg\" alt=\"\" width=\"1024\" height=\"569\" srcset=\"https:\/\/www.salzburgerland.com\/cs\/wp-content\/uploads\/2020\/05\/-schladming-dachstein-peter-burgstaller-1024x569.jpg 1024w, https:\/\/www.salzburgerland.com\/cs\/wp-content\/uploads\/2020\/05\/-schladming-dachstein-peter-burgstaller-370x206.jpg 370w, https:\/\/www.salzburgerland.com\/cs\/wp-content\/uploads\/2020\/05\/-schladming-dachstein-peter-burgstaller-270x150.jpg 270w, https:\/\/www.salzburgerland.com\/cs\/wp-content\/uploads\/2020\/05\/-schladming-dachstein-peter-burgstaller-540x300.jpg 540w\" sizes=\"(max-width: 1024px) 100vw, 1024px\"><p id=\"caption-attachment-147153\" class=\"wp-caption-text\">M\u00edsto jako stvo\u0159en\u00e9 pro v\u00fdlety \u00a9 Schladming-Dachstein, Peter Burgstaller<\/p><\/div>\n<h3>Letn\u00ed karta pro Schladming-Dachstein<\/h3>\n<p>Host\u00e9 v regionu z\u00edskaj\u00ed zdarma po ubytov\u00e1n\u00ed letn\u00ed turistickou kartu <strong>Schladming-Dachstein Sommercard<\/strong>. D\u00edky n\u00ed pak mohou gratis vyu\u017e\u00edvat nejr\u016fzn\u011bj\u0161\u00ed slevy a vstupy na v\u00edce ne\u017e 100 atrakc\u00ed v t\u00e9to oblasti. Dr\u017eitel\u00e9 karty mohou jezdit 8 letn\u00edmi lanovkami, nav\u0161t\u011bvovat aquaparky, baz\u00e9ny, muzea a vyu\u017e\u00edvat ve\u0159ejnou dopravu po cel\u00e9m regionu. S kartou na v\u00e1s \u010dek\u00e1 pestr\u00fd pr\u00e1zdninov\u00fd program pro v\u0161echny rodiny s d\u011btmi. <span>\u00a0<\/span><strong><a href=\"https:\/\/www.schladming-dachstein.at\/en\/summer\/summercard\" target=\"_blank\" rel=\"noopener\">Schladming-Dachstein Sommercard <\/a><\/strong><span>plat\u00ed od 18. kv\u011btna 2023 do 1. listopadu 2023. Nyn\u00ed je k dispozici v digit\u00e1ln\u00ed podob\u011b v r\u00e1mci aplikace Schladming-Dachstein pro chytr\u00e9 telefony. Krom\u011b aktu\u00e1ln\u00edch informac\u00ed o po\u010das\u00ed, webov\u00fdch kamer a pr\u016fvodc\u016f nab\u00edz\u00ed aplikace tak\u00e9 dal\u0161\u00ed p\u0159idanou hodnotu: poskytuje informace o v\u00fdletn\u00edch c\u00edlech na z\u00e1klad\u011b polohy, umo\u017e\u0148uje pozn\u00e1vat region a obsahuje digit\u00e1ln\u00ed slo\u017eku host\u016f p\u0159\u00edslu\u0161n\u00e9ho ubytovac\u00edho za\u0159\u00edzen\u00ed.<\/span><\/p>\n<h4>Stru\u010dn\u00e9 informace o kart\u011b<\/h4>\n<p>\u2022 Vstup <strong>zdarma<\/strong> pro v\u00edce ne\u017e 100 top turistick\u00fdch c\u00edl\u016f<br>\n\u2022 <strong>Slevy<\/strong> pro v\u00edce ne\u017e 100 dal\u0161\u00edch atrakc\u00ed<br>\n\u2022 Karta je k dispozici u v\u00edce ne\u017e <strong>1000 partnersk\u00fdch poskytovatel\u016f<\/strong> ubytov\u00e1n\u00ed p\u0159i pobytu alespo\u0148 na 1 noc<br>\n\u2022 Karta je <strong>zdarma<\/strong><br>\n\u2022 KidsCard \u2013 karta <strong>pro d\u011bti<\/strong> s v\u00edce ne\u017e 40 speci\u00e1ln\u00edmi atrakcemi<\/p>\n<div id=\"attachment_147154\" style=\"width: 1034px\" class=\"wp-caption alignnone\"><img decoding=\"async\" aria-describedby=\"caption-attachment-147154\" class=\"size-medium wp-image-147154\" src=\"https:\/\/cdn.salzburgerland.com\/cs\/wp-content\/uploads\/2020\/05\/sommercard_schladmingdachstein_standard_stoerer_en-1170x658--schladming-dachstein-peter-burgstaller-1024x569.png\" alt=\"\" width=\"1024\" height=\"569\" srcset=\"https:\/\/www.salzburgerland.com\/cs\/wp-content\/uploads\/2020\/05\/sommercard_schladmingdachstein_standard_stoerer_en-1170x658--schladming-dachstein-peter-burgstaller-1024x569.png 1024w, https:\/\/www.salzburgerland.com\/cs\/wp-content\/uploads\/2020\/05\/sommercard_schladmingdachstein_standard_stoerer_en-1170x658--schladming-dachstein-peter-burgstaller-370x206.png 370w, https:\/\/www.salzburgerland.com\/cs\/wp-content\/uploads\/2020\/05\/sommercard_schladmingdachstein_standard_stoerer_en-1170x658--schladming-dachstein-peter-burgstaller-270x150.png 270w, https:\/\/www.salzburgerland.com\/cs\/wp-content\/uploads\/2020\/05\/sommercard_schladmingdachstein_standard_stoerer_en-1170x658--schladming-dachstein-peter-burgstaller-540x300.png 540w\" sizes=\"(max-width: 1024px) 100vw, 1024px\"><p id=\"caption-attachment-147154\" class=\"wp-caption-text\">V\u00e1\u0161 trumf: SommerCard Schladming-Dachstein \u00a9 Schladming-Dachstein, Peter Burgstaller<\/p><\/div>\n<h3>Dachstein: dovolen\u00e1 pod st\u0159echou Alp<\/h3>\n<p>Dachstein je nejvy\u0161\u0161\u00ed horou rakousk\u00e9 spolkov\u00e9 zem\u011b \u0160t\u00fdrsko. N\u011bkdy se mu tak\u00e9 \u0159\u00edk\u00e1 \u201est\u0159echa v\u00fdchodn\u00edch Alp\u201c. N\u00e1v\u0161t\u011bvn\u00edky tady \u010dek\u00e1 mnoho nezapomenuteln\u00fdch z\u00e1\u017eitk\u016f. Na Dachstein do horn\u00ed stanice v nadmo\u0159sk\u00e9 v\u00fd\u0161ce 2700 m n. m. jezd\u00ed lanovka. B\u011bhem 10minutov\u00e9 j\u00edzdy mohou pasa\u017e\u00e9\u0159i obdivovat fascinuj\u00edc\u00ed okoln\u00ed panorama. Na vrcholu \u010dekaj\u00ed dal\u0161\u00ed nezapomenuteln\u00e9 z\u00e1\u017eitky. Z nebesk\u00e9 stezky <strong>Sky Walk<\/strong> m\u016f\u017eete vid\u011bt nejen cel\u00e9 Taury s Grossglocknerem a Grossvenedigerem, ale i nejvy\u0161\u0161\u00ed vrchol Slovinska nebo \u010d\u00e1st \u00fazem\u00ed \u010ceska. Ledov\u00e9 kr\u00e1lovstv\u00ed \u2013 pal\u00e1c <strong>Ice Palace<\/strong> nab\u00edz\u00ed neobvykl\u00fd pohled na sv\u011bt ledovce z jin\u00e9 perspektivy. \u010cekaj\u00ed tu t\u0159pytiv\u00e9 ledov\u00e9 sochy a komnaty s hudebn\u00edm a sv\u011bteln\u00fdm podbarven\u00edm. S\u00edn\u011b a chodby vznikly d\u00edky objevu dlouh\u00e9 a hlubok\u00e9 ledovcov\u00e9 trhliny. Dal\u0161\u00edmi atrakcemi, kter\u00e9 byste si zde nem\u011bli nechat uj\u00edt, je 100metrov\u00fd <strong>visut\u00fd most<\/strong> nebo vyhl\u00eddkov\u00e1 plo\u0161ina, takzvan\u00e9 <strong>\u201eschody do pr\u00e1zdna\u201c<\/strong> (Treppe ins Nichts).<\/p>\n<div id=\"attachment_148285\" style=\"width: 1180px\" class=\"wp-caption alignnone\"><img decoding=\"async\" aria-describedby=\"caption-attachment-148285\" class=\"wp-image-148285 size-1170_658\" src=\"https:\/\/cdn.salzburgerland.com\/cs\/wp-content\/uploads\/2020\/05\/schladming_gartner_mathaus_-8912-1170x658.jpg\" alt=\"\" width=\"1170\" height=\"658\" srcset=\"https:\/\/www.salzburgerland.com\/cs\/wp-content\/uploads\/2020\/05\/schladming_gartner_mathaus_-8912-1170x658.jpg 1170w, https:\/\/www.salzburgerland.com\/cs\/wp-content\/uploads\/2020\/05\/schladming_gartner_mathaus_-8912-1200x675.jpg 1200w\" sizes=\"(max-width: 1170px) 100vw, 1170px\"><p id=\"caption-attachment-148285\" class=\"wp-caption-text\">Impozantn\u00ed v\u00fdhled z plo\u0161iny \u201eTreppe ins Nichts\u201c \u00a9 Schladming-Dachstein, Gartner Math\u00e4us<\/p><\/div>\n<h3>J\u00edzda po \u0159ece Enns<\/h3>\n<p>\u0158eka Enns je r\u00e1jem v\u0161ech milovn\u00edk\u016f aktivn\u00edho odpo\u010dinku v p\u0159\u00edrod\u011b a t\u011bch, kte\u0159\u00ed sn\u00ed o neobvykl\u00fdch dobrodru\u017estv\u00edch. Tady si uprost\u0159ed malebn\u00e9 p\u0159\u00edrody na 100 % odpo\u010dinete. Na \u0159ece Enns vede 90kilometrov\u00e1 <strong>vod\u00e1ck\u00e1 trasa<\/strong>, kterou m\u016f\u017eete absolvovat v r\u00e1mci organizovan\u00e9ho v\u00fdletu. V\u00edcedenn\u00ed v\u00fdlet je rozd\u011blen do <strong>p\u011bti etap<\/strong> a \u00fa\u010dastn\u00edci mohou vodn\u00ed tok p\u0159ekon\u00e1vat na \u010dlunech nebo na kajaku. Na mnoha m\u00edstech se d\u00e1 <strong>zastavit<\/strong>, prot\u00e1hnout si nohy a vid\u011bt zaj\u00edmav\u00e1 m\u00edsta, le\u017e\u00edc\u00ed daleko od turistick\u00fdch tras. P\u0159i pl\u00e1nov\u00e1n\u00ed detail\u016f v\u00fdpravy r\u00e1di pomohou organiz\u00e1to\u0159i a poskytovatel\u00e9 slu\u017eeb, kte\u0159\u00ed nab\u00edzej\u00ed pron\u00e1jem kompletn\u00edho vybaven\u00ed, poradenstv\u00ed a dopravu.<\/p>\n<div id=\"attachment_147156\" style=\"width: 1034px\" class=\"wp-caption alignnone\"><img decoding=\"async\" aria-describedby=\"caption-attachment-147156\" class=\"wp-image-147156 size-medium\" src=\"https:\/\/cdn.salzburgerland.com\/cs\/wp-content\/uploads\/2020\/05\/flusswandern-1170x658-1-1024x569.jpg\" alt=\"\" width=\"1024\" height=\"569\" srcset=\"https:\/\/www.salzburgerland.com\/cs\/wp-content\/uploads\/2020\/05\/flusswandern-1170x658-1-1024x569.jpg 1024w, https:\/\/www.salzburgerland.com\/cs\/wp-content\/uploads\/2020\/05\/flusswandern-1170x658-1-370x206.jpg 370w, https:\/\/www.salzburgerland.com\/cs\/wp-content\/uploads\/2020\/05\/flusswandern-1170x658-1-270x150.jpg 270w, https:\/\/www.salzburgerland.com\/cs\/wp-content\/uploads\/2020\/05\/flusswandern-1170x658-1-540x300.jpg 540w\" sizes=\"(max-width: 1024px) 100vw, 1024px\"><p id=\"caption-attachment-147156\" class=\"wp-caption-text\">Dobrodru\u017estv\u00ed na \u0159ece Enns \u00a9 Kajaktiv, Helmut Knaus<\/p><\/div>\n<h3>Z\u00e1bava na hor\u00e1ch a novinky<\/h3>\n<p>V l\u00e9t\u011b se obl\u00edben\u00e1 ly\u017ea\u0159sk\u00e1 st\u0159ediska <a href=\"https:\/\/www.schladming-dachstein.at\/en\" target=\"_blank\" rel=\"noopener\">Schladmingu-Dachsteinu<\/a> m\u011bn\u00ed v kr\u00e1sn\u00e9 turistick\u00e9 a<strong> rekrea\u010dn\u00ed oblasti<\/strong>. Na ho\u0159e <strong>Planai<\/strong> otev\u00edr\u00e1 sv\u00e9 br\u00e1ny <strong>z\u00e1bavn\u00ed park \u201eHopsiland\u201c<\/strong> s lezeck\u00fdmi prvky, houpa\u010dkami, skluzavkami, ob\u0159\u00ed kuli\u010dkovou dr\u00e1hou a rozlehl\u00fdm vodn\u00edm parkem pro celou rodinu. <strong>Rittisberg<\/strong> tak\u00e9 nab\u00edz\u00ed mnoho atrakc\u00ed pro n\u00e1v\u0161t\u011bvn\u00edky v\u0161ech generac\u00ed.<\/p>\n<h3>Rittisberg: nov\u00e1 lanovka, poh\u00e1dkov\u00e1 stezka a z\u00e1\u017eitky<\/h3>\n<p>Na Rittisbergu v Ramsau se nyn\u00ed dostanete za pouh\u00e9 t\u0159i minuty novou kombinovanou lanovkou, kter\u00e1 spojuje 10m\u00edstn\u00e9 kabiny a 6m\u00edstn\u00e9 seda\u010dky. Hned vedle horn\u00ed stanice lanovky se nach\u00e1z\u00ed h\u0159i\u0161t\u011b s kr\u00e1sn\u00fdm v\u00fdhledem, kter\u00e9 nab\u00edz\u00ed z\u00e1bavu pro celou rodinu. Do t\u0159\u00edmetrov\u00e9ho n\u00e1pisu \u201eI LOVE RITTISBERG\u201c byly zabudov\u00e1ny houpa\u010dky, \u0161plhac\u00ed s\u00edt\u011b a prol\u00e9za\u010dky. Krom\u011b lanovky <strong>Rittisbergbahn<\/strong> nov\u011b vznikla tak\u00e9 poh\u00e1dkov\u00e1 stezka s interaktivn\u00edmi a akustick\u00fdmi stanovi\u0161ti.<\/p>\n<div id=\"attachment_156287\" style=\"width: 1180px\" class=\"wp-caption alignnone\"><img decoding=\"async\" aria-describedby=\"caption-attachment-156287\" class=\"size-1170_658 wp-image-156287\" src=\"https:\/\/cdn.salzburgerland.com\/cs\/wp-content\/uploads\/2020\/05\/255884-i-love-rittisberg-c-photo-austria-at-hans-simonlehner-1170x658.jpg\" alt=\"H\u0159i\u0161t\u011b na ho\u0159e Rittisberg nab\u00edz\u00ed z\u00e1bavu, prol\u00e9za\u010dky, houpa\u010dky a dal\u0161\u00ed atrakce pro d\u011bti i dosp\u011bl\u00e9\" width=\"1170\" height=\"658\" srcset=\"https:\/\/www.salzburgerland.com\/cs\/wp-content\/uploads\/2020\/05\/255884-i-love-rittisberg-c-photo-austria-at-hans-simonlehner-1170x658.jpg 1170w, https:\/\/www.salzburgerland.com\/cs\/wp-content\/uploads\/2020\/05\/255884-i-love-rittisberg-c-photo-austria-at-hans-simonlehner-1200x675.jpg 1200w\" sizes=\"(max-width: 1170px) 100vw, 1170px\"><p id=\"caption-attachment-156287\" class=\"wp-caption-text\">H\u0159i\u0161t\u011b na ho\u0159e Rittisberg \u00a9 Photo-Austria\/Hans Simonlehner<\/p><\/div>\n<p>\u0160irok\u00e1 nab\u00eddka letn\u00edch aktivit na Rittisbergu zahrnuje d\u00e1le lanovou skluzavku Flyline, bobovou dr\u00e1hu Rittisberg Coaster, lanov\u00e9 centrum, jez\u00edrko ke koup\u00e1n\u00ed, barefoot stezku a m\u016f\u017eete si tu tak\u00e9 vyzkou\u0161et laser biatlon.<\/p>\n<p>Na <strong>Hochwurzenu<\/strong> se mohou v\u0161ichni milovn\u00edci velk\u00fdch stroj\u016f vydov\u00e1d\u011bt p\u0159i rychl\u00e9 j\u00edzd\u011b na <strong>motok\u00e1r\u00e1ch<\/strong>. Romantickou a idylickou atmosf\u00e9rou se vyzna\u010duje okol\u00ed jezera <strong>Sipegelsee<\/strong> na ho\u0159e Reiteralm. Na <strong>Hauser Kaibling<\/strong> najdete disc golfov\u00e9 h\u0159i\u0161t\u011b nebo e-trial parcour. Krom\u011b toho jsou zde nau\u010dn\u00e9 stezky pro celou rodinu.<\/p>\n\n\t\t\t<div id=\"147150-1\" class=\"gallery gallery-147150 gallery-columns-3 gallery-size-1170_658\" itemscope itemtype=\"http:\/\/schema.org\/ImageGallery\">\n\t\t\t\t<ul class=\"gallery-row gallery-col-3 gallery-clear\">\n\t\t\t\t\t<li class=\"gallery-item col-3\" itemprop=\"associatedMedia\" itemscope itemtype=\"http:\/\/schema.org\/ImageObject\">\n\t\t\t\t\t\t<div class=\"gallery-icon landscape\"><a href=\"https:\/\/www.salzburgerland.com\/cs\/wp-content\/uploads\/2020\/05\/5214_waldhochseilgarten_kinder_hoeflehner-1170x658-1.jpg\" title=\"5214_waldhochseilgarten_kinder_hoeflehner-1170x658\"><img decoding=\"async\" data-title=\"Lesn\u00ed lanov\u00fd park Rittisberg \u00a9 photo-austria, Christine H\u00f6flehner\" title=\"Lesn\u00ed lanov\u00fd park Rittisberg \u00a9 photo-austria, Christine H\u00f6flehner\" data-caption=\"Lesn\u00ed lanov\u00fd park Rittisberg \u00a9 photo-austria, Christine H\u00f6flehner\" width=\"1170\" height=\"658\" src=\"https:\/\/www.salzburgerland.com\/cs\/wp-content\/uploads\/2020\/05\/5214_waldhochseilgarten_kinder_hoeflehner-1170x658-1.jpg\" class=\"attachment-1170_658 size-1170_658\" alt=\"Usm\u011bvav\u00e1 d\u00edvka v helm\u011b si u\u017e\u00edv\u00e1 dobrodru\u017estv\u00ed na lanov\u00e9 dr\u00e1ze v lesn\u00edm lanov\u00e9m parku. (Zv\u011bt\u0161en\u00fd pohled)\" srcset=\"https:\/\/www.salzburgerland.com\/cs\/wp-content\/uploads\/2020\/05\/5214_waldhochseilgarten_kinder_hoeflehner-1170x658-1.jpg 1170w, https:\/\/www.salzburgerland.com\/cs\/wp-content\/uploads\/2020\/05\/5214_waldhochseilgarten_kinder_hoeflehner-1170x658-1-768x432.jpg 768w\" sizes=\"(max-width: 1170px) 100vw, 1170px\" aria-describedby=\"figcaption-147150-147157\" itemprop=\"thumbnail\"><\/a><\/div>\n\t\t\t\t\t\t<span id=\"figcaption-147150-147157\" class=\"gallery-caption\" itemprop=\"caption\"><span aria-hidden=\"true\">Lesn\u00ed lanov\u00fd park Rittisberg \u00a9 photo-austria, Christine H\u00f6flehner<\/span><\/span>\n\t\t\t\t\t<\/li>\n\t\t\t\t\t<li class=\"gallery-item col-3\" itemprop=\"associatedMedia\" itemscope itemtype=\"http:\/\/schema.org\/ImageObject\">\n\t\t\t\t\t\t<div class=\"gallery-icon landscape\"><a href=\"https:\/\/www.salzburgerland.com\/cs\/wp-content\/uploads\/2020\/05\/spiegelsee_1239-1170x658-1.jpg\" title=\"spiegelsee_1239-1170x658\"><img decoding=\"async\" data-title=\"Okouzluj\u00edc\u00ed p\u0159\u00edroda \u00a9 photo-austria, Herbert Raffalt\" title=\"Okouzluj\u00edc\u00ed p\u0159\u00edroda \u00a9 photo-austria, Herbert Raffalt\" data-caption=\"Okouzluj\u00edc\u00ed p\u0159\u00edroda \u00a9 photo-austria, Herbert Raffalt\" width=\"1170\" height=\"658\" src=\"https:\/\/www.salzburgerland.com\/cs\/wp-content\/uploads\/2020\/05\/spiegelsee_1239-1170x658-1.jpg\" class=\"attachment-1170_658 size-1170_658\" alt=\"Klidn\u00e9 horsk\u00e9 jezero s r\u016f\u017eov\u00fdmi kv\u011bty, zelen\u00fdmi stromy a zasn\u011b\u017een\u00fdmi vrcholky pod modrou oblohou. (Zv\u011bt\u0161en\u00fd pohled)\" srcset=\"https:\/\/www.salzburgerland.com\/cs\/wp-content\/uploads\/2020\/05\/spiegelsee_1239-1170x658-1.jpg 1170w, https:\/\/www.salzburgerland.com\/cs\/wp-content\/uploads\/2020\/05\/spiegelsee_1239-1170x658-1-768x432.jpg 768w\" sizes=\"(max-width: 1170px) 100vw, 1170px\" aria-describedby=\"figcaption-147150-147158\" itemprop=\"thumbnail\"><\/a><\/div>\n\t\t\t\t\t\t<span id=\"figcaption-147150-147158\" class=\"gallery-caption\" itemprop=\"caption\"><span aria-hidden=\"true\">Okouzluj\u00edc\u00ed p\u0159\u00edroda \u00a9 photo-austria, Herbert Raffalt<\/span><\/span>\n\t\t\t\t\t<\/li>\n\t\t\t\t\t<li class=\"gallery-item col-3\" itemprop=\"associatedMedia\" itemscope itemtype=\"http:\/\/schema.org\/ImageObject\">\n\t\t\t\t\t\t<div class=\"gallery-icon landscape\"><a href=\"https:\/\/www.salzburgerland.com\/cs\/wp-content\/uploads\/2020\/05\/zipline_flyandfly-1875-1170x658-1.jpg\" title=\"zipline_flyandfly-1875-1170x658\"><img decoding=\"async\" data-title=\"Z\u00e1bava v hor\u00e1ch \u00a9 Zipline, Martin Huber\" title=\"Z\u00e1bava v hor\u00e1ch \u00a9 Zipline, Martin Huber\" data-caption=\"Z\u00e1bava v hor\u00e1ch \u00a9 Zipline, Martin Huber\" width=\"1170\" height=\"658\" src=\"https:\/\/www.salzburgerland.com\/cs\/wp-content\/uploads\/2020\/05\/zipline_flyandfly-1875-1170x658-1.jpg\" class=\"attachment-1170_658 size-1170_658\" alt=\"Lid\u00e9 sj\u00ed\u017ed\u011bj\u00edc\u00ed na ziplinu z hory s lesem a zasn\u011b\u017een\u00fdmi vrcholky v pozad\u00ed za slune\u010dn\u00e9ho dne. (Zv\u011bt\u0161en\u00fd pohled)\" srcset=\"https:\/\/www.salzburgerland.com\/cs\/wp-content\/uploads\/2020\/05\/zipline_flyandfly-1875-1170x658-1.jpg 1170w, https:\/\/www.salzburgerland.com\/cs\/wp-content\/uploads\/2020\/05\/zipline_flyandfly-1875-1170x658-1-768x432.jpg 768w\" sizes=\"(max-width: 1170px) 100vw, 1170px\" aria-describedby=\"figcaption-147150-147159\" itemprop=\"thumbnail\"><\/a><\/div>\n\t\t\t\t\t\t<span id=\"figcaption-147150-147159\" class=\"gallery-caption\" itemprop=\"caption\"><span aria-hidden=\"true\">Z\u00e1bava v hor\u00e1ch \u00a9 Zipline, Martin Huber<\/span><\/span>\n\t\t\t\t\t<\/li>\n\t\t\t\t<\/ul>\n\t\t\t<\/div><!-- .gallery -->\n\n<h3>Let na lan\u011b \u201eZipline\u201c na Stoderzinken<\/h3>\n<p>Lanov\u00fd skluz Zipline na <strong>Stoderzinken<\/strong> je nejv\u011bt\u0161\u00edm sv\u00e9ho druhu v Evrop\u011b. Funguje na principu kladky, kter\u00e1 se pohybuje po ocelov\u00e9m lan\u011b. Jednodu\u0161e sednete v nadmo\u0159sk\u00e9 v\u00fd\u0161ce 1600 metr\u016f do \u00favazu a pust\u00edte se po lan\u011b dol\u016f a\u017e do <strong>z\u00e1bavn\u00edho parku Gr\u00f6bming<\/strong> v 900 m. Na 4 paraleln\u00edch lanech spolu mohou jet na Zipline a\u017e 4 lid\u00e9.<\/p>\n<div id=\"attachment_147160\" style=\"width: 1034px\" class=\"wp-caption alignnone\"><img decoding=\"async\" aria-describedby=\"caption-attachment-147160\" class=\"size-medium wp-image-147160\" src=\"https:\/\/cdn.salzburgerland.com\/cs\/wp-content\/uploads\/2020\/05\/czipline-at_martin-huber-9-1170x658-1-1024x569.jpg\" alt=\"\" width=\"1024\" height=\"569\" srcset=\"https:\/\/www.salzburgerland.com\/cs\/wp-content\/uploads\/2020\/05\/czipline-at_martin-huber-9-1170x658-1-1024x569.jpg 1024w, https:\/\/www.salzburgerland.com\/cs\/wp-content\/uploads\/2020\/05\/czipline-at_martin-huber-9-1170x658-1-370x206.jpg 370w, https:\/\/www.salzburgerland.com\/cs\/wp-content\/uploads\/2020\/05\/czipline-at_martin-huber-9-1170x658-1-270x150.jpg 270w, https:\/\/www.salzburgerland.com\/cs\/wp-content\/uploads\/2020\/05\/czipline-at_martin-huber-9-1170x658-1-540x300.jpg 540w\" sizes=\"(max-width: 1024px) 100vw, 1024px\"><p id=\"caption-attachment-147160\" class=\"wp-caption-text\">J\u00edzda na Zipline \u00a9 Zipline, Martin Huber<\/p><\/div>\n<h3>Horolezeck\u00e9 trasy<\/h3>\n<p>Uprost\u0159ed regionu Schladming, v n\u00e1dhern\u00fdch kulis\u00e1ch ji\u017en\u00ed st\u011bny Dachsteinu, se rozprost\u00edr\u00e1 slune\u010dn\u00e1 plo\u0161ina <strong>Ramsau<\/strong>. Le\u017e\u00ed v nadmo\u0159sk\u00e9 v\u00fd\u0161ce 1000 a\u017e 3000 metr\u016f nad mo\u0159em a je perfektn\u00edm m\u00edstem v\u0161ech lezc\u016f, kte\u0159\u00ed v oblasti Schladming Dachstein najdou <strong>30 ferrat <\/strong>(z toho jich je 22 v Ramsau am Dachstein) a horolezeck\u00fdch cest, <strong>2 ferraty pro d\u011bti<\/strong>, jednu pro star\u0161\u00ed d\u011bti a lezeck\u00fd park \u201eKalis Klettersteiggarten\u201c, kde prov\u011b\u0159\u00edte sv\u00e9 s\u00edly, dovednosti a obratnost.<\/p>\n<h3>Cykloturistika a horsk\u00e1 kola<\/h3>\n<p><strong>Bike Park Schladming<\/strong> je ji\u017e dlouho pova\u017eov\u00e1n za \u0161pi\u010dkovou adresu pro milovn\u00edky cyklistiky. Na <strong>Reiteralmu<\/strong> nab\u00edz\u00ed 17 kilometr\u016f tras pro celou rodinu. S novou singltrekovou trat\u00ed <strong>Haus-Aich<\/strong> region Schladming-Dachstein d\u00e1le roz\u0161i\u0159uje svou pestrou nab\u00eddku pro bikery.<\/p>\n<div id=\"attachment_156283\" style=\"width: 1180px\" class=\"wp-caption alignnone\"><img decoding=\"async\" aria-describedby=\"caption-attachment-156283\" class=\"size-1170_658 wp-image-156283\" src=\"https:\/\/cdn.salzburgerland.com\/cs\/wp-content\/uploads\/2020\/05\/ksflewco-1170x658.png\" alt=\"Z\u00e1bava na kole v Bikeparku Schladming, kde vedou zaj\u00edmav\u00e9 trasy i lesn\u00edm ter\u00e9nem\" width=\"1170\" height=\"658\" srcset=\"https:\/\/www.salzburgerland.com\/cs\/wp-content\/uploads\/2020\/05\/ksflewco-1170x658.png 1170w, https:\/\/www.salzburgerland.com\/cs\/wp-content\/uploads\/2020\/05\/ksflewco-1200x675.png 1200w\" sizes=\"(max-width: 1170px) 100vw, 1170px\"><p id=\"caption-attachment-156283\" class=\"wp-caption-text\">Bikepark Schladming \u00a9 Roland Haschka<\/p><\/div>\n<h4><a href=\"https:\/\/www.schladming-dachstein.at\/en\/summer\/biking\/Singletrack-Haus-Aich#14\/47.42312\/13.79795\" target=\"_blank\" rel=\"noopener\">Singletrack Haus-Aich<\/a><\/h4>\n<p>Jeho slunn\u00e1 poloha umo\u017e\u0148uje provoz a\u017e do podzimu. Najdte tady \u00fazk\u00e9 trat\u011b, kter\u00e9 se na celkem p\u011bti kilometrech rozmanit\u011b klikat\u00ed mezi stromy. Byly vybudov\u00e1ny s maxim\u00e1ln\u00ed mo\u017enou ochranou p\u0159\u00edrody a \u017eivotn\u00edho prost\u0159ed\u00ed. T\u0159i r\u016fzn\u00e9 okruhy nab\u00edzej\u00ed z\u00e1bavu a nev\u0161edn\u00ed z\u00e1\u017eitek pro v\u0161echny v\u011bkov\u00e9 kategorie a \u00farovn\u011b dovednost\u00ed. Na nejjednodu\u0161\u0161\u00ed trati, kterou mohou jezdit i d\u011bti, nejsou nutn\u00e9 \u017e\u00e1dn\u00e9 p\u0159edchoz\u00ed zku\u0161enosti s koly pot\u0159eba. Na nov\u00fd singletrack Haus-Aich se dostanete ze sousedn\u00edch obc\u00ed po <strong>En\u017esk\u00e9 cyklostezce \u2013 Ennsradweg<\/strong>.\u00a0 P\u016fj\u010dovna kol a servisn\u00ed st\u0159edisko (v\u010detn\u011b velk\u00e9ho bezplatn\u00e9ho parkovi\u0161t\u011b) jsou k dispozici ve Sportshopu Hauser Kaibling.<\/p>\n<div id=\"attachment_156284\" style=\"width: 1180px\" class=\"wp-caption alignnone\"><img decoding=\"async\" aria-describedby=\"caption-attachment-156284\" class=\"size-1170_658 wp-image-156284\" src=\"https:\/\/cdn.salzburgerland.com\/cs\/wp-content\/uploads\/2020\/05\/bikepark_schladming_01-c-armin-walcher-1170x658.jpg\" alt=\"Proj\u00ed\u017e\u010fka na kolech v bikeparku Schladming\" width=\"1170\" height=\"658\" srcset=\"https:\/\/www.salzburgerland.com\/cs\/wp-content\/uploads\/2020\/05\/bikepark_schladming_01-c-armin-walcher-1170x658.jpg 1170w, https:\/\/www.salzburgerland.com\/cs\/wp-content\/uploads\/2020\/05\/bikepark_schladming_01-c-armin-walcher-1200x675.jpg 1200w\" sizes=\"(max-width: 1170px) 100vw, 1170px\"><p id=\"caption-attachment-156284\" class=\"wp-caption-text\">Bikepark Schladming \u00a9 Schladming Dachstein, Armin Walcher<\/p><\/div>\n<p>Region Schladming-Dachstein je zn\u00e1m\u00fd svou vynikaj\u00edc\u00ed cyklistickou infrastrukturou. Sv\u00e9 slu\u017eby zde nab\u00edz\u00ed <strong>14 speci\u00e1ln\u00edch hotel\u016f<\/strong>, orientovan\u00fdch na cyklistiku a <strong>MTB<\/strong>. Milovn\u00edci horsk\u00fdch kol maj\u00ed p\u0159\u00edle\u017eitost poznat region na <strong>27 okru\u017en\u00edch tras\u00e1ch <\/strong>r\u016fzn\u00e9 obt\u00ed\u017enosti pro d\u011bti i dosp\u011bl\u00e9. Vedou po lesn\u00edch cest\u00e1ch nebo v \u00fadol\u00ed pod\u00e9l b\u0159eh\u016f \u0159eky Enns. D\u00edky mnoha p\u016fj\u010dovn\u00e1m kol s<strong> elektrick\u00fdm pohonem<\/strong> a hust\u00e9 s\u00edti nab\u00edjec\u00edch stanic mohou hory hrav\u011b zdol\u00e1vat tak\u00e9 n\u00e1v\u0161t\u011bvn\u00edci, kte\u0159\u00ed tak \u010dasto netr\u00e9nuj\u00ed.<\/p>\n<div id=\"attachment_148287\" style=\"width: 1180px\" class=\"wp-caption alignnone\"><img decoding=\"async\" aria-describedby=\"caption-attachment-148287\" class=\"wp-image-148287 size-1170_658\" src=\"https:\/\/cdn.salzburgerland.com\/cs\/wp-content\/uploads\/2020\/05\/emtb_4_c-peter-burgstaller_-1170x658.jpg\" alt=\"\" width=\"1170\" height=\"658\" srcset=\"https:\/\/www.salzburgerland.com\/cs\/wp-content\/uploads\/2020\/05\/emtb_4_c-peter-burgstaller_-1170x658.jpg 1170w, https:\/\/www.salzburgerland.com\/cs\/wp-content\/uploads\/2020\/05\/emtb_4_c-peter-burgstaller_-1200x675.jpg 1200w\" sizes=\"(max-width: 1170px) 100vw, 1170px\"><p id=\"caption-attachment-148287\" class=\"wp-caption-text\">Na horsk\u00fdch kolech uprost\u0159ed n\u00e1dhern\u00fdch kulis hor \u00a9 Schladming-Dachstein, Peter Burgstaller<\/p><\/div>\n<p>Ve Schladmingu krom\u011b toho najdete <strong>bikepark<\/strong>, kam V\u00e1s vyveze rychle a pohodln\u011b lanovka na Planai. \u010cekaj\u00ed tu stezky Flowline, Uphill Flow Trail a Jumpline pro za\u010d\u00e1te\u010dn\u00edky i pokro\u010dil\u00e9 pro maxim\u00e1ln\u00ed z\u00e1\u017eitky na kole. 15 kilometr\u016f stezek, 6 single track\u016f, jedine\u010dn\u00e9 vyhl\u00eddky, p\u016fj\u010dovna a servis kol, to jsou traily na <strong>Reiteralmu <\/strong>s celkov\u00fdm p\u0159ev\u00fd\u0161en\u00edm 700 metr\u016f<strong>. <\/strong>\u010cekaj\u00ed tu trasy vhodn\u00e9 pro juniory i pro zdatn\u00e9 bikery a dostanete se sem lanovkou Preunegg Jet.<\/p>\n\n\t\t\t<div id=\"147150-2\" class=\"gallery gallery-147150 gallery-columns-3 gallery-size-1170_658\" itemscope itemtype=\"http:\/\/schema.org\/ImageGallery\">\n\t\t\t\t<ul class=\"gallery-row gallery-col-3 gallery-clear\">\n\t\t\t\t\t<li class=\"gallery-item col-3\" itemprop=\"associatedMedia\" itemscope itemtype=\"http:\/\/schema.org\/ImageObject\">\n\t\t\t\t\t\t<div class=\"gallery-icon landscape\"><a href=\"https:\/\/www.salzburgerland.com\/cs\/wp-content\/uploads\/2020\/05\/11_c-christoph-oberschneider_dsc05872-5-1920x1067.jpg\" title=\"11_(c) Christoph Oberschneider_DSC05872-5\"><img decoding=\"async\" data-title=\"Traily na Reiteralm \u00a9 Schladming-Dachstein, Christoph Oberschneider\" title=\"Traily na Reiteralm \u00a9 Schladming-Dachstein, Christoph Oberschneider\" data-caption=\"Traily na Reiteralm \u00a9 Schladming-Dachstein, Christoph Oberschneider\" width=\"1170\" height=\"658\" src=\"https:\/\/www.salzburgerland.com\/cs\/wp-content\/uploads\/2020\/05\/11_c-christoph-oberschneider_dsc05872-5-1170x658.jpg\" class=\"attachment-1170_658 size-1170_658\" alt=\"Dva cyklist\u00e9 jedou na horsk\u00fdch kolech po proslun\u011bn\u00e9 lesn\u00ed stezce obklopen\u00e9 zelen\u00fdm kaprad\u00edm a vysok\u00fdmi stromy. (Zv\u011bt\u0161en\u00fd pohled)\" srcset=\"https:\/\/www.salzburgerland.com\/cs\/wp-content\/uploads\/2020\/05\/11_c-christoph-oberschneider_dsc05872-5-1170x658.jpg 1170w, https:\/\/www.salzburgerland.com\/cs\/wp-content\/uploads\/2020\/05\/11_c-christoph-oberschneider_dsc05872-5-1200x675.jpg 1200w\" sizes=\"(max-width: 1170px) 100vw, 1170px\" aria-describedby=\"figcaption-147150-148288\" itemprop=\"thumbnail\"><\/a><\/div>\n\t\t\t\t\t\t<span id=\"figcaption-147150-148288\" class=\"gallery-caption\" itemprop=\"caption\"><span aria-hidden=\"true\">Traily na Reiteralm \u00a9 Schladming-Dachstein, Christoph Oberschneider<\/span><\/span>\n\t\t\t\t\t<\/li>\n\t\t\t\t\t<li class=\"gallery-item col-3\" itemprop=\"associatedMedia\" itemscope itemtype=\"http:\/\/schema.org\/ImageObject\">\n\t\t\t\t\t\t<div class=\"gallery-icon landscape\"><a href=\"https:\/\/www.salzburgerland.com\/cs\/wp-content\/uploads\/2020\/05\/reiteralm-trails56-c-reiteralm-bergbahnen_lorenzmasser-com_.jpeg\" title=\"Reiteralm Trails56 -c- Reiteralm Bergbahnen_lorenzmasser.com\"><img decoding=\"async\" data-title=\"Traily na Reiteralm jsou vhodn\u00e9 i pro juniory \u00a9 Schladming-Dachstein\" title=\"Traily na Reiteralm jsou vhodn\u00e9 i pro juniory \u00a9 Schladming-Dachstein\" data-caption=\"Traily na Reiteralm jsou vhodn\u00e9 i pro juniory \u00a9 Schladming-Dachstein\" width=\"1000\" height=\"658\" src=\"https:\/\/www.salzburgerland.com\/cs\/wp-content\/uploads\/2020\/05\/reiteralm-trails56-c-reiteralm-bergbahnen_lorenzmasser-com_-1000x658.jpeg\" class=\"attachment-1170_658 size-1170_658\" alt=\"T\u0159i lid\u00e9 v helm\u00e1ch jedou na horsk\u00fdch kolech po \u00fazk\u00e9, \u010dlenit\u00e9 lesn\u00ed stezce ve slune\u010dn\u00edm sv\u011btle. (Zv\u011bt\u0161en\u00fd pohled)\" aria-describedby=\"figcaption-147150-148290\" itemprop=\"thumbnail\"><\/a><\/div>\n\t\t\t\t\t\t<span id=\"figcaption-147150-148290\" class=\"gallery-caption\" itemprop=\"caption\"><span aria-hidden=\"true\">Traily na Reiteralm jsou vhodn\u00e9 i pro juniory \u00a9 Schladming-Dachstein<\/span><\/span>\n\t\t\t\t\t<\/li>\n\t\t\t\t\t<li class=\"gallery-item col-3\" itemprop=\"associatedMedia\" itemscope itemtype=\"http:\/\/schema.org\/ImageObject\">\n\t\t\t\t\t\t<div class=\"gallery-icon landscape\"><a href=\"https:\/\/www.salzburgerland.com\/cs\/wp-content\/uploads\/2020\/05\/bikepark_planai_12-10-2019_by_roland_haschka_alpreif_011-1654x1067.jpg\" title=\"Bikepark Planai\"><img decoding=\"async\" data-title=\"Bikepark Schladming, Planai \u00a9 Schladming-Dachstein, Roland Haschka\" title=\"Bikepark Schladming, Planai \u00a9 Schladming-Dachstein, Roland Haschka\" data-caption=\"Bikepark Schladming, Planai \u00a9 Schladming-Dachstein, Roland Haschka\" width=\"1170\" height=\"658\" src=\"https:\/\/www.salzburgerland.com\/cs\/wp-content\/uploads\/2020\/05\/bikepark_planai_12-10-2019_by_roland_haschka_alpreif_011-1170x658.jpg\" class=\"attachment-1170_658 size-1170_658\" alt=\"Horsk\u00fd cyklista ve vzduchu p\u0159edv\u00e1d\u00ed trik na poln\u00ed cest\u011b lesem. (Zv\u011bt\u0161en\u00fd pohled)\" srcset=\"https:\/\/www.salzburgerland.com\/cs\/wp-content\/uploads\/2020\/05\/bikepark_planai_12-10-2019_by_roland_haschka_alpreif_011-1170x658.jpg 1170w, https:\/\/www.salzburgerland.com\/cs\/wp-content\/uploads\/2020\/05\/bikepark_planai_12-10-2019_by_roland_haschka_alpreif_011-1200x675.jpg 1200w\" sizes=\"(max-width: 1170px) 100vw, 1170px\" aria-describedby=\"figcaption-147150-148291\" itemprop=\"thumbnail\"><\/a><\/div>\n\t\t\t\t\t\t<span id=\"figcaption-147150-148291\" class=\"gallery-caption\" itemprop=\"caption\"><span aria-hidden=\"true\">Bikepark Schladming, Planai \u00a9 Schladming-Dachstein, Roland Haschka<\/span><\/span>\n\t\t\t\t\t<\/li>\n\t\t\t\t<\/ul>\n\t\t\t<\/div><!-- .gallery -->\n\n<h3>Kaple <strong>Friedenskircherl<\/strong> byla vyhl\u00e1\u0161ena jako nejkr\u00e1sn\u011bj\u0161\u00ed m\u00edsto Rakouska<\/h3>\n<p><strong>Friedenskircherl<\/strong> se nach\u00e1z\u00ed v nadmo\u0159sk\u00e9 v\u00fd\u0161ce 1 898 metr\u016f na ji\u017en\u00ed stran\u011b <strong>Stoderzinkenu<\/strong>. Podle ankety rakousk\u00e9 televize ORF se jedn\u00e1 o nejkr\u00e1sn\u011bj\u0161\u00ed m\u00edsto v Rakousku. Je zde n\u00e1dhern\u00fd v\u00fdhled do \u00fadol\u00ed. Friedenskircherl, naz\u00fdvan\u00fd tak\u00e9 Stoderkircherl, byl postaven v roce 1902 Emilem Ritterem von Horstig d\u2019Aubigny. Kaple byla kdysi postavena s c\u00edlem sbli\u017eovat lidi bez ohledu na to, kdo jsou, odkud poch\u00e1zej\u00ed nebo v co v\u011b\u0159\u00ed. Je pova\u017eov\u00e1na za symbol vz\u00e1jemn\u00e9 tolerance a respektu mezi jednotliv\u00fdmi vyzn\u00e1n\u00edmi. Dnes je <strong>pam\u00e1tkov\u011b chr\u00e1n\u011bn\u00e1<\/strong> kaple ve vlastnictv\u00ed gr\u00f6bmingsk\u00e9 pobo\u010dky Horsk\u00e9 slu\u017eby, kter\u00e1 se o ni usilovn\u011b star\u00e1 a udr\u017euje ji. Jako p\u0159ekr\u00e1sn\u00fd turistick\u00fd c\u00edl kaple l\u00e1k\u00e1 n\u00e1v\u0161t\u011bvn\u00edky, tak\u017ee obce Aich a Gr\u00f6bming, horsk\u00e1 slu\u017eba, majitel\u00e9 pozemk\u016f a Turistick\u00fd svaz Schladming-Dachstein spolupracuj\u00ed na \u0159e\u0161en\u00edch, aby se poda\u0159ilo udr\u017eet toto m\u00edsto nep\u0159elidn\u011bn\u00e9 a se sv\u00fdm jedine\u010dn\u00fdm poklidn\u00fdm r\u00e1zem pro rozj\u00edm\u00e1n\u00ed.<\/p>\n<div id=\"attachment_156289\" style=\"width: 1180px\" class=\"wp-caption alignnone\"><img decoding=\"async\" aria-describedby=\"caption-attachment-156289\" class=\"wp-image-156289 size-1170_658\" src=\"https:\/\/cdn.salzburgerland.com\/cs\/wp-content\/uploads\/2020\/05\/chf_20170630_122637-1170x658.jpg\" alt=\"Friedenskircherl se nach\u00e1z\u00ed v nadmo\u0159sk\u00e9 v\u00fd\u0161ce 1 898 metr\u016f na ji\u017en\u00ed stran\u011b Stoderzinkenu. Podle ankety rakousk\u00e9 televize ORF se jedn\u00e1 o nejkr\u00e1sn\u011bj\u0161\u00ed m\u00edsto v Rakousku\" width=\"1170\" height=\"658\" srcset=\"https:\/\/www.salzburgerland.com\/cs\/wp-content\/uploads\/2020\/05\/chf_20170630_122637-1170x658.jpg 1170w, https:\/\/www.salzburgerland.com\/cs\/wp-content\/uploads\/2020\/05\/chf_20170630_122637-1200x675.jpg 1200w\" sizes=\"(max-width: 1170px) 100vw, 1170px\"><p id=\"caption-attachment-156289\" class=\"wp-caption-text\">Kapli\u010dka Friedenskircherl na Stoderzinkenu \u00a9 TVB Schladming-Dachstein\/Photo-Austria-Christoph Huber<\/p><\/div>\n<h3>Kulin\u00e1\u0159sk\u00fd projekt Almkulinarik<\/h3>\n<p>Pod z\u00e1\u0161titou \u0161pi\u010dkov\u00e9ho a zn\u00e1m\u00e9ho \u0161\u00e9fkucha\u0159e <strong>Richarda Raucha<\/strong> vznikla spolupr\u00e1ce se 14 provozovateli horsk\u00fdch chat v oblasti Schladming-Dachstein. M\u00e1te tak mimo\u0159\u00e1dnou mo\u017enost pozn\u00e1vat nejen vrcholy alpsk\u00e9, ale tak\u00e9 gastronomick\u00e9. V reperto\u00e1ru ocen\u011bn\u00e9ho Gault Millau kucha\u0159e a \u0161\u00e9fkucha\u0159e roku 2017 najdete r\u016fzn\u00e1 sez\u00f3nn\u00ed a region\u00e1ln\u00ed j\u00eddla. V\u017edy jedno z nich nab\u00edzej\u00ed vybran\u00e9 chaty, se kter\u00fdmi prob\u00edh\u00e1 spolupr\u00e1ce na tomto projektu.<\/p>\n\n\t\t\t<div id=\"147150-3\" class=\"gallery gallery-147150 gallery-columns-3 gallery-size-1170_658\" itemscope itemtype=\"http:\/\/schema.org\/ImageGallery\">\n\t\t\t\t<ul class=\"gallery-row gallery-col-3 gallery-clear\">\n\t\t\t\t\t<li class=\"gallery-item col-3\" itemprop=\"associatedMedia\" itemscope itemtype=\"http:\/\/schema.org\/ImageObject\">\n\t\t\t\t\t\t<div class=\"gallery-icon landscape\"><a href=\"https:\/\/www.salzburgerland.com\/cs\/wp-content\/uploads\/2020\/05\/dsf2609c-schladming-dachstein_peter-burgstaller_-1920x1067.jpg\" title=\"__DSF2609(c) Schladming-Dachstein_Peter Burgstaller_\"><img decoding=\"async\" data-title=\"Region\u00e1ln\u00ed lah\u016fdky si na chalup\u00e1ch vychutn\u00e1te i v l\u00e9t\u011b \u00a9 Schladming-Dachstein, Peter Burgstaller\" title=\"Region\u00e1ln\u00ed lah\u016fdky si na chalup\u00e1ch vychutn\u00e1te i v l\u00e9t\u011b \u00a9 Schladming-Dachstein, Peter Burgstaller\" data-caption=\"Region\u00e1ln\u00ed lah\u016fdky si na chalup\u00e1ch vychutn\u00e1te i v l\u00e9t\u011b \u00a9 Schladming-Dachstein, Peter Burgstaller\" width=\"1170\" height=\"658\" src=\"https:\/\/www.salzburgerland.com\/cs\/wp-content\/uploads\/2020\/05\/dsf2609c-schladming-dachstein_peter-burgstaller_-1170x658.jpg\" class=\"attachment-1170_658 size-1170_658\" alt=\"Dv\u011b rustik\u00e1ln\u00ed n\u00e1dob\u00ed, pivo, v\u00edno a kv\u011btiny na d\u0159ev\u011bn\u00e9m stole s \u010derven\u00fdmi ubrousky, venku na slunci. (Zv\u011bt\u0161en\u00fd pohled)\" srcset=\"https:\/\/www.salzburgerland.com\/cs\/wp-content\/uploads\/2020\/05\/dsf2609c-schladming-dachstein_peter-burgstaller_-1170x658.jpg 1170w, https:\/\/www.salzburgerland.com\/cs\/wp-content\/uploads\/2020\/05\/dsf2609c-schladming-dachstein_peter-burgstaller_-1200x675.jpg 1200w\" sizes=\"(max-width: 1170px) 100vw, 1170px\" aria-describedby=\"figcaption-147150-148329\" itemprop=\"thumbnail\"><\/a><\/div>\n\t\t\t\t\t\t<span id=\"figcaption-147150-148329\" class=\"gallery-caption\" itemprop=\"caption\"><span aria-hidden=\"true\">Region\u00e1ln\u00ed lah\u016fdky si na chalup\u00e1ch vychutn\u00e1te i v l\u00e9t\u011b \u00a9 Schladming-Dachstein, Peter Burgstaller<\/span><\/span>\n\t\t\t\t\t<\/li>\n\t\t\t\t\t<li class=\"gallery-item col-3\" itemprop=\"associatedMedia\" itemscope itemtype=\"http:\/\/schema.org\/ImageObject\">\n\t\t\t\t\t\t<div class=\"gallery-icon landscape\"><a href=\"https:\/\/www.salzburgerland.com\/cs\/wp-content\/uploads\/2020\/05\/dsf2755c-schladming-dachstein_peter-burgstaller-1920x961.jpg\" title=\"__DSF2755(c) Schladming-Dachstein_Peter Burgstaller\"><img decoding=\"async\" data-title=\"V l\u00e9t\u011b, v hor\u00e1ch budete nasytit o\u010di s v\u00fdhledem na hory, a patra s sofiPosezen\u00ed na terase s v\u00fdhledem na hory \u00a9 Schladming-Dachstein, Peter Burgstaller\" title=\"V l\u00e9t\u011b, v hor\u00e1ch budete nasytit o\u010di s v\u00fdhledem na hory, a patra s sofiPosezen\u00ed na terase s v\u00fdhledem na hory \u00a9 Schladming-Dachstein, Peter Burgstaller\" data-caption=\"V l\u00e9t\u011b, v hor\u00e1ch budete nasytit o\u010di s v\u00fdhledem na hory, a patra s sofiPosezen\u00ed na terase s v\u00fdhledem na hory \u00a9 Schladming-Dachstein, Peter Burgstaller\" width=\"1170\" height=\"658\" src=\"https:\/\/www.salzburgerland.com\/cs\/wp-content\/uploads\/2020\/05\/dsf2755c-schladming-dachstein_peter-burgstaller-1170x658.jpg\" class=\"attachment-1170_658 size-1170_658\" alt=\"Mu\u017e a \u017eena si vychutn\u00e1vaj\u00ed j\u00eddlo venku u d\u0159ev\u011bn\u00e9ho stolu s horami v pozad\u00ed. (Zv\u011bt\u0161en\u00fd pohled)\" srcset=\"https:\/\/www.salzburgerland.com\/cs\/wp-content\/uploads\/2020\/05\/dsf2755c-schladming-dachstein_peter-burgstaller-1170x658.jpg 1170w, https:\/\/www.salzburgerland.com\/cs\/wp-content\/uploads\/2020\/05\/dsf2755c-schladming-dachstein_peter-burgstaller-1200x675.jpg 1200w\" sizes=\"(max-width: 1170px) 100vw, 1170px\" aria-describedby=\"figcaption-147150-148330\" itemprop=\"thumbnail\"><\/a><\/div>\n\t\t\t\t\t\t<span id=\"figcaption-147150-148330\" class=\"gallery-caption\" itemprop=\"caption\"><span aria-hidden=\"true\">V l\u00e9t\u011b, v hor\u00e1ch budete nasytit o\u010di s v\u00fdhledem na hory, a patra s sofiPosezen\u00ed na terase s v\u00fdhledem na hory \u00a9 Schladming-Dachstein, Peter Burgstaller<\/span><\/span>\n\t\t\t\t\t<\/li>\n\t\t\t\t\t<li class=\"gallery-item col-3\" itemprop=\"associatedMedia\" itemscope itemtype=\"http:\/\/schema.org\/ImageObject\">\n\t\t\t\t\t\t<div class=\"gallery-icon landscape\"><a href=\"https:\/\/www.salzburgerland.com\/cs\/wp-content\/uploads\/2020\/05\/schladming_gartner_mathaus_-8581-1920x1067.jpg\" title=\"Schladming_\u00a9Gartner_Math\u00e4us_-8581\"><img decoding=\"async\" data-title=\"Tradi\u010dn\u00ed sva\u010dina na prk\u00e9nku \u00a9 Schladming-Dachstein, Gartner Math\u00e4us\" title=\"Tradi\u010dn\u00ed sva\u010dina na prk\u00e9nku \u00a9 Schladming-Dachstein, Gartner Math\u00e4us\" data-caption=\"Tradi\u010dn\u00ed sva\u010dina na prk\u00e9nku \u00a9 Schladming-Dachstein, Gartner Math\u00e4us\" width=\"1170\" height=\"658\" src=\"https:\/\/www.salzburgerland.com\/cs\/wp-content\/uploads\/2020\/05\/schladming_gartner_mathaus_-8581-1170x658.jpg\" class=\"attachment-1170_658 size-1170_658\" alt=\"Rustik\u00e1ln\u00ed d\u0159ev\u011bn\u00e1 tabule s \u017eitn\u00fdm chlebem, uzeninami, s\u00fdrem, okurkami a \u010derstvou zeleninou na d\u0159ev\u011bn\u00e9m stole. (Zv\u011bt\u0161en\u00fd pohled)\" srcset=\"https:\/\/www.salzburgerland.com\/cs\/wp-content\/uploads\/2020\/05\/schladming_gartner_mathaus_-8581-1170x658.jpg 1170w, https:\/\/www.salzburgerland.com\/cs\/wp-content\/uploads\/2020\/05\/schladming_gartner_mathaus_-8581-1200x675.jpg 1200w\" sizes=\"(max-width: 1170px) 100vw, 1170px\" aria-describedby=\"figcaption-147150-148331\" itemprop=\"thumbnail\"><\/a><\/div>\n\t\t\t\t\t\t<span id=\"figcaption-147150-148331\" class=\"gallery-caption\" itemprop=\"caption\"><span aria-hidden=\"true\">Tradi\u010dn\u00ed sva\u010dina na prk\u00e9nku \u00a9 Schladming-Dachstein, Gartner Math\u00e4us<\/span><\/span>\n\t\t\t\t\t<\/li>\n\t\t\t\t<\/ul>\n\t\t\t<\/div><!-- .gallery -->\n\n<h3>Bezpe\u010dn\u00e1 dovolen\u00e1 na hor\u00e1ch<\/h3>\n<p>Hory jsou n\u00e1dhern\u00fdm m\u00edstem pro aktivn\u00ed odpo\u010dinek. P\u0159ivedou v\u00e1s k dobrodru\u017estv\u00ed, za \u00fa\u017easn\u00fdm v\u00fdhledy, poskytnou zdrav\u00fd vzduch, zlep\u0161\u00ed v\u00e1\u0161 zdravotn\u00ed i psychick\u00fd stav a umo\u017en\u00ed efektivn\u00ed odpo\u010dinek od ka\u017edodenn\u00edho \u017eivota. Zdol\u00e1v\u00e1n\u00ed vrchol\u016f p\u0159in\u00e1\u0161\u00ed lidem velk\u00e9 uspokojen\u00ed. P\u0159i odpo\u010dinku v hor\u00e1ch v\u0161ak pros\u00edm za v\u0161ech okolnost\u00ed dodr\u017eujte<a href=\"https:\/\/www.salzburgerland.com\/cs\/bezpecnost-v-horach-v-lete\/\"><strong> bezpe\u010dnostn\u00ed pravidla<\/strong><\/a>.<\/p>\n","protected":false},"excerpt":{"rendered":"<p>Velc\u00ed i mal\u00ed host\u00e9 mohou dov\u00e1d\u011bt ve sportovn\u00edch a rekrea\u010dn\u00edch are\u00e1lech nebo na kr\u00e1sn\u00fdch p\u0159\u00edrodn\u00edch h\u0159i\u0161t\u00edch vysoko v hor\u00e1ch. Nesm\u00ed chyb\u011bt prol\u00e9za\u010dky, skluzavky, lezeck\u00e9 st\u011bny, lanov\u00e9 prvky, letn\u00ed bobov\u00e1 dr\u00e1ha nebo zipline \u2013 j\u00edzda na lanov\u00e9 skluzavce. Letn\u00ed karta pro hosty regionu poskytuje mnoho bezplatn\u00fdch \u010di zlevn\u011bn\u00fdch vstup\u016f a pr\u00e1zdninov\u00fdch program\u016f. Letn\u00ed karta pro Schladming-Dachstein [&hellip;]<\/p>\n","protected":false},"author":6,"featured_media":148283,"comment_status":"closed","ping_status":"closed","template":"","meta":{"_acf_changed":false,"wl_entities_gutenberg":"","_relevanssi_hide_post":"","_relevanssi_hide_content":"","_relevanssi_pin_for_all":"","_relevanssi_pin_keywords":"","_relevanssi_unpin_keywords":"","_relevanssi_related_keywords":"","_relevanssi_related_include_ids":"","_relevanssi_related_exclude_ids":"","_relevanssi_related_no_append":"","_relevanssi_related_not_related":"","_relevanssi_related_posts":"","_relevanssi_noindex_reason":"","footnotes":""},"categories":[1],"tags":[],"wl_entity_type":[2],"class_list":["post-147150","entity","type-entity","status-publish","has-post-thumbnail","hentry","category-uncategorized","wl_entity_type-thing","sitetype-theme"],"acf":[],"yoast_head":"<!-- This site is optimized with the Yoast SEO Premium plugin v27.4 (Yoast SEO v27.4) - https:\/\/yoast.com\/product\/yoast-seo-premium-wordpress\/ -->\n<title>Schladming-Dachstein v l\u00e9t\u011b \u00bb SalzburgerLand.com<\/title>\n<meta name=\"robots\" content=\"index, follow, max-snippet:-1, max-image-preview:large, max-video-preview:-1\" \/>\n<link rel=\"canonical\" href=\"https:\/\/www.salzburgerland.com\/cs\/schladming-dachstein-v-lete\/\" \/>\n<meta property=\"og:locale\" content=\"cs_CZ\" \/>\n<meta property=\"og:type\" content=\"article\" \/>\n<meta property=\"og:title\" content=\"Schladming-Dachstein v l\u00e9t\u011b\" \/>\n<meta property=\"og:description\" content=\"Velc\u00ed i mal\u00ed host\u00e9 mohou dov\u00e1d\u011bt ve sportovn\u00edch a rekrea\u010dn\u00edch are\u00e1lech nebo na kr\u00e1sn\u00fdch p\u0159\u00edrodn\u00edch h\u0159i\u0161t\u00edch vysoko v hor\u00e1ch. Nesm\u00ed chyb\u011bt prol\u00e9za\u010dky,\" \/>\n<meta property=\"og:url\" content=\"https:\/\/www.salzburgerland.com\/cs\/schladming-dachstein-v-lete\/\" \/>\n<meta property=\"og:site_name\" content=\"SalzburgerLand.com\" \/>\n<meta property=\"article:publisher\" content=\"https:\/\/www.facebook.com\/visitsalzburgerland\/\" \/>\n<meta property=\"article:modified_time\" content=\"2023-06-28T15:46:43+00:00\" \/>\n<meta property=\"og:image\" content=\"https:\/\/www.salzburgerland.com\/cs\/wp-content\/uploads\/2020\/05\/hauptsujet_wandern_dsf1533a-c-schladming-dachstein_peter-burgstaller_-1200x675.jpg\" \/>\n\t<meta property=\"og:image:width\" content=\"1200\" \/>\n\t<meta property=\"og:image:height\" content=\"675\" \/>\n\t<meta property=\"og:image:type\" content=\"image\/jpeg\" \/>\n<meta name=\"twitter:card\" content=\"summary_large_image\" \/>\n<meta name=\"twitter:site\" content=\"@salzburgerland\" \/>\n<meta name=\"twitter:label1\" content=\"Odhadovan\u00e1 doba \u010dten\u00ed\" \/>\n\t<meta name=\"twitter:data1\" content=\"10 minut\" \/>\n<script type=\"application\/ld+json\" class=\"yoast-schema-graph\">{\"@context\":\"https:\\\/\\\/schema.org\",\"@graph\":[{\"@type\":\"WebPage\",\"@id\":\"https:\\\/\\\/www.salzburgerland.com\\\/cs\\\/schladming-dachstein-v-lete\\\/\",\"url\":\"https:\\\/\\\/www.salzburgerland.com\\\/cs\\\/schladming-dachstein-v-lete\\\/\",\"name\":\"Schladming-Dachstein v l\u00e9t\u011b \u00bb SalzburgerLand.com\",\"isPartOf\":{\"@id\":\"https:\\\/\\\/www.salzburgerland.com\\\/cs\\\/#website\"},\"primaryImageOfPage\":{\"@id\":\"https:\\\/\\\/www.salzburgerland.com\\\/cs\\\/schladming-dachstein-v-lete\\\/#primaryimage\"},\"image\":{\"@id\":\"https:\\\/\\\/www.salzburgerland.com\\\/cs\\\/schladming-dachstein-v-lete\\\/#primaryimage\"},\"thumbnailUrl\":\"https:\\\/\\\/www.salzburgerland.com\\\/cs\\\/wp-content\\\/uploads\\\/2020\\\/05\\\/hauptsujet_wandern_dsf1533a-c-schladming-dachstein_peter-burgstaller_.jpg\",\"datePublished\":\"2020-05-27T12:42:11+00:00\",\"dateModified\":\"2023-06-28T15:46:43+00:00\",\"description\":\"Letn\u00ed dovolen\u00e1 pod st\u0159echou Alp. Vyzkou\u0161ejte nepoznan\u00e9 a relaxujte v n\u00e1dhern\u00e9 p\u0159\u00edrod\u011b.\",\"inLanguage\":\"cs\",\"potentialAction\":[{\"@type\":\"ReadAction\",\"target\":[\"https:\\\/\\\/www.salzburgerland.com\\\/cs\\\/schladming-dachstein-v-lete\\\/\"]}]},{\"@type\":\"ImageObject\",\"inLanguage\":\"cs\",\"@id\":\"https:\\\/\\\/www.salzburgerland.com\\\/cs\\\/schladming-dachstein-v-lete\\\/#primaryimage\",\"url\":\"https:\\\/\\\/www.salzburgerland.com\\\/cs\\\/wp-content\\\/uploads\\\/2020\\\/05\\\/hauptsujet_wandern_dsf1533a-c-schladming-dachstein_peter-burgstaller_.jpg\",\"contentUrl\":\"https:\\\/\\\/www.salzburgerland.com\\\/cs\\\/wp-content\\\/uploads\\\/2020\\\/05\\\/hauptsujet_wandern_dsf1533a-c-schladming-dachstein_peter-burgstaller_.jpg\",\"width\":1920,\"height\":848,\"caption\":\"Dva turist\u00e9 jdou po stezce vedle pr\u016fzra\u010dn\u00e9ho horsk\u00e9ho jezera obklopen\u00e9ho zelen\u00fdmi kopci a skalnat\u00fdmi vrcholy.\"},{\"@type\":\"WebSite\",\"@id\":\"https:\\\/\\\/www.salzburgerland.com\\\/cs\\\/#website\",\"url\":\"https:\\\/\\\/www.salzburgerland.com\\\/cs\\\/\",\"name\":\"SalzburgerLand.com\",\"description\":\"Va\u0161e dovolen\u00e1 v Salcburku, Rakousko\",\"potentialAction\":[{\"@type\":\"SearchAction\",\"target\":{\"@type\":\"EntryPoint\",\"urlTemplate\":\"https:\\\/\\\/www.salzburgerland.com\\\/cs\\\/?s={search_term_string}\"},\"query-input\":{\"@type\":\"PropertyValueSpecification\",\"valueRequired\":true,\"valueName\":\"search_term_string\"}}],\"inLanguage\":\"cs\"}]}<\/script>\n<!-- \/ Yoast SEO Premium plugin. -->","yoast_head_json":{"title":"Schladming-Dachstein v l\u00e9t\u011b \u00bb SalzburgerLand.com","robots":{"index":"index","follow":"follow","max-snippet":"max-snippet:-1","max-image-preview":"max-image-preview:large","max-video-preview":"max-video-preview:-1"},"canonical":"https:\/\/www.salzburgerland.com\/cs\/schladming-dachstein-v-lete\/","og_locale":"cs_CZ","og_type":"article","og_title":"Schladming-Dachstein v l\u00e9t\u011b","og_description":"Velc\u00ed i mal\u00ed host\u00e9 mohou dov\u00e1d\u011bt ve sportovn\u00edch a rekrea\u010dn\u00edch are\u00e1lech nebo na kr\u00e1sn\u00fdch p\u0159\u00edrodn\u00edch h\u0159i\u0161t\u00edch vysoko v hor\u00e1ch. Nesm\u00ed chyb\u011bt prol\u00e9za\u010dky,","og_url":"https:\/\/www.salzburgerland.com\/cs\/schladming-dachstein-v-lete\/","og_site_name":"SalzburgerLand.com","article_publisher":"https:\/\/www.facebook.com\/visitsalzburgerland\/","article_modified_time":"2023-06-28T15:46:43+00:00","og_image":[{"width":1200,"height":675,"url":"https:\/\/www.salzburgerland.com\/cs\/wp-content\/uploads\/2020\/05\/hauptsujet_wandern_dsf1533a-c-schladming-dachstein_peter-burgstaller_-1200x675.jpg","type":"image\/jpeg"}],"twitter_card":"summary_large_image","twitter_site":"@salzburgerland","twitter_misc":{"Odhadovan\u00e1 doba \u010dten\u00ed":"10 minut"},"schema":{"@context":"https:\/\/schema.org","@graph":[{"@type":"WebPage","@id":"https:\/\/www.salzburgerland.com\/cs\/schladming-dachstein-v-lete\/","url":"https:\/\/www.salzburgerland.com\/cs\/schladming-dachstein-v-lete\/","name":"Schladming-Dachstein v l\u00e9t\u011b \u00bb SalzburgerLand.com","isPartOf":{"@id":"https:\/\/www.salzburgerland.com\/cs\/#website"},"primaryImageOfPage":{"@id":"https:\/\/www.salzburgerland.com\/cs\/schladming-dachstein-v-lete\/#primaryimage"},"image":{"@id":"https:\/\/www.salzburgerland.com\/cs\/schladming-dachstein-v-lete\/#primaryimage"},"thumbnailUrl":"https:\/\/www.salzburgerland.com\/cs\/wp-content\/uploads\/2020\/05\/hauptsujet_wandern_dsf1533a-c-schladming-dachstein_peter-burgstaller_.jpg","datePublished":"2020-05-27T12:42:11+00:00","dateModified":"2023-06-28T15:46:43+00:00","description":"Letn\u00ed dovolen\u00e1 pod st\u0159echou Alp. Vyzkou\u0161ejte nepoznan\u00e9 a relaxujte v n\u00e1dhern\u00e9 p\u0159\u00edrod\u011b.","inLanguage":"cs","potentialAction":[{"@type":"ReadAction","target":["https:\/\/www.salzburgerland.com\/cs\/schladming-dachstein-v-lete\/"]}]},{"@type":"ImageObject","inLanguage":"cs","@id":"https:\/\/www.salzburgerland.com\/cs\/schladming-dachstein-v-lete\/#primaryimage","url":"https:\/\/www.salzburgerland.com\/cs\/wp-content\/uploads\/2020\/05\/hauptsujet_wandern_dsf1533a-c-schladming-dachstein_peter-burgstaller_.jpg","contentUrl":"https:\/\/www.salzburgerland.com\/cs\/wp-content\/uploads\/2020\/05\/hauptsujet_wandern_dsf1533a-c-schladming-dachstein_peter-burgstaller_.jpg","width":1920,"height":848,"caption":"Dva turist\u00e9 jdou po stezce vedle pr\u016fzra\u010dn\u00e9ho horsk\u00e9ho jezera obklopen\u00e9ho zelen\u00fdmi kopci a skalnat\u00fdmi vrcholy."},{"@type":"WebSite","@id":"https:\/\/www.salzburgerland.com\/cs\/#website","url":"https:\/\/www.salzburgerland.com\/cs\/","name":"SalzburgerLand.com","description":"Va\u0161e dovolen\u00e1 v Salcburku, Rakousko","potentialAction":[{"@type":"SearchAction","target":{"@type":"EntryPoint","urlTemplate":"https:\/\/www.salzburgerland.com\/cs\/?s={search_term_string}"},"query-input":{"@type":"PropertyValueSpecification","valueRequired":true,"valueName":"search_term_string"}}],"inLanguage":"cs"}]}},"_wl_alt_label":[],"wl:entity_url":"http:\/\/open.salzburgerland.com\/cs\/post\/schladming-dachstein_v_lete","_links":{"self":[{"href":"https:\/\/www.salzburgerland.com\/cs\/wp-json\/wp\/v2\/entities\/147150","targetHints":{"allow":["GET"]}}],"collection":[{"href":"https:\/\/www.salzburgerland.com\/cs\/wp-json\/wp\/v2\/entities"}],"about":[{"href":"https:\/\/www.salzburgerland.com\/cs\/wp-json\/wp\/v2\/types\/entity"}],"author":[{"embeddable":true,"href":"https:\/\/www.salzburgerland.com\/cs\/wp-json\/wp\/v2\/users\/6"}],"replies":[{"embeddable":true,"href":"https:\/\/www.salzburgerland.com\/cs\/wp-json\/wp\/v2\/comments?post=147150"}],"version-history":[{"count":5,"href":"https:\/\/www.salzburgerland.com\/cs\/wp-json\/wp\/v2\/entities\/147150\/revisions"}],"predecessor-version":[{"id":156292,"href":"https:\/\/www.salzburgerland.com\/cs\/wp-json\/wp\/v2\/entities\/147150\/revisions\/156292"}],"wp:featuredmedia":[{"embeddable":true,"href":"https:\/\/www.salzburgerland.com\/cs\/wp-json\/wp\/v2\/media\/148283"}],"wp:attachment":[{"href":"https:\/\/www.salzburgerland.com\/cs\/wp-json\/wp\/v2\/media?parent=147150"}],"wp:term":[{"taxonomy":"category","embeddable":true,"href":"https:\/\/www.salzburgerland.com\/cs\/wp-json\/wp\/v2\/categories?post=147150"},{"taxonomy":"post_tag","embeddable":true,"href":"https:\/\/www.salzburgerland.com\/cs\/wp-json\/wp\/v2\/tags?post=147150"},{"taxonomy":"wl_entity_type","embeddable":true,"href":"https:\/\/www.salzburgerland.com\/cs\/wp-json\/wp\/v2\/wl_entity_type?post=147150"}],"curies":[{"name":"wp","href":"https:\/\/api.w.org\/{rel}","templated":true}]}}