{"id":146803,"date":"2020-03-02T12:10:37","date_gmt":"2020-03-02T11:10:37","guid":{"rendered":"https:\/\/www.salzburgerland.com\/cs\/?p=146803"},"modified":"2024-11-19T15:45:33","modified_gmt":"2024-11-19T14:45:33","slug":"gastein-v-lete","status":"publish","type":"entity","link":"https:\/\/www.salzburgerland.com\/cs\/gastein-v-lete\/","title":{"rendered":"Gastein v l\u00e9t\u011b"},"content":{"rendered":"<p><a href=\"https:\/\/www.gastein.com\/cz\/aktivni\/leto\/\" target=\"_blank\" rel=\"noopener\">Gastein<\/a> je p\u0159\u00edjemn\u00fdm m\u00edstem pro letn\u00ed dovolenou.\u00a0Ve\u010der tady v m\u016f\u017eete obdivovat hv\u011bzdy pod \u0161ir\u00fdm nebem, u\u017eijete si noci bez nep\u0159\u00edjemn\u00e9ho pocen\u00ed kv\u016fli vedr\u016fm, r\u00e1no za\u010dnete den lahodnou sn\u00eddan\u00ed slo\u017eenou z v\u00fdborn\u00fdch region\u00e1ln\u00edch produkt\u016f a pak pln\u00ed sil vzh\u016fru za dobrodru\u017estv\u00edm! \u010cekaj\u00ed na v\u00e1s p\u0159ekr\u00e1sn\u00e9 v\u00fdhledy, cink\u00e1n\u00ed kravsk\u00fdch zvonc\u016f, stinn\u00e9 lesy pln\u00e9 hub a lesn\u00edch plod\u016f, ochlazen\u00ed v pot\u016f\u010dc\u00edch nebo uprost\u0159ed jemn\u00e9 mlhoviny <strong>Gasteinsk\u00fdch vodop\u00e1d\u016f<\/strong>, v\u0161udyp\u0159\u00edtomn\u00e1 alpsk\u00e1 fauna a flora, zaj\u00edmav\u00e9 nau\u010dn\u00e9 stezky, nap\u0159\u00edklad za prastar\u00fdmi borovicemi. D\u011bti se mohou t\u011b\u0161it na h\u0159i\u0161t\u011b, zv\u00ed\u0159ata na pastvin\u00e1ch, spoustu dobrot a kdy\u017e pr\u0161\u00ed? Nevad\u00ed. V <span id=\"urn:local-text-annotation-geb5rw3e6vgqz1e3qp9lzh92el831pp4\" class=\"textannotation disambiguated wl-thing\" itemid=\"http:\/\/open.salzburgerland.com\/cs\/entity\/termalnich-laznich\">term\u00e1ln\u00edch <a href=\"https:\/\/www.gastein.com\/cz\/lazne\/\" target=\"_blank\" rel=\"noopener\">l\u00e1zn\u00edch<\/a><\/span> se d\u00e1 str\u00e1vit skoro cel\u00fd den.<\/p>\n<div id=\"attachment_146843\" style=\"width: 1180px\" class=\"wp-caption alignnone\"><img decoding=\"async\" aria-describedby=\"caption-attachment-146843\" class=\"wp-image-146843 size-1170_658\" src=\"https:\/\/cdn.salzburgerland.com\/cs\/wp-content\/uploads\/2020\/03\/rs2591_alpine-gesundheitsregion-25-c-salzburgerland_marktl-lpr-1170x658.jpg\" alt=\"\u017dena relaxuje v baz\u00e9nu term\u00e1ln\u00edch l\u00e1zn\u00ed Bad Hofgastein s v\u00fdhledem na venkovn\u00ed are\u00e1l a vrcholky Vysok\u00fdch Taur\" width=\"1170\" height=\"658\" srcset=\"https:\/\/www.salzburgerland.com\/cs\/wp-content\/uploads\/2020\/03\/rs2591_alpine-gesundheitsregion-25-c-salzburgerland_marktl-lpr-1170x658.jpg 1170w, https:\/\/www.salzburgerland.com\/cs\/wp-content\/uploads\/2020\/03\/rs2591_alpine-gesundheitsregion-25-c-salzburgerland_marktl-lpr-1200x675.jpg 1200w\" sizes=\"(max-width: 1170px) 100vw, 1170px\"><p id=\"caption-attachment-146843\" class=\"wp-caption-text\">Pohoda v term\u00e1ln\u00edch l\u00e1zn\u00edch v Bad Hofgasteinu \u00a9 SalzburgerLand Tourismus, Manuel Marktl<\/p><\/div>\n<h3>V\u00fdlety a atraktivn\u00ed c\u00edle<\/h3>\n<p>Gasteinsk\u00fdm regionem proch\u00e1z\u00ed v\u00edce ne\u017e 600 km turistick\u00fdch stezek a po cest\u011b je p\u0159ipraveno mnoho atrakc\u00ed. \u010cty\u0159i modern\u00ed lanovky v l\u00e9t\u011b vyvezou n\u00e1v\u0161t\u011bvn\u00edky do sv\u011bta hor. Nap\u0159\u00edklad na <strong>Stubnerkogel<\/strong> nad Bad Gasteinem, kde se nach\u00e1z\u00ed <strong>jeden z nejvy\u0161\u0161\u00edch visut\u00fdch most\u016f<\/strong> v Evrop\u011b.. P\u0159i tro\u0161e \u0161t\u011bst\u00ed odsud uvid\u00edte svi\u0161t\u011b a zcela jist\u011b i nejvy\u0161\u0161\u00ed vrcholy Vysok\u00fdch Taur. Zp\u011bt se m\u016f\u017eete vydat op\u011bt lanovkou, nebo zvolit p\u011b\u0161\u00ed sestup, t\u0159eba ke st\u0159edn\u00ed stanici lanovky, kde si v nedalek\u00e9 sala\u0161i d\u00e1te n\u011bco dobr\u00e9ho na posiln\u011bnou.<\/p>\n\n\t\t\t<div id=\"146803-1\" class=\"gallery gallery-146803 gallery-columns-3 gallery-size-1170_658\" itemscope itemtype=\"http:\/\/schema.org\/ImageGallery\">\n\t\t\t\t<ul class=\"gallery-row gallery-col-3 gallery-clear\">\n\t\t\t\t\t<li class=\"gallery-item col-3\" itemprop=\"associatedMedia\" itemscope itemtype=\"http:\/\/schema.org\/ImageObject\">\n\t\t\t\t\t\t<div class=\"gallery-icon landscape\"><a href=\"https:\/\/www.salzburgerland.com\/cs\/wp-content\/uploads\/2020\/03\/rs2036_salzburgerland_tourismus_sportgastein_gebirge-lpr-1920x1067.jpg\" title=\"Gebirgszug Sportgastein\"><img decoding=\"async\" data-title=\"Sportgastein uprost\u0159ed hor \u00a9 SalzburgerLand Tourismus, Gebirgszug Sportgastein\" title=\"Sportgastein uprost\u0159ed hor \u00a9 SalzburgerLand Tourismus, Gebirgszug Sportgastein\" data-caption=\"Sportgastein uprost\u0159ed hor \u00a9 SalzburgerLand Tourismus, Gebirgszug Sportgastein\" width=\"1170\" height=\"658\" src=\"https:\/\/www.salzburgerland.com\/cs\/wp-content\/uploads\/2020\/03\/rs2036_salzburgerland_tourismus_sportgastein_gebirge-lpr-1170x658.jpg\" class=\"attachment-1170_658 size-1170_658\" alt=\"Nad Sportgasteinem v z\u00e1v\u011bru \u00fadol\u00ed se ty\u010d\u00ed majest\u00e1tn\u00ed vrcholy Vysok\u00fdch Taur (Zv\u011bt\u0161en\u00fd pohled)\" srcset=\"https:\/\/www.salzburgerland.com\/cs\/wp-content\/uploads\/2020\/03\/rs2036_salzburgerland_tourismus_sportgastein_gebirge-lpr-1170x658.jpg 1170w, https:\/\/www.salzburgerland.com\/cs\/wp-content\/uploads\/2020\/03\/rs2036_salzburgerland_tourismus_sportgastein_gebirge-lpr-1200x675.jpg 1200w\" sizes=\"(max-width: 1170px) 100vw, 1170px\" aria-describedby=\"figcaption-146803-146844\" itemprop=\"thumbnail\"><\/a><\/div>\n\t\t\t\t\t\t<span id=\"figcaption-146803-146844\" class=\"gallery-caption\" itemprop=\"caption\"><span aria-hidden=\"true\">Sportgastein uprost\u0159ed hor \u00a9 SalzburgerLand Tourismus, Gebirgszug Sportgastein<\/span><\/span>\n\t\t\t\t\t<\/li>\n\t\t\t\t\t<li class=\"gallery-item col-3\" itemprop=\"associatedMedia\" itemscope itemtype=\"http:\/\/schema.org\/ImageObject\">\n\t\t\t\t\t\t<div class=\"gallery-icon landscape\"><a href=\"https:\/\/www.salzburgerland.com\/cs\/wp-content\/uploads\/2020\/03\/zirbenweg-blick-vom-graukogel-familie-c-salzburgerland-tourismus-cebulec-1-min-1200x675-1.jpg\" title=\"zirbenweg-blick-vom-graukogel-familie-c-salzburgerland-tourismus-cebulec-1-min-1200x675\"><img decoding=\"async\" data-title=\"Pohled na turistickou oblast z Graukogelu \u00a9 SalzburgerLand Tourismus, Cebulec\" title=\"Pohled na turistickou oblast z Graukogelu \u00a9 SalzburgerLand Tourismus, Cebulec\" data-caption=\"Pohled na turistickou oblast z Graukogelu \u00a9 SalzburgerLand Tourismus, Cebulec\" width=\"1170\" height=\"658\" src=\"https:\/\/www.salzburgerland.com\/cs\/wp-content\/uploads\/2020\/03\/zirbenweg-blick-vom-graukogel-familie-c-salzburgerland-tourismus-cebulec-1-min-1200x675-1-1170x658.jpg\" class=\"attachment-1170_658 size-1170_658\" alt=\"Trasa Zirbenweg se d\u00e1 absolvovat i s d\u011btmi a z Graukogelu je kr\u00e1sn\u00fd v\u00fdhled do \u00fadol\u00ed Gasteinu (Zv\u011bt\u0161en\u00fd pohled)\" srcset=\"https:\/\/www.salzburgerland.com\/cs\/wp-content\/uploads\/2020\/03\/zirbenweg-blick-vom-graukogel-familie-c-salzburgerland-tourismus-cebulec-1-min-1200x675-1-1170x658.jpg 1170w, https:\/\/www.salzburgerland.com\/cs\/wp-content\/uploads\/2020\/03\/zirbenweg-blick-vom-graukogel-familie-c-salzburgerland-tourismus-cebulec-1-min-1200x675-1-768x432.jpg 768w, https:\/\/www.salzburgerland.com\/cs\/wp-content\/uploads\/2020\/03\/zirbenweg-blick-vom-graukogel-familie-c-salzburgerland-tourismus-cebulec-1-min-1200x675-1.jpg 1200w\" sizes=\"(max-width: 1170px) 100vw, 1170px\" aria-describedby=\"figcaption-146803-153235\" itemprop=\"thumbnail\"><\/a><\/div>\n\t\t\t\t\t\t<span id=\"figcaption-146803-153235\" class=\"gallery-caption\" itemprop=\"caption\"><span aria-hidden=\"true\">Pohled na turistickou oblast z Graukogelu \u00a9 SalzburgerLand Tourismus, Cebulec<\/span><\/span>\n\t\t\t\t\t<\/li>\n\t\t\t\t\t<li class=\"gallery-item col-3\" itemprop=\"associatedMedia\" itemscope itemtype=\"http:\/\/schema.org\/ImageObject\">\n\t\t\t\t\t\t<div class=\"gallery-icon landscape\"><a href=\"https:\/\/www.salzburgerland.com\/cs\/wp-content\/uploads\/2020\/03\/rs2621_2018-10-18-slt-reportage-gastein-wald-by-michael-groessinger-img_7643-lpr-1920x1067.jpg\" title=\"Wandern im Naturraum Wald\"><img decoding=\"async\" data-title=\"V\u00fdlety do hor s celou rodinou v Gasteinertalu \u00a9 SalzburgerLand Tourismus, Michael Groessinger, Wandern im Naturraum Wald\" title=\"V\u00fdlety do hor s celou rodinou v Gasteinertalu \u00a9 SalzburgerLand Tourismus, Michael Groessinger, Wandern im Naturraum Wald\" data-caption=\"V\u00fdlety do hor s celou rodinou v Gasteinertalu \u00a9 SalzburgerLand Tourismus, Michael Groessinger, Wandern im Naturraum Wald\" width=\"1170\" height=\"658\" src=\"https:\/\/www.salzburgerland.com\/cs\/wp-content\/uploads\/2020\/03\/rs2621_2018-10-18-slt-reportage-gastein-wald-by-michael-groessinger-img_7643-lpr-1170x658.jpg\" class=\"attachment-1170_658 size-1170_658\" alt=\"Na v\u00fdletech v Gasteinsk\u00e9m \u00fadol\u00ed se daj\u00ed obdivovat i kr\u00e1sn\u00e9 star\u00e9 lesy s vysok\u00fdmi jehli\u010dnany. Nejstar\u0161\u00edmi z nich jsou borovice (Zv\u011bt\u0161en\u00fd pohled)\" srcset=\"https:\/\/www.salzburgerland.com\/cs\/wp-content\/uploads\/2020\/03\/rs2621_2018-10-18-slt-reportage-gastein-wald-by-michael-groessinger-img_7643-lpr-1170x658.jpg 1170w, https:\/\/www.salzburgerland.com\/cs\/wp-content\/uploads\/2020\/03\/rs2621_2018-10-18-slt-reportage-gastein-wald-by-michael-groessinger-img_7643-lpr-1200x675.jpg 1200w\" sizes=\"(max-width: 1170px) 100vw, 1170px\" aria-describedby=\"figcaption-146803-146846\" itemprop=\"thumbnail\"><\/a><\/div>\n\t\t\t\t\t\t<span id=\"figcaption-146803-146846\" class=\"gallery-caption\" itemprop=\"caption\"><span aria-hidden=\"true\">V\u00fdlety do hor s celou rodinou v Gasteinertalu \u00a9 SalzburgerLand Tourismus, Michael Groessinger, Wandern im Naturraum Wald<\/span><\/span>\n\t\t\t\t\t<\/li>\n\t\t\t\t<\/ul>\n\t\t\t\t<ul class=\"gallery-row gallery-col-3 gallery-clear\">\n\t\t\t\t\t<li class=\"gallery-item col-3\" itemprop=\"associatedMedia\" itemscope itemtype=\"http:\/\/schema.org\/ImageObject\">\n\t\t\t\t\t\t<div class=\"gallery-icon landscape\"><a href=\"https:\/\/www.salzburgerland.com\/cs\/wp-content\/uploads\/2020\/03\/bergerlebnis-am-stubnerkogel-mit-blick-auf-die-hohen-tauern-c-gasteinertal-tourismus-gmbh-1920x1067.jpg\" title=\"Bergerlebnis am Stubnerkogel mit Blick auf die Hohen Tauern (c) Gasteinertal Tourismus GmbH\"><img decoding=\"async\" data-title=\"Na Stubnerkogelu \u00a9 SalzburgerLand Tourismus, MANUEL MARKTL\" title=\"Na Stubnerkogelu \u00a9 SalzburgerLand Tourismus, MANUEL MARKTL\" data-caption=\"Na Stubnerkogelu \u00a9 SalzburgerLand Tourismus, MANUEL MARKTL\" width=\"1170\" height=\"658\" src=\"https:\/\/www.salzburgerland.com\/cs\/wp-content\/uploads\/2020\/03\/bergerlebnis-am-stubnerkogel-mit-blick-auf-die-hohen-tauern-c-gasteinertal-tourismus-gmbh-1170x658.jpg\" class=\"attachment-1170_658 size-1170_658\" alt=\"Z hory Stubnerkogel je \u00fachvatn\u00fd v\u00fdhled do okol\u00ed na vrcholky Vysok\u00fdch Taur (Zv\u011bt\u0161en\u00fd pohled)\" srcset=\"https:\/\/www.salzburgerland.com\/cs\/wp-content\/uploads\/2020\/03\/bergerlebnis-am-stubnerkogel-mit-blick-auf-die-hohen-tauern-c-gasteinertal-tourismus-gmbh-1170x658.jpg 1170w, https:\/\/www.salzburgerland.com\/cs\/wp-content\/uploads\/2020\/03\/bergerlebnis-am-stubnerkogel-mit-blick-auf-die-hohen-tauern-c-gasteinertal-tourismus-gmbh-1200x675.jpg 1200w\" sizes=\"(max-width: 1170px) 100vw, 1170px\" aria-describedby=\"figcaption-146803-146848\" itemprop=\"thumbnail\"><\/a><\/div>\n\t\t\t\t\t\t<span id=\"figcaption-146803-146848\" class=\"gallery-caption\" itemprop=\"caption\"><span aria-hidden=\"true\">Na Stubnerkogelu \u00a9 SalzburgerLand Tourismus, MANUEL MARKTL<\/span><\/span>\n\t\t\t\t\t<\/li>\n\t\t\t\t\t<li class=\"gallery-item col-3\" itemprop=\"associatedMedia\" itemscope itemtype=\"http:\/\/schema.org\/ImageObject\">\n\t\t\t\t\t\t<div class=\"gallery-icon landscape\"><a href=\"https:\/\/www.salzburgerland.com\/cs\/wp-content\/uploads\/2020\/03\/steiner-hochalm-dorfgastein-c-gasteinertal-tourismus-gmbh-creatina-at_-1920x1067.jpg\" title=\"\u00a9 www.creatina.at\"><img decoding=\"async\" data-title=\"Steinher Hochalm Dorfgastein \u00a9 www.creatina.at, Creatina Werbedesign &amp; Photograp, \u00a9 www.creatina.at\" title=\"Steinher Hochalm Dorfgastein \u00a9 www.creatina.at, Creatina Werbedesign &amp; Photograp, \u00a9 www.creatina.at\" data-caption=\"Steinher Hochalm Dorfgastein \u00a9 www.creatina.at, Creatina Werbedesign &amp; Photograp, \u00a9 www.creatina.at\" width=\"1170\" height=\"658\" src=\"https:\/\/www.salzburgerland.com\/cs\/wp-content\/uploads\/2020\/03\/steiner-hochalm-dorfgastein-c-gasteinertal-tourismus-gmbh-creatina-at_-1170x658.jpg\" class=\"attachment-1170_658 size-1170_658\" alt=\"\u00datuln\u00e9 sala\u0161e na pastvin\u00e1ch s nab\u00eddkou t\u011bch nejtradi\u010dn\u011bj\u0161\u00edch salcbursk\u00fdch dobrot nesm\u00ed chyb\u011bt. V l\u00e9t\u011b je posezen\u00ed na terase s v\u00fdhledem odm\u011bnou po turistick\u00fdch v\u00fdkonech (Zv\u011bt\u0161en\u00fd pohled)\" srcset=\"https:\/\/www.salzburgerland.com\/cs\/wp-content\/uploads\/2020\/03\/steiner-hochalm-dorfgastein-c-gasteinertal-tourismus-gmbh-creatina-at_-1170x658.jpg 1170w, https:\/\/www.salzburgerland.com\/cs\/wp-content\/uploads\/2020\/03\/steiner-hochalm-dorfgastein-c-gasteinertal-tourismus-gmbh-creatina-at_-1200x675.jpg 1200w\" sizes=\"(max-width: 1170px) 100vw, 1170px\" aria-describedby=\"figcaption-146803-146849\" itemprop=\"thumbnail\"><\/a><\/div>\n\t\t\t\t\t\t<span id=\"figcaption-146803-146849\" class=\"gallery-caption\" itemprop=\"caption\"><span aria-hidden=\"true\">Steinher Hochalm Dorfgastein \u00a9 www.creatina.at, Creatina Werbedesign &amp; Photograp, \u00a9 www.creatina.at<\/span><\/span>\n\t\t\t\t\t<\/li>\n\t\t\t\t\t<li class=\"gallery-item col-3\" itemprop=\"associatedMedia\" itemscope itemtype=\"http:\/\/schema.org\/ImageObject\">\n\t\t\t\t\t\t<div class=\"gallery-icon landscape\"><a href=\"https:\/\/www.salzburgerland.com\/cs\/wp-content\/uploads\/2020\/03\/brettljause-praeau-hochalm-c-gasteinertal-tourismus-gmbh-www-oberschneider-com-3-1200x675-1.jpg\" title=\"brettljause-praeau-hochalm-c-gasteinertal-tourismus-gmbh-www-oberschneider-com-3-1200x675\"><img decoding=\"async\" data-title=\"Pauza na sva\u010dinu na sala\u0161i \u00a9 Gasteinertal Tourismus , Christoph Oberschneider\" title=\"Pauza na sva\u010dinu na sala\u0161i \u00a9 Gasteinertal Tourismus , Christoph Oberschneider\" data-caption=\"Pauza na sva\u010dinu na sala\u0161i \u00a9 Gasteinertal Tourismus , Christoph Oberschneider\" width=\"1170\" height=\"658\" src=\"https:\/\/www.salzburgerland.com\/cs\/wp-content\/uploads\/2020\/03\/brettljause-praeau-hochalm-c-gasteinertal-tourismus-gmbh-www-oberschneider-com-3-1200x675-1-1170x658.jpg\" class=\"attachment-1170_658 size-1170_658\" alt=\"V gasteinsk\u00fdch hor\u00e1ch najdete starod\u00e1vn\u00e9 sala\u0161e, kde si m\u016f\u017eete dop\u0159\u00e1t lahodnou sva\u010dinu na prk\u00e9nku, slo\u017eenou z dom\u00e1c\u00edch s\u00fdr\u016f, m\u00e1sla nebo \u0161peku a klob\u00e1sek (Zv\u011bt\u0161en\u00fd pohled)\" srcset=\"https:\/\/www.salzburgerland.com\/cs\/wp-content\/uploads\/2020\/03\/brettljause-praeau-hochalm-c-gasteinertal-tourismus-gmbh-www-oberschneider-com-3-1200x675-1-1170x658.jpg 1170w, https:\/\/www.salzburgerland.com\/cs\/wp-content\/uploads\/2020\/03\/brettljause-praeau-hochalm-c-gasteinertal-tourismus-gmbh-www-oberschneider-com-3-1200x675-1-768x432.jpg 768w, https:\/\/www.salzburgerland.com\/cs\/wp-content\/uploads\/2020\/03\/brettljause-praeau-hochalm-c-gasteinertal-tourismus-gmbh-www-oberschneider-com-3-1200x675-1.jpg 1200w\" sizes=\"(max-width: 1170px) 100vw, 1170px\" aria-describedby=\"figcaption-146803-153236\" itemprop=\"thumbnail\"><\/a><\/div>\n\t\t\t\t\t\t<span id=\"figcaption-146803-153236\" class=\"gallery-caption\" itemprop=\"caption\"><span aria-hidden=\"true\">Pauza na sva\u010dinu na sala\u0161i \u00a9 Gasteinertal Tourismus , Christoph Oberschneider<\/span><\/span>\n\t\t\t\t\t<\/li>\n\t\t\t\t<\/ul>\n\t\t\t<\/div><!-- .gallery -->\n\n<p>Na <strong>Graukogelu<\/strong> rozhodn\u011b stoj\u00ed za prozkoum\u00e1n\u00ed trasa po stop\u00e1ch prastar\u00fdch <strong><a href=\"https:\/\/www.salzburgerland.com\/cs\/borovice-je-kralovnou-alp\/\">borovic<\/a>.<\/strong> Cestu lemuj\u00ed houpa\u010dky, lavi\u010dky a dal\u0161\u00ed odpo\u010dinkov\u00e1 \u010di vyhl\u00eddkov\u00e1 m\u00edsta ze d\u0159eva. Zhruba 5,5km okruh nab\u00edz\u00ed i <strong>Sportgastein<\/strong>, kam m\u016f\u017eete dojet b\u011bhem n\u011bkolika minut autobusem pohodln\u011b z Bad Gasteinu. V \u0161irok\u00e9m zelen\u00e9m \u00fadol\u00ed lemovan\u00e9m horami a <strong>vodop\u00e1dy<\/strong> se oz\u00fdv\u00e1 jen \u0161um\u011bn\u00ed vody a cink\u00e1n\u00ed zvonc\u016f krav, kter\u00e9 se pasou v\u0161ude okolo. Z Bad Hofgasteinu m\u016f\u017eete vyjet nahoru na Schlossalm s lanov\u00fdm parkem a mo\u017enost\u00ed p\u0159\u00edjemn\u00e9 vych\u00e1zky pod travnat\u00fdmi kopci a\u017e k jezeru a zp\u011bt. Men\u0161\u00ed okruh je vhodn\u00fd i pro <strong>ko\u010d\u00e1rky<\/strong>.<\/p>\n<p>75 kilometr\u016f a 4643 v\u00fd\u0161kov\u00fdch metr\u016f, to je <a href=\"https:\/\/www.gastein.com\/cz\/zkusenosti\/sport-a-priroda\/pesi-turistika\/gasteinska-stezka\/?TVCh1pcAWrEAEYASAAEgL1z_D_BwE=\" target=\"_blank\" rel=\"noopener\"><strong>Gastein Trail<\/strong><\/a>. Stezka gasteinsk\u00fdm \u00fadol\u00edm vede po hebk\u00fdch louk\u00e1ch a pastvin\u00e1ch. \u0160est denn\u00edch etap vede ze severu na jih k Sportgasteinu a\u017e do srdce N\u00e1rodn\u00edho parku Vysok\u00e9 Taury. Postupuje se horskou divo\u010dinou vysoko na \u00fadol\u00edm, kvetouc\u00edmi alpsk\u00fdmi loukami a hust\u00fdmi lesy, po stop\u00e1ch zlatokop\u016f.<\/p>\n<h3><strong>KLASSIK:SOMMER V BAD HOFGASTEINU<\/strong><\/h3>\n<p>Salcbursk\u00fd region Gastein se st\u0159edisky Bad Gastein, Bad Hofgastein a Dorfgastein nab\u00edz\u00ed n\u00e1v\u0161t\u011bvn\u00edk\u016fm rozmanit\u00e9 p\u0159\u00edle\u017eitosti pro mnoho sportovn\u011b-rekrea\u010dn\u00edch aktivit, ale tak\u00e9 pestrou kulturn\u00ed nab\u00eddku. V Bad Gasteinu se v l\u00e9t\u011b kon\u00e1 v r\u00e1mci kulturn\u00edho programu <a href=\"https:\/\/artbadgastein.com\/\" target=\"_blank\" rel=\"noopener\">Sommer.Frische.Kunst<\/a> mnoho zaj\u00edmav\u00fdch vystoupen\u00ed a koncert\u016f, v\u011bnovan\u00fdch p\u0159edev\u0161\u00edm klasice, ale tak\u00e9 jazzu (nap\u0159. summer.jaz.in.the.city) nebo sou\u010dasn\u00e9 hudb\u011b. Kultura k l\u00e1ze\u0148sk\u00fdm m\u011bst\u016fm p\u0159eci neodmysliteln\u011b pat\u0159\u00ed. Od 26. kv\u011btna do 27. \u0159\u00edjna jsou na programu koncerty velk\u00fdch orchestr\u016f v hor\u00e1ch, mal\u00fdch soubor\u016f na alpsk\u00fdch <strong>pastvin\u00e1ch<\/strong> nebo v <strong>les\u00edch<\/strong> a tak\u00e9 koncerty v malebn\u00e9m <strong>centru obce<\/strong>.<\/p>\n\n\t\t\t<div id=\"146803-2\" class=\"gallery gallery-146803 gallery-columns-3 gallery-size-1170_658\" itemscope itemtype=\"http:\/\/schema.org\/ImageGallery\">\n\t\t\t\t<ul class=\"gallery-row gallery-col-3 gallery-clear\">\n\t\t\t\t\t<li class=\"gallery-item col-3\" itemprop=\"associatedMedia\" itemscope itemtype=\"http:\/\/schema.org\/ImageObject\">\n\t\t\t\t\t\t<div class=\"gallery-icon landscape\"><a href=\"https:\/\/www.salzburgerland.com\/cs\/wp-content\/uploads\/2020\/03\/csm_almklassik_in_hofgastein__c__ktvb_hofgastein__marktl_photography-20_1920x560_cee63165d4.jpg\" title=\"csm_Almklassik_in_Hofgastein__C__KTVB_Hofgastein__Marktl_Photography--20_1920x560_cee63165d4\"><img decoding=\"async\" data-title=\"Koncert v hor\u00e1ch v r\u00e1mci programu Almklassik \u00a9 TVB Hofgastein, Manuel Marktl\" title=\"Koncert v hor\u00e1ch v r\u00e1mci programu Almklassik \u00a9 TVB Hofgastein, Manuel Marktl\" data-caption=\"Koncert v hor\u00e1ch v r\u00e1mci programu Almklassik \u00a9 TVB Hofgastein, Manuel Marktl\" width=\"1170\" height=\"530\" src=\"https:\/\/www.salzburgerland.com\/cs\/wp-content\/uploads\/2020\/03\/csm_almklassik_in_hofgastein__c__ktvb_hofgastein__marktl_photography-20_1920x560_cee63165d4-1170x530.jpg\" class=\"attachment-1170_658 size-1170_658\" alt=\"Hofgastein po\u0159\u00e1d\u00e1 koncerty a vystoupen\u00ed orchestr\u016f a hudebn\u00edch t\u011bles na r\u016fzn\u00fdch m\u00edstech. Dechovou hudbu tak m\u016f\u017eete sly\u0161et nap\u0159\u00edklad i na horsk\u00fdch pastvin\u00e1ch (Zv\u011bt\u0161en\u00fd pohled)\" aria-describedby=\"figcaption-146803-156308\" itemprop=\"thumbnail\"><\/a><\/div>\n\t\t\t\t\t\t<span id=\"figcaption-146803-156308\" class=\"gallery-caption\" itemprop=\"caption\"><span aria-hidden=\"true\">Koncert v hor\u00e1ch v r\u00e1mci programu Almklassik \u00a9 TVB Hofgastein, Manuel Marktl<\/span><\/span>\n\t\t\t\t\t<\/li>\n\t\t\t\t\t<li class=\"gallery-item col-3\" itemprop=\"associatedMedia\" itemscope itemtype=\"http:\/\/schema.org\/ImageObject\">\n\t\t\t\t\t\t<div class=\"gallery-icon landscape\"><a href=\"https:\/\/www.salzburgerland.com\/cs\/wp-content\/uploads\/2020\/03\/sommernachtsgala-gastein-c-tvb-hofgastein_marktl-photography-23-1920x1067.jpg\" title=\"Sommernachtsgala Gastein (C) TVB Hofgastein_Marktl Photography-23\"><img decoding=\"async\" data-title=\"V Gasteinu to \u017eije kulturou \u00a9 TVB Hofgastein, Manuel Marktl\" title=\"V Gasteinu to \u017eije kulturou \u00a9 TVB Hofgastein, Manuel Marktl\" data-caption=\"V Gasteinu to \u017eije kulturou \u00a9 TVB Hofgastein, Manuel Marktl\" width=\"1170\" height=\"658\" src=\"https:\/\/www.salzburgerland.com\/cs\/wp-content\/uploads\/2020\/03\/sommernachtsgala-gastein-c-tvb-hofgastein_marktl-photography-23-1170x658.jpg\" class=\"attachment-1170_658 size-1170_658\" alt=\"V Alpenaren\u011b v Bad Hofgasteinu se konaj\u00ed koncerty v\u00e1\u017en\u00e9 hudby a opery (Zv\u011bt\u0161en\u00fd pohled)\" srcset=\"https:\/\/www.salzburgerland.com\/cs\/wp-content\/uploads\/2020\/03\/sommernachtsgala-gastein-c-tvb-hofgastein_marktl-photography-23-1170x658.jpg 1170w, https:\/\/www.salzburgerland.com\/cs\/wp-content\/uploads\/2020\/03\/sommernachtsgala-gastein-c-tvb-hofgastein_marktl-photography-23-1200x675.jpg 1200w\" sizes=\"(max-width: 1170px) 100vw, 1170px\" aria-describedby=\"figcaption-146803-146853\" itemprop=\"thumbnail\"><\/a><\/div>\n\t\t\t\t\t\t<span id=\"figcaption-146803-146853\" class=\"gallery-caption\" itemprop=\"caption\"><span aria-hidden=\"true\">V Gasteinu to \u017eije kulturou \u00a9 TVB Hofgastein, Manuel Marktl<\/span><\/span>\n\t\t\t\t\t<\/li>\n\t\t\t\t\t<li class=\"gallery-item col-3\" itemprop=\"associatedMedia\" itemscope itemtype=\"http:\/\/schema.org\/ImageObject\">\n\t\t\t\t\t\t<div class=\"gallery-icon landscape\"><a href=\"https:\/\/www.salzburgerland.com\/cs\/wp-content\/uploads\/2020\/03\/csm_waldklassik__c__gasteinertal_tourismusgmbh__marktl_photography-1280x520_9c1b4217f5.jpg\" title=\"csm_Waldklassik__C__Gasteinertal_TourismusgmbH__Marktl_Photography-1280x520_9c1b4217f5\"><img decoding=\"async\" data-title=\"Waldklassik a orchestr p\u0159\u00edmo uprost\u0159ed lesa \u00a9 TVB Hofgastein, Manuel Marktl\" title=\"Waldklassik a orchestr p\u0159\u00edmo uprost\u0159ed lesa \u00a9 TVB Hofgastein, Manuel Marktl\" data-caption=\"Waldklassik a orchestr p\u0159\u00edmo uprost\u0159ed lesa \u00a9 TVB Hofgastein, Manuel Marktl\" width=\"1170\" height=\"519\" src=\"https:\/\/www.salzburgerland.com\/cs\/wp-content\/uploads\/2020\/03\/csm_waldklassik__c__gasteinertal_tourismusgmbh__marktl_photography-1280x520_9c1b4217f5-1170x519.jpg\" class=\"attachment-1170_658 size-1170_658\" alt=\"Klasick\u00e1 hudba v pod\u00e1n\u00ed smy\u010dcov\u00e9ho kvarteta v salcbursk\u00fdch les\u00edch v Gasteinu (Zv\u011bt\u0161en\u00fd pohled)\" aria-describedby=\"figcaption-146803-156309\" itemprop=\"thumbnail\"><\/a><\/div>\n\t\t\t\t\t\t<span id=\"figcaption-146803-156309\" class=\"gallery-caption\" itemprop=\"caption\"><span aria-hidden=\"true\">Waldklassik a orchestr p\u0159\u00edmo uprost\u0159ed lesa \u00a9 TVB Hofgastein, Manuel Marktl<\/span><\/span>\n\t\t\t\t\t<\/li>\n\t\t\t\t<\/ul>\n\t\t\t<\/div><!-- .gallery -->\n\n<h3>Dal\u0161\u00ed tipy na v\u00fdlety a za z\u00e1bavou<\/h3>\n<p>V Gasteinu najdou milovn\u00edci turistiky 60 starobyl\u00fdch horsk\u00fdch chat a sala\u0161\u00ed. Zn\u00e1t jsou tu i poz\u016fstatky t\u011b\u017eby <strong>zlata<\/strong>, kter\u00e9 se v regionu t\u011b\u017eilo. T\u00e9to tematice se v\u011bnuj\u00ed mnoh\u00e1 muzea, zaj\u00edmav\u00e9 je nap\u0159\u00edklad to <a href=\"https:\/\/www.gastein.com\/cz\/service\/gastein-from-a-z\/detail\/infrastruktur\/altboeckstein-mining-museum-bad-gastein\/\" target=\"_blank\" rel=\"noopener noreferrer\"><strong>B\u00f6cksteinu<\/strong><\/a>, kam si m\u016f\u017eete ud\u011blat i p\u011b\u0161\u00ed v\u00fdlet z <strong>Bad Gasteinu<\/strong>, jeho\u017e centru dominuje mohutn\u00fd vodop\u00e1d.<\/p>\n<p>V Bad Gasteinu m\u016f\u017eete nav\u0161t\u00edvit tak\u00e9 n\u011bkolik hezk\u00fdch podnik\u016f, jako nap\u0159\u00edklad industri\u00e1ln\u00ed <strong>kav\u00e1rnu <a href=\"http:\/\/kraftwerk-badgastein.com\/\" target=\"_blank\" rel=\"noopener noreferrer\">Kraftwerk<\/a><\/strong> z b\u00fdval\u00e9 vodn\u00ed elektr\u00e1rny pod vodop\u00e1dem, chatu <a href=\"http:\/\/www.rossalm.cc\/\" target=\"_blank\" rel=\"noopener noreferrer\"><strong>Rossalm<\/strong> <\/a>v modern\u00edm designu nedaleko lanovky na Stubnerkogel a dal\u0161\u00ed. Pokud si chcete vychutnat fine dining v kr\u00e1sn\u00e9m prost\u0159ed\u00ed, rozhodn\u011b byste nem\u011bli minout z\u00e1meckou restauraci <a href=\"https:\/\/www.weitmoser.at\/de\/schloessl-gasteinertal.html\" target=\"_blank\" rel=\"noopener noreferrer\"><strong>Weitmoserschl\u00f6ssl<\/strong> <\/a>v Bad Hofgasteinu.<\/p>\n<div id=\"attachment_156310\" style=\"width: 1180px\" class=\"wp-caption alignnone\"><img decoding=\"async\" aria-describedby=\"caption-attachment-156310\" class=\"wp-image-156310 size-1170_658\" src=\"https:\/\/cdn.salzburgerland.com\/cs\/wp-content\/uploads\/2020\/03\/jo_lr-197_2000px-1170x658.jpg\" alt=\"Barevn\u011b osv\u011btlen\u00fd bar s kav\u00e1rnou a bistrem v prostor\u00e1ch n\u011bkdej\u0161\u00ed elektr\u00e1rny u vodop\u00e1du v centru m\u011bsta Bad Gastein \" width=\"1170\" height=\"658\" srcset=\"https:\/\/www.salzburgerland.com\/cs\/wp-content\/uploads\/2020\/03\/jo_lr-197_2000px-1170x658.jpg 1170w, https:\/\/www.salzburgerland.com\/cs\/wp-content\/uploads\/2020\/03\/jo_lr-197_2000px-1200x675.jpg 1200w\" sizes=\"(max-width: 1170px) 100vw, 1170px\"><p id=\"caption-attachment-156310\" class=\"wp-caption-text\">Kav\u00e1rna, bar, bistro a kulturn\u00ed prostor v industri\u00e1ln\u00edm prost\u0159ed\u00ed \u00a9 Kraftwerk Bad Gastein, Manuel Marktl<\/p><\/div>\n<h3>Plav\u00e1n\u00ed, relaxace, j\u00f3ga<\/h3>\n<p>Do Gasteinu m\u016f\u017eete vyrazit i za jin\u00fdmi sporty, ne\u017e je turistika nebo na kola. K plav\u00e1n\u00ed jsou k dispozici baz\u00e9ny ve dvou <strong>term\u00e1ln\u00edch l\u00e1zn\u00edch<\/strong> v <a href=\"https:\/\/www.gastein.com\/cz\/lazne\/alpentherme\/\" target=\"_blank\" rel=\"noopener\"><strong>Bad Hofgasteinu <\/strong><\/a>a <a href=\"https:\/\/www.gastein.com\/cz\/lazne\/felsentherme\/\" target=\"_blank\" rel=\"noopener\"><strong>Bad Gasteinu<\/strong><\/a>. Tady si tak\u00e9 u\u017eijete na tobog\u00e1nech, ve venkovn\u00edch term\u00e1ln\u00edch baz\u00e9nech s v\u00fdhledem na hory a v saun\u00e1ch. V obou l\u00e1ze\u0148sk\u00fdch komplexech si samoz\u0159ejm\u011b p\u0159ijdou na sv\u00e9 i d\u011bti, a to od t\u011bch nejmen\u0161\u00edch.<\/p>\n<p>V Gasteinu se tak\u00e9 cvi\u010d\u00ed <a href=\"https:\/\/www.gastein.com\/en\/yoga-1\/\" target=\"_blank\" rel=\"noopener\"><strong>j\u00f3ga<\/strong><\/a>. Cvi\u010dit se d\u00e1 prakticky kdekoliv uprost\u0159ed n\u00e1dhern\u00e9 \u010dist\u00e9 p\u0159\u00edrody nebo se m\u016f\u017eete z\u00fa\u010dastnit speci\u00e1ln\u00edch semin\u00e1\u0159\u016f \u010di camp\u016f. Konaj\u00ed se v mnoha partnersk\u00fdch hotelech, v romantick\u00fdch prostor\u00e1ch historick\u00fdch budov nebo pod \u0161ir\u00fdm nebem. V \u010dervnu a \u0159\u00edjnu se po\u0159\u00e1daj\u00ed dv\u011b hlavn\u00ed akce, Jaro j\u00f3gy a Podzim j\u00f3gy, kter\u00e9 trvaj\u00ed 10 dn\u00ed.<\/p>\n\n\t\t\t<div id=\"146803-3\" class=\"gallery gallery-146803 gallery-columns-3 gallery-size-1170_658\" itemscope itemtype=\"http:\/\/schema.org\/ImageGallery\">\n\t\t\t\t<ul class=\"gallery-row gallery-col-3 gallery-clear\">\n\t\t\t\t\t<li class=\"gallery-item col-3\" itemprop=\"associatedMedia\" itemscope itemtype=\"http:\/\/schema.org\/ImageObject\">\n\t\t\t\t\t\t<div class=\"gallery-icon landscape\"><a href=\"https:\/\/www.salzburgerland.com\/cs\/wp-content\/uploads\/2020\/03\/yoga-in-gastein-c-gasteinertal-tourismus-gmbh-marktl-photography-1-3-1920x1067.jpg\" title=\"Yoga in Gastein (C) Gasteinertal Tourismus GmbH, Marktl Photography-1 (3)\"><img decoding=\"async\" data-title=\"V Gasteinu se cvi\u010d\u00ed j\u00f3ga i v zaj\u00edmav\u00fdch interi\u00e9rech \u00a9 Gasteinertal Tourismus, Manuel Marktl\" title=\"V Gasteinu se cvi\u010d\u00ed j\u00f3ga i v zaj\u00edmav\u00fdch interi\u00e9rech \u00a9 Gasteinertal Tourismus, Manuel Marktl\" data-caption=\"V Gasteinu se cvi\u010d\u00ed j\u00f3ga i v zaj\u00edmav\u00fdch interi\u00e9rech \u00a9 Gasteinertal Tourismus, Manuel Marktl\" width=\"1170\" height=\"658\" src=\"https:\/\/www.salzburgerland.com\/cs\/wp-content\/uploads\/2020\/03\/yoga-in-gastein-c-gasteinertal-tourismus-gmbh-marktl-photography-1-3-1170x658.jpg\" class=\"attachment-1170_658 size-1170_658\" alt=\"V Gasteinu si m\u016f\u017eete zacvi\u010dit j\u00f3gu na nev\u0161edn\u00edch m\u00edstech (Zv\u011bt\u0161en\u00fd pohled)\" srcset=\"https:\/\/www.salzburgerland.com\/cs\/wp-content\/uploads\/2020\/03\/yoga-in-gastein-c-gasteinertal-tourismus-gmbh-marktl-photography-1-3-1170x658.jpg 1170w, https:\/\/www.salzburgerland.com\/cs\/wp-content\/uploads\/2020\/03\/yoga-in-gastein-c-gasteinertal-tourismus-gmbh-marktl-photography-1-3-1200x675.jpg 1200w\" sizes=\"(max-width: 1170px) 100vw, 1170px\" aria-describedby=\"figcaption-146803-146850\" itemprop=\"thumbnail\"><\/a><\/div>\n\t\t\t\t\t\t<span id=\"figcaption-146803-146850\" class=\"gallery-caption\" itemprop=\"caption\"><span aria-hidden=\"true\">V Gasteinu se cvi\u010d\u00ed j\u00f3ga i v zaj\u00edmav\u00fdch interi\u00e9rech \u00a9 Gasteinertal Tourismus, Manuel Marktl<\/span><\/span>\n\t\t\t\t\t<\/li>\n\t\t\t\t\t<li class=\"gallery-item col-3\" itemprop=\"associatedMedia\" itemscope itemtype=\"http:\/\/schema.org\/ImageObject\">\n\t\t\t\t\t\t<div class=\"gallery-icon landscape\"><a href=\"https:\/\/www.salzburgerland.com\/cs\/wp-content\/uploads\/2020\/03\/rs2757_t5_008-lpr-1-1920x1067.jpg\" title=\"Yoga am Reedsee\"><img decoding=\"async\" data-title=\"J\u00f3ga u Reedsee \u00a9 Gasteinertal Tourismus, Tom Son\" title=\"J\u00f3ga u Reedsee \u00a9 Gasteinertal Tourismus, Tom Son\" data-caption=\"J\u00f3ga u Reedsee \u00a9 Gasteinertal Tourismus, Tom Son\" width=\"1170\" height=\"658\" src=\"https:\/\/www.salzburgerland.com\/cs\/wp-content\/uploads\/2020\/03\/rs2757_t5_008-lpr-1-1170x658.jpg\" class=\"attachment-1170_658 size-1170_658\" alt=\"Reedsee pat\u0159\u00ed k nejkr\u00e1sn\u011bj\u0161\u00edm jezer\u016fm v Salcbursku. Cvi\u010den\u00ed j\u00f3gy na b\u0159ehu se tady p\u0159\u00edmo nab\u00edz\u00ed (Zv\u011bt\u0161en\u00fd pohled)\" srcset=\"https:\/\/www.salzburgerland.com\/cs\/wp-content\/uploads\/2020\/03\/rs2757_t5_008-lpr-1-1170x658.jpg 1170w, https:\/\/www.salzburgerland.com\/cs\/wp-content\/uploads\/2020\/03\/rs2757_t5_008-lpr-1-1200x675.jpg 1200w\" sizes=\"(max-width: 1170px) 100vw, 1170px\" aria-describedby=\"figcaption-146803-146851\" itemprop=\"thumbnail\"><\/a><\/div>\n\t\t\t\t\t\t<span id=\"figcaption-146803-146851\" class=\"gallery-caption\" itemprop=\"caption\"><span aria-hidden=\"true\">J\u00f3ga u Reedsee \u00a9 Gasteinertal Tourismus, Tom Son<\/span><\/span>\n\t\t\t\t\t<\/li>\n\t\t\t\t\t<li class=\"gallery-item col-3\" itemprop=\"associatedMedia\" itemscope itemtype=\"http:\/\/schema.org\/ImageObject\">\n\t\t\t\t\t\t<div class=\"gallery-icon landscape\"><a href=\"https:\/\/www.salzburgerland.com\/cs\/wp-content\/uploads\/2020\/03\/rs2551_2018-10-18-slt-reportage-gastein-wald-by-michael-groessinger-img_6628-lpr-1920x1067.jpg\" title=\"Zirbenweg Gastein\"><img decoding=\"async\" data-title=\"Cvi\u010den\u00ed v lese na stezce Zirbenweg \u00a9 Gasteinertal Tourismus, Michael Groessinger\" title=\"Cvi\u010den\u00ed v lese na stezce Zirbenweg \u00a9 Gasteinertal Tourismus, Michael Groessinger\" data-caption=\"Cvi\u010den\u00ed v lese na stezce Zirbenweg \u00a9 Gasteinertal Tourismus, Michael Groessinger\" width=\"1170\" height=\"658\" src=\"https:\/\/www.salzburgerland.com\/cs\/wp-content\/uploads\/2020\/03\/rs2551_2018-10-18-slt-reportage-gastein-wald-by-michael-groessinger-img_6628-lpr-1170x658.jpg\" class=\"attachment-1170_658 size-1170_658\" alt=\"Blahod\u00e1rn\u00fd vysokohorsk\u00fd vzduch uprost\u0159ed zdrav\u00fdch alpsk\u00fdch les\u016f s vo\u0148av\u00fdmi borovicemi v Gasteinu posouv\u00e1 cvi\u010den\u00ed do zcela nov\u00fdch dimenz\u00ed (Zv\u011bt\u0161en\u00fd pohled)\" srcset=\"https:\/\/www.salzburgerland.com\/cs\/wp-content\/uploads\/2020\/03\/rs2551_2018-10-18-slt-reportage-gastein-wald-by-michael-groessinger-img_6628-lpr-1170x658.jpg 1170w, https:\/\/www.salzburgerland.com\/cs\/wp-content\/uploads\/2020\/03\/rs2551_2018-10-18-slt-reportage-gastein-wald-by-michael-groessinger-img_6628-lpr-1200x675.jpg 1200w\" sizes=\"(max-width: 1170px) 100vw, 1170px\" aria-describedby=\"figcaption-146803-146852\" itemprop=\"thumbnail\"><\/a><\/div>\n\t\t\t\t\t\t<span id=\"figcaption-146803-146852\" class=\"gallery-caption\" itemprop=\"caption\"><span aria-hidden=\"true\">Cvi\u010den\u00ed v lese na stezce Zirbenweg \u00a9 Gasteinertal Tourismus, Michael Groessinger<\/span><\/span>\n\t\t\t\t\t<\/li>\n\t\t\t\t<\/ul>\n\t\t\t<\/div><!-- .gallery -->\n\n<h3><span>adidas TERREX INFINITE TRAILS\u00a0<\/span><\/h3>\n<p><span>Trailov\u00fd b\u011b\u017eeck\u00fd z\u00e1vod extra t\u0159\u00eddy\u00a0<\/span><a href=\"https:\/\/infinite-trails.com\/en\/\" target=\"_blank\" rel=\"noopener noreferrer\">\u201eadidas TERREX INFINITE TRAILS<\/a><span>\u201c se op\u011bt uskute\u010dn\u00ed\u00a0<\/span><strong>od 5. do 7. z\u00e1\u0159\u00ed 2025<\/strong><span><strong>\u00a0<\/strong><\/span><span>v Gasteinu. Koncept t\u00e9to akce byl vyvinut ve spolupr\u00e1ci se \u0161pi\u010dkov\u00fdmi sportovci a slibuje v\u0161em b\u011b\u017ec\u016fm skv\u011bl\u00e9 z\u00e1\u017eitky, p\u0159\u00edle\u017eitost k vrcholn\u00fdm sportovn\u00edm v\u00fdkon\u016fm i spoustu z\u00e1bavy. Program bude nabit\u00fd do posledn\u00ed minuty. C\u00edlov\u00fdmi vrcholy jsou t\u0159i\u00a0<\/span><a href=\"https:\/\/www.salzburgerland.com\/cs\/gastein\/\" target=\"_blank\" rel=\"noopener\">gasteinsk\u00e9 hory<\/a><span>.<\/span><\/p>\n<p>Zdatn\u011bj\u0161\u00ed b\u011b\u017eci, kte\u0159\u00ed se neboj\u00ed horsk\u00fdch ter\u00e9n\u016f a v\u00fdzev mohou v Gasteinu skv\u011ble potr\u00e9novat. Alpsk\u00fd region na jihu Salcburska nab\u00edz\u00ed ide\u00e1ln\u00ed podm\u00ednky pro popul\u00e1rn\u00ed (nejen) letn\u00ed sport. Tak\u00e9 z tohoto d\u016fvodu se zde po\u0159\u00e1daj\u00ed z\u00e1vody <strong>adidas TERREXINFINITE TRAILS<\/strong>.<\/p>\n<div id=\"attachment_146854\" style=\"width: 1180px\" class=\"wp-caption alignnone\"><img decoding=\"async\" aria-describedby=\"caption-attachment-146854\" class=\"wp-image-146854 size-1170_658\" src=\"https:\/\/cdn.salzburgerland.com\/cs\/wp-content\/uploads\/2020\/03\/trailrunning_gastein_c_adidas_infinite_trails_world_championships_marktl_photography19-1170x658.jpg\" alt=\"\" width=\"1170\" height=\"658\" srcset=\"https:\/\/www.salzburgerland.com\/cs\/wp-content\/uploads\/2020\/03\/trailrunning_gastein_c_adidas_infinite_trails_world_championships_marktl_photography19-1170x658.jpg 1170w, https:\/\/www.salzburgerland.com\/cs\/wp-content\/uploads\/2020\/03\/trailrunning_gastein_c_adidas_infinite_trails_world_championships_marktl_photography19-1200x675.jpg 1200w\" sizes=\"(max-width: 1170px) 100vw, 1170px\"><p id=\"caption-attachment-146854\" class=\"wp-caption-text\">Z\u00e1vody adidas TERREX INFINITE TRAILS v Gasteinu \u00a9 SalzburgerLand Tourismus, Marktl Photography<\/p><\/div>\n<p>Nikdy v\u0161ak nezapome\u0148te na mnoh\u00e1 nebezpe\u010d\u00ed, kter\u00e1 sk\u00fdt\u00e1 alpsk\u00fd ter\u00e9n. Informujte se s p\u0159edstihem o z\u00e1sad\u00e1ch a pravidlech pohybu v hor\u00e1ch<span style=\"background-color: #ffffff;\"><a href=\"https:\/\/www.salzburgerland.com\/cs\/bezpecnost-v-horach-v-lete\/\" target=\"_blank\" rel=\"noopener noreferrer\"> zde<\/a>.\u00a0<\/span><\/p>\n","protected":false},"excerpt":{"rendered":"<p>Gastein je p\u0159\u00edjemn\u00fdm m\u00edstem pro letn\u00ed dovolenou.\u00a0Ve\u010der tady v m\u016f\u017eete obdivovat hv\u011bzdy pod \u0161ir\u00fdm nebem, u\u017eijete si noci bez nep\u0159\u00edjemn\u00e9ho pocen\u00ed kv\u016fli vedr\u016fm, r\u00e1no za\u010dnete den lahodnou sn\u00eddan\u00ed slo\u017eenou z v\u00fdborn\u00fdch region\u00e1ln\u00edch produkt\u016f a pak pln\u00ed sil vzh\u016fru za dobrodru\u017estv\u00edm! \u010cekaj\u00ed na v\u00e1s p\u0159ekr\u00e1sn\u00e9 v\u00fdhledy, cink\u00e1n\u00ed kravsk\u00fdch zvonc\u016f, stinn\u00e9 lesy pln\u00e9 hub a lesn\u00edch plod\u016f, [&hellip;]<\/p>\n","protected":false},"author":6,"featured_media":159323,"comment_status":"closed","ping_status":"closed","template":"","meta":{"_acf_changed":false,"wl_entities_gutenberg":"","_relevanssi_hide_post":"","_relevanssi_hide_content":"","_relevanssi_pin_for_all":"","_relevanssi_pin_keywords":"","_relevanssi_unpin_keywords":"","_relevanssi_related_keywords":"","_relevanssi_related_include_ids":"","_relevanssi_related_exclude_ids":"","_relevanssi_related_no_append":"","_relevanssi_related_not_related":"","_relevanssi_related_posts":"","_relevanssi_noindex_reason":"","footnotes":""},"categories":[1],"tags":[],"wl_entity_type":[2],"class_list":["post-146803","entity","type-entity","status-publish","has-post-thumbnail","hentry","category-uncategorized","wl_entity_type-thing","sitetype-theme"],"acf":[],"yoast_head":"<!-- This site is optimized with the Yoast SEO Premium plugin v27.4 (Yoast SEO v27.4) - https:\/\/yoast.com\/product\/yoast-seo-premium-wordpress\/ -->\n<title>Gastein v l\u00e9t\u011b \u00bb SalzburgerLand.com<\/title>\n<meta name=\"robots\" content=\"index, follow, max-snippet:-1, max-image-preview:large, max-video-preview:-1\" \/>\n<link rel=\"canonical\" href=\"https:\/\/www.salzburgerland.com\/cs\/gastein-v-lete\/\" \/>\n<meta property=\"og:locale\" content=\"cs_CZ\" \/>\n<meta property=\"og:type\" content=\"article\" \/>\n<meta property=\"og:title\" content=\"Gastein v l\u00e9t\u011b\" \/>\n<meta property=\"og:description\" content=\"Gastein je p\u0159\u00edjemn\u00fdm m\u00edstem pro letn\u00ed dovolenou.\u00a0Ve\u010der tady v m\u016f\u017eete obdivovat hv\u011bzdy pod \u0161ir\u00fdm nebem, u\u017eijete si noci bez nep\u0159\u00edjemn\u00e9ho pocen\u00ed kv\u016fli\" \/>\n<meta property=\"og:url\" content=\"https:\/\/www.salzburgerland.com\/cs\/gastein-v-lete\/\" \/>\n<meta property=\"og:site_name\" content=\"SalzburgerLand.com\" \/>\n<meta property=\"article:publisher\" content=\"https:\/\/www.facebook.com\/visitsalzburgerland\/\" \/>\n<meta property=\"article:modified_time\" content=\"2024-11-19T14:45:33+00:00\" \/>\n<meta property=\"og:image\" content=\"https:\/\/www.salzburgerland.com\/cs\/wp-content\/uploads\/2020\/03\/sportgastein-wandern-c-gasteinertal-tourismus-gmbh-michael-koenigshofer-2-1200x675.jpg\" \/>\n\t<meta property=\"og:image:width\" content=\"1200\" \/>\n\t<meta property=\"og:image:height\" content=\"675\" \/>\n\t<meta property=\"og:image:type\" content=\"image\/jpeg\" \/>\n<meta name=\"twitter:card\" content=\"summary_large_image\" \/>\n<meta name=\"twitter:site\" content=\"@salzburgerland\" \/>\n<meta name=\"twitter:label1\" content=\"Odhadovan\u00e1 doba \u010dten\u00ed\" \/>\n\t<meta name=\"twitter:data1\" content=\"6 minut\" \/>\n<script type=\"application\/ld+json\" class=\"yoast-schema-graph\">{\"@context\":\"https:\\\/\\\/schema.org\",\"@graph\":[{\"@type\":\"WebPage\",\"@id\":\"https:\\\/\\\/www.salzburgerland.com\\\/cs\\\/gastein-v-lete\\\/\",\"url\":\"https:\\\/\\\/www.salzburgerland.com\\\/cs\\\/gastein-v-lete\\\/\",\"name\":\"Gastein v l\u00e9t\u011b \u00bb SalzburgerLand.com\",\"isPartOf\":{\"@id\":\"https:\\\/\\\/www.salzburgerland.com\\\/cs\\\/#website\"},\"primaryImageOfPage\":{\"@id\":\"https:\\\/\\\/www.salzburgerland.com\\\/cs\\\/gastein-v-lete\\\/#primaryimage\"},\"image\":{\"@id\":\"https:\\\/\\\/www.salzburgerland.com\\\/cs\\\/gastein-v-lete\\\/#primaryimage\"},\"thumbnailUrl\":\"https:\\\/\\\/www.salzburgerland.com\\\/cs\\\/wp-content\\\/uploads\\\/2020\\\/03\\\/sportgastein-wandern-c-gasteinertal-tourismus-gmbh-michael-koenigshofer-2.jpg\",\"datePublished\":\"2020-03-02T11:10:37+00:00\",\"dateModified\":\"2024-11-19T14:45:33+00:00\",\"description\":\"L\u00e9to na hor\u00e1ch v Gasteinu, s term\u00e1ly a spoustou p\u0159\u00edle\u017eitost\u00ed ke sportu, odpo\u010dinku i z\u00e1bav\u011b. Objevte 4 m\u00edsta v \u00fadol\u00ed Gasteinertal - Dorfgastein, Hof Gastein, Bad Gastein a Sportgastein.\",\"inLanguage\":\"cs\",\"potentialAction\":[{\"@type\":\"ReadAction\",\"target\":[\"https:\\\/\\\/www.salzburgerland.com\\\/cs\\\/gastein-v-lete\\\/\"]}]},{\"@type\":\"ImageObject\",\"inLanguage\":\"cs\",\"@id\":\"https:\\\/\\\/www.salzburgerland.com\\\/cs\\\/gastein-v-lete\\\/#primaryimage\",\"url\":\"https:\\\/\\\/www.salzburgerland.com\\\/cs\\\/wp-content\\\/uploads\\\/2020\\\/03\\\/sportgastein-wandern-c-gasteinertal-tourismus-gmbh-michael-koenigshofer-2.jpg\",\"contentUrl\":\"https:\\\/\\\/www.salzburgerland.com\\\/cs\\\/wp-content\\\/uploads\\\/2020\\\/03\\\/sportgastein-wandern-c-gasteinertal-tourismus-gmbh-michael-koenigshofer-2.jpg\",\"width\":1500,\"height\":1000,\"caption\":\"Turistika ve Sportgasteinu \u00a9 Gasteinertal Tourismus GmbH, Michael Koenigshofer\"},{\"@type\":\"WebSite\",\"@id\":\"https:\\\/\\\/www.salzburgerland.com\\\/cs\\\/#website\",\"url\":\"https:\\\/\\\/www.salzburgerland.com\\\/cs\\\/\",\"name\":\"SalzburgerLand.com\",\"description\":\"Va\u0161e dovolen\u00e1 v Salcburku, Rakousko\",\"potentialAction\":[{\"@type\":\"SearchAction\",\"target\":{\"@type\":\"EntryPoint\",\"urlTemplate\":\"https:\\\/\\\/www.salzburgerland.com\\\/cs\\\/?s={search_term_string}\"},\"query-input\":{\"@type\":\"PropertyValueSpecification\",\"valueRequired\":true,\"valueName\":\"search_term_string\"}}],\"inLanguage\":\"cs\"}]}<\/script>\n<meta property=\"og:video\" content=\"https:\/\/www.youtube.com\/embed\/h4G-Mhxiz4Q\" \/>\n<meta property=\"og:video:type\" content=\"text\/html\" \/>\n<meta property=\"og:video:duration\" content=\"58\" \/>\n<meta property=\"og:video:width\" content=\"480\" \/>\n<meta property=\"og:video:height\" content=\"270\" \/>\n<meta property=\"ya:ovs:adult\" content=\"false\" \/>\n<meta property=\"ya:ovs:upload_date\" content=\"2020-03-02T11:10:37+00:00\" \/>\n<meta property=\"ya:ovs:allow_embed\" content=\"true\" \/>\n<!-- \/ Yoast SEO Premium plugin. -->","yoast_head_json":{"title":"Gastein v l\u00e9t\u011b \u00bb SalzburgerLand.com","robots":{"index":"index","follow":"follow","max-snippet":"max-snippet:-1","max-image-preview":"max-image-preview:large","max-video-preview":"max-video-preview:-1"},"canonical":"https:\/\/www.salzburgerland.com\/cs\/gastein-v-lete\/","og_locale":"cs_CZ","og_type":"article","og_title":"Gastein v l\u00e9t\u011b","og_description":"Gastein je p\u0159\u00edjemn\u00fdm m\u00edstem pro letn\u00ed dovolenou.\u00a0Ve\u010der tady v m\u016f\u017eete obdivovat hv\u011bzdy pod \u0161ir\u00fdm nebem, u\u017eijete si noci bez nep\u0159\u00edjemn\u00e9ho pocen\u00ed kv\u016fli","og_url":"https:\/\/www.salzburgerland.com\/cs\/gastein-v-lete\/","og_site_name":"SalzburgerLand.com","article_publisher":"https:\/\/www.facebook.com\/visitsalzburgerland\/","article_modified_time":"2024-11-19T14:45:33+00:00","og_image":[{"width":1200,"height":675,"url":"https:\/\/www.salzburgerland.com\/cs\/wp-content\/uploads\/2020\/03\/sportgastein-wandern-c-gasteinertal-tourismus-gmbh-michael-koenigshofer-2-1200x675.jpg","type":"image\/jpeg"}],"twitter_card":"summary_large_image","twitter_site":"@salzburgerland","twitter_misc":{"Odhadovan\u00e1 doba \u010dten\u00ed":"6 minut"},"schema":{"@context":"https:\/\/schema.org","@graph":[{"@type":"WebPage","@id":"https:\/\/www.salzburgerland.com\/cs\/gastein-v-lete\/","url":"https:\/\/www.salzburgerland.com\/cs\/gastein-v-lete\/","name":"Gastein v l\u00e9t\u011b \u00bb SalzburgerLand.com","isPartOf":{"@id":"https:\/\/www.salzburgerland.com\/cs\/#website"},"primaryImageOfPage":{"@id":"https:\/\/www.salzburgerland.com\/cs\/gastein-v-lete\/#primaryimage"},"image":{"@id":"https:\/\/www.salzburgerland.com\/cs\/gastein-v-lete\/#primaryimage"},"thumbnailUrl":"https:\/\/www.salzburgerland.com\/cs\/wp-content\/uploads\/2020\/03\/sportgastein-wandern-c-gasteinertal-tourismus-gmbh-michael-koenigshofer-2.jpg","datePublished":"2020-03-02T11:10:37+00:00","dateModified":"2024-11-19T14:45:33+00:00","description":"L\u00e9to na hor\u00e1ch v Gasteinu, s term\u00e1ly a spoustou p\u0159\u00edle\u017eitost\u00ed ke sportu, odpo\u010dinku i z\u00e1bav\u011b. Objevte 4 m\u00edsta v \u00fadol\u00ed Gasteinertal - Dorfgastein, Hof Gastein, Bad Gastein a Sportgastein.","inLanguage":"cs","potentialAction":[{"@type":"ReadAction","target":["https:\/\/www.salzburgerland.com\/cs\/gastein-v-lete\/"]}]},{"@type":"ImageObject","inLanguage":"cs","@id":"https:\/\/www.salzburgerland.com\/cs\/gastein-v-lete\/#primaryimage","url":"https:\/\/www.salzburgerland.com\/cs\/wp-content\/uploads\/2020\/03\/sportgastein-wandern-c-gasteinertal-tourismus-gmbh-michael-koenigshofer-2.jpg","contentUrl":"https:\/\/www.salzburgerland.com\/cs\/wp-content\/uploads\/2020\/03\/sportgastein-wandern-c-gasteinertal-tourismus-gmbh-michael-koenigshofer-2.jpg","width":1500,"height":1000,"caption":"Turistika ve Sportgasteinu \u00a9 Gasteinertal Tourismus GmbH, Michael Koenigshofer"},{"@type":"WebSite","@id":"https:\/\/www.salzburgerland.com\/cs\/#website","url":"https:\/\/www.salzburgerland.com\/cs\/","name":"SalzburgerLand.com","description":"Va\u0161e dovolen\u00e1 v Salcburku, Rakousko","potentialAction":[{"@type":"SearchAction","target":{"@type":"EntryPoint","urlTemplate":"https:\/\/www.salzburgerland.com\/cs\/?s={search_term_string}"},"query-input":{"@type":"PropertyValueSpecification","valueRequired":true,"valueName":"search_term_string"}}],"inLanguage":"cs"}]},"og_video":"https:\/\/www.youtube.com\/embed\/h4G-Mhxiz4Q","og_video_type":"text\/html","og_video_duration":"58","og_video_width":"480","og_video_height":"270","ya_ovs_adult":"false","ya_ovs_upload_date":"2020-03-02T11:10:37+00:00","ya_ovs_allow_embed":"true"},"_wl_alt_label":[],"wl:entity_url":"http:\/\/open.salzburgerland.com\/cs\/post\/gastein_v_lete","_links":{"self":[{"href":"https:\/\/www.salzburgerland.com\/cs\/wp-json\/wp\/v2\/entities\/146803","targetHints":{"allow":["GET"]}}],"collection":[{"href":"https:\/\/www.salzburgerland.com\/cs\/wp-json\/wp\/v2\/entities"}],"about":[{"href":"https:\/\/www.salzburgerland.com\/cs\/wp-json\/wp\/v2\/types\/entity"}],"author":[{"embeddable":true,"href":"https:\/\/www.salzburgerland.com\/cs\/wp-json\/wp\/v2\/users\/6"}],"replies":[{"embeddable":true,"href":"https:\/\/www.salzburgerland.com\/cs\/wp-json\/wp\/v2\/comments?post=146803"}],"version-history":[{"count":7,"href":"https:\/\/www.salzburgerland.com\/cs\/wp-json\/wp\/v2\/entities\/146803\/revisions"}],"predecessor-version":[{"id":161192,"href":"https:\/\/www.salzburgerland.com\/cs\/wp-json\/wp\/v2\/entities\/146803\/revisions\/161192"}],"wp:featuredmedia":[{"embeddable":true,"href":"https:\/\/www.salzburgerland.com\/cs\/wp-json\/wp\/v2\/media\/159323"}],"wp:attachment":[{"href":"https:\/\/www.salzburgerland.com\/cs\/wp-json\/wp\/v2\/media?parent=146803"}],"wp:term":[{"taxonomy":"category","embeddable":true,"href":"https:\/\/www.salzburgerland.com\/cs\/wp-json\/wp\/v2\/categories?post=146803"},{"taxonomy":"post_tag","embeddable":true,"href":"https:\/\/www.salzburgerland.com\/cs\/wp-json\/wp\/v2\/tags?post=146803"},{"taxonomy":"wl_entity_type","embeddable":true,"href":"https:\/\/www.salzburgerland.com\/cs\/wp-json\/wp\/v2\/wl_entity_type?post=146803"}],"curies":[{"name":"wp","href":"https:\/\/api.w.org\/{rel}","templated":true}]}}