{"id":145840,"date":"2019-09-09T21:15:04","date_gmt":"2019-09-09T19:15:04","guid":{"rendered":"https:\/\/www.salzburgerland.com\/cs\/?p=145840"},"modified":"2026-03-03T18:53:40","modified_gmt":"2026-03-03T17:53:40","slug":"grossarltal-v-zime","status":"publish","type":"entity","link":"https:\/\/www.salzburgerland.com\/cs\/grossarltal-v-zime\/","title":{"rendered":"Grossarltal v zim\u011b"},"content":{"rendered":"<h3 data-start=\"964\" data-end=\"994\"><strong data-start=\"968\" data-end=\"994\">Sjezdovky pln\u00e9 z\u00e1\u017eitk\u016f<\/strong><\/h3>\n<p data-start=\"996\" data-end=\"1374\">\u201eKter\u00e1 je va\u0161e obl\u00edben\u00e1?\u201c pt\u00e1me se Christopha Grubera, \u0161\u00e9fa sjezdovek v <a href=\"https:\/\/www.grossarltal.info\/cz\/grossarl-huettschlag-1.html\" target=\"_blank\" rel=\"noopener\">Grossarltalu<\/a>. \u201eZ\u00e1le\u017e\u00ed, s k\u00fdm zrovna jedu,\u201c sm\u011bje se. \u201eS kolegy sportovci vol\u00edm strm\u011bj\u0161\u00ed <strong data-start=\"1156\" data-end=\"1178\">Himmelreichabfahrt<\/strong> nebo novou dlouhou <strong data-start=\"1198\" data-end=\"1217\">Berglandabfahrt<\/strong>, s d\u011btmi zase rodinn\u00e9 trat\u011b kolem <strong data-start=\"1252\" data-end=\"1267\">Kreuzkogelu<\/strong> a <strong data-start=\"1270\" data-end=\"1282\">Fulsecku<\/strong>. A jejich nejobl\u00edben\u011bj\u0161\u00ed? Ur\u010dit\u011b <strong data-start=\"1316\" data-end=\"1329\">Hollywald<\/strong> s vesel\u00fdmi figurkami z komiksov\u00e9ho sv\u011bta.\u201c<\/p>\n\n\t\t\t<div id=\"145840-1\" class=\"gallery gallery-145840 gallery-columns-3 gallery-size-1170_658\" itemscope itemtype=\"http:\/\/schema.org\/ImageGallery\">\n\t\t\t\t<ul class=\"gallery-row gallery-col-3 gallery-clear\">\n\t\t\t\t\t<li class=\"gallery-item col-3\" itemprop=\"associatedMedia\" itemscope itemtype=\"http:\/\/schema.org\/ImageObject\">\n\t\t\t\t\t\t<div class=\"gallery-icon landscape\"><a href=\"https:\/\/www.salzburgerland.com\/cs\/wp-content\/uploads\/2019\/09\/grossarltal-kieserlbahn--lorenzmasser-1600x1067.jpg\" title=\"default\"><img decoding=\"async\" data-title=\"Kieserlbahn v Grossarltalu \u00a9 TVB Grossarltal, Lorenz Massert\" title=\"Kieserlbahn v Grossarltalu \u00a9 TVB Grossarltal, Lorenz Massert\" data-caption=\"Kieserlbahn v Grossarltalu \u00a9 TVB Grossarltal, Lorenz Massert\" width=\"1170\" height=\"658\" src=\"https:\/\/www.salzburgerland.com\/cs\/wp-content\/uploads\/2019\/09\/grossarltal-kieserlbahn--lorenzmasser-1170x658.jpg\" class=\"attachment-1170_658 size-1170_658\" alt=\"Lanovka Kieserlbahn v Grossarltalu (Zv\u011bt\u0161en\u00fd pohled)\" srcset=\"https:\/\/www.salzburgerland.com\/cs\/wp-content\/uploads\/2019\/09\/grossarltal-kieserlbahn--lorenzmasser-1170x658.jpg 1170w, https:\/\/www.salzburgerland.com\/cs\/wp-content\/uploads\/2019\/09\/grossarltal-kieserlbahn--lorenzmasser-1200x675.jpg 1200w\" sizes=\"(max-width: 1170px) 100vw, 1170px\" aria-describedby=\"figcaption-145840-163175\" itemprop=\"thumbnail\"><\/a><\/div>\n\t\t\t\t\t\t<span id=\"figcaption-145840-163175\" class=\"gallery-caption\" itemprop=\"caption\"><span aria-hidden=\"true\">Kieserlbahn v Grossarltalu \u00a9 TVB Grossarltal, Lorenz Massert<\/span><\/span>\n\t\t\t\t\t<\/li>\n\t\t\t\t\t<li class=\"gallery-item col-3\" itemprop=\"associatedMedia\" itemscope itemtype=\"http:\/\/schema.org\/ImageObject\">\n\t\t\t\t\t\t<div class=\"gallery-icon landscape\"><a href=\"https:\/\/www.salzburgerland.com\/cs\/wp-content\/uploads\/2019\/09\/grossarltal-skifahren-sonne-lorenzmasser-1600x1067.jpg\" title=\"Grossarltal-skifahren-sonne\u00a9 LorenzMasser\"><img decoding=\"async\" data-title=\"Vysoko nad Grossarltalem si u\u017eijete slunce i sn\u00edh \u00a9 TVB Grossarltal, Lorenz Massert\" title=\"Vysoko nad Grossarltalem si u\u017eijete slunce i sn\u00edh \u00a9 TVB Grossarltal, Lorenz Massert\" data-caption=\"Vysoko nad Grossarltalem si u\u017eijete slunce i sn\u00edh \u00a9 TVB Grossarltal, Lorenz Massert\" width=\"1170\" height=\"658\" src=\"https:\/\/www.salzburgerland.com\/cs\/wp-content\/uploads\/2019\/09\/grossarltal-skifahren-sonne-lorenzmasser-1170x658.jpg\" class=\"attachment-1170_658 size-1170_658\" alt=\"Vysoko nad Grossarltalem si u\u017eijete slunce i sn\u00edh (Zv\u011bt\u0161en\u00fd pohled)\" srcset=\"https:\/\/www.salzburgerland.com\/cs\/wp-content\/uploads\/2019\/09\/grossarltal-skifahren-sonne-lorenzmasser-1170x658.jpg 1170w, https:\/\/www.salzburgerland.com\/cs\/wp-content\/uploads\/2019\/09\/grossarltal-skifahren-sonne-lorenzmasser-1200x675.jpg 1200w\" sizes=\"(max-width: 1170px) 100vw, 1170px\" aria-describedby=\"figcaption-145840-163180\" itemprop=\"thumbnail\"><\/a><\/div>\n\t\t\t\t\t\t<span id=\"figcaption-145840-163180\" class=\"gallery-caption\" itemprop=\"caption\"><span aria-hidden=\"true\">Vysoko nad Grossarltalem si u\u017eijete slunce i sn\u00edh \u00a9 TVB Grossarltal, Lorenz Massert<\/span><\/span>\n\t\t\t\t\t<\/li>\n\t\t\t\t\t<li class=\"gallery-item col-3\" itemprop=\"associatedMedia\" itemscope itemtype=\"http:\/\/schema.org\/ImageObject\">\n\t\t\t\t\t\t<div class=\"gallery-icon landscape\"><a href=\"https:\/\/www.salzburgerland.com\/cs\/wp-content\/uploads\/2019\/09\/grossarltal-skifahren-gondelbahn--lorenzmasser-1600x1067.jpg\" title=\"Grossarltal-skifahren-gondelbahn \u00a9 LorenzMasser\"><img decoding=\"async\" data-title=\"Sjezdovky v Grossarltalu \u00a9 TVB Grossarltal, Lorenz Masser\" title=\"Sjezdovky v Grossarltalu \u00a9 TVB Grossarltal, Lorenz Masser\" data-caption=\"Sjezdovky v Grossarltalu \u00a9 TVB Grossarltal, Lorenz Masser\" width=\"1170\" height=\"658\" src=\"https:\/\/www.salzburgerland.com\/cs\/wp-content\/uploads\/2019\/09\/grossarltal-skifahren-gondelbahn--lorenzmasser-1170x658.jpg\" class=\"attachment-1170_658 size-1170_658\" alt=\"Ly\u017eov\u00e1n\u00ed na zasn\u011b\u017een\u00e9 sjezdovce v Grossarltalu (Zv\u011bt\u0161en\u00fd pohled)\" srcset=\"https:\/\/www.salzburgerland.com\/cs\/wp-content\/uploads\/2019\/09\/grossarltal-skifahren-gondelbahn--lorenzmasser-1170x658.jpg 1170w, https:\/\/www.salzburgerland.com\/cs\/wp-content\/uploads\/2019\/09\/grossarltal-skifahren-gondelbahn--lorenzmasser-1200x675.jpg 1200w\" sizes=\"(max-width: 1170px) 100vw, 1170px\" aria-describedby=\"figcaption-145840-163170\" itemprop=\"thumbnail\"><\/a><\/div>\n\t\t\t\t\t\t<span id=\"figcaption-145840-163170\" class=\"gallery-caption\" itemprop=\"caption\"><span aria-hidden=\"true\">Sjezdovky v Grossarltalu \u00a9 TVB Grossarltal, Lorenz Masser<\/span><\/span>\n\t\t\t\t\t<\/li>\n\t\t\t\t<\/ul>\n\t\t\t<\/div><!-- .gallery -->\n\n<p data-start=\"1376\" data-end=\"1600\">Kdo m\u00e1 rad\u011bji klidn\u011bj\u0161\u00ed tempo, m\u016f\u017ee b\u011bhem jedin\u00e9 j\u00edzdy nav\u0161t\u00edvit a\u017e <strong data-start=\"1444\" data-end=\"1466\">sedm horsk\u00fdch chat<\/strong>, kter\u00e9 le\u017e\u00ed p\u0159\u00edmo na trase. Ly\u017eov\u00e1n\u00ed tady m\u00e1 mnoho podob. Od sportovn\u00edch svah\u016f a\u017e po pohodov\u00e9 zast\u00e1vky s v\u00fdhledem a dobr\u00fdm j\u00eddlem.<\/p>\n<h3 data-start=\"1607\" data-end=\"1633\"><strong data-start=\"1611\" data-end=\"1633\">Pro rodiny s d\u011btmi<\/strong><\/h3>\n<p data-start=\"1725\" data-end=\"1872\">Kdy\u017e za\u010dnou z nebe tan\u010dit sn\u011bhov\u00e9 vlo\u010dky, o\u010di d\u011bt\u00ed se rozz\u00e1\u0159\u00ed. Kone\u010dn\u011b pr\u00e1zdniny na hor\u00e1ch! V Grossarltalu je m\u00edsta dost pro mal\u00e9 i velk\u00e9 ly\u017ea\u0159e.<\/p>\n<p data-start=\"1874\" data-end=\"2172\">V \u00fadol\u00ed \u010dek\u00e1 <strong data-start=\"1887\" data-end=\"1916\">bezplatn\u00e1 z\u00e1\u017eitkov\u00e1 louka<\/strong> s cvi\u010dn\u00fdm vlekem, kouzeln\u00fdm kobercem, tubingov\u00fdm koloto\u010dem a velk\u00fdm sn\u011bhov\u00fdm h\u0159i\u0161t\u011bm. Na hor\u00e1ch pak d\u011bti proj\u00ed\u017ed\u011bj\u00ed <strong data-start=\"2033\" data-end=\"2045\">funslope<\/strong> se sn\u011bhov\u00fdmi tunely a vlnovkou, zat\u00edmco star\u0161\u00ed zkou\u0161ej\u00ed triky v <strong data-start=\"2110\" data-end=\"2134\"><a href=\"https:\/\/www.grossarltal.info\/en\/winter\/funslope-und-snowpark.html\" target=\"_blank\" rel=\"noopener\">Snowparku<\/a> Gro\u00dfarltal<\/strong> pobl\u00ed\u017e horn\u00ed stanice Panoramabahn.<\/p>\n<p data-start=\"2174\" data-end=\"2375\">Snowpark m\u00e1 zhruba 500 metr\u016f a nab\u00edz\u00ed p\u0159ek\u00e1\u017eky jako <strong data-start=\"2228\" data-end=\"2284\">kicker, butter box, rainbow butter box nebo mushroom<\/strong>. Je ur\u010den\u00fd pro freeskierky, snowboardisty i v\u0161echny, kte\u0159\u00ed si cht\u011bj\u00ed zkusit n\u011bco nov\u00e9ho.<\/p>\n<p data-start=\"2377\" data-end=\"2561\">Nov\u00fdm centrem z\u00e1bavy je pr\u00e1v\u011b <strong data-start=\"2407\" data-end=\"2418\">Kieserl,<\/strong>vrchol mezi Grossarlem a Dorfgasteinem, odkud vedou sjezdy po obou stran\u00e1ch hory. Ly\u017ea\u0159sk\u00e1 houpa\u010dka tady dostala \u00fapln\u011b nov\u00fd rozm\u011br.<\/p>\n\n\t\t\t<div id=\"145840-2\" class=\"gallery gallery-145840 gallery-columns-3 gallery-size-1170_658\" itemscope itemtype=\"http:\/\/schema.org\/ImageGallery\">\n\t\t\t\t<ul class=\"gallery-row gallery-col-3 gallery-clear\">\n\t\t\t\t\t<li class=\"gallery-item col-3\" itemprop=\"associatedMedia\" itemscope itemtype=\"http:\/\/schema.org\/ImageObject\">\n\t\t\t\t\t\t<div class=\"gallery-icon landscape\"><a href=\"https:\/\/www.salzburgerland.com\/cs\/wp-content\/uploads\/2019\/09\/grossarltal-winterwandern-familie-rodeln--lorenzmasser-1604x1067.jpg\" title=\"Grossarltal-Winterwandern-familie-rodeln \u00a9 LorenzMasser\"><img decoding=\"async\" data-title=\"P\u0159ije\u010fte si u\u017e\u00edt dovolenou s rodinou do Grossarltalu \u00a9 TVB Grossarltal, Lorenz Masserr\" title=\"P\u0159ije\u010fte si u\u017e\u00edt dovolenou s rodinou do Grossarltalu \u00a9 TVB Grossarltal, Lorenz Masserr\" data-caption=\"P\u0159ije\u010fte si u\u017e\u00edt dovolenou s rodinou do Grossarltalu \u00a9 TVB Grossarltal, Lorenz Masserr\" width=\"1170\" height=\"658\" src=\"https:\/\/www.salzburgerland.com\/cs\/wp-content\/uploads\/2019\/09\/grossarltal-winterwandern-familie-rodeln--lorenzmasser-1170x658.jpg\" class=\"attachment-1170_658 size-1170_658\" alt=\"P\u0159ije\u010fte si u\u017e\u00edt dovolenou s rodinou do Grossarltalu (Zv\u011bt\u0161en\u00fd pohled)\" srcset=\"https:\/\/www.salzburgerland.com\/cs\/wp-content\/uploads\/2019\/09\/grossarltal-winterwandern-familie-rodeln--lorenzmasser-1170x658.jpg 1170w, https:\/\/www.salzburgerland.com\/cs\/wp-content\/uploads\/2019\/09\/grossarltal-winterwandern-familie-rodeln--lorenzmasser-1200x675.jpg 1200w\" sizes=\"(max-width: 1170px) 100vw, 1170px\" aria-describedby=\"figcaption-145840-163183\" itemprop=\"thumbnail\"><\/a><\/div>\n\t\t\t\t\t\t<span id=\"figcaption-145840-163183\" class=\"gallery-caption\" itemprop=\"caption\"><span aria-hidden=\"true\">P\u0159ije\u010fte si u\u017e\u00edt dovolenou s rodinou do Grossarltalu \u00a9 TVB Grossarltal, Lorenz Masserr<\/span><\/span>\n\t\t\t\t\t<\/li>\n\t\t\t\t\t<li class=\"gallery-item col-3\" itemprop=\"associatedMedia\" itemscope itemtype=\"http:\/\/schema.org\/ImageObject\">\n\t\t\t\t\t\t<div class=\"gallery-icon landscape\"><a href=\"https:\/\/www.salzburgerland.com\/cs\/wp-content\/uploads\/2019\/09\/grossarltal-ski-family-c-tvb-grossarltal_lorenz-masser-1601x1067.jpg\" title=\"Grossarltal-Ski-Family (c) TVB Grossarltal_Lorenz Masser\"><img decoding=\"async\" data-title=\"V Grossarltalu najdou d\u011bti spoustu prostoru a z\u00e1bavy \u00a9 TVB Grossarltal, Lorenz Masser\" title=\"V Grossarltalu najdou d\u011bti spoustu prostoru a z\u00e1bavy \u00a9 TVB Grossarltal, Lorenz Masser\" data-caption=\"V Grossarltalu najdou d\u011bti spoustu prostoru a z\u00e1bavy \u00a9 TVB Grossarltal, Lorenz Masser\" width=\"1170\" height=\"658\" src=\"https:\/\/www.salzburgerland.com\/cs\/wp-content\/uploads\/2019\/09\/grossarltal-ski-family-c-tvb-grossarltal_lorenz-masser-1170x658.jpg\" class=\"attachment-1170_658 size-1170_658\" alt=\"V Grossarltalu najdou d\u011bti spoustu prostoru a z\u00e1bavy (Zv\u011bt\u0161en\u00fd pohled)\" srcset=\"https:\/\/www.salzburgerland.com\/cs\/wp-content\/uploads\/2019\/09\/grossarltal-ski-family-c-tvb-grossarltal_lorenz-masser-1170x658.jpg 1170w, https:\/\/www.salzburgerland.com\/cs\/wp-content\/uploads\/2019\/09\/grossarltal-ski-family-c-tvb-grossarltal_lorenz-masser-1200x675.jpg 1200w\" sizes=\"(max-width: 1170px) 100vw, 1170px\" aria-describedby=\"figcaption-145840-163181\" itemprop=\"thumbnail\"><\/a><\/div>\n\t\t\t\t\t\t<span id=\"figcaption-145840-163181\" class=\"gallery-caption\" itemprop=\"caption\"><span aria-hidden=\"true\">V Grossarltalu najdou d\u011bti spoustu prostoru a z\u00e1bavy \u00a9 TVB Grossarltal, Lorenz Masser<\/span><\/span>\n\t\t\t\t\t<\/li>\n\t\t\t\t\t<li class=\"gallery-item col-3\" itemprop=\"associatedMedia\" itemscope itemtype=\"http:\/\/schema.org\/ImageObject\">\n\t\t\t\t\t\t<div class=\"gallery-icon landscape\"><a href=\"https:\/\/www.salzburgerland.com\/cs\/wp-content\/uploads\/2019\/09\/grossarltal-skifahren-family-herz--lorenzmasser-1600x1067.jpg\" title=\"Grossarltal-skifahren-family-Herz \u00a9 LorenzMasser\"><img decoding=\"async\" data-title=\"Slunce, hory, \u010derstv\u00fd vzduch, to se v\u00e1m bude l\u00edbit \u00a9 TVB Grossarltal, Lorenz Masser\" title=\"Slunce, hory, \u010derstv\u00fd vzduch, to se v\u00e1m bude l\u00edbit \u00a9 TVB Grossarltal, Lorenz Masser\" data-caption=\"Slunce, hory, \u010derstv\u00fd vzduch, to se v\u00e1m bude l\u00edbit \u00a9 TVB Grossarltal, Lorenz Masser\" width=\"1170\" height=\"658\" src=\"https:\/\/www.salzburgerland.com\/cs\/wp-content\/uploads\/2019\/09\/grossarltal-skifahren-family-herz--lorenzmasser-1170x658.jpg\" class=\"attachment-1170_658 size-1170_658\" alt=\"Rodina na d\u0159ev\u011bn\u00e9 houpa\u010dce uprost\u0159ed zasn\u011b\u017een\u00fdch kopc\u016f Vysok\u00fdch Taur v Grossarltalu (Zv\u011bt\u0161en\u00fd pohled)\" srcset=\"https:\/\/www.salzburgerland.com\/cs\/wp-content\/uploads\/2019\/09\/grossarltal-skifahren-family-herz--lorenzmasser-1170x658.jpg 1170w, https:\/\/www.salzburgerland.com\/cs\/wp-content\/uploads\/2019\/09\/grossarltal-skifahren-family-herz--lorenzmasser-1200x675.jpg 1200w\" sizes=\"(max-width: 1170px) 100vw, 1170px\" aria-describedby=\"figcaption-145840-163178\" itemprop=\"thumbnail\"><\/a><\/div>\n\t\t\t\t\t\t<span id=\"figcaption-145840-163178\" class=\"gallery-caption\" itemprop=\"caption\"><span aria-hidden=\"true\">Slunce, hory, \u010derstv\u00fd vzduch, to se v\u00e1m bude l\u00edbit \u00a9 TVB Grossarltal, Lorenz Masser<\/span><\/span>\n\t\t\t\t\t<\/li>\n\t\t\t\t<\/ul>\n\t\t\t<\/div><!-- .gallery -->\n\n<p data-start=\"1918\" data-end=\"2102\">Nov\u00fdm centrem z\u00e1bavy je <strong data-start=\"1948\" data-end=\"1959\">Kieserl,<\/strong> vrchol mezi Grossarlem a Dorfgasteinem, odkud vedou sjezdovky po obou stran\u00e1ch hory. Ly\u017ea\u0159sk\u00e1 houpa\u010dka tady dostala \u00fapln\u011b nov\u00fd rozm\u011br.<\/p>\n<h3 data-start=\"2109\" data-end=\"2150\"><strong data-start=\"2113\" data-end=\"2150\">Mimo sjezdovky: aktivn\u011b v p\u0159\u00edrod\u011b<\/strong><\/h3>\n<p data-start=\"2152\" data-end=\"2454\">Kdo si chce od ly\u017e\u00ed odpo\u010dinout, najde v Grossarltalu p\u0159\u00edrodu v nej\u010dist\u0161\u00ed podob\u011b. \u00dadol\u00ed le\u017e\u00ed u vstupu do <strong data-start=\"2256\" data-end=\"2288\">N\u00e1rodn\u00edho parku Vysok\u00e9 Taury<\/strong> a nab\u00edz\u00ed bohat\u00fd <strong data-start=\"2305\" data-end=\"2328\">program <a href=\"https:\/\/www.grossarltal.info\/en\/winter\/sports-recreation\/berg-gesund.html\" target=\"_blank\" rel=\"noopener\">BERG-GESUND<\/a><\/strong> a\u017e se 100 zimn\u00edmi aktivitami. Od t\u00far na sn\u011b\u017enic\u00edch p\u0159es lezen\u00ed v ledu a\u017e po obl\u00edben\u00fd skitouring na horsk\u00e9 pastviny a vrcholy.<\/p>\n<div id=\"attachment_163176\" style=\"width: 1180px\" class=\"wp-caption alignnone\"><img decoding=\"async\" aria-describedby=\"caption-attachment-163176\" class=\"size-1170_658 wp-image-163176\" src=\"https:\/\/www.salzburgerland.com\/cs\/wp-content\/uploads\/2019\/09\/grossarltal-natur-winter-spazieren-wandern-nationalpark-hohe-tauern-1170x658.jpg\" alt=\"Zimn\u00ed v\u00fdlety zasn\u011b\u017eenou krajinou jako z poh\u00e1dky v Grossarltalu\" width=\"1170\" height=\"658\" srcset=\"https:\/\/www.salzburgerland.com\/cs\/wp-content\/uploads\/2019\/09\/grossarltal-natur-winter-spazieren-wandern-nationalpark-hohe-tauern-1170x658.jpg 1170w, https:\/\/www.salzburgerland.com\/cs\/wp-content\/uploads\/2019\/09\/grossarltal-natur-winter-spazieren-wandern-nationalpark-hohe-tauern-1200x675.jpg 1200w\" sizes=\"(max-width: 1170px) 100vw, 1170px\"><p id=\"caption-attachment-163176\" class=\"wp-caption-text\">Zimn\u00ed v\u00fdlety zasn\u011b\u017eenou krajinou jako z poh\u00e1dky \u00a9 TVB Grossarltal<\/p><\/div>\n<p data-start=\"2456\" data-end=\"2657\">Ve <strong>sportovn\u00edm<\/strong> <strong data-start=\"2481\" data-end=\"2514\">centru s lezeckou halou<\/strong> se po cel\u00fd rok konaj\u00ed nejr\u016fzn\u011bj\u0161\u00ed kurzy a v\u00fdstavy. M\u00edstn\u00ed tak\u00e9 doporu\u010duj\u00ed <strong data-start=\"2602\" data-end=\"2624\">Skitouring Weekend,<\/strong> kter\u00fd se bude konat <strong data-start=\"2634\" data-end=\"2657\">15.\u201318. ledna 2026.<\/strong><\/p>\n<h3 data-start=\"2664\" data-end=\"2698\"><strong data-start=\"2668\" data-end=\"2698\">Salcbursk\u00fd advent v hor\u00e1ch<\/strong><\/h3>\n<p data-start=\"3159\" data-end=\"3308\">Advent v Grossarltalu byste m\u011bli za\u017e\u00edt. Zasn\u011b\u017een\u00e9 hory, t\u0159pyt\u00edc\u00ed se sv\u011bt\u00fdlka a v\u016fn\u011b pun\u010de tady vytv\u00e1\u0159ej\u00ed nezam\u011bnitelnou atmosf\u00e9ru.<\/p>\n<p data-start=\"2700\" data-end=\"3044\">Zat\u00edmco jinde zimn\u00ed sezonu zahajuj\u00ed tane\u010dn\u00ed party, v Grossarltalu vl\u00e1dne klidn\u00e1 adventn\u00ed atmosf\u00e9ra. <strong data-start=\"2806\" data-end=\"2831\">Salzburger <a href=\"https:\/\/www.salzburger-bergadvent.at\/en\/\" target=\"_blank\" rel=\"noopener\">Bergadvent<\/a><\/strong> v Grossarltalu pat\u0159\u00ed k t\u011bm nejp\u016fsobiv\u011bj\u0161\u00edm v Rakousku. V centru Grossarlu vyroste kolem 30 d\u0159ev\u011bn\u00fdch st\u00e1nk\u016f, kde se nab\u00edzej\u00ed region\u00e1ln\u00ed speciality a \u0159emesln\u00e9 v\u00fdrobky. Sou\u010d\u00e1st\u00ed jsou tak\u00e9 koncerty a program pro d\u011bti.<\/p>\n<div id=\"attachment_163173\" style=\"width: 1180px\" class=\"wp-caption alignnone\"><img decoding=\"async\" aria-describedby=\"caption-attachment-163173\" class=\"size-1170_658 wp-image-163173\" src=\"https:\/\/www.salzburgerland.com\/cs\/wp-content\/uploads\/2019\/09\/grossarltal-salzburger-bergadvent_marktplatz-grossarl-1170x658.jpg\" alt=\"Advent s v\u00e1no\u010dn\u00edm trhem v zasn\u011b\u017een\u00e9m Grossarltalu \" width=\"1170\" height=\"658\" srcset=\"https:\/\/www.salzburgerland.com\/cs\/wp-content\/uploads\/2019\/09\/grossarltal-salzburger-bergadvent_marktplatz-grossarl-1170x658.jpg 1170w, https:\/\/www.salzburgerland.com\/cs\/wp-content\/uploads\/2019\/09\/grossarltal-salzburger-bergadvent_marktplatz-grossarl-1200x675.jpg 1200w\" sizes=\"(max-width: 1170px) 100vw, 1170px\"><p id=\"caption-attachment-163173\" class=\"wp-caption-text\">Advent v Grossarltalu \u00a9 TVB Grossarltal<\/p><\/div>\n<p data-start=\"3046\" data-end=\"3362\">V nedalek\u00e9 <strong data-start=\"3057\" data-end=\"3091\">horolezeck\u00e9 vesnici H\u00fcttschlag<\/strong> najdete men\u0161\u00ed, ale velmi p\u016fvabn\u00fd adventn\u00ed trh. Z vesnick\u00e9ho centra a\u017e ke kostelu vede <strong data-start=\"3178\" data-end=\"3198\">betl\u00e9msk\u00e1 stezka<\/strong> s ru\u010dn\u011b vy\u0159ez\u00e1van\u00fdmi postavami v \u017eivotn\u00ed velikosti. Trhy jsou otev\u0159en\u00e9 od <strong data-start=\"3275\" data-end=\"3313\">21. listopadu do 21. prosince 2025<\/strong>, v\u017edy <strong data-start=\"3320\" data-end=\"3362\">od p\u00e1tku do ned\u011ble a tak\u00e9 8. prosince.<\/strong><\/p>\n<h3 data-start=\"3369\" data-end=\"3406\"><strong data-start=\"3373\" data-end=\"3406\">Z\u00e1\u017eitky nejen pro gourmety\u00a0<\/strong><\/h3>\n<p data-start=\"3408\" data-end=\"3573\">Grossarltal je proslul\u00fd svou <strong data-start=\"3437\" data-end=\"3465\">pohostinnost\u00ed<\/strong>. Najdete tu \u00fatuln\u00e9 penziony, rodinn\u00e9 apartm\u00e1ny, exkluzivn\u00ed chalety i elegantn\u00ed hotely s wellness z\u00e1zem\u00edm.\u00a0Milovn\u00edky gastronomie nadchne <strong data-start=\"501\" data-end=\"526\">T\u00fdden ly\u017eov\u00e1n\u00ed a v\u00edna<\/strong> od <strong>14. do 21. b\u0159ezna 2026<\/strong> s ve\u010de\u0159\u00ed v kabince lanovky, degusta\u010dn\u00ed proch\u00e1zkou <strong>\u201eWineroas\u201c<\/strong> (mezi hotely a horsk\u00fdmi chatami s nab\u00eddkou rakousk\u00fdch v\u00edn), galave\u010de\u0159\u00ed a nejv\u00fd\u0161e polo\u017een\u00fdm farm\u00e1\u0159sk\u00fdm trhem v Alp\u00e1ch ve Ski amad\u00e9.<\/p>\n<p data-start=\"3408\" data-end=\"3573\">Od <strong data-start=\"4446\" data-end=\"4472\">21. do 28. b\u0159ezna 2026<\/strong> se kon\u00e1 tradi\u010dn\u00ed ly\u017ea\u0159sk\u00fd t\u00fdden pro d\u00e1my, <strong data-start=\"4490\" data-end=\"4507\">Lady-Skiwoche<\/strong>, s nab\u00eddkou <strong data-start=\"4544\" data-end=\"4566\">skipasu 1+1 zdarma<\/strong>. Kdo si objedn\u00e1 7 noc\u00ed v partnersk\u00e9m ubytov\u00e1n\u00ed a 6denn\u00ed skipas pro dv\u011b osoby, zaplat\u00ed pouze jeden. Druh\u00fd z\u00edsk\u00e1 jako d\u00e1rek. Jarn\u00ed ly\u017eov\u00e1n\u00ed na slunci, koncerty, p\u00e1rty i wellness, to je ide\u00e1ln\u00ed z\u00e1v\u011br sezony pro skupiny i p\u00e1ry.<\/p>\n\n\t\t\t<div id=\"145840-3\" class=\"gallery gallery-145840 gallery-columns-3 gallery-size-1170_658\" itemscope itemtype=\"http:\/\/schema.org\/ImageGallery\">\n\t\t\t\t<ul class=\"gallery-row gallery-col-3 gallery-clear\">\n\t\t\t\t\t<li class=\"gallery-item col-3\" itemprop=\"associatedMedia\" itemscope itemtype=\"http:\/\/schema.org\/ImageObject\">\n\t\t\t\t\t\t<div class=\"gallery-icon landscape\"><a href=\"https:\/\/www.salzburgerland.com\/cs\/wp-content\/uploads\/2019\/09\/grossarltal-skifahren-party-apres-ski--lorenzmasser-1600x1067.jpg\" title=\"Grossarltal-skifahren-party-apres-ski \u00a9 LorenzMasser\"><img decoding=\"async\" data-title=\"Grossarltal a momenty, kter\u00e9 nechcete zapomenout \u00a9 TVB Grossarltal, Lorenz Masser\" title=\"Grossarltal a momenty, kter\u00e9 nechcete zapomenout \u00a9 TVB Grossarltal, Lorenz Masser\" data-caption=\"Grossarltal a momenty, kter\u00e9 nechcete zapomenout \u00a9 TVB Grossarltal, Lorenz Masser\" width=\"1170\" height=\"658\" src=\"https:\/\/www.salzburgerland.com\/cs\/wp-content\/uploads\/2019\/09\/grossarltal-skifahren-party-apres-ski--lorenzmasser-1170x658.jpg\" class=\"attachment-1170_658 size-1170_658\" alt=\"Perfektn\u00ed sjezdovky, slunce a sn\u00edh vykouzl\u00ed v Grossarltalu \u00fasm\u011bv na tv\u00e1\u0159i (Zv\u011bt\u0161en\u00fd pohled)\" srcset=\"https:\/\/www.salzburgerland.com\/cs\/wp-content\/uploads\/2019\/09\/grossarltal-skifahren-party-apres-ski--lorenzmasser-1170x658.jpg 1170w, https:\/\/www.salzburgerland.com\/cs\/wp-content\/uploads\/2019\/09\/grossarltal-skifahren-party-apres-ski--lorenzmasser-1200x675.jpg 1200w\" sizes=\"(max-width: 1170px) 100vw, 1170px\" aria-describedby=\"figcaption-145840-163179\" itemprop=\"thumbnail\"><\/a><\/div>\n\t\t\t\t\t\t<span id=\"figcaption-145840-163179\" class=\"gallery-caption\" itemprop=\"caption\"><span aria-hidden=\"true\">Grossarltal a momenty, kter\u00e9 nechcete zapomenout \u00a9 TVB Grossarltal, Lorenz Masser<\/span><\/span>\n\t\t\t\t\t<\/li>\n\t\t\t\t\t<li class=\"gallery-item col-3\" itemprop=\"associatedMedia\" itemscope itemtype=\"http:\/\/schema.org\/ImageObject\">\n\t\t\t\t\t\t<div class=\"gallery-icon landscape\"><a href=\"https:\/\/www.salzburgerland.com\/cs\/wp-content\/uploads\/2019\/09\/grossarltal-ski-und-weingenuss--lorenzmasser-1600x1067.jpg\" title=\"Grossarltal-ski-und-Weingenuss \u00a9 LorenzMasser\"><img decoding=\"async\" data-title=\"Pro\u010d nespojit po\u017eitek z ly\u017eov\u00e1n\u00ed a dobr\u00e9ho v\u00edna? \u00a9 TVB Grossarltal, Lorenz Masser\" title=\"Pro\u010d nespojit po\u017eitek z ly\u017eov\u00e1n\u00ed a dobr\u00e9ho v\u00edna? \u00a9 TVB Grossarltal, Lorenz Masser\" data-caption=\"Pro\u010d nespojit po\u017eitek z ly\u017eov\u00e1n\u00ed a dobr\u00e9ho v\u00edna? \u00a9 TVB Grossarltal, Lorenz Masser\" width=\"1170\" height=\"658\" src=\"https:\/\/www.salzburgerland.com\/cs\/wp-content\/uploads\/2019\/09\/grossarltal-ski-und-weingenuss--lorenzmasser-1170x658.jpg\" class=\"attachment-1170_658 size-1170_658\" alt='Grossarltal nab\u00edz\u00ed nejr\u016fzn\u011bj\u0161\u00ed akce pro \"foodies\" a milovn\u00edky v\u00edna na zasn\u011b\u017een\u00fdch sjezdovk\u00e1ch (Zv\u011bt\u0161en\u00fd pohled)' srcset=\"https:\/\/www.salzburgerland.com\/cs\/wp-content\/uploads\/2019\/09\/grossarltal-ski-und-weingenuss--lorenzmasser-1170x658.jpg 1170w, https:\/\/www.salzburgerland.com\/cs\/wp-content\/uploads\/2019\/09\/grossarltal-ski-und-weingenuss--lorenzmasser-1200x675.jpg 1200w\" sizes=\"(max-width: 1170px) 100vw, 1170px\" aria-describedby=\"figcaption-145840-163174\" itemprop=\"thumbnail\"><\/a><\/div>\n\t\t\t\t\t\t<span id=\"figcaption-145840-163174\" class=\"gallery-caption\" itemprop=\"caption\"><span aria-hidden=\"true\">Pro\u010d nespojit po\u017eitek z ly\u017eov\u00e1n\u00ed a dobr\u00e9ho v\u00edna? \u00a9 TVB Grossarltal, Lorenz Masser<\/span><\/span>\n\t\t\t\t\t<\/li>\n\t\t\t\t\t<li class=\"gallery-item col-3\" itemprop=\"associatedMedia\" itemscope itemtype=\"http:\/\/schema.org\/ImageObject\">\n\t\t\t\t\t\t<div class=\"gallery-icon landscape\"><a href=\"https:\/\/www.salzburgerland.com\/cs\/wp-content\/uploads\/2019\/09\/grossarltal-ski-kulinarik-c-tvb-grossarltal_lorenz-masser-1601x1067.jpg\" title=\"Grossarltal-ski-kulinarik (c) TVB Grossarltal_Lorenz Masser\"><img decoding=\"async\" data-title=\"V Grossarltalu na \u010derstv\u00e9m vzduchu chutn\u00e1 d\u011btem i dosp\u011bl\u00fdm \u00a9 TVB Grossarltal, Lorenz Masser\" title=\"V Grossarltalu na \u010derstv\u00e9m vzduchu chutn\u00e1 d\u011btem i dosp\u011bl\u00fdm \u00a9 TVB Grossarltal, Lorenz Masser\" data-caption=\"V Grossarltalu na \u010derstv\u00e9m vzduchu chutn\u00e1 d\u011btem i dosp\u011bl\u00fdm \u00a9 TVB Grossarltal, Lorenz Masser\" width=\"1170\" height=\"658\" src=\"https:\/\/www.salzburgerland.com\/cs\/wp-content\/uploads\/2019\/09\/grossarltal-ski-kulinarik-c-tvb-grossarltal_lorenz-masser-1170x658.jpg\" class=\"attachment-1170_658 size-1170_658\" alt=\"Rodina s d\u011btmi si d\u00e1v\u00e1 pauzu s ob\u010derstven\u00edm na proslun\u011bn\u00e9 terase uprost\u0159ed hor (Zv\u011bt\u0161en\u00fd pohled)\" srcset=\"https:\/\/www.salzburgerland.com\/cs\/wp-content\/uploads\/2019\/09\/grossarltal-ski-kulinarik-c-tvb-grossarltal_lorenz-masser-1170x658.jpg 1170w, https:\/\/www.salzburgerland.com\/cs\/wp-content\/uploads\/2019\/09\/grossarltal-ski-kulinarik-c-tvb-grossarltal_lorenz-masser-1200x675.jpg 1200w\" sizes=\"(max-width: 1170px) 100vw, 1170px\" aria-describedby=\"figcaption-145840-163182\" itemprop=\"thumbnail\"><\/a><\/div>\n\t\t\t\t\t\t<span id=\"figcaption-145840-163182\" class=\"gallery-caption\" itemprop=\"caption\"><span aria-hidden=\"true\">V Grossarltalu na \u010derstv\u00e9m vzduchu chutn\u00e1 d\u011btem i dosp\u011bl\u00fdm \u00a9 TVB Grossarltal, Lorenz Masser<\/span><\/span>\n\t\t\t\t\t<\/li>\n\t\t\t\t<\/ul>\n\t\t\t<\/div><!-- .gallery -->\n\n<h3 data-start=\"3842\" data-end=\"3878\"><strong data-start=\"3846\" data-end=\"3878\">Skipas za nejv\u00fdhodn\u011bj\u0161\u00ed cenu<\/strong><\/h3>\n<p data-start=\"3880\" data-end=\"4158\">Zajist\u011bte si sv\u016fj <strong data-start=\"3898\" data-end=\"3942\">skipas na 760 km sjezdovek a 270 lanovek<\/strong> u\u017e te\u010f, v p\u0159edprodeji za <strong data-start=\"3969\" data-end=\"3993\">nejlep\u0161\u00ed mo\u017enou cenu<\/strong> v online shopu. Plat\u00ed jednoduch\u00e9 pravidlo: \u010d\u00edm d\u0159\u00edv koup\u00edte, t\u00edm v\u00fdhodn\u011bj\u0161\u00ed je cena.<\/p>\n<h3 data-start=\"4165\" data-end=\"4195\"><strong data-start=\"4169\" data-end=\"4195\">B\u00edl\u00e1 stopa a Skikeriki<\/strong><\/h3>\n<p>Grossarltal nab\u00edz\u00ed ide\u00e1ln\u00ed podm\u00ednky i pro <a href=\"https:\/\/www.grossarltal.info\/en\/winter\/sports-recreation\/cross-country-skiing.html\" target=\"_blank\" rel=\"noopener\">b\u011b\u017eka\u0159e<\/a>. Na zhruba 25 kilometrech upravovan\u00fdch stop v okol\u00ed <strong>Grossarlu<\/strong> a <strong>H\u00fcttschlagu<\/strong> si na sv\u00e9 p\u0159ijdou za\u010d\u00e1te\u010dn\u00edci i zku\u0161en\u00ed milovn\u00edci b\u00edl\u00e9 stopy. V\u011bt\u0161ina tras m\u00e1 vyzna\u010den\u00e9 klasick\u00e9 i brusla\u0159sk\u00e9 stopy, tak\u017ee si m\u016f\u017eete vybrat podle n\u00e1lady.<\/p>\n<p>P\u0159\u00edmo v Grossarlu za\u010d\u00edn\u00e1 trasa <strong>Reitwiese<\/strong>, perfektn\u00ed pro tr\u00e9nink nebo prvn\u00ed pokusy. Odtud vede <strong>Grossarlsk\u00e1<\/strong> trasa kolem potoka ke K\u00f6sslerh\u00e4usl, odkud pokra\u010duje do <strong>H\u00fcttschlagu<\/strong>. M\u00edrn\u00e9 p\u0159ev\u00fd\u0161en\u00ed a kr\u00e1sn\u00e9 v\u00fdhledy na zasn\u011b\u017een\u00e9 hory z n\u00ed d\u011blaj\u00ed ide\u00e1ln\u00ed trasu pro pohodov\u00e9 ly\u017eov\u00e1n\u00ed.<\/p>\n<p>Zdatn\u011bj\u0161\u00ed b\u011b\u017eka\u0159i si mohou vyzkou\u0161et <strong>H\u00fcttschlagskou<\/strong> tra\u0165, kter\u00e1 vede od centra obce a\u017e k z\u00e1v\u011bru \u00fadol\u00ed se zasn\u011b\u017een\u00fdmi loukami. Nedaleko Aschaust\u00fcberl najdete i z\u00e1bavnou b\u011b\u017eka\u0159skou trasu pro d\u011bti.<\/p>\n<p>A pokud v\u00e1s l\u00e1k\u00e1 j\u00edzda po setm\u011bn\u00ed, v obou obc\u00edch jsou v ur\u010dit\u00e9 dny v t\u00fddnu otev\u0159eny osv\u011btlen\u00e9 no\u010dn\u00ed trasy.<\/p>\n<div id=\"attachment_163177\" style=\"width: 1180px\" class=\"wp-caption alignnone\"><img decoding=\"async\" aria-describedby=\"caption-attachment-163177\" class=\"size-1170_658 wp-image-163177\" src=\"https:\/\/www.salzburgerland.com\/cs\/wp-content\/uploads\/2019\/09\/grossarltal-natur-winter-wandern-nationalpark-hohe-tauern-1170x658.jpg\" alt=\"Zasn\u011b\u017een\u00e1 zimn\u00ed p\u0159\u00edroda v Grossarltalu\" width=\"1170\" height=\"658\" srcset=\"https:\/\/www.salzburgerland.com\/cs\/wp-content\/uploads\/2019\/09\/grossarltal-natur-winter-wandern-nationalpark-hohe-tauern-1170x658.jpg 1170w, https:\/\/www.salzburgerland.com\/cs\/wp-content\/uploads\/2019\/09\/grossarltal-natur-winter-wandern-nationalpark-hohe-tauern-1200x675.jpg 1200w\" sizes=\"(max-width: 1170px) 100vw, 1170px\"><p id=\"caption-attachment-163177\" class=\"wp-caption-text\">Zasn\u011b\u017een\u00e1 zimn\u00ed p\u0159\u00edroda v Grossarltalu \u00a9 TVB Grossarltal, Nationalpark Hohe Tauern<\/p><\/div>\n<p data-start=\"4462\" data-end=\"4727\">Zcela v\u00fdjime\u010dn\u00fd z\u00e1\u017eitek nab\u00edz\u00ed rann\u00ed ly\u017eov\u00e1n\u00ed <a href=\"https:\/\/www.grossarltal.info\/en\/winter\/ski-holidays\/skikeriki.html\" target=\"_blank\" rel=\"noopener\"><strong data-start=\"4508\" data-end=\"4521\">Skikeriki<\/strong> <\/a>s v\u00fdchodem slunce na \u010derstv\u011b upraven\u00fdch sjezdovk\u00e1ch a sn\u00eddan\u00ed z region\u00e1ln\u00edch dobrot na horsk\u00e9 chat\u011b. Ka\u017edou st\u0159edu v 7:15 u doln\u00ed stanice Panoramabahn. \u00da\u010dast je omezena, rezervace je mo\u017en\u00e1 do 16 hodin p\u0159ede\u0161l\u00e9ho dne.<\/p>\n","protected":false},"excerpt":{"rendered":"<p>Sjezdovky pln\u00e9 z\u00e1\u017eitk\u016f \u201eKter\u00e1 je va\u0161e obl\u00edben\u00e1?\u201c pt\u00e1me se Christopha Grubera, \u0161\u00e9fa sjezdovek v Grossarltalu. \u201eZ\u00e1le\u017e\u00ed, s k\u00fdm zrovna jedu,\u201c sm\u011bje se. \u201eS kolegy sportovci vol\u00edm strm\u011bj\u0161\u00ed Himmelreichabfahrt nebo novou dlouhou Berglandabfahrt, s d\u011btmi zase rodinn\u00e9 trat\u011b kolem Kreuzkogelu a Fulsecku. A jejich nejobl\u00edben\u011bj\u0161\u00ed? Ur\u010dit\u011b Hollywald s vesel\u00fdmi figurkami z komiksov\u00e9ho sv\u011bta.\u201c Kdo m\u00e1 rad\u011bji [&hellip;]<\/p>\n","protected":false},"author":6,"featured_media":163170,"comment_status":"closed","ping_status":"closed","template":"","meta":{"_acf_changed":false,"wl_entities_gutenberg":"","_relevanssi_hide_post":"","_relevanssi_hide_content":"","_relevanssi_pin_for_all":"","_relevanssi_pin_keywords":"","_relevanssi_unpin_keywords":"","_relevanssi_related_keywords":"","_relevanssi_related_include_ids":"","_relevanssi_related_exclude_ids":"","_relevanssi_related_no_append":"","_relevanssi_related_not_related":"","_relevanssi_related_posts":"","_relevanssi_noindex_reason":"","footnotes":""},"categories":[1],"tags":[],"wl_entity_type":[2],"class_list":["post-145840","entity","type-entity","status-publish","has-post-thumbnail","hentry","category-uncategorized","wl_entity_type-thing","sitetype-theme"],"acf":[],"yoast_head":"<!-- This site is optimized with the Yoast SEO Premium plugin v27.4 (Yoast SEO v27.4) - https:\/\/yoast.com\/product\/yoast-seo-premium-wordpress\/ -->\n<title>Grossarltal v zim\u011b \u00bb SalzburgerLand.com<\/title>\n<meta name=\"robots\" content=\"index, follow, max-snippet:-1, max-image-preview:large, max-video-preview:-1\" \/>\n<link rel=\"canonical\" href=\"https:\/\/www.salzburgerland.com\/cs\/grossarltal-v-zime\/\" \/>\n<meta property=\"og:locale\" content=\"cs_CZ\" \/>\n<meta property=\"og:type\" content=\"article\" \/>\n<meta property=\"og:title\" content=\"Grossarltal v zim\u011b\" \/>\n<meta property=\"og:description\" content=\"Sjezdovky pln\u00e9 z\u00e1\u017eitk\u016f \u201eKter\u00e1 je va\u0161e obl\u00edben\u00e1?\u201c pt\u00e1me se Christopha Grubera, \u0161\u00e9fa sjezdovek v Grossarltalu. \u201eZ\u00e1le\u017e\u00ed, s k\u00fdm zrovna jedu,\u201c sm\u011bje se. \u201eS\" \/>\n<meta property=\"og:url\" content=\"https:\/\/www.salzburgerland.com\/cs\/grossarltal-v-zime\/\" \/>\n<meta property=\"og:site_name\" content=\"SalzburgerLand.com\" \/>\n<meta property=\"article:publisher\" content=\"https:\/\/www.facebook.com\/visitsalzburgerland\/\" \/>\n<meta property=\"article:modified_time\" content=\"2026-03-03T17:53:40+00:00\" \/>\n<meta property=\"og:image\" content=\"https:\/\/www.salzburgerland.com\/cs\/wp-content\/uploads\/2019\/09\/grossarltal-skifahren-gondelbahn--lorenzmasser-1200x675.jpg\" \/>\n\t<meta property=\"og:image:width\" content=\"1200\" \/>\n\t<meta property=\"og:image:height\" content=\"675\" \/>\n\t<meta property=\"og:image:type\" content=\"image\/jpeg\" \/>\n<meta name=\"twitter:card\" content=\"summary_large_image\" \/>\n<meta name=\"twitter:site\" content=\"@salzburgerland\" \/>\n<meta name=\"twitter:label1\" content=\"Odhadovan\u00e1 doba \u010dten\u00ed\" \/>\n\t<meta name=\"twitter:data1\" content=\"6 minut\" \/>\n<script type=\"application\/ld+json\" class=\"yoast-schema-graph\">{\"@context\":\"https:\\\/\\\/schema.org\",\"@graph\":[{\"@type\":\"WebPage\",\"@id\":\"https:\\\/\\\/www.salzburgerland.com\\\/cs\\\/grossarltal-v-zime\\\/\",\"url\":\"https:\\\/\\\/www.salzburgerland.com\\\/cs\\\/grossarltal-v-zime\\\/\",\"name\":\"Grossarltal v zim\u011b \u00bb SalzburgerLand.com\",\"isPartOf\":{\"@id\":\"https:\\\/\\\/www.salzburgerland.com\\\/cs\\\/#website\"},\"primaryImageOfPage\":{\"@id\":\"https:\\\/\\\/www.salzburgerland.com\\\/cs\\\/grossarltal-v-zime\\\/#primaryimage\"},\"image\":{\"@id\":\"https:\\\/\\\/www.salzburgerland.com\\\/cs\\\/grossarltal-v-zime\\\/#primaryimage\"},\"thumbnailUrl\":\"https:\\\/\\\/www.salzburgerland.com\\\/cs\\\/wp-content\\\/uploads\\\/2019\\\/09\\\/grossarltal-skifahren-gondelbahn--lorenzmasser.jpg\",\"datePublished\":\"2019-09-09T19:15:04+00:00\",\"dateModified\":\"2026-03-03T17:53:40+00:00\",\"description\":\"J\u00edzda na pln\u00fd plyn v Gro\u00dfarltalu. Nejl\u00e9pe upraven\u00e9 sjezdovky uprost\u0159ed rodinn\u00e9 ly\u017ea\u0159sk\u00e9 oblasti.\",\"inLanguage\":\"cs\",\"potentialAction\":[{\"@type\":\"ReadAction\",\"target\":[\"https:\\\/\\\/www.salzburgerland.com\\\/cs\\\/grossarltal-v-zime\\\/\"]}]},{\"@type\":\"ImageObject\",\"inLanguage\":\"cs\",\"@id\":\"https:\\\/\\\/www.salzburgerland.com\\\/cs\\\/grossarltal-v-zime\\\/#primaryimage\",\"url\":\"https:\\\/\\\/www.salzburgerland.com\\\/cs\\\/wp-content\\\/uploads\\\/2019\\\/09\\\/grossarltal-skifahren-gondelbahn--lorenzmasser.jpg\",\"contentUrl\":\"https:\\\/\\\/www.salzburgerland.com\\\/cs\\\/wp-content\\\/uploads\\\/2019\\\/09\\\/grossarltal-skifahren-gondelbahn--lorenzmasser.jpg\",\"width\":2560,\"height\":1707,\"caption\":\"Sjezdovky v Grossarltalu \u00a9 TVB Grossarltal, Lorenz Masser\"},{\"@type\":\"WebSite\",\"@id\":\"https:\\\/\\\/www.salzburgerland.com\\\/cs\\\/#website\",\"url\":\"https:\\\/\\\/www.salzburgerland.com\\\/cs\\\/\",\"name\":\"SalzburgerLand.com\",\"description\":\"Va\u0161e dovolen\u00e1 v Salcburku, Rakousko\",\"potentialAction\":[{\"@type\":\"SearchAction\",\"target\":{\"@type\":\"EntryPoint\",\"urlTemplate\":\"https:\\\/\\\/www.salzburgerland.com\\\/cs\\\/?s={search_term_string}\"},\"query-input\":{\"@type\":\"PropertyValueSpecification\",\"valueRequired\":true,\"valueName\":\"search_term_string\"}}],\"inLanguage\":\"cs\"}]}<\/script>\n<meta property=\"og:video\" content=\"https:\/\/www.youtube.com\/embed\/peSbd9iY7vc\" \/>\n<meta property=\"og:video:type\" content=\"text\/html\" \/>\n<meta property=\"og:video:duration\" content=\"179\" \/>\n<meta property=\"og:video:width\" content=\"480\" \/>\n<meta property=\"og:video:height\" content=\"270\" \/>\n<meta property=\"ya:ovs:adult\" content=\"false\" \/>\n<meta property=\"ya:ovs:upload_date\" content=\"2019-09-09T19:15:04+00:00\" \/>\n<meta property=\"ya:ovs:allow_embed\" content=\"true\" \/>\n<!-- \/ Yoast SEO Premium plugin. -->","yoast_head_json":{"title":"Grossarltal v zim\u011b \u00bb SalzburgerLand.com","robots":{"index":"index","follow":"follow","max-snippet":"max-snippet:-1","max-image-preview":"max-image-preview:large","max-video-preview":"max-video-preview:-1"},"canonical":"https:\/\/www.salzburgerland.com\/cs\/grossarltal-v-zime\/","og_locale":"cs_CZ","og_type":"article","og_title":"Grossarltal v zim\u011b","og_description":"Sjezdovky pln\u00e9 z\u00e1\u017eitk\u016f \u201eKter\u00e1 je va\u0161e obl\u00edben\u00e1?\u201c pt\u00e1me se Christopha Grubera, \u0161\u00e9fa sjezdovek v Grossarltalu. \u201eZ\u00e1le\u017e\u00ed, s k\u00fdm zrovna jedu,\u201c sm\u011bje se. \u201eS","og_url":"https:\/\/www.salzburgerland.com\/cs\/grossarltal-v-zime\/","og_site_name":"SalzburgerLand.com","article_publisher":"https:\/\/www.facebook.com\/visitsalzburgerland\/","article_modified_time":"2026-03-03T17:53:40+00:00","og_image":[{"width":1200,"height":675,"url":"https:\/\/www.salzburgerland.com\/cs\/wp-content\/uploads\/2019\/09\/grossarltal-skifahren-gondelbahn--lorenzmasser-1200x675.jpg","type":"image\/jpeg"}],"twitter_card":"summary_large_image","twitter_site":"@salzburgerland","twitter_misc":{"Odhadovan\u00e1 doba \u010dten\u00ed":"6 minut"},"schema":{"@context":"https:\/\/schema.org","@graph":[{"@type":"WebPage","@id":"https:\/\/www.salzburgerland.com\/cs\/grossarltal-v-zime\/","url":"https:\/\/www.salzburgerland.com\/cs\/grossarltal-v-zime\/","name":"Grossarltal v zim\u011b \u00bb SalzburgerLand.com","isPartOf":{"@id":"https:\/\/www.salzburgerland.com\/cs\/#website"},"primaryImageOfPage":{"@id":"https:\/\/www.salzburgerland.com\/cs\/grossarltal-v-zime\/#primaryimage"},"image":{"@id":"https:\/\/www.salzburgerland.com\/cs\/grossarltal-v-zime\/#primaryimage"},"thumbnailUrl":"https:\/\/www.salzburgerland.com\/cs\/wp-content\/uploads\/2019\/09\/grossarltal-skifahren-gondelbahn--lorenzmasser.jpg","datePublished":"2019-09-09T19:15:04+00:00","dateModified":"2026-03-03T17:53:40+00:00","description":"J\u00edzda na pln\u00fd plyn v Gro\u00dfarltalu. Nejl\u00e9pe upraven\u00e9 sjezdovky uprost\u0159ed rodinn\u00e9 ly\u017ea\u0159sk\u00e9 oblasti.","inLanguage":"cs","potentialAction":[{"@type":"ReadAction","target":["https:\/\/www.salzburgerland.com\/cs\/grossarltal-v-zime\/"]}]},{"@type":"ImageObject","inLanguage":"cs","@id":"https:\/\/www.salzburgerland.com\/cs\/grossarltal-v-zime\/#primaryimage","url":"https:\/\/www.salzburgerland.com\/cs\/wp-content\/uploads\/2019\/09\/grossarltal-skifahren-gondelbahn--lorenzmasser.jpg","contentUrl":"https:\/\/www.salzburgerland.com\/cs\/wp-content\/uploads\/2019\/09\/grossarltal-skifahren-gondelbahn--lorenzmasser.jpg","width":2560,"height":1707,"caption":"Sjezdovky v Grossarltalu \u00a9 TVB Grossarltal, Lorenz Masser"},{"@type":"WebSite","@id":"https:\/\/www.salzburgerland.com\/cs\/#website","url":"https:\/\/www.salzburgerland.com\/cs\/","name":"SalzburgerLand.com","description":"Va\u0161e dovolen\u00e1 v Salcburku, Rakousko","potentialAction":[{"@type":"SearchAction","target":{"@type":"EntryPoint","urlTemplate":"https:\/\/www.salzburgerland.com\/cs\/?s={search_term_string}"},"query-input":{"@type":"PropertyValueSpecification","valueRequired":true,"valueName":"search_term_string"}}],"inLanguage":"cs"}]},"og_video":"https:\/\/www.youtube.com\/embed\/peSbd9iY7vc","og_video_type":"text\/html","og_video_duration":"179","og_video_width":"480","og_video_height":"270","ya_ovs_adult":"false","ya_ovs_upload_date":"2019-09-09T19:15:04+00:00","ya_ovs_allow_embed":"true"},"_wl_alt_label":[],"wl:entity_url":"http:\/\/open.salzburgerland.com\/cs\/post\/grosarltal_v_zime","_links":{"self":[{"href":"https:\/\/www.salzburgerland.com\/cs\/wp-json\/wp\/v2\/entities\/145840","targetHints":{"allow":["GET"]}}],"collection":[{"href":"https:\/\/www.salzburgerland.com\/cs\/wp-json\/wp\/v2\/entities"}],"about":[{"href":"https:\/\/www.salzburgerland.com\/cs\/wp-json\/wp\/v2\/types\/entity"}],"author":[{"embeddable":true,"href":"https:\/\/www.salzburgerland.com\/cs\/wp-json\/wp\/v2\/users\/6"}],"replies":[{"embeddable":true,"href":"https:\/\/www.salzburgerland.com\/cs\/wp-json\/wp\/v2\/comments?post=145840"}],"version-history":[{"count":16,"href":"https:\/\/www.salzburgerland.com\/cs\/wp-json\/wp\/v2\/entities\/145840\/revisions"}],"predecessor-version":[{"id":163916,"href":"https:\/\/www.salzburgerland.com\/cs\/wp-json\/wp\/v2\/entities\/145840\/revisions\/163916"}],"wp:featuredmedia":[{"embeddable":true,"href":"https:\/\/www.salzburgerland.com\/cs\/wp-json\/wp\/v2\/media\/163170"}],"wp:attachment":[{"href":"https:\/\/www.salzburgerland.com\/cs\/wp-json\/wp\/v2\/media?parent=145840"}],"wp:term":[{"taxonomy":"category","embeddable":true,"href":"https:\/\/www.salzburgerland.com\/cs\/wp-json\/wp\/v2\/categories?post=145840"},{"taxonomy":"post_tag","embeddable":true,"href":"https:\/\/www.salzburgerland.com\/cs\/wp-json\/wp\/v2\/tags?post=145840"},{"taxonomy":"wl_entity_type","embeddable":true,"href":"https:\/\/www.salzburgerland.com\/cs\/wp-json\/wp\/v2\/wl_entity_type?post=145840"}],"curies":[{"name":"wp","href":"https:\/\/api.w.org\/{rel}","templated":true}]}}