{"id":144598,"date":"2019-04-09T21:28:30","date_gmt":"2019-04-09T19:28:30","guid":{"rendered":"https:\/\/www.salzburgerland.com\/cs\/?post_type=entity&#038;p=144598"},"modified":"2022-11-23T09:25:21","modified_gmt":"2022-11-23T08:25:21","slug":"rauris","status":"publish","type":"entity","link":"https:\/\/www.salzburgerland.com\/cs\/rauris\/","title":{"rendered":"Rauris"},"content":{"rendered":"<p>V\u00a0zim\u011b i v\u00a0l\u00e9t\u011b se n\u00e1v\u0161t\u011bvn\u00edk\u016fm v\u00a0<a href=\"https:\/\/www.raurisertal.at\/en\/\" target=\"_blank\" rel=\"noopener\"><strong>raurisk\u00e9m \u00fadol\u00ed (Raurisertal)<\/strong><\/a> v\u00a0<strong>N\u00e1rodn\u00edm parku Vysok\u00e9 Taury <\/strong>otev\u00edr\u00e1 rozmanit\u00fd sv\u011bt z\u00e1\u017eitk\u016f. \u010cist\u00e1 p\u0159\u00edroda, blahod\u00e1rn\u00fd vzduch, sametov\u011b hebk\u00e9 horsk\u00e9 louky, impozantn\u00ed vrcholy poho\u0159\u00ed Goldberggruppe (\u201eZlat\u00e9 hory\u201c), opravdov\u00e9 klenoty jako nap\u0159\u00edklad <strong>Raurisk\u00fd prales<\/strong> (Rauriser Urwald), okouzluj\u00edc\u00ed pot\u016f\u010dky, <strong>prameny<\/strong>, jezera a fascinuj\u00edc\u00ed poz\u016fstatky z\u00a0dob <strong>zlatokop\u016f<\/strong>.<\/p>\n\n\t\t\t<div id=\"144598-1\" class=\"gallery gallery-144598 gallery-columns-3 gallery-size-medium\" itemscope itemtype=\"http:\/\/schema.org\/ImageGallery\">\n\t\t\t\t<ul class=\"gallery-row gallery-col-3 gallery-clear\">\n\t\t\t\t\t<li class=\"gallery-item col-3\" itemprop=\"associatedMedia\" itemscope itemtype=\"http:\/\/schema.org\/ImageObject\">\n\t\t\t\t\t\t<div class=\"gallery-icon landscape\"><a href=\"https:\/\/www.salzburgerland.com\/cs\/wp-content\/uploads\/2019\/04\/raurisertal-sommer-wandern-kolm-saigurn-familienwanderung-cfnpht-fotograf-david-innerhofer-1920x1067.jpg\" title=\"raurisertal-sommer-wandern-kolm-saigurn-familienwanderung-cfnpht-fotograf-david-innerhofer-1920x1067\"><img decoding=\"async\" data-title=\"Rodinn\u00fd v\u00fdlet v Kolm Saigurn \u00a9 FNPHT, David Innerhofer\" title=\"Rodinn\u00fd v\u00fdlet v Kolm Saigurn \u00a9 FNPHT, David Innerhofer\" data-caption=\"Rodinn\u00fd v\u00fdlet v Kolm Saigurn \u00a9 FNPHT, David Innerhofer\" width=\"1024\" height=\"569\" src=\"https:\/\/www.salzburgerland.com\/cs\/wp-content\/uploads\/2019\/04\/raurisertal-sommer-wandern-kolm-saigurn-familienwanderung-cfnpht-fotograf-david-innerhofer-1920x1067-1024x569.jpg\" class=\"attachment-medium size-medium\" alt=\"T\u0159i lid\u00e9 jdou po horsk\u00e9 stezce obklopen\u00e9 stromy a zelen\u00fdmi kopci pod jasnou modrou oblohou. (Zv\u011bt\u0161en\u00fd pohled)\" srcset=\"https:\/\/www.salzburgerland.com\/cs\/wp-content\/uploads\/2019\/04\/raurisertal-sommer-wandern-kolm-saigurn-familienwanderung-cfnpht-fotograf-david-innerhofer-1920x1067-1024x569.jpg 1024w, https:\/\/www.salzburgerland.com\/cs\/wp-content\/uploads\/2019\/04\/raurisertal-sommer-wandern-kolm-saigurn-familienwanderung-cfnpht-fotograf-david-innerhofer-1920x1067-370x206.jpg 370w, https:\/\/www.salzburgerland.com\/cs\/wp-content\/uploads\/2019\/04\/raurisertal-sommer-wandern-kolm-saigurn-familienwanderung-cfnpht-fotograf-david-innerhofer-1920x1067-768x427.jpg 768w, https:\/\/www.salzburgerland.com\/cs\/wp-content\/uploads\/2019\/04\/raurisertal-sommer-wandern-kolm-saigurn-familienwanderung-cfnpht-fotograf-david-innerhofer-1920x1067-270x150.jpg 270w, https:\/\/www.salzburgerland.com\/cs\/wp-content\/uploads\/2019\/04\/raurisertal-sommer-wandern-kolm-saigurn-familienwanderung-cfnpht-fotograf-david-innerhofer-1920x1067-540x300.jpg 540w, https:\/\/www.salzburgerland.com\/cs\/wp-content\/uploads\/2019\/04\/raurisertal-sommer-wandern-kolm-saigurn-familienwanderung-cfnpht-fotograf-david-innerhofer-1920x1067.jpg 1920w\" sizes=\"(max-width: 1024px) 100vw, 1024px\" aria-describedby=\"figcaption-144598-144698\" itemprop=\"thumbnail\"><\/a><\/div>\n\t\t\t\t\t\t<span id=\"figcaption-144598-144698\" class=\"gallery-caption\" itemprop=\"caption\"><span aria-hidden=\"true\">Rodinn\u00fd v\u00fdlet v Kolm Saigurn \u00a9 FNPHT, David Innerhofer<\/span><\/span>\n\t\t\t\t\t<\/li>\n\t\t\t\t\t<li class=\"gallery-item col-3\" itemprop=\"associatedMedia\" itemscope itemtype=\"http:\/\/schema.org\/ImageObject\">\n\t\t\t\t\t\t<div class=\"gallery-icon landscape\"><a href=\"https:\/\/www.salzburgerland.com\/cs\/wp-content\/uploads\/2019\/04\/raurisertal-sommer-wandern-krumltal-geierbeobachtung-ctvb-rauris-fotograf-florian-bachmeier-1920x1067.jpg\" title=\"raurisertal-sommer-wandern-krumltal-geierbeobachtung-ctvb-rauris-fotograf-florian-bachmeier-1920x1067\"><img decoding=\"async\" data-title=\"Pozorov\u00e1n\u00ed sup\u016f v Krumltalu \u00a9TVB Rauris, Florian Bachmeier\" title=\"Pozorov\u00e1n\u00ed sup\u016f v Krumltalu \u00a9TVB Rauris, Florian Bachmeier\" data-caption=\"Pozorov\u00e1n\u00ed sup\u016f v Krumltalu \u00a9TVB Rauris, Florian Bachmeier\" width=\"1024\" height=\"569\" src=\"https:\/\/www.salzburgerland.com\/cs\/wp-content\/uploads\/2019\/04\/raurisertal-sommer-wandern-krumltal-geierbeobachtung-ctvb-rauris-fotograf-florian-bachmeier-1920x1067-1024x569.jpg\" class=\"attachment-medium size-medium\" alt=\"\u017dena s dalekohledem na lesn\u00ed stezce v Krumltalu pozoruje supy (Zv\u011bt\u0161en\u00fd pohled)\" srcset=\"https:\/\/www.salzburgerland.com\/cs\/wp-content\/uploads\/2019\/04\/raurisertal-sommer-wandern-krumltal-geierbeobachtung-ctvb-rauris-fotograf-florian-bachmeier-1920x1067-1024x569.jpg 1024w, https:\/\/www.salzburgerland.com\/cs\/wp-content\/uploads\/2019\/04\/raurisertal-sommer-wandern-krumltal-geierbeobachtung-ctvb-rauris-fotograf-florian-bachmeier-1920x1067-370x206.jpg 370w, https:\/\/www.salzburgerland.com\/cs\/wp-content\/uploads\/2019\/04\/raurisertal-sommer-wandern-krumltal-geierbeobachtung-ctvb-rauris-fotograf-florian-bachmeier-1920x1067-768x427.jpg 768w, https:\/\/www.salzburgerland.com\/cs\/wp-content\/uploads\/2019\/04\/raurisertal-sommer-wandern-krumltal-geierbeobachtung-ctvb-rauris-fotograf-florian-bachmeier-1920x1067-270x150.jpg 270w, https:\/\/www.salzburgerland.com\/cs\/wp-content\/uploads\/2019\/04\/raurisertal-sommer-wandern-krumltal-geierbeobachtung-ctvb-rauris-fotograf-florian-bachmeier-1920x1067-540x300.jpg 540w, https:\/\/www.salzburgerland.com\/cs\/wp-content\/uploads\/2019\/04\/raurisertal-sommer-wandern-krumltal-geierbeobachtung-ctvb-rauris-fotograf-florian-bachmeier-1920x1067.jpg 1920w\" sizes=\"(max-width: 1024px) 100vw, 1024px\" aria-describedby=\"figcaption-144598-144699\" itemprop=\"thumbnail\"><\/a><\/div>\n\t\t\t\t\t\t<span id=\"figcaption-144598-144699\" class=\"gallery-caption\" itemprop=\"caption\"><span aria-hidden=\"true\">Pozorov\u00e1n\u00ed sup\u016f v Krumltalu \u00a9TVB Rauris, Florian Bachmeier<\/span><\/span>\n\t\t\t\t\t<\/li>\n\t\t\t\t\t<li class=\"gallery-item col-3\" itemprop=\"associatedMedia\" itemscope itemtype=\"http:\/\/schema.org\/ImageObject\">\n\t\t\t\t\t\t<div class=\"gallery-icon landscape\"><a href=\"https:\/\/www.salzburgerland.com\/cs\/wp-content\/uploads\/2019\/04\/raurisertal-sommer-wandern-palfneralmcfnpht-david-innerhofer-1920x1067.jpg\" title=\"raurisertal-sommer-wandern-palfneralmcfnpht-david-innerhofer-1920x1067\"><img decoding=\"async\" data-title=\"Sala\u0161 na Plafneralm v Raurisu \u00a9 FNPHT, David Innerhofer\" title=\"Sala\u0161 na Plafneralm v Raurisu \u00a9 FNPHT, David Innerhofer\" data-caption=\"Sala\u0161 na Plafneralm v Raurisu \u00a9 FNPHT, David Innerhofer\" width=\"1024\" height=\"569\" src=\"https:\/\/www.salzburgerland.com\/cs\/wp-content\/uploads\/2019\/04\/raurisertal-sommer-wandern-palfneralmcfnpht-david-innerhofer-1920x1067-1024x569.jpg\" class=\"attachment-medium size-medium\" alt=\"Lid\u00e9 se za slune\u010dn\u00e9ho dne shroma\u017e\u010fuj\u00ed p\u0159ed rustik\u00e1ln\u00ed d\u0159ev\u011bnou chatou v zelen\u00e9m horsk\u00e9m \u00fadol\u00ed. (Zv\u011bt\u0161en\u00fd pohled)\" srcset=\"https:\/\/www.salzburgerland.com\/cs\/wp-content\/uploads\/2019\/04\/raurisertal-sommer-wandern-palfneralmcfnpht-david-innerhofer-1920x1067-1024x569.jpg 1024w, https:\/\/www.salzburgerland.com\/cs\/wp-content\/uploads\/2019\/04\/raurisertal-sommer-wandern-palfneralmcfnpht-david-innerhofer-1920x1067-370x206.jpg 370w, https:\/\/www.salzburgerland.com\/cs\/wp-content\/uploads\/2019\/04\/raurisertal-sommer-wandern-palfneralmcfnpht-david-innerhofer-1920x1067-768x427.jpg 768w, https:\/\/www.salzburgerland.com\/cs\/wp-content\/uploads\/2019\/04\/raurisertal-sommer-wandern-palfneralmcfnpht-david-innerhofer-1920x1067-270x150.jpg 270w, https:\/\/www.salzburgerland.com\/cs\/wp-content\/uploads\/2019\/04\/raurisertal-sommer-wandern-palfneralmcfnpht-david-innerhofer-1920x1067-540x300.jpg 540w, https:\/\/www.salzburgerland.com\/cs\/wp-content\/uploads\/2019\/04\/raurisertal-sommer-wandern-palfneralmcfnpht-david-innerhofer-1920x1067.jpg 1920w\" sizes=\"(max-width: 1024px) 100vw, 1024px\" aria-describedby=\"figcaption-144598-144700\" itemprop=\"thumbnail\"><\/a><\/div>\n\t\t\t\t\t\t<span id=\"figcaption-144598-144700\" class=\"gallery-caption\" itemprop=\"caption\"><span aria-hidden=\"true\">Sala\u0161 na Plafneralm v Raurisu \u00a9 FNPHT, David Innerhofer<\/span><\/span>\n\t\t\t\t\t<\/li>\n\t\t\t\t<\/ul>\n\t\t\t<\/div><!-- .gallery -->\n\n<h3>Dravci, prales a zlato<\/h3>\n<p>Pro turisty je zde p\u0159ipraveno t\u00e9m\u011b\u0159 <strong>300 kilometr\u016f zna\u010den\u00fdch tras<\/strong>. N\u011bkter\u00e9 z nich vedou i n\u00e1ro\u010dn\u00fdm vysokohorsk\u00fdm ter\u00e9nem, dal\u0161\u00ed p\u0159es sv\u011b\u017e\u00ed alpsk\u00e9 louky, kolem h\u0159m\u00edc\u00edch vodop\u00e1d\u016f a bublaj\u00edc\u00edch potok\u016f. V\u00a0\u00fadol\u00ed Rauris se spojuj\u00ed chv\u00edle p\u0159\u00edjemn\u00e9ho odpo\u010dinku v\u00a0p\u0159ekr\u00e1sn\u00e9m prost\u0159ed\u00ed, s\u00a0dobrodru\u017estv\u00edm a vzru\u0161uj\u00edc\u00edmi momenty v\u00a0hor\u00e1ch.<\/p>\n<p>Ve voln\u00e9 p\u0159\u00edrod\u011b se m\u016f\u017eete kochat \u201ekr\u00e1li nebes\u201c, jako je nap\u0159\u00edklad orlosup bradat\u00fd, sup b\u011blohlav\u00fd nebo orel skaln\u00ed. Za prozkoum\u00e1n\u00ed stoj\u00ed mnoho <strong>nau\u010dn\u00fdch stezek<\/strong>, starod\u00e1vn\u00e9 <strong>\u0161toly<\/strong>, hornick\u00e9 domky nebo p\u0159\u00edrodn\u00ed kr\u00e1sy jako raurisk\u00fd prales Rauriser Urwald \u010di sout\u011bska Kitzlochklamm.<\/p>\n<p><strong>R\u00fd\u017eov\u00e1n\u00ed zlata<\/strong> m\u00e1 v\u00a0Rauris v\u00edce ne\u017e stoletou tradici. I dnes je v\u00a0t\u00e9to oblasti nal\u00e9zt mnoho odkaz\u016f na \u00e9ru zlatokop\u016f, a\u0165 u\u017e jsou to star\u00e9 m\u011b\u0161\u0165ansk\u00e9 domy v\u00a0kdysi \u201ezlat\u00e9m m\u011bst\u011b\u201c nebo star\u00e9 hornick\u00e9 domky na konci \u00fadol\u00ed Kolm Saigurn. Turist\u00e9 mohou nav\u0161t\u00edvit tak\u00e9 <strong>r\u00fd\u017eovi\u0161t\u011b<\/strong> zlata, kde se pod veden\u00edm zku\u0161en\u00fdch instruktor\u016f b\u011bhem chv\u00edle prom\u011bn\u00ed v\u00a0opravdov\u00e9 hleda\u010de zlata.<\/p>\n<p>V \u201e<strong>\u00dadol\u00ed sup\u016f<\/strong>\u201c, kter\u00e9 nese jm\u00e9no Rauriser Krumltal se to hem\u017e\u00ed supy a orly, kter\u00e9 lze obdivovat spole\u010dn\u011b s\u00a0<strong>kamz\u00edky<\/strong> nebo <strong>svi\u0161ti<\/strong> ve voln\u00e9 divok\u00e9 p\u0159\u00edrod\u011b. Pohled na dravce si mohou turist\u00e9 u\u017e\u00edt tak\u00e9 p\u0159i v\u00fdlet\u011b na <strong>Rauriser Hochalm<\/strong>, jednu z\u00a0nejkr\u00e1sn\u011bj\u0161\u00edch horsk\u00fdch pastvin v\u00a0t\u00e9to oblasti.<\/p>\n\n\t\t\t<div id=\"144598-2\" class=\"gallery gallery-144598 gallery-columns-3 gallery-size-medium\" itemscope itemtype=\"http:\/\/schema.org\/ImageGallery\">\n\t\t\t\t<ul class=\"gallery-row gallery-col-3 gallery-clear\">\n\t\t\t\t\t<li class=\"gallery-item col-3\" itemprop=\"associatedMedia\" itemscope itemtype=\"http:\/\/schema.org\/ImageObject\">\n\t\t\t\t\t\t<div class=\"gallery-icon landscape\"><a href=\"https:\/\/www.salzburgerland.com\/cs\/wp-content\/uploads\/2019\/04\/raurisertal-sommer-wandern-rauriser-urwald-ctvb-rauris-florian-bachmeier-1920x1067.jpg\" title=\"raurisertal-sommer-wandern-rauriser-urwald-ctvb-rauris-florian-bachmeier-1920x1067\"><img decoding=\"async\" data-title=\"Raurisk\u00fd prales - Rauriser Urwald \u00a9 TVB Rauris - Florian Bachmeier\" title=\"Raurisk\u00fd prales - Rauriser Urwald \u00a9 TVB Rauris - Florian Bachmeier\" data-caption=\"Raurisk\u00fd prales - Rauriser Urwald \u00a9 TVB Rauris - Florian Bachmeier\" width=\"1024\" height=\"569\" src=\"https:\/\/www.salzburgerland.com\/cs\/wp-content\/uploads\/2019\/04\/raurisertal-sommer-wandern-rauriser-urwald-ctvb-rauris-florian-bachmeier-1920x1067-1024x569.jpg\" class=\"attachment-medium size-medium\" alt=\"Raurisk\u00fd prales je unik\u00e1tem v N\u00e1rodn\u00edm parku Vysok\u00e9 Taury (Zv\u011bt\u0161en\u00fd pohled)\" srcset=\"https:\/\/www.salzburgerland.com\/cs\/wp-content\/uploads\/2019\/04\/raurisertal-sommer-wandern-rauriser-urwald-ctvb-rauris-florian-bachmeier-1920x1067-1024x569.jpg 1024w, https:\/\/www.salzburgerland.com\/cs\/wp-content\/uploads\/2019\/04\/raurisertal-sommer-wandern-rauriser-urwald-ctvb-rauris-florian-bachmeier-1920x1067-370x206.jpg 370w, https:\/\/www.salzburgerland.com\/cs\/wp-content\/uploads\/2019\/04\/raurisertal-sommer-wandern-rauriser-urwald-ctvb-rauris-florian-bachmeier-1920x1067-768x427.jpg 768w, https:\/\/www.salzburgerland.com\/cs\/wp-content\/uploads\/2019\/04\/raurisertal-sommer-wandern-rauriser-urwald-ctvb-rauris-florian-bachmeier-1920x1067-270x150.jpg 270w, https:\/\/www.salzburgerland.com\/cs\/wp-content\/uploads\/2019\/04\/raurisertal-sommer-wandern-rauriser-urwald-ctvb-rauris-florian-bachmeier-1920x1067-540x300.jpg 540w, https:\/\/www.salzburgerland.com\/cs\/wp-content\/uploads\/2019\/04\/raurisertal-sommer-wandern-rauriser-urwald-ctvb-rauris-florian-bachmeier-1920x1067.jpg 1920w\" sizes=\"(max-width: 1024px) 100vw, 1024px\" aria-describedby=\"figcaption-144598-144701\" itemprop=\"thumbnail\"><\/a><\/div>\n\t\t\t\t\t\t<span id=\"figcaption-144598-144701\" class=\"gallery-caption\" itemprop=\"caption\"><span aria-hidden=\"true\">Raurisk\u00fd prales \u2013 Rauriser Urwald \u00a9 TVB Rauris \u2013 Florian Bachmeier<\/span><\/span>\n\t\t\t\t\t<\/li>\n\t\t\t\t\t<li class=\"gallery-item col-3\" itemprop=\"associatedMedia\" itemscope itemtype=\"http:\/\/schema.org\/ImageObject\">\n\t\t\t\t\t\t<div class=\"gallery-icon landscape\"><a href=\"https:\/\/www.salzburgerland.com\/cs\/wp-content\/uploads\/2019\/04\/raurisertal-sommer-wandern-talschluss-kolm-saigurn-sonnblick-ctvb-rauris-florian-bachmeier-1920x1067.jpg\" title=\"raurisertal-sommer-wandern-talschluss-kolm-saigurn-sonnblick-ctvb-rauris-florian-bachmeier-1920x1067\"><img decoding=\"async\" data-title=\"\u00dadol\u00ed Kolm Saigurn s v\u00fdhledem na horu Sonnblick \u00a9 TVB Rauris - Florian Bachmeier\" title=\"\u00dadol\u00ed Kolm Saigurn s v\u00fdhledem na horu Sonnblick \u00a9 TVB Rauris - Florian Bachmeier\" data-caption=\"\u00dadol\u00ed Kolm Saigurn s v\u00fdhledem na horu Sonnblick \u00a9 TVB Rauris - Florian Bachmeier\" width=\"1024\" height=\"569\" src=\"https:\/\/www.salzburgerland.com\/cs\/wp-content\/uploads\/2019\/04\/raurisertal-sommer-wandern-talschluss-kolm-saigurn-sonnblick-ctvb-rauris-florian-bachmeier-1920x1067-1024x569.jpg\" class=\"attachment-medium size-medium\" alt=\"\u00dadol\u00ed Kolm Saigurn s v\u00fdhledem na horu Sonnblick s m\u00edsty pokryt\u00fdmi sn\u011bhem (Zv\u011bt\u0161en\u00fd pohled)\" srcset=\"https:\/\/www.salzburgerland.com\/cs\/wp-content\/uploads\/2019\/04\/raurisertal-sommer-wandern-talschluss-kolm-saigurn-sonnblick-ctvb-rauris-florian-bachmeier-1920x1067-1024x569.jpg 1024w, https:\/\/www.salzburgerland.com\/cs\/wp-content\/uploads\/2019\/04\/raurisertal-sommer-wandern-talschluss-kolm-saigurn-sonnblick-ctvb-rauris-florian-bachmeier-1920x1067-370x206.jpg 370w, https:\/\/www.salzburgerland.com\/cs\/wp-content\/uploads\/2019\/04\/raurisertal-sommer-wandern-talschluss-kolm-saigurn-sonnblick-ctvb-rauris-florian-bachmeier-1920x1067-768x427.jpg 768w, https:\/\/www.salzburgerland.com\/cs\/wp-content\/uploads\/2019\/04\/raurisertal-sommer-wandern-talschluss-kolm-saigurn-sonnblick-ctvb-rauris-florian-bachmeier-1920x1067-270x150.jpg 270w, https:\/\/www.salzburgerland.com\/cs\/wp-content\/uploads\/2019\/04\/raurisertal-sommer-wandern-talschluss-kolm-saigurn-sonnblick-ctvb-rauris-florian-bachmeier-1920x1067-540x300.jpg 540w, https:\/\/www.salzburgerland.com\/cs\/wp-content\/uploads\/2019\/04\/raurisertal-sommer-wandern-talschluss-kolm-saigurn-sonnblick-ctvb-rauris-florian-bachmeier-1920x1067.jpg 1920w\" sizes=\"(max-width: 1024px) 100vw, 1024px\" aria-describedby=\"figcaption-144598-144702\" itemprop=\"thumbnail\"><\/a><\/div>\n\t\t\t\t\t\t<span id=\"figcaption-144598-144702\" class=\"gallery-caption\" itemprop=\"caption\"><span aria-hidden=\"true\">\u00dadol\u00ed Kolm Saigurn s v\u00fdhledem na horu Sonnblick \u00a9 TVB Rauris \u2013 Florian Bachmeier<\/span><\/span>\n\t\t\t\t\t<\/li>\n\t\t\t\t\t<li class=\"gallery-item col-3\" itemprop=\"associatedMedia\" itemscope itemtype=\"http:\/\/schema.org\/ImageObject\">\n\t\t\t\t\t\t<div class=\"gallery-icon landscape\"><a href=\"https:\/\/www.salzburgerland.com\/cs\/wp-content\/uploads\/2019\/04\/raurisertal-sommer-wandern-hochalmbahnen-greifvogelwarte-c-fnpht-fotograf-david-innerhofer-1920x1067.jpg\" title=\"raurisertal-sommer-wandern-hochalmbahnen-greifvogelwarte-c-fnpht-fotograf-david-innerhofer-1920x1067\"><img decoding=\"async\" data-title=\"Sokolnictv\u00ed v Raurisu \u00a9 FNPHT - David Innerhofer\" title=\"Sokolnictv\u00ed v Raurisu \u00a9 FNPHT - David Innerhofer\" data-caption=\"Sokolnictv\u00ed v Raurisu \u00a9 FNPHT - David Innerhofer\" width=\"1024\" height=\"569\" src=\"https:\/\/www.salzburgerland.com\/cs\/wp-content\/uploads\/2019\/04\/raurisertal-sommer-wandern-hochalmbahnen-greifvogelwarte-c-fnpht-fotograf-david-innerhofer-1920x1067-1024x569.jpg\" class=\"attachment-medium size-medium\" alt=\"Mu\u017e ukazuje rodin\u011b p\u0159ed rustik\u00e1ln\u00edm d\u0159ev\u011bn\u00fdm domem v horsk\u00e9m prost\u0159ed\u00ed velk\u00e9ho pt\u00e1ka. (Zv\u011bt\u0161en\u00fd pohled)\" srcset=\"https:\/\/www.salzburgerland.com\/cs\/wp-content\/uploads\/2019\/04\/raurisertal-sommer-wandern-hochalmbahnen-greifvogelwarte-c-fnpht-fotograf-david-innerhofer-1920x1067-1024x569.jpg 1024w, https:\/\/www.salzburgerland.com\/cs\/wp-content\/uploads\/2019\/04\/raurisertal-sommer-wandern-hochalmbahnen-greifvogelwarte-c-fnpht-fotograf-david-innerhofer-1920x1067-370x206.jpg 370w, https:\/\/www.salzburgerland.com\/cs\/wp-content\/uploads\/2019\/04\/raurisertal-sommer-wandern-hochalmbahnen-greifvogelwarte-c-fnpht-fotograf-david-innerhofer-1920x1067-768x427.jpg 768w, https:\/\/www.salzburgerland.com\/cs\/wp-content\/uploads\/2019\/04\/raurisertal-sommer-wandern-hochalmbahnen-greifvogelwarte-c-fnpht-fotograf-david-innerhofer-1920x1067-270x150.jpg 270w, https:\/\/www.salzburgerland.com\/cs\/wp-content\/uploads\/2019\/04\/raurisertal-sommer-wandern-hochalmbahnen-greifvogelwarte-c-fnpht-fotograf-david-innerhofer-1920x1067-540x300.jpg 540w, https:\/\/www.salzburgerland.com\/cs\/wp-content\/uploads\/2019\/04\/raurisertal-sommer-wandern-hochalmbahnen-greifvogelwarte-c-fnpht-fotograf-david-innerhofer-1920x1067.jpg 1920w\" sizes=\"(max-width: 1024px) 100vw, 1024px\" aria-describedby=\"figcaption-144598-144703\" itemprop=\"thumbnail\"><\/a><\/div>\n\t\t\t\t\t\t<span id=\"figcaption-144598-144703\" class=\"gallery-caption\" itemprop=\"caption\"><span aria-hidden=\"true\">Sokolnictv\u00ed v Raurisu \u00a9 FNPHT \u2013 David Innerhofer<\/span><\/span>\n\t\t\t\t\t<\/li>\n\t\t\t\t<\/ul>\n\t\t\t<\/div><!-- .gallery -->\n\n<h3>Rauriser Hochalm<\/h3>\n<p>Horsk\u00e1 pastvina Hochalm je v\u00a0l\u00e9t\u011b ide\u00e1ln\u00edm m\u00edstem k v\u00fdletu pro celou rodinu. Rodi\u010de jsou fascinov\u00e1n\u00ed impozantn\u00edm panoramatem okoln\u00edch hor, d\u011bti jsou nad\u0161eny z\u00a0horsk\u00e9ho <strong>jezera<\/strong>. D\u0159ev\u011bn\u00e1 leh\u00e1tka l\u00e1kaj\u00ed k\u00a0odpo\u010dinku a v\u00fdhledu na Grossglockner, Dachstein, Steinerne Meer nebo N\u00edzk\u00e9 Taury.<\/p>\n<p>Lanovka Hochalmbahnen V\u00e1s rychle a pohodln\u011b vyveze 900 v\u00fd\u0161kov\u00fdch metr\u016f a\u017e k\u00a0horn\u00ed stanici Hochalm v\u00a01780 metrech, kde se nach\u00e1z\u00ed <strong>sokolnick\u00e9 st\u0159edisko<\/strong>. Dvakr\u00e1t denn\u011b sokoln\u00edk p\u0159edv\u00e1d\u00ed u\u017easl\u00fdm div\u00e1k\u016fm um\u011bn\u00ed letu orl\u016f, k\u00e1\u0148at, sokol\u016f a sov.<\/p>\n<p>Po 40minutov\u00e9 show se m\u016f\u017eete vydat sm\u011brem do \u00fadol\u00ed po lesn\u00ed nau\u010dn\u00e9 stezce <strong>\u201eTilly\u00b4s Waldlehrpfad\u201c<\/strong>\u00a0ke st\u0159edn\u00ed stanici lanovky Heimalm. Tady se d\u011bti a dosp\u011bl\u00ed dozv\u011bd\u00ed v\u00edce o zv\u00ed\u0159atech a alpsk\u00fdch rostlin\u00e1ch. Informa\u010dn\u00ed tabule s\u00a0otev\u00edrac\u00edmi ok\u00e9nky se t\u00fdkaj\u00ed nap\u0159\u00edklad strom\u016f, hub, kv\u011btin a divok\u00fdch zv\u00ed\u0159at. K\u00a0t\u011bm se pak daj\u00ed p\u0159i\u0159azovat i spr\u00e1vn\u00e9 stopy. Cesta sem z\u00a0horn\u00ed stanice trv\u00e1 asi hodinu a je vhodn\u011bj\u0161\u00ed sp\u00ed\u0161e pro star\u0161\u00ed d\u011bti. Pro ko\u010d\u00e1rky ter\u00e9n ide\u00e1ln\u00ed nen\u00ed.<\/p>\n<h3>Raurisk\u00fd prales a sout\u011bska Kitzlochklamm<\/h3>\n<p><a href=\"https:\/\/www.salzburgerland.com\/cs\/region-narodni-park-vysoke-taury\/\" target=\"_blank\" rel=\"noopener\">Prales <strong>Rauriser Urwald<\/strong><\/a> v\u00a0Kolm Saigurn je zcela mimo\u0159\u00e1dnou p\u0159\u00edrodn\u00ed perlou Rakouska a obl\u00edben\u00fdm m\u00edstem turist\u016f. Od l\u00e9ta 2014 se nav\u00edc m\u016f\u017ee pochlubit jednou z\u00a0<strong>33 nejlep\u0161\u00edch nau\u010dn\u00fdch stezek<\/strong> v\u00a0Rakousku. Sout\u011bska <strong>Kitzlochklamm<\/strong> se nach\u00e1z\u00ed u m\u011bsta Taxenbach. Jde o ka\u0148on, kter\u00fd b\u011bhem n\u011bkolika tis\u00edc let zformovala \u0159eka Rauriser Ache, nap\u00e1jen\u00e1 z\u00a0taj\u00edc\u00edch alpsk\u00fdch ledovc\u016f.<\/p>\n<p>Kdy\u017e nech\u00e1te auto na parkovi\u0161ti p\u0159ed sout\u011bskou a zakoup\u00edte si vstupenku, projdete se\u00a0v\u00a0p\u0159ekr\u00e1sn\u00e9m ka\u0148onu. Okouzl\u00ed V\u00e1s <strong>60metrov\u00fd vodop\u00e1d<\/strong>, kter\u00fd v\u00a0l\u00e9t\u011b p\u0159\u00edjemn\u011b osv\u011b\u017e\u00ed. Trasa vede pod\u00e9l \u0159eky, tak\u017ee po dobu prohl\u00eddky, kter\u00e1 trv\u00e1 zhruba hodinu svi\u017en\u011bj\u0161\u00ed ch\u016fze, uvid\u00edte n\u00e1dhernou p\u0159\u00edrodu a divokou \u0159eku. Ochozy a schodi\u0161t\u011b jsou dob\u0159e zpracovan\u00e9. P\u0159ipravte se v\u0161ak na \u010dast\u00e9 stoup\u00e1n\u00ed a kles\u00e1n\u00ed.<\/p>\n\n\t\t\t<div id=\"144598-3\" class=\"gallery gallery-144598 gallery-columns-3 gallery-size-medium\" itemscope itemtype=\"http:\/\/schema.org\/ImageGallery\">\n\t\t\t\t<ul class=\"gallery-row gallery-col-3 gallery-clear\">\n\t\t\t\t\t<li class=\"gallery-item col-3\" itemprop=\"associatedMedia\" itemscope itemtype=\"http:\/\/schema.org\/ImageObject\">\n\t\t\t\t\t\t<div class=\"gallery-icon landscape\"><a href=\"https:\/\/www.salzburgerland.com\/cs\/wp-content\/uploads\/2019\/04\/hochalm_speichersee_trailrunning_c_lukas_pilz_tvb_rausrisertal-900x1067.jpg\" title=\"hochalm_speichersee_trailrunning_c_lukas_pilz_tvb_rausrisertal\"><img decoding=\"async\" data-title=\"Ide\u00e1ln\u00ed m\u00edsto i pro b\u011b\u017ece \u00a9 Lukas Pilz, TVB Raurisertal\" title=\"Ide\u00e1ln\u00ed m\u00edsto i pro b\u011b\u017ece \u00a9 Lukas Pilz, TVB Raurisertal\" data-caption=\"Ide\u00e1ln\u00ed m\u00edsto i pro b\u011b\u017ece \u00a9 Lukas Pilz, TVB Raurisertal\" width=\"900\" height=\"569\" src=\"https:\/\/www.salzburgerland.com\/cs\/wp-content\/uploads\/2019\/04\/hochalm_speichersee_trailrunning_c_lukas_pilz_tvb_rausrisertal-900x569.jpg\" class=\"attachment-medium size-medium\" alt=\"Dva lid\u00e9 b\u011b\u017e\u00edc\u00ed u klidn\u00e9ho jezera s horami v pozad\u00ed a odrazy ve vod\u011b. (Zv\u011bt\u0161en\u00fd pohled)\" aria-describedby=\"figcaption-144598-144704\" itemprop=\"thumbnail\"><\/a><\/div>\n\t\t\t\t\t\t<span id=\"figcaption-144598-144704\" class=\"gallery-caption\" itemprop=\"caption\"><span aria-hidden=\"true\">Ide\u00e1ln\u00ed m\u00edsto i pro b\u011b\u017ece \u00a9 Lukas Pilz, TVB Raurisertal<\/span><\/span>\n\t\t\t\t\t<\/li>\n\t\t\t\t\t<li class=\"gallery-item col-3\" itemprop=\"associatedMedia\" itemscope itemtype=\"http:\/\/schema.org\/ImageObject\">\n\t\t\t\t\t\t<div class=\"gallery-icon landscape\"><a href=\"https:\/\/www.salzburgerland.com\/cs\/wp-content\/uploads\/2019\/04\/sportlich_unterwegs_beim_trailrunning_im_raurisertal_c_lukas_pilz_tvb_rauris-1920x1067.jpg\" title=\"sportlich_unterwegs_beim_trailrunning_im_raurisertal_c_lukas_pilz_tvb_rauris\"><img decoding=\"async\" data-title=\"Voda je zde v\u0161udyp\u0159\u00edtomn\u00e1 \u00a9 Lukas Pilz, TVB Rauris\" title=\"Voda je zde v\u0161udyp\u0159\u00edtomn\u00e1 \u00a9 Lukas Pilz, TVB Rauris\" data-caption=\"Voda je zde v\u0161udyp\u0159\u00edtomn\u00e1 \u00a9 Lukas Pilz, TVB Rauris\" width=\"1024\" height=\"569\" src=\"https:\/\/www.salzburgerland.com\/cs\/wp-content\/uploads\/2019\/04\/sportlich_unterwegs_beim_trailrunning_im_raurisertal_c_lukas_pilz_tvb_rauris-1024x569.jpg\" class=\"attachment-medium size-medium\" alt=\"Osoba s \u010derven\u00fdm batohem na z\u00e1dech sk\u00e1\u010de p\u0159es kamenit\u00fd potok v malebn\u00e9 horsk\u00e9 krajin\u011b pod modrou oblohou. (Zv\u011bt\u0161en\u00fd pohled)\" srcset=\"https:\/\/www.salzburgerland.com\/cs\/wp-content\/uploads\/2019\/04\/sportlich_unterwegs_beim_trailrunning_im_raurisertal_c_lukas_pilz_tvb_rauris-1024x569.jpg 1024w, https:\/\/www.salzburgerland.com\/cs\/wp-content\/uploads\/2019\/04\/sportlich_unterwegs_beim_trailrunning_im_raurisertal_c_lukas_pilz_tvb_rauris-370x206.jpg 370w, https:\/\/www.salzburgerland.com\/cs\/wp-content\/uploads\/2019\/04\/sportlich_unterwegs_beim_trailrunning_im_raurisertal_c_lukas_pilz_tvb_rauris-1920x1067.jpg 1920w, https:\/\/www.salzburgerland.com\/cs\/wp-content\/uploads\/2019\/04\/sportlich_unterwegs_beim_trailrunning_im_raurisertal_c_lukas_pilz_tvb_rauris-270x150.jpg 270w, https:\/\/www.salzburgerland.com\/cs\/wp-content\/uploads\/2019\/04\/sportlich_unterwegs_beim_trailrunning_im_raurisertal_c_lukas_pilz_tvb_rauris-540x300.jpg 540w\" sizes=\"(max-width: 1024px) 100vw, 1024px\" aria-describedby=\"figcaption-144598-144705\" itemprop=\"thumbnail\"><\/a><\/div>\n\t\t\t\t\t\t<span id=\"figcaption-144598-144705\" class=\"gallery-caption\" itemprop=\"caption\"><span aria-hidden=\"true\">Voda je zde v\u0161udyp\u0159\u00edtomn\u00e1 \u00a9 Lukas Pilz, TVB Rauris<\/span><\/span>\n\t\t\t\t\t<\/li>\n\t\t\t\t\t<li class=\"gallery-item col-3\" itemprop=\"associatedMedia\" itemscope itemtype=\"http:\/\/schema.org\/ImageObject\">\n\t\t\t\t\t\t<div class=\"gallery-icon landscape\"><a href=\"https:\/\/www.salzburgerland.com\/cs\/wp-content\/uploads\/2019\/04\/ansicht_des_wasserfallrundwegs_im_raurisertal_c_florian_bachmeier_tourismusverband_rauris-1000x1067.jpg\" title=\"ansicht_des_wasserfallrundwegs_im_raurisertal_c_florian_bachmeier_tourismusverband_rauris\"><img decoding=\"async\" data-title=\"Okruh okolo vodop\u00e1du \u00a9 Florian Bachmeier, TVB Rauris\" title=\"Okruh okolo vodop\u00e1du \u00a9 Florian Bachmeier, TVB Rauris\" data-caption=\"Okruh okolo vodop\u00e1du \u00a9 Florian Bachmeier, TVB Rauris\" width=\"1000\" height=\"569\" src=\"https:\/\/www.salzburgerland.com\/cs\/wp-content\/uploads\/2019\/04\/ansicht_des_wasserfallrundwegs_im_raurisertal_c_florian_bachmeier_tourismusverband_rauris-1000x569.jpg\" class=\"attachment-medium size-medium\" alt=\"Kask\u00e1dy vody na skal\u00e1ch s vodop\u00e1dem v pozad\u00ed, obklopen\u00e9 zelen\u00fdmi kopci pod modrou oblohou. (Zv\u011bt\u0161en\u00fd pohled)\" aria-describedby=\"figcaption-144598-144706\" itemprop=\"thumbnail\"><\/a><\/div>\n\t\t\t\t\t\t<span id=\"figcaption-144598-144706\" class=\"gallery-caption\" itemprop=\"caption\"><span aria-hidden=\"true\">Okruh okolo vodop\u00e1du \u00a9 Florian Bachmeier, TVB Rauris<\/span><\/span>\n\t\t\t\t\t<\/li>\n\t\t\t\t<\/ul>\n\t\t\t<\/div><!-- .gallery -->\n\n<h3>\u00dadol\u00ed pramen\u016f<\/h3>\n<p>V\u00edce ne\u017e <strong>300 pramen\u016f<\/strong>, impozantn\u00ed vodop\u00e1dy a hu\u010d\u00edc\u00ed horsk\u00e9 potoky. Vodn\u00ed bohatstv\u00ed v\u00a0\u00fadol\u00ed Raurisertal v\u00a0N\u00e1rodn\u00edm parku Vysok\u00e9 Taury je \u00fachvatn\u00e9. Ne nadarmo je tato oblast v\u00a0Salcbursku zn\u00e1m\u00e1 jako \u201e<strong>\u00dadol\u00ed pramen\u016f<\/strong>\u201c. Nap\u00edt se \u010derstv\u00e9 pramenit\u00e9 vody, poslouchat uklid\u0148uj\u00edc\u00ed \u0161um\u011bn\u00ed horsk\u00fdch pot\u016f\u010dk\u016f nebo si osv\u011b\u017eit nohy po v\u00fdlet\u011b. M\u00e1te tolik mo\u017enost\u00ed, jak si vychutnat a u\u017e\u00edt tuto vz\u00e1cnou sou\u010d\u00e1st p\u0159\u00edrody.<\/p>\n<p>Opravdu siln\u00e9 m\u00edsto naleznete pouh\u00fdch 30 minut p\u011b\u0161ky od restaurace Bodenhaus v\u00a0zadn\u00edm H\u00fcttwinkltalu. Jde o <strong>Rauriser UrQuell<\/strong>. Z\u00a0hlubin zem\u011b se neust\u00e1le vyv\u011br\u00e1 voda. V\u00a0okol\u00ed se nach\u00e1z\u00ed turistick\u00fd okruh s\u00a0p\u0159\u00edjemn\u00fdmi m\u00edsty k\u00a0posezen\u00ed a odpo\u010dinku. O n\u011bco v\u00fd\u0161e nad raurisk\u00fdm pramenem najdete Waldgeheimnis, \u201e<strong>lesn\u00ed tajemstv\u00ed<\/strong>\u201c. Skr\u00fdv\u00e1 se za n\u00edm mal\u00e9 lesn\u00ed jezero, kter\u00e9 n\u011bkdy z\u00e1hadn\u011b miz\u00ed a znovu se objevuje.<\/p>\n<div id=\"attachment_144707\" style=\"width: 1180px\" class=\"wp-caption alignnone\"><img decoding=\"async\" aria-describedby=\"caption-attachment-144707\" class=\"wp-image-144707 size-1170_658\" src=\"https:\/\/cdn.salzburgerland.com\/cs\/wp-content\/uploads\/2019\/04\/ansicht_des_kolm_saigurn_mit_hohem_sonnblick_c_florian_bachmeier_tourismusverband_rauris-1170x658.jpg\" alt=\"\" width=\"1170\" height=\"658\" srcset=\"https:\/\/www.salzburgerland.com\/cs\/wp-content\/uploads\/2019\/04\/ansicht_des_kolm_saigurn_mit_hohem_sonnblick_c_florian_bachmeier_tourismusverband_rauris-1170x658.jpg 1170w, https:\/\/www.salzburgerland.com\/cs\/wp-content\/uploads\/2019\/04\/ansicht_des_kolm_saigurn_mit_hohem_sonnblick_c_florian_bachmeier_tourismusverband_rauris-1200x675.jpg 1200w\" sizes=\"(max-width: 1170px) 100vw, 1170px\"><p id=\"caption-attachment-144707\" class=\"wp-caption-text\">Kolm Saigurn s horou Sonnblick \u00a9 Florian Bachmeier, TVB Rauris<\/p><\/div>\n<h3>Tip pro milovn\u00edky chleba<\/h3>\n<p>Na horsk\u00e9 pastvin\u011b <strong>Kalchkendlalm<\/strong> v\u00a0nadmo\u0159sk\u00e9 v\u00fd\u0161ce 1200 metr\u016f mezi n\u00e1dhern\u011b zelen\u00fdmi loukami po\u0159\u00e1d\u00e1 pan\u00ed Roswitha Huber pravideln\u00e9 kurzy pe\u010den\u00ed chleba. B\u00fdval\u00e1 u\u010ditelka na z\u00e1kladn\u00ed \u0161kole pov\u011bsila p\u0159ed lety pr\u00e1ci \u201ena h\u0159eb\u00edk\u201c a za\u010dala u\u010dit p\u00e9ct chleba v\u00a0hor\u00e1ch, ve 400 let star\u00e9 chalup\u011b na Kalchendlalmu.<\/p>\n<p>\u201ePeka\u0159ka\u201c z\u00e1jemc\u016fm r\u00e1da p\u0159ibl\u00ed\u017e\u00ed pe\u010den\u00ed chleba, od tvarov\u00e1n\u00ed bochn\u00edk\u016f a\u017e po jejich vkl\u00e1d\u00e1n\u00ed do cihlov\u00e9 pece p\u0159ed chalupou. Samoz\u0159ejm\u011b \u017ee pak hned n\u00e1sleduje venkovn\u00ed posezen\u00ed a\u00a0ochutn\u00e1v\u00e1n\u00ed chleba s\u00a0\u010derstv\u00fdm alpsk\u00fdm m\u00e1slem a bylinkami!<\/p>\n","protected":false},"excerpt":{"rendered":"<p>V\u00a0zim\u011b i v\u00a0l\u00e9t\u011b se n\u00e1v\u0161t\u011bvn\u00edk\u016fm v\u00a0raurisk\u00e9m \u00fadol\u00ed (Raurisertal) v\u00a0N\u00e1rodn\u00edm parku Vysok\u00e9 Taury otev\u00edr\u00e1 rozmanit\u00fd sv\u011bt z\u00e1\u017eitk\u016f. \u010cist\u00e1 p\u0159\u00edroda, blahod\u00e1rn\u00fd vzduch, sametov\u011b hebk\u00e9 horsk\u00e9 louky, impozantn\u00ed vrcholy poho\u0159\u00ed Goldberggruppe (\u201eZlat\u00e9 hory\u201c), opravdov\u00e9 klenoty jako nap\u0159\u00edklad Raurisk\u00fd prales (Rauriser Urwald), okouzluj\u00edc\u00ed pot\u016f\u010dky, prameny, jezera a fascinuj\u00edc\u00ed poz\u016fstatky z\u00a0dob zlatokop\u016f. Dravci, prales a zlato Pro turisty je zde [&hellip;]<\/p>\n","protected":false},"author":2,"featured_media":148418,"comment_status":"closed","ping_status":"closed","template":"","meta":{"_acf_changed":false,"wl_entities_gutenberg":"","_relevanssi_hide_post":"","_relevanssi_hide_content":"","_relevanssi_pin_for_all":"","_relevanssi_pin_keywords":"","_relevanssi_unpin_keywords":"","_relevanssi_related_keywords":"","_relevanssi_related_include_ids":"","_relevanssi_related_exclude_ids":"","_relevanssi_related_no_append":"","_relevanssi_related_not_related":"","_relevanssi_related_posts":"","_relevanssi_noindex_reason":"","footnotes":""},"categories":[1],"tags":[],"wl_entity_type":[5],"class_list":["post-144598","entity","type-entity","status-publish","has-post-thumbnail","hentry","category-uncategorized","wl_entity_type-organization","sitetype-region"],"acf":[],"yoast_head":"<!-- This site is optimized with the Yoast SEO Premium plugin v27.4 (Yoast SEO v27.4) - https:\/\/yoast.com\/product\/yoast-seo-premium-wordpress\/ -->\n<title>Rauris \u00bb SalzburgerLand.com<\/title>\n<meta name=\"description\" content=\"\u00dadol\u00ed Raurisertal v regionu Pinzgau nab\u00edz\u00ed mimo\u0159\u00e1dn\u00e9 p\u0159\u00edrodn\u00ed kr\u00e1sy. Prales, jezera, vodop\u00e1d, zn\u00e1mou sout\u011bsku, kr\u00e1sn\u00e9 pastviny, poz\u016fstatky t\u011b\u017eby zlata i voln\u011b \u017eij\u00edc\u00ed dravce.\" \/>\n<meta name=\"robots\" content=\"index, follow, max-snippet:-1, max-image-preview:large, max-video-preview:-1\" \/>\n<link rel=\"canonical\" href=\"https:\/\/www.salzburgerland.com\/cs\/rauris\/\" \/>\n<meta property=\"og:locale\" content=\"cs_CZ\" \/>\n<meta property=\"og:type\" content=\"article\" \/>\n<meta property=\"og:title\" content=\"Rauris\" \/>\n<meta property=\"og:description\" content=\"V\u00a0zim\u011b i v\u00a0l\u00e9t\u011b se n\u00e1v\u0161t\u011bvn\u00edk\u016fm v\u00a0raurisk\u00e9m \u00fadol\u00ed (Raurisertal) v\u00a0N\u00e1rodn\u00edm parku Vysok\u00e9 Taury otev\u00edr\u00e1 rozmanit\u00fd sv\u011bt z\u00e1\u017eitk\u016f. \u010cist\u00e1 p\u0159\u00edroda, blahod\u00e1rn\u00fd\" \/>\n<meta property=\"og:url\" content=\"https:\/\/www.salzburgerland.com\/cs\/rauris\/\" \/>\n<meta property=\"og:site_name\" content=\"SalzburgerLand.com\" \/>\n<meta property=\"article:publisher\" content=\"https:\/\/www.facebook.com\/visitsalzburgerland\/\" \/>\n<meta property=\"article:modified_time\" content=\"2022-11-23T08:25:21+00:00\" \/>\n<meta property=\"og:image\" content=\"https:\/\/www.salzburgerland.com\/cs\/wp-content\/uploads\/2019\/04\/raurisertal-skifahren-gipfelbahnctvb-rauris-fotograf-michael-gruber-1920x1067-1-1170x658-1.jpg\" \/>\n\t<meta property=\"og:image:width\" content=\"1170\" \/>\n\t<meta property=\"og:image:height\" content=\"658\" \/>\n\t<meta property=\"og:image:type\" content=\"image\/jpeg\" \/>\n<meta name=\"twitter:card\" content=\"summary_large_image\" \/>\n<meta name=\"twitter:site\" content=\"@salzburgerland\" \/>\n<meta name=\"twitter:label1\" content=\"Odhadovan\u00e1 doba \u010dten\u00ed\" \/>\n\t<meta name=\"twitter:data1\" content=\"5 minut\" \/>\n<script type=\"application\/ld+json\" class=\"yoast-schema-graph\">{\"@context\":\"https:\\\/\\\/schema.org\",\"@graph\":[{\"@type\":\"WebPage\",\"@id\":\"https:\\\/\\\/www.salzburgerland.com\\\/cs\\\/rauris\\\/\",\"url\":\"https:\\\/\\\/www.salzburgerland.com\\\/cs\\\/rauris\\\/\",\"name\":\"Rauris \u00bb SalzburgerLand.com\",\"isPartOf\":{\"@id\":\"https:\\\/\\\/www.salzburgerland.com\\\/cs\\\/#website\"},\"primaryImageOfPage\":{\"@id\":\"https:\\\/\\\/www.salzburgerland.com\\\/cs\\\/rauris\\\/#primaryimage\"},\"image\":{\"@id\":\"https:\\\/\\\/www.salzburgerland.com\\\/cs\\\/rauris\\\/#primaryimage\"},\"thumbnailUrl\":\"https:\\\/\\\/www.salzburgerland.com\\\/cs\\\/wp-content\\\/uploads\\\/2019\\\/04\\\/raurisertal-skifahren-gipfelbahnctvb-rauris-fotograf-michael-gruber-1920x1067-1-1170x658-1.jpg\",\"datePublished\":\"2019-04-09T19:28:30+00:00\",\"dateModified\":\"2022-11-23T08:25:21+00:00\",\"inLanguage\":\"cs\",\"potentialAction\":[{\"@type\":\"ReadAction\",\"target\":[\"https:\\\/\\\/www.salzburgerland.com\\\/cs\\\/rauris\\\/\"]}]},{\"@type\":\"ImageObject\",\"inLanguage\":\"cs\",\"@id\":\"https:\\\/\\\/www.salzburgerland.com\\\/cs\\\/rauris\\\/#primaryimage\",\"url\":\"https:\\\/\\\/www.salzburgerland.com\\\/cs\\\/wp-content\\\/uploads\\\/2019\\\/04\\\/raurisertal-skifahren-gipfelbahnctvb-rauris-fotograf-michael-gruber-1920x1067-1-1170x658-1.jpg\",\"contentUrl\":\"https:\\\/\\\/www.salzburgerland.com\\\/cs\\\/wp-content\\\/uploads\\\/2019\\\/04\\\/raurisertal-skifahren-gipfelbahnctvb-rauris-fotograf-michael-gruber-1920x1067-1-1170x658-1.jpg\",\"width\":1170,\"height\":658,\"caption\":\"Dva ly\u017ea\u0159i ve sv\u011btl\u00e9 v\u00fdstroji se p\u0159ipravuj\u00ed na sjezd po \u010derstv\u011b upraven\u00e9m zasn\u011b\u017een\u00e9m svahu pod jasnou modrou oblohou.\"},{\"@type\":\"WebSite\",\"@id\":\"https:\\\/\\\/www.salzburgerland.com\\\/cs\\\/#website\",\"url\":\"https:\\\/\\\/www.salzburgerland.com\\\/cs\\\/\",\"name\":\"SalzburgerLand.com\",\"description\":\"Va\u0161e dovolen\u00e1 v Salcburku, Rakousko\",\"potentialAction\":[{\"@type\":\"SearchAction\",\"target\":{\"@type\":\"EntryPoint\",\"urlTemplate\":\"https:\\\/\\\/www.salzburgerland.com\\\/cs\\\/?s={search_term_string}\"},\"query-input\":{\"@type\":\"PropertyValueSpecification\",\"valueRequired\":true,\"valueName\":\"search_term_string\"}}],\"inLanguage\":\"cs\"}]}<\/script>\n<!-- \/ Yoast SEO Premium plugin. -->","yoast_head_json":{"title":"Rauris \u00bb SalzburgerLand.com","description":"\u00dadol\u00ed Raurisertal v regionu Pinzgau nab\u00edz\u00ed mimo\u0159\u00e1dn\u00e9 p\u0159\u00edrodn\u00ed kr\u00e1sy. Prales, jezera, vodop\u00e1d, zn\u00e1mou sout\u011bsku, kr\u00e1sn\u00e9 pastviny, poz\u016fstatky t\u011b\u017eby zlata i voln\u011b \u017eij\u00edc\u00ed dravce.","robots":{"index":"index","follow":"follow","max-snippet":"max-snippet:-1","max-image-preview":"max-image-preview:large","max-video-preview":"max-video-preview:-1"},"canonical":"https:\/\/www.salzburgerland.com\/cs\/rauris\/","og_locale":"cs_CZ","og_type":"article","og_title":"Rauris","og_description":"V\u00a0zim\u011b i v\u00a0l\u00e9t\u011b se n\u00e1v\u0161t\u011bvn\u00edk\u016fm v\u00a0raurisk\u00e9m \u00fadol\u00ed (Raurisertal) v\u00a0N\u00e1rodn\u00edm parku Vysok\u00e9 Taury otev\u00edr\u00e1 rozmanit\u00fd sv\u011bt z\u00e1\u017eitk\u016f. \u010cist\u00e1 p\u0159\u00edroda, blahod\u00e1rn\u00fd","og_url":"https:\/\/www.salzburgerland.com\/cs\/rauris\/","og_site_name":"SalzburgerLand.com","article_publisher":"https:\/\/www.facebook.com\/visitsalzburgerland\/","article_modified_time":"2022-11-23T08:25:21+00:00","og_image":[{"url":"https:\/\/www.salzburgerland.com\/cs\/wp-content\/uploads\/2019\/04\/raurisertal-skifahren-gipfelbahnctvb-rauris-fotograf-michael-gruber-1920x1067-1-1170x658-1.jpg","width":1170,"height":658,"type":"image\/jpeg"}],"twitter_card":"summary_large_image","twitter_site":"@salzburgerland","twitter_misc":{"Odhadovan\u00e1 doba \u010dten\u00ed":"5 minut"},"schema":{"@context":"https:\/\/schema.org","@graph":[{"@type":"WebPage","@id":"https:\/\/www.salzburgerland.com\/cs\/rauris\/","url":"https:\/\/www.salzburgerland.com\/cs\/rauris\/","name":"Rauris \u00bb SalzburgerLand.com","isPartOf":{"@id":"https:\/\/www.salzburgerland.com\/cs\/#website"},"primaryImageOfPage":{"@id":"https:\/\/www.salzburgerland.com\/cs\/rauris\/#primaryimage"},"image":{"@id":"https:\/\/www.salzburgerland.com\/cs\/rauris\/#primaryimage"},"thumbnailUrl":"https:\/\/www.salzburgerland.com\/cs\/wp-content\/uploads\/2019\/04\/raurisertal-skifahren-gipfelbahnctvb-rauris-fotograf-michael-gruber-1920x1067-1-1170x658-1.jpg","datePublished":"2019-04-09T19:28:30+00:00","dateModified":"2022-11-23T08:25:21+00:00","inLanguage":"cs","potentialAction":[{"@type":"ReadAction","target":["https:\/\/www.salzburgerland.com\/cs\/rauris\/"]}]},{"@type":"ImageObject","inLanguage":"cs","@id":"https:\/\/www.salzburgerland.com\/cs\/rauris\/#primaryimage","url":"https:\/\/www.salzburgerland.com\/cs\/wp-content\/uploads\/2019\/04\/raurisertal-skifahren-gipfelbahnctvb-rauris-fotograf-michael-gruber-1920x1067-1-1170x658-1.jpg","contentUrl":"https:\/\/www.salzburgerland.com\/cs\/wp-content\/uploads\/2019\/04\/raurisertal-skifahren-gipfelbahnctvb-rauris-fotograf-michael-gruber-1920x1067-1-1170x658-1.jpg","width":1170,"height":658,"caption":"Dva ly\u017ea\u0159i ve sv\u011btl\u00e9 v\u00fdstroji se p\u0159ipravuj\u00ed na sjezd po \u010derstv\u011b upraven\u00e9m zasn\u011b\u017een\u00e9m svahu pod jasnou modrou oblohou."},{"@type":"WebSite","@id":"https:\/\/www.salzburgerland.com\/cs\/#website","url":"https:\/\/www.salzburgerland.com\/cs\/","name":"SalzburgerLand.com","description":"Va\u0161e dovolen\u00e1 v Salcburku, Rakousko","potentialAction":[{"@type":"SearchAction","target":{"@type":"EntryPoint","urlTemplate":"https:\/\/www.salzburgerland.com\/cs\/?s={search_term_string}"},"query-input":{"@type":"PropertyValueSpecification","valueRequired":true,"valueName":"search_term_string"}}],"inLanguage":"cs"}]}},"_wl_alt_label":[],"wl:entity_url":"http:\/\/open.salzburgerland.com\/cs\/entity\/rauris","_links":{"self":[{"href":"https:\/\/www.salzburgerland.com\/cs\/wp-json\/wp\/v2\/entities\/144598","targetHints":{"allow":["GET"]}}],"collection":[{"href":"https:\/\/www.salzburgerland.com\/cs\/wp-json\/wp\/v2\/entities"}],"about":[{"href":"https:\/\/www.salzburgerland.com\/cs\/wp-json\/wp\/v2\/types\/entity"}],"author":[{"embeddable":true,"href":"https:\/\/www.salzburgerland.com\/cs\/wp-json\/wp\/v2\/users\/2"}],"replies":[{"embeddable":true,"href":"https:\/\/www.salzburgerland.com\/cs\/wp-json\/wp\/v2\/comments?post=144598"}],"version-history":[{"count":5,"href":"https:\/\/www.salzburgerland.com\/cs\/wp-json\/wp\/v2\/entities\/144598\/revisions"}],"predecessor-version":[{"id":154593,"href":"https:\/\/www.salzburgerland.com\/cs\/wp-json\/wp\/v2\/entities\/144598\/revisions\/154593"}],"wp:featuredmedia":[{"embeddable":true,"href":"https:\/\/www.salzburgerland.com\/cs\/wp-json\/wp\/v2\/media\/148418"}],"wp:attachment":[{"href":"https:\/\/www.salzburgerland.com\/cs\/wp-json\/wp\/v2\/media?parent=144598"}],"wp:term":[{"taxonomy":"category","embeddable":true,"href":"https:\/\/www.salzburgerland.com\/cs\/wp-json\/wp\/v2\/categories?post=144598"},{"taxonomy":"post_tag","embeddable":true,"href":"https:\/\/www.salzburgerland.com\/cs\/wp-json\/wp\/v2\/tags?post=144598"},{"taxonomy":"wl_entity_type","embeddable":true,"href":"https:\/\/www.salzburgerland.com\/cs\/wp-json\/wp\/v2\/wl_entity_type?post=144598"}],"curies":[{"name":"wp","href":"https:\/\/api.w.org\/{rel}","templated":true}]}}