{"id":144155,"date":"2018-05-14T23:46:54","date_gmt":"2018-05-14T21:46:54","guid":{"rendered":"https:\/\/www.salzburgerland.com\/cs\/?post_type=entity&#038;p=144155"},"modified":"2024-02-01T09:25:11","modified_gmt":"2024-02-01T08:25:11","slug":"salzkammergut","status":"publish","type":"entity","link":"https:\/\/www.salzburgerland.com\/cs\/salzkammergut\/","title":{"rendered":"Salzkammergut"},"content":{"rendered":"<p>Oblast <a href=\"https:\/\/www.salzkammergut.at\/cz\/solna-komora.html\" target=\"_blank\" rel=\"noopener\"><strong>Soln\u00e1 komora<\/strong><\/a> (Salzkammergut) v\u00a0Salcbursku je zn\u00e1m\u00e1 svou \u010distou p\u0159\u00edrodou, p\u0159ekr\u00e1sn\u00fdmi horami, divok\u00fdmi lesy a n\u011bkolika jezery s\u00a0k\u0159i\u0161\u0165\u00e1lov\u011b \u010distou vodou. Ze t\u0159\u00ed sv\u011btov\u00fdch stran je oblast v\u00fdrazn\u011b ohrani\u010dena mohutn\u00fdmi horsk\u00fdmi skupinami. Ji\u017e od doby keltsk\u00e9ho os\u00eddlen\u00ed se v tomto kraji t\u011b\u017eila s\u016fl, kter\u00e1 se odsud pozd\u011bji vyv\u00e1\u017eela i do \u010cech. Za t\u00edmto \u00fa\u010delem zde byla v letech 1827 \u2013 1836 zprovozn\u011bna zn\u00e1m\u00e1 <strong>kon\u011bsp\u0159e\u017en\u00e1 dr\u00e1ha do \u010cesk\u00fdch Bud\u011bjovic<\/strong>.<\/p>\n<p>V sou\u010dasn\u00e9 dob\u011b je Soln\u00e1 komora obl\u00edbenou rekrea\u010dn\u00ed oblast\u00ed. Najdete tady spoustu perfektn\u011b zna\u010den\u00fdch <strong>turistick\u00fdch tras<\/strong> a okruh\u016f v\u0161ech stup\u0148\u016f obt\u00ed\u017enosti. Soln\u00e1 komora je skv\u011bl\u00fdm m\u00edstem i pro <strong>dovolenou na kolech<\/strong>.<\/p>\n<h3>Region silni\u010dn\u00ed cyklistiky \u2013 Salcbursko \u2013 Soln\u00e1 komora<\/h3>\n<p>Vezmeme n\u011bkter\u00e1 z<strong> nejkr\u00e1sn\u011bj\u0161\u00edch jezer Rakouska<\/strong>, spoj\u00edme je s m\u00edrn\u00fdmi pahorky salcbursk\u00e9ho P\u0159edalp\u00ed a zdokonal\u00edme je impozantn\u00edm pohledem na nejvy\u0161\u0161\u00ed vrcholky Centr\u00e1ln\u00edch Alp. P\u0159ipoj\u00edme-li je\u0161t\u011b 29 perfektn\u011b zna\u010den\u00fdch tras pro <strong><a href=\"https:\/\/www.salzburgerland.com\/cs\/silnicni-kola\/\">silni\u010dn\u00ed kola<\/a><\/strong>, vedouc\u00edch touto n\u00e1dhernou krajinou, dostaneme bez p\u0159eh\u00e1n\u011bn\u00ed jeden z nejrozmanit\u011bj\u0161\u00edch a nejzaj\u00edmav\u011bj\u0161\u00edch region\u016f silni\u010dn\u00ed cyklistiky na sv\u011bt\u011b. Od slou\u010den\u00ed hlavn\u00edch destinac\u00ed <strong>Mondseeland<\/strong>, <strong>Attersee<\/strong>, <strong>Fuschlsee<\/strong>, <strong>Wolfgangsee<\/strong>, <strong>Salzburger Seenland<\/strong>, <strong>Eugendorf \u2013 Bergheim \u2013 Elixhausen<\/strong> a <strong>Dachstein \u2013 Salzkammergut<\/strong> je tato oblast obl\u00edbenou destinac\u00ed v\u0161ech p\u0159\u00edznivc\u016f silni\u010dn\u00ed cyklistiky. Extr\u00e9mn\u00ed stoup\u00e1n\u00ed b\u00fdv\u00e1 sice sp\u00ed\u0161e v\u00fdjimkou, ale \u010detn\u00e9 mal\u00e9 rampy pod\u00e9l vod a nad m\u00edrn\u00fdmi pahorky k n\u011bjak\u00e9mu p\u0159ev\u00fd\u0161en\u00ed p\u0159ece jen vedou.<\/p>\n\n\t\t\t<div id=\"144155-1\" class=\"gallery gallery-144155 gallery-columns-3 gallery-size-1170_658\" itemscope itemtype=\"http:\/\/schema.org\/ImageGallery\">\n\t\t\t\t<ul class=\"gallery-row gallery-col-3 gallery-clear\">\n\t\t\t\t\t<li class=\"gallery-item col-3\" itemprop=\"associatedMedia\" itemscope itemtype=\"http:\/\/schema.org\/ImageObject\">\n\t\t\t\t\t\t<div class=\"gallery-icon landscape\"><a href=\"https:\/\/www.salzburgerland.com\/cs\/wp-content\/uploads\/2018\/05\/rs5424_dji_0094-verbessert-scr.jpg\" title=\"Radfahren im Salzkammergut\"><img decoding=\"async\" data-title=\"Na dvou kolech v Salzkammergut \u00a9 SalzburgerLand Tourismus, Christoph Oberschneider\" title=\"Na dvou kolech v Salzkammergut \u00a9 SalzburgerLand Tourismus, Christoph Oberschneider\" data-caption=\"Na dvou kolech v Salzkammergut \u00a9 SalzburgerLand Tourismus, Christoph Oberschneider\" width=\"1067\" height=\"658\" src=\"https:\/\/www.salzburgerland.com\/cs\/wp-content\/uploads\/2018\/05\/rs5424_dji_0094-verbessert-scr-1067x658.jpg\" class=\"attachment-1170_658 size-1170_658\" alt=\"Salzkammergut je ide\u00e1ln\u00edm m\u00edstem pro dovolenou na kolech. Trasy vedou kolem idylick\u00fdch jezer a hor (Zv\u011bt\u0161en\u00fd pohled)\" aria-describedby=\"figcaption-144155-158865\" itemprop=\"thumbnail\"><\/a><\/div>\n\t\t\t\t\t\t<span id=\"figcaption-144155-158865\" class=\"gallery-caption\" itemprop=\"caption\"><span aria-hidden=\"true\">Na dvou kolech v Salzkammergut \u00a9 SalzburgerLand Tourismus, Christoph Oberschneider<\/span><\/span>\n\t\t\t\t\t<\/li>\n\t\t\t\t\t<li class=\"gallery-item col-3\" itemprop=\"associatedMedia\" itemscope itemtype=\"http:\/\/schema.org\/ImageObject\">\n\t\t\t\t\t\t<div class=\"gallery-icon landscape\"><a href=\"https:\/\/www.salzburgerland.com\/cs\/wp-content\/uploads\/2018\/05\/rs5429_dsc01330-scr.jpg\" title=\"Radfahren im Salzkammergut\"><img decoding=\"async\" data-title=\"Malebn\u00e1 z\u00e1kout\u00ed v Salzkammergut \u00a9 SalzburgerLand Tourismus, Christoph Oberschneider\" title=\"Malebn\u00e1 z\u00e1kout\u00ed v Salzkammergut \u00a9 SalzburgerLand Tourismus, Christoph Oberschneider\" data-caption=\"Malebn\u00e1 z\u00e1kout\u00ed v Salzkammergut \u00a9 SalzburgerLand Tourismus, Christoph Oberschneider\" width=\"1100\" height=\"658\" src=\"https:\/\/www.salzburgerland.com\/cs\/wp-content\/uploads\/2018\/05\/rs5429_dsc01330-scr-1100x658.jpg\" class=\"attachment-1170_658 size-1170_658\" alt=\"Skv\u011bl\u00fd ter\u00e9n nejen pro gravel kola nab\u00edz\u00ed Salzkammergut (Zv\u011bt\u0161en\u00fd pohled)\" aria-describedby=\"figcaption-144155-158864\" itemprop=\"thumbnail\"><\/a><\/div>\n\t\t\t\t\t\t<span id=\"figcaption-144155-158864\" class=\"gallery-caption\" itemprop=\"caption\"><span aria-hidden=\"true\">Malebn\u00e1 z\u00e1kout\u00ed v Salzkammergut \u00a9 SalzburgerLand Tourismus, Christoph Oberschneider<\/span><\/span>\n\t\t\t\t\t<\/li>\n\t\t\t\t\t<li class=\"gallery-item col-3\" itemprop=\"associatedMedia\" itemscope itemtype=\"http:\/\/schema.org\/ImageObject\">\n\t\t\t\t\t\t<div class=\"gallery-icon landscape\"><a href=\"https:\/\/www.salzburgerland.com\/cs\/wp-content\/uploads\/2018\/05\/rs3585_200507-schafberg-mex_9948-scr.jpg\" title=\"Wegweiser\"><img decoding=\"async\" data-title=\"V\u0161echny cesty v Salzkammergut vedou k n\u00e1dhern\u00fdm c\u00edl\u016fm \u00a9 SalzburgerLand Tourismus, Markus Berger\" title=\"V\u0161echny cesty v Salzkammergut vedou k n\u00e1dhern\u00fdm c\u00edl\u016fm \u00a9 SalzburgerLand Tourismus, Markus Berger\" data-caption=\"V\u0161echny cesty v Salzkammergut vedou k n\u00e1dhern\u00fdm c\u00edl\u016fm \u00a9 SalzburgerLand Tourismus, Markus Berger\" width=\"1100\" height=\"658\" src=\"https:\/\/www.salzburgerland.com\/cs\/wp-content\/uploads\/2018\/05\/rs3585_200507-schafberg-mex_9948-scr-1100x658.jpg\" class=\"attachment-1170_658 size-1170_658\" alt=\"Rozcestn\u00edk ukazuj\u00edc\u00ed k ho\u0159e Schafbergspitze i k jezeru Wolfgangsee (Zv\u011bt\u0161en\u00fd pohled)\" aria-describedby=\"figcaption-144155-158863\" itemprop=\"thumbnail\"><\/a><\/div>\n\t\t\t\t\t\t<span id=\"figcaption-144155-158863\" class=\"gallery-caption\" itemprop=\"caption\"><span aria-hidden=\"true\">V\u0161echny cesty v Salzkammergut vedou k n\u00e1dhern\u00fdm c\u00edl\u016fm \u00a9 SalzburgerLand Tourismus, Markus Berger<\/span><\/span>\n\t\t\t\t\t<\/li>\n\t\t\t\t<\/ul>\n\t\t\t<\/div><!-- .gallery -->\n\n<h3>Ikonick\u00fd Schafberg<\/h3>\n<p><a href=\"https:\/\/www.salzburgerland.com\/cs\/region-wolfgangsee-zeleznice-schafbergbahn\/\"><strong>SchafbergBahn<\/strong><\/a>, nejstrm\u011bj\u0161\u00ed ozubnicov\u00e1 dr\u00e1ha v Rakousku, voz\u00ed ji\u017e 130 let v\u00fdletn\u00edky z m\u011bste\u010dka <strong>St. Wolfgang<\/strong> t\u00e9m\u011b\u0159 na vrchol 1783metrov\u00e9 hory Schafberg. B\u011bhem 35minutov\u00e9 j\u00edzdy p\u0159ekon\u00e1te v\u00fd\u0161kov\u00fd rozd\u00edl t\u00e9m\u011b\u0159 <strong>1190 metr\u016f<\/strong>. V horn\u00ed stanici se otev\u00edr\u00e1 pohled na jezera i vrcholy oblasti Soln\u00e9 komory, na jihu na Alpy a na severu na <strong>\u0160umavu<\/strong>. Zcela impozantn\u00ed je odsud masiv <strong>Dachsteinu<\/strong>. Kr\u00e1sn\u00fd v\u00fdhled se zde nask\u00fdt\u00e1 i z nejstar\u0161\u00edho horsk\u00e9ho hotelu v Rakousku, <strong>Schafbergspitze<\/strong>, kde si m\u016f\u017eete dop\u0159\u00e1t p\u0159\u00edjemn\u00e9 ob\u010derstven\u00ed. Pot\u00e9 se zuba\u010dkou SchafbergBahn dostanete zp\u011bt do \u00fadol\u00ed. N\u011bkolik metr\u016f od doln\u00ed stanice se nach\u00e1z\u00ed p\u0159\u00edstavi\u0161t\u011b lod\u00ed <a href=\"https:\/\/www.salzburgerland.com\/cs\/region-wolfgangsee-plavba-po-wolfgangsee\/\"><strong>WolfgangseeSchifffahrt<\/strong> <\/a>(St. Wolfgang Schafbergbahn), odkud se na palub\u011b vr\u00e1t\u00edte zp\u011bt k v\u00fdchoz\u00edmu bodu va\u0161\u00ed cesty.<\/p>\n\n\t\t\t<div id=\"144155-2\" class=\"gallery gallery-144155 gallery-columns-3 gallery-size-1170_658\" itemscope itemtype=\"http:\/\/schema.org\/ImageGallery\">\n\t\t\t\t<ul class=\"gallery-row gallery-col-3 gallery-clear\">\n\t\t\t\t\t<li class=\"gallery-item col-3\" itemprop=\"associatedMedia\" itemscope itemtype=\"http:\/\/schema.org\/ImageObject\">\n\t\t\t\t\t\t<div class=\"gallery-icon landscape\"><a href=\"https:\/\/www.salzburgerland.com\/cs\/wp-content\/uploads\/2022\/08\/schafbergbahn-neu-panorama-himmelspforte_c-salzburg-ag-jpg-1920x1067-1.jpg\" title=\"schafbergbahn-neu-panorama-himmelspforte_c-salzburg-ag-jpg-1920x1067\"><img decoding=\"async\" data-title=\"N\u00e1dhern\u00fd v\u00fdhled na krajinu Salzkammergut \u00a9 Schafberg Salzburg AG, Christian Schartner\" title=\"N\u00e1dhern\u00fd v\u00fdhled na krajinu Salzkammergut \u00a9 Schafberg Salzburg AG, Christian Schartner\" data-caption=\"N\u00e1dhern\u00fd v\u00fdhled na krajinu Salzkammergut \u00a9 Schafberg Salzburg AG, Christian Schartner\" width=\"1170\" height=\"658\" src=\"https:\/\/www.salzburgerland.com\/cs\/wp-content\/uploads\/2022\/08\/schafbergbahn-neu-panorama-himmelspforte_c-salzburg-ag-jpg-1920x1067-1-1170x658.jpg\" class=\"attachment-1170_658 size-1170_658\" alt=\"Vrchol hory Schafberg, odkud je \u00fachvatn\u00fd v\u00fdhled na jezera a hory rakousk\u00e9 oblasti Salzkammergut (Zv\u011bt\u0161en\u00fd pohled)\" srcset=\"https:\/\/www.salzburgerland.com\/cs\/wp-content\/uploads\/2022\/08\/schafbergbahn-neu-panorama-himmelspforte_c-salzburg-ag-jpg-1920x1067-1-1170x658.jpg 1170w, https:\/\/www.salzburgerland.com\/cs\/wp-content\/uploads\/2022\/08\/schafbergbahn-neu-panorama-himmelspforte_c-salzburg-ag-jpg-1920x1067-1-1200x675.jpg 1200w\" sizes=\"(max-width: 1170px) 100vw, 1170px\" aria-describedby=\"figcaption-144155-152582\" itemprop=\"thumbnail\"><\/a><\/div>\n\t\t\t\t\t\t<span id=\"figcaption-144155-152582\" class=\"gallery-caption\" itemprop=\"caption\"><span aria-hidden=\"true\">N\u00e1dhern\u00fd v\u00fdhled na krajinu Salzkammergut \u00a9 Schafberg Salzburg AG, Christian Schartner<\/span><\/span>\n\t\t\t\t\t<\/li>\n\t\t\t\t\t<li class=\"gallery-item col-3\" itemprop=\"associatedMedia\" itemscope itemtype=\"http:\/\/schema.org\/ImageObject\">\n\t\t\t\t\t\t<div class=\"gallery-icon landscape\"><a href=\"https:\/\/www.salzburgerland.com\/cs\/wp-content\/uploads\/2022\/05\/schafbergbahn_bergfahrt-1900x1067.jpg\" title=\"schafbergbahn_bergfahrt\"><img decoding=\"async\" data-title=\"SchafbergBahn \u00a9 Salzburg AG Tourismus GmbH\n\" title=\"SchafbergBahn \u00a9 Salzburg AG Tourismus GmbH\n\" data-caption=\"SchafbergBahn \u00a9 Salzburg AG Tourismus GmbH\n\" width=\"1170\" height=\"658\" src=\"https:\/\/www.salzburgerland.com\/cs\/wp-content\/uploads\/2022\/05\/schafbergbahn_bergfahrt-1170x658.jpg\" class=\"attachment-1170_658 size-1170_658\" alt=\"\u010cerven\u00fd vlak s tiketem Kombi proj\u00ed\u017ed\u00ed pod jasnou oblohou kolem travnat\u00fdch kopc\u016f, jezera a hor. (Zv\u011bt\u0161en\u00fd pohled)\" srcset=\"https:\/\/www.salzburgerland.com\/cs\/wp-content\/uploads\/2022\/05\/schafbergbahn_bergfahrt-1170x658.jpg 1170w, https:\/\/www.salzburgerland.com\/cs\/wp-content\/uploads\/2022\/05\/schafbergbahn_bergfahrt-1900x1067.jpg 1900w, https:\/\/www.salzburgerland.com\/cs\/wp-content\/uploads\/2022\/05\/schafbergbahn_bergfahrt-1200x675.jpg 1200w\" sizes=\"(max-width: 1170px) 100vw, 1170px\" aria-describedby=\"figcaption-144155-156249\" itemprop=\"thumbnail\"><\/a><\/div>\n\t\t\t\t\t\t<span id=\"figcaption-144155-156249\" class=\"gallery-caption\" itemprop=\"caption\"><span aria-hidden=\"true\">SchafbergBahn \u00a9 Salzburg AG Tourismus GmbH\n<\/span><\/span>\n\t\t\t\t\t<\/li>\n\t\t\t\t\t<li class=\"gallery-item col-3\" itemprop=\"associatedMedia\" itemscope itemtype=\"http:\/\/schema.org\/ImageObject\">\n\t\t\t\t\t\t<div class=\"gallery-icon landscape\"><a href=\"https:\/\/www.salzburgerland.com\/cs\/wp-content\/uploads\/2016\/11\/wolfgangseeschifffahrt-ms-oesterreich-copyright-salzburg-ag-1170x658-1.jpg\" title=\"wolfgangseeschifffahrt-ms-oesterreich-copyright-salzburg-ag-1170x658\"><img decoding=\"async\" data-title=\"Plavba po jeze\u0159e Wolfgangsee modern\u00ed lod\u00ed \u00a9 Salzburg AG\" title=\"Plavba po jeze\u0159e Wolfgangsee modern\u00ed lod\u00ed \u00a9 Salzburg AG\" data-caption=\"Plavba po jeze\u0159e Wolfgangsee modern\u00ed lod\u00ed \u00a9 Salzburg AG\" width=\"1170\" height=\"658\" src=\"https:\/\/www.salzburgerland.com\/cs\/wp-content\/uploads\/2016\/11\/wolfgangseeschifffahrt-ms-oesterreich-copyright-salzburg-ag-1170x658-1.jpg\" class=\"attachment-1170_658 size-1170_658\" alt=\"Po tyrkysov\u011b modr\u00e9 hladin\u011b jezera Wolfgangsee v Salzkammergut pluje modern\u00ed v\u00fdletn\u00ed lo\u010f mezi m\u011bsty St. Gilgen a Strobl (Zv\u011bt\u0161en\u00fd pohled)\" srcset=\"https:\/\/www.salzburgerland.com\/cs\/wp-content\/uploads\/2016\/11\/wolfgangseeschifffahrt-ms-oesterreich-copyright-salzburg-ag-1170x658-1.jpg 1170w, https:\/\/www.salzburgerland.com\/cs\/wp-content\/uploads\/2016\/11\/wolfgangseeschifffahrt-ms-oesterreich-copyright-salzburg-ag-1170x658-1-768x432.jpg 768w\" sizes=\"(max-width: 1170px) 100vw, 1170px\" aria-describedby=\"figcaption-144155-152817\" itemprop=\"thumbnail\"><\/a><\/div>\n\t\t\t\t\t\t<span id=\"figcaption-144155-152817\" class=\"gallery-caption\" itemprop=\"caption\"><span aria-hidden=\"true\">Plavba po jeze\u0159e Wolfgangsee modern\u00ed lod\u00ed \u00a9 Salzburg AG<\/span><\/span>\n\t\t\t\t\t<\/li>\n\t\t\t\t<\/ul>\n\t\t\t<\/div><!-- .gallery -->\n\n<h3>Obl\u00edben\u00e9 feraty a lezen\u00ed<\/h3>\n<p><span>Sou\u010d\u00e1st\u00ed bohat\u00e9 nab\u00eddky sportovn\u00edch aktivit je v Salzkammergut \u2013 Soln\u00e9 komo\u0159e, a v jej\u00edch 10 regionech,<\/span><span> velk\u00fd v\u00fdb\u011br jedine\u010dn\u00fdch <strong><a href=\"https:\/\/www.salzburgerland.com\/cs\/dachstein-west-via-ferrata\/\" target=\"_blank\" rel=\"noopener\">ferrat<\/a><\/strong>. D\u00edky bohat\u00e9 nab\u00eddce tras v\u0161ech n\u00e1ro\u010dnost\u00ed si zde <\/span><span>ka\u017ed\u00fd <\/span><span>p\u0159ijde na sv\u00e9<\/span><span>. Podle stupnice obt\u00ed\u017enosti si ka\u017ed\u00fd m\u016f\u017ee vybrat tu pravou variantu. K dispozici jsou \u00farovn\u011b s ozna\u010den\u00edm od \u201eA\u201c (snadn\u00e9) a\u017e po \u201eF\u201c (extr\u00e9mn\u011b n\u00e1ro\u010dn\u00e9). Samoz\u0159ejm\u011b je pot\u0159eba dodr\u017eovat z\u00e1sady bezpe\u010dnosti a jistit se spolehlivou v\u00fdbavou. Nutnost\u00ed jsou horolezeck\u00fd sed\u00e1k, tlumi\u010d p\u00e1du a helma. Doporu\u010duje se tak\u00e9 batoh s prvn\u00ed pomoc\u00ed, rukavice a vhodn\u00e1 obuv. <\/span>K dispozici jsou zde v\u00fdborn\u011b vy\u0161kolen\u00ed hor\u0161t\u00ed pr\u016fvodci, kte\u0159\u00ed hosty r\u00e1di vezmou na feraty. Dal\u0161\u00ed informace o ferat\u00e1ch s p\u0159ehledem cest najdete tak\u00e9 v \u010de\u0161tin\u011b v bro\u017eu\u0159e, kter\u00e1 je ke sta\u017een\u00ed na webov\u00fdch str\u00e1nk\u00e1ch.<\/p>\n<div class=\"ttgBodyText\">\n<div id=\"attachment_144282\" style=\"width: 1180px\" class=\"wp-caption alignnone\"><img decoding=\"async\" aria-describedby=\"caption-attachment-144282\" class=\"size-1170_658 wp-image-144282\" src=\"https:\/\/cdn.salzburgerland.com\/cs\/wp-content\/uploads\/2018\/05\/cgw_2397-1170x658.jpg\" alt=\"\" width=\"1170\" height=\"658\" srcset=\"https:\/\/www.salzburgerland.com\/cs\/wp-content\/uploads\/2018\/05\/cgw_2397-1170x658.jpg 1170w, https:\/\/www.salzburgerland.com\/cs\/wp-content\/uploads\/2018\/05\/cgw_2397-1200x675.jpg 1200w\" sizes=\"(max-width: 1170px) 100vw, 1170px\"><p id=\"caption-attachment-144282\" class=\"wp-caption-text\">Ferraty v Soln\u00e9 komo\u0159e \u00a9werbegams<\/p><\/div>\n<h3><strong>Ferraty v Soln\u00e9 komo\u0159e rozd\u011blen\u00e9 podle obt\u00ed\u017enosti:<\/strong><\/h3>\n<p><strong>A \u2013 lehk\u00e9<\/strong><\/p>\n<p>Dostate\u010dn\u00e9 mno\u017estv\u00ed \u00fachyt\u016f a stup, m\u00edrn\u011b naklon\u011bn\u00fd a trochu strm\u00fd ter\u00e9n, pouze kr\u00e1tk\u00e1, svisl\u00e1 m\u00edsta. Vhodn\u00e9 pro za\u010d\u00e1te\u010dn\u00edky.<\/p>\n<ol>\n<li><a href=\"https:\/\/www.salzkammergut.at\/klettersteig\/liste-nach-schwierigkeit\/schwierigkeitsgrad-a\/oesterreich\/tour\/430001764\/mammut-klettersteigrunde.html\" target=\"_blank\" rel=\"noopener\">Okruh \u201emamut\u00edch ferrat\u201c<\/a>; Gr\u00fcnau im Almtal<\/li>\n<\/ol>\n<p><strong>B \u2013 st\u0159edn\u00ed<\/strong><\/p>\n<p>M\u00edrn\u011b strm\u00fd ter\u00e9n. Ob\u010das zde b\u00fdvaj\u00ed kr\u00e1tk\u00e9 nam\u00e1hav\u011bj\u0161\u00ed \u00faseky. Na ferrat\u011b se vyskytuj\u00ed dobr\u00e1 m\u00edsta k\u00a0odpo\u010dinku.<\/p>\n<ol>\n<li>Ferrata Brustwand; Strobl<\/li>\n<li><a href=\"https:\/\/www.salzkammergut.at\/klettersteig\/liste-nach-schwierigkeit\/schwierigkeitsgrad-a\/oesterreich\/tour\/430001764\/mammut-klettersteigrunde.html\" target=\"_blank\" rel=\"noopener\">Okruh \u201emamut\u00edch ferrat\u201c<\/a>; Gr\u00fcnau im Almtal<\/li>\n<li><a href=\"https:\/\/www.salzkammergut.at\/klettersteig\/liste-nach-schwierigkeit\/schwierigkeitsgrad-b\/oesterreich\/tour\/430002065\/leadership-klettersteig.html\" target=\"_blank\" rel=\"noopener\">Leadership ferrata<\/a>; Bad Goisern am Hallst\u00e4ttersee<\/li>\n<li><a href=\"https:\/\/www.salzkammergut.at\/klettersteig\/liste-nach-schwierigkeit\/schwierigkeitsgrad-b\/oesterreich\/tour\/430006238\/kuckucksnest-klettersteig-krippenstein.html\" target=\"_blank\" rel=\"noopener\">Ferrata \u201eKuka\u010d\u010d\u00ed hn\u00edzdo\u201c Krippenstein<\/a>; Obertraun<\/li>\n<li><a href=\"https:\/\/www.salzkammergut.at\/klettersteig\/liste-nach-schwierigkeit\/schwierigkeitsgrad-b\/oesterreich\/tour\/430006243\/klettersteig-sophie-am-loser.html\" target=\"_blank\" rel=\"noopener\">Ferrata SOPHIE<\/a>; Loser; Altaussee<\/li>\n<li>Ferrata pro d\u011bti od 7 let: <a href=\"https:\/\/www.salzkammergut.at\/klettersteig\/liste-nach-schwierigkeit\/schwierigkeitsgrad-b\/oesterreich\/tour\/430006022\/max-moritz-kinder-und-jugend-klettersteig.html\" target=\"_blank\" rel=\"noopener\">Max &amp; Moritz ferrata pro d\u011bti a ml\u00e1de\u017e<\/a>; Gosau<\/li>\n<li><a href=\"https:\/\/www.salzkammergut.at\/klettersteig\/liste-nach-schwierigkeit\/schwierigkeitsgrad-b\/oesterreich\/tour\/430003155\/klettersteig-dachstein-krippenstein.html\" target=\"_blank\" rel=\"noopener\">Ferrata Dachstein Krippenstein<\/a>; Obertraun<\/li>\n<li><a href=\"https:\/\/www.salzkammergut.at\/klettersteig\/liste-nach-schwierigkeit\/schwierigkeitsgrad-b\/oesterreich\/tour\/430006092\/katrin-klettersteig.html\" target=\"_blank\" rel=\"noopener\">Ferrata Katrin<\/a>; Bad Ischl<\/li>\n<li><a href=\"https:\/\/www.salzkammergut.at\/klettersteig\/liste-nach-schwierigkeit\/schwierigkeitsgrad-b\/oesterreich\/tour\/430001487\/naturfreundesteig-auf-den-traunstein.html\" target=\"_blank\" rel=\"noopener\">Ferrata p\u0159\u00e1tel p\u0159\u00edrody na Traunsteinu<\/a>; Gmunden<\/li>\n<li><a href=\"https:\/\/www.salzkammergut.at\/index.php?id=13843\" target=\"_blank\" rel=\"noopener\">Trail hory a jezero<\/a>, Etapa 12: Gosau-Hintertal \u2013 Hallstatt; Gosau<\/li>\n<\/ol>\n<p><strong>C \u2013 obt\u00ed\u017en\u00e9<\/strong><\/p>\n<p>Strm\u00e9 skaln\u00ed ter\u00e9ny s\u00a0vertik\u00e1ln\u00edmi \u010d\u00e1ste\u010dn\u011b exponovan\u00fdmi m\u00edsty. Um\u011bl\u00e9 zaji\u0161t\u011bn\u00ed (chyty a stupy) jsou men\u0161\u00ed. \u010cast\u00e9 jsou n\u00e1ro\u010dn\u00e9 pas\u00e1\u017ee vy\u017eaduj\u00edc\u00ed s\u00edlu. Odpo\u010d\u00edvadla jsou mal\u00e1, ale jsou k\u00a0dispozici.<\/p>\n<ol>\n<li>Ferrata Brustwand; Strobl<\/li>\n<li>Okruh<a href=\"https:\/\/www.salzkammergut.at\/klettersteig\/liste-nach-schwierigkeit\/schwierigkeitsgrad-a\/oesterreich\/tour\/430001764\/mammut-klettersteigrunde.html\" target=\"_blank\" rel=\"noopener\">\u201emamut\u00edch ferrat\u201c;<\/a> Gr\u00fcnau im Almtal<\/li>\n<li><a href=\"https:\/\/www.salzkammergut.at\/klettersteig\/liste-nach-schwierigkeit\/schwierigkeitsgrad-c\/oesterreich\/tour\/430002064\/ewige-wand-klettersteig.html\" target=\"_blank\" rel=\"noopener\">Ferrata V\u011b\u010dn\u00e1 st\u011bna<\/a>; Bad Goisern am Hallst\u00e4ttersee<\/li>\n<li><a href=\"https:\/\/www.salzkammergut.at\/klettersteig\/liste-nach-schwierigkeit\/schwierigkeitsgrad-b\/oesterreich\/tour\/430002065\/leadership-klettersteig.html\" target=\"_blank\" rel=\"noopener\">Leadership ferrata<\/a>; Bad Goisern am Hallst\u00e4ttersee<\/li>\n<li><a href=\"https:\/\/www.salzkammergut.at\/klettersteig\/liste-nach-schwierigkeit\/schwierigkeitsgrad-c\/oesterreich\/tour\/430006113\/echernwand-klettersteig.html\" target=\"_blank\" rel=\"noopener\">Ferrata Echernwand<\/a>; Hallstatt<\/li>\n<li><a href=\"https:\/\/www.salzkammergut.at\/klettersteig\/liste-nach-schwierigkeit\/schwierigkeitsgrad-c\/oesterreich\/tour\/430001923\/gosausee-klettersteig.html\" target=\"_blank\" rel=\"noopener\">Ferrata u Gosausee<\/a>; Gosau<\/li>\n<li><a href=\"https:\/\/www.salzkammergut.at\/klettersteig\/liste-nach-schwierigkeit\/schwierigkeitsgrad-b\/oesterreich\/tour\/430006243\/klettersteig-sophie-am-loser.html\" target=\"_blank\" rel=\"noopener\">Ferrata SOPHIE; Loser<\/a>; Altaussee<\/li>\n<li><a href=\"https:\/\/www.salzkammergut.at\/klettersteig\/liste-nach-schwierigkeit\/schwierigkeitsgrad-c\/oesterreich\/tour\/430006239\/outlaw-klettersteig-kleiner-krippenstein.html\" target=\"_blank\" rel=\"noopener\">Ferrata Outlaw<\/a> \u2013 Kleiner Krippenstein; Obertraun<\/li>\n<li><a href=\"https:\/\/www.salzkammergut.at\/klettersteig\/liste-nach-schwierigkeit\/schwierigkeitsgrad-c\/oesterreich\/tour\/430001484\/klettersteig-alberfeldkogel-feuerkogel.html\" target=\"_blank\" rel=\"noopener\">Ferrata Alberfeldkogel<\/a> \u2013 Feuerkogel; Ebensee<\/li>\n<li>Ferrata <a href=\"https:\/\/www.salzkammergut.at\/klettersteig\/liste-nach-schwierigkeit\/schwierigkeitsgrad-b\/oesterreich\/tour\/430003155\/klettersteig-dachstein-krippenstein.html\" target=\"_blank\" rel=\"noopener\">Dachstein Krippenstein<\/a>; Obertraun<\/li>\n<li><a href=\"https:\/\/www.salzkammergut.at\/klettersteig\/liste-nach-schwierigkeit\/schwierigkeitsgrad-c\/oesterreich\/tour\/430002066\/schluchtsteig-toerl.html\" target=\"_blank\" rel=\"noopener\">Ferrata se sout\u011bskou T\u00f6rl<\/a>; Bad Goisern am Hallst\u00e4ttersee<\/li>\n<li><a href=\"https:\/\/www.salzkammergut.at\/klettersteig\/liste-nach-schwierigkeit\/schwierigkeitsgrad-c\/oesterreich\/tour\/430002063\/schmied-klettersteig.html\" target=\"_blank\" rel=\"noopener\">Ferrata Schmied<\/a>; Gosau<\/li>\n<li><a href=\"https:\/\/www.salzkammergut.at\/klettersteig\/liste-nach-schwierigkeit\/schwierigkeitsgrad-c\/oesterreich\/tour\/100139\/klettersteig-drachenwand.html\" target=\"_blank\" rel=\"noopener\">Ferrata Dra\u010d\u00ed st\u011bna<\/a>; St. Lorenz am Mondsee<\/li>\n<li><a href=\"https:\/\/www.salzkammergut.at\/klettersteig\/liste-nach-schwierigkeit\/schwierigkeitsgrad-c\/oesterreich\/tour\/430006112\/klettersteig-hochkogel-im-toten-gebirge.html\" target=\"_blank\" rel=\"noopener\">Ferrata Hochkogel<\/a>; Toten Gebirge; Ebensee<\/li>\n<li><a href=\"https:\/\/www.salzkammergut.at\/klettersteig\/liste-nach-schwierigkeit\/schwierigkeitsgrad-c\/oesterreich\/tour\/430006241\/klettersteig-gamsblick.html\" target=\"_blank\" rel=\"noopener\">Ferrata \u201eGamsblick\u201c<\/a>; Tauplitz<\/li>\n<li><a href=\"https:\/\/www.salzkammergut.at\/klettersteig\/liste-nach-schwierigkeit\/schwierigkeitsgrad-c\/oesterreich\/tour\/430006114\/via-steinbock-am-schoeberl.html\" target=\"_blank\" rel=\"noopener\">Cesta kozoro\u017ec\u016f na Sch\u00f6berl<\/a>; Obertraun<\/li>\n<\/ol>\n<p><strong>D \u2013 velmi obt\u00ed\u017en\u00e9<\/strong><\/p>\n<p>Velmi strm\u00fd skaln\u00ed ter\u00e9n, m\u00edsty kolm\u00e9 partie, m\u00edsty dokonce p\u0159evisl\u00e9. M\u00e9n\u011b p\u0159\u00edle\u017eitost\u00ed k\u00a0odpo\u010dinku. Velmi dobr\u00e1 kondice a horolezeck\u00e9 zku\u0161enosti jsou zde nezbytn\u00e9.<\/p>\n<ol>\n<li>Okruh \u201emamut\u00edch ferrat\u201c; Gr\u00fcnau im Almtal<\/li>\n<li><a href=\"https:\/\/www.salzkammergut.at\/klettersteig\/liste-nach-schwierigkeit\/schwierigkeitsgrad-d\/oesterreich\/tour\/430006210\/loser-panorama-klettersteig-sisi.html\" target=\"_blank\" rel=\"noopener\">Loser-panoramatick\u00e1 ferrata \u201eSISI\u201c<\/a>; Altaussee<\/li>\n<li><a href=\"https:\/\/www.salzkammergut.at\/klettersteig\/liste-nach-schwierigkeit\/schwierigkeitsgrad-d\/oesterreich\/tour\/430006113\/echernwand-klettersteig.html\" target=\"_blank\" rel=\"noopener\">Ferrata Echernwand<\/a>; Hallstatt<\/li>\n<li><a href=\"https:\/\/www.salzkammergut.at\/klettersteig\/liste-nach-schwierigkeit\/schwierigkeitsgrad-d\/oesterreich\/tour\/430006095\/postalm-klettersteig-cd.html\" target=\"_blank\" rel=\"noopener\">Ferrata Postalm C\/D<\/a>; Strobl<\/li>\n<li><a href=\"https:\/\/www.salzkammergut.at\/klettersteig\/liste-nach-schwierigkeit\/schwierigkeitsgrad-d\/oesterreich\/tour\/430001483\/traunsee-klettersteig-traunstein.html\" target=\"_blank\" rel=\"noopener\">Ferrata Traunsee<\/a> \u2013 Traunstein; Gmunden<\/li>\n<li><a href=\"https:\/\/www.salzkammergut.at\/klettersteig\/liste-nach-schwierigkeit\/schwierigkeitsgrad-d\/oesterreich\/tour\/430001913\/attersee-klettersteig-mahdlgupf.html\" target=\"_blank\" rel=\"noopener\">Ferrata u Attersk\u00e9ho jezera Mahdlgupf<\/a>; Steinbach am Attersee<\/li>\n<li><a href=\"https:\/\/www.salzkammergut.at\/klettersteig\/liste-nach-schwierigkeit\/schwierigkeitsgrad-d\/oesterreich\/tour\/430006377\/bert-rinesch-klettersteig.html\" target=\"_blank\" rel=\"noopener\">Bert \u2013 Rinesch ferrata<\/a>; Hinterstoder<\/li>\n<li><a href=\"https:\/\/www.salzkammergut.at\/klettersteig\/liste-nach-schwierigkeit\/schwierigkeitsgrad-d\/oesterreich\/tour\/430002069\/seewand-klettersteig.html\" target=\"_blank\" rel=\"noopener\">Ferrata Jezern\u00ed st\u011bna<\/a>; Hallstatt<\/li>\n<li><a href=\"https:\/\/www.salzkammergut.at\/klettersteig\/liste-nach-schwierigkeit\/schwierigkeitsgrad-d\/oesterreich\/tour\/430001763\/tassilo-klettersteig-am-schermberg-gruenau-im-almtal.html\" target=\"_blank\" rel=\"noopener\">TASSILO-ferrata<\/a> na Schermbergu \u2013 Gr\u00fcnau im Almtal<\/li>\n<li><a href=\"https:\/\/www.salzkammergut.at\/klettersteig\/liste-nach-schwierigkeit\/schwierigkeitsgrad-d\/oesterreich\/tour\/430006240\/wildkar-klettersteig.html\" target=\"_blank\" rel=\"noopener\">Ferrata Wildkar<\/a>; Hallstatt<\/li>\n<\/ol>\n<p><strong>E \u2013 extr\u00e9mn\u00ed<\/strong><\/p>\n<p>Extr\u00e9mn\u00ed skalnat\u00fd ter\u00e9n s\u00a0p\u0159evisl\u00fdmi m\u00edsty a minimem p\u0159irozen\u00fdch stup\u016f. \u017d\u00e1dn\u00e9 p\u0159\u00edle\u017eitosti k\u00a0odpo\u010dinku, pouze v\u00a0horolezeck\u00e9m sed\u00e1ku. Nejt\u011b\u017e\u0161\u00ed m\u00edsta vy\u017eaduj\u00ed pou\u017eit\u00ed horolezeck\u00e9 techniky nebo velkou s\u00edlu v\u00a0ruk\u00e1ch. Velmi dobr\u00e1 kondice a horolezeck\u00e9 zku\u0161enosti jsou nezbytn\u00e9.<\/p>\n<ol>\n<li><a href=\"https:\/\/www.salzkammergut.at\/klettersteig\/liste-nach-schwierigkeit\/schwierigkeitsgrad-b\/oesterreich\/tour\/430003155\/klettersteig-dachstein-krippenstein.html\" target=\"_blank\" rel=\"noopener\">Ferrata Dachstein Krippenstein<\/a>; Obertraun<\/li>\n<\/ol>\n<p><strong>F \u2013 extr\u00e9mn\u011b obt\u00ed\u017en\u00e9<\/strong><\/p>\n<p>Ter\u00e9n je p\u0159evisl\u00fd a nach\u00e1z\u00ed se zde cel\u00e1 \u0159ada horolezeck\u00fdch pas\u00e1\u017e\u00ed. Doporu\u010duje se m\u00edt s\u00a0sebou jist\u00edc\u00ed lano. P\u00e1d do horolezeck\u00e9ho sed\u00e1ku nen\u00ed vylou\u010den a dal\u0161\u00ed pokra\u010dov\u00e1n\u00ed m\u016f\u017ee b\u00fdt obt\u00ed\u017en\u00e9.<\/p>\n<p><strong>Ferraty v\u00a0Soln\u00e9 komo\u0159e rozd\u011blen\u00e9 podle region\u016f: <\/strong><\/p>\n<ol>\n<li>Almtal<\/li>\n<li>Attersk\u00e9 jezero<\/li>\n<li>Ausseerland<\/li>\n<li>Bad Ischl<\/li>\n<li>Dachstein Salzkammergut<\/li>\n<li>Fuschlsee<\/li>\n<li>Mondsee<\/li>\n<li>Traunsee<\/li>\n<li>Wolfgangsee<\/li>\n<\/ol>\n<p>A\u0165 u\u017e tr\u00e1v\u00edte dovolenou kdekoliv, m\u011bli byste b\u00fdt na sebe i na sv\u00e9 bl\u00edzk\u00e9 opatrn\u00ed a p\u0159ipravit se na pohyb v alpsk\u00e9m ter\u00e9nu. M\u00e1me pro V\u00e1s n\u011bkolik rad a <strong><a href=\"https:\/\/www.salzburgerland.com\/cs\/bezpecnost-v-horach-v-lete\/\">tip\u016f<\/a> <\/strong>ne\u017e se vyd\u00e1te na cestu.<\/p>\n<\/div>\n","protected":false},"excerpt":{"rendered":"<p>Oblast Soln\u00e1 komora (Salzkammergut) v\u00a0Salcbursku je zn\u00e1m\u00e1 svou \u010distou p\u0159\u00edrodou, p\u0159ekr\u00e1sn\u00fdmi horami, divok\u00fdmi lesy a n\u011bkolika jezery s\u00a0k\u0159i\u0161\u0165\u00e1lov\u011b \u010distou vodou. Ze t\u0159\u00ed sv\u011btov\u00fdch stran je oblast v\u00fdrazn\u011b ohrani\u010dena mohutn\u00fdmi horsk\u00fdmi skupinami. Ji\u017e od doby keltsk\u00e9ho os\u00eddlen\u00ed se v tomto kraji t\u011b\u017eila s\u016fl, kter\u00e1 se odsud pozd\u011bji vyv\u00e1\u017eela i do \u010cech. Za t\u00edmto \u00fa\u010delem zde byla [&hellip;]<\/p>\n","protected":false},"author":2,"featured_media":158873,"comment_status":"closed","ping_status":"closed","template":"","meta":{"_acf_changed":false,"wl_entities_gutenberg":"","_relevanssi_hide_post":"","_relevanssi_hide_content":"","_relevanssi_pin_for_all":"","_relevanssi_pin_keywords":"","_relevanssi_unpin_keywords":"","_relevanssi_related_keywords":"","_relevanssi_related_include_ids":"","_relevanssi_related_exclude_ids":"","_relevanssi_related_no_append":"","_relevanssi_related_not_related":"","_relevanssi_related_posts":"","_relevanssi_noindex_reason":"","footnotes":""},"categories":[],"tags":[],"wl_entity_type":[5],"class_list":["post-144155","entity","type-entity","status-publish","has-post-thumbnail","hentry","wl_entity_type-organization","sitetype-region"],"acf":[],"yoast_head":"<!-- This site is optimized with the Yoast SEO Premium plugin v27.4 (Yoast SEO v27.4) - https:\/\/yoast.com\/product\/yoast-seo-premium-wordpress\/ -->\n<title>Salzkammergut \u00bb SalzburgerLand.com<\/title>\n<meta name=\"description\" content=\"Prozkoumejte salcburskou oblast Salzkammergut a hned si ji obl\u00edb\u00edte. Sv\u011b\u017e\u00ed louky, lesy, pr\u016fzra\u010dn\u00e1 jezera a st\u00e1le \u017eiv\u00e9 tradice. Tady se budete c\u00edtit jako v r\u00e1ji.\" \/>\n<meta name=\"robots\" content=\"index, follow, max-snippet:-1, max-image-preview:large, max-video-preview:-1\" \/>\n<link rel=\"canonical\" href=\"https:\/\/www.salzburgerland.com\/cs\/salzkammergut\/\" \/>\n<meta property=\"og:locale\" content=\"cs_CZ\" \/>\n<meta property=\"og:type\" content=\"article\" \/>\n<meta property=\"og:title\" content=\"Salzkammergut\" \/>\n<meta property=\"og:description\" content=\"Oblast Soln\u00e1 komora (Salzkammergut) v\u00a0Salcbursku je zn\u00e1m\u00e1 svou \u010distou p\u0159\u00edrodou, p\u0159ekr\u00e1sn\u00fdmi horami, divok\u00fdmi lesy a n\u011bkolika jezery s\u00a0k\u0159i\u0161\u0165\u00e1lov\u011b \u010distou\" \/>\n<meta property=\"og:url\" content=\"https:\/\/www.salzburgerland.com\/cs\/salzkammergut\/\" \/>\n<meta property=\"og:site_name\" content=\"SalzburgerLand.com\" \/>\n<meta property=\"article:publisher\" content=\"https:\/\/www.facebook.com\/visitsalzburgerland\/\" \/>\n<meta property=\"article:modified_time\" content=\"2024-02-01T08:25:11+00:00\" \/>\n<meta property=\"og:image\" content=\"https:\/\/www.salzburgerland.com\/cs\/wp-content\/uploads\/2018\/05\/rs3579_200507-schafberg-mex_0245-scr-1100x675.jpg\" \/>\n\t<meta property=\"og:image:width\" content=\"1100\" \/>\n\t<meta property=\"og:image:height\" content=\"675\" \/>\n\t<meta property=\"og:image:type\" content=\"image\/jpeg\" \/>\n<meta name=\"twitter:card\" content=\"summary_large_image\" \/>\n<meta name=\"twitter:site\" content=\"@salzburgerland\" \/>\n<meta name=\"twitter:label1\" content=\"Odhadovan\u00e1 doba \u010dten\u00ed\" \/>\n\t<meta name=\"twitter:data1\" content=\"6 minut\" \/>\n<script type=\"application\/ld+json\" class=\"yoast-schema-graph\">{\"@context\":\"https:\\\/\\\/schema.org\",\"@graph\":[{\"@type\":\"WebPage\",\"@id\":\"https:\\\/\\\/www.salzburgerland.com\\\/cs\\\/salzkammergut\\\/\",\"url\":\"https:\\\/\\\/www.salzburgerland.com\\\/cs\\\/salzkammergut\\\/\",\"name\":\"Salzkammergut \u00bb SalzburgerLand.com\",\"isPartOf\":{\"@id\":\"https:\\\/\\\/www.salzburgerland.com\\\/cs\\\/#website\"},\"primaryImageOfPage\":{\"@id\":\"https:\\\/\\\/www.salzburgerland.com\\\/cs\\\/salzkammergut\\\/#primaryimage\"},\"image\":{\"@id\":\"https:\\\/\\\/www.salzburgerland.com\\\/cs\\\/salzkammergut\\\/#primaryimage\"},\"thumbnailUrl\":\"https:\\\/\\\/www.salzburgerland.com\\\/cs\\\/wp-content\\\/uploads\\\/2018\\\/05\\\/rs3579_200507-schafberg-mex_0245-scr.jpg\",\"datePublished\":\"2018-05-14T21:46:54+00:00\",\"dateModified\":\"2024-02-01T08:25:11+00:00\",\"inLanguage\":\"cs\",\"potentialAction\":[{\"@type\":\"ReadAction\",\"target\":[\"https:\\\/\\\/www.salzburgerland.com\\\/cs\\\/salzkammergut\\\/\"]}]},{\"@type\":\"ImageObject\",\"inLanguage\":\"cs\",\"@id\":\"https:\\\/\\\/www.salzburgerland.com\\\/cs\\\/salzkammergut\\\/#primaryimage\",\"url\":\"https:\\\/\\\/www.salzburgerland.com\\\/cs\\\/wp-content\\\/uploads\\\/2018\\\/05\\\/rs3579_200507-schafberg-mex_0245-scr.jpg\",\"contentUrl\":\"https:\\\/\\\/www.salzburgerland.com\\\/cs\\\/wp-content\\\/uploads\\\/2018\\\/05\\\/rs3579_200507-schafberg-mex_0245-scr.jpg\",\"width\":1100,\"height\":734,\"caption\":\"Krajina Salzkammergut okolo Schafbergu \u00a9 SalzburgerLand Tourismus, Markus Berger\"},{\"@type\":\"WebSite\",\"@id\":\"https:\\\/\\\/www.salzburgerland.com\\\/cs\\\/#website\",\"url\":\"https:\\\/\\\/www.salzburgerland.com\\\/cs\\\/\",\"name\":\"SalzburgerLand.com\",\"description\":\"Va\u0161e dovolen\u00e1 v Salcburku, Rakousko\",\"potentialAction\":[{\"@type\":\"SearchAction\",\"target\":{\"@type\":\"EntryPoint\",\"urlTemplate\":\"https:\\\/\\\/www.salzburgerland.com\\\/cs\\\/?s={search_term_string}\"},\"query-input\":{\"@type\":\"PropertyValueSpecification\",\"valueRequired\":true,\"valueName\":\"search_term_string\"}}],\"inLanguage\":\"cs\"}]}<\/script>\n<!-- \/ Yoast SEO Premium plugin. -->","yoast_head_json":{"title":"Salzkammergut \u00bb SalzburgerLand.com","description":"Prozkoumejte salcburskou oblast Salzkammergut a hned si ji obl\u00edb\u00edte. Sv\u011b\u017e\u00ed louky, lesy, pr\u016fzra\u010dn\u00e1 jezera a st\u00e1le \u017eiv\u00e9 tradice. Tady se budete c\u00edtit jako v r\u00e1ji.","robots":{"index":"index","follow":"follow","max-snippet":"max-snippet:-1","max-image-preview":"max-image-preview:large","max-video-preview":"max-video-preview:-1"},"canonical":"https:\/\/www.salzburgerland.com\/cs\/salzkammergut\/","og_locale":"cs_CZ","og_type":"article","og_title":"Salzkammergut","og_description":"Oblast Soln\u00e1 komora (Salzkammergut) v\u00a0Salcbursku je zn\u00e1m\u00e1 svou \u010distou p\u0159\u00edrodou, p\u0159ekr\u00e1sn\u00fdmi horami, divok\u00fdmi lesy a n\u011bkolika jezery s\u00a0k\u0159i\u0161\u0165\u00e1lov\u011b \u010distou","og_url":"https:\/\/www.salzburgerland.com\/cs\/salzkammergut\/","og_site_name":"SalzburgerLand.com","article_publisher":"https:\/\/www.facebook.com\/visitsalzburgerland\/","article_modified_time":"2024-02-01T08:25:11+00:00","og_image":[{"width":1100,"height":675,"url":"https:\/\/www.salzburgerland.com\/cs\/wp-content\/uploads\/2018\/05\/rs3579_200507-schafberg-mex_0245-scr-1100x675.jpg","type":"image\/jpeg"}],"twitter_card":"summary_large_image","twitter_site":"@salzburgerland","twitter_misc":{"Odhadovan\u00e1 doba \u010dten\u00ed":"6 minut"},"schema":{"@context":"https:\/\/schema.org","@graph":[{"@type":"WebPage","@id":"https:\/\/www.salzburgerland.com\/cs\/salzkammergut\/","url":"https:\/\/www.salzburgerland.com\/cs\/salzkammergut\/","name":"Salzkammergut \u00bb SalzburgerLand.com","isPartOf":{"@id":"https:\/\/www.salzburgerland.com\/cs\/#website"},"primaryImageOfPage":{"@id":"https:\/\/www.salzburgerland.com\/cs\/salzkammergut\/#primaryimage"},"image":{"@id":"https:\/\/www.salzburgerland.com\/cs\/salzkammergut\/#primaryimage"},"thumbnailUrl":"https:\/\/www.salzburgerland.com\/cs\/wp-content\/uploads\/2018\/05\/rs3579_200507-schafberg-mex_0245-scr.jpg","datePublished":"2018-05-14T21:46:54+00:00","dateModified":"2024-02-01T08:25:11+00:00","inLanguage":"cs","potentialAction":[{"@type":"ReadAction","target":["https:\/\/www.salzburgerland.com\/cs\/salzkammergut\/"]}]},{"@type":"ImageObject","inLanguage":"cs","@id":"https:\/\/www.salzburgerland.com\/cs\/salzkammergut\/#primaryimage","url":"https:\/\/www.salzburgerland.com\/cs\/wp-content\/uploads\/2018\/05\/rs3579_200507-schafberg-mex_0245-scr.jpg","contentUrl":"https:\/\/www.salzburgerland.com\/cs\/wp-content\/uploads\/2018\/05\/rs3579_200507-schafberg-mex_0245-scr.jpg","width":1100,"height":734,"caption":"Krajina Salzkammergut okolo Schafbergu \u00a9 SalzburgerLand Tourismus, Markus Berger"},{"@type":"WebSite","@id":"https:\/\/www.salzburgerland.com\/cs\/#website","url":"https:\/\/www.salzburgerland.com\/cs\/","name":"SalzburgerLand.com","description":"Va\u0161e dovolen\u00e1 v Salcburku, Rakousko","potentialAction":[{"@type":"SearchAction","target":{"@type":"EntryPoint","urlTemplate":"https:\/\/www.salzburgerland.com\/cs\/?s={search_term_string}"},"query-input":{"@type":"PropertyValueSpecification","valueRequired":true,"valueName":"search_term_string"}}],"inLanguage":"cs"}]}},"_wl_alt_label":[],"wl:entity_url":"http:\/\/open.salzburgerland.com\/cs\/entity\/salzkammergut","_links":{"self":[{"href":"https:\/\/www.salzburgerland.com\/cs\/wp-json\/wp\/v2\/entities\/144155","targetHints":{"allow":["GET"]}}],"collection":[{"href":"https:\/\/www.salzburgerland.com\/cs\/wp-json\/wp\/v2\/entities"}],"about":[{"href":"https:\/\/www.salzburgerland.com\/cs\/wp-json\/wp\/v2\/types\/entity"}],"author":[{"embeddable":true,"href":"https:\/\/www.salzburgerland.com\/cs\/wp-json\/wp\/v2\/users\/2"}],"replies":[{"embeddable":true,"href":"https:\/\/www.salzburgerland.com\/cs\/wp-json\/wp\/v2\/comments?post=144155"}],"version-history":[{"count":5,"href":"https:\/\/www.salzburgerland.com\/cs\/wp-json\/wp\/v2\/entities\/144155\/revisions"}],"predecessor-version":[{"id":158878,"href":"https:\/\/www.salzburgerland.com\/cs\/wp-json\/wp\/v2\/entities\/144155\/revisions\/158878"}],"wp:featuredmedia":[{"embeddable":true,"href":"https:\/\/www.salzburgerland.com\/cs\/wp-json\/wp\/v2\/media\/158873"}],"wp:attachment":[{"href":"https:\/\/www.salzburgerland.com\/cs\/wp-json\/wp\/v2\/media?parent=144155"}],"wp:term":[{"taxonomy":"category","embeddable":true,"href":"https:\/\/www.salzburgerland.com\/cs\/wp-json\/wp\/v2\/categories?post=144155"},{"taxonomy":"post_tag","embeddable":true,"href":"https:\/\/www.salzburgerland.com\/cs\/wp-json\/wp\/v2\/tags?post=144155"},{"taxonomy":"wl_entity_type","embeddable":true,"href":"https:\/\/www.salzburgerland.com\/cs\/wp-json\/wp\/v2\/wl_entity_type?post=144155"}],"curies":[{"name":"wp","href":"https:\/\/api.w.org\/{rel}","templated":true}]}}